{"id":5723,"date":"2024-04-24T22:40:34","date_gmt":"2024-04-24T20:40:34","guid":{"rendered":"https:\/\/walderlebnispfade.de\/erlebnisse\/parque-de-aventuras-potsdamc\/"},"modified":"2026-04-22T11:50:25","modified_gmt":"2026-04-22T09:50:25","slug":"parque-de-aventuras-potsdamc","status":"publish","type":"erlebnisse","link":"https:\/\/walderlebnispfade.de\/es\/erlebnisse\/parque-de-aventuras-potsdamc\/","title":{"rendered":"Parque de aventuras Potsdamc"},"content":{"rendered":"\n<p>El parque comienza su nueva temporada en marzo de 2026. Vivid momentos inolvidables en el AbenteuerPark Potsdam, uno de los bosques de escalada m\u00e1s grandes y variados de Alemania. Con 10 emocionantes recorridos y m\u00e1s de 200 elementos, os espera una aventura muy especial que no deja nada que desear.   Gracias a su sistema de seguridad continua, el bosque de escalada es especialmente seguro y adecuado para todos los grupos de edad. El tobog\u00e1n de cuerda gigante, de 200 metros de longitud, es el punto culminante.<\/p>\n\n<p>Tanto si se trata de una fiesta de cumplea\u00f1os infantil, como de un acto para fomentar el esp\u00edritu de equipo, una despedida de soltero o una boda, el AbenteuerPark Potsdam ofrece el escenario perfecto para celebraciones especiales y eventos en grupo. Las clases de los colegios, las empresas y las fiestas privadas tambi\u00e9n tienen aqu\u00ed su recompensa. <\/p>\n\n<h2 class=\"wp-block-heading\">Informaci\u00f3n sobre la visita al Parque de Aventuras de Potsdam<\/h2>\n<style>.kb-row-layout-id4048_60ad1c-33 > .kt-row-column-wrap{align-content:start;}:where(.kb-row-layout-id4048_60ad1c-33 > .kt-row-column-wrap) > .wp-block-kadence-column{justify-content:start;}.kb-row-layout-id4048_60ad1c-33 > .kt-row-column-wrap{column-gap:var(--global-kb-gap-md, 2rem);row-gap:var(--global-kb-gap-md, 2rem);padding-top:var(--global-kb-spacing-sm, 1.5rem);padding-bottom:var(--global-kb-spacing-sm, 1.5rem);grid-template-columns:repeat(2, minmax(0, 1fr));}.kb-row-layout-id4048_60ad1c-33 > .kt-row-layout-overlay{opacity:0.30;}@media all and (max-width: 1024px){.kb-row-layout-id4048_60ad1c-33 > .kt-row-column-wrap{grid-template-columns:repeat(2, minmax(0, 1fr));}}@media all and (max-width: 767px){.kb-row-layout-id4048_60ad1c-33 > .kt-row-column-wrap{grid-template-columns:minmax(0, 1fr);}}<\/style><div class=\"kb-row-layout-wrap kb-row-layout-id4048_60ad1c-33 alignnone wp-block-kadence-rowlayout\"><div class=\"kt-row-column-wrap kt-has-2-columns kt-row-layout-equal kt-tab-layout-inherit kt-mobile-layout-row kt-row-valign-top\">\n<style>.kadence-column4048_380d1f-37 > .kt-inside-inner-col,.kadence-column4048_380d1f-37 > .kt-inside-inner-col:before{border-top-left-radius:0px;border-top-right-radius:0px;border-bottom-right-radius:0px;border-bottom-left-radius:0px;}.kadence-column4048_380d1f-37 > .kt-inside-inner-col{column-gap:var(--global-kb-gap-sm, 1rem);}.kadence-column4048_380d1f-37 > .kt-inside-inner-col{flex-direction:column;}.kadence-column4048_380d1f-37 > .kt-inside-inner-col > .aligncenter{width:100%;}.kadence-column4048_380d1f-37 > .kt-inside-inner-col:before{opacity:0.3;}.kadence-column4048_380d1f-37{position:relative;}@media all and (max-width: 1024px){.kadence-column4048_380d1f-37 > .kt-inside-inner-col{flex-direction:column;justify-content:center;}}@media all and (max-width: 767px){.kadence-column4048_380d1f-37 > .kt-inside-inner-col{flex-direction:column;justify-content:center;}}<\/style>\n<div class=\"wp-block-kadence-column kadence-column4048_380d1f-37\"><div class=\"kt-inside-inner-col\">\n<p>La cafeter\u00eda del bosque te invita a relajarte y disfrutar despu\u00e9s de una experiencia de escalada llena de acci\u00f3n. El parque de escalada de Potsdam abre todos los d\u00edas festivos y durante los periodos vacacionales de Berl\u00edn y Brandeburgo, a s\u00f3lo 5 minutos de la estaci\u00f3n central de ferrocarril de Potsdam. <\/p>\n\n\n\n<p>Hay un n\u00famero limitado de taquillas gratuitas. Pod\u00e9is guardar all\u00ed vuestras bolsas y mochilas. Est\u00e1 prohibido fumar en el bosque de escalada, en la cervecer\u00eda al aire libre y en nuestra terraza. No est\u00e1 permitido fumar en el bosque por razones de seguridad contra incendios. Pod\u00e9is llevar a vuestro perro con vosotros. Sin embargo, en inter\u00e9s de todos, debe ir siempre atado y supervisado en todo momento.     <\/p>\n<\/div><\/div>\n\n\n<style>.kadence-column4048_2b6bf8-0c > .kt-inside-inner-col,.kadence-column4048_2b6bf8-0c > .kt-inside-inner-col:before{border-top-left-radius:0px;border-top-right-radius:0px;border-bottom-right-radius:0px;border-bottom-left-radius:0px;}.kadence-column4048_2b6bf8-0c > .kt-inside-inner-col{column-gap:var(--global-kb-gap-sm, 1rem);}.kadence-column4048_2b6bf8-0c > .kt-inside-inner-col{flex-direction:column;}.kadence-column4048_2b6bf8-0c > .kt-inside-inner-col > .aligncenter{width:100%;}.kadence-column4048_2b6bf8-0c > .kt-inside-inner-col:before{opacity:0.3;}.kadence-column4048_2b6bf8-0c{position:relative;}@media all and (max-width: 1024px){.kadence-column4048_2b6bf8-0c > .kt-inside-inner-col{flex-direction:column;justify-content:center;}}@media all and (max-width: 767px){.kadence-column4048_2b6bf8-0c > .kt-inside-inner-col{flex-direction:column;justify-content:center;}}<\/style>\n<div class=\"wp-block-kadence-column kadence-column4048_2b6bf8-0c\"><div class=\"kt-inside-inner-col\"><style>.kb-image4048_64b8b6-97 .kb-image-has-overlay:after{opacity:0.3;}<\/style>\n<figure class=\"wp-block-kadence-image kb-image4048_64b8b6-97 size-full\"><img loading=\"lazy\" decoding=\"async\" width=\"1024\" height=\"575\" src=\"https:\/\/walderlebnispfade.de\/wp-content\/uploads\/2024\/04\/Kletterwald_Potsdam_Impressionen.jpg\" alt=\"Abenteuerpark Potsdam Impressionen vom Kletterwald\" class=\"kb-img wp-image-6626\" srcset=\"https:\/\/walderlebnispfade.de\/wp-content\/uploads\/2024\/04\/Kletterwald_Potsdam_Impressionen.jpg 1024w, https:\/\/walderlebnispfade.de\/wp-content\/uploads\/2024\/04\/Kletterwald_Potsdam_Impressionen-300x168.jpg 300w, https:\/\/walderlebnispfade.de\/wp-content\/uploads\/2024\/04\/Kletterwald_Potsdam_Impressionen-768x431.jpg 768w\" sizes=\"auto, (max-width: 1024px) 100vw, 1024px\" \/><\/figure>\n<\/div><\/div>\n\n<\/div><\/div>\n<p>Los precios de entrada oscilan entre 13 y 38 euros, dependiendo de la edad y del tiempo de escalada deseado. Pod\u00e9is consultar los precios actuales <a href=\"https:\/\/www.kletterpark.info\/kletterwald\/#Preise\" data-type=\"link\" data-id=\"https:\/\/www.kletterpark.info\/kletterwald\/#Preise\" target=\"_blank\" rel=\"noreferrer noopener\">aqu\u00ed<\/a>. Se puede pagar en efectivo o con tarjeta de la CE.  <\/p>\n\n<p><strong>IMPORTANTE: Las entradas s\u00f3lo se pueden reservar en l\u00ednea <a href=\"https:\/\/www.kletterpark.info\/onlinebuchung\/\" data-type=\"link\" data-id=\"https:\/\/www.kletterpark.info\/onlinebuchung\/\" target=\"_blank\" rel=\"noreferrer noopener\">AQU\u00cd<\/a>, incluso con poca antelaci\u00f3n.<\/strong><\/p>\n\n<p>Si necesitas m\u00e1s opciones, tambi\u00e9n hay un art\u00edculo en el blog con informaci\u00f3n sobre los <a href=\"https:\/\/walderlebnispfade.de\/es\/bosques-de-escalada-en-alemania-resumen-de-los-144-lugares-en-2025\/\" data-type=\"link\" data-id=\"https:\/\/walderlebnispfade.de\/kletterwaelder-in-deutschland\/\">144 bosques de escalada de Alemania<\/a>.<\/p>\n\n<h3 class=\"wp-block-heading\">Los cursos del Parque de Aventuras de Potsdam<\/h3>\n\n<figure class=\"wp-block-table\"><table><tbody><tr><td>Curso 1: Ni\u00f1os<\/td><td>a partir de 100 cm de altura, altura hasta 1,50 m  <\/td><td>Muy f\u00e1cil \u2013 13 elementos \u2013 Lo m\u00e1s destacado: El roc\u00f3dromo<\/td><\/tr><tr><td>Curso 2: Reci\u00e9n llegado<\/td><td>a partir de 110 cm de altura, altura hasta 3 m<\/td><td>Ligero \u2013 15 elementos \u2013 Destacado: El puente del saco de boxeo<\/td><\/tr><tr><td>Curso 3: Principiantes<\/td><td>a partir de 110 cm de altura, altura hasta 3 m<\/td><td>F\u00e1cil \u2013 15 elementos \u2013 Destacado: El slackline<\/td><\/tr><tr><td>Curso 4: Estudiante<\/td><td>a partir de 140 cm de altura, altura hasta 7 m<\/td><td>F\u00e1cil \u2013 17 elementos \u2013 Destacado: tobog\u00e1n en el telef\u00e9rico<\/td><\/tr><tr><td>Curso 5: Avanzado<\/td><td>a partir de 140 cm de altura, altura hasta 8 m<\/td><td>Medio \u2013 18 elementos -1 tirolina \u2013 Destacado: El Puente de Birmania<\/td><\/tr><tr><td>Curso 6: Especialistas<\/td><td>a partir de 140 cm de altura, altura hasta 5 m<\/td><td>Medio \u2013 14 elementos \u2013 Destacado: Los estribos<\/td><\/tr><tr><td>Curso 7: Diversi\u00f3n<\/td><td>a partir de 140 cm de altura, altura hasta 9 m<\/td><td>Dif\u00edcil \u2013 17 elementos \u2013 1 tobog\u00e1n de cuerda \u2013 Destacado: El tobog\u00e1n<\/td><\/tr><tr><td>Curso 8: Expertos<\/td><td>a partir de 140 cm de altura, altura hasta 12 m<\/td><td>Dif\u00edcil \u2013 20 elementos \u2013 1 tobog\u00e1n de cuerda \u2013 Destacado: Las vigas en X<\/td><\/tr><tr><td>Curso 9: Expertos<\/td><td>a partir de 160 cm de altura, altura hasta 12 m<\/td><td>Dif\u00edcil \u2013 19 elementos \u2013 1 tobog\u00e1n de cuerda \u2013 Destacado: Los bucles de cuerda<\/td><\/tr><tr><td>Recorrido 10: Tobog\u00e1n de cuerda gigante<\/td><td>a partir de 35 kg y 140 cm de altura, altura hasta 16 m<\/td><td>Ligero \u2013 4 elementos \u2013 Lo m\u00e1s destacado: La gran cremallera<\/td><\/tr><\/tbody><\/table><figcaption class=\"wp-element-caption\">Visi\u00f3n general del Bosque de Escalada de Potsdam<\/figcaption><\/figure>\n\n<hr class=\"wp-block-separator has-alpha-channel-opacity\" style=\"margin-top:var(--wp--preset--spacing--50);margin-bottom:var(--wp--preset--spacing--50)\"\/>\n<style>.kadence-column6257_edfdd2-cf > .kt-inside-inner-col{display:flex;}.kadence-column6257_edfdd2-cf > .kt-inside-inner-col{padding-top:var(--global-kb-spacing-xs, 1rem);padding-right:var(--global-kb-spacing-xs, 1rem);padding-bottom:var(--global-kb-spacing-xs, 1rem);padding-left:var(--global-kb-spacing-xs, 1rem);}.kadence-column6257_edfdd2-cf > .kt-inside-inner-col{box-shadow:0px 0px 14px 0px rgba(0, 0, 0, 0.2);}.kadence-column6257_edfdd2-cf > .kt-inside-inner-col,.kadence-column6257_edfdd2-cf > .kt-inside-inner-col:before{border-top-left-radius:0px;border-top-right-radius:0px;border-bottom-right-radius:0px;border-bottom-left-radius:0px;}.kadence-column6257_edfdd2-cf > .kt-inside-inner-col{column-gap:var(--global-kb-gap-sm, 1rem);}.kadence-column6257_edfdd2-cf > .kt-inside-inner-col{flex-direction:column;align-items:center;}.kadence-column6257_edfdd2-cf > .kt-inside-inner-col > .kb-image-is-ratio-size{align-self:stretch;}.kadence-column6257_edfdd2-cf > .kt-inside-inner-col > .wp-block-kadence-advancedgallery{align-self:stretch;}.kadence-column6257_edfdd2-cf > .kt-inside-inner-col > .aligncenter{width:100%;}.kadence-column6257_edfdd2-cf > .kt-inside-inner-col{background-color:var(--global-palette8, #F7FAFC);}.kadence-column6257_edfdd2-cf > .kt-inside-inner-col:before{opacity:0.3;}.kadence-column6257_edfdd2-cf{position:relative;}@media all and (max-width: 1024px){.kadence-column6257_edfdd2-cf > .kt-inside-inner-col{flex-direction:column;justify-content:center;align-items:center;}}@media all and (max-width: 767px){.kadence-column6257_edfdd2-cf > .kt-inside-inner-col{flex-direction:column;justify-content:center;align-items:center;}}<\/style>\n<div class=\"wp-block-kadence-column kadence-column6257_edfdd2-cf\"><div class=\"kt-inside-inner-col\">\n<p class=\"has-text-align-center\">\u00bfQu\u00e9 te parece el Abentuerpark Potsdam? Por favor, d\u00e9jame una rese\u00f1a.  <br\/>Nos ayudas a nosotros y a otros amantes de la naturaleza. Muchas gracias \ud83d\ude42 \u00a1! <\/p>\n\n\n\n<div class=\"wp-block-yet-another-stars-rating-visitor-votes aligncenter yasr-vv-block\"><\/div>\n\n\n\n<p>\u00a1Puedes encontrar m\u00e1s aventuras emocionantes en nuestra <a href=\"\/?page_id=1140\" data-type=\"page\" data-id=\"228\">b\u00fasqueda de experiencias forestales<\/a>!<\/p>\n<\/div><\/div>\n\n<hr class=\"wp-block-separator has-alpha-channel-opacity\" style=\"margin-top:var(--wp--preset--spacing--50);margin-bottom:var(--wp--preset--spacing--50)\"\/>\n<style>.wp-block-kadence-advancedheading.kt-adv-heading4048_af9b0c-e0, .wp-block-kadence-advancedheading.kt-adv-heading4048_af9b0c-e0[data-kb-block=\"kb-adv-heading4048_af9b0c-e0\"]{font-style:normal;}.wp-block-kadence-advancedheading.kt-adv-heading4048_af9b0c-e0 mark.kt-highlight, .wp-block-kadence-advancedheading.kt-adv-heading4048_af9b0c-e0[data-kb-block=\"kb-adv-heading4048_af9b0c-e0\"] mark.kt-highlight{font-style:normal;color:#f76a0c;-webkit-box-decoration-break:clone;box-decoration-break:clone;padding-top:0px;padding-right:0px;padding-bottom:0px;padding-left:0px;}.wp-block-kadence-advancedheading.kt-adv-heading4048_af9b0c-e0 img.kb-inline-image, .wp-block-kadence-advancedheading.kt-adv-heading4048_af9b0c-e0[data-kb-block=\"kb-adv-heading4048_af9b0c-e0\"] img.kb-inline-image{width:150px;vertical-align:baseline;}<\/style>\n<h2 class=\"kt-adv-heading4048_af9b0c-e0 wp-block-kadence-advancedheading\" data-kb-block=\"kb-adv-heading4048_af9b0c-e0\">V\u00eddeo: Parque de Aventuras de Potsdam<\/h2>\n\n<figure class=\"wp-block-embed is-type-video is-provider-youtube wp-block-embed-youtube wp-embed-aspect-16-9 wp-has-aspect-ratio\"><div class=\"wp-block-embed__wrapper\">\n<iframe loading=\"lazy\" hcb-fetch-image-from=\"https:\/\/youtu.be\/nkYurutCCN0?si=xbfn1qTluW1Myd6Q\" title=\"Saisontrailer 2020\" width=\"720\" height=\"405\" src=\"https:\/\/www.youtube.com\/embed\/nkYurutCCN0?feature=oembed\" frameborder=\"0\" allow=\"accelerometer; autoplay; clipboard-write; encrypted-media; gyroscope; picture-in-picture; web-share\" referrerpolicy=\"strict-origin-when-cross-origin\" allowfullscreen><\/iframe>\n<\/div><\/figure>\n","protected":false},"author":2,"featured_media":5171,"comment_status":"open","ping_status":"closed","template":"","meta":{"_kad_blocks_custom_css":"","_kad_blocks_head_custom_js":"","_kad_blocks_body_custom_js":"","_kad_blocks_footer_custom_js":"","_kad_post_transparent":"","_kad_post_title":"","_kad_post_layout":"","_kad_post_sidebar_id":"","_kad_post_content_style":"","_kad_post_vertical_padding":"","_kad_post_feature":"","_kad_post_feature_position":"","_kad_post_header":false,"_kad_post_footer":false,"_kad_post_classname":"","yasr_overall_rating":0,"yasr_post_is_review":"","yasr_auto_insert_disabled":"","yasr_review_type":"LocalBusiness"},"region":[131,149],"erlebnisart":[182,185],"class_list":["post-5723","erlebnisse","type-erlebnisse","status-publish","has-post-thumbnail","hentry","region-deutschland-es","region-bb-es","erlebnisart-klettern-es","erlebnisart-kletterpark-es"],"yasr_visitor_votes":{"stars_attributes":{"read_only":false,"span_bottom":false},"number_of_votes":0,"sum_votes":0},"taxonomy_info":{"region":[{"value":131,"label":"Alemania"},{"value":149,"label":"Brandenburg"}],"erlebnisart":[{"value":182,"label":"Escalada"},{"value":185,"label":"Parque de Escalada"}]},"featured_image_src_large":["https:\/\/walderlebnispfade.de\/wp-content\/uploads\/2024\/07\/Kletterwald_Potsdam-1024x576.jpg",1024,576,true],"author_info":{"display_name":"Moni","author_link":"https:\/\/walderlebnispfade.de\/es\/author\/moni\/"},"comment_info":0,"_links":{"self":[{"href":"https:\/\/walderlebnispfade.de\/es\/wp-json\/wp\/v2\/erlebnisse\/5723","targetHints":{"allow":["GET"]}}],"collection":[{"href":"https:\/\/walderlebnispfade.de\/es\/wp-json\/wp\/v2\/erlebnisse"}],"about":[{"href":"https:\/\/walderlebnispfade.de\/es\/wp-json\/wp\/v2\/types\/erlebnisse"}],"author":[{"embeddable":true,"href":"https:\/\/walderlebnispfade.de\/es\/wp-json\/wp\/v2\/users\/2"}],"replies":[{"embeddable":true,"href":"https:\/\/walderlebnispfade.de\/es\/wp-json\/wp\/v2\/comments?post=5723"}],"wp:featuredmedia":[{"embeddable":true,"href":"https:\/\/walderlebnispfade.de\/es\/wp-json\/wp\/v2\/media\/5171"}],"wp:attachment":[{"href":"https:\/\/walderlebnispfade.de\/es\/wp-json\/wp\/v2\/media?parent=5723"}],"wp:term":[{"taxonomy":"region","embeddable":true,"href":"https:\/\/walderlebnispfade.de\/es\/wp-json\/wp\/v2\/region?post=5723"},{"taxonomy":"erlebnisart","embeddable":true,"href":"https:\/\/walderlebnispfade.de\/es\/wp-json\/wp\/v2\/erlebnisart?post=5723"}],"curies":[{"name":"wp","href":"https:\/\/api.w.org\/{rel}","templated":true}]}}