{"id":5745,"date":"2024-04-24T22:25:11","date_gmt":"2024-04-24T20:25:11","guid":{"rendered":"https:\/\/walderlebnispfade.de\/erlebnisse\/circuito-de-cuerdas-altas-en-el-bosque-de-jungfernheide\/"},"modified":"2026-04-22T11:50:32","modified_gmt":"2026-04-22T09:50:32","slug":"circuito-de-cuerdas-altas-en-el-bosque-de-jungfernheide","status":"publish","type":"erlebnisse","link":"https:\/\/walderlebnispfade.de\/es\/erlebnisse\/circuito-de-cuerdas-altas-en-el-bosque-de-jungfernheide\/","title":{"rendered":"Circuito de cuerdas altas en el bosque de Jungfernheide"},"content":{"rendered":"<style>.wp-block-kadence-advancedheading.kt-adv-heading4042_82e352-a0, .wp-block-kadence-advancedheading.kt-adv-heading4042_82e352-a0[data-kb-block=\"kb-adv-heading4042_82e352-a0\"]{font-style:normal;}.wp-block-kadence-advancedheading.kt-adv-heading4042_82e352-a0 mark.kt-highlight, .wp-block-kadence-advancedheading.kt-adv-heading4042_82e352-a0[data-kb-block=\"kb-adv-heading4042_82e352-a0\"] mark.kt-highlight{font-style:normal;color:#f76a0c;-webkit-box-decoration-break:clone;box-decoration-break:clone;padding-top:0px;padding-right:0px;padding-bottom:0px;padding-left:0px;}.wp-block-kadence-advancedheading.kt-adv-heading4042_82e352-a0 img.kb-inline-image, .wp-block-kadence-advancedheading.kt-adv-heading4042_82e352-a0[data-kb-block=\"kb-adv-heading4042_82e352-a0\"] img.kb-inline-image{width:150px;vertical-align:baseline;}<\/style>\n<h2 class=\"kt-adv-heading4042_82e352-a0 wp-block-kadence-advancedheading\" data-kb-block=\"kb-adv-heading4042_82e352-a0\">Escalada en el Volkspark Jungfernheide<\/h2>\n\n<p>El circuito de cuerdas altas del bosque Jungfernheide de Berl\u00edn est\u00e1 situado en el Volkspark Jungfernheide, en un bosque mixto de 144 hect\u00e1reas de hayas, abedules, robles y robinias. El segundo parque p\u00fablico m\u00e1s grande de Berl\u00edn invita a pasear y a montar en bicicleta. El parque de escalada Jungfernheide utiliza exclusivamente madera de robinia procedente de explotaciones forestales controladas y solo colabora con socios orientados a la sostenibilidad para no da\u00f1ar los \u00e1rboles. Descubre Berl\u00edn a vista de p\u00e1jaro y disfruta de una aventura \u00fanica en el enorme circuito de cuerdas altas del Volkspark Jungfernheide.  <\/p>\n<style>.kb-table-of-content-nav.kb-table-of-content-id4042_466f6b-f9 .kb-table-of-content-wrap{padding-top:var(--global-kb-spacing-sm, 1.5rem);padding-right:var(--global-kb-spacing-sm, 1.5rem);padding-bottom:var(--global-kb-spacing-sm, 1.5rem);padding-left:var(--global-kb-spacing-sm, 1.5rem);background-color:var(--global-palette8, #F7FAFC);box-shadow:inset 0px 0px 14px 0px rgba(0, 0, 0, 0.2);}.kb-table-of-content-nav.kb-table-of-content-id4042_466f6b-f9 .kb-table-of-contents-title-wrap{padding-top:0px;padding-right:0px;padding-bottom:0px;padding-left:0px;}.kb-table-of-content-nav.kb-table-of-content-id4042_466f6b-f9 .kb-table-of-contents-title{font-weight:regular;font-style:normal;}.kb-table-of-content-nav.kb-table-of-content-id4042_466f6b-f9 .kb-table-of-content-wrap .kb-table-of-content-list{font-weight:regular;font-style:normal;margin-top:var(--global-kb-spacing-sm, 1.5rem);margin-right:0px;margin-bottom:0px;margin-left:0px;}.kb-table-of-content-nav.kb-table-of-content-id4042_466f6b-f9 .kb-toggle-icon-style-basiccircle .kb-table-of-contents-icon-trigger:after, .kb-table-of-content-nav.kb-table-of-content-id4042_466f6b-f9 .kb-toggle-icon-style-basiccircle .kb-table-of-contents-icon-trigger:before, .kb-table-of-content-nav.kb-table-of-content-id4042_466f6b-f9 .kb-toggle-icon-style-arrowcircle .kb-table-of-contents-icon-trigger:after, .kb-table-of-content-nav.kb-table-of-content-id4042_466f6b-f9 .kb-toggle-icon-style-arrowcircle .kb-table-of-contents-icon-trigger:before, .kb-table-of-content-nav.kb-table-of-content-id4042_466f6b-f9 .kb-toggle-icon-style-xclosecircle .kb-table-of-contents-icon-trigger:after, .kb-table-of-content-nav.kb-table-of-content-id4042_466f6b-f9 .kb-toggle-icon-style-xclosecircle .kb-table-of-contents-icon-trigger:before{background-color:var(--global-palette8, #F7FAFC);}<\/style>\n<p>Seg\u00fan el recorrido, se puede subir entre 3 y 17 metros por los \u00e1rboles, perfectamente asegurado, pero con pura fuerza muscular. Actividad deportiva y desaf\u00edo: un punto culminante para j\u00f3venes y mayores.<\/p>\n\n<h3 class=\"wp-block-heading\">Informaci\u00f3n para visitar el circuito de cuerdas altas del bosque de Jungfernheide<\/h3>\n<style>.kb-row-layout-id4042_3da6ce-8f > .kt-row-column-wrap{align-content:start;}:where(.kb-row-layout-id4042_3da6ce-8f > .kt-row-column-wrap) > .wp-block-kadence-column{justify-content:start;}.kb-row-layout-id4042_3da6ce-8f > .kt-row-column-wrap{column-gap:var(--global-kb-gap-md, 2rem);row-gap:var(--global-kb-gap-md, 2rem);padding-top:var(--global-kb-spacing-sm, 1.5rem);padding-bottom:var(--global-kb-spacing-sm, 1.5rem);grid-template-columns:repeat(2, minmax(0, 1fr));}.kb-row-layout-id4042_3da6ce-8f > .kt-row-layout-overlay{opacity:0.30;}@media all and (max-width: 1024px){.kb-row-layout-id4042_3da6ce-8f > .kt-row-column-wrap{grid-template-columns:repeat(2, minmax(0, 1fr));}}@media all and (max-width: 767px){.kb-row-layout-id4042_3da6ce-8f > .kt-row-column-wrap{grid-template-columns:minmax(0, 1fr);}}<\/style><div class=\"kb-row-layout-wrap kb-row-layout-id4042_3da6ce-8f alignnone wp-block-kadence-rowlayout\"><div class=\"kt-row-column-wrap kt-has-2-columns kt-row-layout-equal kt-tab-layout-inherit kt-mobile-layout-row kt-row-valign-top\">\n<style>.kadence-column4042_dfcc71-8d > .kt-inside-inner-col,.kadence-column4042_dfcc71-8d > .kt-inside-inner-col:before{border-top-left-radius:0px;border-top-right-radius:0px;border-bottom-right-radius:0px;border-bottom-left-radius:0px;}.kadence-column4042_dfcc71-8d > .kt-inside-inner-col{column-gap:var(--global-kb-gap-sm, 1rem);}.kadence-column4042_dfcc71-8d > .kt-inside-inner-col{flex-direction:column;}.kadence-column4042_dfcc71-8d > .kt-inside-inner-col > .aligncenter{width:100%;}.kadence-column4042_dfcc71-8d > .kt-inside-inner-col:before{opacity:0.3;}.kadence-column4042_dfcc71-8d{position:relative;}@media all and (max-width: 1024px){.kadence-column4042_dfcc71-8d > .kt-inside-inner-col{flex-direction:column;justify-content:center;}}@media all and (max-width: 767px){.kadence-column4042_dfcc71-8d > .kt-inside-inner-col{flex-direction:column;justify-content:center;}}<\/style>\n<div class=\"wp-block-kadence-column kadence-column4042_dfcc71-8d\"><div class=\"kt-inside-inner-col\">\n<p>Se admiten perros en los caminos principales. Pero, por favor, acu\u00e9rdate del plomo y de la bolsa para los excrementos. Est\u00e1 prohibido fumar con un arn\u00e9s de escalada puesto o en sus proximidades. Adem\u00e1s, est\u00e1 totalmente prohibido fumar en todo el recinto del circuito de cuerdas altas. Hay una mesa para fumadores donde puedes fumar sin cintur\u00f3n.<\/p>\n\n\n\n<p>Desde 2012, el jard\u00edn de verano del Volkspark Jungfernheide es el lugar perfecto para quien quiera disfrutar del sol y la naturaleza. Un chiringuito en torno a la hist\u00f3rica torre de agua te invita a relajarte. Adem\u00e1s de una gastronom\u00eda sin barreras que te mima con especialidades caseras, el jard\u00edn de verano ofrece un bello entorno natural que invita a la relajaci\u00f3n. Aqu\u00ed hay mucho espacio para desconectar y dejar atr\u00e1s la vida cotidiana.   <\/p>\n<\/div><\/div>\n\n\n<style>.kadence-column4042_df9ba3-c7 > .kt-inside-inner-col,.kadence-column4042_df9ba3-c7 > .kt-inside-inner-col:before{border-top-left-radius:0px;border-top-right-radius:0px;border-bottom-right-radius:0px;border-bottom-left-radius:0px;}.kadence-column4042_df9ba3-c7 > .kt-inside-inner-col{column-gap:var(--global-kb-gap-sm, 1rem);}.kadence-column4042_df9ba3-c7 > .kt-inside-inner-col{flex-direction:column;}.kadence-column4042_df9ba3-c7 > .kt-inside-inner-col > .aligncenter{width:100%;}.kadence-column4042_df9ba3-c7 > .kt-inside-inner-col:before{opacity:0.3;}.kadence-column4042_df9ba3-c7{position:relative;}@media all and (max-width: 1024px){.kadence-column4042_df9ba3-c7 > .kt-inside-inner-col{flex-direction:column;justify-content:center;}}@media all and (max-width: 767px){.kadence-column4042_df9ba3-c7 > .kt-inside-inner-col{flex-direction:column;justify-content:center;}}<\/style>\n<div class=\"wp-block-kadence-column kadence-column4042_df9ba3-c7\"><div class=\"kt-inside-inner-col\"><style>.kb-image4042_cd309d-cf .kb-image-has-overlay:after{opacity:0.3;}<\/style>\n<figure class=\"wp-block-kadence-image kb-image4042_cd309d-cf size-full\"><img loading=\"lazy\" decoding=\"async\" width=\"1024\" height=\"576\" src=\"https:\/\/walderlebnispfade.de\/wp-content\/uploads\/2024\/04\/Waldhochseilgarten_Jungfernheide_Berlin.jpg\" alt=\"Aussicht im Waldhochseilgarten Jungfernheide Berlin\" class=\"kb-img wp-image-6621\" srcset=\"https:\/\/walderlebnispfade.de\/wp-content\/uploads\/2024\/04\/Waldhochseilgarten_Jungfernheide_Berlin.jpg 1024w, https:\/\/walderlebnispfade.de\/wp-content\/uploads\/2024\/04\/Waldhochseilgarten_Jungfernheide_Berlin-300x169.jpg 300w, https:\/\/walderlebnispfade.de\/wp-content\/uploads\/2024\/04\/Waldhochseilgarten_Jungfernheide_Berlin-768x432.jpg 768w\" sizes=\"auto, (max-width: 1024px) 100vw, 1024px\" \/><\/figure>\n<\/div><\/div>\n\n<\/div><\/div>\n<p>Tanto si buscas un momento de paz y tranquilidad a solas como si quieres combinar tu visita con una aventura en el curso de cuerdas altas del bosque vecino, aqu\u00ed hay algo para todos. Tanto si te relajas en el suelo como en lo alto de las copas de los \u00e1rboles, una cosa es cierta: \u00a1el bienestar est\u00e1 garantizado! <\/p>\n\n<h3 class=\"wp-block-heading\">Precios y horarios 2026 Waldhochseilgarten Jungfernheide Berl\u00edn<\/h3>\n\n<p>Los precios oscilan entre 21 \u20ac y 33 \u20ac, seg\u00fan la edad. Encontrar\u00e1s m\u00e1s detalles en el <a href=\"https:\/\/waldhochseilgarten-jungfernheide.de\/preise-und-infos\/\" data-type=\"link\" data-id=\"https:\/\/waldhochseilgarten-jungfernheide.de\/preise-und-infos\/\" target=\"_blank\" rel=\"noreferrer noopener\">resumen de precios<\/a>. Hay paquetes especiales para fiestas de cumplea\u00f1os infantiles y clases escolares.<\/p>\n\n<p>El jard\u00edn trepador abre en diferentes horarios de marzo a noviembre. Inf\u00f3rmese en el sitio web indicado.<br\/><strong>IMPORTANTE: Admisi\u00f3n s\u00f3lo con inscripci\u00f3n en l\u00ednea en <a href=\"https:\/\/waldhochseilgarten-jungfernheide.de\/buchung\/\" target=\"_blank\" rel=\"noreferrer noopener\">https:\/\/waldhochseilgarten-jungfernheide.de\/buchung\/<\/a><\/strong><\/p>\n<style>.kadence-column4042_749d38-05 > .kt-inside-inner-col{display:flex;}.kadence-column4042_749d38-05 > .kt-inside-inner-col{padding-top:var(--global-kb-spacing-xs, 1rem);padding-right:var(--global-kb-spacing-xs, 1rem);padding-bottom:var(--global-kb-spacing-xs, 1rem);padding-left:var(--global-kb-spacing-xs, 1rem);}.kadence-column4042_749d38-05 > .kt-inside-inner-col{box-shadow:0px 0px 14px 0px rgba(0, 0, 0, 0.2);}.kadence-column4042_749d38-05 > .kt-inside-inner-col,.kadence-column4042_749d38-05 > .kt-inside-inner-col:before{border-top-left-radius:0px;border-top-right-radius:0px;border-bottom-right-radius:0px;border-bottom-left-radius:0px;}.kadence-column4042_749d38-05 > .kt-inside-inner-col{column-gap:var(--global-kb-gap-sm, 1rem);}.kadence-column4042_749d38-05 > .kt-inside-inner-col{flex-direction:column;align-items:center;}.kadence-column4042_749d38-05 > .kt-inside-inner-col > .kb-image-is-ratio-size{align-self:stretch;}.kadence-column4042_749d38-05 > .kt-inside-inner-col > .wp-block-kadence-advancedgallery{align-self:stretch;}.kadence-column4042_749d38-05 > .kt-inside-inner-col > .aligncenter{width:100%;}.kadence-column4042_749d38-05 > .kt-inside-inner-col{background-color:var(--global-palette8, #F7FAFC);}.kadence-column4042_749d38-05 > .kt-inside-inner-col:before{opacity:0.3;}.kadence-column4042_749d38-05{position:relative;}@media all and (max-width: 1024px){.kadence-column4042_749d38-05 > .kt-inside-inner-col{flex-direction:column;justify-content:center;align-items:center;}}@media all and (max-width: 767px){.kadence-column4042_749d38-05 > .kt-inside-inner-col{flex-direction:column;justify-content:center;align-items:center;}}<\/style>\n<div class=\"wp-block-kadence-column kadence-column4042_749d38-05\"><div class=\"kt-inside-inner-col\">\n<p class=\"has-text-align-center\">\u00bfQu\u00e9 te parece el circuito de cuerdas altas Jungfernheide? Por favor, d\u00e9jame una rese\u00f1a.  <br\/>Nos ayudas a nosotros y a otros amantes de la naturaleza. Muchas gracias \ud83d\ude42 \u00a1! <\/p>\n\n\n\n<div class=\"wp-block-yet-another-stars-rating-visitor-votes aligncenter yasr-vv-block\"><\/div>\n\n\n\n<p>Puedes encontrar m\u00e1s cursos de cuerdas altas en nuestra <a href=\"https:\/\/walderlebnispfade.de\/es\/experiencias-forestales\/\" data-type=\"page\" data-id=\"228\">b\u00fasqueda de aventuras<\/a> y en el directorio de <a href=\"https:\/\/walderlebnispfade.de\/es\/cursos-de-cuerdas-altas-en-alemania\/\" data-type=\"post\" data-id=\"6522\">cursos de cuerdas altas en Alemania<\/a>.<\/p>\n<\/div><\/div>\n<style>.wp-block-kadence-advancedheading.kt-adv-heading4042_4737e0-0d, .wp-block-kadence-advancedheading.kt-adv-heading4042_4737e0-0d[data-kb-block=\"kb-adv-heading4042_4737e0-0d\"]{font-style:normal;}.wp-block-kadence-advancedheading.kt-adv-heading4042_4737e0-0d mark.kt-highlight, .wp-block-kadence-advancedheading.kt-adv-heading4042_4737e0-0d[data-kb-block=\"kb-adv-heading4042_4737e0-0d\"] mark.kt-highlight{font-style:normal;color:#f76a0c;-webkit-box-decoration-break:clone;box-decoration-break:clone;padding-top:0px;padding-right:0px;padding-bottom:0px;padding-left:0px;}.wp-block-kadence-advancedheading.kt-adv-heading4042_4737e0-0d img.kb-inline-image, .wp-block-kadence-advancedheading.kt-adv-heading4042_4737e0-0d[data-kb-block=\"kb-adv-heading4042_4737e0-0d\"] img.kb-inline-image{width:150px;vertical-align:baseline;}<\/style>\n<h2 class=\"kt-adv-heading4042_4737e0-0d wp-block-kadence-advancedheading\" data-kb-block=\"kb-adv-heading4042_4737e0-0d\">V\u00eddeo: Circuito de cuerdas altas en el bosque de Jungfernheide<\/h2>\n\n<figure class=\"wp-block-embed is-type-video is-provider-youtube wp-block-embed-youtube wp-embed-aspect-16-9 wp-has-aspect-ratio\"><div class=\"wp-block-embed__wrapper\">\n<iframe loading=\"lazy\" hcb-fetch-image-from=\"https:\/\/youtu.be\/oGE85pvpd-8?si=8rG03ocIK47I-P11\" title=\"Spa\u00df im Waldhochseilgarten\" width=\"720\" height=\"405\" src=\"https:\/\/www.youtube.com\/embed\/oGE85pvpd-8?feature=oembed\" frameborder=\"0\" allow=\"accelerometer; autoplay; clipboard-write; encrypted-media; gyroscope; picture-in-picture; web-share\" referrerpolicy=\"strict-origin-when-cross-origin\" allowfullscreen><\/iframe>\n<\/div><\/figure>\n\n<p><\/p>\n","protected":false},"author":2,"featured_media":5035,"comment_status":"open","ping_status":"closed","template":"","meta":{"_kad_blocks_custom_css":"","_kad_blocks_head_custom_js":"","_kad_blocks_body_custom_js":"","_kad_blocks_footer_custom_js":"","_kad_post_transparent":"","_kad_post_title":"","_kad_post_layout":"","_kad_post_sidebar_id":"","_kad_post_content_style":"","_kad_post_vertical_padding":"","_kad_post_feature":"","_kad_post_feature_position":"","_kad_post_header":false,"_kad_post_footer":false,"_kad_post_classname":"","yasr_overall_rating":0,"yasr_post_is_review":"","yasr_auto_insert_disabled":"","yasr_review_type":"LocalBusiness"},"region":[131,146],"erlebnisart":[188,182],"class_list":["post-5745","erlebnisse","type-erlebnisse","status-publish","has-post-thumbnail","hentry","region-deutschland-es","region-be-es","erlebnisart-hochseilgarten-es","erlebnisart-klettern-es"],"yasr_visitor_votes":{"stars_attributes":{"read_only":false,"span_bottom":false},"number_of_votes":0,"sum_votes":0},"taxonomy_info":{"region":[{"value":131,"label":"Alemania"},{"value":146,"label":"Berlin"}],"erlebnisart":[{"value":188,"label":"Circuito de Cuerdas"},{"value":182,"label":"Escalada"}]},"featured_image_src_large":["https:\/\/walderlebnispfade.de\/wp-content\/uploads\/2024\/07\/Hochseilgarten_Jungfernheide-1024x576.jpg",1024,576,true],"author_info":{"display_name":"Moni","author_link":"https:\/\/walderlebnispfade.de\/es\/author\/moni\/"},"comment_info":0,"_links":{"self":[{"href":"https:\/\/walderlebnispfade.de\/es\/wp-json\/wp\/v2\/erlebnisse\/5745","targetHints":{"allow":["GET"]}}],"collection":[{"href":"https:\/\/walderlebnispfade.de\/es\/wp-json\/wp\/v2\/erlebnisse"}],"about":[{"href":"https:\/\/walderlebnispfade.de\/es\/wp-json\/wp\/v2\/types\/erlebnisse"}],"author":[{"embeddable":true,"href":"https:\/\/walderlebnispfade.de\/es\/wp-json\/wp\/v2\/users\/2"}],"replies":[{"embeddable":true,"href":"https:\/\/walderlebnispfade.de\/es\/wp-json\/wp\/v2\/comments?post=5745"}],"wp:featuredmedia":[{"embeddable":true,"href":"https:\/\/walderlebnispfade.de\/es\/wp-json\/wp\/v2\/media\/5035"}],"wp:attachment":[{"href":"https:\/\/walderlebnispfade.de\/es\/wp-json\/wp\/v2\/media?parent=5745"}],"wp:term":[{"taxonomy":"region","embeddable":true,"href":"https:\/\/walderlebnispfade.de\/es\/wp-json\/wp\/v2\/region?post=5745"},{"taxonomy":"erlebnisart","embeddable":true,"href":"https:\/\/walderlebnispfade.de\/es\/wp-json\/wp\/v2\/erlebnisart?post=5745"}],"curies":[{"name":"wp","href":"https:\/\/api.w.org\/{rel}","templated":true}]}}