{"id":5748,"date":"2024-04-24T21:16:55","date_gmt":"2024-04-24T19:16:55","guid":{"rendered":"https:\/\/walderlebnispfade.de\/erlebnisse\/bosque-trepador-de-koalas\/"},"modified":"2026-04-22T11:53:29","modified_gmt":"2026-04-22T09:53:29","slug":"bosque-trepador-de-koalas","status":"publish","type":"erlebnisse","link":"https:\/\/walderlebnispfade.de\/es\/erlebnisse\/bosque-trepador-de-koalas\/","title":{"rendered":"Bosque trepador de koalas"},"content":{"rendered":"<style>.wp-block-kadence-advancedheading.kt-adv-heading4024_9bcbac-f0, .wp-block-kadence-advancedheading.kt-adv-heading4024_9bcbac-f0[data-kb-block=\"kb-adv-heading4024_9bcbac-f0\"]{font-style:normal;}.wp-block-kadence-advancedheading.kt-adv-heading4024_9bcbac-f0 mark.kt-highlight, .wp-block-kadence-advancedheading.kt-adv-heading4024_9bcbac-f0[data-kb-block=\"kb-adv-heading4024_9bcbac-f0\"] mark.kt-highlight{font-style:normal;color:#f76a0c;-webkit-box-decoration-break:clone;box-decoration-break:clone;padding-top:0px;padding-right:0px;padding-bottom:0px;padding-left:0px;}.wp-block-kadence-advancedheading.kt-adv-heading4024_9bcbac-f0 img.kb-inline-image, .wp-block-kadence-advancedheading.kt-adv-heading4024_9bcbac-f0[data-kb-block=\"kb-adv-heading4024_9bcbac-f0\"] img.kb-inline-image{width:150px;vertical-align:baseline;}<\/style>\n<h2 class=\"kt-adv-heading4024_9bcbac-f0 wp-block-kadence-advancedheading\" data-kb-block=\"kb-adv-heading4024_9bcbac-f0\">Koala: \u00a1un parque de escalada para todos!<\/h2>\n\n<p>El mayor bosque de escalada de Turingia, el Koala, ofrece una gran variedad de rutas de escalada, desde muy f\u00e1ciles para los m\u00e1s peque\u00f1os hasta emociones a gran altura para los m\u00e1s valientes. El parque de escalada Koala se construy\u00f3 en un antiguo emplazamiento militar ruso y ofrece 200 obst\u00e1culos en 12 recorridos con distintos niveles de dificultad. La altura de los obst\u00e1culos oscila entre los 0,5 metros, aptos para ni\u00f1os, y los 14 metros, un aut\u00e9ntico desaf\u00edo.<\/p>\n<style>.kb-table-of-content-nav.kb-table-of-content-id4024_b46dcc-38 .kb-table-of-content-wrap{padding-top:var(--global-kb-spacing-sm, 1.5rem);padding-right:var(--global-kb-spacing-sm, 1.5rem);padding-bottom:var(--global-kb-spacing-sm, 1.5rem);padding-left:var(--global-kb-spacing-sm, 1.5rem);background-color:var(--global-palette8, #F7FAFC);box-shadow:inset 0px 0px 14px 0px rgba(0, 0, 0, 0.2);}.kb-table-of-content-nav.kb-table-of-content-id4024_b46dcc-38 .kb-table-of-contents-title-wrap{padding-top:0px;padding-right:0px;padding-bottom:0px;padding-left:0px;}.kb-table-of-content-nav.kb-table-of-content-id4024_b46dcc-38 .kb-table-of-contents-title{font-weight:regular;font-style:normal;}.kb-table-of-content-nav.kb-table-of-content-id4024_b46dcc-38 .kb-table-of-content-wrap .kb-table-of-content-list{font-weight:regular;font-style:normal;margin-top:var(--global-kb-spacing-sm, 1.5rem);margin-right:0px;margin-bottom:0px;margin-left:0px;}.kb-table-of-content-nav.kb-table-of-content-id4024_b46dcc-38 .kb-toggle-icon-style-basiccircle .kb-table-of-contents-icon-trigger:after, .kb-table-of-content-nav.kb-table-of-content-id4024_b46dcc-38 .kb-toggle-icon-style-basiccircle .kb-table-of-contents-icon-trigger:before, .kb-table-of-content-nav.kb-table-of-content-id4024_b46dcc-38 .kb-toggle-icon-style-arrowcircle .kb-table-of-contents-icon-trigger:after, .kb-table-of-content-nav.kb-table-of-content-id4024_b46dcc-38 .kb-toggle-icon-style-arrowcircle .kb-table-of-contents-icon-trigger:before, .kb-table-of-content-nav.kb-table-of-content-id4024_b46dcc-38 .kb-toggle-icon-style-xclosecircle .kb-table-of-contents-icon-trigger:after, .kb-table-of-content-nav.kb-table-of-content-id4024_b46dcc-38 .kb-toggle-icon-style-xclosecircle .kb-table-of-contents-icon-trigger:before{background-color:var(--global-palette8, #F7FAFC);}<\/style>\n<p>El minicircuito con obst\u00e1culos bajos est\u00e1 dise\u00f1ado para que pueda utilizarse sin equipo de seguridad. Adem\u00e1s de los obst\u00e1culos, ofrece a los escaladores m\u00e1s peque\u00f1os un columpio y un telef\u00e9rico. En el otro extremo de la escala de dificultad, el recorrido negro tiene todo lo que el coraz\u00f3n de un escalador desea. Tienes que abrirte paso hasta una altura de 14 metros y puedes disfrutar de una tirolina de 120 metros de longitud a trav\u00e9s de las copas de los \u00e1rboles. <\/p>\n<style>.kb-row-layout-id4024_340183-72 > .kt-row-column-wrap{align-content:start;}:where(.kb-row-layout-id4024_340183-72 > .kt-row-column-wrap) > .wp-block-kadence-column{justify-content:start;}.kb-row-layout-id4024_340183-72 > .kt-row-column-wrap{column-gap:var(--global-kb-gap-md, 2rem);row-gap:var(--global-kb-gap-md, 2rem);padding-top:var(--global-kb-spacing-sm, 1.5rem);padding-bottom:var(--global-kb-spacing-sm, 1.5rem);grid-template-columns:repeat(2, minmax(0, 1fr));}.kb-row-layout-id4024_340183-72 > .kt-row-layout-overlay{opacity:0.30;}@media all and (max-width: 1024px){.kb-row-layout-id4024_340183-72 > .kt-row-column-wrap{grid-template-columns:repeat(2, minmax(0, 1fr));}}@media all and (max-width: 767px){.kb-row-layout-id4024_340183-72 > .kt-row-column-wrap{grid-template-columns:minmax(0, 1fr);}}<\/style><div class=\"kb-row-layout-wrap kb-row-layout-id4024_340183-72 alignnone wp-block-kadence-rowlayout\"><div class=\"kt-row-column-wrap kt-has-2-columns kt-row-layout-equal kt-tab-layout-inherit kt-mobile-layout-row kt-row-valign-top\">\n<style>.kadence-column4024_a3f711-75 > .kt-inside-inner-col,.kadence-column4024_a3f711-75 > .kt-inside-inner-col:before{border-top-left-radius:0px;border-top-right-radius:0px;border-bottom-right-radius:0px;border-bottom-left-radius:0px;}.kadence-column4024_a3f711-75 > .kt-inside-inner-col{column-gap:var(--global-kb-gap-sm, 1rem);}.kadence-column4024_a3f711-75 > .kt-inside-inner-col{flex-direction:column;}.kadence-column4024_a3f711-75 > .kt-inside-inner-col > .aligncenter{width:100%;}.kadence-column4024_a3f711-75 > .kt-inside-inner-col:before{opacity:0.3;}.kadence-column4024_a3f711-75{position:relative;}@media all and (max-width: 1024px){.kadence-column4024_a3f711-75 > .kt-inside-inner-col{flex-direction:column;justify-content:center;}}@media all and (max-width: 767px){.kadence-column4024_a3f711-75 > .kt-inside-inner-col{flex-direction:column;justify-content:center;}}<\/style>\n<div class=\"wp-block-kadence-column kadence-column4024_a3f711-75\"><div class=\"kt-inside-inner-col\">\n<p>En la zona de teambuilding, colegios, empresas y asociaciones pueden poner a prueba su esp\u00edritu de equipo. Las reservas anticipadas para grupos de 10 o m\u00e1s personas pueden hacerse en la direcci\u00f3n de correo electr\u00f3nico indicada. Tras una exhaustiva instrucci\u00f3n de seguridad, puedes explorar el parque de cuerdas a tu propio ritmo. Desde 2024 se utiliza la versi\u00f3n m\u00e1s reciente del sistema de seguridad CLiC-iT\u00ae-Adventure C25. Os ofrece el m\u00e1ximo nivel de seguridad y, al mismo tiempo, una gran comodidad al escalar. Los dos mosquetones, que se comunican entre s\u00ed, funcionan con suavidad y est\u00e1n dise\u00f1ados para evitar que ambos se abran a la vez.   <\/p>\n\n\n\n<p>Para reponer fuerzas, el <a href=\"https:\/\/kletterwald-koala.de\/imbiss\/\" data-type=\"link\" data-id=\"https:\/\/kletterwald-koala.de\/imbiss\/\" target=\"_blank\" rel=\"noreferrer noopener\">puesto de comida<\/a> situado a la entrada ofrece una selecci\u00f3n de platos fr\u00edos y calientes, as\u00ed como bebidas. Dispone de un sal\u00f3n y una terraza soleada. Tambi\u00e9n pod\u00e9is traer vuestra propia comida y disfrutarla en la zona de p\u00edcnic.  <\/p>\n<\/div><\/div>\n\n\n<style>.kadence-column4024_1e1203-f7 > .kt-inside-inner-col,.kadence-column4024_1e1203-f7 > .kt-inside-inner-col:before{border-top-left-radius:0px;border-top-right-radius:0px;border-bottom-right-radius:0px;border-bottom-left-radius:0px;}.kadence-column4024_1e1203-f7 > .kt-inside-inner-col{column-gap:var(--global-kb-gap-sm, 1rem);}.kadence-column4024_1e1203-f7 > .kt-inside-inner-col{flex-direction:column;}.kadence-column4024_1e1203-f7 > .kt-inside-inner-col > .aligncenter{width:100%;}.kadence-column4024_1e1203-f7 > .kt-inside-inner-col:before{opacity:0.3;}.kadence-column4024_1e1203-f7{position:relative;}@media all and (max-width: 1024px){.kadence-column4024_1e1203-f7 > .kt-inside-inner-col{flex-direction:column;justify-content:center;}}@media all and (max-width: 767px){.kadence-column4024_1e1203-f7 > .kt-inside-inner-col{flex-direction:column;justify-content:center;}}<\/style>\n<div class=\"wp-block-kadence-column kadence-column4024_1e1203-f7\"><div class=\"kt-inside-inner-col\"><style>.kb-image4024_530138-58 .kb-image-has-overlay:after{opacity:0.3;}<\/style>\n<figure class=\"wp-block-kadence-image kb-image4024_530138-58 size-full\"><img loading=\"lazy\" decoding=\"async\" width=\"1024\" height=\"769\" src=\"https:\/\/walderlebnispfade.de\/wp-content\/uploads\/2024\/04\/Koala_Eingang.jpg\" alt=\"Eingang mit Schild vom Kletterwald Koala \" class=\"kb-img wp-image-6398\" srcset=\"https:\/\/walderlebnispfade.de\/wp-content\/uploads\/2024\/04\/Koala_Eingang.jpg 1024w, https:\/\/walderlebnispfade.de\/wp-content\/uploads\/2024\/04\/Koala_Eingang-300x225.jpg 300w, https:\/\/walderlebnispfade.de\/wp-content\/uploads\/2024\/04\/Koala_Eingang-768x577.jpg 768w\" sizes=\"auto, (max-width: 1024px) 100vw, 1024px\" \/><figcaption>Foto:&nbsp;<a href=\"https:\/\/creativecommons.org\/licenses\/by-sa\/4.0\/deed.de\" target=\"_blank\" rel=\"noreferrer noopener\">CC BY-SA<\/a>, Archiv TVV\/M.Fuchs<\/figcaption><\/figure>\n<\/div><\/div>\n\n<\/div><\/div>\n<p><strong>Ten en cuenta que s\u00f3lo se puede pagar en efectivo en la caja.<\/strong>  Los perros deben llevar correa en todo el recinto.<\/p>\n\n<h3 class=\"wp-block-heading\">Horarios de apertura 2026 \u2013 Kletterwald Koala<\/h3>\n\n<ul class=\"wp-block-list\">\n<li>El inicio de la temporada 2026 est\u00e1 previsto para el 28-03-2026.<\/li>\n\n\n\n<li>La temporada alta es del 20-06-26 al 30-08-26; durante este periodo abrimos todos los d\u00edas de 10:00 a 20:00.<\/li>\n\n\n\n<li>En temporada baja, abre de jueves a domingo, as\u00ed como los d\u00edas festivos y de puente.<\/li>\n\n\n\n<li>Durante las vacaciones escolares en Turingia en temporada baja, tambi\u00e9n abrimos a diario.<\/li>\n\n\n\n<li>Est\u00e1 previsto que la temporada 2025 finalice el 2 de noviembre.<\/li>\n<\/ul>\n\n<p>\u00a1El \u00faltimo acceso al parque de cuerdas es, como muy tarde, dos horas antes del cierre del parque!<\/p>\n\n<p>Si necesitas m\u00e1s opciones, tambi\u00e9n hay un art\u00edculo en el blog con informaci\u00f3n sobre los 144 parques de cuerdas que hay en Alemania.<\/p>\n\n<h3 class=\"wp-block-heading\">C\u00f3mo llegar al parque de escalada Koala<\/h3>\n\n<p>Para llegar al bosque trepador de koalas, tome la autopista A9 y tome la salida Lederhose. Hay suficientes plazas de aparcamiento directamente junto al parque de cuerdas.<\/p>\n\n<h2 class=\"wp-block-heading\">Datos sobre el bosque trepador de koalas<\/h2>\n\n<figure class=\"wp-block-table\"><table class=\"has-fixed-layout\"><tbody><tr><td>N\u00famero de cursos:<\/td><td>12 (6 ni\u00f1os \/ 6 adultos)<\/td><\/tr><tr><td>Elementos:<\/td><td>200<\/td><\/tr><tr><td>Ruta de escalada completa:<\/td><td>2000 metros<\/td><\/tr><tr><td>Caracter\u00edsticas especiales:<\/td><td>Curso por equipos y curso de cuerdas bajas<\/td><\/tr><tr><td>Punto m\u00e1s alto de las v\u00edas de escalada:<\/td><td>14 metros<\/td><\/tr><tr><td>Edad m\u00ednima:<\/td><td>6 a\u00f1os<\/td><\/tr><tr><td>Tama\u00f1o m\u00ednimo:<\/td><td>1,00 metro<\/td><\/tr><\/tbody><\/table><\/figure>\n\n<hr class=\"wp-block-separator has-alpha-channel-opacity\" style=\"margin-top:var(--wp--preset--spacing--50);margin-bottom:var(--wp--preset--spacing--50)\"\/>\n<style>.kadence-column4024_c41bbe-d8 > .kt-inside-inner-col{display:flex;}.kadence-column4024_c41bbe-d8 > .kt-inside-inner-col{padding-top:var(--global-kb-spacing-xs, 1rem);padding-right:var(--global-kb-spacing-xs, 1rem);padding-bottom:var(--global-kb-spacing-xs, 1rem);padding-left:var(--global-kb-spacing-xs, 1rem);}.kadence-column4024_c41bbe-d8 > .kt-inside-inner-col{box-shadow:0px 0px 14px 0px rgba(0, 0, 0, 0.2);}.kadence-column4024_c41bbe-d8 > .kt-inside-inner-col,.kadence-column4024_c41bbe-d8 > .kt-inside-inner-col:before{border-top-left-radius:0px;border-top-right-radius:0px;border-bottom-right-radius:0px;border-bottom-left-radius:0px;}.kadence-column4024_c41bbe-d8 > .kt-inside-inner-col{column-gap:var(--global-kb-gap-sm, 1rem);}.kadence-column4024_c41bbe-d8 > .kt-inside-inner-col{flex-direction:column;align-items:center;}.kadence-column4024_c41bbe-d8 > .kt-inside-inner-col > .kb-image-is-ratio-size{align-self:stretch;}.kadence-column4024_c41bbe-d8 > .kt-inside-inner-col > .wp-block-kadence-advancedgallery{align-self:stretch;}.kadence-column4024_c41bbe-d8 > .kt-inside-inner-col > .aligncenter{width:100%;}.kadence-column4024_c41bbe-d8 > .kt-inside-inner-col{background-color:var(--global-palette8, #F7FAFC);}.kadence-column4024_c41bbe-d8 > .kt-inside-inner-col:before{opacity:0.3;}.kadence-column4024_c41bbe-d8{position:relative;}@media all and (max-width: 1024px){.kadence-column4024_c41bbe-d8 > .kt-inside-inner-col{flex-direction:column;justify-content:center;align-items:center;}}@media all and (max-width: 767px){.kadence-column4024_c41bbe-d8 > .kt-inside-inner-col{flex-direction:column;justify-content:center;align-items:center;}}<\/style>\n<div class=\"wp-block-kadence-column kadence-column4024_c41bbe-d8\"><div class=\"kt-inside-inner-col\">\n<p class=\"has-text-align-center\">\u00bfQu\u00e9 te parece el Kletterwald Koala? Por favor, d\u00e9janos una opini\u00f3n.  <br\/>Nos ayudas a nosotros y a otros amantes de la naturaleza. Muchas gracias \ud83d\ude42 \u00a1!<\/p>\n\n\n\n<div class=\"wp-block-yet-another-stars-rating-visitor-votes aligncenter yasr-vv-block\"><\/div>\n\n\n\n<p>\u00a1Encontrar\u00e9is m\u00e1s aventuras en nuestro <a href=\"https:\/\/walderlebnispfade.de\/es\/experiencias-forestales\/\" data-type=\"page\" data-id=\"228\">buscador de experiencias en el bosque<\/a>!<\/p>\n<\/div><\/div>\n\n<hr class=\"wp-block-separator has-alpha-channel-opacity\" style=\"margin-top:var(--wp--preset--spacing--50);margin-bottom:var(--wp--preset--spacing--50)\"\/>\n\n<h3 class=\"wp-block-heading\">V\u00eddeo sobre el bosque trepador de koalas<\/h3>\n\n<figure class=\"wp-block-embed is-type-video is-provider-youtube wp-block-embed-youtube wp-embed-aspect-16-9 wp-has-aspect-ratio\"><div class=\"wp-block-embed__wrapper\">\n<iframe loading=\"lazy\" hcb-fetch-image-from=\"https:\/\/youtu.be\/7OAvcWAj-ZE?si=QHU851nXiVz_8tAv\" title=\"Ostern 2022 - Besuch des Kletterwaldes Koala\" width=\"720\" height=\"405\" src=\"https:\/\/www.youtube.com\/embed\/7OAvcWAj-ZE?feature=oembed\" frameborder=\"0\" allow=\"accelerometer; autoplay; clipboard-write; encrypted-media; gyroscope; picture-in-picture; web-share\" referrerpolicy=\"strict-origin-when-cross-origin\" allowfullscreen><\/iframe>\n<\/div><\/figure>\n","protected":false},"author":2,"featured_media":6397,"comment_status":"open","ping_status":"closed","template":"","meta":{"_kad_blocks_custom_css":"","_kad_blocks_head_custom_js":"","_kad_blocks_body_custom_js":"","_kad_blocks_footer_custom_js":"","_kad_post_transparent":"","_kad_post_title":"","_kad_post_layout":"","_kad_post_sidebar_id":"","_kad_post_content_style":"","_kad_post_vertical_padding":"","_kad_post_feature":"","_kad_post_feature_position":"","_kad_post_header":false,"_kad_post_footer":false,"_kad_post_classname":"","yasr_overall_rating":0,"yasr_post_is_review":"","yasr_auto_insert_disabled":"","yasr_review_type":"LocalBusiness"},"region":[131,158],"erlebnisart":[182,185],"class_list":["post-5748","erlebnisse","type-erlebnisse","status-publish","has-post-thumbnail","hentry","region-deutschland-es","region-th-es","erlebnisart-klettern-es","erlebnisart-kletterpark-es"],"yasr_visitor_votes":{"stars_attributes":{"read_only":false,"span_bottom":false},"number_of_votes":0,"sum_votes":0},"taxonomy_info":{"region":[{"value":131,"label":"Alemania"},{"value":158,"label":"Th\u00fcringen"}],"erlebnisart":[{"value":182,"label":"Escalada"},{"value":185,"label":"Parque de Escalada"}]},"featured_image_src_large":["https:\/\/walderlebnispfade.de\/wp-content\/uploads\/2024\/04\/Kletterwald_Koala-1024x576.jpg",1024,576,true],"author_info":{"display_name":"Moni","author_link":"https:\/\/walderlebnispfade.de\/es\/author\/moni\/"},"comment_info":0,"_links":{"self":[{"href":"https:\/\/walderlebnispfade.de\/es\/wp-json\/wp\/v2\/erlebnisse\/5748","targetHints":{"allow":["GET"]}}],"collection":[{"href":"https:\/\/walderlebnispfade.de\/es\/wp-json\/wp\/v2\/erlebnisse"}],"about":[{"href":"https:\/\/walderlebnispfade.de\/es\/wp-json\/wp\/v2\/types\/erlebnisse"}],"author":[{"embeddable":true,"href":"https:\/\/walderlebnispfade.de\/es\/wp-json\/wp\/v2\/users\/2"}],"replies":[{"embeddable":true,"href":"https:\/\/walderlebnispfade.de\/es\/wp-json\/wp\/v2\/comments?post=5748"}],"wp:featuredmedia":[{"embeddable":true,"href":"https:\/\/walderlebnispfade.de\/es\/wp-json\/wp\/v2\/media\/6397"}],"wp:attachment":[{"href":"https:\/\/walderlebnispfade.de\/es\/wp-json\/wp\/v2\/media?parent=5748"}],"wp:term":[{"taxonomy":"region","embeddable":true,"href":"https:\/\/walderlebnispfade.de\/es\/wp-json\/wp\/v2\/region?post=5748"},{"taxonomy":"erlebnisart","embeddable":true,"href":"https:\/\/walderlebnispfade.de\/es\/wp-json\/wp\/v2\/erlebnisart?post=5748"}],"curies":[{"name":"wp","href":"https:\/\/api.w.org\/{rel}","templated":true}]}}