{"id":5749,"date":"2024-04-04T20:21:09","date_gmt":"2024-04-04T18:21:09","guid":{"rendered":"https:\/\/walderlebnispfade.de\/erlebnisse\/sendero-arbolado-beelitz-heilstaetten\/"},"modified":"2026-04-22T11:53:59","modified_gmt":"2026-04-22T09:53:59","slug":"sendero-arbolado-beelitz-heilstaetten","status":"publish","type":"erlebnisse","link":"https:\/\/walderlebnispfade.de\/es\/erlebnisse\/sendero-arbolado-beelitz-heilstaetten\/","title":{"rendered":"Sendero arbolado Beelitz-Heilst\u00e4tten"},"content":{"rendered":"<style>.kb-row-layout-id1591_88f261-da > .kt-row-column-wrap{align-content:start;}:where(.kb-row-layout-id1591_88f261-da > .kt-row-column-wrap) > .wp-block-kadence-column{justify-content:start;}.kb-row-layout-id1591_88f261-da > .kt-row-column-wrap{column-gap:var(--global-kb-gap-md, 2rem);row-gap:var(--global-kb-gap-md, 2rem);padding-top:var(--global-kb-spacing-sm, 1.5rem);padding-bottom:var(--global-kb-spacing-sm, 1.5rem);grid-template-columns:minmax(0, 1fr);}.kb-row-layout-id1591_88f261-da > .kt-row-layout-overlay{opacity:0.30;}@media all and (max-width: 1024px){.kb-row-layout-id1591_88f261-da > .kt-row-column-wrap{grid-template-columns:minmax(0, 1fr);}}@media all and (max-width: 767px){.kb-row-layout-id1591_88f261-da > .kt-row-column-wrap{grid-template-columns:minmax(0, 1fr);}}<\/style><div class=\"kb-row-layout-wrap kb-row-layout-id1591_88f261-da alignnone wp-block-kadence-rowlayout\"><div class=\"kt-row-column-wrap kt-has-1-columns kt-row-layout-equal kt-tab-layout-inherit kt-mobile-layout-row kt-row-valign-top\">\n<style>.kadence-column1591_7fcc88-8a > .kt-inside-inner-col,.kadence-column1591_7fcc88-8a > .kt-inside-inner-col:before{border-top-left-radius:0px;border-top-right-radius:0px;border-bottom-right-radius:0px;border-bottom-left-radius:0px;}.kadence-column1591_7fcc88-8a > .kt-inside-inner-col{column-gap:var(--global-kb-gap-sm, 1rem);}.kadence-column1591_7fcc88-8a > .kt-inside-inner-col{flex-direction:column;}.kadence-column1591_7fcc88-8a > .kt-inside-inner-col > .aligncenter{width:100%;}.kadence-column1591_7fcc88-8a > .kt-inside-inner-col:before{opacity:0.3;}.kadence-column1591_7fcc88-8a{position:relative;}@media all and (max-width: 1024px){.kadence-column1591_7fcc88-8a > .kt-inside-inner-col{flex-direction:column;justify-content:center;}}@media all and (max-width: 767px){.kadence-column1591_7fcc88-8a > .kt-inside-inner-col{flex-direction:column;justify-content:center;}}<\/style>\n<div class=\"wp-block-kadence-column kadence-column1591_7fcc88-8a\"><div class=\"kt-inside-inner-col\"><style>.wp-block-kadence-advancedheading.kt-adv-heading1591_672ef1-f2, .wp-block-kadence-advancedheading.kt-adv-heading1591_672ef1-f2[data-kb-block=\"kb-adv-heading1591_672ef1-f2\"]{font-style:normal;}.wp-block-kadence-advancedheading.kt-adv-heading1591_672ef1-f2 mark.kt-highlight, .wp-block-kadence-advancedheading.kt-adv-heading1591_672ef1-f2[data-kb-block=\"kb-adv-heading1591_672ef1-f2\"] mark.kt-highlight{font-style:normal;color:#f76a0c;-webkit-box-decoration-break:clone;box-decoration-break:clone;padding-top:0px;padding-right:0px;padding-bottom:0px;padding-left:0px;}.wp-block-kadence-advancedheading.kt-adv-heading1591_672ef1-f2 img.kb-inline-image, .wp-block-kadence-advancedheading.kt-adv-heading1591_672ef1-f2[data-kb-block=\"kb-adv-heading1591_672ef1-f2\"] img.kb-inline-image{width:150px;vertical-align:baseline;}<\/style>\n<h2 class=\"kt-adv-heading1591_672ef1-f2 wp-block-kadence-advancedheading\" data-kb-block=\"kb-adv-heading1591_672ef1-f2\">El \u00fanico sendero por las copas de los \u00e1rboles y viaje en el tiempo de Alemania<\/h2>\n\n\n\n<p>Inaugurado en 2015, el sendero por las copas de los \u00e1rboles de Beelitz, en Brandeburgo, ofrece una visi\u00f3n del bosque y de las ruinas de los sanatorios de Beelitz a lo largo de m\u00e1s de 700 metros. Con miradores y una torre de 40 metros de altura, ofrece una vista panor\u00e1mica hasta Berl\u00edn. Tras una ampliaci\u00f3n en 2020, tambi\u00e9n ofrecer\u00e1 nuevas atracciones, como una hamaca gigante y una boa celeste.<\/p>\n\n\n<style>.kb-table-of-content-nav.kb-table-of-content-id1591_b10ec1-40 .kb-table-of-content-wrap{padding-top:var(--global-kb-spacing-sm, 1.5rem);padding-right:var(--global-kb-spacing-sm, 1.5rem);padding-bottom:var(--global-kb-spacing-sm, 1.5rem);padding-left:var(--global-kb-spacing-sm, 1.5rem);background-color:var(--global-palette8, #F7FAFC);box-shadow:inset 0px 0px 14px 0px rgba(0, 0, 0, 0.2);}.kb-table-of-content-nav.kb-table-of-content-id1591_b10ec1-40 .kb-table-of-contents-title-wrap{padding-top:0px;padding-right:0px;padding-bottom:0px;padding-left:0px;}.kb-table-of-content-nav.kb-table-of-content-id1591_b10ec1-40 .kb-table-of-contents-title{font-weight:regular;font-style:normal;}.kb-table-of-content-nav.kb-table-of-content-id1591_b10ec1-40 .kb-table-of-content-wrap .kb-table-of-content-list{font-weight:regular;font-style:normal;margin-top:var(--global-kb-spacing-sm, 1.5rem);margin-right:0px;margin-bottom:0px;margin-left:0px;}.kb-table-of-content-nav.kb-table-of-content-id1591_b10ec1-40 .kb-toggle-icon-style-basiccircle .kb-table-of-contents-icon-trigger:after, .kb-table-of-content-nav.kb-table-of-content-id1591_b10ec1-40 .kb-toggle-icon-style-basiccircle .kb-table-of-contents-icon-trigger:before, .kb-table-of-content-nav.kb-table-of-content-id1591_b10ec1-40 .kb-toggle-icon-style-arrowcircle .kb-table-of-contents-icon-trigger:after, .kb-table-of-content-nav.kb-table-of-content-id1591_b10ec1-40 .kb-toggle-icon-style-arrowcircle .kb-table-of-contents-icon-trigger:before, .kb-table-of-content-nav.kb-table-of-content-id1591_b10ec1-40 .kb-toggle-icon-style-xclosecircle .kb-table-of-contents-icon-trigger:after, .kb-table-of-content-nav.kb-table-of-content-id1591_b10ec1-40 .kb-toggle-icon-style-xclosecircle .kb-table-of-contents-icon-trigger:before{background-color:var(--global-palette8, #F7FAFC);}<\/style>\n\n\n<p>Forma parte de un complejo hist\u00f3rico construido originalmente como sanatorio. Los sanatorios de Beelitz son conocidos por sus extensos edificios, en parte en ruinas, que se construyeron a principios del siglo XX para tratar enfermedades pulmonares como la tuberculosis. Tras el final de la Segunda Guerra Mundial, los sanatorios fueron utilizados por el ej\u00e9rcito sovi\u00e9tico y cayeron en un largo letargo.<\/p>\n\n\n<style>.kb-image1591_99b21a-18 .kb-image-has-overlay:after{opacity:0.3;}<\/style>\n<div class=\"wp-block-kadence-image kb-image1591_99b21a-18\"><figure class=\"aligncenter size-full\"><img loading=\"lazy\" decoding=\"async\" width=\"1024\" height=\"683\" src=\"https:\/\/walderlebnispfade.de\/wp-content\/uploads\/2024\/04\/Baumkronenpfad_Beelitz_Heilstaetten.jpg\" alt=\"Baumkronenpfad Beelitz-Heilst\u00e4tten\" class=\"kb-img wp-image-7412\" srcset=\"https:\/\/walderlebnispfade.de\/wp-content\/uploads\/2024\/04\/Baumkronenpfad_Beelitz_Heilstaetten.jpg 1024w, https:\/\/walderlebnispfade.de\/wp-content\/uploads\/2024\/04\/Baumkronenpfad_Beelitz_Heilstaetten-300x200.jpg 300w, https:\/\/walderlebnispfade.de\/wp-content\/uploads\/2024\/04\/Baumkronenpfad_Beelitz_Heilstaetten-768x512.jpg 768w\" sizes=\"auto, (max-width: 1024px) 100vw, 1024px\" \/><figcaption><a href=\"https:\/\/commons.wikimedia.org\/wiki\/File:Baumkronenpfad_Beelitz_Heilst\u00e4tten.JPG\" target=\"_blank\" rel=\"noreferrer noopener\">Havelbaude<\/a>, Baumkronenpfad Beelitz Heilst\u00e4tten, CC BY-SA 4.0<\/figcaption><\/figure><\/div>\n\n\n\n<p>El paseo por las copas de los \u00e1rboles ofrece a los visitantes la oportunidad \u00fanica de contemplar la naturaleza y los edificios hist\u00f3ricos desde una perspectiva completamente nueva. El sendero bordea las copas de los \u00e1rboles y permite admirar tanto la belleza natural del bosque como las caracter\u00edsticas arquitect\u00f3nicas de los sanatorios a vista de p\u00e1jaro. El complejo tambi\u00e9n incluye una torre mirador desde la que se puede disfrutar de una vista a\u00fan m\u00e1s completa del paisaje circundante y de las ruinas.<\/p>\n\n\n\n<p>Adem\u00e1s del sendero por las copas de los \u00e1rboles, hay otras atracciones en Beelitz-Heilst\u00e4tten, como las visitas guiadas por los edificios hist\u00f3ricos, donde los visitantes pueden aprender m\u00e1s sobre la historia de los sanatorios y su importancia en distintas \u00e9pocas. La combinaci\u00f3n de naturaleza, historia y arquitectura convierte la visita a las Beelitz-Heilst\u00e4tten en una experiencia fascinante.<\/p>\n\n\n\n<p>Los sanatorios de Beelitz y el camino de las copas de los \u00e1rboles tambi\u00e9n han servido de tel\u00f3n de fondo para pel\u00edculas y fotograf\u00edas, subrayando la atm\u00f3sfera m\u00edstica y a veces espeluznante del lugar. La mezcla de belleza natural y esplendor ruinoso atrae a numerosos visitantes cada a\u00f1o.<\/p>\n\n\n\n<hr class=\"wp-block-separator has-alpha-channel-opacity\" style=\"margin-top:var(--wp--preset--spacing--50);margin-bottom:var(--wp--preset--spacing--50)\"\/>\n\n\n<style>.kadence-column1591_e58b68-b6 > .kt-inside-inner-col{display:flex;}.kadence-column1591_e58b68-b6 > .kt-inside-inner-col{padding-top:var(--global-kb-spacing-xs, 1rem);padding-right:var(--global-kb-spacing-xs, 1rem);padding-bottom:var(--global-kb-spacing-xs, 1rem);padding-left:var(--global-kb-spacing-xs, 1rem);}.kadence-column1591_e58b68-b6 > .kt-inside-inner-col{box-shadow:0px 0px 14px 0px rgba(0, 0, 0, 0.2);}.kadence-column1591_e58b68-b6 > .kt-inside-inner-col,.kadence-column1591_e58b68-b6 > .kt-inside-inner-col:before{border-top-left-radius:0px;border-top-right-radius:0px;border-bottom-right-radius:0px;border-bottom-left-radius:0px;}.kadence-column1591_e58b68-b6 > .kt-inside-inner-col{column-gap:var(--global-kb-gap-sm, 1rem);}.kadence-column1591_e58b68-b6 > .kt-inside-inner-col{flex-direction:column;align-items:center;}.kadence-column1591_e58b68-b6 > .kt-inside-inner-col > .kb-image-is-ratio-size{align-self:stretch;}.kadence-column1591_e58b68-b6 > .kt-inside-inner-col > .wp-block-kadence-advancedgallery{align-self:stretch;}.kadence-column1591_e58b68-b6 > .kt-inside-inner-col > .aligncenter{width:100%;}.kadence-column1591_e58b68-b6 > .kt-inside-inner-col{background-color:var(--global-palette8, #F7FAFC);}.kadence-column1591_e58b68-b6 > .kt-inside-inner-col:before{opacity:0.3;}.kadence-column1591_e58b68-b6{position:relative;}@media all and (max-width: 1024px){.kadence-column1591_e58b68-b6 > .kt-inside-inner-col{flex-direction:column;justify-content:center;align-items:center;}}@media all and (max-width: 767px){.kadence-column1591_e58b68-b6 > .kt-inside-inner-col{flex-direction:column;justify-content:center;align-items:center;}}<\/style>\n<div class=\"wp-block-kadence-column kadence-column1591_e58b68-b6\"><div class=\"kt-inside-inner-col\">\n<p class=\"has-text-align-center\">\u00bfQu\u00e9 te parece el sendero de las copas de los \u00e1rboles de Beelitz? Por favor, d\u00e9jame una rese\u00f1a.   <br\/>Nos ayudas a nosotros y a otros amantes de la naturaleza. Muchas gracias \ud83d\ude42 \u00a1! <\/p>\n\n\n\n<div class=\"wp-block-yet-another-stars-rating-visitor-votes aligncenter yasr-vv-block\"><\/div>\n\n\n\n<p>Puedes encontrar m\u00e1s aventuras emocionantes en nuestra <a href=\"https:\/\/walderlebnispfade.de\/es\/experiencias-forestales\/\" data-type=\"page\" data-id=\"228\">b\u00fasqueda de experiencias en el bosque<\/a> y en nuestro <a href=\"https:\/\/walderlebnispfade.de\/es\/rutas-por-los-arboles-de-europa\/\" data-type=\"post\" data-id=\"5843\">resumen de paseos por las copas de los \u00e1rboles<\/a>.<\/p>\n<\/div><\/div>\n\n\n\n<hr class=\"wp-block-separator has-alpha-channel-opacity\" style=\"margin-top:var(--wp--preset--spacing--50);margin-bottom:var(--wp--preset--spacing--50)\"\/>\n<\/div><\/div>\n\n<\/div><\/div><style>.kb-row-layout-id1591_327a41-c0 > .kt-row-column-wrap{align-content:start;}:where(.kb-row-layout-id1591_327a41-c0 > .kt-row-column-wrap) > .wp-block-kadence-column{justify-content:start;}.kb-row-layout-id1591_327a41-c0 > .kt-row-column-wrap{column-gap:var(--global-kb-gap-md, 2rem);row-gap:var(--global-kb-gap-md, 2rem);padding-top:var(--global-kb-spacing-sm, 1.5rem);padding-bottom:var(--global-kb-spacing-sm, 1.5rem);grid-template-columns:minmax(0, 1fr);}.kb-row-layout-id1591_327a41-c0 > .kt-row-layout-overlay{opacity:0.30;}@media all and (max-width: 1024px){.kb-row-layout-id1591_327a41-c0 > .kt-row-column-wrap{grid-template-columns:minmax(0, 1fr);}}@media all and (max-width: 767px){.kb-row-layout-id1591_327a41-c0 > .kt-row-column-wrap{grid-template-columns:minmax(0, 1fr);}}<\/style><div class=\"kb-row-layout-wrap kb-row-layout-id1591_327a41-c0 alignnone wp-block-kadence-rowlayout\"><div class=\"kt-row-column-wrap kt-has-1-columns kt-row-layout-equal kt-tab-layout-inherit kt-mobile-layout-row kt-row-valign-top\">\n<style>.kadence-column1591_d46fc1-f4 > .kt-inside-inner-col,.kadence-column1591_d46fc1-f4 > .kt-inside-inner-col:before{border-top-left-radius:0px;border-top-right-radius:0px;border-bottom-right-radius:0px;border-bottom-left-radius:0px;}.kadence-column1591_d46fc1-f4 > .kt-inside-inner-col{column-gap:var(--global-kb-gap-sm, 1rem);}.kadence-column1591_d46fc1-f4 > .kt-inside-inner-col{flex-direction:column;}.kadence-column1591_d46fc1-f4 > .kt-inside-inner-col > .aligncenter{width:100%;}.kadence-column1591_d46fc1-f4 > .kt-inside-inner-col:before{opacity:0.3;}.kadence-column1591_d46fc1-f4{position:relative;}@media all and (max-width: 1024px){.kadence-column1591_d46fc1-f4 > .kt-inside-inner-col{flex-direction:column;justify-content:center;}}@media all and (max-width: 767px){.kadence-column1591_d46fc1-f4 > .kt-inside-inner-col{flex-direction:column;justify-content:center;}}<\/style>\n<div class=\"wp-block-kadence-column kadence-column1591_d46fc1-f4\"><div class=\"kt-inside-inner-col\"><style>.wp-block-kadence-advancedheading.kt-adv-heading1591_a9a933-3c, .wp-block-kadence-advancedheading.kt-adv-heading1591_a9a933-3c[data-kb-block=\"kb-adv-heading1591_a9a933-3c\"]{font-style:normal;}.wp-block-kadence-advancedheading.kt-adv-heading1591_a9a933-3c mark.kt-highlight, .wp-block-kadence-advancedheading.kt-adv-heading1591_a9a933-3c[data-kb-block=\"kb-adv-heading1591_a9a933-3c\"] mark.kt-highlight{font-style:normal;color:#f76a0c;-webkit-box-decoration-break:clone;box-decoration-break:clone;padding-top:0px;padding-right:0px;padding-bottom:0px;padding-left:0px;}.wp-block-kadence-advancedheading.kt-adv-heading1591_a9a933-3c img.kb-inline-image, .wp-block-kadence-advancedheading.kt-adv-heading1591_a9a933-3c[data-kb-block=\"kb-adv-heading1591_a9a933-3c\"] img.kb-inline-image{width:150px;vertical-align:baseline;}<\/style>\n<h3 class=\"kt-adv-heading1591_a9a933-3c wp-block-kadence-advancedheading\" data-kb-block=\"kb-adv-heading1591_a9a933-3c\">Horario de apertura 2026 paseo por las copas de los \u00e1rboles y sanatorios<\/h3>\n\n\n\n<figure class=\"wp-block-table\"><table><tbody><tr><td>Febrero<\/td><td>diario<\/td><td>S\u00e1bados y domingos de 10:00 a 16:00<\/td><\/tr><tr><td>Marzo<\/td><td>diario<\/td><td>10:00 h \u2013 18:00 h<\/td><\/tr><tr><td>De abril a septiembre<\/td><td>diario<\/td><td>10:00 h \u2013 19:00 h<\/td><\/tr><tr><td>octubre<\/td><td>diario<\/td><td>10:00 h \u2013 18:00 h<\/td><\/tr><\/tbody><\/table><figcaption class=\"wp-element-caption\">Horario de apertura del sendero por las copas de los \u00e1rboles Beelitz<\/figcaption><\/figure>\n\n\n\n<p>El parque tambi\u00e9n est\u00e1 abierto en determinadas fechas<a href=\"https:\/\/baumundzeit.de\/oeffnungszeiten-und-eintrittspreise\/\" target=\"_blank\" rel=\"noreferrer noopener\">(detalles aqu\u00ed<\/a>). La <strong>\u00faltima entrada es una hora antes del cierre del<\/strong> parque.<\/p>\n<\/div><\/div>\n\n<\/div><\/div><style>.kb-row-layout-id1591_154927-bd > .kt-row-column-wrap{align-content:start;}:where(.kb-row-layout-id1591_154927-bd > .kt-row-column-wrap) > .wp-block-kadence-column{justify-content:start;}.kb-row-layout-id1591_154927-bd > .kt-row-column-wrap{column-gap:var(--global-kb-gap-md, 2rem);row-gap:var(--global-kb-gap-md, 2rem);padding-top:var(--global-kb-spacing-sm, 1.5rem);padding-bottom:var(--global-kb-spacing-sm, 1.5rem);grid-template-columns:minmax(0, 1fr);}.kb-row-layout-id1591_154927-bd > .kt-row-layout-overlay{opacity:0.30;}@media all and (max-width: 1024px){.kb-row-layout-id1591_154927-bd > .kt-row-column-wrap{grid-template-columns:minmax(0, 1fr);}}@media all and (max-width: 767px){.kb-row-layout-id1591_154927-bd > .kt-row-column-wrap{grid-template-columns:minmax(0, 1fr);}}<\/style><div class=\"kb-row-layout-wrap kb-row-layout-id1591_154927-bd alignnone wp-block-kadence-rowlayout\"><div class=\"kt-row-column-wrap kt-has-1-columns kt-row-layout-equal kt-tab-layout-inherit kt-mobile-layout-row kt-row-valign-top\">\n<style>.kadence-column1591_7efa0f-bd > .kt-inside-inner-col,.kadence-column1591_7efa0f-bd > .kt-inside-inner-col:before{border-top-left-radius:0px;border-top-right-radius:0px;border-bottom-right-radius:0px;border-bottom-left-radius:0px;}.kadence-column1591_7efa0f-bd > .kt-inside-inner-col{column-gap:var(--global-kb-gap-sm, 1rem);}.kadence-column1591_7efa0f-bd > .kt-inside-inner-col{flex-direction:column;}.kadence-column1591_7efa0f-bd > .kt-inside-inner-col > .aligncenter{width:100%;}.kadence-column1591_7efa0f-bd > .kt-inside-inner-col:before{opacity:0.3;}.kadence-column1591_7efa0f-bd{position:relative;}@media all and (max-width: 1024px){.kadence-column1591_7efa0f-bd > .kt-inside-inner-col{flex-direction:column;justify-content:center;}}@media all and (max-width: 767px){.kadence-column1591_7efa0f-bd > .kt-inside-inner-col{flex-direction:column;justify-content:center;}}<\/style>\n<div class=\"wp-block-kadence-column kadence-column1591_7efa0f-bd\"><div class=\"kt-inside-inner-col\"><style>.wp-block-kadence-advancedheading.kt-adv-heading1591_aea800-b1, .wp-block-kadence-advancedheading.kt-adv-heading1591_aea800-b1[data-kb-block=\"kb-adv-heading1591_aea800-b1\"]{font-style:normal;}.wp-block-kadence-advancedheading.kt-adv-heading1591_aea800-b1 mark.kt-highlight, .wp-block-kadence-advancedheading.kt-adv-heading1591_aea800-b1[data-kb-block=\"kb-adv-heading1591_aea800-b1\"] mark.kt-highlight{font-style:normal;color:#f76a0c;-webkit-box-decoration-break:clone;box-decoration-break:clone;padding-top:0px;padding-right:0px;padding-bottom:0px;padding-left:0px;}.wp-block-kadence-advancedheading.kt-adv-heading1591_aea800-b1 img.kb-inline-image, .wp-block-kadence-advancedheading.kt-adv-heading1591_aea800-b1[data-kb-block=\"kb-adv-heading1591_aea800-b1\"] img.kb-inline-image{width:150px;vertical-align:baseline;}<\/style>\n<h3 class=\"kt-adv-heading1591_aea800-b1 wp-block-kadence-advancedheading\" data-kb-block=\"kb-adv-heading1591_aea800-b1\">Detalles importantes sobre el paseo por las copas de los \u00e1rboles de Beelitz<\/h3>\n\n\n\n<figure class=\"wp-block-table\"><table><tbody><tr><td>Gastronom\u00eda:<\/td><td>S\u00ed, hay comida disponible en varias zonas del parque.<\/td><\/tr><tr><td>Instalaciones sanitarias:<\/td><td>Hay aseos en varios lugares del parque.<\/td><\/tr><tr><td>Sin barreras:<\/td><td>S\u00ed. Hay plazas de aparcamiento para discapacitados, acceso sin barreras y ascensor.<\/td><\/tr><tr><td>Se admiten perros:<\/td><td>No, no se admiten perros.<\/td><\/tr><tr><td>Visitas guiadas:<\/td><td>S\u00ed, se ofrecen <a href=\"https:\/\/baumundzeit.de\/fuehrungen\/\" target=\"_blank\" rel=\"noreferrer noopener\">varias visitas guiadas<\/a>.<\/td><\/tr><tr><td>Descuento para grupos:<\/td><td>S\u00ed, de 15 personas.<\/td><\/tr><tr><td>Eventos de creaci\u00f3n de equipos:<\/td><td>S\u00ed, varias ofertas (consultas en <a href=\"mailto:gruppen@baumundzeit.de\"><strong>gruppen@baumundzeit.de<\/strong><\/a>)  <\/td><\/tr><\/tbody><\/table><figcaption class=\"wp-element-caption\">Detalles sobre el sendero de las copas de los \u00e1rboles de Beelitz  <\/figcaption><\/figure>\n<\/div><\/div>\n\n<\/div><\/div><style>.kb-row-layout-id1591_727793-88 > .kt-row-column-wrap{align-content:start;}:where(.kb-row-layout-id1591_727793-88 > .kt-row-column-wrap) > .wp-block-kadence-column{justify-content:start;}.kb-row-layout-id1591_727793-88 > .kt-row-column-wrap{column-gap:var(--global-kb-gap-md, 2rem);row-gap:var(--global-kb-gap-md, 2rem);padding-top:var(--global-kb-spacing-sm, 1.5rem);padding-bottom:var(--global-kb-spacing-sm, 1.5rem);grid-template-columns:minmax(0, 1fr);}.kb-row-layout-id1591_727793-88 > .kt-row-layout-overlay{opacity:0.30;}@media all and (max-width: 1024px){.kb-row-layout-id1591_727793-88 > .kt-row-column-wrap{grid-template-columns:minmax(0, 1fr);}}@media all and (max-width: 767px){.kb-row-layout-id1591_727793-88 > .kt-row-column-wrap{grid-template-columns:minmax(0, 1fr);}}<\/style><div class=\"kb-row-layout-wrap kb-row-layout-id1591_727793-88 alignnone wp-block-kadence-rowlayout\"><div class=\"kt-row-column-wrap kt-has-1-columns kt-row-layout-equal kt-tab-layout-inherit kt-mobile-layout-row kt-row-valign-top\">\n<style>.kadence-column1591_42dbb8-a2 > .kt-inside-inner-col,.kadence-column1591_42dbb8-a2 > .kt-inside-inner-col:before{border-top-left-radius:0px;border-top-right-radius:0px;border-bottom-right-radius:0px;border-bottom-left-radius:0px;}.kadence-column1591_42dbb8-a2 > .kt-inside-inner-col{column-gap:var(--global-kb-gap-sm, 1rem);}.kadence-column1591_42dbb8-a2 > .kt-inside-inner-col{flex-direction:column;}.kadence-column1591_42dbb8-a2 > .kt-inside-inner-col > .aligncenter{width:100%;}.kadence-column1591_42dbb8-a2 > .kt-inside-inner-col:before{opacity:0.3;}.kadence-column1591_42dbb8-a2{position:relative;}@media all and (max-width: 1024px){.kadence-column1591_42dbb8-a2 > .kt-inside-inner-col{flex-direction:column;justify-content:center;}}@media all and (max-width: 767px){.kadence-column1591_42dbb8-a2 > .kt-inside-inner-col{flex-direction:column;justify-content:center;}}<\/style>\n<div class=\"wp-block-kadence-column kadence-column1591_42dbb8-a2\"><div class=\"kt-inside-inner-col\"><style>.wp-block-kadence-advancedheading.kt-adv-heading1591_49df09-b6, .wp-block-kadence-advancedheading.kt-adv-heading1591_49df09-b6[data-kb-block=\"kb-adv-heading1591_49df09-b6\"]{font-style:normal;}.wp-block-kadence-advancedheading.kt-adv-heading1591_49df09-b6 mark.kt-highlight, .wp-block-kadence-advancedheading.kt-adv-heading1591_49df09-b6[data-kb-block=\"kb-adv-heading1591_49df09-b6\"] mark.kt-highlight{font-style:normal;color:#f76a0c;-webkit-box-decoration-break:clone;box-decoration-break:clone;padding-top:0px;padding-right:0px;padding-bottom:0px;padding-left:0px;}.wp-block-kadence-advancedheading.kt-adv-heading1591_49df09-b6 img.kb-inline-image, .wp-block-kadence-advancedheading.kt-adv-heading1591_49df09-b6[data-kb-block=\"kb-adv-heading1591_49df09-b6\"] img.kb-inline-image{width:150px;vertical-align:baseline;}<\/style>\n<h2 class=\"kt-adv-heading1591_49df09-b6 wp-block-kadence-advancedheading\" data-kb-block=\"kb-adv-heading1591_49df09-b6\">V\u00eddeo del paseo por las copas de los \u00e1rboles de Beelitz<\/h2>\n\n\n\n<figure class=\"wp-block-embed is-type-video is-provider-youtube wp-block-embed-youtube wp-embed-aspect-16-9 wp-has-aspect-ratio\"><div class=\"wp-block-embed__wrapper\">\n<iframe loading=\"lazy\" hcb-fetch-image-from=\"https:\/\/youtu.be\/SN6TbMR5xc4?si=sr-K84dLrgh_0t-P\" title=\"Beelitz Heilst\u00e4tten und Baumkronenpfad Baum &amp; Zeit\" width=\"720\" height=\"405\" src=\"https:\/\/www.youtube.com\/embed\/SN6TbMR5xc4?feature=oembed\" frameborder=\"0\" allow=\"accelerometer; autoplay; clipboard-write; encrypted-media; gyroscope; picture-in-picture; web-share\" referrerpolicy=\"strict-origin-when-cross-origin\" allowfullscreen><\/iframe>\n<\/div><\/figure>\n<\/div><\/div>\n\n<\/div><\/div>\n<p><\/p>\n","protected":false},"author":2,"featured_media":6305,"comment_status":"open","ping_status":"closed","template":"","meta":{"_kad_blocks_custom_css":"","_kad_blocks_head_custom_js":"","_kad_blocks_body_custom_js":"","_kad_blocks_footer_custom_js":"","_kad_post_transparent":"","_kad_post_title":"","_kad_post_layout":"","_kad_post_sidebar_id":"","_kad_post_content_style":"","_kad_post_vertical_padding":"","_kad_post_feature":"","_kad_post_feature_position":"","_kad_post_header":false,"_kad_post_footer":false,"_kad_post_classname":"","yasr_overall_rating":0,"yasr_post_is_review":"","yasr_auto_insert_disabled":"","yasr_review_type":""},"region":[131,146],"erlebnisart":[173,176],"class_list":["post-5749","erlebnisse","type-erlebnisse","status-publish","has-post-thumbnail","hentry","region-deutschland-es","region-be-es","erlebnisart-wandern-es","erlebnisart-baumwipfelpfad-es"],"yasr_visitor_votes":{"stars_attributes":{"read_only":false,"span_bottom":false},"number_of_votes":0,"sum_votes":0},"taxonomy_info":{"region":[{"value":131,"label":"Alemania"},{"value":146,"label":"Berlin"}],"erlebnisart":[{"value":173,"label":"Senderismo"},{"value":176,"label":"Sendero entre las copas de los \u00e1rboles"}]},"featured_image_src_large":["https:\/\/walderlebnispfade.de\/wp-content\/uploads\/2024\/04\/Baumwipfelpfad_Beelitz_Heilstaetten-1024x576.jpg",1024,576,true],"author_info":{"display_name":"Moni","author_link":"https:\/\/walderlebnispfade.de\/es\/author\/moni\/"},"comment_info":0,"_links":{"self":[{"href":"https:\/\/walderlebnispfade.de\/es\/wp-json\/wp\/v2\/erlebnisse\/5749","targetHints":{"allow":["GET"]}}],"collection":[{"href":"https:\/\/walderlebnispfade.de\/es\/wp-json\/wp\/v2\/erlebnisse"}],"about":[{"href":"https:\/\/walderlebnispfade.de\/es\/wp-json\/wp\/v2\/types\/erlebnisse"}],"author":[{"embeddable":true,"href":"https:\/\/walderlebnispfade.de\/es\/wp-json\/wp\/v2\/users\/2"}],"replies":[{"embeddable":true,"href":"https:\/\/walderlebnispfade.de\/es\/wp-json\/wp\/v2\/comments?post=5749"}],"wp:featuredmedia":[{"embeddable":true,"href":"https:\/\/walderlebnispfade.de\/es\/wp-json\/wp\/v2\/media\/6305"}],"wp:attachment":[{"href":"https:\/\/walderlebnispfade.de\/es\/wp-json\/wp\/v2\/media?parent=5749"}],"wp:term":[{"taxonomy":"region","embeddable":true,"href":"https:\/\/walderlebnispfade.de\/es\/wp-json\/wp\/v2\/region?post=5749"},{"taxonomy":"erlebnisart","embeddable":true,"href":"https:\/\/walderlebnispfade.de\/es\/wp-json\/wp\/v2\/erlebnisart?post=5749"}],"curies":[{"name":"wp","href":"https:\/\/api.w.org\/{rel}","templated":true}]}}