{"id":5752,"date":"2024-03-11T22:00:05","date_gmt":"2024-03-11T21:00:05","guid":{"rendered":"https:\/\/walderlebnispfade.de\/erlebnisse\/parque-de-cuerdas-del-bosque-de-dresde\/"},"modified":"2026-04-22T11:54:36","modified_gmt":"2026-04-22T09:54:36","slug":"parque-de-cuerdas-del-bosque-de-dresde","status":"publish","type":"erlebnisse","link":"https:\/\/walderlebnispfade.de\/es\/erlebnisse\/parque-de-cuerdas-del-bosque-de-dresde\/","title":{"rendered":"Parque de cuerdas del bosque de Dresde"},"content":{"rendered":"<style>.wp-block-kadence-advancedheading.kt-adv-heading425_8fa726-9f, .wp-block-kadence-advancedheading.kt-adv-heading425_8fa726-9f[data-kb-block=\"kb-adv-heading425_8fa726-9f\"]{font-size:var(--global-kb-font-size-md, 1.25rem);font-style:normal;}.wp-block-kadence-advancedheading.kt-adv-heading425_8fa726-9f mark.kt-highlight, .wp-block-kadence-advancedheading.kt-adv-heading425_8fa726-9f[data-kb-block=\"kb-adv-heading425_8fa726-9f\"] mark.kt-highlight{font-style:normal;color:#f76a0c;-webkit-box-decoration-break:clone;box-decoration-break:clone;padding-top:0px;padding-right:0px;padding-bottom:0px;padding-left:0px;}.wp-block-kadence-advancedheading.kt-adv-heading425_8fa726-9f img.kb-inline-image, .wp-block-kadence-advancedheading.kt-adv-heading425_8fa726-9f[data-kb-block=\"kb-adv-heading425_8fa726-9f\"] img.kb-inline-image{width:150px;vertical-align:baseline;}<\/style>\n<h2 class=\"kt-adv-heading425_8fa726-9f wp-block-kadence-advancedheading\" data-kb-block=\"kb-adv-heading425_8fa726-9f\">Encuentra tu reto en el Parque de Cuerdas del Bosque de Dresde<\/h2>\n\n<p>Te garantizamos que encontrar\u00e1s tu propio desaf\u00edo personal en doce recorridos de distintos niveles de dificultad con m\u00e1s de 100 elementos en el Parque de Cuerdas del Bosque de Dresde. Los principiantes pueden adquirir su primera experiencia de escalada cerca del suelo y ascender poco a poco a alturas elevadas. Trepa por cuerdas y vigas, domina puentes y obst\u00e1culos. Hay un recorrido especial cerca del suelo que se puede utilizar sin arneses para los ni\u00f1os m\u00e1s peque\u00f1os a partir de tres a\u00f1os.<\/p>\n<style>.kb-table-of-content-nav.kb-table-of-content-id425_197e35-0a .kb-table-of-content-wrap{padding-top:var(--global-kb-spacing-sm, 1.5rem);padding-right:var(--global-kb-spacing-sm, 1.5rem);padding-bottom:var(--global-kb-spacing-sm, 1.5rem);padding-left:var(--global-kb-spacing-sm, 1.5rem);background-color:var(--global-palette8, #F7FAFC);box-shadow:inset 0px 0px 14px 0px rgba(0, 0, 0, 0.2);}.kb-table-of-content-nav.kb-table-of-content-id425_197e35-0a .kb-table-of-contents-title-wrap{padding-top:0px;padding-right:0px;padding-bottom:0px;padding-left:0px;}.kb-table-of-content-nav.kb-table-of-content-id425_197e35-0a .kb-table-of-contents-title{font-weight:regular;font-style:normal;}.kb-table-of-content-nav.kb-table-of-content-id425_197e35-0a .kb-table-of-content-wrap .kb-table-of-content-list{font-weight:regular;font-style:normal;margin-top:var(--global-kb-spacing-sm, 1.5rem);margin-right:0px;margin-bottom:0px;margin-left:0px;}.kb-table-of-content-nav.kb-table-of-content-id425_197e35-0a .kb-toggle-icon-style-basiccircle .kb-table-of-contents-icon-trigger:after, .kb-table-of-content-nav.kb-table-of-content-id425_197e35-0a .kb-toggle-icon-style-basiccircle .kb-table-of-contents-icon-trigger:before, .kb-table-of-content-nav.kb-table-of-content-id425_197e35-0a .kb-toggle-icon-style-arrowcircle .kb-table-of-contents-icon-trigger:after, .kb-table-of-content-nav.kb-table-of-content-id425_197e35-0a .kb-toggle-icon-style-arrowcircle .kb-table-of-contents-icon-trigger:before, .kb-table-of-content-nav.kb-table-of-content-id425_197e35-0a .kb-toggle-icon-style-xclosecircle .kb-table-of-contents-icon-trigger:after, .kb-table-of-content-nav.kb-table-of-content-id425_197e35-0a .kb-toggle-icon-style-xclosecircle .kb-table-of-contents-icon-trigger:before{background-color:var(--global-palette8, #F7FAFC);}<\/style>\n<p>El parque utiliza el <a href=\"https:\/\/walderlebnispfade.de\/es\/seguridad-en-parques-de-escalada-y-cursos-de-cuerdas-altas\/\" data-type=\"post\" data-id=\"2761\">sistema de aseguramiento <\/a>de clase D <strong>Smart Belay X<\/strong> de Edelrid. Gracias a esta t\u00e9cnica de seguridad, se garantiza en todo momento que al menos un mosquet\u00f3n permanezca en el cable de aseguramiento. Por lo tanto, no es posible desengancharse por completo de forma accidental. Esto supone, sobre todo para ni\u00f1os, adolescentes y grupos escolares, un enorme plus de seguridad.   <\/p>\n\n<h3 class=\"wp-block-heading\">\u00a1Del grupo al equipo!<\/h3>\n\n<p>Los operadores tambi\u00e9n ofrecen un entrenamiento de equipo que consta de dos partes. En la primera, se resuelven tareas en equipo en elementos cerca del suelo. Algunos ejemplos son el balanc\u00edn de equipo, el recorrido de equipo en el suelo (Mohawk Walk), la red de ara\u00f1a y la ca\u00edda de confianza (Trust Fall).  <\/p>\n\n<p>En la segunda parte, el equipo, equipado con arn\u00e9s y casco, puede probar un recorrido y una tirolina. La instrucci\u00f3n y la supervisi\u00f3n corren a cargo de personal especialmente formado. <\/p>\n\n<h3 class=\"wp-block-heading\">M\u00e1s ofertas en el Parque Forestal de Cuerdas<\/h3>\n\n<p>Adem\u00e1s de los recorridos de escalada, hay tres pistas de trineo en las que te deslizas valle abajo en un flotador. Y, de forma muy pr\u00e1ctica, un remonte te vuelve a subir, para que puedas reservar fuerzas para el siguiente reto.  Un surtido de aperitivos y bebidas redondea la jornada perfecta en el Parque de Cuerdas del Bosque de Dresde. \u00bfBuscas otra excursi\u00f3n por la zona? Entonces echa un vistazo a la <a href=\"http:\/\/www.sachsendraisine.de\/\" target=\"_blank\" rel=\"noreferrer noopener\">Sachsendraisine<\/a>. All\u00ed pueden ir juntos j\u00f3venes y mayores.  <\/p>\n\n<p>Si necesitas m\u00e1s opciones: tambi\u00e9n hay un art\u00edculo en el blog con informaci\u00f3n sobre los <a href=\"https:\/\/walderlebnispfade.de\/es\/bosques-de-escalada-en-alemania-resumen-de-los-144-lugares-en-2025\/\" data-type=\"link\" data-id=\"https:\/\/walderlebnispfade.de\/kletterwaelder-in-deutschland\/\">144 bosques de escalada de Alemania<\/a>.<\/p>\n<style>.wp-block-kadence-advancedheading.kt-adv-heading425_561b52-81, .wp-block-kadence-advancedheading.kt-adv-heading425_561b52-81[data-kb-block=\"kb-adv-heading425_561b52-81\"]{font-size:var(--global-kb-font-size-md, 1.25rem);font-style:normal;}.wp-block-kadence-advancedheading.kt-adv-heading425_561b52-81 mark.kt-highlight, .wp-block-kadence-advancedheading.kt-adv-heading425_561b52-81[data-kb-block=\"kb-adv-heading425_561b52-81\"] mark.kt-highlight{font-style:normal;color:#f76a0c;-webkit-box-decoration-break:clone;box-decoration-break:clone;padding-top:0px;padding-right:0px;padding-bottom:0px;padding-left:0px;}.wp-block-kadence-advancedheading.kt-adv-heading425_561b52-81 img.kb-inline-image, .wp-block-kadence-advancedheading.kt-adv-heading425_561b52-81[data-kb-block=\"kb-adv-heading425_561b52-81\"] img.kb-inline-image{width:150px;vertical-align:baseline;}<\/style>\n<h2 class=\"kt-adv-heading425_561b52-81 wp-block-kadence-advancedheading\" data-kb-block=\"kb-adv-heading425_561b52-81\">Horario de apertura 2026 Parque Forestal de Cuerdas<\/h2>\n\n<p>El parque de escalada cerca de Dresde est\u00e1 abierto de abril a octubre. Tenga en cuenta que es posible que se produzcan cambios debido a las condiciones meteorol\u00f3gicas. El \u00faltimo arn\u00e9s se expide unas 3 horas antes del final.<\/p>\n\n<figure class=\"wp-block-table\"><table><tbody><tr><td><\/td><td><strong>Fuera <\/strong> de vacaciones<\/td><td><strong>De<\/strong> vacaciones (Sajonia)<\/td><\/tr><tr><td>Martes<\/td><td>Cerrado<\/td><td>10:00 \u2013 19:00<\/td><\/tr><tr><td>De mi\u00e9rcoles a viernes<\/td><td>14:00 \u2013 19:00<\/td><td>10:00 \u2013 19:00<\/td><\/tr><tr><td>S\u00e1bado, domingo<\/td><td>10:00 \u2013 19:00<\/td><td>10:00 \u2013 19:00<\/td><\/tr><\/tbody><\/table><figcaption class=\"wp-element-caption\">Horario de apertura del Waldseilpark de Dresde<\/figcaption><\/figure>\n\n<hr class=\"wp-block-separator has-alpha-channel-opacity\" style=\"margin-top:var(--wp--preset--spacing--50);margin-bottom:var(--wp--preset--spacing--50)\"\/>\n<style>.kadence-column425_83359c-ca > .kt-inside-inner-col{display:flex;}.kadence-column425_83359c-ca > .kt-inside-inner-col{padding-top:var(--global-kb-spacing-xs, 1rem);padding-right:var(--global-kb-spacing-xs, 1rem);padding-bottom:var(--global-kb-spacing-xs, 1rem);padding-left:var(--global-kb-spacing-xs, 1rem);}.kadence-column425_83359c-ca > .kt-inside-inner-col{box-shadow:0px 0px 14px 0px rgba(0, 0, 0, 0.2);}.kadence-column425_83359c-ca > .kt-inside-inner-col,.kadence-column425_83359c-ca > .kt-inside-inner-col:before{border-top-left-radius:0px;border-top-right-radius:0px;border-bottom-right-radius:0px;border-bottom-left-radius:0px;}.kadence-column425_83359c-ca > .kt-inside-inner-col{column-gap:var(--global-kb-gap-sm, 1rem);}.kadence-column425_83359c-ca > .kt-inside-inner-col{flex-direction:column;align-items:center;}.kadence-column425_83359c-ca > .kt-inside-inner-col > .kb-image-is-ratio-size{align-self:stretch;}.kadence-column425_83359c-ca > .kt-inside-inner-col > .wp-block-kadence-advancedgallery{align-self:stretch;}.kadence-column425_83359c-ca > .kt-inside-inner-col > .aligncenter{width:100%;}.kadence-column425_83359c-ca > .kt-inside-inner-col{background-color:var(--global-palette8, #F7FAFC);}.kadence-column425_83359c-ca > .kt-inside-inner-col:before{opacity:0.3;}.kadence-column425_83359c-ca{position:relative;}@media all and (max-width: 1024px){.kadence-column425_83359c-ca > .kt-inside-inner-col{flex-direction:column;justify-content:center;align-items:center;}}@media all and (max-width: 767px){.kadence-column425_83359c-ca > .kt-inside-inner-col{flex-direction:column;justify-content:center;align-items:center;}}<\/style>\n<div class=\"wp-block-kadence-column kadence-column425_83359c-ca\"><div class=\"kt-inside-inner-col\">\n<p class=\"has-text-align-center\">\u00bfQu\u00e9 te parece el Parque de Cuerdas del Bosque de Dresde? Por favor, d\u00e9janos una opini\u00f3n.   <br\/>Nos ayudas a nosotros y a otros amantes de la naturaleza. Muchas gracias \ud83d\ude42 \u00a1! <\/p>\n\n\n\n<div class=\"wp-block-yet-another-stars-rating-visitor-votes aligncenter yasr-vv-block\"><\/div>\n\n\n\n<p>\u00a1Puedes encontrar m\u00e1s aventuras en nuestra <a href=\"https:\/\/walderlebnispfade.de\/es\/experiencias-forestales\/\" data-type=\"page\" data-id=\"228\">b\u00fasqueda de experiencias forestales<\/a>!<\/p>\n<\/div><\/div>\n\n<hr class=\"wp-block-separator has-alpha-channel-opacity\" style=\"margin-top:var(--wp--preset--spacing--50);margin-bottom:var(--wp--preset--spacing--50)\"\/>\n<style>.wp-block-kadence-advancedheading.kt-adv-heading425_fe8e16-76, .wp-block-kadence-advancedheading.kt-adv-heading425_fe8e16-76[data-kb-block=\"kb-adv-heading425_fe8e16-76\"]{font-size:var(--global-kb-font-size-md, 1.25rem);font-style:normal;}.wp-block-kadence-advancedheading.kt-adv-heading425_fe8e16-76 mark.kt-highlight, .wp-block-kadence-advancedheading.kt-adv-heading425_fe8e16-76[data-kb-block=\"kb-adv-heading425_fe8e16-76\"] mark.kt-highlight{font-style:normal;color:#f76a0c;-webkit-box-decoration-break:clone;box-decoration-break:clone;padding-top:0px;padding-right:0px;padding-bottom:0px;padding-left:0px;}.wp-block-kadence-advancedheading.kt-adv-heading425_fe8e16-76 img.kb-inline-image, .wp-block-kadence-advancedheading.kt-adv-heading425_fe8e16-76[data-kb-block=\"kb-adv-heading425_fe8e16-76\"] img.kb-inline-image{width:150px;vertical-align:baseline;}<\/style>\n<h2 class=\"kt-adv-heading425_fe8e16-76 wp-block-kadence-advancedheading\" data-kb-block=\"kb-adv-heading425_fe8e16-76\">V\u00eddeo: Viaje al parque de cuerdas del bosque de B\u00fchlau<\/h2>\n\n<figure class=\"wp-block-embed is-type-video is-provider-youtube wp-block-embed-youtube wp-embed-aspect-16-9 wp-has-aspect-ratio\"><div class=\"wp-block-embed__wrapper\">\n<iframe loading=\"lazy\" hcb-fetch-image-from=\"https:\/\/youtu.be\/23x2eTLY5dI?si=GmhPZcPMtMpnl-v-\" title=\"Waldseilpark Dresden-B\u00fchlau\" width=\"720\" height=\"405\" src=\"https:\/\/www.youtube.com\/embed\/23x2eTLY5dI?feature=oembed\" frameborder=\"0\" allow=\"accelerometer; autoplay; clipboard-write; encrypted-media; gyroscope; picture-in-picture; web-share\" referrerpolicy=\"strict-origin-when-cross-origin\" allowfullscreen><\/iframe>\n<\/div><\/figure>\n","protected":false},"author":2,"featured_media":5055,"comment_status":"open","ping_status":"closed","template":"","meta":{"_kad_blocks_custom_css":"","_kad_blocks_head_custom_js":"","_kad_blocks_body_custom_js":"","_kad_blocks_footer_custom_js":"","_kad_post_transparent":"","_kad_post_title":"","_kad_post_layout":"","_kad_post_sidebar_id":"","_kad_post_content_style":"","_kad_post_vertical_padding":"","_kad_post_feature":"","_kad_post_feature_position":"","_kad_post_header":false,"_kad_post_footer":false,"_kad_post_classname":"","yasr_overall_rating":0,"yasr_post_is_review":"","yasr_auto_insert_disabled":"","yasr_review_type":"LocalBusiness"},"region":[131,152],"erlebnisart":[182,185],"class_list":["post-5752","erlebnisse","type-erlebnisse","status-publish","has-post-thumbnail","hentry","region-deutschland-es","region-sn-es","erlebnisart-klettern-es","erlebnisart-kletterpark-es"],"yasr_visitor_votes":{"stars_attributes":{"read_only":false,"span_bottom":false},"number_of_votes":0,"sum_votes":0},"taxonomy_info":{"region":[{"value":131,"label":"Alemania"},{"value":152,"label":"Sachsen"}],"erlebnisart":[{"value":182,"label":"Escalada"},{"value":185,"label":"Parque de Escalada"}]},"featured_image_src_large":["https:\/\/walderlebnispfade.de\/wp-content\/uploads\/2024\/07\/Klettergarten_Dresden_Buehlau-1024x576.jpg",1024,576,true],"author_info":{"display_name":"Moni","author_link":"https:\/\/walderlebnispfade.de\/es\/author\/moni\/"},"comment_info":0,"_links":{"self":[{"href":"https:\/\/walderlebnispfade.de\/es\/wp-json\/wp\/v2\/erlebnisse\/5752","targetHints":{"allow":["GET"]}}],"collection":[{"href":"https:\/\/walderlebnispfade.de\/es\/wp-json\/wp\/v2\/erlebnisse"}],"about":[{"href":"https:\/\/walderlebnispfade.de\/es\/wp-json\/wp\/v2\/types\/erlebnisse"}],"author":[{"embeddable":true,"href":"https:\/\/walderlebnispfade.de\/es\/wp-json\/wp\/v2\/users\/2"}],"replies":[{"embeddable":true,"href":"https:\/\/walderlebnispfade.de\/es\/wp-json\/wp\/v2\/comments?post=5752"}],"wp:featuredmedia":[{"embeddable":true,"href":"https:\/\/walderlebnispfade.de\/es\/wp-json\/wp\/v2\/media\/5055"}],"wp:attachment":[{"href":"https:\/\/walderlebnispfade.de\/es\/wp-json\/wp\/v2\/media?parent=5752"}],"wp:term":[{"taxonomy":"region","embeddable":true,"href":"https:\/\/walderlebnispfade.de\/es\/wp-json\/wp\/v2\/region?post=5752"},{"taxonomy":"erlebnisart","embeddable":true,"href":"https:\/\/walderlebnispfade.de\/es\/wp-json\/wp\/v2\/erlebnisart?post=5752"}],"curies":[{"name":"wp","href":"https:\/\/api.w.org\/{rel}","templated":true}]}}