{"id":5753,"date":"2024-03-06T22:25:56","date_gmt":"2024-03-06T21:25:56","guid":{"rendered":"https:\/\/walderlebnispfade.de\/erlebnisse\/paseo-por-las-copas-de-los-arboles-de-steigerwald\/"},"modified":"2026-04-22T11:54:45","modified_gmt":"2026-04-22T09:54:45","slug":"paseo-por-las-copas-de-los-arboles-de-steigerwald","status":"publish","type":"erlebnisse","link":"https:\/\/walderlebnispfade.de\/es\/erlebnisse\/paseo-por-las-copas-de-los-arboles-de-steigerwald\/","title":{"rendered":"Paseo por las copas de los \u00e1rboles de Steigerwald"},"content":{"rendered":"<style>.wp-block-kadence-advancedheading.kt-adv-heading269_d6c6ed-0c, .wp-block-kadence-advancedheading.kt-adv-heading269_d6c6ed-0c[data-kb-block=\"kb-adv-heading269_d6c6ed-0c\"]{font-size:var(--global-kb-font-size-md, 1.25rem);font-style:normal;}.wp-block-kadence-advancedheading.kt-adv-heading269_d6c6ed-0c mark.kt-highlight, .wp-block-kadence-advancedheading.kt-adv-heading269_d6c6ed-0c[data-kb-block=\"kb-adv-heading269_d6c6ed-0c\"] mark.kt-highlight{font-style:normal;color:#f76a0c;-webkit-box-decoration-break:clone;box-decoration-break:clone;padding-top:0px;padding-right:0px;padding-bottom:0px;padding-left:0px;}.wp-block-kadence-advancedheading.kt-adv-heading269_d6c6ed-0c img.kb-inline-image, .wp-block-kadence-advancedheading.kt-adv-heading269_d6c6ed-0c[data-kb-block=\"kb-adv-heading269_d6c6ed-0c\"] img.kb-inline-image{width:150px;vertical-align:baseline;}<\/style>\n<h2 class=\"kt-adv-heading269_d6c6ed-0c wp-block-kadence-advancedheading\" data-kb-block=\"kb-adv-heading269_d6c6ed-0c\">Maravillosas vistas sobre el Steigerwald<\/h2>\n\n<p>El paseo por las copas de los \u00e1rboles de Steigerwald se encuentra cerca de Ebrach, en el distrito de Bamberg, en plena naturaleza. Camina por el sendero de madera de 1.150 metros de longitud a trav\u00e9s de todos los niveles del bosque hasta la torre mirador de 42 metros de altura. Desde all\u00ed, disfrute del maravilloso panorama sobre los \u00e1rboles y el Parque Natural de Steigerwald.<\/p>\n<style>.kb-table-of-content-nav.kb-table-of-content-id269_6aaf71-d6 .kb-table-of-content-wrap{padding-top:var(--global-kb-spacing-sm, 1.5rem);padding-right:var(--global-kb-spacing-sm, 1.5rem);padding-bottom:var(--global-kb-spacing-sm, 1.5rem);padding-left:var(--global-kb-spacing-sm, 1.5rem);background-color:var(--global-palette8, #F7FAFC);box-shadow:inset 0px 0px 14px 0px rgba(0, 0, 0, 0.2);}.kb-table-of-content-nav.kb-table-of-content-id269_6aaf71-d6 .kb-table-of-contents-title-wrap{padding-top:0px;padding-right:0px;padding-bottom:0px;padding-left:0px;}.kb-table-of-content-nav.kb-table-of-content-id269_6aaf71-d6 .kb-table-of-contents-title{font-weight:regular;font-style:normal;}.kb-table-of-content-nav.kb-table-of-content-id269_6aaf71-d6 .kb-table-of-content-wrap .kb-table-of-content-list{font-weight:regular;font-style:normal;margin-top:var(--global-kb-spacing-sm, 1.5rem);margin-right:0px;margin-bottom:0px;margin-left:0px;}.kb-table-of-content-nav.kb-table-of-content-id269_6aaf71-d6 .kb-toggle-icon-style-basiccircle .kb-table-of-contents-icon-trigger:after, .kb-table-of-content-nav.kb-table-of-content-id269_6aaf71-d6 .kb-toggle-icon-style-basiccircle .kb-table-of-contents-icon-trigger:before, .kb-table-of-content-nav.kb-table-of-content-id269_6aaf71-d6 .kb-toggle-icon-style-arrowcircle .kb-table-of-contents-icon-trigger:after, .kb-table-of-content-nav.kb-table-of-content-id269_6aaf71-d6 .kb-toggle-icon-style-arrowcircle .kb-table-of-contents-icon-trigger:before, .kb-table-of-content-nav.kb-table-of-content-id269_6aaf71-d6 .kb-toggle-icon-style-xclosecircle .kb-table-of-contents-icon-trigger:after, .kb-table-of-content-nav.kb-table-of-content-id269_6aaf71-d6 .kb-toggle-icon-style-xclosecircle .kb-table-of-contents-icon-trigger:before{background-color:var(--global-palette8, #F7FAFC);}<\/style>\n<p>Unos 650 metros del sendero discurren a lo largo de la torre de observaci\u00f3n con una pendiente m\u00e1xima del 6%. Experimente el bosque desde una nueva perspectiva durante el ascenso de 26 m a 42 m. Varios paneles informativos ofrecen una visi\u00f3n de los procesos del ecosistema forestal.<\/p>\n\n<p>Tras la caminata, el restaurante del paseo por las copas de los \u00e1rboles ofrece aperitivos y bebidas para refrescarse. Si quieres, puedes llevarte de la tienda algunos peque\u00f1os recuerdos de un d\u00eda emocionante.<\/p>\n\n<h3 class=\"wp-block-heading\">Llegada y aparcamiento en el paseo por las copas de los \u00e1rboles de Steigerwald<\/h3>\n<style>.kb-row-layout-id269_77a774-a7 > .kt-row-column-wrap{align-content:start;}:where(.kb-row-layout-id269_77a774-a7 > .kt-row-column-wrap) > .wp-block-kadence-column{justify-content:start;}.kb-row-layout-id269_77a774-a7 > .kt-row-column-wrap{column-gap:var(--global-kb-gap-md, 2rem);row-gap:var(--global-kb-gap-md, 2rem);padding-top:var(--global-kb-spacing-sm, 1.5rem);padding-bottom:var(--global-kb-spacing-sm, 1.5rem);grid-template-columns:repeat(2, minmax(0, 1fr));}.kb-row-layout-id269_77a774-a7 > .kt-row-layout-overlay{opacity:0.30;}@media all and (max-width: 1024px){.kb-row-layout-id269_77a774-a7 > .kt-row-column-wrap{grid-template-columns:repeat(2, minmax(0, 1fr));}}@media all and (max-width: 767px){.kb-row-layout-id269_77a774-a7 > .kt-row-column-wrap{grid-template-columns:minmax(0, 1fr);}}<\/style><div class=\"kb-row-layout-wrap kb-row-layout-id269_77a774-a7 alignnone wp-block-kadence-rowlayout\"><div class=\"kt-row-column-wrap kt-has-2-columns kt-row-layout-equal kt-tab-layout-inherit kt-mobile-layout-row kt-row-valign-top\">\n<style>.kadence-column269_28a676-d7 > .kt-inside-inner-col,.kadence-column269_28a676-d7 > .kt-inside-inner-col:before{border-top-left-radius:0px;border-top-right-radius:0px;border-bottom-right-radius:0px;border-bottom-left-radius:0px;}.kadence-column269_28a676-d7 > .kt-inside-inner-col{column-gap:var(--global-kb-gap-sm, 1rem);}.kadence-column269_28a676-d7 > .kt-inside-inner-col{flex-direction:column;}.kadence-column269_28a676-d7 > .kt-inside-inner-col > .aligncenter{width:100%;}.kadence-column269_28a676-d7 > .kt-inside-inner-col:before{opacity:0.3;}.kadence-column269_28a676-d7{position:relative;}@media all and (max-width: 1024px){.kadence-column269_28a676-d7 > .kt-inside-inner-col{flex-direction:column;justify-content:center;}}@media all and (max-width: 767px){.kadence-column269_28a676-d7 > .kt-inside-inner-col{flex-direction:column;justify-content:center;}}<\/style>\n<div class=\"wp-block-kadence-column kadence-column269_28a676-d7\"><div class=\"kt-inside-inner-col\">\n<p>El sendero est\u00e1 situado directamente en la B22, entre Wurzburgo y Bamberg. Si viajas por la A3 desde el sur, toma la salida Geiselwind; desde el norte, toma la salida Wiesentheid. Si vienes por la autopista A70, toma las salidas Knetzgau o Eltmann. La direcci\u00f3n para tu navegador por sat\u00e9lite es: Radstein 2 o W\u00fcrzburger Stra\u00dfe, 96157 Ebrach. Por favor, sigue las se\u00f1ales del lugar y no te desv\u00edes por caminos forestales, aunque tu navegador por sat\u00e9lite te lo indique ;-)&#8230; A continuaci\u00f3n encontrar\u00e1s un mapa.     <\/p>\n\n\n\n<p>Hay un aparcamiento gratuito para coches y autobuses directamente en la B22, al norte del paseo de las copas de los \u00e1rboles. Desde all\u00ed s\u00f3lo hay cinco minutos a pie hasta la entrada. Si hay un gran n\u00famero de visitantes, tambi\u00e9n hay se\u00f1alizado un aparcamiento alternativo al sur de la B22, en el bosque. Tambi\u00e9n hay 2 estaciones de carga para coches el\u00e9ctricos. Tambi\u00e9n hay suficientes plazas de aparcamiento para bicicletas, de nuevo con puntos de carga el\u00e9ctrica.    <\/p>\n<\/div><\/div>\n\n\n<style>.kadence-column269_d6e450-db > .kt-inside-inner-col,.kadence-column269_d6e450-db > .kt-inside-inner-col:before{border-top-left-radius:0px;border-top-right-radius:0px;border-bottom-right-radius:0px;border-bottom-left-radius:0px;}.kadence-column269_d6e450-db > .kt-inside-inner-col{column-gap:var(--global-kb-gap-sm, 1rem);}.kadence-column269_d6e450-db > .kt-inside-inner-col{flex-direction:column;}.kadence-column269_d6e450-db > .kt-inside-inner-col > .aligncenter{width:100%;}.kadence-column269_d6e450-db > .kt-inside-inner-col:before{opacity:0.3;}.kadence-column269_d6e450-db{position:relative;}@media all and (max-width: 1024px){.kadence-column269_d6e450-db > .kt-inside-inner-col{flex-direction:column;justify-content:center;}}@media all and (max-width: 767px){.kadence-column269_d6e450-db > .kt-inside-inner-col{flex-direction:column;justify-content:center;}}<\/style>\n<div class=\"wp-block-kadence-column kadence-column269_d6e450-db\"><div class=\"kt-inside-inner-col\"><style>.kb-image269_0448c2-09 .kb-image-has-overlay:after{opacity:0.3;}<\/style>\n<figure class=\"wp-block-kadence-image kb-image269_0448c2-09 size-full\"><img loading=\"lazy\" decoding=\"async\" width=\"1024\" height=\"576\" src=\"https:\/\/walderlebnispfade.de\/wp-content\/uploads\/2024\/03\/Steigerwald_Turm.jpg\" alt=\"Blick auf den zentralen Turm im Baumwipfelpfad Steigerwald\" class=\"kb-img wp-image-6311\" srcset=\"https:\/\/walderlebnispfade.de\/wp-content\/uploads\/2024\/03\/Steigerwald_Turm.jpg 1024w, https:\/\/walderlebnispfade.de\/wp-content\/uploads\/2024\/03\/Steigerwald_Turm-300x169.jpg 300w, https:\/\/walderlebnispfade.de\/wp-content\/uploads\/2024\/03\/Steigerwald_Turm-768x432.jpg 768w\" sizes=\"auto, (max-width: 1024px) 100vw, 1024px\" \/><\/figure>\n<\/div><\/div>\n\n<\/div><\/div><style>.wp-block-kadence-advancedheading.kt-adv-heading269_0409a5-7c, .wp-block-kadence-advancedheading.kt-adv-heading269_0409a5-7c[data-kb-block=\"kb-adv-heading269_0409a5-7c\"]{font-size:var(--global-kb-font-size-md, 1.25rem);font-style:normal;}.wp-block-kadence-advancedheading.kt-adv-heading269_0409a5-7c mark.kt-highlight, .wp-block-kadence-advancedheading.kt-adv-heading269_0409a5-7c[data-kb-block=\"kb-adv-heading269_0409a5-7c\"] mark.kt-highlight{font-style:normal;color:#f76a0c;-webkit-box-decoration-break:clone;box-decoration-break:clone;padding-top:0px;padding-right:0px;padding-bottom:0px;padding-left:0px;}.wp-block-kadence-advancedheading.kt-adv-heading269_0409a5-7c img.kb-inline-image, .wp-block-kadence-advancedheading.kt-adv-heading269_0409a5-7c[data-kb-block=\"kb-adv-heading269_0409a5-7c\"] img.kb-inline-image{width:150px;vertical-align:baseline;}<\/style>\n<h3 class=\"kt-adv-heading269_0409a5-7c wp-block-kadence-advancedheading\" data-kb-block=\"kb-adv-heading269_0409a5-7c\">Horario de apertura 2026 del paseo por las copas de los \u00e1rboles de Steigerwald<\/h3>\n\n<p>Abierto todos los d\u00edas durante las vacaciones escolares b\u00e1varas (incluido el d\u00eda del arrepentimiento y la oraci\u00f3n). En caso contrario, seg\u00fan la tabla siguiente:<\/p>\n\n<figure class=\"wp-block-table\"><table><tbody><tr><td><strong>Del 27 de octubre de 2025 al 28 de marzo de 2026 <\/strong><\/td><td><strong>Del 29 de marzo de 2026 al 25 de octubre de 2026<\/strong><\/td><\/tr><tr><td>De jueves a domingo, de 10:00 a 16:00<\/td><td>Entrada diaria de 9:00 a 18:00<\/td><\/tr><tr><td>Cierre de taquillas: 15:00<\/td><td>Cierre de taquillas: 17:00<\/td><\/tr><\/tbody><\/table><figcaption class=\"wp-element-caption\">Horario de apertura del paseo por las copas de los \u00e1rboles Steigerwald<\/figcaption><\/figure>\n<style>.kb-row-layout-id269_5d2353-4b > .kt-row-column-wrap{align-content:start;}:where(.kb-row-layout-id269_5d2353-4b > .kt-row-column-wrap) > .wp-block-kadence-column{justify-content:start;}.kb-row-layout-id269_5d2353-4b > .kt-row-column-wrap{column-gap:var(--global-kb-gap-md, 2rem);row-gap:var(--global-kb-gap-md, 2rem);padding-top:var(--global-kb-spacing-sm, 1.5rem);padding-bottom:var(--global-kb-spacing-sm, 1.5rem);grid-template-columns:minmax(0, 1fr);}.kb-row-layout-id269_5d2353-4b > .kt-row-layout-overlay{opacity:0.30;}@media all and (max-width: 1024px){.kb-row-layout-id269_5d2353-4b > .kt-row-column-wrap{grid-template-columns:minmax(0, 1fr);}}@media all and (max-width: 767px){.kb-row-layout-id269_5d2353-4b > .kt-row-column-wrap{grid-template-columns:minmax(0, 1fr);}}<\/style><div class=\"kb-row-layout-wrap kb-row-layout-id269_5d2353-4b alignnone wp-block-kadence-rowlayout\"><div class=\"kt-row-column-wrap kt-has-1-columns kt-row-layout-equal kt-tab-layout-inherit kt-mobile-layout-row kt-row-valign-top\">\n<style>.kadence-column269_0843bc-70 > .kt-inside-inner-col,.kadence-column269_0843bc-70 > .kt-inside-inner-col:before{border-top-left-radius:0px;border-top-right-radius:0px;border-bottom-right-radius:0px;border-bottom-left-radius:0px;}.kadence-column269_0843bc-70 > .kt-inside-inner-col{column-gap:var(--global-kb-gap-sm, 1rem);}.kadence-column269_0843bc-70 > .kt-inside-inner-col{flex-direction:column;}.kadence-column269_0843bc-70 > .kt-inside-inner-col > .aligncenter{width:100%;}.kadence-column269_0843bc-70 > .kt-inside-inner-col:before{opacity:0.3;}.kadence-column269_0843bc-70{position:relative;}@media all and (max-width: 1024px){.kadence-column269_0843bc-70 > .kt-inside-inner-col{flex-direction:column;justify-content:center;}}@media all and (max-width: 767px){.kadence-column269_0843bc-70 > .kt-inside-inner-col{flex-direction:column;justify-content:center;}}<\/style>\n<div class=\"wp-block-kadence-column kadence-column269_0843bc-70\"><div class=\"kt-inside-inner-col\"><style>.wp-block-kadence-advancedheading.kt-adv-heading269_aedd1c-d7, .wp-block-kadence-advancedheading.kt-adv-heading269_aedd1c-d7[data-kb-block=\"kb-adv-heading269_aedd1c-d7\"]{font-style:normal;}.wp-block-kadence-advancedheading.kt-adv-heading269_aedd1c-d7 mark.kt-highlight, .wp-block-kadence-advancedheading.kt-adv-heading269_aedd1c-d7[data-kb-block=\"kb-adv-heading269_aedd1c-d7\"] mark.kt-highlight{font-style:normal;color:#f76a0c;-webkit-box-decoration-break:clone;box-decoration-break:clone;padding-top:0px;padding-right:0px;padding-bottom:0px;padding-left:0px;}.wp-block-kadence-advancedheading.kt-adv-heading269_aedd1c-d7 img.kb-inline-image, .wp-block-kadence-advancedheading.kt-adv-heading269_aedd1c-d7[data-kb-block=\"kb-adv-heading269_aedd1c-d7\"] img.kb-inline-image{width:150px;vertical-align:baseline;}<\/style>\n<h2 class=\"kt-adv-heading269_aedd1c-d7 wp-block-kadence-advancedheading\" data-kb-block=\"kb-adv-heading269_aedd1c-d7\">Detalles importantes sobre el paseo por las copas de los \u00e1rboles de Steigerwald<\/h2>\n\n\n\n<figure class=\"wp-block-table\"><table><tbody><tr><td>Gastronom\u00eda:<\/td><td>S\u00ed, el catering se encuentra a la salida del camino.<\/td><\/tr><tr><td>Instalaciones sanitarias:<\/td><td>S\u00f3lo en la zona de restauraci\u00f3n a la salida del sendero, no en el propio sendero.<\/td><\/tr><tr><td>Sin barreras:<\/td><td>El camino es de baja barrera y tiene una pendiente m\u00e1xima del 6%.<br\/>Hay aseos para discapacitados en el edificio de restauraci\u00f3n y en el quiosco.<\/td><\/tr><tr><td>Se admiten perros:<\/td><td>No, no se admiten perros.<\/td><\/tr><tr><td>Visitas guiadas:<\/td><td>S\u00ed, se ofrecen <a href=\"https:\/\/www.baumwipfelpfadsteigerwald.de\/angebote\/fuehrungen.html\" target=\"_blank\" data-type=\"link\" data-id=\"https:\/\/www.baumwipfelpfadsteigerwald.de\/angebote\/fuehrungen.html\" rel=\"noreferrer noopener\">varias visitas guiadas<\/a> previa inscripci\u00f3n por correo electr\u00f3nico.<\/td><\/tr><tr><td>Descuento para grupos:<\/td><td>S\u00ed, de 15 personas.<\/td><\/tr><tr><td>Compra de entradas:<\/td><td>In situ o <a href=\"https:\/\/www.baumwipfelpfadsteigerwald.de\/service\/online-ticketshop.html\" target=\"_blank\" data-type=\"link\" data-id=\"https:\/\/www.baumwipfelpfadsteigerwald.de\/service\/online-ticketshop.html\" rel=\"noreferrer noopener\">en l\u00ednea<\/a>.<\/td><\/tr><\/tbody><\/table><figcaption class=\"wp-element-caption\">Detalles del paseo por las copas de los \u00e1rboles de Steigerwald<\/figcaption><\/figure>\n<\/div><\/div>\n\n<\/div><\/div>\n<hr class=\"wp-block-separator has-alpha-channel-opacity\" style=\"margin-top:var(--wp--preset--spacing--50);margin-bottom:var(--wp--preset--spacing--50)\"\/>\n<style>.kadence-column269_6bf567-75 > .kt-inside-inner-col{display:flex;}.kadence-column269_6bf567-75 > .kt-inside-inner-col{padding-top:var(--global-kb-spacing-xs, 1rem);padding-right:var(--global-kb-spacing-xs, 1rem);padding-bottom:var(--global-kb-spacing-xs, 1rem);padding-left:var(--global-kb-spacing-xs, 1rem);}.kadence-column269_6bf567-75 > .kt-inside-inner-col{box-shadow:0px 0px 14px 0px rgba(0, 0, 0, 0.2);}.kadence-column269_6bf567-75 > .kt-inside-inner-col,.kadence-column269_6bf567-75 > .kt-inside-inner-col:before{border-top-left-radius:0px;border-top-right-radius:0px;border-bottom-right-radius:0px;border-bottom-left-radius:0px;}.kadence-column269_6bf567-75 > .kt-inside-inner-col{column-gap:var(--global-kb-gap-sm, 1rem);}.kadence-column269_6bf567-75 > .kt-inside-inner-col{flex-direction:column;align-items:center;}.kadence-column269_6bf567-75 > .kt-inside-inner-col > .kb-image-is-ratio-size{align-self:stretch;}.kadence-column269_6bf567-75 > .kt-inside-inner-col > .wp-block-kadence-advancedgallery{align-self:stretch;}.kadence-column269_6bf567-75 > .kt-inside-inner-col > .aligncenter{width:100%;}.kadence-column269_6bf567-75 > .kt-inside-inner-col{background-color:var(--global-palette8, #F7FAFC);}.kadence-column269_6bf567-75 > .kt-inside-inner-col:before{opacity:0.3;}.kadence-column269_6bf567-75{position:relative;}@media all and (max-width: 1024px){.kadence-column269_6bf567-75 > .kt-inside-inner-col{flex-direction:column;justify-content:center;align-items:center;}}@media all and (max-width: 767px){.kadence-column269_6bf567-75 > .kt-inside-inner-col{flex-direction:column;justify-content:center;align-items:center;}}<\/style>\n<div class=\"wp-block-kadence-column kadence-column269_6bf567-75\"><div class=\"kt-inside-inner-col\">\n<p class=\"has-text-align-center\">\u00bfQu\u00e9 te parece el paseo por las copas de los \u00e1rboles de Steigerwald? Por favor, d\u00e9jame una rese\u00f1a.   <br\/>Nos ayudas a nosotros y a otros amantes de la naturaleza. Muchas gracias \ud83d\ude42 \u00a1! <\/p>\n\n\n\n<div class=\"wp-block-yet-another-stars-rating-visitor-votes aligncenter yasr-vv-block\"><\/div>\n\n\n\n<p>Puedes encontrar m\u00e1s aventuras emocionantes en nuestra <a href=\"https:\/\/walderlebnispfade.de\/es\/experiencias-forestales\/\" data-type=\"page\" data-id=\"228\">b\u00fasqueda de experiencias en el bosque<\/a> y en nuestro <a href=\"https:\/\/walderlebnispfade.de\/es\/rutas-por-los-arboles-de-europa\/\" data-type=\"post\" data-id=\"5843\">resumen de paseos por las copas de los \u00e1rboles<\/a>.<\/p>\n<\/div><\/div>\n\n<hr class=\"wp-block-separator has-alpha-channel-opacity\" style=\"margin-top:var(--wp--preset--spacing--50);margin-bottom:var(--wp--preset--spacing--50)\"\/>\n<style>.wp-block-kadence-advancedheading.kt-adv-heading269_fd4111-71, .wp-block-kadence-advancedheading.kt-adv-heading269_fd4111-71[data-kb-block=\"kb-adv-heading269_fd4111-71\"]{font-size:var(--global-kb-font-size-md, 1.25rem);font-style:normal;}.wp-block-kadence-advancedheading.kt-adv-heading269_fd4111-71 mark.kt-highlight, .wp-block-kadence-advancedheading.kt-adv-heading269_fd4111-71[data-kb-block=\"kb-adv-heading269_fd4111-71\"] mark.kt-highlight{font-style:normal;color:#f76a0c;-webkit-box-decoration-break:clone;box-decoration-break:clone;padding-top:0px;padding-right:0px;padding-bottom:0px;padding-left:0px;}.wp-block-kadence-advancedheading.kt-adv-heading269_fd4111-71 img.kb-inline-image, .wp-block-kadence-advancedheading.kt-adv-heading269_fd4111-71[data-kb-block=\"kb-adv-heading269_fd4111-71\"] img.kb-inline-image{width:150px;vertical-align:baseline;}<\/style>\n<h2 class=\"kt-adv-heading269_fd4111-71 wp-block-kadence-advancedheading\" data-kb-block=\"kb-adv-heading269_fd4111-71\">V\u00eddeo: Tiempo libre en el bosque<\/h2>\n\n<figure class=\"wp-block-embed is-type-video is-provider-youtube wp-block-embed-youtube wp-embed-aspect-16-9 wp-has-aspect-ratio\"><div class=\"wp-block-embed__wrapper\">\n<iframe loading=\"lazy\" hcb-fetch-image-from=\"https:\/\/youtu.be\/j317MHp-pOY?si=GSfUZX-zxPeW83ad\" title=\"Freizeit im Wald: Der Baumwipfelpfad im Steigerwald! #Ausflug #Wandern #Familie\" width=\"720\" height=\"405\" src=\"https:\/\/www.youtube.com\/embed\/j317MHp-pOY?feature=oembed\" frameborder=\"0\" allow=\"accelerometer; autoplay; clipboard-write; encrypted-media; gyroscope; picture-in-picture; web-share\" referrerpolicy=\"strict-origin-when-cross-origin\" allowfullscreen><\/iframe>\n<\/div><\/figure>\n","protected":false},"author":2,"featured_media":6309,"comment_status":"open","ping_status":"closed","template":"","meta":{"_kad_blocks_custom_css":"","_kad_blocks_head_custom_js":"","_kad_blocks_body_custom_js":"","_kad_blocks_footer_custom_js":"","_kad_post_transparent":"","_kad_post_title":"","_kad_post_layout":"","_kad_post_sidebar_id":"","_kad_post_content_style":"","_kad_post_vertical_padding":"","_kad_post_feature":"","_kad_post_feature_position":"","_kad_post_header":false,"_kad_post_footer":false,"_kad_post_classname":"","yasr_overall_rating":0,"yasr_post_is_review":"","yasr_auto_insert_disabled":"","yasr_review_type":""},"region":[131,143],"erlebnisart":[173,176],"class_list":["post-5753","erlebnisse","type-erlebnisse","status-publish","has-post-thumbnail","hentry","region-deutschland-es","region-by-es","erlebnisart-wandern-es","erlebnisart-baumwipfelpfad-es"],"yasr_visitor_votes":{"stars_attributes":{"read_only":false,"span_bottom":false},"number_of_votes":0,"sum_votes":0},"taxonomy_info":{"region":[{"value":131,"label":"Alemania"},{"value":143,"label":"Bayern"}],"erlebnisart":[{"value":173,"label":"Senderismo"},{"value":176,"label":"Sendero entre las copas de los \u00e1rboles"}]},"featured_image_src_large":["https:\/\/walderlebnispfade.de\/wp-content\/uploads\/2024\/03\/Baumwipfelpfad_Ebrach-1024x576.jpg",1024,576,true],"author_info":{"display_name":"Moni","author_link":"https:\/\/walderlebnispfade.de\/es\/author\/moni\/"},"comment_info":0,"_links":{"self":[{"href":"https:\/\/walderlebnispfade.de\/es\/wp-json\/wp\/v2\/erlebnisse\/5753","targetHints":{"allow":["GET"]}}],"collection":[{"href":"https:\/\/walderlebnispfade.de\/es\/wp-json\/wp\/v2\/erlebnisse"}],"about":[{"href":"https:\/\/walderlebnispfade.de\/es\/wp-json\/wp\/v2\/types\/erlebnisse"}],"author":[{"embeddable":true,"href":"https:\/\/walderlebnispfade.de\/es\/wp-json\/wp\/v2\/users\/2"}],"replies":[{"embeddable":true,"href":"https:\/\/walderlebnispfade.de\/es\/wp-json\/wp\/v2\/comments?post=5753"}],"wp:featuredmedia":[{"embeddable":true,"href":"https:\/\/walderlebnispfade.de\/es\/wp-json\/wp\/v2\/media\/6309"}],"wp:attachment":[{"href":"https:\/\/walderlebnispfade.de\/es\/wp-json\/wp\/v2\/media?parent=5753"}],"wp:term":[{"taxonomy":"region","embeddable":true,"href":"https:\/\/walderlebnispfade.de\/es\/wp-json\/wp\/v2\/region?post=5753"},{"taxonomy":"erlebnisart","embeddable":true,"href":"https:\/\/walderlebnispfade.de\/es\/wp-json\/wp\/v2\/erlebnisart?post=5753"}],"curies":[{"name":"wp","href":"https:\/\/api.w.org\/{rel}","templated":true}]}}