{"id":5755,"date":"2024-03-05T19:48:30","date_gmt":"2024-03-05T18:48:30","guid":{"rendered":"https:\/\/walderlebnispfade.de\/erlebnisse\/paseo-por-las-copas-de-los-arboles-edersee\/"},"modified":"2026-04-22T11:55:09","modified_gmt":"2026-04-22T09:55:09","slug":"paseo-por-las-copas-de-los-arboles-edersee","status":"publish","type":"erlebnisse","link":"https:\/\/walderlebnispfade.de\/es\/erlebnisse\/paseo-por-las-copas-de-los-arboles-edersee\/","title":{"rendered":"Paseo por las copas de los \u00e1rboles Edersee"},"content":{"rendered":"<style>.wp-block-kadence-advancedheading.kt-adv-heading94_a7ea9f-f4, .wp-block-kadence-advancedheading.kt-adv-heading94_a7ea9f-f4[data-kb-block=\"kb-adv-heading94_a7ea9f-f4\"]{font-size:var(--global-kb-font-size-md, 1.25rem);font-style:normal;}.wp-block-kadence-advancedheading.kt-adv-heading94_a7ea9f-f4 mark.kt-highlight, .wp-block-kadence-advancedheading.kt-adv-heading94_a7ea9f-f4[data-kb-block=\"kb-adv-heading94_a7ea9f-f4\"] mark.kt-highlight{font-style:normal;color:#f76a0c;-webkit-box-decoration-break:clone;box-decoration-break:clone;padding-top:0px;padding-right:0px;padding-bottom:0px;padding-left:0px;}.wp-block-kadence-advancedheading.kt-adv-heading94_a7ea9f-f4 img.kb-inline-image, .wp-block-kadence-advancedheading.kt-adv-heading94_a7ea9f-f4[data-kb-block=\"kb-adv-heading94_a7ea9f-f4\"] img.kb-inline-image{width:150px;vertical-align:baseline;}<\/style>\n<h2 class=\"kt-adv-heading94_a7ea9f-f4 wp-block-kadence-advancedheading\" data-kb-block=\"kb-adv-heading94_a7ea9f-f4\">Sendero por las copas de los \u00e1rboles y sendero de las ardillas en el lago Edersee<\/h2>\n\n<p>El paseo por las copas de los \u00e1rboles del Edersee, inaugurado en 2010, es una fant\u00e1stica experiencia de ocio para j\u00f3venes y mayores en estrecho contacto con la naturaleza. Est\u00e1 situado en la orilla sur del lago Edersee, en Hesse, y ofrece magn\u00edficas vistas del lago a lo largo de 250 metros. Se pueden reservar varias visitas guiadas y hay ofertas especiales para grupos grandes. El paseo por las copas de los \u00e1rboles est\u00e1 situado en el l\u00edmite del Parque Nacional de Kellerwald-Edersee. Este abarca 7.688 hect\u00e1reas y est\u00e1 destinado a proteger el bosque local de hayas. \u00a1La UNESCO declar\u00f3 determinadas zonas del Parque Nacional de Kellerwald-Edersee Patrimonio de la Humanidad en el verano de 2011! La zona es uno de los pocos grandes hayedos acid\u00f3filos naturales que quedan en Alemania. Se puede combinar f\u00e1cilmente una visita al paseo por las copas de los \u00e1rboles y al parque nacional.     <\/p>\n<style>.kb-table-of-content-nav.kb-table-of-content-id94_94b870-95 .kb-table-of-content-wrap{padding-top:var(--global-kb-spacing-sm, 1.5rem);padding-right:var(--global-kb-spacing-sm, 1.5rem);padding-bottom:var(--global-kb-spacing-sm, 1.5rem);padding-left:var(--global-kb-spacing-sm, 1.5rem);background-color:var(--global-palette8, #F7FAFC);box-shadow:inset 0px 0px 14px 0px rgba(0, 0, 0, 0.2);}.kb-table-of-content-nav.kb-table-of-content-id94_94b870-95 .kb-table-of-contents-title-wrap{padding-top:0px;padding-right:0px;padding-bottom:0px;padding-left:0px;}.kb-table-of-content-nav.kb-table-of-content-id94_94b870-95 .kb-table-of-contents-title{font-weight:regular;font-style:normal;}.kb-table-of-content-nav.kb-table-of-content-id94_94b870-95 .kb-table-of-content-wrap .kb-table-of-content-list{font-weight:regular;font-style:normal;margin-top:var(--global-kb-spacing-sm, 1.5rem);margin-right:0px;margin-bottom:0px;margin-left:0px;}.kb-table-of-content-nav.kb-table-of-content-id94_94b870-95 .kb-toggle-icon-style-basiccircle .kb-table-of-contents-icon-trigger:after, .kb-table-of-content-nav.kb-table-of-content-id94_94b870-95 .kb-toggle-icon-style-basiccircle .kb-table-of-contents-icon-trigger:before, .kb-table-of-content-nav.kb-table-of-content-id94_94b870-95 .kb-toggle-icon-style-arrowcircle .kb-table-of-contents-icon-trigger:after, .kb-table-of-content-nav.kb-table-of-content-id94_94b870-95 .kb-toggle-icon-style-arrowcircle .kb-table-of-contents-icon-trigger:before, .kb-table-of-content-nav.kb-table-of-content-id94_94b870-95 .kb-toggle-icon-style-xclosecircle .kb-table-of-contents-icon-trigger:after, .kb-table-of-content-nav.kb-table-of-content-id94_94b870-95 .kb-toggle-icon-style-xclosecircle .kb-table-of-contents-icon-trigger:before{background-color:var(--global-palette8, #F7FAFC);}<\/style>\n<p>El paseo por las copas de los \u00e1rboles del Edersee se complementa con el sendero de las ardillas, de 750 m de longitud. En varias estaciones se os explica el ecosistema forestal desde la perspectiva de las ardillas.  explicado. Todo el parque es accesible, por lo que es apto tanto para usuarios de sillas de ruedas como para cochecitos de ni\u00f1os. La pendiente m\u00e1xima de los caminos es del 6%. Tambi\u00e9n hay un aseo para discapacitados.<\/p>\n<style>.kb-row-layout-id94_1cd831-12 > .kt-row-column-wrap{align-content:start;}:where(.kb-row-layout-id94_1cd831-12 > .kt-row-column-wrap) > .wp-block-kadence-column{justify-content:start;}.kb-row-layout-id94_1cd831-12 > .kt-row-column-wrap{column-gap:var(--global-kb-gap-md, 2rem);row-gap:var(--global-kb-gap-md, 2rem);padding-top:var(--global-kb-spacing-sm, 1.5rem);padding-bottom:var(--global-kb-spacing-sm, 1.5rem);grid-template-columns:repeat(2, minmax(0, 1fr));}.kb-row-layout-id94_1cd831-12 > .kt-row-layout-overlay{opacity:0.30;}@media all and (max-width: 1024px){.kb-row-layout-id94_1cd831-12 > .kt-row-column-wrap{grid-template-columns:repeat(2, minmax(0, 1fr));}}@media all and (max-width: 767px){.kb-row-layout-id94_1cd831-12 > .kt-row-column-wrap{grid-template-columns:minmax(0, 1fr);}}<\/style><div class=\"kb-row-layout-wrap kb-row-layout-id94_1cd831-12 alignnone wp-block-kadence-rowlayout\"><div class=\"kt-row-column-wrap kt-has-2-columns kt-row-layout-equal kt-tab-layout-inherit kt-mobile-layout-row kt-row-valign-top\">\n<style>.kadence-column94_80ab32-23 > .kt-inside-inner-col,.kadence-column94_80ab32-23 > .kt-inside-inner-col:before{border-top-left-radius:0px;border-top-right-radius:0px;border-bottom-right-radius:0px;border-bottom-left-radius:0px;}.kadence-column94_80ab32-23 > .kt-inside-inner-col{column-gap:var(--global-kb-gap-sm, 1rem);}.kadence-column94_80ab32-23 > .kt-inside-inner-col{flex-direction:column;}.kadence-column94_80ab32-23 > .kt-inside-inner-col > .aligncenter{width:100%;}.kadence-column94_80ab32-23 > .kt-inside-inner-col:before{opacity:0.3;}.kadence-column94_80ab32-23{position:relative;}@media all and (max-width: 1024px){.kadence-column94_80ab32-23 > .kt-inside-inner-col{flex-direction:column;justify-content:center;}}@media all and (max-width: 767px){.kadence-column94_80ab32-23 > .kt-inside-inner-col{flex-direction:column;justify-content:center;}}<\/style>\n<div class=\"wp-block-kadence-column kadence-column94_80ab32-23\"><div class=\"kt-inside-inner-col\"><style>.wp-block-kadence-advancedheading.kt-adv-heading94_52a5e6-49, .wp-block-kadence-advancedheading.kt-adv-heading94_52a5e6-49[data-kb-block=\"kb-adv-heading94_52a5e6-49\"]{font-size:var(--global-kb-font-size-md, 1.25rem);font-style:normal;}.wp-block-kadence-advancedheading.kt-adv-heading94_52a5e6-49 mark.kt-highlight, .wp-block-kadence-advancedheading.kt-adv-heading94_52a5e6-49[data-kb-block=\"kb-adv-heading94_52a5e6-49\"] mark.kt-highlight{font-style:normal;color:#f76a0c;-webkit-box-decoration-break:clone;box-decoration-break:clone;padding-top:0px;padding-right:0px;padding-bottom:0px;padding-left:0px;}.wp-block-kadence-advancedheading.kt-adv-heading94_52a5e6-49 img.kb-inline-image, .wp-block-kadence-advancedheading.kt-adv-heading94_52a5e6-49[data-kb-block=\"kb-adv-heading94_52a5e6-49\"] img.kb-inline-image{width:150px;vertical-align:baseline;}<\/style>\n<h3 class=\"kt-adv-heading94_52a5e6-49 wp-block-kadence-advancedheading\" data-kb-block=\"kb-adv-heading94_52a5e6-49\">Horario de apertura del paseo por las copas de los \u00e1rboles Edersee 2026<\/h3>\n\n\n\n<p>El paseo por las copas de los \u00e1rboles del Edersee abre actualmente todos los d\u00edas de 10:00 a 18:00. La \u00faltima entrada es una hora antes del cierre, es decir, a las 17:00. <\/p>\n\n\n\n<p>Si quieres inscribir a un grupo, ponte en contacto previamente por tel\u00e9fono con el operador o utiliza el <a href=\"https:\/\/www.baumkronenweg.de\/kontakt-anfahrt\" target=\"_blank\" data-type=\"link\" data-id=\"https:\/\/www.baumkronenweg.de\/kontakt-anfahrt\" rel=\"noreferrer noopener\">formulario de contacto<\/a>.<\/p>\n<\/div><\/div>\n\n\n<style>.kadence-column94_836175-e7 > .kt-inside-inner-col,.kadence-column94_836175-e7 > .kt-inside-inner-col:before{border-top-left-radius:0px;border-top-right-radius:0px;border-bottom-right-radius:0px;border-bottom-left-radius:0px;}.kadence-column94_836175-e7 > .kt-inside-inner-col{column-gap:var(--global-kb-gap-sm, 1rem);}.kadence-column94_836175-e7 > .kt-inside-inner-col{flex-direction:column;}.kadence-column94_836175-e7 > .kt-inside-inner-col > .aligncenter{width:100%;}.kadence-column94_836175-e7 > .kt-inside-inner-col:before{opacity:0.3;}.kadence-column94_836175-e7{position:relative;}@media all and (max-width: 1024px){.kadence-column94_836175-e7 > .kt-inside-inner-col{flex-direction:column;justify-content:center;}}@media all and (max-width: 767px){.kadence-column94_836175-e7 > .kt-inside-inner-col{flex-direction:column;justify-content:center;}}<\/style>\n<div class=\"wp-block-kadence-column kadence-column94_836175-e7\"><div class=\"kt-inside-inner-col\"><style>.kb-image94_4481e6-08 .kb-image-has-overlay:after{opacity:0.3;}<\/style>\n<figure class=\"wp-block-kadence-image kb-image94_4481e6-08 size-full\"><img loading=\"lazy\" decoding=\"async\" width=\"1024\" height=\"576\" src=\"https:\/\/walderlebnispfade.de\/wp-content\/uploads\/2024\/03\/Edersee_Ausblick.jpg\" alt=\"Ausblick vom Baumkronenweg Edersee\" class=\"kb-img wp-image-6328\" srcset=\"https:\/\/walderlebnispfade.de\/wp-content\/uploads\/2024\/03\/Edersee_Ausblick.jpg 1024w, https:\/\/walderlebnispfade.de\/wp-content\/uploads\/2024\/03\/Edersee_Ausblick-300x169.jpg 300w, https:\/\/walderlebnispfade.de\/wp-content\/uploads\/2024\/03\/Edersee_Ausblick-768x432.jpg 768w\" sizes=\"auto, (max-width: 1024px) 100vw, 1024px\" \/><\/figure>\n<\/div><\/div>\n\n<\/div><\/div><style>.kb-row-layout-id94_e84162-6b > .kt-row-column-wrap{align-content:start;}:where(.kb-row-layout-id94_e84162-6b > .kt-row-column-wrap) > .wp-block-kadence-column{justify-content:start;}.kb-row-layout-id94_e84162-6b > .kt-row-column-wrap{column-gap:var(--global-kb-gap-md, 2rem);row-gap:var(--global-kb-gap-md, 2rem);padding-top:var(--global-kb-spacing-sm, 1.5rem);padding-bottom:var(--global-kb-spacing-sm, 1.5rem);grid-template-columns:minmax(0, 1fr);}.kb-row-layout-id94_e84162-6b > .kt-row-layout-overlay{opacity:0.30;}@media all and (max-width: 1024px){.kb-row-layout-id94_e84162-6b > .kt-row-column-wrap{grid-template-columns:minmax(0, 1fr);}}@media all and (max-width: 767px){.kb-row-layout-id94_e84162-6b > .kt-row-column-wrap{grid-template-columns:minmax(0, 1fr);}}<\/style><div class=\"kb-row-layout-wrap kb-row-layout-id94_e84162-6b alignnone wp-block-kadence-rowlayout\"><div class=\"kt-row-column-wrap kt-has-1-columns kt-row-layout-equal kt-tab-layout-inherit kt-mobile-layout-row kt-row-valign-top\">\n<style>.kadence-column94_cde972-a3 > .kt-inside-inner-col,.kadence-column94_cde972-a3 > .kt-inside-inner-col:before{border-top-left-radius:0px;border-top-right-radius:0px;border-bottom-right-radius:0px;border-bottom-left-radius:0px;}.kadence-column94_cde972-a3 > .kt-inside-inner-col{column-gap:var(--global-kb-gap-sm, 1rem);}.kadence-column94_cde972-a3 > .kt-inside-inner-col{flex-direction:column;}.kadence-column94_cde972-a3 > .kt-inside-inner-col > .aligncenter{width:100%;}.kadence-column94_cde972-a3 > .kt-inside-inner-col:before{opacity:0.3;}.kadence-column94_cde972-a3{position:relative;}@media all and (max-width: 1024px){.kadence-column94_cde972-a3 > .kt-inside-inner-col{flex-direction:column;justify-content:center;}}@media all and (max-width: 767px){.kadence-column94_cde972-a3 > .kt-inside-inner-col{flex-direction:column;justify-content:center;}}<\/style>\n<div class=\"wp-block-kadence-column kadence-column94_cde972-a3\"><div class=\"kt-inside-inner-col\"><style>.wp-block-kadence-advancedheading.kt-adv-heading94_11f9de-4d, .wp-block-kadence-advancedheading.kt-adv-heading94_11f9de-4d[data-kb-block=\"kb-adv-heading94_11f9de-4d\"]{font-style:normal;}.wp-block-kadence-advancedheading.kt-adv-heading94_11f9de-4d mark.kt-highlight, .wp-block-kadence-advancedheading.kt-adv-heading94_11f9de-4d[data-kb-block=\"kb-adv-heading94_11f9de-4d\"] mark.kt-highlight{font-style:normal;color:#f76a0c;-webkit-box-decoration-break:clone;box-decoration-break:clone;padding-top:0px;padding-right:0px;padding-bottom:0px;padding-left:0px;}.wp-block-kadence-advancedheading.kt-adv-heading94_11f9de-4d img.kb-inline-image, .wp-block-kadence-advancedheading.kt-adv-heading94_11f9de-4d[data-kb-block=\"kb-adv-heading94_11f9de-4d\"] img.kb-inline-image{width:150px;vertical-align:baseline;}<\/style>\n<h2 class=\"kt-adv-heading94_11f9de-4d wp-block-kadence-advancedheading\" data-kb-block=\"kb-adv-heading94_11f9de-4d\">Detalles importantes sobre el paseo por las copas de los \u00e1rboles del Edersee<\/h2>\n\n\n\n<figure class=\"wp-block-table\"><table><tbody><tr><td>Gastronom\u00eda:<\/td><td>Hay un quiosco con terraza directamente en el paseo por las copas de los \u00e1rboles<\/td><\/tr><tr><td>Instalaciones sanitarias:<\/td><td>Hay aseos en el aparcamiento.<\/td><\/tr><tr><td>Sin barreras:<\/td><td>S\u00ed. <br\/>Hay plazas de aparcamiento para discapacitados, acceso sin barreras y ascensor. Hay una peque\u00f1a pendiente en la ruta de acceso. Por favor, lleva a un acompa\u00f1ante. <\/td><\/tr><tr><td>Se admiten perros:<\/td><td>S\u00ed, se admiten perros con correa en el paseo por las copas de los \u00e1rboles.<\/td><\/tr><tr><td>Visitas guiadas:<\/td><td>Ponte en contacto con el Sr. Ohlsen, del Parque Natural de Kellerwald-Edersee, para hablar de tus requisitos de reserva: <br\/>Tel\u00e9fono: + 49 (0) 5621 \u2013 96946 10.<\/td><\/tr><tr><td>Descuento para grupos:<\/td><td>S\u00ed, de 10 personas.<\/td><\/tr><tr><td>Billete combinado:<\/td><td>El paseo por las copas de los \u00e1rboles ofrece una entrada combinada en colaboraci\u00f3n con el <a href=\"https:\/\/www.naturpark-habichtswald.de\/\" target=\"_blank\" data-type=\"link\" data-id=\"https:\/\/www.naturpark-habichtswald.de\/\" rel=\"noreferrer noopener\">Parque de Fauna Salvaje Edersee<\/a> y el <a href=\"https:\/\/nationalpark-kellerwald-edersee.de\/besuchen\/nationalparkzentrum-kellerwald\" target=\"_blank\" data-type=\"link\" data-id=\"https:\/\/nationalpark-kellerwald-edersee.de\/besuchen\/nationalparkzentrum-kellerwald\" rel=\"noreferrer noopener\">Centro del Parque Nacional<\/a>.<\/td><\/tr><\/tbody><\/table><figcaption class=\"wp-element-caption\">Detalles del sendero por las copas de los \u00e1rboles del Edersee<\/figcaption><\/figure>\n<\/div><\/div>\n\n<\/div><\/div>\n<hr class=\"wp-block-separator has-alpha-channel-opacity\" style=\"margin-top:var(--wp--preset--spacing--50);margin-bottom:var(--wp--preset--spacing--50)\"\/>\n<style>.kadence-column94_349753-5a > .kt-inside-inner-col{display:flex;}.kadence-column94_349753-5a > .kt-inside-inner-col{padding-top:var(--global-kb-spacing-xs, 1rem);padding-right:var(--global-kb-spacing-xs, 1rem);padding-bottom:var(--global-kb-spacing-xs, 1rem);padding-left:var(--global-kb-spacing-xs, 1rem);}.kadence-column94_349753-5a > .kt-inside-inner-col{box-shadow:0px 0px 14px 0px rgba(0, 0, 0, 0.2);}.kadence-column94_349753-5a > .kt-inside-inner-col,.kadence-column94_349753-5a > .kt-inside-inner-col:before{border-top-left-radius:0px;border-top-right-radius:0px;border-bottom-right-radius:0px;border-bottom-left-radius:0px;}.kadence-column94_349753-5a > .kt-inside-inner-col{column-gap:var(--global-kb-gap-sm, 1rem);}.kadence-column94_349753-5a > .kt-inside-inner-col{flex-direction:column;align-items:center;}.kadence-column94_349753-5a > .kt-inside-inner-col > .kb-image-is-ratio-size{align-self:stretch;}.kadence-column94_349753-5a > .kt-inside-inner-col > .wp-block-kadence-advancedgallery{align-self:stretch;}.kadence-column94_349753-5a > .kt-inside-inner-col > .aligncenter{width:100%;}.kadence-column94_349753-5a > .kt-inside-inner-col{background-color:var(--global-palette8, #F7FAFC);}.kadence-column94_349753-5a > .kt-inside-inner-col:before{opacity:0.3;}.kadence-column94_349753-5a{position:relative;}@media all and (max-width: 1024px){.kadence-column94_349753-5a > .kt-inside-inner-col{flex-direction:column;justify-content:center;align-items:center;}}@media all and (max-width: 767px){.kadence-column94_349753-5a > .kt-inside-inner-col{flex-direction:column;justify-content:center;align-items:center;}}<\/style>\n<div class=\"wp-block-kadence-column kadence-column94_349753-5a\"><div class=\"kt-inside-inner-col\">\n<p class=\"has-text-align-center\">\u00bfQu\u00e9 te parece el paseo por las copas de los \u00e1rboles del lago Edersee? Por favor, d\u00e9jame una rese\u00f1a.   <br\/>Nos ayudas a nosotros y a otros amantes de la naturaleza. Muchas gracias \ud83d\ude42 \u00a1! <\/p>\n\n\n\n<div class=\"wp-block-yet-another-stars-rating-visitor-votes aligncenter yasr-vv-block\"><\/div>\n\n\n\n<p>Puedes encontrar m\u00e1s aventuras emocionantes en nuestra <a href=\"https:\/\/walderlebnispfade.de\/es\/experiencias-forestales\/\" data-type=\"page\" data-id=\"228\">b\u00fasqueda de experiencias en el bosque<\/a> y en nuestro <a href=\"https:\/\/walderlebnispfade.de\/es\/rutas-por-los-arboles-de-europa\/\" data-type=\"post\" data-id=\"5843\">resumen de paseos por las copas de los \u00e1rboles<\/a>.<\/p>\n<\/div><\/div>\n\n<hr class=\"wp-block-separator has-alpha-channel-opacity\" style=\"margin-top:var(--wp--preset--spacing--50);margin-bottom:var(--wp--preset--spacing--50)\"\/>\n<style>.wp-block-kadence-advancedheading.kt-adv-heading94_693c53-9a, .wp-block-kadence-advancedheading.kt-adv-heading94_693c53-9a[data-kb-block=\"kb-adv-heading94_693c53-9a\"]{font-size:var(--global-kb-font-size-md, 1.25rem);font-style:normal;}.wp-block-kadence-advancedheading.kt-adv-heading94_693c53-9a mark.kt-highlight, .wp-block-kadence-advancedheading.kt-adv-heading94_693c53-9a[data-kb-block=\"kb-adv-heading94_693c53-9a\"] mark.kt-highlight{font-style:normal;color:#f76a0c;-webkit-box-decoration-break:clone;box-decoration-break:clone;padding-top:0px;padding-right:0px;padding-bottom:0px;padding-left:0px;}.wp-block-kadence-advancedheading.kt-adv-heading94_693c53-9a img.kb-inline-image, .wp-block-kadence-advancedheading.kt-adv-heading94_693c53-9a[data-kb-block=\"kb-adv-heading94_693c53-9a\"] img.kb-inline-image{width:150px;vertical-align:baseline;}<\/style>\n<h2 class=\"kt-adv-heading94_693c53-9a wp-block-kadence-advancedheading\" data-kb-block=\"kb-adv-heading94_693c53-9a\">V\u00eddeo: El paseo por los \u00e1rboles del lago Edersee<\/h2>\n\n<figure class=\"wp-block-embed is-type-video is-provider-youtube wp-block-embed-youtube wp-embed-aspect-16-9 wp-has-aspect-ratio\"><div class=\"wp-block-embed__wrapper\">\n<iframe loading=\"lazy\" hcb-fetch-image-from=\"https:\/\/youtu.be\/E3YyDVT1X_c?si=stcULdB5covL_yA9\" title=\"TREETOPWALK - DER BAUMKRONENWEG am EDERSEE 2015\" width=\"720\" height=\"405\" src=\"https:\/\/www.youtube.com\/embed\/E3YyDVT1X_c?feature=oembed\" frameborder=\"0\" allow=\"accelerometer; autoplay; clipboard-write; encrypted-media; gyroscope; picture-in-picture; web-share\" referrerpolicy=\"strict-origin-when-cross-origin\" allowfullscreen><\/iframe>\n<\/div><\/figure>\n","protected":false},"author":2,"featured_media":6327,"comment_status":"closed","ping_status":"closed","template":"","meta":{"_kad_blocks_custom_css":"","_kad_blocks_head_custom_js":"","_kad_blocks_body_custom_js":"","_kad_blocks_footer_custom_js":"","_kad_post_transparent":"","_kad_post_title":"","_kad_post_layout":"","_kad_post_sidebar_id":"","_kad_post_content_style":"","_kad_post_vertical_padding":"","_kad_post_feature":"","_kad_post_feature_position":"","_kad_post_header":false,"_kad_post_footer":false,"_kad_post_classname":"","yasr_overall_rating":0,"yasr_post_is_review":"","yasr_auto_insert_disabled":"","yasr_review_type":""},"region":[131,137],"erlebnisart":[173,176],"class_list":["post-5755","erlebnisse","type-erlebnisse","status-publish","has-post-thumbnail","hentry","region-deutschland-es","region-he-es","erlebnisart-wandern-es","erlebnisart-baumwipfelpfad-es"],"yasr_visitor_votes":{"stars_attributes":{"read_only":false,"span_bottom":false},"number_of_votes":0,"sum_votes":0},"taxonomy_info":{"region":[{"value":131,"label":"Alemania"},{"value":137,"label":"Hessen"}],"erlebnisart":[{"value":173,"label":"Senderismo"},{"value":176,"label":"Sendero entre las copas de los \u00e1rboles"}]},"featured_image_src_large":["https:\/\/walderlebnispfade.de\/wp-content\/uploads\/2024\/03\/Baumwipfelpfad_Edersee-1024x576.jpg",1024,576,true],"author_info":{"display_name":"Moni","author_link":"https:\/\/walderlebnispfade.de\/es\/author\/moni\/"},"comment_info":0,"_links":{"self":[{"href":"https:\/\/walderlebnispfade.de\/es\/wp-json\/wp\/v2\/erlebnisse\/5755","targetHints":{"allow":["GET"]}}],"collection":[{"href":"https:\/\/walderlebnispfade.de\/es\/wp-json\/wp\/v2\/erlebnisse"}],"about":[{"href":"https:\/\/walderlebnispfade.de\/es\/wp-json\/wp\/v2\/types\/erlebnisse"}],"author":[{"embeddable":true,"href":"https:\/\/walderlebnispfade.de\/es\/wp-json\/wp\/v2\/users\/2"}],"replies":[{"embeddable":true,"href":"https:\/\/walderlebnispfade.de\/es\/wp-json\/wp\/v2\/comments?post=5755"}],"wp:featuredmedia":[{"embeddable":true,"href":"https:\/\/walderlebnispfade.de\/es\/wp-json\/wp\/v2\/media\/6327"}],"wp:attachment":[{"href":"https:\/\/walderlebnispfade.de\/es\/wp-json\/wp\/v2\/media?parent=5755"}],"wp:term":[{"taxonomy":"region","embeddable":true,"href":"https:\/\/walderlebnispfade.de\/es\/wp-json\/wp\/v2\/region?post=5755"},{"taxonomy":"erlebnisart","embeddable":true,"href":"https:\/\/walderlebnispfade.de\/es\/wp-json\/wp\/v2\/erlebnisart?post=5755"}],"curies":[{"name":"wp","href":"https:\/\/api.w.org\/{rel}","templated":true}]}}