{"id":6350,"date":"2025-02-02T18:00:09","date_gmt":"2025-02-02T17:00:09","guid":{"rendered":"https:\/\/walderlebnispfade.de\/erlebnisse\/sendero-de-las-copas-de-los-arboles-de-hainich\/"},"modified":"2026-04-22T11:49:57","modified_gmt":"2026-04-22T09:49:57","slug":"sendero-de-las-copas-de-los-arboles-de-hainich","status":"publish","type":"erlebnisse","link":"https:\/\/walderlebnispfade.de\/es\/erlebnisse\/sendero-de-las-copas-de-los-arboles-de-hainich\/","title":{"rendered":"Sendero de las copas de los \u00e1rboles de Hainich"},"content":{"rendered":"<style>.wp-block-kadence-advancedheading.kt-adv-heading6334_151bd0-eb, .wp-block-kadence-advancedheading.kt-adv-heading6334_151bd0-eb[data-kb-block=\"kb-adv-heading6334_151bd0-eb\"]{font-style:normal;}.wp-block-kadence-advancedheading.kt-adv-heading6334_151bd0-eb mark.kt-highlight, .wp-block-kadence-advancedheading.kt-adv-heading6334_151bd0-eb[data-kb-block=\"kb-adv-heading6334_151bd0-eb\"] mark.kt-highlight{font-style:normal;color:#f76a0c;-webkit-box-decoration-break:clone;box-decoration-break:clone;padding-top:0px;padding-right:0px;padding-bottom:0px;padding-left:0px;}.wp-block-kadence-advancedheading.kt-adv-heading6334_151bd0-eb img.kb-inline-image, .wp-block-kadence-advancedheading.kt-adv-heading6334_151bd0-eb[data-kb-block=\"kb-adv-heading6334_151bd0-eb\"] img.kb-inline-image{width:150px;vertical-align:baseline;}<\/style>\n<h2 class=\"kt-adv-heading6334_151bd0-eb wp-block-kadence-advancedheading\" data-kb-block=\"kb-adv-heading6334_151bd0-eb\">Sendero de las copas de los \u00e1rboles &amp; Centro del Parque Nacional<\/h2>\n\n<p>El sendero de las copas de los \u00e1rboles de Hainich, de 540 metros de longitud, serpentea por las copas de los \u00e1rboles del Parque Nacional de Hainich, cerca de Bad Langensalza. Cerca del <strong>castillo de Thiemsburg<\/strong>, a s\u00f3lo 10 kil\u00f3metros al oeste de <strong>Bad Langensalza<\/strong>, en Turingia, puedes experimentar de cerca el misterioso h\u00e1bitat de las copas de los \u00e1rboles. A una altura de hasta 24 metros, puedes pasear por el dosel del bosque primigenio y disfrutar de una fant\u00e1stica vista desde la casa del \u00e1rbol de 44 metros de altura. El sendero fue el segundo paseo por las copas de los \u00e1rboles de Alemania que se inaugur\u00f3 en agosto de 2005.   <\/p>\n<style>.kb-table-of-content-nav.kb-table-of-content-id6334_47ba2b-2c .kb-table-of-content-wrap{padding-top:var(--global-kb-spacing-sm, 1.5rem);padding-right:var(--global-kb-spacing-sm, 1.5rem);padding-bottom:var(--global-kb-spacing-sm, 1.5rem);padding-left:var(--global-kb-spacing-sm, 1.5rem);background-color:var(--global-palette8, #F7FAFC);box-shadow:inset 0px 0px 14px 0px rgba(0, 0, 0, 0.2);}.kb-table-of-content-nav.kb-table-of-content-id6334_47ba2b-2c .kb-table-of-contents-title-wrap{padding-top:0px;padding-right:0px;padding-bottom:0px;padding-left:0px;}.kb-table-of-content-nav.kb-table-of-content-id6334_47ba2b-2c .kb-table-of-contents-title{font-weight:regular;font-style:normal;}.kb-table-of-content-nav.kb-table-of-content-id6334_47ba2b-2c .kb-table-of-content-wrap .kb-table-of-content-list{font-weight:regular;font-style:normal;margin-top:var(--global-kb-spacing-sm, 1.5rem);margin-right:0px;margin-bottom:0px;margin-left:0px;}.kb-table-of-content-nav.kb-table-of-content-id6334_47ba2b-2c .kb-toggle-icon-style-basiccircle .kb-table-of-contents-icon-trigger:after, .kb-table-of-content-nav.kb-table-of-content-id6334_47ba2b-2c .kb-toggle-icon-style-basiccircle .kb-table-of-contents-icon-trigger:before, .kb-table-of-content-nav.kb-table-of-content-id6334_47ba2b-2c .kb-toggle-icon-style-arrowcircle .kb-table-of-contents-icon-trigger:after, .kb-table-of-content-nav.kb-table-of-content-id6334_47ba2b-2c .kb-toggle-icon-style-arrowcircle .kb-table-of-contents-icon-trigger:before, .kb-table-of-content-nav.kb-table-of-content-id6334_47ba2b-2c .kb-toggle-icon-style-xclosecircle .kb-table-of-contents-icon-trigger:after, .kb-table-of-content-nav.kb-table-of-content-id6334_47ba2b-2c .kb-toggle-icon-style-xclosecircle .kb-table-of-contents-icon-trigger:before{background-color:var(--global-palette8, #F7FAFC);}<\/style><style>.kb-row-layout-id6334_539eb5-7c > .kt-row-column-wrap{align-content:start;}:where(.kb-row-layout-id6334_539eb5-7c > .kt-row-column-wrap) > .wp-block-kadence-column{justify-content:start;}.kb-row-layout-id6334_539eb5-7c > .kt-row-column-wrap{column-gap:var(--global-kb-gap-md, 2rem);row-gap:var(--global-kb-gap-md, 2rem);padding-top:var(--global-kb-spacing-sm, 1.5rem);padding-bottom:var(--global-kb-spacing-sm, 1.5rem);grid-template-columns:repeat(2, minmax(0, 1fr));}.kb-row-layout-id6334_539eb5-7c > .kt-row-layout-overlay{opacity:0.30;}@media all and (max-width: 1024px){.kb-row-layout-id6334_539eb5-7c > .kt-row-column-wrap{grid-template-columns:repeat(2, minmax(0, 1fr));}}@media all and (max-width: 767px){.kb-row-layout-id6334_539eb5-7c > .kt-row-column-wrap{grid-template-columns:minmax(0, 1fr);}}<\/style><div class=\"kb-row-layout-wrap kb-row-layout-id6334_539eb5-7c alignnone wp-block-kadence-rowlayout\"><div class=\"kt-row-column-wrap kt-has-2-columns kt-row-layout-equal kt-tab-layout-inherit kt-mobile-layout-row kt-row-valign-top\">\n<style>.kadence-column6334_8d1cd9-fd > .kt-inside-inner-col,.kadence-column6334_8d1cd9-fd > .kt-inside-inner-col:before{border-top-left-radius:0px;border-top-right-radius:0px;border-bottom-right-radius:0px;border-bottom-left-radius:0px;}.kadence-column6334_8d1cd9-fd > .kt-inside-inner-col{column-gap:var(--global-kb-gap-sm, 1rem);}.kadence-column6334_8d1cd9-fd > .kt-inside-inner-col{flex-direction:column;}.kadence-column6334_8d1cd9-fd > .kt-inside-inner-col > .aligncenter{width:100%;}.kadence-column6334_8d1cd9-fd > .kt-inside-inner-col:before{opacity:0.3;}.kadence-column6334_8d1cd9-fd{position:relative;}@media all and (max-width: 1024px){.kadence-column6334_8d1cd9-fd > .kt-inside-inner-col{flex-direction:column;justify-content:center;}}@media all and (max-width: 767px){.kadence-column6334_8d1cd9-fd > .kt-inside-inner-col{flex-direction:column;justify-content:center;}}<\/style>\n<div class=\"wp-block-kadence-column kadence-column6334_8d1cd9-fd\"><div class=\"kt-inside-inner-col\">\n<p>Tras tu excursi\u00f3n por las copas de los \u00e1rboles, merece la pena desviarse hasta el <strong>Centro del Parque Nacional<\/strong>. Aqu\u00ed podr\u00e1s averiguar todo lo que necesitas saber sobre el Parque Nacional de Hainich y su impresionante biodiversidad. Una atracci\u00f3n especial es el <strong>mundo de aventuras<\/strong> interactivo <strong>\u00abCueva de Ra\u00edces\u00bb,<\/strong> que te muestra lo que ocurre bajo tus pies: desde misteriosas redes de ra\u00edces hasta diminutos animales del suelo indispensables para el ecosistema.  <\/p>\n\n\n\n<p>El Parque Nacional de Hainich es <strong>Patrimonio de la Humanidad de la UNESCO<\/strong> por una buena raz\u00f3n. Su naturaleza virgen, anta\u00f1o protegida por la frontera interior alemana, es ahora un valioso h\u00e1bitat para animales raros como gatos monteses, murci\u00e9lagos, grullas grises, tejones e incluso mapaches. <\/p>\n<\/div><\/div>\n\n\n<style>.kadence-column6334_5287f3-18 > .kt-inside-inner-col,.kadence-column6334_5287f3-18 > .kt-inside-inner-col:before{border-top-left-radius:0px;border-top-right-radius:0px;border-bottom-right-radius:0px;border-bottom-left-radius:0px;}.kadence-column6334_5287f3-18 > .kt-inside-inner-col{column-gap:var(--global-kb-gap-sm, 1rem);}.kadence-column6334_5287f3-18 > .kt-inside-inner-col{flex-direction:column;}.kadence-column6334_5287f3-18 > .kt-inside-inner-col > .aligncenter{width:100%;}.kadence-column6334_5287f3-18 > .kt-inside-inner-col:before{opacity:0.3;}.kadence-column6334_5287f3-18{position:relative;}@media all and (max-width: 1024px){.kadence-column6334_5287f3-18 > .kt-inside-inner-col{flex-direction:column;justify-content:center;}}@media all and (max-width: 767px){.kadence-column6334_5287f3-18 > .kt-inside-inner-col{flex-direction:column;justify-content:center;}}<\/style>\n<div class=\"wp-block-kadence-column kadence-column6334_5287f3-18\"><div class=\"kt-inside-inner-col\"><style>.kb-image6334_a0a64d-1c .kb-image-has-overlay:after{opacity:0.3;}<\/style>\n<figure class=\"wp-block-kadence-image kb-image6334_a0a64d-1c size-full\"><img loading=\"lazy\" decoding=\"async\" width=\"1024\" height=\"576\" src=\"https:\/\/walderlebnispfade.de\/wp-content\/uploads\/2025\/02\/Hainich_Aussicht.jpg\" alt=\"Die Aussicht vom Baumkronenpfad Hainich\" class=\"kb-img wp-image-6339\" srcset=\"https:\/\/walderlebnispfade.de\/wp-content\/uploads\/2025\/02\/Hainich_Aussicht.jpg 1024w, https:\/\/walderlebnispfade.de\/wp-content\/uploads\/2025\/02\/Hainich_Aussicht-300x169.jpg 300w, https:\/\/walderlebnispfade.de\/wp-content\/uploads\/2025\/02\/Hainich_Aussicht-768x432.jpg 768w\" sizes=\"auto, (max-width: 1024px) 100vw, 1024px\" \/><\/figure>\n<\/div><\/div>\n\n<\/div><\/div><style>.kb-row-layout-id6334_7cc721-17 > .kt-row-column-wrap{align-content:start;}:where(.kb-row-layout-id6334_7cc721-17 > .kt-row-column-wrap) > .wp-block-kadence-column{justify-content:start;}.kb-row-layout-id6334_7cc721-17 > .kt-row-column-wrap{column-gap:var(--global-kb-gap-md, 2rem);row-gap:var(--global-kb-gap-md, 2rem);padding-top:var(--global-kb-spacing-sm, 1.5rem);padding-bottom:var(--global-kb-spacing-sm, 1.5rem);grid-template-columns:minmax(0, 1fr);}.kb-row-layout-id6334_7cc721-17 > .kt-row-layout-overlay{opacity:0.30;}@media all and (max-width: 1024px){.kb-row-layout-id6334_7cc721-17 > .kt-row-column-wrap{grid-template-columns:minmax(0, 1fr);}}@media all and (max-width: 767px){.kb-row-layout-id6334_7cc721-17 > .kt-row-column-wrap{grid-template-columns:minmax(0, 1fr);}}<\/style><div class=\"kb-row-layout-wrap kb-row-layout-id6334_7cc721-17 alignnone wp-block-kadence-rowlayout\"><div class=\"kt-row-column-wrap kt-has-1-columns kt-row-layout-equal kt-tab-layout-inherit kt-mobile-layout-row kt-row-valign-top\">\n<style>.kadence-column6334_23d110-53 > .kt-inside-inner-col,.kadence-column6334_23d110-53 > .kt-inside-inner-col:before{border-top-left-radius:0px;border-top-right-radius:0px;border-bottom-right-radius:0px;border-bottom-left-radius:0px;}.kadence-column6334_23d110-53 > .kt-inside-inner-col{column-gap:var(--global-kb-gap-sm, 1rem);}.kadence-column6334_23d110-53 > .kt-inside-inner-col{flex-direction:column;}.kadence-column6334_23d110-53 > .kt-inside-inner-col > .aligncenter{width:100%;}.kadence-column6334_23d110-53 > .kt-inside-inner-col:before{opacity:0.3;}.kadence-column6334_23d110-53{position:relative;}@media all and (max-width: 1024px){.kadence-column6334_23d110-53 > .kt-inside-inner-col{flex-direction:column;justify-content:center;}}@media all and (max-width: 767px){.kadence-column6334_23d110-53 > .kt-inside-inner-col{flex-direction:column;justify-content:center;}}<\/style>\n<div class=\"wp-block-kadence-column kadence-column6334_23d110-53\"><div class=\"kt-inside-inner-col\"><style>.wp-block-kadence-advancedheading.kt-adv-heading6334_665d51-3e, .wp-block-kadence-advancedheading.kt-adv-heading6334_665d51-3e[data-kb-block=\"kb-adv-heading6334_665d51-3e\"]{font-style:normal;}.wp-block-kadence-advancedheading.kt-adv-heading6334_665d51-3e mark.kt-highlight, .wp-block-kadence-advancedheading.kt-adv-heading6334_665d51-3e[data-kb-block=\"kb-adv-heading6334_665d51-3e\"] mark.kt-highlight{font-style:normal;color:#f76a0c;-webkit-box-decoration-break:clone;box-decoration-break:clone;padding-top:0px;padding-right:0px;padding-bottom:0px;padding-left:0px;}.wp-block-kadence-advancedheading.kt-adv-heading6334_665d51-3e img.kb-inline-image, .wp-block-kadence-advancedheading.kt-adv-heading6334_665d51-3e[data-kb-block=\"kb-adv-heading6334_665d51-3e\"] img.kb-inline-image{width:150px;vertical-align:baseline;}<\/style>\n<h3 class=\"kt-adv-heading6334_665d51-3e wp-block-kadence-advancedheading\" data-kb-block=\"kb-adv-heading6334_665d51-3e\">Horario de apertura 2026 Sendero de Hainich<\/h3>\n\n\n\n<figure class=\"wp-block-table\"><table><tbody><tr><td>De abril a octubre<\/td><td>diario<\/td><td>10:00 h \u2013 19:00 h<\/td><\/tr><tr><td>Noviembre<\/td><td>diario<\/td><td>10:00 \u2013 16:00 (seg\u00fan las condiciones meteorol\u00f3gicas)<\/td><\/tr><tr><td>Enero, febrero &amp; diciembre<\/td><td>Jue. \u2013 Dom. &amp; festivos &amp; d\u00edas de vacaciones escolares<\/td><td>10:00 \u2013 16:00 (seg\u00fan las condiciones meteorol\u00f3gicas)<\/td><\/tr><tr><td>24 y 31 de diciembre, as\u00ed como el 01 de enero<\/td><td>Cerrado<\/td><td><\/td><\/tr><\/tbody><\/table><figcaption class=\"wp-element-caption\">Horario de apertura del sendero de las copas de los \u00e1rboles de Hainich<\/figcaption><\/figure>\n\n\n\n<p><\/p>\n\n\n\n<p><strong>La \u00faltima entrada es una hora (octubre: 1,5 horas)<\/strong> <strong>antes del cierre del parque<\/strong>.<\/p>\n<\/div><\/div>\n\n<\/div><\/div><style>.kb-row-layout-id6334_1431a0-2f > .kt-row-column-wrap{align-content:start;}:where(.kb-row-layout-id6334_1431a0-2f > .kt-row-column-wrap) > .wp-block-kadence-column{justify-content:start;}.kb-row-layout-id6334_1431a0-2f > .kt-row-column-wrap{column-gap:var(--global-kb-gap-md, 2rem);row-gap:var(--global-kb-gap-md, 2rem);padding-top:var(--global-kb-spacing-sm, 1.5rem);padding-bottom:var(--global-kb-spacing-sm, 1.5rem);grid-template-columns:minmax(0, 1fr);}.kb-row-layout-id6334_1431a0-2f > .kt-row-layout-overlay{opacity:0.30;}@media all and (max-width: 1024px){.kb-row-layout-id6334_1431a0-2f > .kt-row-column-wrap{grid-template-columns:minmax(0, 1fr);}}@media all and (max-width: 767px){.kb-row-layout-id6334_1431a0-2f > .kt-row-column-wrap{grid-template-columns:minmax(0, 1fr);}}<\/style><div class=\"kb-row-layout-wrap kb-row-layout-id6334_1431a0-2f alignnone wp-block-kadence-rowlayout\"><div class=\"kt-row-column-wrap kt-has-1-columns kt-row-layout-equal kt-tab-layout-inherit kt-mobile-layout-row kt-row-valign-top\">\n<style>.kadence-column6334_6aa31b-fd > .kt-inside-inner-col,.kadence-column6334_6aa31b-fd > .kt-inside-inner-col:before{border-top-left-radius:0px;border-top-right-radius:0px;border-bottom-right-radius:0px;border-bottom-left-radius:0px;}.kadence-column6334_6aa31b-fd > .kt-inside-inner-col{column-gap:var(--global-kb-gap-sm, 1rem);}.kadence-column6334_6aa31b-fd > .kt-inside-inner-col{flex-direction:column;}.kadence-column6334_6aa31b-fd > .kt-inside-inner-col > .aligncenter{width:100%;}.kadence-column6334_6aa31b-fd > .kt-inside-inner-col:before{opacity:0.3;}.kadence-column6334_6aa31b-fd{position:relative;}@media all and (max-width: 1024px){.kadence-column6334_6aa31b-fd > .kt-inside-inner-col{flex-direction:column;justify-content:center;}}@media all and (max-width: 767px){.kadence-column6334_6aa31b-fd > .kt-inside-inner-col{flex-direction:column;justify-content:center;}}<\/style>\n<div class=\"wp-block-kadence-column kadence-column6334_6aa31b-fd\"><div class=\"kt-inside-inner-col\"><style>.wp-block-kadence-advancedheading.kt-adv-heading6334_df22e9-fd, .wp-block-kadence-advancedheading.kt-adv-heading6334_df22e9-fd[data-kb-block=\"kb-adv-heading6334_df22e9-fd\"]{font-style:normal;}.wp-block-kadence-advancedheading.kt-adv-heading6334_df22e9-fd mark.kt-highlight, .wp-block-kadence-advancedheading.kt-adv-heading6334_df22e9-fd[data-kb-block=\"kb-adv-heading6334_df22e9-fd\"] mark.kt-highlight{font-style:normal;color:#f76a0c;-webkit-box-decoration-break:clone;box-decoration-break:clone;padding-top:0px;padding-right:0px;padding-bottom:0px;padding-left:0px;}.wp-block-kadence-advancedheading.kt-adv-heading6334_df22e9-fd img.kb-inline-image, .wp-block-kadence-advancedheading.kt-adv-heading6334_df22e9-fd[data-kb-block=\"kb-adv-heading6334_df22e9-fd\"] img.kb-inline-image{width:150px;vertical-align:baseline;}<\/style>\n<h3 class=\"kt-adv-heading6334_df22e9-fd wp-block-kadence-advancedheading\" data-kb-block=\"kb-adv-heading6334_df22e9-fd\">Detalles importantes sobre el sendero de las copas de los \u00e1rboles de Hainich<\/h3>\n\n\n\n<figure class=\"wp-block-table\"><table><tbody><tr><td>Gastronom\u00eda:<\/td><td>La caba\u00f1a del guardabosques de Thiemsburg est\u00e1 a pocos metros.<\/td><\/tr><tr><td>Instalaciones sanitarias:<\/td><td>Los aseos se encuentran a unos 50 m del Centro del Parque Nacional.<\/td><\/tr><tr><td>Sin barreras:<\/td><td>S\u00ed. Hay plazas de aparcamiento para discapacitados, acceso sin barreras y ascensor.<\/td><\/tr><tr><td>Se admiten perros:<\/td><td>No, no se admiten perros. Hay boxes para perros en la entrada.<\/td><\/tr><tr><td>Visitas guiadas:<\/td><td>S\u00ed, inscr\u00edbete al menos con dos semanas de antelaci\u00f3n.<\/td><\/tr><tr><td>Descuento para grupos:<\/td><td>S\u00ed, de 15 personas.<\/td><\/tr><tr><td>Conferencias:<\/td><td><a href=\"https:\/\/forsthaus-thiemsburg.de\/\" target=\"_blank\" data-type=\"link\" data-id=\"https:\/\/forsthaus-thiemsburg.de\/\" rel=\"noreferrer noopener\">Forsthaus Thiemsburg<\/a> pone a tu disposici\u00f3n varias habitaciones y te ayuda con la planificaci\u00f3n.<\/td><\/tr><\/tbody><\/table><figcaption class=\"wp-element-caption\">Detalles sobre el sendero de las copas de los \u00e1rboles de Hainich<\/figcaption><\/figure>\n<\/div><\/div>\n\n<\/div><\/div>\n<hr class=\"wp-block-separator has-alpha-channel-opacity\" style=\"margin-top:var(--wp--preset--spacing--50);margin-bottom:var(--wp--preset--spacing--50)\"\/>\n<style>.kadence-column6334_c5fa47-ff > .kt-inside-inner-col{display:flex;}.kadence-column6334_c5fa47-ff > .kt-inside-inner-col{padding-top:var(--global-kb-spacing-xs, 1rem);padding-right:var(--global-kb-spacing-xs, 1rem);padding-bottom:var(--global-kb-spacing-xs, 1rem);padding-left:var(--global-kb-spacing-xs, 1rem);}.kadence-column6334_c5fa47-ff > .kt-inside-inner-col{box-shadow:0px 0px 14px 0px rgba(0, 0, 0, 0.2);}.kadence-column6334_c5fa47-ff > .kt-inside-inner-col,.kadence-column6334_c5fa47-ff > .kt-inside-inner-col:before{border-top-left-radius:0px;border-top-right-radius:0px;border-bottom-right-radius:0px;border-bottom-left-radius:0px;}.kadence-column6334_c5fa47-ff > .kt-inside-inner-col{column-gap:var(--global-kb-gap-sm, 1rem);}.kadence-column6334_c5fa47-ff > .kt-inside-inner-col{flex-direction:column;align-items:center;}.kadence-column6334_c5fa47-ff > .kt-inside-inner-col > .kb-image-is-ratio-size{align-self:stretch;}.kadence-column6334_c5fa47-ff > .kt-inside-inner-col > .wp-block-kadence-advancedgallery{align-self:stretch;}.kadence-column6334_c5fa47-ff > .kt-inside-inner-col > .aligncenter{width:100%;}.kadence-column6334_c5fa47-ff > .kt-inside-inner-col{background-color:var(--global-palette8, #F7FAFC);}.kadence-column6334_c5fa47-ff > .kt-inside-inner-col:before{opacity:0.3;}.kadence-column6334_c5fa47-ff{position:relative;}@media all and (max-width: 1024px){.kadence-column6334_c5fa47-ff > .kt-inside-inner-col{flex-direction:column;justify-content:center;align-items:center;}}@media all and (max-width: 767px){.kadence-column6334_c5fa47-ff > .kt-inside-inner-col{flex-direction:column;justify-content:center;align-items:center;}}<\/style>\n<div class=\"wp-block-kadence-column kadence-column6334_c5fa47-ff\"><div class=\"kt-inside-inner-col\">\n<p class=\"has-text-align-center\">\u00bfQu\u00e9 te parece el paseo por las copas de los \u00e1rboles de Hainich? Por favor, d\u00e9jame una rese\u00f1a.   <br\/>Nos ayudas a nosotros y a otros amantes de la naturaleza. Muchas gracias \ud83d\ude42 \u00a1! <\/p>\n\n\n\n<div class=\"wp-block-yet-another-stars-rating-visitor-votes aligncenter yasr-vv-block\"><\/div>\n\n\n\n<p>Puedes encontrar m\u00e1s aventuras emocionantes en nuestra <a href=\"https:\/\/walderlebnispfade.de\/es\/experiencias-forestales\/\" data-type=\"page\" data-id=\"228\">b\u00fasqueda de experiencias en el bosque<\/a> y en nuestro <a href=\"https:\/\/walderlebnispfade.de\/es\/rutas-por-los-arboles-de-europa\/\" data-type=\"post\" data-id=\"5843\">resumen de paseos por las copas de los \u00e1rboles<\/a>.<\/p>\n<\/div><\/div>\n\n<hr class=\"wp-block-separator has-alpha-channel-opacity\" style=\"margin-top:var(--wp--preset--spacing--50);margin-bottom:var(--wp--preset--spacing--50)\"\/>\n\n<h2 class=\"wp-block-heading\">V\u00eddeo sobre el paseo por las copas de los \u00e1rboles Hainich<\/h2>\n\n<figure class=\"wp-block-embed is-type-video is-provider-youtube wp-block-embed-youtube wp-embed-aspect-16-9 wp-has-aspect-ratio\"><div class=\"wp-block-embed__wrapper\">\n<iframe loading=\"lazy\" hcb-fetch-image-from=\"https:\/\/youtu.be\/a0AQU1ioF6Y?si=VHS5J7nvCZjckvfO\" title=\"Rundgang auf dem Baumkronenpfad im Nationalpark Hainich\" width=\"720\" height=\"405\" src=\"https:\/\/www.youtube.com\/embed\/a0AQU1ioF6Y?feature=oembed\" frameborder=\"0\" allow=\"accelerometer; autoplay; clipboard-write; encrypted-media; gyroscope; picture-in-picture; web-share\" referrerpolicy=\"strict-origin-when-cross-origin\" allowfullscreen><\/iframe>\n<\/div><\/figure>\n","protected":false},"author":2,"featured_media":6338,"comment_status":"open","ping_status":"closed","template":"","meta":{"_kad_blocks_custom_css":"","_kad_blocks_head_custom_js":"","_kad_blocks_body_custom_js":"","_kad_blocks_footer_custom_js":"","_kad_post_transparent":"","_kad_post_title":"","_kad_post_layout":"","_kad_post_sidebar_id":"","_kad_post_content_style":"","_kad_post_vertical_padding":"","_kad_post_feature":"","_kad_post_feature_position":"","_kad_post_header":false,"_kad_post_footer":false,"_kad_post_classname":"","yasr_overall_rating":0,"yasr_post_is_review":"","yasr_auto_insert_disabled":"","yasr_review_type":""},"region":[131,158],"erlebnisart":[173,176],"class_list":["post-6350","erlebnisse","type-erlebnisse","status-publish","has-post-thumbnail","hentry","region-deutschland-es","region-th-es","erlebnisart-wandern-es","erlebnisart-baumwipfelpfad-es"],"yasr_visitor_votes":{"stars_attributes":{"read_only":false,"span_bottom":false},"number_of_votes":0,"sum_votes":0},"taxonomy_info":{"region":[{"value":131,"label":"Alemania"},{"value":158,"label":"Th\u00fcringen"}],"erlebnisart":[{"value":173,"label":"Senderismo"},{"value":176,"label":"Sendero entre las copas de los \u00e1rboles"}]},"featured_image_src_large":["https:\/\/walderlebnispfade.de\/wp-content\/uploads\/2025\/02\/Baumwipfelpfad_Heinich-1024x576.jpg",1024,576,true],"author_info":{"display_name":"Moni","author_link":"https:\/\/walderlebnispfade.de\/es\/author\/moni\/"},"comment_info":0,"_links":{"self":[{"href":"https:\/\/walderlebnispfade.de\/es\/wp-json\/wp\/v2\/erlebnisse\/6350","targetHints":{"allow":["GET"]}}],"collection":[{"href":"https:\/\/walderlebnispfade.de\/es\/wp-json\/wp\/v2\/erlebnisse"}],"about":[{"href":"https:\/\/walderlebnispfade.de\/es\/wp-json\/wp\/v2\/types\/erlebnisse"}],"author":[{"embeddable":true,"href":"https:\/\/walderlebnispfade.de\/es\/wp-json\/wp\/v2\/users\/2"}],"replies":[{"embeddable":true,"href":"https:\/\/walderlebnispfade.de\/es\/wp-json\/wp\/v2\/comments?post=6350"}],"wp:featuredmedia":[{"embeddable":true,"href":"https:\/\/walderlebnispfade.de\/es\/wp-json\/wp\/v2\/media\/6338"}],"wp:attachment":[{"href":"https:\/\/walderlebnispfade.de\/es\/wp-json\/wp\/v2\/media?parent=6350"}],"wp:term":[{"taxonomy":"region","embeddable":true,"href":"https:\/\/walderlebnispfade.de\/es\/wp-json\/wp\/v2\/region?post=6350"},{"taxonomy":"erlebnisart","embeddable":true,"href":"https:\/\/walderlebnispfade.de\/es\/wp-json\/wp\/v2\/erlebnisart?post=6350"}],"curies":[{"name":"wp","href":"https:\/\/api.w.org\/{rel}","templated":true}]}}