{"id":6353,"date":"2025-02-02T13:25:08","date_gmt":"2025-02-02T12:25:08","guid":{"rendered":"https:\/\/walderlebnispfade.de\/erlebnisse\/sendero-de-las-copas-de-los-arboles-de-hoherodskopf\/"},"modified":"2026-04-22T11:50:19","modified_gmt":"2026-04-22T09:50:19","slug":"sendero-de-las-copas-de-los-arboles-de-hoherodskopf","status":"publish","type":"erlebnisse","link":"https:\/\/walderlebnispfade.de\/es\/erlebnisse\/sendero-de-las-copas-de-los-arboles-de-hoherodskopf\/","title":{"rendered":"Sendero de las copas de los \u00e1rboles de Hoherodskopf"},"content":{"rendered":"<style>.wp-block-kadence-advancedheading.kt-adv-heading6273_6b41d4-cf, .wp-block-kadence-advancedheading.kt-adv-heading6273_6b41d4-cf[data-kb-block=\"kb-adv-heading6273_6b41d4-cf\"]{font-style:normal;}.wp-block-kadence-advancedheading.kt-adv-heading6273_6b41d4-cf mark.kt-highlight, .wp-block-kadence-advancedheading.kt-adv-heading6273_6b41d4-cf[data-kb-block=\"kb-adv-heading6273_6b41d4-cf\"] mark.kt-highlight{font-style:normal;color:#f76a0c;-webkit-box-decoration-break:clone;box-decoration-break:clone;padding-top:0px;padding-right:0px;padding-bottom:0px;padding-left:0px;}.wp-block-kadence-advancedheading.kt-adv-heading6273_6b41d4-cf img.kb-inline-image, .wp-block-kadence-advancedheading.kt-adv-heading6273_6b41d4-cf[data-kb-block=\"kb-adv-heading6273_6b41d4-cf\"] img.kb-inline-image{width:150px;vertical-align:baseline;}<\/style>\n<h2 class=\"kt-adv-heading6273_6b41d4-cf wp-block-kadence-advancedheading\" data-kb-block=\"kb-adv-heading6273_6b41d4-cf\">Sendero de las copas de los \u00e1rboles con puentes colgantes \u00fanicos<\/h2>\n\n<p>El sendero de las copas de los \u00e1rboles de Hoherodskopf te ofrece una vista desde arriba. El mundo parece completamente distinto desde las copas de los \u00e1rboles. En medio de las copas, rodeado por el bosque y los elementos, la gente del suelo parece peque\u00f1a y bulliciosa. Es un lugar maravilloso para sentirse m\u00e1s cerca del cielo y sentir las fuerzas de la naturaleza. Incluso el balanceo de los puentes colgantes, el ligero movimiento de las plataformas al ritmo del viento son experiencias sensoriales que no se producen en nuestra vida cotidiana normal.    <\/p>\n<style>.kb-table-of-content-nav.kb-table-of-content-id6273_677200-81 .kb-table-of-content-wrap{padding-top:var(--global-kb-spacing-sm, 1.5rem);padding-right:var(--global-kb-spacing-sm, 1.5rem);padding-bottom:var(--global-kb-spacing-sm, 1.5rem);padding-left:var(--global-kb-spacing-sm, 1.5rem);background-color:var(--global-palette8, #F7FAFC);box-shadow:inset 0px 0px 14px 0px rgba(0, 0, 0, 0.2);}.kb-table-of-content-nav.kb-table-of-content-id6273_677200-81 .kb-table-of-contents-title-wrap{padding-top:0px;padding-right:0px;padding-bottom:0px;padding-left:0px;}.kb-table-of-content-nav.kb-table-of-content-id6273_677200-81 .kb-table-of-contents-title{font-weight:regular;font-style:normal;}.kb-table-of-content-nav.kb-table-of-content-id6273_677200-81 .kb-table-of-content-wrap .kb-table-of-content-list{font-weight:regular;font-style:normal;margin-top:var(--global-kb-spacing-sm, 1.5rem);margin-right:0px;margin-bottom:0px;margin-left:0px;}.kb-table-of-content-nav.kb-table-of-content-id6273_677200-81 .kb-toggle-icon-style-basiccircle .kb-table-of-contents-icon-trigger:after, .kb-table-of-content-nav.kb-table-of-content-id6273_677200-81 .kb-toggle-icon-style-basiccircle .kb-table-of-contents-icon-trigger:before, .kb-table-of-content-nav.kb-table-of-content-id6273_677200-81 .kb-toggle-icon-style-arrowcircle .kb-table-of-contents-icon-trigger:after, .kb-table-of-content-nav.kb-table-of-content-id6273_677200-81 .kb-toggle-icon-style-arrowcircle .kb-table-of-contents-icon-trigger:before, .kb-table-of-content-nav.kb-table-of-content-id6273_677200-81 .kb-toggle-icon-style-xclosecircle .kb-table-of-contents-icon-trigger:after, .kb-table-of-content-nav.kb-table-of-content-id6273_677200-81 .kb-toggle-icon-style-xclosecircle .kb-table-of-contents-icon-trigger:before{background-color:var(--global-palette8, #F7FAFC);}<\/style>\n<p>Muchas cosas que damos por sentadas son el tema del paseo por las copas de los \u00e1rboles de Hoherodskopf. \u00bfPor qu\u00e9 los \u00e1rboles crecen hacia el cielo y siguen desafiando a los huracanes? \u00bfPor qu\u00e9 las plantas son verdes y c\u00f3mo la luz del sol crea un arco iris? \u00bfQu\u00e9 hace la fuerza del sol y c\u00f3mo se elabora nuestro clima? [Fuente: Cartel informativo a la entrada del paseo por las copas de los \u00e1rboles].    <\/p>\n<style>.kadence-column6273_3ade7e-ea > .kt-inside-inner-col,.kadence-column6273_3ade7e-ea > .kt-inside-inner-col:before{border-top-left-radius:0px;border-top-right-radius:0px;border-bottom-right-radius:0px;border-bottom-left-radius:0px;}.kadence-column6273_3ade7e-ea > .kt-inside-inner-col{column-gap:var(--global-kb-gap-sm, 1rem);}.kadence-column6273_3ade7e-ea > .kt-inside-inner-col{flex-direction:column;}.kadence-column6273_3ade7e-ea > .kt-inside-inner-col > .aligncenter{width:100%;}.kadence-column6273_3ade7e-ea > .kt-inside-inner-col:before{opacity:0.3;}.kadence-column6273_3ade7e-ea{position:relative;}@media all and (max-width: 1024px){.kadence-column6273_3ade7e-ea > .kt-inside-inner-col{flex-direction:column;justify-content:center;}}@media all and (max-width: 767px){.kadence-column6273_3ade7e-ea > .kt-inside-inner-col{flex-direction:column;justify-content:center;}}<\/style>\n<div class=\"wp-block-kadence-column kadence-column6273_3ade7e-ea\"><div class=\"kt-inside-inner-col\"><style>.kb-row-layout-id6273_0ec015-1c > .kt-row-column-wrap{align-content:start;}:where(.kb-row-layout-id6273_0ec015-1c > .kt-row-column-wrap) > .wp-block-kadence-column{justify-content:start;}.kb-row-layout-id6273_0ec015-1c > .kt-row-column-wrap{column-gap:var(--global-kb-gap-md, 2rem);row-gap:var(--global-kb-gap-md, 2rem);padding-top:var(--global-kb-spacing-sm, 1.5rem);padding-bottom:var(--global-kb-spacing-sm, 1.5rem);grid-template-columns:repeat(2, minmax(0, 1fr));}.kb-row-layout-id6273_0ec015-1c > .kt-row-layout-overlay{opacity:0.30;}@media all and (max-width: 1024px){.kb-row-layout-id6273_0ec015-1c > .kt-row-column-wrap{grid-template-columns:repeat(2, minmax(0, 1fr));}}@media all and (max-width: 767px){.kb-row-layout-id6273_0ec015-1c > .kt-row-column-wrap{grid-template-columns:minmax(0, 1fr);}}<\/style><div class=\"kb-row-layout-wrap kb-row-layout-id6273_0ec015-1c alignnone wp-block-kadence-rowlayout\"><div class=\"kt-row-column-wrap kt-has-2-columns kt-row-layout-equal kt-tab-layout-inherit kt-mobile-layout-row kt-row-valign-top\">\n<style>.kadence-column6273_ce9a7a-ed > .kt-inside-inner-col,.kadence-column6273_ce9a7a-ed > .kt-inside-inner-col:before{border-top-left-radius:0px;border-top-right-radius:0px;border-bottom-right-radius:0px;border-bottom-left-radius:0px;}.kadence-column6273_ce9a7a-ed > .kt-inside-inner-col{column-gap:var(--global-kb-gap-sm, 1rem);}.kadence-column6273_ce9a7a-ed > .kt-inside-inner-col{flex-direction:column;}.kadence-column6273_ce9a7a-ed > .kt-inside-inner-col > .aligncenter{width:100%;}.kadence-column6273_ce9a7a-ed > .kt-inside-inner-col:before{opacity:0.3;}.kadence-column6273_ce9a7a-ed{position:relative;}@media all and (max-width: 1024px){.kadence-column6273_ce9a7a-ed > .kt-inside-inner-col{flex-direction:column;justify-content:center;}}@media all and (max-width: 767px){.kadence-column6273_ce9a7a-ed > .kt-inside-inner-col{flex-direction:column;justify-content:center;}}<\/style>\n<div class=\"wp-block-kadence-column kadence-column6273_ce9a7a-ed\"><div class=\"kt-inside-inner-col\">\n<p>Con una longitud total de 600 metros, el sendero de las copas de los \u00e1rboles de Hoherodskopf serpentea a alturas de hasta 12 metros a trav\u00e9s de las copas de los \u00e1rboles. Un punto culminante especial es la torre de observaci\u00f3n, que ofrece una vista impresionante de las suaves colinas y los claros bosques caducifolios del Vogelsberg. A lo largo del camino, las estaciones de experiencias interactivas invitan a aprender m\u00e1s sobre el ecosistema forestal. Desde 2014, 100 metros de puentes de red de aventura complementan la oferta y proporcionan emociones adicionales.   <\/p>\n\n\n\n<p>El sendero de las copas de los \u00e1rboles organiza regularmente eventos especiales, como excursiones guiadas de aventura en luna llena, que ofrecen una experiencia \u00fanica de la naturaleza por la noche. Se ofrecen eventos personalizados para grupos, como empresas o clubes, que van desde excursiones por la naturaleza y actividades de escalada hasta relajadas partidas de golf.   <\/p>\n<\/div><\/div>\n\n\n<style>.kadence-column6273_22734a-b4 > .kt-inside-inner-col,.kadence-column6273_22734a-b4 > .kt-inside-inner-col:before{border-top-left-radius:0px;border-top-right-radius:0px;border-bottom-right-radius:0px;border-bottom-left-radius:0px;}.kadence-column6273_22734a-b4 > .kt-inside-inner-col{column-gap:var(--global-kb-gap-sm, 1rem);}.kadence-column6273_22734a-b4 > .kt-inside-inner-col{flex-direction:column;}.kadence-column6273_22734a-b4 > .kt-inside-inner-col > .aligncenter{width:100%;}.kadence-column6273_22734a-b4 > .kt-inside-inner-col:before{opacity:0.3;}.kadence-column6273_22734a-b4{position:relative;}@media all and (max-width: 1024px){.kadence-column6273_22734a-b4 > .kt-inside-inner-col{flex-direction:column;justify-content:center;}}@media all and (max-width: 767px){.kadence-column6273_22734a-b4 > .kt-inside-inner-col{flex-direction:column;justify-content:center;}}<\/style>\n<div class=\"wp-block-kadence-column kadence-column6273_22734a-b4\"><div class=\"kt-inside-inner-col\"><style>.kb-image6273_c0017a-b4 .kb-image-has-overlay:after{opacity:0.3;}<\/style>\n<figure class=\"wp-block-kadence-image kb-image6273_c0017a-b4 size-full\"><img loading=\"lazy\" decoding=\"async\" width=\"1024\" height=\"576\" src=\"https:\/\/walderlebnispfade.de\/wp-content\/uploads\/2025\/02\/Hoherodskopf_Weg.jpg\" alt=\"Weg und Plattformen des Baumkronenpfades Hoherodskopf\" class=\"kb-img wp-image-6287\" srcset=\"https:\/\/walderlebnispfade.de\/wp-content\/uploads\/2025\/02\/Hoherodskopf_Weg.jpg 1024w, https:\/\/walderlebnispfade.de\/wp-content\/uploads\/2025\/02\/Hoherodskopf_Weg-300x169.jpg 300w, https:\/\/walderlebnispfade.de\/wp-content\/uploads\/2025\/02\/Hoherodskopf_Weg-768x432.jpg 768w\" sizes=\"auto, (max-width: 1024px) 100vw, 1024px\" \/><\/figure>\n<\/div><\/div>\n\n<\/div><\/div><\/div><\/div>\n\n<h3 class=\"wp-block-heading\">Horario de apertura 2026 Sendero de las copas de los \u00e1rboles Hoherodskopf<\/h3>\n\n<figure class=\"wp-block-table\"><table class=\"has-fixed-layout\"><tbody><tr><td>Abril \u2013 Mayo<\/td><td>Lun. \u2013 Dom. de 10.00 h a 18.00 h<\/td><\/tr><tr><td>Junio \u2013 Agosto<\/td><td>Lun. \u2013 Dom. de 10.00 h a 19.00 h<\/td><\/tr><tr><td>Septiembre<\/td><td>Lun. \u2013 Dom. de 10.00 h a 18.00 h<\/td><\/tr><tr><td>octubre<\/td><td>Lun. \u2013 Dom. de 10:00 a 17:00 h<\/td><\/tr><\/tbody><\/table><figcaption class=\"wp-element-caption\">Horario de apertura del sendero de Hoherodskopf<\/figcaption><\/figure>\n\n<p><br\/>Durante las vacaciones de oto\u00f1o, abre todos los d\u00edas de 10:00 a 18:00 h. La \u00faltima entrada es 30 minutos antes del cierre. <\/p>\n\n<hr class=\"wp-block-separator has-alpha-channel-opacity\" style=\"margin-top:var(--wp--preset--spacing--50);margin-bottom:var(--wp--preset--spacing--50)\"\/>\n<style>.kadence-column6273_2ca145-d5 > .kt-inside-inner-col{display:flex;}.kadence-column6273_2ca145-d5 > .kt-inside-inner-col{padding-top:var(--global-kb-spacing-xs, 1rem);padding-right:var(--global-kb-spacing-xs, 1rem);padding-bottom:var(--global-kb-spacing-xs, 1rem);padding-left:var(--global-kb-spacing-xs, 1rem);}.kadence-column6273_2ca145-d5 > .kt-inside-inner-col{box-shadow:0px 0px 14px 0px rgba(0, 0, 0, 0.2);}.kadence-column6273_2ca145-d5 > .kt-inside-inner-col,.kadence-column6273_2ca145-d5 > .kt-inside-inner-col:before{border-top-left-radius:0px;border-top-right-radius:0px;border-bottom-right-radius:0px;border-bottom-left-radius:0px;}.kadence-column6273_2ca145-d5 > .kt-inside-inner-col{column-gap:var(--global-kb-gap-sm, 1rem);}.kadence-column6273_2ca145-d5 > .kt-inside-inner-col{flex-direction:column;align-items:center;}.kadence-column6273_2ca145-d5 > .kt-inside-inner-col > .kb-image-is-ratio-size{align-self:stretch;}.kadence-column6273_2ca145-d5 > .kt-inside-inner-col > .wp-block-kadence-advancedgallery{align-self:stretch;}.kadence-column6273_2ca145-d5 > .kt-inside-inner-col > .aligncenter{width:100%;}.kadence-column6273_2ca145-d5 > .kt-inside-inner-col{background-color:var(--global-palette8, #F7FAFC);}.kadence-column6273_2ca145-d5 > .kt-inside-inner-col:before{opacity:0.3;}.kadence-column6273_2ca145-d5{position:relative;}@media all and (max-width: 1024px){.kadence-column6273_2ca145-d5 > .kt-inside-inner-col{flex-direction:column;justify-content:center;align-items:center;}}@media all and (max-width: 767px){.kadence-column6273_2ca145-d5 > .kt-inside-inner-col{flex-direction:column;justify-content:center;align-items:center;}}<\/style>\n<div class=\"wp-block-kadence-column kadence-column6273_2ca145-d5\"><div class=\"kt-inside-inner-col\">\n<p class=\"has-text-align-center\">\u00bfQu\u00e9 te parece el sendero por las copas de los \u00e1rboles de Hoherodskopf? Por favor, d\u00e9jame una rese\u00f1a.   <br\/>Nos ayudas a nosotros y a otros amantes de la naturaleza. Muchas gracias \ud83d\ude42 \u00a1! <\/p>\n\n\n\n<div class=\"wp-block-yet-another-stars-rating-visitor-votes aligncenter yasr-vv-block\"><\/div>\n\n\n\n<p>Puedes encontrar m\u00e1s aventuras emocionantes en nuestra <a href=\"https:\/\/walderlebnispfade.de\/es\/experiencias-forestales\/\" data-type=\"page\" data-id=\"228\">b\u00fasqueda de experiencias en el bosque<\/a> y en nuestro <a href=\"https:\/\/walderlebnispfade.de\/es\/rutas-por-los-arboles-de-europa\/\" data-type=\"post\" data-id=\"5843\">resumen de paseos por las copas de los \u00e1rboles<\/a>.<\/p>\n<\/div><\/div>\n\n<hr class=\"wp-block-separator has-alpha-channel-opacity\" style=\"margin-top:var(--wp--preset--spacing--50);margin-bottom:var(--wp--preset--spacing--50)\"\/>\n<style>.kb-row-layout-id6273_3f0a3c-d4 > .kt-row-column-wrap{align-content:start;}:where(.kb-row-layout-id6273_3f0a3c-d4 > .kt-row-column-wrap) > .wp-block-kadence-column{justify-content:start;}.kb-row-layout-id6273_3f0a3c-d4 > .kt-row-column-wrap{column-gap:var(--global-kb-gap-md, 2rem);row-gap:var(--global-kb-gap-md, 2rem);padding-top:var(--global-kb-spacing-sm, 1.5rem);padding-bottom:var(--global-kb-spacing-sm, 1.5rem);grid-template-columns:minmax(0, 1fr);}.kb-row-layout-id6273_3f0a3c-d4 > .kt-row-layout-overlay{opacity:0.30;}@media all and (max-width: 1024px){.kb-row-layout-id6273_3f0a3c-d4 > .kt-row-column-wrap{grid-template-columns:minmax(0, 1fr);}}@media all and (max-width: 767px){.kb-row-layout-id6273_3f0a3c-d4 > .kt-row-column-wrap{grid-template-columns:minmax(0, 1fr);}}<\/style><div class=\"kb-row-layout-wrap kb-row-layout-id6273_3f0a3c-d4 alignnone wp-block-kadence-rowlayout\"><div class=\"kt-row-column-wrap kt-has-1-columns kt-row-layout-equal kt-tab-layout-inherit kt-mobile-layout-row kt-row-valign-top\">\n<style>.kadence-column6273_283a45-f3 > .kt-inside-inner-col,.kadence-column6273_283a45-f3 > .kt-inside-inner-col:before{border-top-left-radius:0px;border-top-right-radius:0px;border-bottom-right-radius:0px;border-bottom-left-radius:0px;}.kadence-column6273_283a45-f3 > .kt-inside-inner-col{column-gap:var(--global-kb-gap-sm, 1rem);}.kadence-column6273_283a45-f3 > .kt-inside-inner-col{flex-direction:column;}.kadence-column6273_283a45-f3 > .kt-inside-inner-col > .aligncenter{width:100%;}.kadence-column6273_283a45-f3 > .kt-inside-inner-col:before{opacity:0.3;}.kadence-column6273_283a45-f3{position:relative;}@media all and (max-width: 1024px){.kadence-column6273_283a45-f3 > .kt-inside-inner-col{flex-direction:column;justify-content:center;}}@media all and (max-width: 767px){.kadence-column6273_283a45-f3 > .kt-inside-inner-col{flex-direction:column;justify-content:center;}}<\/style>\n<div class=\"wp-block-kadence-column kadence-column6273_283a45-f3\"><div class=\"kt-inside-inner-col\"><style>.wp-block-kadence-advancedheading.kt-adv-heading6273_d185a7-5b, .wp-block-kadence-advancedheading.kt-adv-heading6273_d185a7-5b[data-kb-block=\"kb-adv-heading6273_d185a7-5b\"]{font-style:normal;}.wp-block-kadence-advancedheading.kt-adv-heading6273_d185a7-5b mark.kt-highlight, .wp-block-kadence-advancedheading.kt-adv-heading6273_d185a7-5b[data-kb-block=\"kb-adv-heading6273_d185a7-5b\"] mark.kt-highlight{font-style:normal;color:#f76a0c;-webkit-box-decoration-break:clone;box-decoration-break:clone;padding-top:0px;padding-right:0px;padding-bottom:0px;padding-left:0px;}.wp-block-kadence-advancedheading.kt-adv-heading6273_d185a7-5b img.kb-inline-image, .wp-block-kadence-advancedheading.kt-adv-heading6273_d185a7-5b[data-kb-block=\"kb-adv-heading6273_d185a7-5b\"] img.kb-inline-image{width:150px;vertical-align:baseline;}<\/style>\n<h3 class=\"kt-adv-heading6273_d185a7-5b wp-block-kadence-advancedheading\" data-kb-block=\"kb-adv-heading6273_d185a7-5b\">Detalles importantes sobre el paseo por las copas de los \u00e1rboles de Hoherodskopf<\/h3>\n\n\n\n<figure class=\"wp-block-table\"><table><tbody><tr><td>Gastronom\u00eda:<\/td><td>S\u00ed, el <a href=\"https:\/\/www.berggasthof-schotten.de\/\" data-type=\"link\" data-id=\"https:\/\/www.berggasthof-schotten.de\/\" target=\"_blank\" rel=\"noreferrer noopener\">Berggasthof Hoherodskopf<\/a> est\u00e1 en las inmediaciones.<\/td><\/tr><tr><td>Instalaciones sanitarias:<\/td><td>Los aseos se encuentran en la posada de la monta\u00f1a.<\/td><\/tr><tr><td>Sin barreras:<\/td><td>Restringido. Los puentes colgantes no son adecuados para personas con discapacidad.<br\/>Muchas otras atracciones son especialmente accesibles, incluido un aseo para discapacitados.  <\/td><\/tr><tr><td>Se admiten perros:<\/td><td>Se admiten perros con correa en el parque de aventuras, pero no en todas las atracciones.<\/td><\/tr><tr><td>Visitas guiadas:<\/td><td>S\u00ed, se ofrecen varias visitas guiadas previa concertaci\u00f3n.<\/td><\/tr><tr><td>Descuento para grupos:<\/td><td>S\u00ed, de 10 personas.<\/td><\/tr><tr><td>Otras atracciones:<\/td><td>El paseo por las copas de los \u00e1rboles se encuentra en la zona de la \u00abMonta\u00f1a de Aventura\u00bb. <br\/>Hay un minigolf de aventura, un parque de escalada, una pista de trineo de verano y alquiler de bicicletas de monta\u00f1a.<br\/><a href=\"https:\/\/www.erlebnisberg-hoherodskopf.de\/wp-content\/uploads\/2024\/03\/erlebnisberg2024_V1.pdf\" data-type=\"link\" data-id=\"https:\/\/www.erlebnisberg-hoherodskopf.de\/wp-content\/uploads\/2024\/03\/erlebnisberg2024_V1.pdf\" target=\"_blank\" rel=\"noreferrer noopener\">Aqu\u00ed<\/a> encontrar\u00e1s el folleto con toda la informaci\u00f3n.<\/td><\/tr><\/tbody><\/table><figcaption class=\"wp-element-caption\">Detalles sobre la monta\u00f1a de aventura Hoherodskopf<\/figcaption><\/figure>\n<\/div><\/div>\n\n<\/div><\/div>\n<h2 class=\"wp-block-heading\">V\u00eddeo sobre el sendero de las copas de los \u00e1rboles de Hoherodskopf<\/h2>\n<style>.kadence-column6273_bc65ee-7e > .kt-inside-inner-col,.kadence-column6273_bc65ee-7e > .kt-inside-inner-col:before{border-top-left-radius:0px;border-top-right-radius:0px;border-bottom-right-radius:0px;border-bottom-left-radius:0px;}.kadence-column6273_bc65ee-7e > .kt-inside-inner-col{column-gap:var(--global-kb-gap-sm, 1rem);}.kadence-column6273_bc65ee-7e > .kt-inside-inner-col{flex-direction:column;}.kadence-column6273_bc65ee-7e > .kt-inside-inner-col > .aligncenter{width:100%;}.kadence-column6273_bc65ee-7e > .kt-inside-inner-col:before{opacity:0.3;}.kadence-column6273_bc65ee-7e{position:relative;}@media all and (max-width: 1024px){.kadence-column6273_bc65ee-7e > .kt-inside-inner-col{flex-direction:column;justify-content:center;}}@media all and (max-width: 767px){.kadence-column6273_bc65ee-7e > .kt-inside-inner-col{flex-direction:column;justify-content:center;}}<\/style>\n<div class=\"wp-block-kadence-column kadence-column6273_bc65ee-7e\"><div class=\"kt-inside-inner-col\">\n<figure class=\"wp-block-embed is-type-video is-provider-youtube wp-block-embed-youtube wp-embed-aspect-16-9 wp-has-aspect-ratio\"><div class=\"wp-block-embed__wrapper\">\n<iframe loading=\"lazy\" hcb-fetch-image-from=\"https:\/\/youtu.be\/NlCICHrRLOM?si=-S9B2iozmHPFWAeS\" title=\"Filmproduktion Erlebnisberg Hoherodskopf - Region Vogelsberg in Hessen - Werbefilm\" width=\"720\" height=\"405\" src=\"https:\/\/www.youtube.com\/embed\/NlCICHrRLOM?feature=oembed\" frameborder=\"0\" allow=\"accelerometer; autoplay; clipboard-write; encrypted-media; gyroscope; picture-in-picture; web-share\" referrerpolicy=\"strict-origin-when-cross-origin\" allowfullscreen><\/iframe>\n<\/div><\/figure>\n<\/div><\/div>\n","protected":false},"author":2,"featured_media":6278,"comment_status":"open","ping_status":"closed","template":"","meta":{"_kad_blocks_custom_css":"","_kad_blocks_head_custom_js":"","_kad_blocks_body_custom_js":"","_kad_blocks_footer_custom_js":"","_kad_post_transparent":"","_kad_post_title":"","_kad_post_layout":"","_kad_post_sidebar_id":"","_kad_post_content_style":"","_kad_post_vertical_padding":"","_kad_post_feature":"","_kad_post_feature_position":"","_kad_post_header":false,"_kad_post_footer":false,"_kad_post_classname":"","yasr_overall_rating":0,"yasr_post_is_review":"","yasr_auto_insert_disabled":"","yasr_review_type":""},"region":[131,137],"erlebnisart":[173,176],"class_list":["post-6353","erlebnisse","type-erlebnisse","status-publish","has-post-thumbnail","hentry","region-deutschland-es","region-he-es","erlebnisart-wandern-es","erlebnisart-baumwipfelpfad-es"],"yasr_visitor_votes":{"stars_attributes":{"read_only":false,"span_bottom":false},"number_of_votes":0,"sum_votes":0},"taxonomy_info":{"region":[{"value":131,"label":"Alemania"},{"value":137,"label":"Hessen"}],"erlebnisart":[{"value":173,"label":"Senderismo"},{"value":176,"label":"Sendero entre las copas de los \u00e1rboles"}]},"featured_image_src_large":["https:\/\/walderlebnispfade.de\/wp-content\/uploads\/2025\/02\/Baumwipfelpfad_Hoherodskopf-1024x576.jpg",1024,576,true],"author_info":{"display_name":"Moni","author_link":"https:\/\/walderlebnispfade.de\/es\/author\/moni\/"},"comment_info":0,"_links":{"self":[{"href":"https:\/\/walderlebnispfade.de\/es\/wp-json\/wp\/v2\/erlebnisse\/6353","targetHints":{"allow":["GET"]}}],"collection":[{"href":"https:\/\/walderlebnispfade.de\/es\/wp-json\/wp\/v2\/erlebnisse"}],"about":[{"href":"https:\/\/walderlebnispfade.de\/es\/wp-json\/wp\/v2\/types\/erlebnisse"}],"author":[{"embeddable":true,"href":"https:\/\/walderlebnispfade.de\/es\/wp-json\/wp\/v2\/users\/2"}],"replies":[{"embeddable":true,"href":"https:\/\/walderlebnispfade.de\/es\/wp-json\/wp\/v2\/comments?post=6353"}],"wp:featuredmedia":[{"embeddable":true,"href":"https:\/\/walderlebnispfade.de\/es\/wp-json\/wp\/v2\/media\/6278"}],"wp:attachment":[{"href":"https:\/\/walderlebnispfade.de\/es\/wp-json\/wp\/v2\/media?parent=6353"}],"wp:term":[{"taxonomy":"region","embeddable":true,"href":"https:\/\/walderlebnispfade.de\/es\/wp-json\/wp\/v2\/region?post=6353"},{"taxonomy":"erlebnisart","embeddable":true,"href":"https:\/\/walderlebnispfade.de\/es\/wp-json\/wp\/v2\/erlebnisart?post=6353"}],"curies":[{"name":"wp","href":"https:\/\/api.w.org\/{rel}","templated":true}]}}