{"id":6469,"date":"2025-02-06T22:46:22","date_gmt":"2025-02-06T21:46:22","guid":{"rendered":"https:\/\/walderlebnispfade.de\/erlebnisse\/paseo-por-las-copas-de-los-arboles-de-bachledka\/"},"modified":"2026-04-22T11:49:23","modified_gmt":"2026-04-22T09:49:23","slug":"paseo-por-las-copas-de-los-arboles-de-bachledka","status":"publish","type":"erlebnisse","link":"https:\/\/walderlebnispfade.de\/es\/erlebnisse\/paseo-por-las-copas-de-los-arboles-de-bachledka\/","title":{"rendered":"Paseo por las copas de los \u00e1rboles de Bachledka"},"content":{"rendered":"<style>.wp-block-kadence-advancedheading.kt-adv-heading6451_93d3e1-7f, .wp-block-kadence-advancedheading.kt-adv-heading6451_93d3e1-7f[data-kb-block=\"kb-adv-heading6451_93d3e1-7f\"]{font-style:normal;}.wp-block-kadence-advancedheading.kt-adv-heading6451_93d3e1-7f mark.kt-highlight, .wp-block-kadence-advancedheading.kt-adv-heading6451_93d3e1-7f[data-kb-block=\"kb-adv-heading6451_93d3e1-7f\"] mark.kt-highlight{font-style:normal;color:#f76a0c;-webkit-box-decoration-break:clone;box-decoration-break:clone;padding-top:0px;padding-right:0px;padding-bottom:0px;padding-left:0px;}.wp-block-kadence-advancedheading.kt-adv-heading6451_93d3e1-7f img.kb-inline-image, .wp-block-kadence-advancedheading.kt-adv-heading6451_93d3e1-7f[data-kb-block=\"kb-adv-heading6451_93d3e1-7f\"] img.kb-inline-image{width:150px;vertical-align:baseline;}<\/style>\n<h2 class=\"kt-adv-heading6451_93d3e1-7f wp-block-kadence-advancedheading\" data-kb-block=\"kb-adv-heading6451_93d3e1-7f\">Paseo por las copas de los \u00e1rboles en Eslovaquia<\/h2>\n\n<p>El Paseo por las copas de los \u00e1rboles de Bachledka est\u00e1 situado en el coraz\u00f3n de los bosques biodiversos del valle de Bachled. Conoce los bosques locales y la naturaleza \u00fanica de Spi\u0161sk\u00e1 Magura. En esta regi\u00f3n hay muchos animales y plantas que rara vez se ven en otros lugares de Europa. El sendero de las copas de los \u00e1rboles est\u00e1 abierto todos los d\u00edas, excepto durante las tormentas o los vientos racheados. Las entradas s\u00f3lo se pueden comprar in situ.    <\/p>\n<style>.kb-table-of-content-nav.kb-table-of-content-id6451_913925-ca .kb-table-of-content-wrap{padding-top:var(--global-kb-spacing-sm, 1.5rem);padding-right:var(--global-kb-spacing-sm, 1.5rem);padding-bottom:var(--global-kb-spacing-sm, 1.5rem);padding-left:var(--global-kb-spacing-sm, 1.5rem);background-color:var(--global-palette8, #F7FAFC);box-shadow:inset 0px 0px 14px 0px rgba(0, 0, 0, 0.2);}.kb-table-of-content-nav.kb-table-of-content-id6451_913925-ca .kb-table-of-contents-title-wrap{padding-top:0px;padding-right:0px;padding-bottom:0px;padding-left:0px;}.kb-table-of-content-nav.kb-table-of-content-id6451_913925-ca .kb-table-of-contents-title{font-weight:regular;font-style:normal;}.kb-table-of-content-nav.kb-table-of-content-id6451_913925-ca .kb-table-of-content-wrap .kb-table-of-content-list{font-weight:regular;font-style:normal;margin-top:var(--global-kb-spacing-sm, 1.5rem);margin-right:0px;margin-bottom:0px;margin-left:0px;}.kb-table-of-content-nav.kb-table-of-content-id6451_913925-ca .kb-toggle-icon-style-basiccircle .kb-table-of-contents-icon-trigger:after, .kb-table-of-content-nav.kb-table-of-content-id6451_913925-ca .kb-toggle-icon-style-basiccircle .kb-table-of-contents-icon-trigger:before, .kb-table-of-content-nav.kb-table-of-content-id6451_913925-ca .kb-toggle-icon-style-arrowcircle .kb-table-of-contents-icon-trigger:after, .kb-table-of-content-nav.kb-table-of-content-id6451_913925-ca .kb-toggle-icon-style-arrowcircle .kb-table-of-contents-icon-trigger:before, .kb-table-of-content-nav.kb-table-of-content-id6451_913925-ca .kb-toggle-icon-style-xclosecircle .kb-table-of-contents-icon-trigger:after, .kb-table-of-content-nav.kb-table-of-content-id6451_913925-ca .kb-toggle-icon-style-xclosecircle .kb-table-of-contents-icon-trigger:before{background-color:var(--global-palette8, #F7FAFC);}<\/style><style>.kb-row-layout-id6451_21b288-ed > .kt-row-column-wrap{align-content:start;}:where(.kb-row-layout-id6451_21b288-ed > .kt-row-column-wrap) > .wp-block-kadence-column{justify-content:start;}.kb-row-layout-id6451_21b288-ed > .kt-row-column-wrap{column-gap:var(--global-kb-gap-md, 2rem);row-gap:var(--global-kb-gap-md, 2rem);padding-top:var(--global-kb-spacing-sm, 1.5rem);padding-bottom:var(--global-kb-spacing-sm, 1.5rem);grid-template-columns:repeat(2, minmax(0, 1fr));}.kb-row-layout-id6451_21b288-ed > .kt-row-layout-overlay{opacity:0.30;}@media all and (max-width: 1024px){.kb-row-layout-id6451_21b288-ed > .kt-row-column-wrap{grid-template-columns:repeat(2, minmax(0, 1fr));}}@media all and (max-width: 767px){.kb-row-layout-id6451_21b288-ed > .kt-row-column-wrap{grid-template-columns:minmax(0, 1fr);}}<\/style><div class=\"kb-row-layout-wrap kb-row-layout-id6451_21b288-ed alignnone wp-block-kadence-rowlayout\"><div class=\"kt-row-column-wrap kt-has-2-columns kt-row-layout-equal kt-tab-layout-inherit kt-mobile-layout-row kt-row-valign-top\">\n<style>.kadence-column6451_e503ca-5e > .kt-inside-inner-col,.kadence-column6451_e503ca-5e > .kt-inside-inner-col:before{border-top-left-radius:0px;border-top-right-radius:0px;border-bottom-right-radius:0px;border-bottom-left-radius:0px;}.kadence-column6451_e503ca-5e > .kt-inside-inner-col{column-gap:var(--global-kb-gap-sm, 1rem);}.kadence-column6451_e503ca-5e > .kt-inside-inner-col{flex-direction:column;}.kadence-column6451_e503ca-5e > .kt-inside-inner-col > .aligncenter{width:100%;}.kadence-column6451_e503ca-5e > .kt-inside-inner-col:before{opacity:0.3;}.kadence-column6451_e503ca-5e{position:relative;}@media all and (max-width: 1024px){.kadence-column6451_e503ca-5e > .kt-inside-inner-col{flex-direction:column;justify-content:center;}}@media all and (max-width: 767px){.kadence-column6451_e503ca-5e > .kt-inside-inner-col{flex-direction:column;justify-content:center;}}<\/style>\n<div class=\"wp-block-kadence-column kadence-column6451_e503ca-5e\"><div class=\"kt-inside-inner-col\">\n<p>El sendero, de hasta 24 metros de altura, tiene una longitud total de 1234 metros y ofrece unas vistas impresionantes. En varias estaciones de aventura del sendero de las copas de los \u00e1rboles, los valientes visitantes pueden intentar mantener el equilibrio sobre elementos tambaleantes a gran altura.   <\/p>\n\n\n\n<p>Varias estaciones did\u00e1cticas de dise\u00f1o interesante te ofrecen una visi\u00f3n de la flora y la fauna locales. Hay muchas im\u00e1genes interesantes y divertidas para que las exploren los visitantes m\u00e1s j\u00f3venes. Al final del paseo por las copas de los \u00e1rboles de Bachledka est\u00e1 la torre de observaci\u00f3n de 32 metros de altura, que ofrece una impresionante vista de 360 grados de las tierras bajas eslovacas al sur de los montes Tatra, as\u00ed como de la voivod\u00eda de Peque\u00f1a Polonia.  <\/p>\n<\/div><\/div>\n\n\n<style>.kadence-column6451_9de66d-85 > .kt-inside-inner-col,.kadence-column6451_9de66d-85 > .kt-inside-inner-col:before{border-top-left-radius:0px;border-top-right-radius:0px;border-bottom-right-radius:0px;border-bottom-left-radius:0px;}.kadence-column6451_9de66d-85 > .kt-inside-inner-col{column-gap:var(--global-kb-gap-sm, 1rem);}.kadence-column6451_9de66d-85 > .kt-inside-inner-col{flex-direction:column;}.kadence-column6451_9de66d-85 > .kt-inside-inner-col > .aligncenter{width:100%;}.kadence-column6451_9de66d-85 > .kt-inside-inner-col:before{opacity:0.3;}.kadence-column6451_9de66d-85{position:relative;}@media all and (max-width: 1024px){.kadence-column6451_9de66d-85 > .kt-inside-inner-col{flex-direction:column;justify-content:center;}}@media all and (max-width: 767px){.kadence-column6451_9de66d-85 > .kt-inside-inner-col{flex-direction:column;justify-content:center;}}<\/style>\n<div class=\"wp-block-kadence-column kadence-column6451_9de66d-85\"><div class=\"kt-inside-inner-col\"><style>.kb-image6451_0a98d6-d8 .kb-image-has-overlay:after{opacity:0.3;}<\/style>\n<figure class=\"wp-block-kadence-image kb-image6451_0a98d6-d8 size-full\"><img loading=\"lazy\" decoding=\"async\" width=\"1024\" height=\"576\" src=\"https:\/\/walderlebnispfade.de\/wp-content\/uploads\/2025\/02\/Bachledka_Aussicht.jpg\" alt=\"Aussicht vom Baumwipfelpfad Bachledka in der Slowakei\" class=\"kb-img wp-image-6452\" srcset=\"https:\/\/walderlebnispfade.de\/wp-content\/uploads\/2025\/02\/Bachledka_Aussicht.jpg 1024w, https:\/\/walderlebnispfade.de\/wp-content\/uploads\/2025\/02\/Bachledka_Aussicht-300x169.jpg 300w, https:\/\/walderlebnispfade.de\/wp-content\/uploads\/2025\/02\/Bachledka_Aussicht-768x432.jpg 768w\" sizes=\"auto, (max-width: 1024px) 100vw, 1024px\" \/><\/figure>\n<\/div><\/div>\n\n<\/div><\/div>\n<p>Para acortar el camino de vuelta, los adictos a la adrenalina pueden experimentar su propio placer deslizante en el tobog\u00e1n en espiral de 60 metros de longitud. El tobog\u00e1n en espiral est\u00e1 abierto todo el a\u00f1o, incluso en invierno. La \u00faltima vuelta es siempre 1 hora antes del cierre. Es apto para adultos y ni\u00f1os de m\u00e1s de 120 cm. La entrada cuesta 2 euros y s\u00f3lo se puede pagar a la entrada de la atracci\u00f3n en efectivo o con tarjeta de cr\u00e9dito.    <\/p>\n\n<p>Directamente en la Estaci\u00f3n de Esqu\u00ed y Sol de BACHLEDKA hay aparcamientos (P1 y P2) con capacidad para 1000 plazas, justo al lado del sendero de las copas de los \u00e1rboles de Bachledka. El aparcamiento (P3) se encuentra a mano izquierda en direcci\u00f3n a \u017ddiar. Desde el aparcamiento hay 1 km a pie. El precio del aparcamiento es de 5 \u20ac\/d\u00eda\/coche.   <\/p>\n<style>.kb-row-layout-id6451_ecdcc7-10 > .kt-row-column-wrap{align-content:start;}:where(.kb-row-layout-id6451_ecdcc7-10 > .kt-row-column-wrap) > .wp-block-kadence-column{justify-content:start;}.kb-row-layout-id6451_ecdcc7-10 > .kt-row-column-wrap{column-gap:var(--global-kb-gap-md, 2rem);row-gap:var(--global-kb-gap-md, 2rem);padding-top:var(--global-kb-spacing-sm, 1.5rem);padding-bottom:var(--global-kb-spacing-sm, 1.5rem);grid-template-columns:minmax(0, 1fr);}.kb-row-layout-id6451_ecdcc7-10 > .kt-row-layout-overlay{opacity:0.30;}@media all and (max-width: 1024px){.kb-row-layout-id6451_ecdcc7-10 > .kt-row-column-wrap{grid-template-columns:minmax(0, 1fr);}}@media all and (max-width: 767px){.kb-row-layout-id6451_ecdcc7-10 > .kt-row-column-wrap{grid-template-columns:minmax(0, 1fr);}}<\/style><div class=\"kb-row-layout-wrap kb-row-layout-id6451_ecdcc7-10 alignnone wp-block-kadence-rowlayout\"><div class=\"kt-row-column-wrap kt-has-1-columns kt-row-layout-equal kt-tab-layout-inherit kt-mobile-layout-row kt-row-valign-top\">\n<style>.kadence-column6451_f71b01-5b > .kt-inside-inner-col,.kadence-column6451_f71b01-5b > .kt-inside-inner-col:before{border-top-left-radius:0px;border-top-right-radius:0px;border-bottom-right-radius:0px;border-bottom-left-radius:0px;}.kadence-column6451_f71b01-5b > .kt-inside-inner-col{column-gap:var(--global-kb-gap-sm, 1rem);}.kadence-column6451_f71b01-5b > .kt-inside-inner-col{flex-direction:column;}.kadence-column6451_f71b01-5b > .kt-inside-inner-col > .aligncenter{width:100%;}.kadence-column6451_f71b01-5b > .kt-inside-inner-col:before{opacity:0.3;}.kadence-column6451_f71b01-5b{position:relative;}@media all and (max-width: 1024px){.kadence-column6451_f71b01-5b > .kt-inside-inner-col{flex-direction:column;justify-content:center;}}@media all and (max-width: 767px){.kadence-column6451_f71b01-5b > .kt-inside-inner-col{flex-direction:column;justify-content:center;}}<\/style>\n<div class=\"wp-block-kadence-column kadence-column6451_f71b01-5b\"><div class=\"kt-inside-inner-col\"><style>.wp-block-kadence-advancedheading.kt-adv-heading6451_9f023c-03, .wp-block-kadence-advancedheading.kt-adv-heading6451_9f023c-03[data-kb-block=\"kb-adv-heading6451_9f023c-03\"]{font-style:normal;}.wp-block-kadence-advancedheading.kt-adv-heading6451_9f023c-03 mark.kt-highlight, .wp-block-kadence-advancedheading.kt-adv-heading6451_9f023c-03[data-kb-block=\"kb-adv-heading6451_9f023c-03\"] mark.kt-highlight{font-style:normal;color:#f76a0c;-webkit-box-decoration-break:clone;box-decoration-break:clone;padding-top:0px;padding-right:0px;padding-bottom:0px;padding-left:0px;}.wp-block-kadence-advancedheading.kt-adv-heading6451_9f023c-03 img.kb-inline-image, .wp-block-kadence-advancedheading.kt-adv-heading6451_9f023c-03[data-kb-block=\"kb-adv-heading6451_9f023c-03\"] img.kb-inline-image{width:150px;vertical-align:baseline;}<\/style>\n<h3 class=\"kt-adv-heading6451_9f023c-03 wp-block-kadence-advancedheading\" data-kb-block=\"kb-adv-heading6451_9f023c-03\">Detalles importantes sobre el sendero por las copas de los \u00e1rboles de Bachledka<\/h3>\n\n\n\n<figure class=\"wp-block-table\"><table><tbody><tr><td>Gastronom\u00eda:<\/td><td><a href=\"https:\/\/bachledka.sk\/en\/panorama-restaurant\" target=\"_blank\" data-type=\"link\" data-id=\"https:\/\/bachledka.sk\/en\/panorama-restaurant\" rel=\"noreferrer noopener\">Restaurante PANORAMA Bachledka<\/a> justo al lado del paseo de las copas de los \u00e1rboles.<\/td><\/tr><tr><td>Instalaciones sanitarias:<\/td><td>En el Restaurante Panorama.<\/td><\/tr><tr><td>Sin barreras:<\/td><td>El sendero de las copas de los \u00e1rboles est\u00e1 totalmente libre de barreras.<\/td><\/tr><tr><td>Se admiten perros:<\/td><td>No, no se admiten perros. Hay boxes para perros en la entrada.<\/td><\/tr><tr><td>Visitas guiadas:<\/td><td>Las visitas guiadas tienen lugar todos los jueves durante la temporada de verano<\/td><\/tr><tr><td>Descuento para grupos:<\/td><td>S\u00ed, de 15 personas.<\/td><\/tr><\/tbody><\/table><figcaption class=\"wp-element-caption\">Detalles sobre el sendero por las copas de los \u00e1rboles de Bachledka<\/figcaption><\/figure>\n<\/div><\/div>\n\n<\/div><\/div>\n<h3 class=\"wp-block-heading\">Horario de apertura 2026 del paseo por las copas de los \u00e1rboles Bachledka<\/h3>\n\n<figure class=\"wp-block-table\"><table class=\"has-fixed-layout\"><tbody><tr><td>Mayo \u2013 Junio:<\/td><td>de 9:00 a 17:00<\/td><\/tr><tr><td>Julio \u2013 Agosto:<\/td><td>de 9:00 a 18:00<\/td><\/tr><tr><td>Septiembre:  <\/td><td>de 9:00 a 17:00<\/td><\/tr><tr><td>De octubre a abril:<\/td><td>de 9:00 a 16:00<\/td><\/tr><\/tbody><\/table><figcaption class=\"wp-element-caption\">Horario de apertura 2026 Paseo por las copas de los \u00e1rboles de Bachledka<\/figcaption><\/figure>\n\n<hr class=\"wp-block-separator has-alpha-channel-opacity\" style=\"margin-top:var(--wp--preset--spacing--50);margin-bottom:var(--wp--preset--spacing--50)\"\/>\n<style>.kadence-column6451_a0e451-61 > .kt-inside-inner-col{display:flex;}.kadence-column6451_a0e451-61 > .kt-inside-inner-col{padding-top:var(--global-kb-spacing-xs, 1rem);padding-right:var(--global-kb-spacing-xs, 1rem);padding-bottom:var(--global-kb-spacing-xs, 1rem);padding-left:var(--global-kb-spacing-xs, 1rem);}.kadence-column6451_a0e451-61 > .kt-inside-inner-col{box-shadow:0px 0px 14px 0px rgba(0, 0, 0, 0.2);}.kadence-column6451_a0e451-61 > .kt-inside-inner-col,.kadence-column6451_a0e451-61 > .kt-inside-inner-col:before{border-top-left-radius:0px;border-top-right-radius:0px;border-bottom-right-radius:0px;border-bottom-left-radius:0px;}.kadence-column6451_a0e451-61 > .kt-inside-inner-col{column-gap:var(--global-kb-gap-sm, 1rem);}.kadence-column6451_a0e451-61 > .kt-inside-inner-col{flex-direction:column;align-items:center;}.kadence-column6451_a0e451-61 > .kt-inside-inner-col > .kb-image-is-ratio-size{align-self:stretch;}.kadence-column6451_a0e451-61 > .kt-inside-inner-col > .wp-block-kadence-advancedgallery{align-self:stretch;}.kadence-column6451_a0e451-61 > .kt-inside-inner-col > .aligncenter{width:100%;}.kadence-column6451_a0e451-61 > .kt-inside-inner-col{background-color:var(--global-palette8, #F7FAFC);}.kadence-column6451_a0e451-61 > .kt-inside-inner-col:before{opacity:0.3;}.kadence-column6451_a0e451-61{position:relative;}@media all and (max-width: 1024px){.kadence-column6451_a0e451-61 > .kt-inside-inner-col{flex-direction:column;justify-content:center;align-items:center;}}@media all and (max-width: 767px){.kadence-column6451_a0e451-61 > .kt-inside-inner-col{flex-direction:column;justify-content:center;align-items:center;}}<\/style>\n<div class=\"wp-block-kadence-column kadence-column6451_a0e451-61\"><div class=\"kt-inside-inner-col\">\n<p class=\"has-text-align-center\">\u00bfQu\u00e9 te parece el sendero arbolado de Bachledka? Por favor, d\u00e9jame una rese\u00f1a.   <br\/>Nos ayudas a nosotros y a otros amantes de la naturaleza. Muchas gracias \ud83d\ude42 \u00a1! <\/p>\n\n\n\n<div class=\"wp-block-yet-another-stars-rating-visitor-votes aligncenter yasr-vv-block\"><\/div>\n\n\n\n<p>Puedes encontrar m\u00e1s aventuras emocionantes en nuestra <a href=\"https:\/\/walderlebnispfade.de\/es\/experiencias-forestales\/\" data-type=\"page\" data-id=\"228\">b\u00fasqueda de experiencias en el bosque<\/a> y en nuestro <a href=\"https:\/\/walderlebnispfade.de\/es\/rutas-por-los-arboles-de-europa\/\" data-type=\"post\" data-id=\"5843\">resumen de paseos por las copas de los \u00e1rboles<\/a>.<\/p>\n<\/div><\/div>\n\n<hr class=\"wp-block-separator has-alpha-channel-opacity\" style=\"margin-top:var(--wp--preset--spacing--50);margin-bottom:var(--wp--preset--spacing--50)\"\/>\n\n<h2 class=\"wp-block-heading\">V\u00eddeo sobre el paseo por las copas de los \u00e1rboles de Bachledka<\/h2>\n\n<figure class=\"wp-block-embed is-type-video is-provider-youtube wp-block-embed-youtube wp-embed-aspect-16-9 wp-has-aspect-ratio\"><div class=\"wp-block-embed__wrapper\">\n<iframe loading=\"lazy\" hcb-fetch-image-from=\"https:\/\/youtu.be\/cmMm7RCh-4U?si=cAfFcCdc20m61_UW\" title=\"Bachledka \u015acie\u017cka w Koronach Drzew S\u0142owacja \/ Chodn\u00edk korunami stromov 2024  -  4K\" width=\"720\" height=\"405\" src=\"https:\/\/www.youtube.com\/embed\/cmMm7RCh-4U?feature=oembed\" frameborder=\"0\" allow=\"accelerometer; autoplay; clipboard-write; encrypted-media; gyroscope; picture-in-picture; web-share\" referrerpolicy=\"strict-origin-when-cross-origin\" allowfullscreen><\/iframe>\n<\/div><\/figure>\n\n<p><\/p>\n","protected":false},"author":2,"featured_media":6459,"comment_status":"open","ping_status":"closed","template":"","meta":{"_kad_blocks_custom_css":"","_kad_blocks_head_custom_js":"","_kad_blocks_body_custom_js":"","_kad_blocks_footer_custom_js":"","_kad_post_transparent":"","_kad_post_title":"","_kad_post_layout":"","_kad_post_sidebar_id":"","_kad_post_content_style":"","_kad_post_vertical_padding":"","_kad_post_feature":"","_kad_post_feature_position":"","_kad_post_header":false,"_kad_post_footer":false,"_kad_post_classname":"","yasr_overall_rating":0,"yasr_post_is_review":"","yasr_auto_insert_disabled":"","yasr_review_type":"LocalBusiness"},"region":[164],"erlebnisart":[173,176],"class_list":["post-6469","erlebnisse","type-erlebnisse","status-publish","has-post-thumbnail","hentry","region-slowakei-es","erlebnisart-wandern-es","erlebnisart-baumwipfelpfad-es"],"yasr_visitor_votes":{"stars_attributes":{"read_only":false,"span_bottom":false},"number_of_votes":1,"sum_votes":4},"taxonomy_info":{"region":[{"value":164,"label":"Eslovaquia"}],"erlebnisart":[{"value":173,"label":"Senderismo"},{"value":176,"label":"Sendero entre las copas de los \u00e1rboles"}]},"featured_image_src_large":["https:\/\/walderlebnispfade.de\/wp-content\/uploads\/2025\/02\/Baumwipfelpfad_Bachledka-1024x576.jpg",1024,576,true],"author_info":{"display_name":"Moni","author_link":"https:\/\/walderlebnispfade.de\/es\/author\/moni\/"},"comment_info":0,"_links":{"self":[{"href":"https:\/\/walderlebnispfade.de\/es\/wp-json\/wp\/v2\/erlebnisse\/6469","targetHints":{"allow":["GET"]}}],"collection":[{"href":"https:\/\/walderlebnispfade.de\/es\/wp-json\/wp\/v2\/erlebnisse"}],"about":[{"href":"https:\/\/walderlebnispfade.de\/es\/wp-json\/wp\/v2\/types\/erlebnisse"}],"author":[{"embeddable":true,"href":"https:\/\/walderlebnispfade.de\/es\/wp-json\/wp\/v2\/users\/2"}],"replies":[{"embeddable":true,"href":"https:\/\/walderlebnispfade.de\/es\/wp-json\/wp\/v2\/comments?post=6469"}],"wp:featuredmedia":[{"embeddable":true,"href":"https:\/\/walderlebnispfade.de\/es\/wp-json\/wp\/v2\/media\/6459"}],"wp:attachment":[{"href":"https:\/\/walderlebnispfade.de\/es\/wp-json\/wp\/v2\/media?parent=6469"}],"wp:term":[{"taxonomy":"region","embeddable":true,"href":"https:\/\/walderlebnispfade.de\/es\/wp-json\/wp\/v2\/region?post=6469"},{"taxonomy":"erlebnisart","embeddable":true,"href":"https:\/\/walderlebnispfade.de\/es\/wp-json\/wp\/v2\/erlebnisart?post=6469"}],"curies":[{"name":"wp","href":"https:\/\/api.w.org\/{rel}","templated":true}]}}