{"id":6472,"date":"2025-02-06T21:00:51","date_gmt":"2025-02-06T20:00:51","guid":{"rendered":"https:\/\/walderlebnispfade.de\/erlebnisse\/paseo-por-las-copas-de-los-arboles-de-krkonose\/"},"modified":"2026-04-22T11:49:49","modified_gmt":"2026-04-22T09:49:49","slug":"paseo-por-las-copas-de-los-arboles-de-krkonose","status":"publish","type":"erlebnisse","link":"https:\/\/walderlebnispfade.de\/es\/erlebnisse\/paseo-por-las-copas-de-los-arboles-de-krkonose\/","title":{"rendered":"Paseo por las copas de los \u00e1rboles de Krkono\u0161e"},"content":{"rendered":"<style>.wp-block-kadence-advancedheading.kt-adv-heading6419_0fee42-fd, .wp-block-kadence-advancedheading.kt-adv-heading6419_0fee42-fd[data-kb-block=\"kb-adv-heading6419_0fee42-fd\"]{font-style:normal;}.wp-block-kadence-advancedheading.kt-adv-heading6419_0fee42-fd mark.kt-highlight, .wp-block-kadence-advancedheading.kt-adv-heading6419_0fee42-fd[data-kb-block=\"kb-adv-heading6419_0fee42-fd\"] mark.kt-highlight{font-style:normal;color:#f76a0c;-webkit-box-decoration-break:clone;box-decoration-break:clone;padding-top:0px;padding-right:0px;padding-bottom:0px;padding-left:0px;}.wp-block-kadence-advancedheading.kt-adv-heading6419_0fee42-fd img.kb-inline-image, .wp-block-kadence-advancedheading.kt-adv-heading6419_0fee42-fd[data-kb-block=\"kb-adv-heading6419_0fee42-fd\"] img.kb-inline-image{width:150px;vertical-align:baseline;}<\/style>\n<h2 class=\"kt-adv-heading6419_0fee42-fd wp-block-kadence-advancedheading\" data-kb-block=\"kb-adv-heading6419_0fee42-fd\">Paseo por las copas de los \u00e1rboles en los Montes Krkono\u0161e<\/h2>\n\n<p>El paseo por las copas de los \u00e1rboles de Krkono\u0161e est\u00e1 situado en el coraz\u00f3n de los bosques del Parque Nacional de Krkono\u0161e. Muestra lo que hace \u00fanica a la naturaleza de la cordillera m\u00e1s alta de la Rep\u00fablica Checa, con su car\u00e1cter subalpino. Conoce aqu\u00ed los hermosos bosques literalmente desde las ra\u00edces hasta las copas de los \u00e1rboles. \u00a1La vista desde una altura de 45 m es \u00fanica! Formar\u00e1s parte de la vida del bosque y conocer\u00e1s muchos animales y plantas que no encontrar\u00e1s en ning\u00fan otro lugar.    <\/p>\n<style>.kb-table-of-content-nav.kb-table-of-content-id6419_088461-89 .kb-table-of-content-wrap{padding-top:var(--global-kb-spacing-sm, 1.5rem);padding-right:var(--global-kb-spacing-sm, 1.5rem);padding-bottom:var(--global-kb-spacing-sm, 1.5rem);padding-left:var(--global-kb-spacing-sm, 1.5rem);background-color:var(--global-palette8, #F7FAFC);box-shadow:inset 0px 0px 14px 0px rgba(0, 0, 0, 0.2);}.kb-table-of-content-nav.kb-table-of-content-id6419_088461-89 .kb-table-of-contents-title-wrap{padding-top:0px;padding-right:0px;padding-bottom:0px;padding-left:0px;}.kb-table-of-content-nav.kb-table-of-content-id6419_088461-89 .kb-table-of-contents-title{font-weight:regular;font-style:normal;}.kb-table-of-content-nav.kb-table-of-content-id6419_088461-89 .kb-table-of-content-wrap .kb-table-of-content-list{font-weight:regular;font-style:normal;margin-top:var(--global-kb-spacing-sm, 1.5rem);margin-right:0px;margin-bottom:0px;margin-left:0px;}.kb-table-of-content-nav.kb-table-of-content-id6419_088461-89 .kb-toggle-icon-style-basiccircle .kb-table-of-contents-icon-trigger:after, .kb-table-of-content-nav.kb-table-of-content-id6419_088461-89 .kb-toggle-icon-style-basiccircle .kb-table-of-contents-icon-trigger:before, .kb-table-of-content-nav.kb-table-of-content-id6419_088461-89 .kb-toggle-icon-style-arrowcircle .kb-table-of-contents-icon-trigger:after, .kb-table-of-content-nav.kb-table-of-content-id6419_088461-89 .kb-toggle-icon-style-arrowcircle .kb-table-of-contents-icon-trigger:before, .kb-table-of-content-nav.kb-table-of-content-id6419_088461-89 .kb-toggle-icon-style-xclosecircle .kb-table-of-contents-icon-trigger:after, .kb-table-of-content-nav.kb-table-of-content-id6419_088461-89 .kb-toggle-icon-style-xclosecircle .kb-table-of-contents-icon-trigger:before{background-color:var(--global-palette8, #F7FAFC);}<\/style><style>.kb-row-layout-id6419_b51619-73 > .kt-row-column-wrap{align-content:start;}:where(.kb-row-layout-id6419_b51619-73 > .kt-row-column-wrap) > .wp-block-kadence-column{justify-content:start;}.kb-row-layout-id6419_b51619-73 > .kt-row-column-wrap{column-gap:var(--global-kb-gap-md, 2rem);row-gap:var(--global-kb-gap-md, 2rem);padding-top:var(--global-kb-spacing-sm, 1.5rem);padding-bottom:var(--global-kb-spacing-sm, 1.5rem);grid-template-columns:repeat(2, minmax(0, 1fr));}.kb-row-layout-id6419_b51619-73 > .kt-row-layout-overlay{opacity:0.30;}@media all and (max-width: 1024px){.kb-row-layout-id6419_b51619-73 > .kt-row-column-wrap{grid-template-columns:repeat(2, minmax(0, 1fr));}}@media all and (max-width: 767px){.kb-row-layout-id6419_b51619-73 > .kt-row-column-wrap{grid-template-columns:minmax(0, 1fr);}}<\/style><div class=\"kb-row-layout-wrap kb-row-layout-id6419_b51619-73 alignnone wp-block-kadence-rowlayout\"><div class=\"kt-row-column-wrap kt-has-2-columns kt-row-layout-equal kt-tab-layout-inherit kt-mobile-layout-row kt-row-valign-top\">\n<style>.kadence-column6419_556bae-10 > .kt-inside-inner-col,.kadence-column6419_556bae-10 > .kt-inside-inner-col:before{border-top-left-radius:0px;border-top-right-radius:0px;border-bottom-right-radius:0px;border-bottom-left-radius:0px;}.kadence-column6419_556bae-10 > .kt-inside-inner-col{column-gap:var(--global-kb-gap-sm, 1rem);}.kadence-column6419_556bae-10 > .kt-inside-inner-col{flex-direction:column;}.kadence-column6419_556bae-10 > .kt-inside-inner-col > .aligncenter{width:100%;}.kadence-column6419_556bae-10 > .kt-inside-inner-col:before{opacity:0.3;}.kadence-column6419_556bae-10{position:relative;}@media all and (max-width: 1024px){.kadence-column6419_556bae-10 > .kt-inside-inner-col{flex-direction:column;justify-content:center;}}@media all and (max-width: 767px){.kadence-column6419_556bae-10 > .kt-inside-inner-col{flex-direction:column;justify-content:center;}}<\/style>\n<div class=\"wp-block-kadence-column kadence-column6419_556bae-10\"><div class=\"kt-inside-inner-col\">\n<p>Los senderos recorren los distintos niveles del bosque sin escalones y, por tanto, sin barreras. As\u00ed podr\u00e1s conocer los bosques de los Montes Krkono\u0161e desde las ra\u00edces hasta las copas. Hay tres emocionantes estaciones de aventura en el camino de subida, adecuadas tanto para ni\u00f1os peque\u00f1os como mayores.  <\/p>\n\n\n\n<p>En la cueva situada bajo la torre de observaci\u00f3n, puedes aprender todo lo que ocurre en el bosque bajo la superficie. Majestuosas ra\u00edces y diminutas criaturas esperan a ser descubiertas. La exposici\u00f3n interactiva ense\u00f1a a los visitantes el ecosistema forestal de forma divertida.  <\/p>\n<\/div><\/div>\n\n\n<style>.kadence-column6419_82df80-a1 > .kt-inside-inner-col,.kadence-column6419_82df80-a1 > .kt-inside-inner-col:before{border-top-left-radius:0px;border-top-right-radius:0px;border-bottom-right-radius:0px;border-bottom-left-radius:0px;}.kadence-column6419_82df80-a1 > .kt-inside-inner-col{column-gap:var(--global-kb-gap-sm, 1rem);}.kadence-column6419_82df80-a1 > .kt-inside-inner-col{flex-direction:column;}.kadence-column6419_82df80-a1 > .kt-inside-inner-col > .aligncenter{width:100%;}.kadence-column6419_82df80-a1 > .kt-inside-inner-col:before{opacity:0.3;}.kadence-column6419_82df80-a1{position:relative;}@media all and (max-width: 1024px){.kadence-column6419_82df80-a1 > .kt-inside-inner-col{flex-direction:column;justify-content:center;}}@media all and (max-width: 767px){.kadence-column6419_82df80-a1 > .kt-inside-inner-col{flex-direction:column;justify-content:center;}}<\/style>\n<div class=\"wp-block-kadence-column kadence-column6419_82df80-a1\"><div class=\"kt-inside-inner-col\"><style>.kb-image6419_67f551-69 .kb-image-has-overlay:after{opacity:0.3;}<\/style>\n<figure class=\"wp-block-kadence-image kb-image6419_67f551-69 size-full\"><img loading=\"lazy\" decoding=\"async\" width=\"1024\" height=\"576\" src=\"https:\/\/walderlebnispfade.de\/wp-content\/uploads\/2025\/02\/Krkonose_Aussicht.jpg\" alt=\"Aussicht vom Baumfipfelpfad Krkonose im Riesengebirge in Tschechien\" class=\"kb-img wp-image-6426\" srcset=\"https:\/\/walderlebnispfade.de\/wp-content\/uploads\/2025\/02\/Krkonose_Aussicht.jpg 1024w, https:\/\/walderlebnispfade.de\/wp-content\/uploads\/2025\/02\/Krkonose_Aussicht-300x169.jpg 300w, https:\/\/walderlebnispfade.de\/wp-content\/uploads\/2025\/02\/Krkonose_Aussicht-768x432.jpg 768w\" sizes=\"auto, (max-width: 1024px) 100vw, 1024px\" \/><\/figure>\n<\/div><\/div>\n\n<\/div><\/div>\n<p>Si te va m\u00e1s la acci\u00f3n, puedes lanzarte por un tobog\u00e1n t\u00fanel de 80 m de largo desde lo alto de la torre de observaci\u00f3n y experimentar una descarga de adrenalina \u00fanica. Para los visitantes m\u00e1s j\u00f3venes, hay un parque infantil de aventuras justo al lado del paseo por las copas de los \u00e1rboles de Krkono\u0161e. <\/p>\n\n<p>Hay muchas otras opciones de excursiones interesantes alrededor del paseo por las copas de los \u00e1rboles:<\/p>\n\n<ul class=\"wp-block-list\">\n<li>Viaja en el telef\u00e9rico<a href=\"https:\/\/leto.skiresort.cz\/en\/lanovky\/cernohorsky-express\/\" data-type=\"link\" data-id=\"https:\/\/leto.skiresort.cz\/en\/lanovky\/cernohorsky-express\/\" target=\"_blank\" rel=\"noopener\">\u00ab\u010cernohorsk\u00fd Express\u00bb<\/a>hasta la cima de \u010cern\u00e1 Hora<\/li>\n\n\n\n<li>Una excursi\u00f3n por el p\u00e1ramo de \u010cernohorsk\u00e1 hasta Pec pod Sn\u011b\u017ekou  <\/li>\n\n\n\n<li>Bienestar en la mundialmente famosa ciudad balneario de Jansk\u00e9 L\u00e1zn\u011b<\/li>\n<\/ul>\n<style>.kb-row-layout-id6419_ab2219-35 > .kt-row-column-wrap{align-content:start;}:where(.kb-row-layout-id6419_ab2219-35 > .kt-row-column-wrap) > .wp-block-kadence-column{justify-content:start;}.kb-row-layout-id6419_ab2219-35 > .kt-row-column-wrap{column-gap:var(--global-kb-gap-md, 2rem);row-gap:var(--global-kb-gap-md, 2rem);padding-top:var(--global-kb-spacing-sm, 1.5rem);padding-bottom:var(--global-kb-spacing-sm, 1.5rem);grid-template-columns:minmax(0, 1fr);}.kb-row-layout-id6419_ab2219-35 > .kt-row-layout-overlay{opacity:0.30;}@media all and (max-width: 1024px){.kb-row-layout-id6419_ab2219-35 > .kt-row-column-wrap{grid-template-columns:minmax(0, 1fr);}}@media all and (max-width: 767px){.kb-row-layout-id6419_ab2219-35 > .kt-row-column-wrap{grid-template-columns:minmax(0, 1fr);}}<\/style><div class=\"kb-row-layout-wrap kb-row-layout-id6419_ab2219-35 alignnone wp-block-kadence-rowlayout\"><div class=\"kt-row-column-wrap kt-has-1-columns kt-row-layout-equal kt-tab-layout-inherit kt-mobile-layout-row kt-row-valign-top\">\n<style>.kadence-column6419_6e5124-43 > .kt-inside-inner-col,.kadence-column6419_6e5124-43 > .kt-inside-inner-col:before{border-top-left-radius:0px;border-top-right-radius:0px;border-bottom-right-radius:0px;border-bottom-left-radius:0px;}.kadence-column6419_6e5124-43 > .kt-inside-inner-col{column-gap:var(--global-kb-gap-sm, 1rem);}.kadence-column6419_6e5124-43 > .kt-inside-inner-col{flex-direction:column;}.kadence-column6419_6e5124-43 > .kt-inside-inner-col > .aligncenter{width:100%;}.kadence-column6419_6e5124-43 > .kt-inside-inner-col:before{opacity:0.3;}.kadence-column6419_6e5124-43{position:relative;}@media all and (max-width: 1024px){.kadence-column6419_6e5124-43 > .kt-inside-inner-col{flex-direction:column;justify-content:center;}}@media all and (max-width: 767px){.kadence-column6419_6e5124-43 > .kt-inside-inner-col{flex-direction:column;justify-content:center;}}<\/style>\n<div class=\"wp-block-kadence-column kadence-column6419_6e5124-43\"><div class=\"kt-inside-inner-col\"><style>.wp-block-kadence-advancedheading.kt-adv-heading6419_4b12ed-73, .wp-block-kadence-advancedheading.kt-adv-heading6419_4b12ed-73[data-kb-block=\"kb-adv-heading6419_4b12ed-73\"]{font-style:normal;}.wp-block-kadence-advancedheading.kt-adv-heading6419_4b12ed-73 mark.kt-highlight, .wp-block-kadence-advancedheading.kt-adv-heading6419_4b12ed-73[data-kb-block=\"kb-adv-heading6419_4b12ed-73\"] mark.kt-highlight{font-style:normal;color:#f76a0c;-webkit-box-decoration-break:clone;box-decoration-break:clone;padding-top:0px;padding-right:0px;padding-bottom:0px;padding-left:0px;}.wp-block-kadence-advancedheading.kt-adv-heading6419_4b12ed-73 img.kb-inline-image, .wp-block-kadence-advancedheading.kt-adv-heading6419_4b12ed-73[data-kb-block=\"kb-adv-heading6419_4b12ed-73\"] img.kb-inline-image{width:150px;vertical-align:baseline;}<\/style>\n<h3 class=\"kt-adv-heading6419_4b12ed-73 wp-block-kadence-advancedheading\" data-kb-block=\"kb-adv-heading6419_4b12ed-73\">Detalles importantes sobre el sendero por las copas de los \u00e1rboles de Krkono\u0161e<\/h3>\n\n\n\n<figure class=\"wp-block-table\"><table><tbody><tr><td>Gastronom\u00eda:<\/td><td>En el edificio principal est\u00e1 el restaurante autoservicio V Korun\u00e1ch (Restaurante en las copas de los \u00e1rboles)<\/td><\/tr><tr><td>Instalaciones sanitarias:<\/td><td>En el edificio principal, al comienzo del camino.<\/td><\/tr><tr><td>Sin barreras:<\/td><td>S\u00ed. Hay plazas de aparcamiento para discapacitados y acceso sin barreras.<\/td><\/tr><tr><td>Se admiten perros:<\/td><td>No, no se admiten perros. Hay boxes para perros en la entrada.<\/td><\/tr><tr><td>Visitas guiadas:<\/td><td>Para grupos de 15 personas o m\u00e1s. Reserva con antelaci\u00f3n en <a href=\"mailto:SKSK.pruvodci@krnap.cz\">SKSK.pruvodci@krnap.cz.<\/a>  <\/td><\/tr><tr><td>Descuento para grupos:<\/td><td>S\u00ed, de 15 personas.<\/td><\/tr><\/tbody><\/table><figcaption class=\"wp-element-caption\">Detalles sobre el sendero de las copas de los \u00e1rboles de Krkono\u0161e<\/figcaption><\/figure>\n<\/div><\/div>\n\n<\/div><\/div>\n<h3 class=\"wp-block-heading\">Horario de apertura 2026 del paseo por las copas de los \u00e1rboles de Krkono\u0161e<\/h3>\n\n<figure class=\"wp-block-table\"><table class=\"has-fixed-layout\"><tbody><tr><td>Enero:<\/td><td>De 9:30 a 16:00<\/td><\/tr><tr><td>Febrero (evento Lichterzauber):<\/td><td>De 9:30 a 20:30<\/td><\/tr><tr><td>En marzo:  <\/td><td>De 9:30 a 17:00<\/td><\/tr><tr><td>Abril, Mayo:<\/td><td>De 9:30 a 18:00<\/td><\/tr><tr><td>Junio, julio, agosto y septiembre:<\/td><td>De 9:30 a 19:00<\/td><\/tr><tr><td>Octubre:<\/td><td>De 9:30 a 17:00<\/td><\/tr><tr><td>Noviembre, Diciembre:<\/td><td>De 9:30 a 16:00<\/td><\/tr><\/tbody><\/table><figcaption class=\"wp-element-caption\">Horario de apertura del paseo por las copas de los \u00e1rboles en los Montes Krkono\u0161e<\/figcaption><\/figure>\n\n<hr class=\"wp-block-separator has-alpha-channel-opacity\" style=\"margin-top:var(--wp--preset--spacing--50);margin-bottom:var(--wp--preset--spacing--50)\"\/>\n<style>.kadence-column6419_1552b0-f3 > .kt-inside-inner-col{display:flex;}.kadence-column6419_1552b0-f3 > .kt-inside-inner-col{padding-top:var(--global-kb-spacing-xs, 1rem);padding-right:var(--global-kb-spacing-xs, 1rem);padding-bottom:var(--global-kb-spacing-xs, 1rem);padding-left:var(--global-kb-spacing-xs, 1rem);}.kadence-column6419_1552b0-f3 > .kt-inside-inner-col{box-shadow:0px 0px 14px 0px rgba(0, 0, 0, 0.2);}.kadence-column6419_1552b0-f3 > .kt-inside-inner-col,.kadence-column6419_1552b0-f3 > .kt-inside-inner-col:before{border-top-left-radius:0px;border-top-right-radius:0px;border-bottom-right-radius:0px;border-bottom-left-radius:0px;}.kadence-column6419_1552b0-f3 > .kt-inside-inner-col{column-gap:var(--global-kb-gap-sm, 1rem);}.kadence-column6419_1552b0-f3 > .kt-inside-inner-col{flex-direction:column;align-items:center;}.kadence-column6419_1552b0-f3 > .kt-inside-inner-col > .kb-image-is-ratio-size{align-self:stretch;}.kadence-column6419_1552b0-f3 > .kt-inside-inner-col > .wp-block-kadence-advancedgallery{align-self:stretch;}.kadence-column6419_1552b0-f3 > .kt-inside-inner-col > .aligncenter{width:100%;}.kadence-column6419_1552b0-f3 > .kt-inside-inner-col{background-color:var(--global-palette8, #F7FAFC);}.kadence-column6419_1552b0-f3 > .kt-inside-inner-col:before{opacity:0.3;}.kadence-column6419_1552b0-f3{position:relative;}@media all and (max-width: 1024px){.kadence-column6419_1552b0-f3 > .kt-inside-inner-col{flex-direction:column;justify-content:center;align-items:center;}}@media all and (max-width: 767px){.kadence-column6419_1552b0-f3 > .kt-inside-inner-col{flex-direction:column;justify-content:center;align-items:center;}}<\/style>\n<div class=\"wp-block-kadence-column kadence-column6419_1552b0-f3\"><div class=\"kt-inside-inner-col\">\n<p class=\"has-text-align-center\">\u00bfQu\u00e9 te parece el sendero arbolado de Krkono\u0161e? Por favor, d\u00e9jame una rese\u00f1a.   <br\/>Nos ayudas a nosotros y a otros amantes de la naturaleza. Muchas gracias \ud83d\ude42 \u00a1! <\/p>\n\n\n\n<div class=\"wp-block-yet-another-stars-rating-visitor-votes aligncenter yasr-vv-block\"><\/div>\n\n\n\n<p>Puedes encontrar m\u00e1s aventuras emocionantes en nuestra <a href=\"https:\/\/walderlebnispfade.de\/es\/experiencias-forestales\/\" data-type=\"page\" data-id=\"228\">b\u00fasqueda de experiencias en el bosque<\/a> y en nuestro <a href=\"https:\/\/walderlebnispfade.de\/es\/rutas-por-los-arboles-de-europa\/\" data-type=\"post\" data-id=\"5843\">resumen de paseos por las copas de los \u00e1rboles<\/a>.<\/p>\n<\/div><\/div>\n\n<hr class=\"wp-block-separator has-alpha-channel-opacity\" style=\"margin-top:var(--wp--preset--spacing--50);margin-bottom:var(--wp--preset--spacing--50)\"\/>\n\n<h2 class=\"wp-block-heading\">V\u00eddeo sobre el paseo por las copas de los \u00e1rboles de Krkono\u0161e<\/h2>\n\n<figure class=\"wp-block-embed is-type-video is-provider-youtube wp-block-embed-youtube wp-embed-aspect-16-9 wp-has-aspect-ratio\"><div class=\"wp-block-embed__wrapper\">\n<iframe loading=\"lazy\" hcb-fetch-image-from=\"https:\/\/youtu.be\/2fT0aa4J8F0?si=GvuR3hW8UgSbqJix\" title=\"The Krkono\u0161e Tree Top Walk (Czech Republic) - Nov. 2020\" width=\"720\" height=\"405\" src=\"https:\/\/www.youtube.com\/embed\/2fT0aa4J8F0?feature=oembed\" frameborder=\"0\" allow=\"accelerometer; autoplay; clipboard-write; encrypted-media; gyroscope; picture-in-picture; web-share\" referrerpolicy=\"strict-origin-when-cross-origin\" allowfullscreen><\/iframe>\n<\/div><\/figure>\n","protected":false},"author":2,"featured_media":6425,"comment_status":"open","ping_status":"closed","template":"","meta":{"_kad_blocks_custom_css":"","_kad_blocks_head_custom_js":"","_kad_blocks_body_custom_js":"","_kad_blocks_footer_custom_js":"","_kad_post_transparent":"","_kad_post_title":"","_kad_post_layout":"","_kad_post_sidebar_id":"","_kad_post_content_style":"","_kad_post_vertical_padding":"","_kad_post_feature":"","_kad_post_feature_position":"","_kad_post_header":false,"_kad_post_footer":false,"_kad_post_classname":"","yasr_overall_rating":0,"yasr_post_is_review":"","yasr_auto_insert_disabled":"","yasr_review_type":"LocalBusiness"},"region":[161],"erlebnisart":[173,176],"class_list":["post-6472","erlebnisse","type-erlebnisse","status-publish","has-post-thumbnail","hentry","region-tschechien-es","erlebnisart-wandern-es","erlebnisart-baumwipfelpfad-es"],"yasr_visitor_votes":{"stars_attributes":{"read_only":false,"span_bottom":false},"number_of_votes":0,"sum_votes":0},"taxonomy_info":{"region":[{"value":161,"label":"Tschechien"}],"erlebnisart":[{"value":173,"label":"Senderismo"},{"value":176,"label":"Sendero entre las copas de los \u00e1rboles"}]},"featured_image_src_large":["https:\/\/walderlebnispfade.de\/wp-content\/uploads\/2025\/02\/Baumwipfelpfad_Krkonose-1024x576.jpg",1024,576,true],"author_info":{"display_name":"Moni","author_link":"https:\/\/walderlebnispfade.de\/es\/author\/moni\/"},"comment_info":0,"_links":{"self":[{"href":"https:\/\/walderlebnispfade.de\/es\/wp-json\/wp\/v2\/erlebnisse\/6472","targetHints":{"allow":["GET"]}}],"collection":[{"href":"https:\/\/walderlebnispfade.de\/es\/wp-json\/wp\/v2\/erlebnisse"}],"about":[{"href":"https:\/\/walderlebnispfade.de\/es\/wp-json\/wp\/v2\/types\/erlebnisse"}],"author":[{"embeddable":true,"href":"https:\/\/walderlebnispfade.de\/es\/wp-json\/wp\/v2\/users\/2"}],"replies":[{"embeddable":true,"href":"https:\/\/walderlebnispfade.de\/es\/wp-json\/wp\/v2\/comments?post=6472"}],"wp:featuredmedia":[{"embeddable":true,"href":"https:\/\/walderlebnispfade.de\/es\/wp-json\/wp\/v2\/media\/6425"}],"wp:attachment":[{"href":"https:\/\/walderlebnispfade.de\/es\/wp-json\/wp\/v2\/media?parent=6472"}],"wp:term":[{"taxonomy":"region","embeddable":true,"href":"https:\/\/walderlebnispfade.de\/es\/wp-json\/wp\/v2\/region?post=6472"},{"taxonomy":"erlebnisart","embeddable":true,"href":"https:\/\/walderlebnispfade.de\/es\/wp-json\/wp\/v2\/erlebnisart?post=6472"}],"curies":[{"name":"wp","href":"https:\/\/api.w.org\/{rel}","templated":true}]}}