{"id":6600,"date":"2025-02-18T22:45:25","date_gmt":"2025-02-18T21:45:25","guid":{"rendered":"https:\/\/walderlebnispfade.de\/erlebnisse\/paseo-por-las-copas-de-los-arboles-neckertal\/"},"modified":"2026-04-22T11:49:09","modified_gmt":"2026-04-22T09:49:09","slug":"paseo-por-las-copas-de-los-arboles-neckertal","status":"publish","type":"erlebnisse","link":"https:\/\/walderlebnispfade.de\/es\/erlebnisse\/paseo-por-las-copas-de-los-arboles-neckertal\/","title":{"rendered":"Paseo por las copas de los \u00e1rboles Neckertal"},"content":{"rendered":"<style>.wp-block-kadence-advancedheading.kt-adv-heading6586_40d71c-c0, .wp-block-kadence-advancedheading.kt-adv-heading6586_40d71c-c0[data-kb-block=\"kb-adv-heading6586_40d71c-c0\"]{font-style:normal;}.wp-block-kadence-advancedheading.kt-adv-heading6586_40d71c-c0 mark.kt-highlight, .wp-block-kadence-advancedheading.kt-adv-heading6586_40d71c-c0[data-kb-block=\"kb-adv-heading6586_40d71c-c0\"] mark.kt-highlight{font-style:normal;color:#f76a0c;-webkit-box-decoration-break:clone;box-decoration-break:clone;padding-top:0px;padding-right:0px;padding-bottom:0px;padding-left:0px;}.wp-block-kadence-advancedheading.kt-adv-heading6586_40d71c-c0 img.kb-inline-image, .wp-block-kadence-advancedheading.kt-adv-heading6586_40d71c-c0[data-kb-block=\"kb-adv-heading6586_40d71c-c0\"] img.kb-inline-image{width:150px;vertical-align:baseline;}<\/style>\n<h2 class=\"kt-adv-heading6586_40d71c-c0 wp-block-kadence-advancedheading\" data-kb-block=\"kb-adv-heading6586_40d71c-c0\">Paseo por las copas de los \u00e1rboles en Suiza<\/h2>\n\n<p>El singular Paseo por las Copas de los \u00c1rboles de Neckertal combina sostenibilidad y experiencia en la naturaleza. A la altura de las copas de los \u00e1rboles, se pueden descubrir los secretos del bosque y contemplar la mitad de Toggenburg. En algunos lugares, el sendero se eleva por encima de la altura real de los \u00e1rboles del bosque y abre vistas del paisaje por encima de los \u00e1rboles m\u00e1s bajos. Est\u00e1 asegurado con una barandilla de acero a ambos lados con un pasamanos de madera. Disfruta de una visi\u00f3n \u00fanica de la naturaleza y de vistas de todo el Valle de Neckertal. Las numerosas estaciones de aventura tambi\u00e9n proporcionan una gran riqueza de conocimientos sobre el bosque y sus habitantes.     <\/p>\n<style>.kb-table-of-content-nav.kb-table-of-content-id6586_07ecf6-98 .kb-table-of-content-wrap{padding-top:var(--global-kb-spacing-sm, 1.5rem);padding-right:var(--global-kb-spacing-sm, 1.5rem);padding-bottom:var(--global-kb-spacing-sm, 1.5rem);padding-left:var(--global-kb-spacing-sm, 1.5rem);background-color:var(--global-palette8, #F7FAFC);box-shadow:inset 0px 0px 14px 0px rgba(0, 0, 0, 0.2);}.kb-table-of-content-nav.kb-table-of-content-id6586_07ecf6-98 .kb-table-of-contents-title-wrap{padding-top:0px;padding-right:0px;padding-bottom:0px;padding-left:0px;}.kb-table-of-content-nav.kb-table-of-content-id6586_07ecf6-98 .kb-table-of-contents-title{font-weight:regular;font-style:normal;}.kb-table-of-content-nav.kb-table-of-content-id6586_07ecf6-98 .kb-table-of-content-wrap .kb-table-of-content-list{font-weight:regular;font-style:normal;margin-top:var(--global-kb-spacing-sm, 1.5rem);margin-right:0px;margin-bottom:0px;margin-left:0px;}.kb-table-of-content-nav.kb-table-of-content-id6586_07ecf6-98 .kb-toggle-icon-style-basiccircle .kb-table-of-contents-icon-trigger:after, .kb-table-of-content-nav.kb-table-of-content-id6586_07ecf6-98 .kb-toggle-icon-style-basiccircle .kb-table-of-contents-icon-trigger:before, .kb-table-of-content-nav.kb-table-of-content-id6586_07ecf6-98 .kb-toggle-icon-style-arrowcircle .kb-table-of-contents-icon-trigger:after, .kb-table-of-content-nav.kb-table-of-content-id6586_07ecf6-98 .kb-toggle-icon-style-arrowcircle .kb-table-of-contents-icon-trigger:before, .kb-table-of-content-nav.kb-table-of-content-id6586_07ecf6-98 .kb-toggle-icon-style-xclosecircle .kb-table-of-contents-icon-trigger:after, .kb-table-of-content-nav.kb-table-of-content-id6586_07ecf6-98 .kb-toggle-icon-style-xclosecircle .kb-table-of-contents-icon-trigger:before{background-color:var(--global-palette8, #F7FAFC);}<\/style><style>.kb-row-layout-id6586_068477-59 > .kt-row-column-wrap{align-content:start;}:where(.kb-row-layout-id6586_068477-59 > .kt-row-column-wrap) > .wp-block-kadence-column{justify-content:start;}.kb-row-layout-id6586_068477-59 > .kt-row-column-wrap{column-gap:var(--global-kb-gap-md, 2rem);row-gap:var(--global-kb-gap-md, 2rem);padding-top:var(--global-kb-spacing-sm, 1.5rem);padding-bottom:var(--global-kb-spacing-sm, 1.5rem);grid-template-columns:repeat(2, minmax(0, 1fr));}.kb-row-layout-id6586_068477-59 > .kt-row-layout-overlay{opacity:0.30;}@media all and (max-width: 1024px){.kb-row-layout-id6586_068477-59 > .kt-row-column-wrap{grid-template-columns:repeat(2, minmax(0, 1fr));}}@media all and (max-width: 767px){.kb-row-layout-id6586_068477-59 > .kt-row-column-wrap{grid-template-columns:minmax(0, 1fr);}}<\/style><div class=\"kb-row-layout-wrap kb-row-layout-id6586_068477-59 alignnone wp-block-kadence-rowlayout\"><div class=\"kt-row-column-wrap kt-has-2-columns kt-row-layout-equal kt-tab-layout-inherit kt-mobile-layout-row kt-row-valign-top\">\n<style>.kadence-column6586_f12c33-49 > .kt-inside-inner-col,.kadence-column6586_f12c33-49 > .kt-inside-inner-col:before{border-top-left-radius:0px;border-top-right-radius:0px;border-bottom-right-radius:0px;border-bottom-left-radius:0px;}.kadence-column6586_f12c33-49 > .kt-inside-inner-col{column-gap:var(--global-kb-gap-sm, 1rem);}.kadence-column6586_f12c33-49 > .kt-inside-inner-col{flex-direction:column;}.kadence-column6586_f12c33-49 > .kt-inside-inner-col > .aligncenter{width:100%;}.kadence-column6586_f12c33-49 > .kt-inside-inner-col:before{opacity:0.3;}.kadence-column6586_f12c33-49{position:relative;}@media all and (max-width: 1024px){.kadence-column6586_f12c33-49 > .kt-inside-inner-col{flex-direction:column;justify-content:center;}}@media all and (max-width: 767px){.kadence-column6586_f12c33-49 > .kt-inside-inner-col{flex-direction:column;justify-content:center;}}<\/style>\n<div class=\"wp-block-kadence-column kadence-column6586_f12c33-49\"><div class=\"kt-inside-inner-col\">\n<p>En 40 estaciones diferentes de aprendizaje y aventura, hay mucho que aprender sobre el bosque y la naturaleza. No solo se puede leer, sino tambi\u00e9n girar, saborear, o\u00edr y sentir. Una parte de las estaciones est\u00e1 en el sendero, la segunda parte est\u00e1 abajo, en el sendero de aventura del bosque.  <\/p>\n\n\n\n<p>En el bosque, justo al lado del sendero, hay un parque infantil con tirolina, pistas de bolas y caminos de equilibrio para ni\u00f1os. As\u00ed que nada se interpone en el camino de una gran excursi\u00f3n para toda la familia. <\/p>\n<\/div><\/div>\n\n\n<style>.kadence-column6586_d5a615-a5 > .kt-inside-inner-col,.kadence-column6586_d5a615-a5 > .kt-inside-inner-col:before{border-top-left-radius:0px;border-top-right-radius:0px;border-bottom-right-radius:0px;border-bottom-left-radius:0px;}.kadence-column6586_d5a615-a5 > .kt-inside-inner-col{column-gap:var(--global-kb-gap-sm, 1rem);}.kadence-column6586_d5a615-a5 > .kt-inside-inner-col{flex-direction:column;}.kadence-column6586_d5a615-a5 > .kt-inside-inner-col > .aligncenter{width:100%;}.kadence-column6586_d5a615-a5 > .kt-inside-inner-col:before{opacity:0.3;}.kadence-column6586_d5a615-a5{position:relative;}@media all and (max-width: 1024px){.kadence-column6586_d5a615-a5 > .kt-inside-inner-col{flex-direction:column;justify-content:center;}}@media all and (max-width: 767px){.kadence-column6586_d5a615-a5 > .kt-inside-inner-col{flex-direction:column;justify-content:center;}}<\/style>\n<div class=\"wp-block-kadence-column kadence-column6586_d5a615-a5\"><div class=\"kt-inside-inner-col\"><style>.kb-image6586_37043d-95 .kb-image-has-overlay:after{opacity:0.3;}<\/style>\n<figure class=\"wp-block-kadence-image kb-image6586_37043d-95 size-full\"><img loading=\"lazy\" decoding=\"async\" width=\"1024\" height=\"576\" src=\"https:\/\/walderlebnispfade.de\/wp-content\/uploads\/2025\/02\/Neckertal_Aussicht.jpg\" alt=\"Aussicht auf die Baumkronen im Baumwipfelpfad Neckertal\" class=\"kb-img wp-image-6591\" srcset=\"https:\/\/walderlebnispfade.de\/wp-content\/uploads\/2025\/02\/Neckertal_Aussicht.jpg 1024w, https:\/\/walderlebnispfade.de\/wp-content\/uploads\/2025\/02\/Neckertal_Aussicht-300x169.jpg 300w, https:\/\/walderlebnispfade.de\/wp-content\/uploads\/2025\/02\/Neckertal_Aussicht-768x432.jpg 768w\" sizes=\"auto, (max-width: 1024px) 100vw, 1024px\" \/><\/figure>\n<\/div><\/div>\n\n<\/div><\/div>\n<p>El Paseo por las Copas de los \u00c1rboles se encuentra a las afueras de Mogelsberg. Desde el pueblo, hay unos 15 minutos a pie hasta el paseo por las copas de los \u00e1rboles. Ten en cuenta que el acceso directo al sendero solo est\u00e1 permitido, previa inscripci\u00f3n, para personas con discapacidad. Todos los dem\u00e1s deben utilizar uno de los tres aparcamientos del pueblo o, mejor a\u00fan, viajar en SBB. Los trenes S2 y S4 St. Gallen-Wattwil paran en Mogelsberg. En la estaci\u00f3n comienza el viaje de descubrimiento, que pasa por varias estaciones de aventura hasta llegar al sendero. El camino a pie desde el      <strong> <\/strong>El trayecto desde la estaci\u00f3n de tren de Mogelsberg hasta el paseo por las copas de los \u00e1rboles es cuesta arriba (100 metros de altitud) a trav\u00e9s del bosque y dura unos 30 minutos. Para cochecitos y sillas de ruedas, hay una ruta alternativa por el pueblo (tambi\u00e9n de unos 30 minutos). <\/p>\n\n<h2 class=\"wp-block-heading\">Detalles importantes sobre el sendero por las copas de los \u00e1rboles de Neckertal<\/h2>\n\n<figure class=\"wp-block-table\"><table><tbody><tr><td>Gastronom\u00eda:<\/td><td>Wipfelhaus justo al lado del paseo de las copas de los \u00e1rboles.<\/td><\/tr><tr><td>Instalaciones sanitarias:<\/td><td>En la Wipfelhaus incl. aseo para discapacitados. <\/td><\/tr><tr><td>Sin barreras:<\/td><td>El sendero de las copas de los \u00e1rboles est\u00e1 totalmente libre de barreras.<\/td><\/tr><tr><td>Se admiten perros:<\/td><td>No, no se admiten perros. Hay boxes para perros en la entrada.<\/td><\/tr><tr><td>Visitas guiadas:<\/td><td>Hay varios <a href=\"https:\/\/baumwipfelpfad.ch\/de\/angebote-packages\/fuehrungen.html\" target=\"_blank\" data-type=\"link\" data-id=\"https:\/\/baumwipfelpfad.ch\/de\/angebote-packages\/fuehrungen.html\" rel=\"noreferrer noopener\">recorridos tem\u00e1ticos<\/a> por el sendero.<\/td><\/tr><tr><td>Descuento para grupos:<\/td><td>S\u00ed, de 10 personas.<\/td><\/tr><\/tbody><\/table><figcaption class=\"wp-element-caption\">Detalles sobre el sendero de las copas de los \u00e1rboles Neckertal \/ Suiza<\/figcaption><\/figure>\n\n<h3 class=\"wp-block-heading\">Horario de apertura 2026 Paseo por las Copas de los \u00c1rboles de Neckertal<\/h3>\n\n<figure class=\"wp-block-table\"><table class=\"has-fixed-layout\"><tbody><tr><td>De noviembre a marzo:<\/td><td><br\/>De 10:00 a 16:00 (lunes y martes cerrado)<\/td><\/tr><tr><td>De abril a octubre:<\/td><td>De 9:30 a 18:00<\/td><\/tr><\/tbody><\/table><figcaption class=\"wp-element-caption\">Horario de apertura 2026 Paseo por las Copas de los \u00c1rboles de Neckertal<\/figcaption><\/figure>\n\n<hr class=\"wp-block-separator has-alpha-channel-opacity\" style=\"margin-top:var(--wp--preset--spacing--50);margin-bottom:var(--wp--preset--spacing--50)\"\/>\n<style>.kadence-column6586_30dc0e-f7 > .kt-inside-inner-col{display:flex;}.kadence-column6586_30dc0e-f7 > .kt-inside-inner-col{padding-top:var(--global-kb-spacing-xs, 1rem);padding-right:var(--global-kb-spacing-xs, 1rem);padding-bottom:var(--global-kb-spacing-xs, 1rem);padding-left:var(--global-kb-spacing-xs, 1rem);}.kadence-column6586_30dc0e-f7 > .kt-inside-inner-col{box-shadow:0px 0px 14px 0px rgba(0, 0, 0, 0.2);}.kadence-column6586_30dc0e-f7 > .kt-inside-inner-col,.kadence-column6586_30dc0e-f7 > .kt-inside-inner-col:before{border-top-left-radius:0px;border-top-right-radius:0px;border-bottom-right-radius:0px;border-bottom-left-radius:0px;}.kadence-column6586_30dc0e-f7 > .kt-inside-inner-col{column-gap:var(--global-kb-gap-sm, 1rem);}.kadence-column6586_30dc0e-f7 > .kt-inside-inner-col{flex-direction:column;align-items:center;}.kadence-column6586_30dc0e-f7 > .kt-inside-inner-col > .kb-image-is-ratio-size{align-self:stretch;}.kadence-column6586_30dc0e-f7 > .kt-inside-inner-col > .wp-block-kadence-advancedgallery{align-self:stretch;}.kadence-column6586_30dc0e-f7 > .kt-inside-inner-col > .aligncenter{width:100%;}.kadence-column6586_30dc0e-f7 > .kt-inside-inner-col{background-color:var(--global-palette8, #F7FAFC);}.kadence-column6586_30dc0e-f7 > .kt-inside-inner-col:before{opacity:0.3;}.kadence-column6586_30dc0e-f7{position:relative;}@media all and (max-width: 1024px){.kadence-column6586_30dc0e-f7 > .kt-inside-inner-col{flex-direction:column;justify-content:center;align-items:center;}}@media all and (max-width: 767px){.kadence-column6586_30dc0e-f7 > .kt-inside-inner-col{flex-direction:column;justify-content:center;align-items:center;}}<\/style>\n<div class=\"wp-block-kadence-column kadence-column6586_30dc0e-f7\"><div class=\"kt-inside-inner-col\">\n<p class=\"has-text-align-center\">\u00bfQu\u00e9 te parece el sendero de las copas de los \u00e1rboles de Neckertal? Por favor, d\u00e9jame una rese\u00f1a.   <br\/>Nos ayudas a nosotros y a otros amantes de la naturaleza. Muchas gracias \ud83d\ude42 \u00a1! <\/p>\n\n\n\n<div class=\"wp-block-yet-another-stars-rating-visitor-votes aligncenter yasr-vv-block\"><\/div>\n\n\n\n<p>Puedes encontrar m\u00e1s aventuras emocionantes en nuestra <a href=\"https:\/\/walderlebnispfade.de\/es\/experiencias-forestales\/\" data-type=\"page\" data-id=\"228\">b\u00fasqueda de experiencias en el bosque<\/a> y en nuestro <a href=\"https:\/\/walderlebnispfade.de\/es\/rutas-por-los-arboles-de-europa\/\" data-type=\"post\" data-id=\"5843\">resumen de paseos por las copas de los \u00e1rboles<\/a>.<\/p>\n<\/div><\/div>\n\n<hr class=\"wp-block-separator has-alpha-channel-opacity\" style=\"margin-top:var(--wp--preset--spacing--50);margin-bottom:var(--wp--preset--spacing--50)\"\/>\n\n<h3 class=\"wp-block-heading\">V\u00eddeo sobre la construcci\u00f3n del paseo por las copas de los \u00e1rboles de Neckertal<\/h3>\n\n<figure class=\"wp-block-embed is-type-video is-provider-youtube wp-block-embed-youtube wp-embed-aspect-16-9 wp-has-aspect-ratio\"><div class=\"wp-block-embed__wrapper\">\n<iframe loading=\"lazy\" hcb-fetch-image-from=\"https:\/\/youtu.be\/wd7d1ZD-DH8?si=FoghINK3Q_6zTLDY\" title=\"Baumwipfelpfad Neckertal wird gebaut\" width=\"720\" height=\"405\" src=\"https:\/\/www.youtube.com\/embed\/wd7d1ZD-DH8?feature=oembed\" frameborder=\"0\" allow=\"accelerometer; autoplay; clipboard-write; encrypted-media; gyroscope; picture-in-picture; web-share\" referrerpolicy=\"strict-origin-when-cross-origin\" allowfullscreen><\/iframe>\n<\/div><\/figure>\n","protected":false},"author":2,"featured_media":6590,"comment_status":"open","ping_status":"closed","template":"","meta":{"_kad_blocks_custom_css":"","_kad_blocks_head_custom_js":"","_kad_blocks_body_custom_js":"","_kad_blocks_footer_custom_js":"","_kad_post_transparent":"","_kad_post_title":"","_kad_post_layout":"","_kad_post_sidebar_id":"","_kad_post_content_style":"","_kad_post_vertical_padding":"","_kad_post_feature":"","_kad_post_feature_position":"","_kad_post_header":false,"_kad_post_footer":false,"_kad_post_classname":"","yasr_overall_rating":0,"yasr_post_is_review":"","yasr_auto_insert_disabled":"","yasr_review_type":"LocalBusiness"},"region":[170],"erlebnisart":[173,176],"class_list":["post-6600","erlebnisse","type-erlebnisse","status-publish","has-post-thumbnail","hentry","region-schweiz-es","erlebnisart-wandern-es","erlebnisart-baumwipfelpfad-es"],"yasr_visitor_votes":{"stars_attributes":{"read_only":false,"span_bottom":false},"number_of_votes":0,"sum_votes":0},"taxonomy_info":{"region":[{"value":170,"label":"Suiza"}],"erlebnisart":[{"value":173,"label":"Senderismo"},{"value":176,"label":"Sendero entre las copas de los \u00e1rboles"}]},"featured_image_src_large":["https:\/\/walderlebnispfade.de\/wp-content\/uploads\/2025\/02\/Baumwipfelpfad_Neckertal-1024x576.jpg",1024,576,true],"author_info":{"display_name":"Moni","author_link":"https:\/\/walderlebnispfade.de\/es\/author\/moni\/"},"comment_info":0,"_links":{"self":[{"href":"https:\/\/walderlebnispfade.de\/es\/wp-json\/wp\/v2\/erlebnisse\/6600","targetHints":{"allow":["GET"]}}],"collection":[{"href":"https:\/\/walderlebnispfade.de\/es\/wp-json\/wp\/v2\/erlebnisse"}],"about":[{"href":"https:\/\/walderlebnispfade.de\/es\/wp-json\/wp\/v2\/types\/erlebnisse"}],"author":[{"embeddable":true,"href":"https:\/\/walderlebnispfade.de\/es\/wp-json\/wp\/v2\/users\/2"}],"replies":[{"embeddable":true,"href":"https:\/\/walderlebnispfade.de\/es\/wp-json\/wp\/v2\/comments?post=6600"}],"wp:featuredmedia":[{"embeddable":true,"href":"https:\/\/walderlebnispfade.de\/es\/wp-json\/wp\/v2\/media\/6590"}],"wp:attachment":[{"href":"https:\/\/walderlebnispfade.de\/es\/wp-json\/wp\/v2\/media?parent=6600"}],"wp:term":[{"taxonomy":"region","embeddable":true,"href":"https:\/\/walderlebnispfade.de\/es\/wp-json\/wp\/v2\/region?post=6600"},{"taxonomy":"erlebnisart","embeddable":true,"href":"https:\/\/walderlebnispfade.de\/es\/wp-json\/wp\/v2\/erlebnisart?post=6600"}],"curies":[{"name":"wp","href":"https:\/\/api.w.org\/{rel}","templated":true}]}}