{"id":6603,"date":"2025-02-18T21:49:06","date_gmt":"2025-02-18T20:49:06","guid":{"rendered":"https:\/\/walderlebnispfade.de\/erlebnisse\/paseo-por-las-copas-de-los-arboles-de-pohorje\/"},"modified":"2026-04-22T11:49:16","modified_gmt":"2026-04-22T09:49:16","slug":"paseo-por-las-copas-de-los-arboles-de-pohorje","status":"publish","type":"erlebnisse","link":"https:\/\/walderlebnispfade.de\/es\/erlebnisse\/paseo-por-las-copas-de-los-arboles-de-pohorje\/","title":{"rendered":"Paseo por las copas de los \u00e1rboles de Pohorje"},"content":{"rendered":"<style>.wp-block-kadence-advancedheading.kt-adv-heading6572_1b9fe4-71, .wp-block-kadence-advancedheading.kt-adv-heading6572_1b9fe4-71[data-kb-block=\"kb-adv-heading6572_1b9fe4-71\"]{font-style:normal;}.wp-block-kadence-advancedheading.kt-adv-heading6572_1b9fe4-71 mark.kt-highlight, .wp-block-kadence-advancedheading.kt-adv-heading6572_1b9fe4-71[data-kb-block=\"kb-adv-heading6572_1b9fe4-71\"] mark.kt-highlight{font-style:normal;color:#f76a0c;-webkit-box-decoration-break:clone;box-decoration-break:clone;padding-top:0px;padding-right:0px;padding-bottom:0px;padding-left:0px;}.wp-block-kadence-advancedheading.kt-adv-heading6572_1b9fe4-71 img.kb-inline-image, .wp-block-kadence-advancedheading.kt-adv-heading6572_1b9fe4-71[data-kb-block=\"kb-adv-heading6572_1b9fe4-71\"] img.kb-inline-image{width:150px;vertical-align:baseline;}<\/style>\n<h2 class=\"kt-adv-heading6572_1b9fe4-71 wp-block-kadence-advancedheading\" data-kb-block=\"kb-adv-heading6572_1b9fe4-71\">Paseo por las copas de los \u00e1rboles en el norte de Eslovenia<\/h2>\n\n<p>El paseo por las copas de los \u00e1rboles de Pohorje, sin barreras, est\u00e1 situado en la cima del monte Rogla, a 1.517 metros de altitud, en medio del<strong> <\/strong>Sierra de Pohorje, en el norte de Eslovenia. Est\u00e1 situado al suroeste de Maribor, en la baja cordillera densamente boscosa del norte de Eslovenia. Todo el camino hasta el  <strong> <\/strong>La torre de observaci\u00f3n de 37 metros de altura, de planta hexagonal, tiene alrededor de un kil\u00f3metro de longitud e incluye varias estaciones de aventura. La pendiente m\u00e1xima es del 6%. <strong> <\/strong>por lo que tambi\u00e9n es accesible para personas en silla de ruedas o familias con cochecitos. Hay un tobog\u00e1n de 62 metros de longitud dentro de la torre de observaci\u00f3n. Cuando hace buen tiempo, pod\u00e9is disfrutar de una vista que llega hasta los Alpes de Stainer desde la torre de observaci\u00f3n.  <\/p>\n<style>.kb-table-of-content-nav.kb-table-of-content-id6572_2bdb03-fe .kb-table-of-content-wrap{padding-top:var(--global-kb-spacing-sm, 1.5rem);padding-right:var(--global-kb-spacing-sm, 1.5rem);padding-bottom:var(--global-kb-spacing-sm, 1.5rem);padding-left:var(--global-kb-spacing-sm, 1.5rem);background-color:var(--global-palette8, #F7FAFC);box-shadow:inset 0px 0px 14px 0px rgba(0, 0, 0, 0.2);}.kb-table-of-content-nav.kb-table-of-content-id6572_2bdb03-fe .kb-table-of-contents-title-wrap{padding-top:0px;padding-right:0px;padding-bottom:0px;padding-left:0px;}.kb-table-of-content-nav.kb-table-of-content-id6572_2bdb03-fe .kb-table-of-contents-title{font-weight:regular;font-style:normal;}.kb-table-of-content-nav.kb-table-of-content-id6572_2bdb03-fe .kb-table-of-content-wrap .kb-table-of-content-list{font-weight:regular;font-style:normal;margin-top:var(--global-kb-spacing-sm, 1.5rem);margin-right:0px;margin-bottom:0px;margin-left:0px;}.kb-table-of-content-nav.kb-table-of-content-id6572_2bdb03-fe .kb-toggle-icon-style-basiccircle .kb-table-of-contents-icon-trigger:after, .kb-table-of-content-nav.kb-table-of-content-id6572_2bdb03-fe .kb-toggle-icon-style-basiccircle .kb-table-of-contents-icon-trigger:before, .kb-table-of-content-nav.kb-table-of-content-id6572_2bdb03-fe .kb-toggle-icon-style-arrowcircle .kb-table-of-contents-icon-trigger:after, .kb-table-of-content-nav.kb-table-of-content-id6572_2bdb03-fe .kb-toggle-icon-style-arrowcircle .kb-table-of-contents-icon-trigger:before, .kb-table-of-content-nav.kb-table-of-content-id6572_2bdb03-fe .kb-toggle-icon-style-xclosecircle .kb-table-of-contents-icon-trigger:after, .kb-table-of-content-nav.kb-table-of-content-id6572_2bdb03-fe .kb-toggle-icon-style-xclosecircle .kb-table-of-contents-icon-trigger:before{background-color:var(--global-palette8, #F7FAFC);}<\/style>\n<p>En varias estaciones de experiencias del sendero por las copas de los \u00e1rboles de Pohorje, inaugurado en 2019, aprender\u00e1s sobre los procesos naturales del bosque, c\u00f3mo se puede proteger y qu\u00e9 necesitan el bosque y sus habitantes para vivir y prosperar. Puedes comprar las entradas en l\u00ednea <a href=\"https:\/\/shop-pohorje.treetop-walks.com\/de\/\" data-type=\"link\" data-id=\"https:\/\/shop-pohorje.treetop-walks.com\/de\/\" target=\"_blank\" rel=\"noreferrer noopener\">aqu\u00ed<\/a> o en la taquilla inmediatamente antes de entrar en el sendero. El pago puede hacerse en efectivo o con tarjeta de d\u00e9bito o cr\u00e9dito.  <\/p>\n\n<p>Para llegar al sendero de las copas de los \u00e1rboles en coche, deja la autopista en la salida Slovenske Konjice y sigue las indicaciones a Rogla durante unos 25 km. All\u00ed hay muchos aparcamientos gratuitos. Por supuesto, hay plazas de aparcamiento para discapacitados justo delante de la entrada al sendero.  <\/p>\n<style>.kb-row-layout-id6572_7af371-7f > .kt-row-column-wrap{align-content:start;}:where(.kb-row-layout-id6572_7af371-7f > .kt-row-column-wrap) > .wp-block-kadence-column{justify-content:start;}.kb-row-layout-id6572_7af371-7f > .kt-row-column-wrap{column-gap:var(--global-kb-gap-md, 2rem);row-gap:var(--global-kb-gap-md, 2rem);padding-top:var(--global-kb-spacing-sm, 1.5rem);padding-bottom:var(--global-kb-spacing-sm, 1.5rem);grid-template-columns:repeat(2, minmax(0, 1fr));}.kb-row-layout-id6572_7af371-7f > .kt-row-layout-overlay{opacity:0.30;}@media all and (max-width: 1024px){.kb-row-layout-id6572_7af371-7f > .kt-row-column-wrap{grid-template-columns:repeat(2, minmax(0, 1fr));}}@media all and (max-width: 767px){.kb-row-layout-id6572_7af371-7f > .kt-row-column-wrap{grid-template-columns:minmax(0, 1fr);}}<\/style><div class=\"kb-row-layout-wrap kb-row-layout-id6572_7af371-7f alignnone wp-block-kadence-rowlayout\"><div class=\"kt-row-column-wrap kt-has-2-columns kt-row-layout-equal kt-tab-layout-inherit kt-mobile-layout-row kt-row-valign-top\">\n<style>.kadence-column6572_d2aaed-48 > .kt-inside-inner-col,.kadence-column6572_d2aaed-48 > .kt-inside-inner-col:before{border-top-left-radius:0px;border-top-right-radius:0px;border-bottom-right-radius:0px;border-bottom-left-radius:0px;}.kadence-column6572_d2aaed-48 > .kt-inside-inner-col{column-gap:var(--global-kb-gap-sm, 1rem);}.kadence-column6572_d2aaed-48 > .kt-inside-inner-col{flex-direction:column;}.kadence-column6572_d2aaed-48 > .kt-inside-inner-col > .aligncenter{width:100%;}.kadence-column6572_d2aaed-48 > .kt-inside-inner-col:before{opacity:0.3;}.kadence-column6572_d2aaed-48{position:relative;}@media all and (max-width: 1024px){.kadence-column6572_d2aaed-48 > .kt-inside-inner-col{flex-direction:column;justify-content:center;}}@media all and (max-width: 767px){.kadence-column6572_d2aaed-48 > .kt-inside-inner-col{flex-direction:column;justify-content:center;}}<\/style>\n<div class=\"wp-block-kadence-column kadence-column6572_d2aaed-48\"><div class=\"kt-inside-inner-col\">\n<h2 class=\"wp-block-heading\">Datos sobre el paseo por las copas de los \u00e1rboles de Pohorje:  <\/h2>\n\n\n\n<ul class=\"wp-block-list\">\n<li>Longitud total: 1.043 metros<\/li>\n\n\n\n<li>Altura de la torre: 37 metros<\/li>\n\n\n\n<li>Tobog\u00e1n t\u00fanel: 60 m<\/li>\n\n\n\n<li>Altura del camino: hasta 20 metros<\/li>\n\n\n\n<li>gradiente m\u00e1x.: 6%. <\/li>\n\n\n\n<li>Altitud: aprox. 1500 m sobre el nivel del mar<\/li>\n<\/ul>\n<\/div><\/div>\n\n\n<style>.kadence-column6572_e987c8-d8 > .kt-inside-inner-col,.kadence-column6572_e987c8-d8 > .kt-inside-inner-col:before{border-top-left-radius:0px;border-top-right-radius:0px;border-bottom-right-radius:0px;border-bottom-left-radius:0px;}.kadence-column6572_e987c8-d8 > .kt-inside-inner-col{column-gap:var(--global-kb-gap-sm, 1rem);}.kadence-column6572_e987c8-d8 > .kt-inside-inner-col{flex-direction:column;}.kadence-column6572_e987c8-d8 > .kt-inside-inner-col > .aligncenter{width:100%;}.kadence-column6572_e987c8-d8 > .kt-inside-inner-col:before{opacity:0.3;}.kadence-column6572_e987c8-d8{position:relative;}@media all and (max-width: 1024px){.kadence-column6572_e987c8-d8 > .kt-inside-inner-col{flex-direction:column;justify-content:center;}}@media all and (max-width: 767px){.kadence-column6572_e987c8-d8 > .kt-inside-inner-col{flex-direction:column;justify-content:center;}}<\/style>\n<div class=\"wp-block-kadence-column kadence-column6572_e987c8-d8\"><div class=\"kt-inside-inner-col\"><style>.kb-image6572_bd4a6e-25 .kb-image-has-overlay:after{opacity:0.3;}<\/style>\n<figure class=\"wp-block-kadence-image kb-image6572_bd4a6e-25 size-full\"><img loading=\"lazy\" decoding=\"async\" width=\"1024\" height=\"576\" src=\"https:\/\/walderlebnispfade.de\/wp-content\/uploads\/2025\/02\/Pohorje_Aussicht.jpg\" alt=\"Aussicht im Baumwipfelpfad Pohorje\" class=\"kb-img wp-image-6577\" srcset=\"https:\/\/walderlebnispfade.de\/wp-content\/uploads\/2025\/02\/Pohorje_Aussicht.jpg 1024w, https:\/\/walderlebnispfade.de\/wp-content\/uploads\/2025\/02\/Pohorje_Aussicht-300x169.jpg 300w, https:\/\/walderlebnispfade.de\/wp-content\/uploads\/2025\/02\/Pohorje_Aussicht-768x432.jpg 768w\" sizes=\"auto, (max-width: 1024px) 100vw, 1024px\" \/><\/figure>\n<\/div><\/div>\n\n<\/div><\/div>\n<figure class=\"wp-block-table\"><table><tbody><tr><td>Gastronom\u00eda:<\/td><td>Cerca est\u00e1 el Ko\u010da \u00abKaj\u017ea\u00bb (30 m) y el Hotel Natura (200 m) con restaurante.<\/td><\/tr><tr><td>Instalaciones sanitarias:<\/td><td>Hay aseos delante de la entrada, en el lado derecho del edificio,<\/td><\/tr><tr><td>Sin barreras:<\/td><td>El sendero y la torre de observaci\u00f3n est\u00e1n dise\u00f1ados para ser accesibles.<\/td><\/tr><tr><td>Se admiten perros:<\/td><td>No, no se admiten perros.  <\/td><\/tr><tr><td>Descuento para grupos:<\/td><td>S\u00ed, de 15 personas.<\/td><\/tr><\/tbody><\/table><figcaption class=\"wp-element-caption\">Detalles de la ruta por las copas de los \u00e1rboles de Pohorje<\/figcaption><\/figure>\n\n<h3 class=\"wp-block-heading\">Horario de apertura 2026 del paseo por las copas de los \u00e1rboles Pohorje<\/h3>\n\n<figure class=\"wp-block-table\"><table class=\"has-fixed-layout\"><tbody><tr><td>Enero:<\/td><td>De 10:00 a 16:00<\/td><\/tr><tr><td>Febrero (con luces m\u00e1gicas):<\/td><td>De 10:00 a 20:00<\/td><\/tr><tr><td>En marzo:<\/td><td>De 10:00 a 17:00<\/td><\/tr><tr><td>Abril, Mayo:<\/td><td>De 10:00 a 18:00<\/td><\/tr><tr><td>De junio a septiembre:<\/td><td>De 9:30 a 19:00<\/td><\/tr><tr><td>Octubre:<\/td><td>De 10:00 a 18:00<\/td><\/tr><tr><td>Noviembre \u2013 Diciembre:<\/td><td>De 10:00 a 16:00<\/td><\/tr><\/tbody><\/table><figcaption class=\"wp-element-caption\">Horario de apertura 2026 Treetop Walk Pohorje<\/figcaption><\/figure>\n\n<hr class=\"wp-block-separator has-alpha-channel-opacity\" style=\"margin-top:var(--wp--preset--spacing--50);margin-bottom:var(--wp--preset--spacing--50)\"\/>\n<style>.kadence-column6572_b5a59b-9e > .kt-inside-inner-col{display:flex;}.kadence-column6572_b5a59b-9e > .kt-inside-inner-col{padding-top:var(--global-kb-spacing-xs, 1rem);padding-right:var(--global-kb-spacing-xs, 1rem);padding-bottom:var(--global-kb-spacing-xs, 1rem);padding-left:var(--global-kb-spacing-xs, 1rem);}.kadence-column6572_b5a59b-9e > .kt-inside-inner-col{box-shadow:0px 0px 14px 0px rgba(0, 0, 0, 0.2);}.kadence-column6572_b5a59b-9e > .kt-inside-inner-col,.kadence-column6572_b5a59b-9e > .kt-inside-inner-col:before{border-top-left-radius:0px;border-top-right-radius:0px;border-bottom-right-radius:0px;border-bottom-left-radius:0px;}.kadence-column6572_b5a59b-9e > .kt-inside-inner-col{column-gap:var(--global-kb-gap-sm, 1rem);}.kadence-column6572_b5a59b-9e > .kt-inside-inner-col{flex-direction:column;align-items:center;}.kadence-column6572_b5a59b-9e > .kt-inside-inner-col > .kb-image-is-ratio-size{align-self:stretch;}.kadence-column6572_b5a59b-9e > .kt-inside-inner-col > .wp-block-kadence-advancedgallery{align-self:stretch;}.kadence-column6572_b5a59b-9e > .kt-inside-inner-col > .aligncenter{width:100%;}.kadence-column6572_b5a59b-9e > .kt-inside-inner-col{background-color:var(--global-palette8, #F7FAFC);}.kadence-column6572_b5a59b-9e > .kt-inside-inner-col:before{opacity:0.3;}.kadence-column6572_b5a59b-9e{position:relative;}@media all and (max-width: 1024px){.kadence-column6572_b5a59b-9e > .kt-inside-inner-col{flex-direction:column;justify-content:center;align-items:center;}}@media all and (max-width: 767px){.kadence-column6572_b5a59b-9e > .kt-inside-inner-col{flex-direction:column;justify-content:center;align-items:center;}}<\/style>\n<div class=\"wp-block-kadence-column kadence-column6572_b5a59b-9e\"><div class=\"kt-inside-inner-col\">\n<p class=\"has-text-align-center\">\u00bfQu\u00e9 te parece el sendero por las copas de los \u00e1rboles de Pohorje? Por favor, d\u00e9jame una rese\u00f1a.   <br\/>Nos ayudas a nosotros y a otros amantes de la naturaleza. Muchas gracias \ud83d\ude42 \u00a1! <\/p>\n\n\n\n<div class=\"wp-block-yet-another-stars-rating-visitor-votes aligncenter yasr-vv-block\"><\/div>\n\n\n\n<p>Puedes encontrar m\u00e1s aventuras emocionantes en nuestra <a href=\"https:\/\/walderlebnispfade.de\/es\/experiencias-forestales\/\" data-type=\"page\" data-id=\"228\">b\u00fasqueda de experiencias en el bosque<\/a> y en nuestro <a href=\"https:\/\/walderlebnispfade.de\/es\/rutas-por-los-arboles-de-europa\/\" data-type=\"post\" data-id=\"5843\">resumen de paseos por las copas de los \u00e1rboles<\/a>.<\/p>\n<\/div><\/div>\n\n<hr class=\"wp-block-separator has-alpha-channel-opacity\" style=\"margin-top:var(--wp--preset--spacing--50);margin-bottom:var(--wp--preset--spacing--50)\"\/>\n\n<h2 class=\"wp-block-heading\">V\u00eddeo sobre el paseo por las copas de los \u00e1rboles de Pohorje<\/h2>\n\n<figure class=\"wp-block-embed is-type-video is-provider-youtube wp-block-embed-youtube wp-embed-aspect-16-9 wp-has-aspect-ratio\"><div class=\"wp-block-embed__wrapper\">\n<iframe loading=\"lazy\" hcb-fetch-image-from=\"https:\/\/youtu.be\/_UhmI3KNv8w?si=iDhNxl8QIZ0NVypu\" title=\"The Tree Top Walk in Rogla, Slovenia\" width=\"720\" height=\"405\" src=\"https:\/\/www.youtube.com\/embed\/_UhmI3KNv8w?feature=oembed\" frameborder=\"0\" allow=\"accelerometer; autoplay; clipboard-write; encrypted-media; gyroscope; picture-in-picture; web-share\" referrerpolicy=\"strict-origin-when-cross-origin\" allowfullscreen><\/iframe>\n<\/div><\/figure>\n","protected":false},"author":2,"featured_media":6576,"comment_status":"open","ping_status":"closed","template":"","meta":{"_kad_blocks_custom_css":"","_kad_blocks_head_custom_js":"","_kad_blocks_body_custom_js":"","_kad_blocks_footer_custom_js":"","_kad_post_transparent":"","_kad_post_title":"","_kad_post_layout":"","_kad_post_sidebar_id":"","_kad_post_content_style":"","_kad_post_vertical_padding":"","_kad_post_feature":"","_kad_post_feature_position":"","_kad_post_header":false,"_kad_post_footer":false,"_kad_post_classname":"","yasr_overall_rating":0,"yasr_post_is_review":"","yasr_auto_insert_disabled":"","yasr_review_type":"LocalBusiness"},"region":[167],"erlebnisart":[173,176],"class_list":["post-6603","erlebnisse","type-erlebnisse","status-publish","has-post-thumbnail","hentry","region-slowenien-es","erlebnisart-wandern-es","erlebnisart-baumwipfelpfad-es"],"yasr_visitor_votes":{"stars_attributes":{"read_only":false,"span_bottom":false},"number_of_votes":0,"sum_votes":0},"taxonomy_info":{"region":[{"value":167,"label":"Eslovenia"}],"erlebnisart":[{"value":173,"label":"Senderismo"},{"value":176,"label":"Sendero entre las copas de los \u00e1rboles"}]},"featured_image_src_large":["https:\/\/walderlebnispfade.de\/wp-content\/uploads\/2025\/02\/Baumwipfelpfad_Pohorje-1024x576.jpg",1024,576,true],"author_info":{"display_name":"Moni","author_link":"https:\/\/walderlebnispfade.de\/es\/author\/moni\/"},"comment_info":0,"_links":{"self":[{"href":"https:\/\/walderlebnispfade.de\/es\/wp-json\/wp\/v2\/erlebnisse\/6603","targetHints":{"allow":["GET"]}}],"collection":[{"href":"https:\/\/walderlebnispfade.de\/es\/wp-json\/wp\/v2\/erlebnisse"}],"about":[{"href":"https:\/\/walderlebnispfade.de\/es\/wp-json\/wp\/v2\/types\/erlebnisse"}],"author":[{"embeddable":true,"href":"https:\/\/walderlebnispfade.de\/es\/wp-json\/wp\/v2\/users\/2"}],"replies":[{"embeddable":true,"href":"https:\/\/walderlebnispfade.de\/es\/wp-json\/wp\/v2\/comments?post=6603"}],"wp:featuredmedia":[{"embeddable":true,"href":"https:\/\/walderlebnispfade.de\/es\/wp-json\/wp\/v2\/media\/6576"}],"wp:attachment":[{"href":"https:\/\/walderlebnispfade.de\/es\/wp-json\/wp\/v2\/media?parent=6603"}],"wp:term":[{"taxonomy":"region","embeddable":true,"href":"https:\/\/walderlebnispfade.de\/es\/wp-json\/wp\/v2\/region?post=6603"},{"taxonomy":"erlebnisart","embeddable":true,"href":"https:\/\/walderlebnispfade.de\/es\/wp-json\/wp\/v2\/erlebnisart?post=6603"}],"curies":[{"name":"wp","href":"https:\/\/api.w.org\/{rel}","templated":true}]}}