{"id":6648,"date":"2025-02-27T22:21:16","date_gmt":"2025-02-27T21:21:16","guid":{"rendered":"https:\/\/walderlebnispfade.de\/erlebnisse\/paseo-por-las-copas-de-los-arboles-de-waldkirch\/"},"modified":"2026-04-22T11:48:30","modified_gmt":"2026-04-22T09:48:30","slug":"paseo-por-las-copas-de-los-arboles-de-waldkirch","status":"publish","type":"erlebnisse","link":"https:\/\/walderlebnispfade.de\/es\/erlebnisse\/paseo-por-las-copas-de-los-arboles-de-waldkirch\/","title":{"rendered":"Paseo por las copas de los \u00e1rboles de Waldkirch"},"content":{"rendered":"\n<h2 class=\"wp-block-heading\">El fascinante mundo de las copas de los \u00e1rboles<\/h2>\n\n<p>El paseo por las copas de los \u00e1rboles de Waldkirch te adentra en el fascinante mundo de las copas de los \u00e1rboles de la Selva Negra. Observa de cerca la flora y la fauna de las copas de los \u00e1rboles, ricas en especies, y disfruta de unas vistas impresionantes del valle del Rin con el Kaiserstuhl y los montes Vosgos. El paseo por las copas de los \u00e1rboles de Waldkirch tiene 200 metros de longitud y est\u00e1 situado en el Parque Natural de Waldkirch. All\u00ed tambi\u00e9n encontrar\u00e1s el lago Stadtrainsee y el Zoo de la Selva Negra. Por tanto, una visita al paseo por las copas de los \u00e1rboles de Waldkirch puede combinarse f\u00e1cilmente en una excursi\u00f3n de todo el d\u00eda para toda la familia.    <\/p>\n<style>.kb-table-of-content-nav.kb-table-of-content-id6631_669369-f4 .kb-table-of-content-wrap{padding-top:var(--global-kb-spacing-sm, 1.5rem);padding-right:var(--global-kb-spacing-sm, 1.5rem);padding-bottom:var(--global-kb-spacing-sm, 1.5rem);padding-left:var(--global-kb-spacing-sm, 1.5rem);background-color:var(--global-palette8, #F7FAFC);box-shadow:inset 0px 0px 14px 0px rgba(0, 0, 0, 0.2);}.kb-table-of-content-nav.kb-table-of-content-id6631_669369-f4 .kb-table-of-contents-title-wrap{padding-top:0px;padding-right:0px;padding-bottom:0px;padding-left:0px;}.kb-table-of-content-nav.kb-table-of-content-id6631_669369-f4 .kb-table-of-contents-title{font-weight:regular;font-style:normal;}.kb-table-of-content-nav.kb-table-of-content-id6631_669369-f4 .kb-table-of-content-wrap .kb-table-of-content-list{font-weight:regular;font-style:normal;margin-top:var(--global-kb-spacing-sm, 1.5rem);margin-right:0px;margin-bottom:0px;margin-left:0px;}.kb-table-of-content-nav.kb-table-of-content-id6631_669369-f4 .kb-toggle-icon-style-basiccircle .kb-table-of-contents-icon-trigger:after, .kb-table-of-content-nav.kb-table-of-content-id6631_669369-f4 .kb-toggle-icon-style-basiccircle .kb-table-of-contents-icon-trigger:before, .kb-table-of-content-nav.kb-table-of-content-id6631_669369-f4 .kb-toggle-icon-style-arrowcircle .kb-table-of-contents-icon-trigger:after, .kb-table-of-content-nav.kb-table-of-content-id6631_669369-f4 .kb-toggle-icon-style-arrowcircle .kb-table-of-contents-icon-trigger:before, .kb-table-of-content-nav.kb-table-of-content-id6631_669369-f4 .kb-toggle-icon-style-xclosecircle .kb-table-of-contents-icon-trigger:after, .kb-table-of-content-nav.kb-table-of-content-id6631_669369-f4 .kb-toggle-icon-style-xclosecircle .kb-table-of-contents-icon-trigger:before{background-color:var(--global-palette8, #F7FAFC);}<\/style><style>.kb-row-layout-id6631_844640-da > .kt-row-column-wrap{align-content:start;}:where(.kb-row-layout-id6631_844640-da > .kt-row-column-wrap) > .wp-block-kadence-column{justify-content:start;}.kb-row-layout-id6631_844640-da > .kt-row-column-wrap{column-gap:var(--global-kb-gap-md, 2rem);row-gap:var(--global-kb-gap-md, 2rem);padding-top:var(--global-kb-spacing-sm, 1.5rem);padding-bottom:var(--global-kb-spacing-sm, 1.5rem);grid-template-columns:repeat(2, minmax(0, 1fr));}.kb-row-layout-id6631_844640-da > .kt-row-layout-overlay{opacity:0.30;}@media all and (max-width: 1024px){.kb-row-layout-id6631_844640-da > .kt-row-column-wrap{grid-template-columns:repeat(2, minmax(0, 1fr));}}@media all and (max-width: 767px){.kb-row-layout-id6631_844640-da > .kt-row-column-wrap{grid-template-columns:minmax(0, 1fr);}}<\/style><div class=\"kb-row-layout-wrap kb-row-layout-id6631_844640-da alignnone wp-block-kadence-rowlayout\"><div class=\"kt-row-column-wrap kt-has-2-columns kt-row-layout-equal kt-tab-layout-inherit kt-mobile-layout-row kt-row-valign-top\">\n<style>.kadence-column6631_c0b7f2-62 > .kt-inside-inner-col,.kadence-column6631_c0b7f2-62 > .kt-inside-inner-col:before{border-top-left-radius:0px;border-top-right-radius:0px;border-bottom-right-radius:0px;border-bottom-left-radius:0px;}.kadence-column6631_c0b7f2-62 > .kt-inside-inner-col{column-gap:var(--global-kb-gap-sm, 1rem);}.kadence-column6631_c0b7f2-62 > .kt-inside-inner-col{flex-direction:column;}.kadence-column6631_c0b7f2-62 > .kt-inside-inner-col > .aligncenter{width:100%;}.kadence-column6631_c0b7f2-62 > .kt-inside-inner-col:before{opacity:0.3;}.kadence-column6631_c0b7f2-62{position:relative;}@media all and (max-width: 1024px){.kadence-column6631_c0b7f2-62 > .kt-inside-inner-col{flex-direction:column;justify-content:center;}}@media all and (max-width: 767px){.kadence-column6631_c0b7f2-62 > .kt-inside-inner-col{flex-direction:column;justify-content:center;}}<\/style>\n<div class=\"wp-block-kadence-column kadence-column6631_c0b7f2-62\"><div class=\"kt-inside-inner-col\">\n<p>Tambi\u00e9n hay un sendero para caminar descalzo de 190 metros de longitud en las inmediaciones del paseo por las copas de los \u00e1rboles de Waldkirch. Camina sin zapatos ni calcetines sobre pi\u00f1as, madera, piedras y musgo y experimenta nuevas impresiones sensoriales. <\/p>\n\n\n\n<p>Justo al lado, el sendero de aventura de 220 metros de longitud con puentes colgantes, redes de escalada y puentes tambaleantes es un reto para tu sentido del equilibrio y agilidad.  <\/p>\n\n\n\n<p>Los valientes aventureros mayores de 8 a\u00f1os pueden utilizar el tobog\u00e1n tubular m\u00e1s largo de Europa (190 metros de longitud) durante parte del camino de vuelta (precio: 2 \u20ac). El sendero de aventura Bambini es relativamente nuevo. Un recorrido de aventura seguro y l\u00fadico, \u00a1especial para peque\u00f1os exploradores de 3 a 6 a\u00f1os!  <\/p>\n<\/div><\/div>\n\n\n<style>.kadence-column6631_683028-39 > .kt-inside-inner-col,.kadence-column6631_683028-39 > .kt-inside-inner-col:before{border-top-left-radius:0px;border-top-right-radius:0px;border-bottom-right-radius:0px;border-bottom-left-radius:0px;}.kadence-column6631_683028-39 > .kt-inside-inner-col{column-gap:var(--global-kb-gap-sm, 1rem);}.kadence-column6631_683028-39 > .kt-inside-inner-col{flex-direction:column;}.kadence-column6631_683028-39 > .kt-inside-inner-col > .aligncenter{width:100%;}.kadence-column6631_683028-39 > .kt-inside-inner-col:before{opacity:0.3;}.kadence-column6631_683028-39{position:relative;}@media all and (max-width: 1024px){.kadence-column6631_683028-39 > .kt-inside-inner-col{flex-direction:column;justify-content:center;}}@media all and (max-width: 767px){.kadence-column6631_683028-39 > .kt-inside-inner-col{flex-direction:column;justify-content:center;}}<\/style>\n<div class=\"wp-block-kadence-column kadence-column6631_683028-39\"><div class=\"kt-inside-inner-col\"><style>.kb-image6631_4ca3e7-ec .kb-image-has-overlay:after{opacity:0.3;}<\/style>\n<figure class=\"wp-block-kadence-image kb-image6631_4ca3e7-ec size-full\"><img loading=\"lazy\" decoding=\"async\" width=\"1024\" height=\"576\" src=\"https:\/\/walderlebnispfade.de\/wp-content\/uploads\/2025\/02\/Waldkirch_Aussicht.jpg\" alt=\"Aussicht vom Baumkronenweg Waldkirch\" class=\"kb-img wp-image-6636\" srcset=\"https:\/\/walderlebnispfade.de\/wp-content\/uploads\/2025\/02\/Waldkirch_Aussicht.jpg 1024w, https:\/\/walderlebnispfade.de\/wp-content\/uploads\/2025\/02\/Waldkirch_Aussicht-300x169.jpg 300w, https:\/\/walderlebnispfade.de\/wp-content\/uploads\/2025\/02\/Waldkirch_Aussicht-768x432.jpg 768w\" sizes=\"auto, (max-width: 1024px) 100vw, 1024px\" \/><\/figure>\n<\/div><\/div>\n\n<\/div><\/div><style>.wp-block-kadence-advancedheading.kt-adv-heading6631_cc0e25-88, .wp-block-kadence-advancedheading.kt-adv-heading6631_cc0e25-88[data-kb-block=\"kb-adv-heading6631_cc0e25-88\"]{font-size:var(--global-kb-font-size-md, 1.25rem);font-style:normal;}.wp-block-kadence-advancedheading.kt-adv-heading6631_cc0e25-88 mark.kt-highlight, .wp-block-kadence-advancedheading.kt-adv-heading6631_cc0e25-88[data-kb-block=\"kb-adv-heading6631_cc0e25-88\"] mark.kt-highlight{font-style:normal;color:#f76a0c;-webkit-box-decoration-break:clone;box-decoration-break:clone;padding-top:0px;padding-right:0px;padding-bottom:0px;padding-left:0px;}.wp-block-kadence-advancedheading.kt-adv-heading6631_cc0e25-88 img.kb-inline-image, .wp-block-kadence-advancedheading.kt-adv-heading6631_cc0e25-88[data-kb-block=\"kb-adv-heading6631_cc0e25-88\"] img.kb-inline-image{width:150px;vertical-align:baseline;}<\/style>\n<h2 class=\"kt-adv-heading6631_cc0e25-88 wp-block-kadence-advancedheading\" data-kb-block=\"kb-adv-heading6631_cc0e25-88\">Horario de apertura 2026 del paseo por las copas de los \u00e1rboles de Waldkirch<\/h2>\n\n<p>El fin de semana de apertura es el 21-03-2026 y, a partir de entonces, volver\u00e1 a abrir todos los d\u00edas. Se permite la entrada hasta una hora antes del cierre. Para grupos, es posible concertar otros horarios previa reserva.  <\/p>\n\n<figure class=\"wp-block-table\"><table><tbody><tr><td>Marzo, Abril, Mayo, Junio<\/td><td>De 11:00 a 17:30<\/td><\/tr><tr><td>Julio, agosto, septiembre (hasta el 13-09-2026)<\/td><td>De 11:00 a 18:30<\/td><\/tr><tr><td>Septiembre (a partir del 14-09-2026), octubre, noviembre (hasta el 08-11-2026)<\/td><td>De 11:00 a 17:30<\/td><\/tr><\/tbody><\/table><figcaption class=\"wp-element-caption\">Horario de apertura del paseo por las copas de los \u00e1rboles de Waldkirch<\/figcaption><\/figure>\n\n<h3 class=\"wp-block-heading\">Precios de entrada al paseo por las copas de los \u00e1rboles de Waldkirch<\/h3>\n\n<p><strong>Precios de admisi\u00f3n normales<\/strong><\/p>\n\n<ul class=\"wp-block-list\">\n<li><strong>Ni\u00f1os hasta 3 a\u00f1os:<\/strong> entrada gratuita<\/li>\n\n\n\n<li><strong>Ni\u00f1os de 4 a 15 a\u00f1os:<\/strong> 6,00 euros<\/li>\n\n\n\n<li><strong>Entrada reducida <\/strong>(estudiantes y alumnos mayores de 16 a\u00f1os, personas con discapacidad y pensionistas con justificante): 7,00 euros<\/li>\n\n\n\n<li><strong>Adultos:<\/strong> 8,00 euros<\/li>\n<\/ul>\n\n<p>Se aplican condiciones especiales para familias, grupos y cumplea\u00f1os.<\/p>\n<style>.wp-block-kadence-advancedheading.kt-adv-heading6631_c4ef4f-0e, .wp-block-kadence-advancedheading.kt-adv-heading6631_c4ef4f-0e[data-kb-block=\"kb-adv-heading6631_c4ef4f-0e\"]{font-style:normal;}.wp-block-kadence-advancedheading.kt-adv-heading6631_c4ef4f-0e mark.kt-highlight, .wp-block-kadence-advancedheading.kt-adv-heading6631_c4ef4f-0e[data-kb-block=\"kb-adv-heading6631_c4ef4f-0e\"] mark.kt-highlight{font-style:normal;color:#f76a0c;-webkit-box-decoration-break:clone;box-decoration-break:clone;padding-top:0px;padding-right:0px;padding-bottom:0px;padding-left:0px;}.wp-block-kadence-advancedheading.kt-adv-heading6631_c4ef4f-0e img.kb-inline-image, .wp-block-kadence-advancedheading.kt-adv-heading6631_c4ef4f-0e[data-kb-block=\"kb-adv-heading6631_c4ef4f-0e\"] img.kb-inline-image{width:150px;vertical-align:baseline;}<\/style>\n<h2 class=\"kt-adv-heading6631_c4ef4f-0e wp-block-kadence-advancedheading\" data-kb-block=\"kb-adv-heading6631_c4ef4f-0e\">Detalles importantes sobre el paseo por las copas de los \u00e1rboles de Waldkirch<\/h2>\n<style>.kadence-column6631_4adf97-be > .kt-inside-inner-col,.kadence-column6631_4adf97-be > .kt-inside-inner-col:before{border-top-left-radius:0px;border-top-right-radius:0px;border-bottom-right-radius:0px;border-bottom-left-radius:0px;}.kadence-column6631_4adf97-be > .kt-inside-inner-col{column-gap:var(--global-kb-gap-sm, 1rem);}.kadence-column6631_4adf97-be > .kt-inside-inner-col{flex-direction:column;}.kadence-column6631_4adf97-be > .kt-inside-inner-col > .aligncenter{width:100%;}.kadence-column6631_4adf97-be > .kt-inside-inner-col:before{opacity:0.3;}.kadence-column6631_4adf97-be{position:relative;}@media all and (max-width: 1024px){.kadence-column6631_4adf97-be > .kt-inside-inner-col{flex-direction:column;justify-content:center;}}@media all and (max-width: 767px){.kadence-column6631_4adf97-be > .kt-inside-inner-col{flex-direction:column;justify-content:center;}}<\/style>\n<div class=\"wp-block-kadence-column kadence-column6631_4adf97-be\"><div class=\"kt-inside-inner-col\">\n<figure class=\"wp-block-table\"><table><tbody><tr><td>Gastronom\u00eda:<\/td><td>Quiosco a la entrada del paseo por las copas de los \u00e1rboles.<\/td><\/tr><tr><td>Sin barreras:<\/td><td>El paseo por las copas de los \u00e1rboles en s\u00ed no tiene barreras y presenta una pendiente del 6-10%.<br\/>Los usuarios de sillas de ruedas o las personas con graves dificultades para caminar pueden inscribirse en el 0151 \/ 50 40 48 67, <br\/>para poder acceder directamente a la zona de entrada del paseo por las copas de los \u00e1rboles.<\/td><\/tr><tr><td>Se admiten perros:<\/td><td>Los perros pueden ir con correa.<\/td><\/tr><tr><td>Visitas guiadas:<\/td><td>Sobre el socio colaborador <a href=\"http:\/\/www.teamadventures.net\/\" target=\"_blank\" data-type=\"link\" data-id=\"http:\/\/www.teamadventures.net\/\" rel=\"noreferrer noopener\">Team Adventures<\/a>.<\/td><\/tr><tr><td>Descuento para grupos:<\/td><td>S\u00ed, de 15 personas.<\/td><\/tr><tr><td>Compra de entradas:<\/td><td>In situ. Los vales est\u00e1n disponibles <a href=\"https:\/\/www.baumkronenweg-waldkirch.de\/gutscheine\" target=\"_blank\" data-type=\"link\" data-id=\"https:\/\/www.baumkronenweg-waldkirch.de\/gutscheine\" rel=\"noreferrer noopener\">en Internet<\/a>. <\/td><\/tr><\/tbody><\/table><figcaption class=\"wp-element-caption\">Detalles del paseo por las copas de los \u00e1rboles de Waldkirch<\/figcaption><\/figure>\n<\/div><\/div>\n\n<hr class=\"wp-block-separator has-alpha-channel-opacity\" style=\"margin-top:var(--wp--preset--spacing--50);margin-bottom:var(--wp--preset--spacing--50)\"\/>\n<style>.kadence-column6631_451981-3c > .kt-inside-inner-col{display:flex;}.kadence-column6631_451981-3c > .kt-inside-inner-col{padding-top:var(--global-kb-spacing-xs, 1rem);padding-right:var(--global-kb-spacing-xs, 1rem);padding-bottom:var(--global-kb-spacing-xs, 1rem);padding-left:var(--global-kb-spacing-xs, 1rem);}.kadence-column6631_451981-3c > .kt-inside-inner-col{box-shadow:0px 0px 14px 0px rgba(0, 0, 0, 0.2);}.kadence-column6631_451981-3c > .kt-inside-inner-col,.kadence-column6631_451981-3c > .kt-inside-inner-col:before{border-top-left-radius:0px;border-top-right-radius:0px;border-bottom-right-radius:0px;border-bottom-left-radius:0px;}.kadence-column6631_451981-3c > .kt-inside-inner-col{column-gap:var(--global-kb-gap-sm, 1rem);}.kadence-column6631_451981-3c > .kt-inside-inner-col{flex-direction:column;align-items:center;}.kadence-column6631_451981-3c > .kt-inside-inner-col > .kb-image-is-ratio-size{align-self:stretch;}.kadence-column6631_451981-3c > .kt-inside-inner-col > .wp-block-kadence-advancedgallery{align-self:stretch;}.kadence-column6631_451981-3c > .kt-inside-inner-col > .aligncenter{width:100%;}.kadence-column6631_451981-3c > .kt-inside-inner-col{background-color:var(--global-palette8, #F7FAFC);}.kadence-column6631_451981-3c > .kt-inside-inner-col:before{opacity:0.3;}.kadence-column6631_451981-3c{position:relative;}@media all and (max-width: 1024px){.kadence-column6631_451981-3c > .kt-inside-inner-col{flex-direction:column;justify-content:center;align-items:center;}}@media all and (max-width: 767px){.kadence-column6631_451981-3c > .kt-inside-inner-col{flex-direction:column;justify-content:center;align-items:center;}}<\/style>\n<div class=\"wp-block-kadence-column kadence-column6631_451981-3c\"><div class=\"kt-inside-inner-col\">\n<p class=\"has-text-align-center\">\u00bfQu\u00e9 te parece el paseo por las copas de los \u00e1rboles de Waldkirch? Por favor, d\u00e9jame una rese\u00f1a.   <br\/>Nos ayudas a nosotros y a otros amantes de la naturaleza. Muchas gracias \ud83d\ude42 \u00a1! <\/p>\n\n\n\n<div class=\"wp-block-yet-another-stars-rating-visitor-votes aligncenter yasr-vv-block\"><\/div>\n\n\n\n<p>Puedes encontrar m\u00e1s aventuras emocionantes en nuestra <a href=\"https:\/\/walderlebnispfade.de\/es\/experiencias-forestales\/\" data-type=\"page\" data-id=\"228\">b\u00fasqueda de experiencias en el bosque<\/a> y en nuestro <a href=\"https:\/\/walderlebnispfade.de\/es\/rutas-por-los-arboles-de-europa\/\" data-type=\"post\" data-id=\"5843\">resumen de paseos por las copas de los \u00e1rboles<\/a>.<\/p>\n<\/div><\/div>\n\n<hr class=\"wp-block-separator has-alpha-channel-opacity\" style=\"margin-top:var(--wp--preset--spacing--50);margin-bottom:var(--wp--preset--spacing--50)\"\/>\n\n<h2 class=\"wp-block-heading\">V\u00eddeo del paseo por las copas de los \u00e1rboles de Waldkirch<\/h2>\n\n<figure class=\"wp-block-embed is-type-video is-provider-youtube wp-block-embed-youtube wp-embed-aspect-16-9 wp-has-aspect-ratio\"><div class=\"wp-block-embed__wrapper\">\n<iframe loading=\"lazy\" hcb-fetch-image-from=\"https:\/\/youtu.be\/uXHTHABROs4?si=g1MFOm5M3sk4r4i3\" title=\"Baumkronenweg Waldkirch &amp; L\u00c4NGSTE R\u00f6hrenrutsche EUROPAS\" width=\"720\" height=\"405\" src=\"https:\/\/www.youtube.com\/embed\/uXHTHABROs4?feature=oembed\" frameborder=\"0\" allow=\"accelerometer; autoplay; clipboard-write; encrypted-media; gyroscope; picture-in-picture; web-share\" referrerpolicy=\"strict-origin-when-cross-origin\" allowfullscreen><\/iframe>\n<\/div><\/figure>\n","protected":false},"author":2,"featured_media":6635,"comment_status":"open","ping_status":"closed","template":"","meta":{"_kad_blocks_custom_css":"","_kad_blocks_head_custom_js":"","_kad_blocks_body_custom_js":"","_kad_blocks_footer_custom_js":"","_kad_post_transparent":"","_kad_post_title":"","_kad_post_layout":"","_kad_post_sidebar_id":"","_kad_post_content_style":"","_kad_post_vertical_padding":"","_kad_post_feature":"","_kad_post_feature_position":"","_kad_post_header":false,"_kad_post_footer":false,"_kad_post_classname":"","yasr_overall_rating":0,"yasr_post_is_review":"","yasr_auto_insert_disabled":"","yasr_review_type":"LocalBusiness"},"region":[131,140],"erlebnisart":[173,176],"class_list":["post-6648","erlebnisse","type-erlebnisse","status-publish","has-post-thumbnail","hentry","region-deutschland-es","region-bw-es","erlebnisart-wandern-es","erlebnisart-baumwipfelpfad-es"],"yasr_visitor_votes":{"stars_attributes":{"read_only":false,"span_bottom":false},"number_of_votes":1,"sum_votes":1},"taxonomy_info":{"region":[{"value":131,"label":"Alemania"},{"value":140,"label":"Baden-W\u00fcrttemberg"}],"erlebnisart":[{"value":173,"label":"Senderismo"},{"value":176,"label":"Sendero entre las copas de los \u00e1rboles"}]},"featured_image_src_large":["https:\/\/walderlebnispfade.de\/wp-content\/uploads\/2025\/02\/Baumwipfelpfad_Waldkirch-1024x576.jpg",1024,576,true],"author_info":{"display_name":"Moni","author_link":"https:\/\/walderlebnispfade.de\/es\/author\/moni\/"},"comment_info":0,"_links":{"self":[{"href":"https:\/\/walderlebnispfade.de\/es\/wp-json\/wp\/v2\/erlebnisse\/6648","targetHints":{"allow":["GET"]}}],"collection":[{"href":"https:\/\/walderlebnispfade.de\/es\/wp-json\/wp\/v2\/erlebnisse"}],"about":[{"href":"https:\/\/walderlebnispfade.de\/es\/wp-json\/wp\/v2\/types\/erlebnisse"}],"author":[{"embeddable":true,"href":"https:\/\/walderlebnispfade.de\/es\/wp-json\/wp\/v2\/users\/2"}],"replies":[{"embeddable":true,"href":"https:\/\/walderlebnispfade.de\/es\/wp-json\/wp\/v2\/comments?post=6648"}],"wp:featuredmedia":[{"embeddable":true,"href":"https:\/\/walderlebnispfade.de\/es\/wp-json\/wp\/v2\/media\/6635"}],"wp:attachment":[{"href":"https:\/\/walderlebnispfade.de\/es\/wp-json\/wp\/v2\/media?parent=6648"}],"wp:term":[{"taxonomy":"region","embeddable":true,"href":"https:\/\/walderlebnispfade.de\/es\/wp-json\/wp\/v2\/region?post=6648"},{"taxonomy":"erlebnisart","embeddable":true,"href":"https:\/\/walderlebnispfade.de\/es\/wp-json\/wp\/v2\/erlebnisart?post=6648"}],"curies":[{"name":"wp","href":"https:\/\/api.w.org\/{rel}","templated":true}]}}