{"id":6651,"date":"2025-02-27T20:15:21","date_gmt":"2025-02-27T19:15:21","guid":{"rendered":"https:\/\/walderlebnispfade.de\/erlebnisse\/paseo-por-las-copas-de-los-arboles-de-la-selva-negra\/"},"modified":"2026-04-22T11:48:36","modified_gmt":"2026-04-22T09:48:36","slug":"paseo-por-las-copas-de-los-arboles-de-la-selva-negra","status":"publish","type":"erlebnisse","link":"https:\/\/walderlebnispfade.de\/es\/erlebnisse\/paseo-por-las-copas-de-los-arboles-de-la-selva-negra\/","title":{"rendered":"Paseo por las copas de los \u00e1rboles de la Selva Negra"},"content":{"rendered":"\n<h2 class=\"wp-block-heading\">Perspectivas ins\u00f3litas en el paseo por las copas de los \u00e1rboles de la Selva Negra<\/h2>\n\n<p>El paseo por las copas de los \u00e1rboles de la Selva Negra est\u00e1 situado en el Sommerberg, al oeste de Bad Wildbad, a unos 750 metros de altitud. El sendero recorre 1.250 metros a una altura de hasta 20 metros a trav\u00e9s de las copas de los \u00e1rboles de la Selva Negra y termina en una torre panor\u00e1mica en forma de embudo de 40 metros de altura. Desde all\u00ed tendr\u00e1s una vista fant\u00e1stica del valle del Enz y de la <a href=\"https:\/\/www.infozentrum-kaltenbronn.de\/\" data-type=\"link\" data-id=\"https:\/\/www.infozentrum-kaltenbronn.de\/\" target=\"_blank\" rel=\"noreferrer noopener\">reserva natural de Kaltenbronn<\/a>. En un d\u00eda despejado, puedes ver hasta Alsacia y los Alpes suizos. El paseo por las copas de los \u00e1rboles est\u00e1 abierto en verano e invierno y ofrece unas vistas magn\u00edficas del Sommerberg, sobre todo cuando el paisaje est\u00e1 cubierto de nieve ;-).   <\/p>\n<style>.kb-table-of-content-nav.kb-table-of-content-id6604_0bf8bc-d6 .kb-table-of-content-wrap{padding-top:var(--global-kb-spacing-sm, 1.5rem);padding-right:var(--global-kb-spacing-sm, 1.5rem);padding-bottom:var(--global-kb-spacing-sm, 1.5rem);padding-left:var(--global-kb-spacing-sm, 1.5rem);background-color:var(--global-palette8, #F7FAFC);box-shadow:inset 0px 0px 14px 0px rgba(0, 0, 0, 0.2);}.kb-table-of-content-nav.kb-table-of-content-id6604_0bf8bc-d6 .kb-table-of-contents-title-wrap{padding-top:0px;padding-right:0px;padding-bottom:0px;padding-left:0px;}.kb-table-of-content-nav.kb-table-of-content-id6604_0bf8bc-d6 .kb-table-of-contents-title{font-weight:regular;font-style:normal;}.kb-table-of-content-nav.kb-table-of-content-id6604_0bf8bc-d6 .kb-table-of-content-wrap .kb-table-of-content-list{font-weight:regular;font-style:normal;margin-top:var(--global-kb-spacing-sm, 1.5rem);margin-right:0px;margin-bottom:0px;margin-left:0px;}.kb-table-of-content-nav.kb-table-of-content-id6604_0bf8bc-d6 .kb-toggle-icon-style-basiccircle .kb-table-of-contents-icon-trigger:after, .kb-table-of-content-nav.kb-table-of-content-id6604_0bf8bc-d6 .kb-toggle-icon-style-basiccircle .kb-table-of-contents-icon-trigger:before, .kb-table-of-content-nav.kb-table-of-content-id6604_0bf8bc-d6 .kb-toggle-icon-style-arrowcircle .kb-table-of-contents-icon-trigger:after, .kb-table-of-content-nav.kb-table-of-content-id6604_0bf8bc-d6 .kb-toggle-icon-style-arrowcircle .kb-table-of-contents-icon-trigger:before, .kb-table-of-content-nav.kb-table-of-content-id6604_0bf8bc-d6 .kb-toggle-icon-style-xclosecircle .kb-table-of-contents-icon-trigger:after, .kb-table-of-content-nav.kb-table-of-content-id6604_0bf8bc-d6 .kb-toggle-icon-style-xclosecircle .kb-table-of-contents-icon-trigger:before{background-color:var(--global-palette8, #F7FAFC);}<\/style>\n<p>Adem\u00e1s de una nueva perspectiva de las copas de los \u00e1rboles del bosque mixto de hayas, abetos y p\u00edceas, hay muchos paneles informativos sobre flora y fauna, as\u00ed como emocionantes estaciones de aventura para peque\u00f1os y mayores. El sendero no tiene barreras y tambi\u00e9n se puede recorrer f\u00e1cilmente con sillas de ruedas y cochecitos de ni\u00f1os. Si buscas un poco de acci\u00f3n y tienes m\u00e1s de seis a\u00f1os, puedes bajar por el tobog\u00e1n del t\u00fanel.  <\/p>\n\n<p>El bosque de aventuras est\u00e1 situado justo al lado del paseo por las copas de los \u00e1rboles. El parque de acci\u00f3n de 8.000 metros cuadrados, con 25 estaciones de juego y aprendizaje, ofrece variedad no s\u00f3lo para los m\u00e1s peque\u00f1os: aqu\u00ed la diversi\u00f3n est\u00e1 a la orden del d\u00eda para toda la familia. Los que necesiten m\u00e1s adrenalina deber\u00edan visitar el cercano puente colgante <a href=\"https:\/\/www.bad-wildbad.de\/de\/wildline\/\" data-type=\"link\" data-id=\"https:\/\/www.bad-wildbad.de\/de\/wildline\/\" target=\"_blank\" rel=\"noreferrer noopener\">WILDLINE<\/a>. Con una longitud de 380 metros, ofrece vistas a 300 metros de Bad Wildbad.   <\/p>\n\n<h3 class=\"wp-block-heading\">Llegada y aparcamiento en el paseo por las copas de los \u00e1rboles de la Selva Negra en Bad Wildbad<\/h3>\n<style>.kb-row-layout-id6604_1d8881-ff > .kt-row-column-wrap{align-content:start;}:where(.kb-row-layout-id6604_1d8881-ff > .kt-row-column-wrap) > .wp-block-kadence-column{justify-content:start;}.kb-row-layout-id6604_1d8881-ff > .kt-row-column-wrap{column-gap:var(--global-kb-gap-md, 2rem);row-gap:var(--global-kb-gap-md, 2rem);padding-top:var(--global-kb-spacing-sm, 1.5rem);padding-bottom:var(--global-kb-spacing-sm, 1.5rem);grid-template-columns:repeat(2, minmax(0, 1fr));}.kb-row-layout-id6604_1d8881-ff > .kt-row-layout-overlay{opacity:0.30;}@media all and (max-width: 1024px){.kb-row-layout-id6604_1d8881-ff > .kt-row-column-wrap{grid-template-columns:repeat(2, minmax(0, 1fr));}}@media all and (max-width: 767px){.kb-row-layout-id6604_1d8881-ff > .kt-row-column-wrap{grid-template-columns:minmax(0, 1fr);}}<\/style><div class=\"kb-row-layout-wrap kb-row-layout-id6604_1d8881-ff alignnone wp-block-kadence-rowlayout\"><div class=\"kt-row-column-wrap kt-has-2-columns kt-row-layout-equal kt-tab-layout-inherit kt-mobile-layout-row kt-row-valign-top\">\n<style>.kadence-column6604_630493-c0 > .kt-inside-inner-col,.kadence-column6604_630493-c0 > .kt-inside-inner-col:before{border-top-left-radius:0px;border-top-right-radius:0px;border-bottom-right-radius:0px;border-bottom-left-radius:0px;}.kadence-column6604_630493-c0 > .kt-inside-inner-col{column-gap:var(--global-kb-gap-sm, 1rem);}.kadence-column6604_630493-c0 > .kt-inside-inner-col{flex-direction:column;}.kadence-column6604_630493-c0 > .kt-inside-inner-col > .aligncenter{width:100%;}.kadence-column6604_630493-c0 > .kt-inside-inner-col:before{opacity:0.3;}.kadence-column6604_630493-c0{position:relative;}@media all and (max-width: 1024px){.kadence-column6604_630493-c0 > .kt-inside-inner-col{flex-direction:column;justify-content:center;}}@media all and (max-width: 767px){.kadence-column6604_630493-c0 > .kt-inside-inner-col{flex-direction:column;justify-content:center;}}<\/style>\n<div class=\"wp-block-kadence-column kadence-column6604_630493-c0\"><div class=\"kt-inside-inner-col\">\n<p>En el Sommerberg hay un n\u00famero limitado de plazas de aparcamiento de pago. Hay muchas otras opciones de aparcamiento en el centro de Bad Wildbad. Desde all\u00ed, puedes coger uno de los funiculares m\u00e1s modernos de Alemania, el <a href=\"https:\/\/www.bad-wildbad.de\/de\/sommerbergbahn\/\" data-type=\"link\" data-id=\"https:\/\/www.bad-wildbad.de\/de\/sommerbergbahn\/\" target=\"_blank\" rel=\"noreferrer noopener\">Sommerbergbahn,<\/a> directamente desde el centro de la ciudad hasta el Sommerberg. Adem\u00e1s, el ferrocarril de monta\u00f1a es totalmente accesible. La estaci\u00f3n del valle del Sommerbergbahn est\u00e1 situada directamente en el centro de la ciudad, cerca de la parada de S-Bahn de Uhlandplatz. Desde all\u00ed, los modernos vagones panor\u00e1micos suben al Sommerberg cada media hora.     <\/p>\n<\/div><\/div>\n\n\n<style>.kadence-column6604_395579-ad > .kt-inside-inner-col,.kadence-column6604_395579-ad > .kt-inside-inner-col:before{border-top-left-radius:0px;border-top-right-radius:0px;border-bottom-right-radius:0px;border-bottom-left-radius:0px;}.kadence-column6604_395579-ad > .kt-inside-inner-col{column-gap:var(--global-kb-gap-sm, 1rem);}.kadence-column6604_395579-ad > .kt-inside-inner-col{flex-direction:column;}.kadence-column6604_395579-ad > .kt-inside-inner-col > .aligncenter{width:100%;}.kadence-column6604_395579-ad > .kt-inside-inner-col:before{opacity:0.3;}.kadence-column6604_395579-ad{position:relative;}@media all and (max-width: 1024px){.kadence-column6604_395579-ad > .kt-inside-inner-col{flex-direction:column;justify-content:center;}}@media all and (max-width: 767px){.kadence-column6604_395579-ad > .kt-inside-inner-col{flex-direction:column;justify-content:center;}}<\/style>\n<div class=\"wp-block-kadence-column kadence-column6604_395579-ad\"><div class=\"kt-inside-inner-col\"><style>.kb-image6604_de25e1-fc .kb-image-has-overlay:after{opacity:0.3;}<\/style>\n<figure class=\"wp-block-kadence-image kb-image6604_de25e1-fc size-full\"><img loading=\"lazy\" decoding=\"async\" width=\"1024\" height=\"576\" src=\"https:\/\/walderlebnispfade.de\/wp-content\/uploads\/2025\/02\/Schwarzwald_Aussicht.jpg\" alt=\"Aussicht vom Baumwipfelpfad Schwarzwald in Bad Wildbad\" class=\"kb-img wp-image-6609\" srcset=\"https:\/\/walderlebnispfade.de\/wp-content\/uploads\/2025\/02\/Schwarzwald_Aussicht.jpg 1024w, https:\/\/walderlebnispfade.de\/wp-content\/uploads\/2025\/02\/Schwarzwald_Aussicht-300x169.jpg 300w, https:\/\/walderlebnispfade.de\/wp-content\/uploads\/2025\/02\/Schwarzwald_Aussicht-768x432.jpg 768w\" sizes=\"auto, (max-width: 1024px) 100vw, 1024px\" \/><\/figure>\n<\/div><\/div>\n\n<\/div><\/div>\n<h3 class=\"wp-block-heading\">Horario de apertura 2026 del paseo por las copas de los \u00e1rboles de la Selva Negra<\/h3>\n\n<p>La taquilla cierra siempre una hora antes del cierre. Puedes comprar las entradas directamente en la entrada del sendero o en la <a href=\"https:\/\/treetop-walks.com\/schwarzwald\/baumwipfelpfad\/tickets\/\" data-type=\"link\" data-id=\"https:\/\/treetop-walks.com\/schwarzwald\/baumwipfelpfad\/tickets\/\" target=\"_blank\" rel=\"noreferrer noopener\">tienda online<\/a>. Si compras el billete por Internet, puedes ahorrarte esperas m\u00e1s largas en la taquilla.  <\/p>\n\n<figure class=\"wp-block-table\"><table><tbody><tr><td>Enero, Febrero<\/td><td>De jueves a domingo, de 13:00 a 20:00 (magia ligera a partir de las 16:00)<\/td><\/tr><tr><td>Marzo<\/td><td>De jueves a lunes, de 09:30 a 17:00<\/td><\/tr><tr><td>Abril<\/td><td>Todos los d\u00edas de 09:30 a 17:00<\/td><\/tr><tr><td>Mayo, Junio, Julio, Agosto, Septiembre, Octubre<\/td><td>Todos los d\u00edas de 09:30 a 18:00<\/td><\/tr><tr><td>Noviembre, Diciembre<\/td><td>\u00a1Cerrado!<\/td><\/tr><\/tbody><\/table><figcaption class=\"wp-element-caption\">Horario de apertura del paseo por las copas de los \u00e1rboles Bad Wildbad en la Selva Negra<\/figcaption><\/figure>\n<style>.kb-row-layout-id6604_370bac-63 > .kt-row-column-wrap{align-content:start;}:where(.kb-row-layout-id6604_370bac-63 > .kt-row-column-wrap) > .wp-block-kadence-column{justify-content:start;}.kb-row-layout-id6604_370bac-63 > .kt-row-column-wrap{column-gap:var(--global-kb-gap-md, 2rem);row-gap:var(--global-kb-gap-md, 2rem);padding-top:var(--global-kb-spacing-sm, 1.5rem);padding-bottom:var(--global-kb-spacing-sm, 1.5rem);grid-template-columns:minmax(0, 1fr);}.kb-row-layout-id6604_370bac-63 > .kt-row-layout-overlay{opacity:0.30;}@media all and (max-width: 1024px){.kb-row-layout-id6604_370bac-63 > .kt-row-column-wrap{grid-template-columns:minmax(0, 1fr);}}@media all and (max-width: 767px){.kb-row-layout-id6604_370bac-63 > .kt-row-column-wrap{grid-template-columns:minmax(0, 1fr);}}<\/style><div class=\"kb-row-layout-wrap kb-row-layout-id6604_370bac-63 alignnone wp-block-kadence-rowlayout\"><div class=\"kt-row-column-wrap kt-has-1-columns kt-row-layout-equal kt-tab-layout-inherit kt-mobile-layout-row kt-row-valign-top\">\n<style>.kadence-column6604_098028-f0 > .kt-inside-inner-col,.kadence-column6604_098028-f0 > .kt-inside-inner-col:before{border-top-left-radius:0px;border-top-right-radius:0px;border-bottom-right-radius:0px;border-bottom-left-radius:0px;}.kadence-column6604_098028-f0 > .kt-inside-inner-col{column-gap:var(--global-kb-gap-sm, 1rem);}.kadence-column6604_098028-f0 > .kt-inside-inner-col{flex-direction:column;}.kadence-column6604_098028-f0 > .kt-inside-inner-col > .aligncenter{width:100%;}.kadence-column6604_098028-f0 > .kt-inside-inner-col:before{opacity:0.3;}.kadence-column6604_098028-f0{position:relative;}@media all and (max-width: 1024px){.kadence-column6604_098028-f0 > .kt-inside-inner-col{flex-direction:column;justify-content:center;}}@media all and (max-width: 767px){.kadence-column6604_098028-f0 > .kt-inside-inner-col{flex-direction:column;justify-content:center;}}<\/style>\n<div class=\"wp-block-kadence-column kadence-column6604_098028-f0\"><div class=\"kt-inside-inner-col\"><style>.wp-block-kadence-advancedheading.kt-adv-heading6604_3dc437-96, .wp-block-kadence-advancedheading.kt-adv-heading6604_3dc437-96[data-kb-block=\"kb-adv-heading6604_3dc437-96\"]{font-style:normal;}.wp-block-kadence-advancedheading.kt-adv-heading6604_3dc437-96 mark.kt-highlight, .wp-block-kadence-advancedheading.kt-adv-heading6604_3dc437-96[data-kb-block=\"kb-adv-heading6604_3dc437-96\"] mark.kt-highlight{font-style:normal;color:#f76a0c;-webkit-box-decoration-break:clone;box-decoration-break:clone;padding-top:0px;padding-right:0px;padding-bottom:0px;padding-left:0px;}.wp-block-kadence-advancedheading.kt-adv-heading6604_3dc437-96 img.kb-inline-image, .wp-block-kadence-advancedheading.kt-adv-heading6604_3dc437-96[data-kb-block=\"kb-adv-heading6604_3dc437-96\"] img.kb-inline-image{width:150px;vertical-align:baseline;}<\/style>\n<h2 class=\"kt-adv-heading6604_3dc437-96 wp-block-kadence-advancedheading\" data-kb-block=\"kb-adv-heading6604_3dc437-96\">Detalles importantes sobre el paseo por las copas de los \u00e1rboles de la Selva Negra<\/h2>\n\n\n\n<figure class=\"wp-block-table\"><table><tbody><tr><td>Gastronom\u00eda:<\/td><td>Merendero \u00abFutterkrippe\u00bb a la entrada del bosque de aventuras de Sommerberg.<\/td><\/tr><tr><td>Instalaciones sanitarias:<\/td><td>Abajo, en la torre de observaci\u00f3n y en el bosque de aventuras.<\/td><\/tr><tr><td>Sin barreras:<\/td><td>El camino est\u00e1 libre de barreras y tiene una pendiente m\u00e1xima del 6%.<br\/>Hay un aseo para discapacitados en la torre.<br\/>Encontrar\u00e1s plazas de aparcamiento para discapacitados delante del Hotel Restaurante Auerhahn (Navi: Heermannsweg 4, 75323 Bad Wildbad).<\/td><\/tr><tr><td>Se admiten perros:<\/td><td>No, no se admiten perros. Excepci\u00f3n: perros de asistencia para discapacitados y perros de asistencia para cuidadores.<\/td><\/tr><tr><td>Visitas guiadas:<\/td><td>Puedes realizar la visita guiada \u00abDe las ra\u00edces a las copas de los \u00e1rboles\u00bb todos los jueves a las 14:00 de marzo a octubre, incluso sin reserva previa. Las visitas en grupo se realizan con cita previa. <\/td><\/tr><tr><td>Descuento para grupos:<\/td><td>S\u00ed, de 15 personas.<\/td><\/tr><\/tbody><\/table><figcaption class=\"wp-element-caption\">Detalles del paseo por las copas de los \u00e1rboles de Bad Wildbad, en la Selva Negra<\/figcaption><\/figure>\n<\/div><\/div>\n\n<\/div><\/div>\n<hr class=\"wp-block-separator has-alpha-channel-opacity\" style=\"margin-top:var(--wp--preset--spacing--50);margin-bottom:var(--wp--preset--spacing--50)\"\/>\n<style>.kadence-column6604_3f42bb-f1 > .kt-inside-inner-col{display:flex;}.kadence-column6604_3f42bb-f1 > .kt-inside-inner-col{padding-top:var(--global-kb-spacing-xs, 1rem);padding-right:var(--global-kb-spacing-xs, 1rem);padding-bottom:var(--global-kb-spacing-xs, 1rem);padding-left:var(--global-kb-spacing-xs, 1rem);}.kadence-column6604_3f42bb-f1 > .kt-inside-inner-col{box-shadow:0px 0px 14px 0px rgba(0, 0, 0, 0.2);}.kadence-column6604_3f42bb-f1 > .kt-inside-inner-col,.kadence-column6604_3f42bb-f1 > .kt-inside-inner-col:before{border-top-left-radius:0px;border-top-right-radius:0px;border-bottom-right-radius:0px;border-bottom-left-radius:0px;}.kadence-column6604_3f42bb-f1 > .kt-inside-inner-col{column-gap:var(--global-kb-gap-sm, 1rem);}.kadence-column6604_3f42bb-f1 > .kt-inside-inner-col{flex-direction:column;align-items:center;}.kadence-column6604_3f42bb-f1 > .kt-inside-inner-col > .kb-image-is-ratio-size{align-self:stretch;}.kadence-column6604_3f42bb-f1 > .kt-inside-inner-col > .wp-block-kadence-advancedgallery{align-self:stretch;}.kadence-column6604_3f42bb-f1 > .kt-inside-inner-col > .aligncenter{width:100%;}.kadence-column6604_3f42bb-f1 > .kt-inside-inner-col{background-color:var(--global-palette8, #F7FAFC);}.kadence-column6604_3f42bb-f1 > .kt-inside-inner-col:before{opacity:0.3;}.kadence-column6604_3f42bb-f1{position:relative;}@media all and (max-width: 1024px){.kadence-column6604_3f42bb-f1 > .kt-inside-inner-col{flex-direction:column;justify-content:center;align-items:center;}}@media all and (max-width: 767px){.kadence-column6604_3f42bb-f1 > .kt-inside-inner-col{flex-direction:column;justify-content:center;align-items:center;}}<\/style>\n<div class=\"wp-block-kadence-column kadence-column6604_3f42bb-f1\"><div class=\"kt-inside-inner-col\">\n<p class=\"has-text-align-center\">\u00bfQu\u00e9 te parece el paseo por las copas de los \u00e1rboles de la Selva Negra? Por favor, d\u00e9jame una rese\u00f1a.   <br\/>Nos ayudas a nosotros y a otros amantes de la naturaleza. Muchas gracias \ud83d\ude42 \u00a1! <\/p>\n\n\n\n<div class=\"wp-block-yet-another-stars-rating-visitor-votes aligncenter yasr-vv-block\"><\/div>\n\n\n\n<p>Puedes encontrar m\u00e1s aventuras emocionantes en nuestra <a href=\"https:\/\/walderlebnispfade.de\/es\/experiencias-forestales\/\" data-type=\"page\" data-id=\"228\">b\u00fasqueda de experiencias en el bosque<\/a> y en nuestro <a href=\"https:\/\/walderlebnispfade.de\/es\/rutas-por-los-arboles-de-europa\/\" data-type=\"post\" data-id=\"5843\">resumen de paseos por las copas de los \u00e1rboles<\/a>.<\/p>\n<\/div><\/div>\n\n<hr class=\"wp-block-separator has-alpha-channel-opacity\" style=\"margin-top:var(--wp--preset--spacing--50);margin-bottom:var(--wp--preset--spacing--50)\"\/>\n\n<h2 class=\"wp-block-heading\">V\u00eddeo sobre el paseo por las copas de los \u00e1rboles de la Selva Negra<\/h2>\n\n<figure class=\"wp-block-embed is-type-video is-provider-youtube wp-block-embed-youtube wp-embed-aspect-16-9 wp-has-aspect-ratio\"><div class=\"wp-block-embed__wrapper\">\n<iframe loading=\"lazy\" hcb-fetch-image-from=\"https:\/\/youtu.be\/Zu8-co7ufrY?si=CbxooqiJtiCvGrHV\" title=\"Baumwipfelpfad Schwarzwald\" width=\"720\" height=\"405\" src=\"https:\/\/www.youtube.com\/embed\/Zu8-co7ufrY?feature=oembed\" frameborder=\"0\" allow=\"accelerometer; autoplay; clipboard-write; encrypted-media; gyroscope; picture-in-picture; web-share\" referrerpolicy=\"strict-origin-when-cross-origin\" allowfullscreen><\/iframe>\n<\/div><\/figure>\n","protected":false},"author":2,"featured_media":6608,"comment_status":"open","ping_status":"closed","template":"","meta":{"_kad_blocks_custom_css":"","_kad_blocks_head_custom_js":"","_kad_blocks_body_custom_js":"","_kad_blocks_footer_custom_js":"","_kad_post_transparent":"","_kad_post_title":"","_kad_post_layout":"","_kad_post_sidebar_id":"","_kad_post_content_style":"","_kad_post_vertical_padding":"","_kad_post_feature":"","_kad_post_feature_position":"","_kad_post_header":false,"_kad_post_footer":false,"_kad_post_classname":"","yasr_overall_rating":0,"yasr_post_is_review":"","yasr_auto_insert_disabled":"","yasr_review_type":"LocalBusiness"},"region":[131,140],"erlebnisart":[173,176],"class_list":["post-6651","erlebnisse","type-erlebnisse","status-publish","has-post-thumbnail","hentry","region-deutschland-es","region-bw-es","erlebnisart-wandern-es","erlebnisart-baumwipfelpfad-es"],"yasr_visitor_votes":{"stars_attributes":{"read_only":false,"span_bottom":false},"number_of_votes":0,"sum_votes":0},"taxonomy_info":{"region":[{"value":131,"label":"Alemania"},{"value":140,"label":"Baden-W\u00fcrttemberg"}],"erlebnisart":[{"value":173,"label":"Senderismo"},{"value":176,"label":"Sendero entre las copas de los \u00e1rboles"}]},"featured_image_src_large":["https:\/\/walderlebnispfade.de\/wp-content\/uploads\/2025\/02\/Baumwipfelpfad_Schwarzwald-1024x576.jpg",1024,576,true],"author_info":{"display_name":"Moni","author_link":"https:\/\/walderlebnispfade.de\/es\/author\/moni\/"},"comment_info":0,"_links":{"self":[{"href":"https:\/\/walderlebnispfade.de\/es\/wp-json\/wp\/v2\/erlebnisse\/6651","targetHints":{"allow":["GET"]}}],"collection":[{"href":"https:\/\/walderlebnispfade.de\/es\/wp-json\/wp\/v2\/erlebnisse"}],"about":[{"href":"https:\/\/walderlebnispfade.de\/es\/wp-json\/wp\/v2\/types\/erlebnisse"}],"author":[{"embeddable":true,"href":"https:\/\/walderlebnispfade.de\/es\/wp-json\/wp\/v2\/users\/2"}],"replies":[{"embeddable":true,"href":"https:\/\/walderlebnispfade.de\/es\/wp-json\/wp\/v2\/comments?post=6651"}],"wp:featuredmedia":[{"embeddable":true,"href":"https:\/\/walderlebnispfade.de\/es\/wp-json\/wp\/v2\/media\/6608"}],"wp:attachment":[{"href":"https:\/\/walderlebnispfade.de\/es\/wp-json\/wp\/v2\/media?parent=6651"}],"wp:term":[{"taxonomy":"region","embeddable":true,"href":"https:\/\/walderlebnispfade.de\/es\/wp-json\/wp\/v2\/region?post=6651"},{"taxonomy":"erlebnisart","embeddable":true,"href":"https:\/\/walderlebnispfade.de\/es\/wp-json\/wp\/v2\/erlebnisart?post=6651"}],"curies":[{"name":"wp","href":"https:\/\/api.w.org\/{rel}","templated":true}]}}