{"id":6690,"date":"2025-03-04T19:26:26","date_gmt":"2025-03-04T18:26:26","guid":{"rendered":"https:\/\/walderlebnispfade.de\/erlebnisse\/casa-del-arbol-hotel-geniesserhof\/"},"modified":"2026-04-22T11:48:09","modified_gmt":"2026-04-22T09:48:09","slug":"casa-del-arbol-hotel-geniesserhof","status":"publish","type":"erlebnisse","link":"https:\/\/walderlebnispfade.de\/es\/erlebnisse\/casa-del-arbol-hotel-geniesserhof\/","title":{"rendered":"Casa del \u00e1rbol hotel Genie\u00dferhof"},"content":{"rendered":"<style>.wp-block-kadence-advancedheading.kt-adv-heading6652_b1f9cf-6b, .wp-block-kadence-advancedheading.kt-adv-heading6652_b1f9cf-6b[data-kb-block=\"kb-adv-heading6652_b1f9cf-6b\"]{font-style:normal;}.wp-block-kadence-advancedheading.kt-adv-heading6652_b1f9cf-6b mark.kt-highlight, .wp-block-kadence-advancedheading.kt-adv-heading6652_b1f9cf-6b[data-kb-block=\"kb-adv-heading6652_b1f9cf-6b\"] mark.kt-highlight{font-style:normal;color:#f76a0c;-webkit-box-decoration-break:clone;box-decoration-break:clone;padding-top:0px;padding-right:0px;padding-bottom:0px;padding-left:0px;}.wp-block-kadence-advancedheading.kt-adv-heading6652_b1f9cf-6b img.kb-inline-image, .wp-block-kadence-advancedheading.kt-adv-heading6652_b1f9cf-6b[data-kb-block=\"kb-adv-heading6652_b1f9cf-6b\"] img.kb-inline-image{width:150px;vertical-align:baseline;}<\/style>\n<h2 class=\"kt-adv-heading6652_b1f9cf-6b wp-block-kadence-advancedheading\" data-kb-block=\"kb-adv-heading6652_b1f9cf-6b\">Casa del \u00e1rbol en plena naturaleza en la Selva Negra <\/h2>\n\n<p>En la preciosa Selva Negra se encuentra el hotel de casas del \u00e1rbol Genie\u00dferhof, en Dietingen, y os invita a relajaros en un alojamiento vacacional fuera de lo com\u00fan. La casa fue construida por el carpintero y ebanista Nico Pfisterer y se ha mantenido deliberadamente sencilla. Sin electricidad de la red, sin agua corriente, sin wifi. A cambio, quienes se alojen aqu\u00ed dispondr\u00e1n de una zona de barbacoa con le\u00f1a, una cesta de desayuno entregada directamente en la casa del \u00e1rbol y el silencio del entorno rural.   <\/p>\n<style>.kb-table-of-content-nav.kb-table-of-content-id6652_5d285c-84 .kb-table-of-content-wrap{padding-top:var(--global-kb-spacing-sm, 1.5rem);padding-right:var(--global-kb-spacing-sm, 1.5rem);padding-bottom:var(--global-kb-spacing-sm, 1.5rem);padding-left:var(--global-kb-spacing-sm, 1.5rem);background-color:var(--global-palette8, #F7FAFC);box-shadow:inset 0px 0px 14px 0px rgba(0, 0, 0, 0.2);}.kb-table-of-content-nav.kb-table-of-content-id6652_5d285c-84 .kb-table-of-contents-title-wrap{padding-top:0px;padding-right:0px;padding-bottom:0px;padding-left:0px;}.kb-table-of-content-nav.kb-table-of-content-id6652_5d285c-84 .kb-table-of-contents-title{font-weight:regular;font-style:normal;}.kb-table-of-content-nav.kb-table-of-content-id6652_5d285c-84 .kb-table-of-content-wrap .kb-table-of-content-list{font-weight:regular;font-style:normal;margin-top:var(--global-kb-spacing-sm, 1.5rem);margin-right:0px;margin-bottom:0px;margin-left:0px;}.kb-table-of-content-nav.kb-table-of-content-id6652_5d285c-84 .kb-toggle-icon-style-basiccircle .kb-table-of-contents-icon-trigger:after, .kb-table-of-content-nav.kb-table-of-content-id6652_5d285c-84 .kb-toggle-icon-style-basiccircle .kb-table-of-contents-icon-trigger:before, .kb-table-of-content-nav.kb-table-of-content-id6652_5d285c-84 .kb-toggle-icon-style-arrowcircle .kb-table-of-contents-icon-trigger:after, .kb-table-of-content-nav.kb-table-of-content-id6652_5d285c-84 .kb-toggle-icon-style-arrowcircle .kb-table-of-contents-icon-trigger:before, .kb-table-of-content-nav.kb-table-of-content-id6652_5d285c-84 .kb-toggle-icon-style-xclosecircle .kb-table-of-contents-icon-trigger:after, .kb-table-of-content-nav.kb-table-of-content-id6652_5d285c-84 .kb-toggle-icon-style-xclosecircle .kb-table-of-contents-icon-trigger:before{background-color:var(--global-palette8, #F7FAFC);}<\/style>\n<p>La Baum.Haus tiene capacidad para dos personas y se puede reservar todo el a\u00f1o, incluso desde una sola noche. En la propia casa hay una peque\u00f1a cocina con hornillo de gas, vajilla y 20 litros de agua potable, una opci\u00f3n para mantener fr\u00edo, ropa de cama, toallas y un inodoro seco. La ducha, el secador y el WC est\u00e1n en un edificio separado, a unos 80 metros. La llegada es primero al Genie\u00dferhof; desde all\u00ed os acompa\u00f1an hasta la casa del \u00e1rbol.   <\/p>\n\n<p>Quien lo desee puede a\u00f1adir desde el Genie\u00dferhof una cesta de merienda (Vesperkorb) o un pack de barbacoa para dos personas y terminar la tarde en la zona de barbacoa privada. Adem\u00e1s, el restaurante contiguo y la tienda de la granja ofrecen la posibilidad de comprar productos regionales directamente all\u00ed. La Baum.Haus es una opci\u00f3n para vosotros si quer\u00e9is desconectar del d\u00eda a d\u00eda de forma consciente.  <\/p>\n<style>.kb-row-layout-id6652_3eb709-1d > .kt-row-column-wrap{align-content:start;}:where(.kb-row-layout-id6652_3eb709-1d > .kt-row-column-wrap) > .wp-block-kadence-column{justify-content:start;}.kb-row-layout-id6652_3eb709-1d > .kt-row-column-wrap{column-gap:var(--global-kb-gap-md, 2rem);row-gap:var(--global-kb-gap-md, 2rem);padding-top:var(--global-kb-spacing-sm, 1.5rem);padding-bottom:var(--global-kb-spacing-sm, 1.5rem);grid-template-columns:repeat(2, minmax(0, 1fr));}.kb-row-layout-id6652_3eb709-1d > .kt-row-layout-overlay{opacity:0.30;}@media all and (max-width: 1024px){.kb-row-layout-id6652_3eb709-1d > .kt-row-column-wrap{grid-template-columns:repeat(2, minmax(0, 1fr));}}@media all and (max-width: 767px){.kb-row-layout-id6652_3eb709-1d > .kt-row-column-wrap{grid-template-columns:minmax(0, 1fr);}}<\/style><div class=\"kb-row-layout-wrap kb-row-layout-id6652_3eb709-1d alignnone wp-block-kadence-rowlayout\"><div class=\"kt-row-column-wrap kt-has-2-columns kt-row-layout-equal kt-tab-layout-inherit kt-mobile-layout-row kt-row-valign-top\">\n<style>.kadence-column6652_f2b5b2-30 > .kt-inside-inner-col,.kadence-column6652_f2b5b2-30 > .kt-inside-inner-col:before{border-top-left-radius:0px;border-top-right-radius:0px;border-bottom-right-radius:0px;border-bottom-left-radius:0px;}.kadence-column6652_f2b5b2-30 > .kt-inside-inner-col{column-gap:var(--global-kb-gap-sm, 1rem);}.kadence-column6652_f2b5b2-30 > .kt-inside-inner-col{flex-direction:column;}.kadence-column6652_f2b5b2-30 > .kt-inside-inner-col > .aligncenter{width:100%;}.kadence-column6652_f2b5b2-30 > .kt-inside-inner-col:before{opacity:0.3;}.kadence-column6652_f2b5b2-30{position:relative;}@media all and (max-width: 1024px){.kadence-column6652_f2b5b2-30 > .kt-inside-inner-col{flex-direction:column;justify-content:center;}}@media all and (max-width: 767px){.kadence-column6652_f2b5b2-30 > .kt-inside-inner-col{flex-direction:column;justify-content:center;}}<\/style>\n<div class=\"wp-block-kadence-column kadence-column6652_f2b5b2-30\"><div class=\"kt-inside-inner-col\"><style>.wp-block-kadence-advancedheading.kt-adv-heading6652_674171-2c, .wp-block-kadence-advancedheading.kt-adv-heading6652_674171-2c[data-kb-block=\"kb-adv-heading6652_674171-2c\"]{text-align:center;font-style:normal;}.wp-block-kadence-advancedheading.kt-adv-heading6652_674171-2c mark.kt-highlight, .wp-block-kadence-advancedheading.kt-adv-heading6652_674171-2c[data-kb-block=\"kb-adv-heading6652_674171-2c\"] mark.kt-highlight{font-style:normal;color:#f76a0c;-webkit-box-decoration-break:clone;box-decoration-break:clone;padding-top:0px;padding-right:0px;padding-bottom:0px;padding-left:0px;}.wp-block-kadence-advancedheading.kt-adv-heading6652_674171-2c img.kb-inline-image, .wp-block-kadence-advancedheading.kt-adv-heading6652_674171-2c[data-kb-block=\"kb-adv-heading6652_674171-2c\"] img.kb-inline-image{width:150px;vertical-align:baseline;}<\/style>\n<h3 class=\"kt-adv-heading6652_674171-2c wp-block-kadence-advancedheading\" data-kb-block=\"kb-adv-heading6652_674171-2c\">Resumen del equipamiento:<\/h3>\n\n\n<style>.kb-table-container6652_884f85-9c{overflow-x:auto;}.kb-table-container .kb-table6652_884f85-9c th{padding-top:var(--global-kb-spacing-xxs, 0.5rem);padding-right:var(--global-kb-spacing-xxs, 0.5rem);padding-bottom:var(--global-kb-spacing-xxs, 0.5rem);padding-left:var(--global-kb-spacing-xxs, 0.5rem);text-align:center;}.kb-table-container .kb-table6652_884f85-9c caption{text-align:center;}.kb-table-container .kb-table6652_884f85-9c td{padding-top:var(--global-kb-spacing-xxs, 0.5rem);padding-right:var(--global-kb-spacing-xxs, 0.5rem);padding-bottom:var(--global-kb-spacing-xxs, 0.5rem);padding-left:var(--global-kb-spacing-xxs, 0.5rem);text-align:left;}<\/style><div class=\"kb-table-container kb-table-container6652_884f85-9c wp-block-kadence-table\"><table class=\"kb-table kb-table6652_884f85-9c\">\n<tr class=\"kb-table-row kb-table-row6652_44da41-db\">\n<td class=\"kb-table-data kb-table-data6652_cd9a01-97\">\n<style>.kb-image6652_1444b3-d4 .kb-image-has-overlay:after{opacity:0.3;}<\/style>\n<div class=\"wp-block-kadence-image kb-image6652_1444b3-d4\"><figure class=\"aligncenter size-full\"><img loading=\"lazy\" decoding=\"async\" width=\"100\" height=\"100\" src=\"https:\/\/walderlebnispfade.de\/wp-content\/uploads\/2026\/04\/WC.png\" alt=\"WC-Symbol\" class=\"kb-img wp-image-7716\"\/><\/figure><\/div>\n\n<\/td>\n\n<td class=\"kb-table-data kb-table-data6652_359bd6-ef\">\n<style>.kb-image6652_60ff77-4d .kb-image-has-overlay:after{opacity:0.3;}<\/style>\n<div class=\"wp-block-kadence-image kb-image6652_60ff77-4d\"><figure class=\"aligncenter size-full\"><img loading=\"lazy\" decoding=\"async\" width=\"100\" height=\"100\" src=\"https:\/\/walderlebnispfade.de\/wp-content\/uploads\/2026\/04\/Heizung.png\" alt=\"Heizungs-Symbol\" class=\"kb-img wp-image-7712\"\/><\/figure><\/div>\n\n<\/td>\n<\/tr>\n<\/table><\/div><\/div><\/div>\n\n\n<style>.kadence-column6652_35b099-37 > .kt-inside-inner-col,.kadence-column6652_35b099-37 > .kt-inside-inner-col:before{border-top-left-radius:0px;border-top-right-radius:0px;border-bottom-right-radius:0px;border-bottom-left-radius:0px;}.kadence-column6652_35b099-37 > .kt-inside-inner-col{column-gap:var(--global-kb-gap-sm, 1rem);}.kadence-column6652_35b099-37 > .kt-inside-inner-col{flex-direction:column;}.kadence-column6652_35b099-37 > .kt-inside-inner-col > .aligncenter{width:100%;}.kadence-column6652_35b099-37 > .kt-inside-inner-col:before{opacity:0.3;}.kadence-column6652_35b099-37{position:relative;}@media all and (max-width: 1024px){.kadence-column6652_35b099-37 > .kt-inside-inner-col{flex-direction:column;justify-content:center;}}@media all and (max-width: 767px){.kadence-column6652_35b099-37 > .kt-inside-inner-col{flex-direction:column;justify-content:center;}}<\/style>\n<div class=\"wp-block-kadence-column kadence-column6652_35b099-37\"><div class=\"kt-inside-inner-col\"><style>.kb-image6652_931594-03 .kb-image-has-overlay:after{opacity:0.3;}<\/style>\n<figure class=\"wp-block-kadence-image kb-image6652_931594-03 size-full\"><img loading=\"lazy\" decoding=\"async\" width=\"1024\" height=\"575\" src=\"https:\/\/walderlebnispfade.de\/wp-content\/uploads\/2025\/03\/Baumhaushotel_Geniesserhof_Dietingen-2.jpg\" alt=\"Baumhaushotel Genie\u00dferhof in Dietingen\" class=\"kb-img wp-image-6658\" srcset=\"https:\/\/walderlebnispfade.de\/wp-content\/uploads\/2025\/03\/Baumhaushotel_Geniesserhof_Dietingen-2.jpg 1024w, https:\/\/walderlebnispfade.de\/wp-content\/uploads\/2025\/03\/Baumhaushotel_Geniesserhof_Dietingen-2-300x168.jpg 300w, https:\/\/walderlebnispfade.de\/wp-content\/uploads\/2025\/03\/Baumhaushotel_Geniesserhof_Dietingen-2-768x431.jpg 768w\" sizes=\"auto, (max-width: 1024px) 100vw, 1024px\" \/><\/figure>\n<\/div><\/div>\n\n<\/div><\/div>\n<p>Puedes reservar el hotel directamente con los <a href=\"https:\/\/www.das-baum.haus\/buchungsanfragen\/\" data-type=\"link\" data-id=\"https:\/\/www.das-baum.haus\/buchungsanfragen\/\" target=\"_blank\" rel=\"noopener\">operadores<\/a> durante todo el a\u00f1o. Las reservas pueden hacerse durante todo el a\u00f1o y no hay duraci\u00f3n m\u00ednima de estancia. El precio incluye una cesta de desayuno. Se puede solicitar al <a href=\"https:\/\/www.geniesserhof.de\/\" data-type=\"link\" data-id=\"https:\/\/www.geniesserhof.de\/\" target=\"_blank\" rel=\"noreferrer noopener\">Genie\u00dferhof <\/a>un servicio de comidas adicional previo acuerdo.    Hay aparcamiento justo cerca.<\/p>\n\n<h2 class=\"wp-block-heading\">V\u00eddeo sobre la casa del \u00e1rbol del hotel Genie\u00dferhof en Dietingen<\/h2>\n\n<figure class=\"wp-block-embed is-type-video is-provider-youtube wp-block-embed-youtube wp-embed-aspect-16-9 wp-has-aspect-ratio\"><div class=\"wp-block-embed__wrapper\">\n<iframe loading=\"lazy\" hcb-fetch-image-from=\"https:\/\/youtu.be\/W0uBueW3Hio?si=6SG20SOBTNAl1eeZ\" title=\"Loches - Ein Wochenende im Baumhaus in Dietingen bei Rottweil\" width=\"720\" height=\"405\" src=\"https:\/\/www.youtube.com\/embed\/W0uBueW3Hio?feature=oembed\" frameborder=\"0\" allow=\"accelerometer; autoplay; clipboard-write; encrypted-media; gyroscope; picture-in-picture; web-share\" referrerpolicy=\"strict-origin-when-cross-origin\" allowfullscreen><\/iframe>\n<\/div><\/figure>\n\n<h2 class=\"wp-block-heading\">Informaci\u00f3n sobre el hotel casa del \u00e1rbol Genie\u00dferhof en la Selva Negra<\/h2>\n\n<figure class=\"wp-block-table\"><table class=\"has-fixed-layout\"><tbody><tr><td>N\u00famero de casas en los \u00e1rboles:<\/td><td>1 palafito, 16 m\u00b2 de superficie habitable + balc\u00f3n<\/td><\/tr><tr><td>Altura de vida:<\/td><td>6 metros, acceso por escalera<\/td><\/tr><tr><td>Capacidad:<\/td><td>2 personas \/ cama doble<\/td><\/tr><tr><td>Se puede reservar:<\/td><td>Se puede reservar todo el a\u00f1o de jue a lun<\/td><\/tr><tr><td>Calefacci\u00f3n:<\/td><td>Hay calefacci\u00f3n disponible.<\/td><\/tr><tr><td>Actual:<\/td><td>No<\/td><\/tr><tr><td>Cocina:<\/td><td>Peque\u00f1a cocina con fogones de gas<\/td><\/tr><tr><td>Instalaciones sanitarias:<\/td><td>Aseo seco en la casa del \u00e1rbol. Ducha, secador de pelo y WC a unos 80 metros. <\/td><\/tr><tr><td>Sin barreras:<\/td><td>No, ya que el acceso s\u00f3lo es posible por las escaleras.<\/td><\/tr><tr><td>Se admiten perros:<\/td><td>No, no se admiten perros en la Baum.Haus.<\/td><\/tr><\/tbody><\/table><figcaption class=\"wp-element-caption\">Detalles sobre el hotel en los \u00e1rboles de la Selva Negra<\/figcaption><\/figure>\n\n<hr class=\"wp-block-separator has-alpha-channel-opacity\" style=\"margin-top:var(--wp--preset--spacing--50);margin-bottom:var(--wp--preset--spacing--50)\"\/>\n<style>.kadence-column6652_0e9109-b5 > .kt-inside-inner-col{display:flex;}.kadence-column6652_0e9109-b5 > .kt-inside-inner-col{padding-top:var(--global-kb-spacing-xs, 1rem);padding-right:var(--global-kb-spacing-xs, 1rem);padding-bottom:var(--global-kb-spacing-xs, 1rem);padding-left:var(--global-kb-spacing-xs, 1rem);}.kadence-column6652_0e9109-b5 > .kt-inside-inner-col{box-shadow:0px 0px 14px 0px rgba(0, 0, 0, 0.2);}.kadence-column6652_0e9109-b5 > .kt-inside-inner-col,.kadence-column6652_0e9109-b5 > .kt-inside-inner-col:before{border-top-left-radius:0px;border-top-right-radius:0px;border-bottom-right-radius:0px;border-bottom-left-radius:0px;}.kadence-column6652_0e9109-b5 > .kt-inside-inner-col{column-gap:var(--global-kb-gap-sm, 1rem);}.kadence-column6652_0e9109-b5 > .kt-inside-inner-col{flex-direction:column;align-items:center;}.kadence-column6652_0e9109-b5 > .kt-inside-inner-col > .kb-image-is-ratio-size{align-self:stretch;}.kadence-column6652_0e9109-b5 > .kt-inside-inner-col > .wp-block-kadence-advancedgallery{align-self:stretch;}.kadence-column6652_0e9109-b5 > .kt-inside-inner-col > .aligncenter{width:100%;}.kadence-column6652_0e9109-b5 > .kt-inside-inner-col{background-color:var(--global-palette8, #F7FAFC);}.kadence-column6652_0e9109-b5 > .kt-inside-inner-col:before{opacity:0.3;}.kadence-column6652_0e9109-b5{position:relative;}@media all and (max-width: 1024px){.kadence-column6652_0e9109-b5 > .kt-inside-inner-col{flex-direction:column;justify-content:center;align-items:center;}}@media all and (max-width: 767px){.kadence-column6652_0e9109-b5 > .kt-inside-inner-col{flex-direction:column;justify-content:center;align-items:center;}}<\/style>\n<div class=\"wp-block-kadence-column kadence-column6652_0e9109-b5\"><div class=\"kt-inside-inner-col\">\n<p class=\"has-text-align-center\">\u00bfQu\u00e9 te parece el hotel casa del \u00e1rbol Genie\u00dferhof en el Scharzwald? Por favor, d\u00e9janos una opini\u00f3n.   <br\/>Nos ayudas a nosotros y a otros amantes de la naturaleza. Muchas gracias \ud83d\ude42 \u00a1! <\/p>\n\n\n\n<div class=\"wp-block-yet-another-stars-rating-visitor-votes aligncenter yasr-vv-block\"><\/div>\n\n\n\n<p>Puedes encontrar m\u00e1s aventuras emocionantes en nuestra <a href=\"https:\/\/walderlebnispfade.de\/es\/experiencias-forestales\/\" data-type=\"page\" data-id=\"228\">b\u00fasqueda de experiencias en el bosque<\/a> y en nuestro <a href=\"https:\/\/walderlebnispfade.de\/es\/vision-general-del-hotel-tree-house\/\" data-type=\"post\" data-id=\"5771\">resumen de hoteles con casas en los \u00e1rboles<\/a>.<\/p>\n<\/div><\/div>\n\n<hr class=\"wp-block-separator has-alpha-channel-opacity\" style=\"margin-top:var(--wp--preset--spacing--50);margin-bottom:var(--wp--preset--spacing--50)\"\/>\n\n<p><\/p>\n","protected":false},"author":2,"featured_media":6657,"comment_status":"open","ping_status":"closed","template":"","meta":{"_kad_blocks_custom_css":"","_kad_blocks_head_custom_js":"","_kad_blocks_body_custom_js":"","_kad_blocks_footer_custom_js":"","_kad_post_transparent":"","_kad_post_title":"","_kad_post_layout":"","_kad_post_sidebar_id":"","_kad_post_content_style":"","_kad_post_vertical_padding":"","_kad_post_feature":"","_kad_post_feature_position":"","_kad_post_header":false,"_kad_post_footer":false,"_kad_post_classname":"","yasr_overall_rating":0,"yasr_post_is_review":"yes","yasr_auto_insert_disabled":"","yasr_review_type":"LocalBusiness"},"region":[131,140],"erlebnisart":[191,194],"class_list":["post-6690","erlebnisse","type-erlebnisse","status-publish","has-post-thumbnail","hentry","region-deutschland-es","region-bw-es","erlebnisart-alojamiento","erlebnisart-hotel-en-una-casa-en-un-arbol"],"yasr_visitor_votes":{"stars_attributes":{"read_only":false,"span_bottom":false},"number_of_votes":0,"sum_votes":0},"taxonomy_info":{"region":[{"value":131,"label":"Alemania"},{"value":140,"label":"Baden-W\u00fcrttemberg"}],"erlebnisart":[{"value":191,"label":"Alojamiento"},{"value":194,"label":"Hotel en una casa en un \u00e1rbol"}]},"featured_image_src_large":["https:\/\/walderlebnispfade.de\/wp-content\/uploads\/2025\/03\/Baumhaushotel_Geniesserhof-1024x576.jpg",1024,576,true],"author_info":{"display_name":"Moni","author_link":"https:\/\/walderlebnispfade.de\/es\/author\/moni\/"},"comment_info":0,"_links":{"self":[{"href":"https:\/\/walderlebnispfade.de\/es\/wp-json\/wp\/v2\/erlebnisse\/6690","targetHints":{"allow":["GET"]}}],"collection":[{"href":"https:\/\/walderlebnispfade.de\/es\/wp-json\/wp\/v2\/erlebnisse"}],"about":[{"href":"https:\/\/walderlebnispfade.de\/es\/wp-json\/wp\/v2\/types\/erlebnisse"}],"author":[{"embeddable":true,"href":"https:\/\/walderlebnispfade.de\/es\/wp-json\/wp\/v2\/users\/2"}],"replies":[{"embeddable":true,"href":"https:\/\/walderlebnispfade.de\/es\/wp-json\/wp\/v2\/comments?post=6690"}],"wp:featuredmedia":[{"embeddable":true,"href":"https:\/\/walderlebnispfade.de\/es\/wp-json\/wp\/v2\/media\/6657"}],"wp:attachment":[{"href":"https:\/\/walderlebnispfade.de\/es\/wp-json\/wp\/v2\/media?parent=6690"}],"wp:term":[{"taxonomy":"region","embeddable":true,"href":"https:\/\/walderlebnispfade.de\/es\/wp-json\/wp\/v2\/region?post=6690"},{"taxonomy":"erlebnisart","embeddable":true,"href":"https:\/\/walderlebnispfade.de\/es\/wp-json\/wp\/v2\/erlebnisart?post=6690"}],"curies":[{"name":"wp","href":"https:\/\/api.w.org\/{rel}","templated":true}]}}