{"id":6995,"date":"2025-05-29T17:45:19","date_gmt":"2025-05-29T15:45:19","guid":{"rendered":"https:\/\/walderlebnispfade.de\/erlebnisse\/baumhaushotel-oberbayern-bienestar-de-lujo-entre-las-copas-de-los-arboles\/"},"modified":"2026-04-22T11:28:45","modified_gmt":"2026-04-22T09:28:45","slug":"baumhaushotel-oberbayern-bienestar-de-lujo-entre-las-copas-de-los-arboles","status":"publish","type":"erlebnisse","link":"https:\/\/walderlebnispfade.de\/es\/erlebnisse\/baumhaushotel-oberbayern-bienestar-de-lujo-entre-las-copas-de-los-arboles\/","title":{"rendered":"Hotel casa del \u00e1rbol Alta Baviera"},"content":{"rendered":"<style>.wp-block-kadence-advancedheading.kt-adv-heading6979_affc18-ea, .wp-block-kadence-advancedheading.kt-adv-heading6979_affc18-ea[data-kb-block=\"kb-adv-heading6979_affc18-ea\"]{font-style:normal;}.wp-block-kadence-advancedheading.kt-adv-heading6979_affc18-ea mark.kt-highlight, .wp-block-kadence-advancedheading.kt-adv-heading6979_affc18-ea[data-kb-block=\"kb-adv-heading6979_affc18-ea\"] mark.kt-highlight{font-style:normal;color:#f76a0c;-webkit-box-decoration-break:clone;box-decoration-break:clone;padding-top:0px;padding-right:0px;padding-bottom:0px;padding-left:0px;}.wp-block-kadence-advancedheading.kt-adv-heading6979_affc18-ea img.kb-inline-image, .wp-block-kadence-advancedheading.kt-adv-heading6979_affc18-ea[data-kb-block=\"kb-adv-heading6979_affc18-ea\"] img.kb-inline-image{width:150px;vertical-align:baseline;}<\/style>\n<h2 class=\"kt-adv-heading6979_affc18-ea wp-block-kadence-advancedheading\" data-kb-block=\"kb-adv-heading6979_affc18-ea\">Hotel de caba\u00f1as en los \u00e1rboles premium cerca de M\u00fanich<\/h2>\n\n<p>El Baumhaushotel Oberbayern en Jetzendorf te ofrece un confort de lujo \u00fanico a 5 metros de altura junto a un id\u00edlico lago. Con jacuzzis privados, saunas y equipamiento de primera clase, es el hotel de caba\u00f1as en los \u00e1rboles premium de Alemania. El complejo ha sido galardonado con el KAYAK Travel Award, lo que confirman las valoraciones consistentemente positivas de los hu\u00e9spedes, que destacan el ambiente familiar, los anfitriones atentos y un desayuno fresco y sostenible. La cercan\u00eda a M\u00fanich y la disponibilidad durante todo el a\u00f1o lo hacen ideal tanto para escapadas rom\u00e1nticas como para ocasiones especiales.   <\/p>\n<style>.kb-table-of-content-nav.kb-table-of-content-id6979_f4c8c9-16 .kb-table-of-content-wrap{padding-top:var(--global-kb-spacing-sm, 1.5rem);padding-right:var(--global-kb-spacing-sm, 1.5rem);padding-bottom:var(--global-kb-spacing-sm, 1.5rem);padding-left:var(--global-kb-spacing-sm, 1.5rem);background-color:var(--global-palette8, #F7FAFC);box-shadow:inset 0px 0px 14px 0px rgba(0, 0, 0, 0.2);}.kb-table-of-content-nav.kb-table-of-content-id6979_f4c8c9-16 .kb-table-of-contents-title-wrap{padding-top:0px;padding-right:0px;padding-bottom:0px;padding-left:0px;}.kb-table-of-content-nav.kb-table-of-content-id6979_f4c8c9-16 .kb-table-of-contents-title{font-weight:regular;font-style:normal;}.kb-table-of-content-nav.kb-table-of-content-id6979_f4c8c9-16 .kb-table-of-content-wrap .kb-table-of-content-list{font-weight:regular;font-style:normal;margin-top:var(--global-kb-spacing-sm, 1.5rem);margin-right:0px;margin-bottom:0px;margin-left:0px;}.kb-table-of-content-nav.kb-table-of-content-id6979_f4c8c9-16 .kb-toggle-icon-style-basiccircle .kb-table-of-contents-icon-trigger:after, .kb-table-of-content-nav.kb-table-of-content-id6979_f4c8c9-16 .kb-toggle-icon-style-basiccircle .kb-table-of-contents-icon-trigger:before, .kb-table-of-content-nav.kb-table-of-content-id6979_f4c8c9-16 .kb-toggle-icon-style-arrowcircle .kb-table-of-contents-icon-trigger:after, .kb-table-of-content-nav.kb-table-of-content-id6979_f4c8c9-16 .kb-toggle-icon-style-arrowcircle .kb-table-of-contents-icon-trigger:before, .kb-table-of-content-nav.kb-table-of-content-id6979_f4c8c9-16 .kb-toggle-icon-style-xclosecircle .kb-table-of-contents-icon-trigger:after, .kb-table-of-content-nav.kb-table-of-content-id6979_f4c8c9-16 .kb-toggle-icon-style-xclosecircle .kb-table-of-contents-icon-trigger:before{background-color:var(--global-palette8, #F7FAFC);}<\/style>\n<p>El Baumhaushotel Oberbayern se encuentra a solo 30 minutos al norte de M\u00fanich, en el pintoresco municipio de Jetzendorf.<strong> <\/strong>Puedes elegir entre cinco caba\u00f1as en los \u00e1rboles y un lodge junto al lago directamente sobre el agua. Cada caba\u00f1a ofrece 22 metros cuadrados de espacio habitable con una cama doble (180 x 200 cm) y una terraza privada de unos 20 metros cuadrados con zona de estar.  <\/p>\n\n<p>Las caba\u00f1as se diferencian en su equipamiento: la caba\u00f1a 1 no tiene jacuzzi, las caba\u00f1as 2, 3 y 4 disponen de jacuzzi exterior privado en la terraza (climatizado a 39 grados), mientras que las caba\u00f1as 3 y 4 ofrecen adem\u00e1s una sauna privada. La suite en los \u00e1rboles se complementa con una ventana panor\u00e1mica. Si quieres estar a\u00fan m\u00e1s cerca del agua, reserva el lodge junto al lago.  <\/p>\n\n<p>En verano, el lago privado del hotel te invita a nadar, y hay dos canoas a tu disposici\u00f3n. Si buscas m\u00e1s actividad, en los alrededores encontrar\u00e1s un <a href=\"https:\/\/waldkletterpark-oberbayern.de\/\" data-type=\"link\" data-id=\"https:\/\/waldkletterpark-oberbayern.de\/\" target=\"_blank\" rel=\"noopener\">parque de aventura en los \u00e1rboles<\/a>, un campo de minigolf de aventura, rutas en bicicleta y senderos. El desayuno elaborado con ingredientes frescos y regionales se lleva por la ma\u00f1ana a tu caba\u00f1a.  <\/p>\n\n<h2 class=\"wp-block-heading\">Las diferentes caba\u00f1as en los \u00e1rboles<\/h2>\n<style>.kb-row-layout-id6979_69f9f8-ac > .kt-row-column-wrap{align-content:start;}:where(.kb-row-layout-id6979_69f9f8-ac > .kt-row-column-wrap) > .wp-block-kadence-column{justify-content:start;}.kb-row-layout-id6979_69f9f8-ac > .kt-row-column-wrap{column-gap:var(--global-kb-gap-md, 2rem);row-gap:var(--global-kb-gap-md, 2rem);padding-top:var(--global-kb-spacing-sm, 1.5rem);padding-bottom:var(--global-kb-spacing-sm, 1.5rem);grid-template-columns:repeat(2, minmax(0, 1fr));}.kb-row-layout-id6979_69f9f8-ac > .kt-row-layout-overlay{opacity:0.30;}@media all and (max-width: 1024px){.kb-row-layout-id6979_69f9f8-ac > .kt-row-column-wrap{grid-template-columns:repeat(2, minmax(0, 1fr));}}@media all and (max-width: 767px){.kb-row-layout-id6979_69f9f8-ac > .kt-row-column-wrap{grid-template-columns:minmax(0, 1fr);}}<\/style><div class=\"kb-row-layout-wrap kb-row-layout-id6979_69f9f8-ac alignnone wp-block-kadence-rowlayout\"><div class=\"kt-row-column-wrap kt-has-2-columns kt-row-layout-equal kt-tab-layout-inherit kt-mobile-layout-row kt-row-valign-top\">\n<style>.kadence-column6979_432207-60 > .kt-inside-inner-col,.kadence-column6979_432207-60 > .kt-inside-inner-col:before{border-top-left-radius:0px;border-top-right-radius:0px;border-bottom-right-radius:0px;border-bottom-left-radius:0px;}.kadence-column6979_432207-60 > .kt-inside-inner-col{column-gap:var(--global-kb-gap-sm, 1rem);}.kadence-column6979_432207-60 > .kt-inside-inner-col{flex-direction:column;}.kadence-column6979_432207-60 > .kt-inside-inner-col > .aligncenter{width:100%;}.kadence-column6979_432207-60 > .kt-inside-inner-col:before{opacity:0.3;}.kadence-column6979_432207-60{position:relative;}@media all and (max-width: 1024px){.kadence-column6979_432207-60 > .kt-inside-inner-col{flex-direction:column;justify-content:center;}}@media all and (max-width: 767px){.kadence-column6979_432207-60 > .kt-inside-inner-col{flex-direction:column;justify-content:center;}}<\/style>\n<div class=\"wp-block-kadence-column kadence-column6979_432207-60\"><div class=\"kt-inside-inner-col\">\n<h3 class=\"wp-block-heading\">Casas en los \u00e1rboles est\u00e1ndar (1-4 personas)<\/h3>\n\n\n\n<ul class=\"wp-block-list\">\n<li><strong>Espacio habitable:<\/strong> 22 m\u00b2<\/li>\n\n\n\n<li><strong>Terraza:<\/strong> terraza lounge de 20 m\u00b2<\/li>\n\n\n\n<li><strong>Instalaciones:<\/strong> cama doble (180&#215;200 cm) + litera, ba\u00f1o completo con ducha\/WC, TV de pantalla plana con HD-SAT, WiFi gratuito<\/li>\n\n\n\n<li><strong>Particularidad:<\/strong> Grandes ventanas panor\u00e1micas con vistas al lago\n<ul class=\"wp-block-list\">\n<li><strong>Ba\u00f1era de hidromasaje exterior privada y climatizada<\/strong> en tres de las casas del \u00e1rbol<\/li>\n\n\n\n<li><strong>Sauna privada<\/strong> en dos de las casas del \u00e1rbol<\/li>\n<\/ul>\n<\/li>\n\n\n\n<li><strong>Precio:<\/strong> desde 200 euros la primera persona, cada persona adicional 50 euros<\/li>\n<\/ul>\n\n\n\n<h3 class=\"wp-block-heading\">Suite Junior Premium (2 personas)<\/h3>\n\n\n\n<ul class=\"wp-block-list\">\n<li><strong>Espacio habitable:<\/strong> 22 m\u00b2<\/li>\n\n\n\n<li><strong>Terraza:<\/strong> zona de estar de 20 m\u00b2<\/li>\n\n\n\n<li><strong>Equipamiento:<\/strong> cama doble (180&#215;200 cm), lujoso cuarto de ba\u00f1o, TV de pantalla plana, WiFi gratuito<\/li>\n\n\n\n<li><strong>Caracter\u00edsticas premium:<\/strong>\n<ul class=\"wp-block-list\">\n<li><strong>Ba\u00f1era de hidromasaje exterior privada y climatizada<\/strong> en la terraza trasera<\/li>\n\n\n\n<li>Ventana panor\u00e1mica para observar la naturaleza<\/li>\n<\/ul>\n<\/li>\n\n\n\n<li><strong>Precio:<\/strong> desde 280 euros por noche, desayuno incluido<\/li>\n<\/ul>\n<\/div><\/div>\n\n\n<style>.kadence-column6979_fe173c-ee > .kt-inside-inner-col,.kadence-column6979_fe173c-ee > .kt-inside-inner-col:before{border-top-left-radius:0px;border-top-right-radius:0px;border-bottom-right-radius:0px;border-bottom-left-radius:0px;}.kadence-column6979_fe173c-ee > .kt-inside-inner-col{column-gap:var(--global-kb-gap-sm, 1rem);}.kadence-column6979_fe173c-ee > .kt-inside-inner-col{flex-direction:column;}.kadence-column6979_fe173c-ee > .kt-inside-inner-col > .aligncenter{width:100%;}.kadence-column6979_fe173c-ee > .kt-inside-inner-col:before{opacity:0.3;}.kadence-column6979_fe173c-ee{position:relative;}@media all and (max-width: 1024px){.kadence-column6979_fe173c-ee > .kt-inside-inner-col{flex-direction:column;justify-content:center;}}@media all and (max-width: 767px){.kadence-column6979_fe173c-ee > .kt-inside-inner-col{flex-direction:column;justify-content:center;}}<\/style>\n<div class=\"wp-block-kadence-column kadence-column6979_fe173c-ee\"><div class=\"kt-inside-inner-col\"><style>.wp-block-kadence-advancedheading.kt-adv-heading6979_e36072-d5, .wp-block-kadence-advancedheading.kt-adv-heading6979_e36072-d5[data-kb-block=\"kb-adv-heading6979_e36072-d5\"]{text-align:center;font-style:normal;}.wp-block-kadence-advancedheading.kt-adv-heading6979_e36072-d5 mark.kt-highlight, .wp-block-kadence-advancedheading.kt-adv-heading6979_e36072-d5[data-kb-block=\"kb-adv-heading6979_e36072-d5\"] mark.kt-highlight{font-style:normal;color:#f76a0c;-webkit-box-decoration-break:clone;box-decoration-break:clone;padding-top:0px;padding-right:0px;padding-bottom:0px;padding-left:0px;}.wp-block-kadence-advancedheading.kt-adv-heading6979_e36072-d5 img.kb-inline-image, .wp-block-kadence-advancedheading.kt-adv-heading6979_e36072-d5[data-kb-block=\"kb-adv-heading6979_e36072-d5\"] img.kb-inline-image{width:150px;vertical-align:baseline;}<\/style>\n<h3 class=\"kt-adv-heading6979_e36072-d5 wp-block-kadence-advancedheading\" data-kb-block=\"kb-adv-heading6979_e36072-d5\">Resumen del equipamiento:<\/h3>\n\n\n<style>.kb-table-container6979_911134-60{overflow-x:auto;}.kb-table-container .kb-table6979_911134-60 th{padding-top:var(--global-kb-spacing-xxs, 0.5rem);padding-right:var(--global-kb-spacing-xxs, 0.5rem);padding-bottom:var(--global-kb-spacing-xxs, 0.5rem);padding-left:var(--global-kb-spacing-xxs, 0.5rem);text-align:center;}.kb-table-container .kb-table6979_911134-60 caption{text-align:center;}.kb-table-container .kb-table6979_911134-60 td{padding-top:var(--global-kb-spacing-xxs, 0.5rem);padding-right:var(--global-kb-spacing-xxs, 0.5rem);padding-bottom:var(--global-kb-spacing-xxs, 0.5rem);padding-left:var(--global-kb-spacing-xxs, 0.5rem);text-align:left;}<\/style><div class=\"kb-table-container kb-table-container6979_911134-60 wp-block-kadence-table\"><table class=\"kb-table kb-table6979_911134-60\">\n<tr class=\"kb-table-row kb-table-row6979_2f429e-c6\">\n<td class=\"kb-table-data kb-table-data6979_e78049-59\">\n<style>.kb-image6979_9fb5ab-ca .kb-image-has-overlay:after{opacity:0.3;}<\/style>\n<div class=\"wp-block-kadence-image kb-image6979_9fb5ab-ca\"><figure class=\"aligncenter size-full\"><img loading=\"lazy\" decoding=\"async\" width=\"100\" height=\"100\" src=\"https:\/\/walderlebnispfade.de\/wp-content\/uploads\/2026\/04\/WC.png\" alt=\"WC-Symbol\" class=\"kb-img wp-image-7716\"\/><\/figure><\/div>\n\n<\/td>\n\n<td class=\"kb-table-data kb-table-data6979_f58ac0-be\">\n<style>.kb-image6979_e25d38-60 .kb-image-has-overlay:after{opacity:0.3;}<\/style>\n<div class=\"wp-block-kadence-image kb-image6979_e25d38-60\"><figure class=\"aligncenter size-full\"><img loading=\"lazy\" decoding=\"async\" width=\"100\" height=\"100\" src=\"https:\/\/walderlebnispfade.de\/wp-content\/uploads\/2026\/04\/Dusche.png\" alt=\"Dusch-Symbol\" class=\"kb-img wp-image-7711\"\/><\/figure><\/div>\n\n<\/td>\n<\/tr>\n\n<tr class=\"kb-table-row kb-table-row6979_a7f924-68\">\n<td class=\"kb-table-data kb-table-data6979_bb0aa8-68\">\n<style>.kb-image6979_8e1db7-ef.kb-image-is-ratio-size, .kb-image6979_8e1db7-ef .kb-image-is-ratio-size{max-width:100px;width:100%;}.wp-block-kadence-column > .kt-inside-inner-col > .kb-image6979_8e1db7-ef.kb-image-is-ratio-size, .wp-block-kadence-column > .kt-inside-inner-col > .kb-image6979_8e1db7-ef .kb-image-is-ratio-size{align-self:unset;}.kb-image6979_8e1db7-ef figure{max-width:100px;}.kb-image6979_8e1db7-ef .image-is-svg, .kb-image6979_8e1db7-ef .image-is-svg img{width:100%;}.kb-image6979_8e1db7-ef .kb-image-has-overlay:after{opacity:0.3;}<\/style>\n<div class=\"wp-block-kadence-image kb-image6979_8e1db7-ef\"><figure class=\"aligncenter size-full\"><img loading=\"lazy\" decoding=\"async\" width=\"100\" height=\"100\" src=\"https:\/\/walderlebnispfade.de\/wp-content\/uploads\/2026\/04\/Strom.png\" alt=\"Strom-Symbol\" class=\"kb-img wp-image-7715\"\/><\/figure><\/div>\n\n<\/td>\n\n<td class=\"kb-table-data kb-table-data6979_e6dd3f-ae\">\n<style>.kb-image6979_4ad973-10 .kb-image-has-overlay:after{opacity:0.3;}<\/style>\n<div class=\"wp-block-kadence-image kb-image6979_4ad973-10\"><figure class=\"aligncenter size-full\"><img loading=\"lazy\" decoding=\"async\" width=\"100\" height=\"100\" src=\"https:\/\/walderlebnispfade.de\/wp-content\/uploads\/2026\/04\/Heizung.png\" alt=\"Heizungs-Symbol\" class=\"kb-img wp-image-7712\"\/><\/figure><\/div>\n\n<\/td>\n<\/tr>\n\n<tr class=\"kb-table-row kb-table-row6979_f02711-c7\">\n<td class=\"kb-table-data kb-table-data6979_9d6924-bb\">\n<style>.kb-image6979_f6ada0-17 .kb-image-has-overlay:after{opacity:0.3;}<\/style>\n<div class=\"wp-block-kadence-image kb-image6979_f6ada0-17\"><figure class=\"aligncenter size-full\"><img loading=\"lazy\" decoding=\"async\" width=\"100\" height=\"100\" src=\"https:\/\/walderlebnispfade.de\/wp-content\/uploads\/2026\/04\/WLAN.png\" alt=\"WLAN-Symbol\" class=\"kb-img wp-image-7717\"\/><\/figure><\/div>\n\n<\/td>\n\n<td class=\"kb-table-data kb-table-data6979_533673-64\">\n<style>.kb-image6979_9f22e5-26 .kb-image-has-overlay:after{opacity:0.3;}<\/style>\n<div class=\"wp-block-kadence-image kb-image6979_9f22e5-26\"><figure class=\"aligncenter size-full\"><img loading=\"lazy\" decoding=\"async\" width=\"100\" height=\"100\" src=\"https:\/\/walderlebnispfade.de\/wp-content\/uploads\/2026\/04\/Hunde_Erlaubt.png\" alt=\"Hunde erlaubt Symbol\" class=\"kb-img wp-image-7713\"\/><\/figure><\/div>\n\n<\/td>\n<\/tr>\n<\/table><\/div><\/div><\/div>\n\n<\/div><\/div>\n<hr class=\"wp-block-separator has-alpha-channel-opacity\" style=\"margin-top:var(--wp--preset--spacing--50);margin-bottom:var(--wp--preset--spacing--50)\"\/>\n<style>.kadence-column6979_2b8263-03 > .kt-inside-inner-col{display:flex;}.kadence-column6979_2b8263-03 > .kt-inside-inner-col{padding-top:var(--global-kb-spacing-xs, 1rem);padding-right:var(--global-kb-spacing-xs, 1rem);padding-bottom:var(--global-kb-spacing-xs, 1rem);padding-left:var(--global-kb-spacing-xs, 1rem);}.kadence-column6979_2b8263-03 > .kt-inside-inner-col{box-shadow:0px 0px 14px 0px rgba(0, 0, 0, 0.2);}.kadence-column6979_2b8263-03 > .kt-inside-inner-col,.kadence-column6979_2b8263-03 > .kt-inside-inner-col:before{border-top-left-radius:0px;border-top-right-radius:0px;border-bottom-right-radius:0px;border-bottom-left-radius:0px;}.kadence-column6979_2b8263-03 > .kt-inside-inner-col{column-gap:var(--global-kb-gap-sm, 1rem);}.kadence-column6979_2b8263-03 > .kt-inside-inner-col{flex-direction:column;align-items:center;}.kadence-column6979_2b8263-03 > .kt-inside-inner-col > .kb-image-is-ratio-size{align-self:stretch;}.kadence-column6979_2b8263-03 > .kt-inside-inner-col > .wp-block-kadence-advancedgallery{align-self:stretch;}.kadence-column6979_2b8263-03 > .kt-inside-inner-col > .aligncenter{width:100%;}.kadence-column6979_2b8263-03 > .kt-inside-inner-col{background-color:var(--global-palette8, #F7FAFC);}.kadence-column6979_2b8263-03 > .kt-inside-inner-col:before{opacity:0.3;}.kadence-column6979_2b8263-03{position:relative;}@media all and (max-width: 1024px){.kadence-column6979_2b8263-03 > .kt-inside-inner-col{flex-direction:column;justify-content:center;align-items:center;}}@media all and (max-width: 767px){.kadence-column6979_2b8263-03 > .kt-inside-inner-col{flex-direction:column;justify-content:center;align-items:center;}}<\/style>\n<div class=\"wp-block-kadence-column kadence-column6979_2b8263-03\"><div class=\"kt-inside-inner-col\">\n<p class=\"has-text-align-center\">\u00bfQu\u00e9 te parece el Baumhaushotel Oberbayern? Por favor, d\u00e9janos una opini\u00f3n.  <br\/>Nos ayudas a nosotros y a otros amantes de la naturaleza. Muchas gracias \ud83d\ude42 \u00a1! <\/p>\n\n\n\n<div class=\"wp-block-yet-another-stars-rating-visitor-votes aligncenter yasr-vv-block\"><\/div>\n\n\n\n<p>Puedes encontrar m\u00e1s aventuras emocionantes en nuestra <a href=\"https:\/\/walderlebnispfade.de\/es\/experiencias-forestales\/\" data-type=\"page\" data-id=\"228\">b\u00fasqueda de experiencias en el bosque<\/a> y en nuestro <a href=\"https:\/\/walderlebnispfade.de\/es\/vision-general-del-hotel-tree-house\/\" data-type=\"post\" data-id=\"5771\">resumen de hoteles con casas en los \u00e1rboles<\/a>.<\/p>\n<\/div><\/div>\n\n<hr class=\"wp-block-separator has-alpha-channel-opacity\" style=\"margin-top:var(--wp--preset--spacing--50);margin-bottom:var(--wp--preset--spacing--50)\"\/>\n\n<h2 class=\"wp-block-heading\">Equipamiento de bienestar en el Baumhaushotel Oberbayern<\/h2>\n\n<p>La oferta de bienestar va m\u00e1s all\u00e1 de las propias caba\u00f1as. Hay una zona de sauna y descanso que puedes reservar en sesiones privadas de 90 minutos, as\u00ed como masajes que se realizan en la sala de descanso, en tu terraza o al aire libre.  <\/p>\n\n<h3 class=\"wp-block-heading\">Masajes<\/h3>\n\n<p>Tambi\u00e9n puedes reservar diferentes masajes en el hotel. Estos se realizan en tu terraza, en la caba\u00f1a o en la sala de descanso. <\/p>\n\n<h3 class=\"wp-block-heading\">Experiencia en la sauna<\/h3>\n\n<p>Adem\u00e1s de las <strong>saunas privadas<\/strong> en dos de las caba\u00f1as, hay otra zona de sauna y descanso. Se puede reservar de forma privada para sesiones de 90 minutos. Una experiencia de bienestar \u00fanica entre las copas de los \u00e1rboles.  <\/p>\n\n<h3 class=\"wp-block-heading\">Sala de yoga<\/h3>\n\n<p><strong>Sala de yoga<\/strong> especialmente dise\u00f1ada para retiros de yoga organizados y cursos de relajaci\u00f3n, rodeada por la tranquilizadora naturaleza de la Alta Baviera. El pabell\u00f3n de yoga tiene capacidad para hasta 15 participantes, est\u00e1 acristalado en todo su per\u00edmetro y ofrece vistas impresionantes de la naturaleza circundante, lo que transmite una intensa sensaci\u00f3n de conexi\u00f3n con la naturaleza. <\/p>\n\n<p>La directora del hotel, Claudia Edinger, es profesora titulada de Vinyasa Yoga. Adem\u00e1s de los cursos en grupo, tambi\u00e9n ofrece clases personalizadas de <br\/><a href=\"https:\/\/baumhaushotel-oberbayern.com\/yoga-einzelcoaching-oberbayern\/\" target=\"_blank\" data-type=\"link\" data-id=\"https:\/\/baumhaushotel-oberbayern.com\/yoga-einzelcoaching-oberbayern\/\" rel=\"noreferrer noopener\">Entrenamiento individual de yoga<\/a>.<\/p>\n\n<h2 class=\"wp-block-heading\">V\u00eddeo sobre la casa del \u00e1rbol hotel Oberbayern<\/h2>\n\n<figure class=\"wp-block-embed is-type-video is-provider-youtube wp-block-embed-youtube wp-embed-aspect-16-9 wp-has-aspect-ratio\"><div class=\"wp-block-embed__wrapper\">\n<iframe loading=\"lazy\" hcb-fetch-image-from=\"https:\/\/youtu.be\/MNQEXObxdFg?si=IRKLFzbIgq2FEVmU\" title=\"Besuch im Baumhaushotel Oberbayern in Jetzendorf\" width=\"720\" height=\"405\" src=\"https:\/\/www.youtube.com\/embed\/MNQEXObxdFg?feature=oembed\" frameborder=\"0\" allow=\"accelerometer; autoplay; clipboard-write; encrypted-media; gyroscope; picture-in-picture; web-share\" referrerpolicy=\"strict-origin-when-cross-origin\" allowfullscreen><\/iframe>\n<\/div><\/figure>\n\n<h2 class=\"wp-block-heading\">Informaci\u00f3n sobre el Baumhaushotel Oberbayern<\/h2>\n\n<figure class=\"wp-block-table\"><table class=\"has-fixed-layout\"><tbody><tr><td>N\u00famero de casas en los \u00e1rboles:<\/td><td>4 casas en los \u00e1rboles + 1 suite junior con vistas al lago<\/td><\/tr><tr><td>Altura de vida:<\/td><td>5 metros, acceso por escalera<\/td><\/tr><tr><td>Capacidad:<\/td><td>2 x 4 personas \/ 3 x 2 personas<\/td><\/tr><tr><td>Se puede reservar:<\/td><td>Se puede reservar todo el a\u00f1o<\/td><\/tr><tr><td>Calefacci\u00f3n:<\/td><td>Hay calefacci\u00f3n disponible.<\/td><\/tr><tr><td>Actual:<\/td><td>S\u00ed<\/td><\/tr><tr><td>Cocina:<\/td><td>Acogedora zona de estar con estaci\u00f3n de caf\u00e9 y t\u00e9<\/td><\/tr><tr><td>Instalaciones sanitarias:<\/td><td>Cuarto de ba\u00f1o completo con ducha y WC<\/td><\/tr><tr><td>Sin barreras:<\/td><td>No, ya que el acceso s\u00f3lo es posible por las escaleras.<\/td><\/tr><tr><td>Se admiten perros:<\/td><td>S\u00ed, se admiten perros de hasta 20 kg de peso.<\/td><\/tr><\/tbody><\/table><figcaption class=\"wp-element-caption\">Detalles sobre la casa del \u00e1rbol de Oberbayern<\/figcaption><\/figure>\n\n<p><\/p>\n\n<p><\/p>\n","protected":false},"author":2,"featured_media":7172,"comment_status":"open","ping_status":"closed","template":"","meta":{"_kad_blocks_custom_css":"","_kad_blocks_head_custom_js":"","_kad_blocks_body_custom_js":"","_kad_blocks_footer_custom_js":"","_kad_post_transparent":"","_kad_post_title":"","_kad_post_layout":"","_kad_post_sidebar_id":"","_kad_post_content_style":"","_kad_post_vertical_padding":"","_kad_post_feature":"","_kad_post_feature_position":"","_kad_post_header":false,"_kad_post_footer":false,"_kad_post_classname":"","yasr_overall_rating":0,"yasr_post_is_review":"yes","yasr_auto_insert_disabled":"","yasr_review_type":""},"region":[131,143],"erlebnisart":[191,194],"class_list":["post-6995","erlebnisse","type-erlebnisse","status-publish","has-post-thumbnail","hentry","region-deutschland-es","region-by-es","erlebnisart-alojamiento","erlebnisart-hotel-en-una-casa-en-un-arbol"],"yasr_visitor_votes":{"stars_attributes":{"read_only":false,"span_bottom":false},"number_of_votes":0,"sum_votes":0},"taxonomy_info":{"region":[{"value":131,"label":"Alemania"},{"value":143,"label":"Bayern"}],"erlebnisart":[{"value":191,"label":"Alojamiento"},{"value":194,"label":"Hotel en una casa en un \u00e1rbol"}]},"featured_image_src_large":["https:\/\/walderlebnispfade.de\/wp-content\/uploads\/2025\/05\/Baumhaushotel_Oberbayern_2-1024x576.jpg",1024,576,true],"author_info":{"display_name":"Moni","author_link":"https:\/\/walderlebnispfade.de\/es\/author\/moni\/"},"comment_info":0,"_links":{"self":[{"href":"https:\/\/walderlebnispfade.de\/es\/wp-json\/wp\/v2\/erlebnisse\/6995","targetHints":{"allow":["GET"]}}],"collection":[{"href":"https:\/\/walderlebnispfade.de\/es\/wp-json\/wp\/v2\/erlebnisse"}],"about":[{"href":"https:\/\/walderlebnispfade.de\/es\/wp-json\/wp\/v2\/types\/erlebnisse"}],"author":[{"embeddable":true,"href":"https:\/\/walderlebnispfade.de\/es\/wp-json\/wp\/v2\/users\/2"}],"replies":[{"embeddable":true,"href":"https:\/\/walderlebnispfade.de\/es\/wp-json\/wp\/v2\/comments?post=6995"}],"wp:featuredmedia":[{"embeddable":true,"href":"https:\/\/walderlebnispfade.de\/es\/wp-json\/wp\/v2\/media\/7172"}],"wp:attachment":[{"href":"https:\/\/walderlebnispfade.de\/es\/wp-json\/wp\/v2\/media?parent=6995"}],"wp:term":[{"taxonomy":"region","embeddable":true,"href":"https:\/\/walderlebnispfade.de\/es\/wp-json\/wp\/v2\/region?post=6995"},{"taxonomy":"erlebnisart","embeddable":true,"href":"https:\/\/walderlebnispfade.de\/es\/wp-json\/wp\/v2\/erlebnisart?post=6995"}],"curies":[{"name":"wp","href":"https:\/\/api.w.org\/{rel}","templated":true}]}}