{"id":7068,"date":"2025-07-02T15:23:51","date_gmt":"2025-07-02T13:23:51","guid":{"rendered":"https:\/\/walderlebnispfade.de\/erlebnisse\/hotel-casa-en-el-arbol-selva-negra\/"},"modified":"2026-04-22T11:28:08","modified_gmt":"2026-04-22T09:28:08","slug":"hotel-casa-en-el-arbol-selva-negra","status":"publish","type":"erlebnisse","link":"https:\/\/walderlebnispfade.de\/es\/erlebnisse\/hotel-casa-en-el-arbol-selva-negra\/","title":{"rendered":"Hotel casa en el \u00e1rbol Selva Negra"},"content":{"rendered":"<style>.wp-block-kadence-advancedheading.kt-adv-heading7049_952dc0-75, .wp-block-kadence-advancedheading.kt-adv-heading7049_952dc0-75[data-kb-block=\"kb-adv-heading7049_952dc0-75\"]{font-style:normal;}.wp-block-kadence-advancedheading.kt-adv-heading7049_952dc0-75 mark.kt-highlight, .wp-block-kadence-advancedheading.kt-adv-heading7049_952dc0-75[data-kb-block=\"kb-adv-heading7049_952dc0-75\"] mark.kt-highlight{font-style:normal;color:#f76a0c;-webkit-box-decoration-break:clone;box-decoration-break:clone;padding-top:0px;padding-right:0px;padding-bottom:0px;padding-left:0px;}.wp-block-kadence-advancedheading.kt-adv-heading7049_952dc0-75 img.kb-inline-image, .wp-block-kadence-advancedheading.kt-adv-heading7049_952dc0-75[data-kb-block=\"kb-adv-heading7049_952dc0-75\"] img.kb-inline-image{width:150px;vertical-align:baseline;}<\/style>\n<h2 class=\"kt-adv-heading7049_952dc0-75 wp-block-kadence-advancedheading\" data-kb-block=\"kb-adv-heading7049_952dc0-75\">Casas en los \u00e1rboles de lujo en la Selva Negra<\/h2>\n\n<p>En el hotel de casas en los \u00e1rboles de la Selva Negra hay un total de 10 lujosas casas en los \u00e1rboles agrupadas alrededor de una torre mirador. Las casas en los \u00e1rboles ofrecen la comodidad de una habitaci\u00f3n de hotel o un apartamento vacacional con dos dormitorios cada una con peque\u00f1o balc\u00f3n, un balc\u00f3n en la zona de estar, un ba\u00f1o y una cocina bien equipada. Las casas en los \u00e1rboles son adecuadas para dos a seis personas.  <\/p>\n<style>.kb-table-of-content-nav.kb-table-of-content-id7049_8882fa-d8 .kb-table-of-content-wrap{padding-top:var(--global-kb-spacing-sm, 1.5rem);padding-right:var(--global-kb-spacing-sm, 1.5rem);padding-bottom:var(--global-kb-spacing-sm, 1.5rem);padding-left:var(--global-kb-spacing-sm, 1.5rem);background-color:var(--global-palette8, #F7FAFC);box-shadow:inset 0px 0px 14px 0px rgba(0, 0, 0, 0.2);}.kb-table-of-content-nav.kb-table-of-content-id7049_8882fa-d8 .kb-table-of-contents-title-wrap{padding-top:0px;padding-right:0px;padding-bottom:0px;padding-left:0px;}.kb-table-of-content-nav.kb-table-of-content-id7049_8882fa-d8 .kb-table-of-contents-title{font-weight:regular;font-style:normal;}.kb-table-of-content-nav.kb-table-of-content-id7049_8882fa-d8 .kb-table-of-content-wrap .kb-table-of-content-list{font-weight:regular;font-style:normal;margin-top:var(--global-kb-spacing-sm, 1.5rem);margin-right:0px;margin-bottom:0px;margin-left:0px;}.kb-table-of-content-nav.kb-table-of-content-id7049_8882fa-d8 .kb-toggle-icon-style-basiccircle .kb-table-of-contents-icon-trigger:after, .kb-table-of-content-nav.kb-table-of-content-id7049_8882fa-d8 .kb-toggle-icon-style-basiccircle .kb-table-of-contents-icon-trigger:before, .kb-table-of-content-nav.kb-table-of-content-id7049_8882fa-d8 .kb-toggle-icon-style-arrowcircle .kb-table-of-contents-icon-trigger:after, .kb-table-of-content-nav.kb-table-of-content-id7049_8882fa-d8 .kb-toggle-icon-style-arrowcircle .kb-table-of-contents-icon-trigger:before, .kb-table-of-content-nav.kb-table-of-content-id7049_8882fa-d8 .kb-toggle-icon-style-xclosecircle .kb-table-of-contents-icon-trigger:after, .kb-table-of-content-nav.kb-table-of-content-id7049_8882fa-d8 .kb-toggle-icon-style-xclosecircle .kb-table-of-contents-icon-trigger:before{background-color:var(--global-palette8, #F7FAFC);}<\/style><style>.kb-row-layout-id7049_19ba62-bf > .kt-row-column-wrap{align-content:start;}:where(.kb-row-layout-id7049_19ba62-bf > .kt-row-column-wrap) > .wp-block-kadence-column{justify-content:start;}.kb-row-layout-id7049_19ba62-bf > .kt-row-column-wrap{column-gap:var(--global-kb-gap-md, 2rem);row-gap:var(--global-kb-gap-md, 2rem);padding-top:var(--global-kb-spacing-sm, 1.5rem);padding-bottom:var(--global-kb-spacing-sm, 1.5rem);grid-template-columns:repeat(2, minmax(0, 1fr));}.kb-row-layout-id7049_19ba62-bf > .kt-row-layout-overlay{opacity:0.30;}@media all and (max-width: 1024px){.kb-row-layout-id7049_19ba62-bf > .kt-row-column-wrap{grid-template-columns:repeat(2, minmax(0, 1fr));}}@media all and (max-width: 767px){.kb-row-layout-id7049_19ba62-bf > .kt-row-column-wrap{grid-template-columns:minmax(0, 1fr);}}<\/style><div class=\"kb-row-layout-wrap kb-row-layout-id7049_19ba62-bf alignnone wp-block-kadence-rowlayout\"><div class=\"kt-row-column-wrap kt-has-2-columns kt-row-layout-equal kt-tab-layout-inherit kt-mobile-layout-row kt-row-valign-top\">\n<style>.kadence-column7049_e94ed0-d4 > .kt-inside-inner-col,.kadence-column7049_e94ed0-d4 > .kt-inside-inner-col:before{border-top-left-radius:0px;border-top-right-radius:0px;border-bottom-right-radius:0px;border-bottom-left-radius:0px;}.kadence-column7049_e94ed0-d4 > .kt-inside-inner-col{column-gap:var(--global-kb-gap-sm, 1rem);}.kadence-column7049_e94ed0-d4 > .kt-inside-inner-col{flex-direction:column;}.kadence-column7049_e94ed0-d4 > .kt-inside-inner-col > .aligncenter{width:100%;}.kadence-column7049_e94ed0-d4 > .kt-inside-inner-col:before{opacity:0.3;}.kadence-column7049_e94ed0-d4{position:relative;}@media all and (max-width: 1024px){.kadence-column7049_e94ed0-d4 > .kt-inside-inner-col{flex-direction:column;justify-content:center;}}@media all and (max-width: 767px){.kadence-column7049_e94ed0-d4 > .kt-inside-inner-col{flex-direction:column;justify-content:center;}}<\/style>\n<div class=\"wp-block-kadence-column kadence-column7049_e94ed0-d4\"><div class=\"kt-inside-inner-col\">\n<p>Todos los pisos en los \u00e1rboles de la <strong><a href=\"https:\/\/spacamping.de\/de\/unterkuenfte\/baumhausdoerfle\/\" target=\"_blank\" data-type=\"link\" data-id=\"https:\/\/spacamping.de\/de\/unterkuenfte\/baumhausdoerfle\/\" rel=\"noreferrer noopener\">casa del \u00e1rbol D\u00f6rfle<\/a><\/strong> est\u00e1n hechos principalmente de madera de los bosques cercanos y se accede a ellos por una escalera situada en la base. Hay una plaza de aparcamiento disponible para cada casa del \u00e1rbol.   <\/p>\n\n\n\n<p>Adem\u00e1s, hay <a href=\"https:\/\/spacamping.de\/de\/unterkuenfte\/kleine-baumhuetten\/\" data-type=\"link\" data-id=\"https:\/\/spacamping.de\/de\/unterkuenfte\/kleine-baumhuetten\/\" target=\"_blank\" rel=\"noreferrer noopener\"><strong>caba\u00f1as en los \u00e1rboles m\u00e1s peque\u00f1as<\/strong><\/a> y sencillas que tambi\u00e9n se pueden reservar para pasar la noche. Estas ofrecen espacio para hasta tres personas y solo est\u00e1n equipadas con colchones y calefacci\u00f3n. Representan una alternativa econ\u00f3mica para unas vacaciones cortas. Las instalaciones sanitarias se encuentran en un edificio cercano.   <\/p>\n\n\n\n<p>Adem\u00e1s de los dos tipos de casas en los \u00e1rboles mencionados anteriormente, en el para\u00edso vacacional Schwarzw\u00e4lder Hof hay un camping, caba\u00f1as de madera, un hotel, una casa de hu\u00e9spedes, un restaurante y un maravilloso oasis de bienestar con zona de saunas y jacuzzi. <\/p>\n<\/div><\/div>\n\n\n<style>.kadence-column7049_d32b56-d3 > .kt-inside-inner-col,.kadence-column7049_d32b56-d3 > .kt-inside-inner-col:before{border-top-left-radius:0px;border-top-right-radius:0px;border-bottom-right-radius:0px;border-bottom-left-radius:0px;}.kadence-column7049_d32b56-d3 > .kt-inside-inner-col{column-gap:var(--global-kb-gap-sm, 1rem);}.kadence-column7049_d32b56-d3 > .kt-inside-inner-col{flex-direction:column;}.kadence-column7049_d32b56-d3 > .kt-inside-inner-col > .aligncenter{width:100%;}.kadence-column7049_d32b56-d3 > .kt-inside-inner-col:before{opacity:0.3;}.kadence-column7049_d32b56-d3{position:relative;}@media all and (max-width: 1024px){.kadence-column7049_d32b56-d3 > .kt-inside-inner-col{flex-direction:column;justify-content:center;}}@media all and (max-width: 767px){.kadence-column7049_d32b56-d3 > .kt-inside-inner-col{flex-direction:column;justify-content:center;}}<\/style>\n<div class=\"wp-block-kadence-column kadence-column7049_d32b56-d3\"><div class=\"kt-inside-inner-col\"><style>.wp-block-kadence-advancedheading.kt-adv-heading7049_feb836-ed, .wp-block-kadence-advancedheading.kt-adv-heading7049_feb836-ed[data-kb-block=\"kb-adv-heading7049_feb836-ed\"]{text-align:center;font-style:normal;}.wp-block-kadence-advancedheading.kt-adv-heading7049_feb836-ed mark.kt-highlight, .wp-block-kadence-advancedheading.kt-adv-heading7049_feb836-ed[data-kb-block=\"kb-adv-heading7049_feb836-ed\"] mark.kt-highlight{font-style:normal;color:#f76a0c;-webkit-box-decoration-break:clone;box-decoration-break:clone;padding-top:0px;padding-right:0px;padding-bottom:0px;padding-left:0px;}.wp-block-kadence-advancedheading.kt-adv-heading7049_feb836-ed img.kb-inline-image, .wp-block-kadence-advancedheading.kt-adv-heading7049_feb836-ed[data-kb-block=\"kb-adv-heading7049_feb836-ed\"] img.kb-inline-image{width:150px;vertical-align:baseline;}<\/style>\n<h3 class=\"kt-adv-heading7049_feb836-ed wp-block-kadence-advancedheading\" data-kb-block=\"kb-adv-heading7049_feb836-ed\">Resumen del equipamiento:<\/h3>\n\n\n<style>.kb-table-container7049_c57c5b-c0{overflow-x:auto;}.kb-table-container .kb-table7049_c57c5b-c0 th{padding-top:var(--global-kb-spacing-xxs, 0.5rem);padding-right:var(--global-kb-spacing-xxs, 0.5rem);padding-bottom:var(--global-kb-spacing-xxs, 0.5rem);padding-left:var(--global-kb-spacing-xxs, 0.5rem);text-align:center;}.kb-table-container .kb-table7049_c57c5b-c0 caption{text-align:center;}.kb-table-container .kb-table7049_c57c5b-c0 td{padding-top:var(--global-kb-spacing-xxs, 0.5rem);padding-right:var(--global-kb-spacing-xxs, 0.5rem);padding-bottom:var(--global-kb-spacing-xxs, 0.5rem);padding-left:var(--global-kb-spacing-xxs, 0.5rem);text-align:left;}<\/style><div class=\"kb-table-container kb-table-container7049_c57c5b-c0 wp-block-kadence-table\"><table class=\"kb-table kb-table7049_c57c5b-c0\">\n<tr class=\"kb-table-row kb-table-row7049_1088de-6f\">\n<td class=\"kb-table-data kb-table-data7049_cfe32c-ab\">\n<style>.kb-image7049_11b568-b9 .kb-image-has-overlay:after{opacity:0.3;}<\/style>\n<div class=\"wp-block-kadence-image kb-image7049_11b568-b9\"><figure class=\"aligncenter size-full\"><img loading=\"lazy\" decoding=\"async\" width=\"100\" height=\"100\" src=\"https:\/\/walderlebnispfade.de\/wp-content\/uploads\/2026\/04\/WC.png\" alt=\"WC-Symbol\" class=\"kb-img wp-image-7716\"\/><\/figure><\/div>\n\n<\/td>\n\n<td class=\"kb-table-data kb-table-data7049_446e4f-4f\">\n<style>.kb-image7049_5992f4-c5 .kb-image-has-overlay:after{opacity:0.3;}<\/style>\n<div class=\"wp-block-kadence-image kb-image7049_5992f4-c5\"><figure class=\"aligncenter size-full\"><img loading=\"lazy\" decoding=\"async\" width=\"100\" height=\"100\" src=\"https:\/\/walderlebnispfade.de\/wp-content\/uploads\/2026\/04\/Dusche.png\" alt=\"Dusch-Symbol\" class=\"kb-img wp-image-7711\"\/><\/figure><\/div>\n\n<\/td>\n<\/tr>\n\n<tr class=\"kb-table-row kb-table-row7049_a5de14-29\">\n<td class=\"kb-table-data kb-table-data7049_4e00da-8e\">\n<style>.kb-image7049_354bb9-90.kb-image-is-ratio-size, .kb-image7049_354bb9-90 .kb-image-is-ratio-size{max-width:100px;width:100%;}.wp-block-kadence-column > .kt-inside-inner-col > .kb-image7049_354bb9-90.kb-image-is-ratio-size, .wp-block-kadence-column > .kt-inside-inner-col > .kb-image7049_354bb9-90 .kb-image-is-ratio-size{align-self:unset;}.kb-image7049_354bb9-90 figure{max-width:100px;}.kb-image7049_354bb9-90 .image-is-svg, .kb-image7049_354bb9-90 .image-is-svg img{width:100%;}.kb-image7049_354bb9-90 .kb-image-has-overlay:after{opacity:0.3;}<\/style>\n<div class=\"wp-block-kadence-image kb-image7049_354bb9-90\"><figure class=\"aligncenter size-full\"><img loading=\"lazy\" decoding=\"async\" width=\"100\" height=\"100\" src=\"https:\/\/walderlebnispfade.de\/wp-content\/uploads\/2026\/04\/Strom.png\" alt=\"Strom-Symbol\" class=\"kb-img wp-image-7715\"\/><\/figure><\/div>\n\n<\/td>\n\n<td class=\"kb-table-data kb-table-data7049_a58487-e8\">\n<style>.kb-image7049_6f8c71-67 .kb-image-has-overlay:after{opacity:0.3;}<\/style>\n<div class=\"wp-block-kadence-image kb-image7049_6f8c71-67\"><figure class=\"aligncenter size-full\"><img loading=\"lazy\" decoding=\"async\" width=\"100\" height=\"100\" src=\"https:\/\/walderlebnispfade.de\/wp-content\/uploads\/2026\/04\/Heizung.png\" alt=\"Heizungs-Symbol\" class=\"kb-img wp-image-7712\"\/><\/figure><\/div>\n\n<\/td>\n<\/tr>\n\n<tr class=\"kb-table-row kb-table-row7049_fd0ec3-f6\">\n<td class=\"kb-table-data kb-table-data7049_332a4f-28\">\n<style>.kb-image7049_4362f2-62 .kb-image-has-overlay:after{opacity:0.3;}<\/style>\n<div class=\"wp-block-kadence-image kb-image7049_4362f2-62\"><figure class=\"aligncenter size-full\"><img loading=\"lazy\" decoding=\"async\" width=\"100\" height=\"100\" src=\"https:\/\/walderlebnispfade.de\/wp-content\/uploads\/2026\/04\/Kueche.png\" alt=\"K\u00fcchen-Symbol\" class=\"kb-img wp-image-7714\"\/><\/figure><\/div>\n\n<\/td>\n\n<td class=\"kb-table-data kb-table-data7049_f7da9d-f9\">\n\n<p><\/p>\n\n<\/td>\n<\/tr>\n<\/table><\/div><\/div><\/div>\n\n<\/div><\/div>\n<h2 class=\"wp-block-heading\">V\u00eddeo sobre el hotel casa del \u00e1rbol en la Selva Negra<\/h2>\n\n<figure class=\"wp-block-embed is-type-video is-provider-youtube wp-block-embed-youtube wp-embed-aspect-16-9 wp-has-aspect-ratio\"><div class=\"wp-block-embed__wrapper\">\n<iframe loading=\"lazy\" hcb-fetch-image-from=\"https:\/\/youtu.be\/P_lA9w_uhzI?si=vBr5Ercnjv6INj4J\" title=\"Ferienparadies Schwarzw\u00e4lder Hof in Seelbach\" width=\"720\" height=\"405\" src=\"https:\/\/www.youtube.com\/embed\/P_lA9w_uhzI?feature=oembed\" frameborder=\"0\" allow=\"accelerometer; autoplay; clipboard-write; encrypted-media; gyroscope; picture-in-picture; web-share\" referrerpolicy=\"strict-origin-when-cross-origin\" allowfullscreen><\/iframe>\n<\/div><\/figure>\n\n<h2 class=\"wp-block-heading\">Informaci\u00f3n sobre el hotel casa del \u00e1rbol en la Selva Negra<\/h2>\n\n<figure class=\"wp-block-table\"><table class=\"has-fixed-layout\"><tbody><tr><td>N\u00famero de casas en los \u00e1rboles:<\/td><td>10 lujosas casas en los \u00e1rboles y 3 peque\u00f1as caba\u00f1as en los \u00e1rboles<\/td><\/tr><tr><td>Altura de vida:<\/td><td>10 m en las casas de los \u00e1rboles y cerca del suelo en las caba\u00f1as<\/td><\/tr><tr><td>Capacidad:<\/td><td>Hasta 6 personas<\/td><\/tr><tr><td>Se puede reservar:<\/td><td>Se puede reservar todo el a\u00f1o<\/td><\/tr><tr><td>Calefacci\u00f3n:<\/td><td>Hay calefacci\u00f3n disponible.<\/td><\/tr><tr><td>Electricidad (casas en los \u00e1rboles):<\/td><td>S\u00ed.<\/td><\/tr><tr><td>Cocina (casas en los \u00e1rboles):<\/td><td>Cocina con fogones, frigor\u00edfico y todos los utensilios de cocina importantes.<\/td><\/tr><tr><td>Instalaciones sanitarias (casas en los \u00e1rboles):<\/td><td>Cuarto de ba\u00f1o completo con ducha y WC.<\/td><\/tr><tr><td>Sin barreras (casas en los \u00e1rboles):<\/td><td>No, ya que el acceso s\u00f3lo es posible por escaleras.<\/td><\/tr><tr><td>Se admiten perros:<\/td><td>No, no se admiten perros en las casas del \u00e1rbol.<\/td><\/tr><\/tbody><\/table><figcaption class=\"wp-element-caption\">Detalles sobre el para\u00edso vacacional Schwarzw\u00e4lder Hof<\/figcaption><\/figure>\n\n<hr class=\"wp-block-separator has-alpha-channel-opacity\" style=\"margin-top:var(--wp--preset--spacing--50);margin-bottom:var(--wp--preset--spacing--50)\"\/>\n<style>.kadence-column7049_93261b-05 > .kt-inside-inner-col{display:flex;}.kadence-column7049_93261b-05 > .kt-inside-inner-col{padding-top:var(--global-kb-spacing-xs, 1rem);padding-right:var(--global-kb-spacing-xs, 1rem);padding-bottom:var(--global-kb-spacing-xs, 1rem);padding-left:var(--global-kb-spacing-xs, 1rem);}.kadence-column7049_93261b-05 > .kt-inside-inner-col{box-shadow:0px 0px 14px 0px rgba(0, 0, 0, 0.2);}.kadence-column7049_93261b-05 > .kt-inside-inner-col,.kadence-column7049_93261b-05 > .kt-inside-inner-col:before{border-top-left-radius:0px;border-top-right-radius:0px;border-bottom-right-radius:0px;border-bottom-left-radius:0px;}.kadence-column7049_93261b-05 > .kt-inside-inner-col{column-gap:var(--global-kb-gap-sm, 1rem);}.kadence-column7049_93261b-05 > .kt-inside-inner-col{flex-direction:column;align-items:center;}.kadence-column7049_93261b-05 > .kt-inside-inner-col > .kb-image-is-ratio-size{align-self:stretch;}.kadence-column7049_93261b-05 > .kt-inside-inner-col > .wp-block-kadence-advancedgallery{align-self:stretch;}.kadence-column7049_93261b-05 > .kt-inside-inner-col > .aligncenter{width:100%;}.kadence-column7049_93261b-05 > .kt-inside-inner-col{background-color:var(--global-palette8, #F7FAFC);}.kadence-column7049_93261b-05 > .kt-inside-inner-col:before{opacity:0.3;}.kadence-column7049_93261b-05{position:relative;}@media all and (max-width: 1024px){.kadence-column7049_93261b-05 > .kt-inside-inner-col{flex-direction:column;justify-content:center;align-items:center;}}@media all and (max-width: 767px){.kadence-column7049_93261b-05 > .kt-inside-inner-col{flex-direction:column;justify-content:center;align-items:center;}}<\/style>\n<div class=\"wp-block-kadence-column kadence-column7049_93261b-05\"><div class=\"kt-inside-inner-col\">\n<p class=\"has-text-align-center\">\u00bfQu\u00e9 te parece el hotel de casas en los \u00e1rboles de la Selva Negra? Por favor, d\u00e9janos una opini\u00f3n.  <br\/>Nos ayudas a nosotros y a otros amantes de la naturaleza. Muchas gracias \ud83d\ude42 \u00a1! <\/p>\n\n\n\n<div class=\"wp-block-yet-another-stars-rating-visitor-votes aligncenter yasr-vv-block\"><\/div>\n\n\n\n<p>Puedes encontrar m\u00e1s aventuras emocionantes en nuestra <a href=\"https:\/\/walderlebnispfade.de\/es\/experiencias-forestales\/\" data-type=\"page\" data-id=\"228\">b\u00fasqueda de experiencias en el bosque<\/a> y en nuestro <a href=\"https:\/\/walderlebnispfade.de\/es\/vision-general-del-hotel-tree-house\/\" data-type=\"post\" data-id=\"5771\">resumen de hoteles con casas en los \u00e1rboles<\/a>.<\/p>\n<\/div><\/div>\n\n<hr class=\"wp-block-separator has-alpha-channel-opacity\" style=\"margin-top:var(--wp--preset--spacing--50);margin-bottom:var(--wp--preset--spacing--50)\"\/>\n\n<p><\/p>\n","protected":false},"author":2,"featured_media":7048,"comment_status":"open","ping_status":"closed","template":"","meta":{"_kad_blocks_custom_css":"","_kad_blocks_head_custom_js":"","_kad_blocks_body_custom_js":"","_kad_blocks_footer_custom_js":"","_kad_post_transparent":"","_kad_post_title":"","_kad_post_layout":"","_kad_post_sidebar_id":"","_kad_post_content_style":"","_kad_post_vertical_padding":"","_kad_post_feature":"","_kad_post_feature_position":"","_kad_post_header":false,"_kad_post_footer":false,"_kad_post_classname":"","yasr_overall_rating":0,"yasr_post_is_review":"","yasr_auto_insert_disabled":"","yasr_review_type":""},"region":[131,140],"erlebnisart":[191,194],"class_list":["post-7068","erlebnisse","type-erlebnisse","status-publish","has-post-thumbnail","hentry","region-deutschland-es","region-bw-es","erlebnisart-alojamiento","erlebnisart-hotel-en-una-casa-en-un-arbol"],"yasr_visitor_votes":{"stars_attributes":{"read_only":false,"span_bottom":false},"number_of_votes":0,"sum_votes":0},"taxonomy_info":{"region":[{"value":131,"label":"Alemania"},{"value":140,"label":"Baden-W\u00fcrttemberg"}],"erlebnisart":[{"value":191,"label":"Alojamiento"},{"value":194,"label":"Hotel en una casa en un \u00e1rbol"}]},"featured_image_src_large":["https:\/\/walderlebnispfade.de\/wp-content\/uploads\/2025\/07\/Baumhaushotel_Schwarzwald-1024x576.jpg",1024,576,true],"author_info":{"display_name":"Moni","author_link":"https:\/\/walderlebnispfade.de\/es\/author\/moni\/"},"comment_info":0,"_links":{"self":[{"href":"https:\/\/walderlebnispfade.de\/es\/wp-json\/wp\/v2\/erlebnisse\/7068","targetHints":{"allow":["GET"]}}],"collection":[{"href":"https:\/\/walderlebnispfade.de\/es\/wp-json\/wp\/v2\/erlebnisse"}],"about":[{"href":"https:\/\/walderlebnispfade.de\/es\/wp-json\/wp\/v2\/types\/erlebnisse"}],"author":[{"embeddable":true,"href":"https:\/\/walderlebnispfade.de\/es\/wp-json\/wp\/v2\/users\/2"}],"replies":[{"embeddable":true,"href":"https:\/\/walderlebnispfade.de\/es\/wp-json\/wp\/v2\/comments?post=7068"}],"wp:featuredmedia":[{"embeddable":true,"href":"https:\/\/walderlebnispfade.de\/es\/wp-json\/wp\/v2\/media\/7048"}],"wp:attachment":[{"href":"https:\/\/walderlebnispfade.de\/es\/wp-json\/wp\/v2\/media?parent=7068"}],"wp:term":[{"taxonomy":"region","embeddable":true,"href":"https:\/\/walderlebnispfade.de\/es\/wp-json\/wp\/v2\/region?post=7068"},{"taxonomy":"erlebnisart","embeddable":true,"href":"https:\/\/walderlebnispfade.de\/es\/wp-json\/wp\/v2\/erlebnisart?post=7068"}],"curies":[{"name":"wp","href":"https:\/\/api.w.org\/{rel}","templated":true}]}}