{"id":7122,"date":"2025-07-11T12:21:57","date_gmt":"2025-07-11T10:21:57","guid":{"rendered":"https:\/\/walderlebnispfade.de\/erlebnisse\/casa-del-arbol-hotel-hofgut-hafnerleiten\/"},"modified":"2026-04-22T11:27:34","modified_gmt":"2026-04-22T09:27:34","slug":"casa-del-arbol-hotel-hofgut-hafnerleiten","status":"publish","type":"erlebnisse","link":"https:\/\/walderlebnispfade.de\/es\/erlebnisse\/casa-del-arbol-hotel-hofgut-hafnerleiten\/","title":{"rendered":"Casa del \u00e1rbol hotel Hofgut Hafnerleiten"},"content":{"rendered":"<style>.wp-block-kadence-advancedheading.kt-adv-heading7109_45f3da-27, .wp-block-kadence-advancedheading.kt-adv-heading7109_45f3da-27[data-kb-block=\"kb-adv-heading7109_45f3da-27\"]{font-style:normal;}.wp-block-kadence-advancedheading.kt-adv-heading7109_45f3da-27 mark.kt-highlight, .wp-block-kadence-advancedheading.kt-adv-heading7109_45f3da-27[data-kb-block=\"kb-adv-heading7109_45f3da-27\"] mark.kt-highlight{font-style:normal;color:#f76a0c;-webkit-box-decoration-break:clone;box-decoration-break:clone;padding-top:0px;padding-right:0px;padding-bottom:0px;padding-left:0px;}.wp-block-kadence-advancedheading.kt-adv-heading7109_45f3da-27 img.kb-inline-image, .wp-block-kadence-advancedheading.kt-adv-heading7109_45f3da-27[data-kb-block=\"kb-adv-heading7109_45f3da-27\"] img.kb-inline-image{width:150px;vertical-align:baseline;}<\/style>\n<h2 class=\"kt-adv-heading7109_45f3da-27 wp-block-kadence-advancedheading\" data-kb-block=\"kb-adv-heading7109_45f3da-27\">Casas tem\u00e1ticas en el Hofgut<\/h2>\n\n<p>El hotel casa del \u00e1rbol Hofgut Hafnerleiten celebra su 25 aniversario en agosto de 2025. El concepto especial se basa en el alojamiento nocturno en caba\u00f1as tem\u00e1ticas y casas largas de Rottal. Una de estas casas tem\u00e1ticas es una casa en un \u00e1rbol. En el hotel casa del \u00e1rbol Hofgut Hafnerleiten, todo es un poco diferente a un hotel tradicional, con el objetivo de desprenderse por un momento del ajetreado mundo exterior.   <\/p>\n<style>.kb-table-of-content-nav.kb-table-of-content-id7109_c51b09-94 .kb-table-of-content-wrap{padding-top:var(--global-kb-spacing-sm, 1.5rem);padding-right:var(--global-kb-spacing-sm, 1.5rem);padding-bottom:var(--global-kb-spacing-sm, 1.5rem);padding-left:var(--global-kb-spacing-sm, 1.5rem);background-color:var(--global-palette8, #F7FAFC);box-shadow:inset 0px 0px 14px 0px rgba(0, 0, 0, 0.2);}.kb-table-of-content-nav.kb-table-of-content-id7109_c51b09-94 .kb-table-of-contents-title-wrap{padding-top:0px;padding-right:0px;padding-bottom:0px;padding-left:0px;}.kb-table-of-content-nav.kb-table-of-content-id7109_c51b09-94 .kb-table-of-contents-title{font-weight:regular;font-style:normal;}.kb-table-of-content-nav.kb-table-of-content-id7109_c51b09-94 .kb-table-of-content-wrap .kb-table-of-content-list{font-weight:regular;font-style:normal;margin-top:var(--global-kb-spacing-sm, 1.5rem);margin-right:0px;margin-bottom:0px;margin-left:0px;}.kb-table-of-content-nav.kb-table-of-content-id7109_c51b09-94 .kb-toggle-icon-style-basiccircle .kb-table-of-contents-icon-trigger:after, .kb-table-of-content-nav.kb-table-of-content-id7109_c51b09-94 .kb-toggle-icon-style-basiccircle .kb-table-of-contents-icon-trigger:before, .kb-table-of-content-nav.kb-table-of-content-id7109_c51b09-94 .kb-toggle-icon-style-arrowcircle .kb-table-of-contents-icon-trigger:after, .kb-table-of-content-nav.kb-table-of-content-id7109_c51b09-94 .kb-toggle-icon-style-arrowcircle .kb-table-of-contents-icon-trigger:before, .kb-table-of-content-nav.kb-table-of-content-id7109_c51b09-94 .kb-toggle-icon-style-xclosecircle .kb-table-of-contents-icon-trigger:after, .kb-table-of-content-nav.kb-table-of-content-id7109_c51b09-94 .kb-toggle-icon-style-xclosecircle .kb-table-of-contents-icon-trigger:before{background-color:var(--global-palette8, #F7FAFC);}<\/style>\n<p>La casa del \u00e1rbol tiene una superficie de 45 m\u00b2 y est\u00e1 situada en medio de las copas de los alisos; est\u00e1 totalmente equipada. Hay una ba\u00f1era con ducha integrada, as\u00ed como una sauna privada con sala de descanso a gran altura. Tu cesta de desayuno te la llevan a la casa del \u00e1rbol a la hora acordada. Por la noche, se incluye un men\u00fa r\u00fastico-mediterr\u00e1neo dentro de la media pensi\u00f3n. Se sirve en la casa principal. All\u00ed tambi\u00e9n hay acceso WiFi gratuito.     <\/p>\n<style>.wp-block-kadence-advancedheading.kt-adv-heading7109_a14bb3-10, .wp-block-kadence-advancedheading.kt-adv-heading7109_a14bb3-10[data-kb-block=\"kb-adv-heading7109_a14bb3-10\"]{font-style:normal;}.wp-block-kadence-advancedheading.kt-adv-heading7109_a14bb3-10 mark.kt-highlight, .wp-block-kadence-advancedheading.kt-adv-heading7109_a14bb3-10[data-kb-block=\"kb-adv-heading7109_a14bb3-10\"] mark.kt-highlight{font-style:normal;color:#f76a0c;-webkit-box-decoration-break:clone;box-decoration-break:clone;padding-top:0px;padding-right:0px;padding-bottom:0px;padding-left:0px;}.wp-block-kadence-advancedheading.kt-adv-heading7109_a14bb3-10 img.kb-inline-image, .wp-block-kadence-advancedheading.kt-adv-heading7109_a14bb3-10[data-kb-block=\"kb-adv-heading7109_a14bb3-10\"] img.kb-inline-image{width:150px;vertical-align:baseline;}<\/style>\n<h3 class=\"kt-adv-heading7109_a14bb3-10 wp-block-kadence-advancedheading\" data-kb-block=\"kb-adv-heading7109_a14bb3-10\">Resumen del equipamiento:<\/h3>\n<style>.kb-table-container7109_8a75ee-4b{overflow-x:auto;}.kb-table-container .kb-table7109_8a75ee-4b th{padding-top:var(--global-kb-spacing-xxs, 0.5rem);padding-right:var(--global-kb-spacing-xxs, 0.5rem);padding-bottom:var(--global-kb-spacing-xxs, 0.5rem);padding-left:var(--global-kb-spacing-xxs, 0.5rem);text-align:center;}.kb-table-container .kb-table7109_8a75ee-4b caption{text-align:center;}.kb-table-container .kb-table7109_8a75ee-4b td{padding-top:var(--global-kb-spacing-xxs, 0.5rem);padding-right:var(--global-kb-spacing-xxs, 0.5rem);padding-bottom:var(--global-kb-spacing-xxs, 0.5rem);padding-left:var(--global-kb-spacing-xxs, 0.5rem);text-align:left;}<\/style><div class=\"kb-table-container kb-table-container7109_8a75ee-4b wp-block-kadence-table\"><table class=\"kb-table kb-table7109_8a75ee-4b\">\n<tr class=\"kb-table-row kb-table-row7109_9e377d-89\">\n<td class=\"kb-table-data kb-table-data7109_5ab901-6c\">\n<style>.kb-image7109_45c967-9a .kb-image-has-overlay:after{opacity:0.3;}<\/style>\n<div class=\"wp-block-kadence-image kb-image7109_45c967-9a\"><figure class=\"aligncenter size-full\"><img loading=\"lazy\" decoding=\"async\" width=\"100\" height=\"100\" src=\"https:\/\/walderlebnispfade.de\/wp-content\/uploads\/2026\/04\/WC.png\" alt=\"WC-Symbol\" class=\"kb-img wp-image-7716\"\/><\/figure><\/div>\n\n<\/td>\n\n<td class=\"kb-table-data kb-table-data7109_66661e-17\">\n<style>.kb-image7109_f1bb4a-64 .kb-image-has-overlay:after{opacity:0.3;}<\/style>\n<div class=\"wp-block-kadence-image kb-image7109_f1bb4a-64\"><figure class=\"aligncenter size-full\"><img loading=\"lazy\" decoding=\"async\" width=\"100\" height=\"100\" src=\"https:\/\/walderlebnispfade.de\/wp-content\/uploads\/2026\/04\/Dusche.png\" alt=\"Dusch-Symbol\" class=\"kb-img wp-image-7711\"\/><\/figure><\/div>\n\n<\/td>\n\n<td class=\"kb-table-data kb-table-data7109_b7989b-0c\">\n<style>.kb-image7109_7e826c-b8.kb-image-is-ratio-size, .kb-image7109_7e826c-b8 .kb-image-is-ratio-size{max-width:100px;width:100%;}.wp-block-kadence-column > .kt-inside-inner-col > .kb-image7109_7e826c-b8.kb-image-is-ratio-size, .wp-block-kadence-column > .kt-inside-inner-col > .kb-image7109_7e826c-b8 .kb-image-is-ratio-size{align-self:unset;}.kb-image7109_7e826c-b8 figure{max-width:100px;}.kb-image7109_7e826c-b8 .image-is-svg, .kb-image7109_7e826c-b8 .image-is-svg img{width:100%;}.kb-image7109_7e826c-b8 .kb-image-has-overlay:after{opacity:0.3;}<\/style>\n<div class=\"wp-block-kadence-image kb-image7109_7e826c-b8\"><figure class=\"aligncenter size-full\"><img loading=\"lazy\" decoding=\"async\" width=\"100\" height=\"100\" src=\"https:\/\/walderlebnispfade.de\/wp-content\/uploads\/2026\/04\/Strom.png\" alt=\"Strom-Symbol\" class=\"kb-img wp-image-7715\"\/><\/figure><\/div>\n\n<\/td>\n\n<td class=\"kb-table-data kb-table-data7109_4bd125-ee\">\n<style>.kb-image7109_329d54-73 .kb-image-has-overlay:after{opacity:0.3;}<\/style>\n<div class=\"wp-block-kadence-image kb-image7109_329d54-73\"><figure class=\"aligncenter size-full\"><img loading=\"lazy\" decoding=\"async\" width=\"100\" height=\"100\" src=\"https:\/\/walderlebnispfade.de\/wp-content\/uploads\/2026\/04\/Heizung.png\" alt=\"Heizungs-Symbol\" class=\"kb-img wp-image-7712\"\/><\/figure><\/div>\n\n<\/td>\n\n<td class=\"kb-table-data kb-table-data7109_c20318-a3\">\n<style>.kb-image7109_27e2dd-36 .kb-image-has-overlay:after{opacity:0.3;}<\/style>\n<div class=\"wp-block-kadence-image kb-image7109_27e2dd-36\"><figure class=\"aligncenter size-full\"><img loading=\"lazy\" decoding=\"async\" width=\"100\" height=\"100\" src=\"https:\/\/walderlebnispfade.de\/wp-content\/uploads\/2026\/04\/Kueche.png\" alt=\"K\u00fcchen-Symbol\" class=\"kb-img wp-image-7714\"\/><\/figure><\/div>\n\n<\/td>\n<\/tr>\n<\/table><\/div>\n<h2 class=\"wp-block-heading\">V\u00eddeo sobre la casa del \u00e1rbol hotel Hofgut Hafnerleiten<\/h2>\n\n<figure class=\"wp-block-embed is-type-video is-provider-youtube wp-block-embed-youtube wp-embed-aspect-16-9 wp-has-aspect-ratio\"><div class=\"wp-block-embed__wrapper\">\n<iframe loading=\"lazy\" hcb-fetch-image-from=\"https:\/\/youtu.be\/mbpnRNxctCM?si=7Gm7w-IjYfiNg2sm\" title=\"Hofgut Hafnerleiten\" width=\"720\" height=\"405\" src=\"https:\/\/www.youtube.com\/embed\/mbpnRNxctCM?feature=oembed\" frameborder=\"0\" allow=\"accelerometer; autoplay; clipboard-write; encrypted-media; gyroscope; picture-in-picture; web-share\" referrerpolicy=\"strict-origin-when-cross-origin\" allowfullscreen><\/iframe>\n<\/div><\/figure>\n\n<h2 class=\"wp-block-heading\">Informaci\u00f3n sobre el hotel casa del \u00e1rbol Hofgut Hafnerleiten<\/h2>\n\n<figure class=\"wp-block-table\"><table class=\"has-fixed-layout\"><tbody><tr><td>N\u00famero de casas en los \u00e1rboles:<\/td><td>1 casa del \u00e1rbol de lujo y varias otras casas tem\u00e1ticas<\/td><\/tr><tr><td>Altura de vida:<\/td><td>aprox. 4 m<\/td><\/tr><tr><td>Capacidad:<\/td><td>2 personas<\/td><\/tr><tr><td>Se puede reservar:<\/td><td>Se puede reservar todo el a\u00f1o<\/td><\/tr><tr><td>Calefacci\u00f3n:<\/td><td>Hay calefacci\u00f3n disponible.<\/td><\/tr><tr><td>Electricidad (casas en los \u00e1rboles):<\/td><td>S\u00ed.<\/td><\/tr><tr><td>Cocina (casas en los \u00e1rboles):<\/td><td>Cocina peque\u00f1a.<\/td><\/tr><tr><td>Instalaciones sanitarias (casas en los \u00e1rboles):<\/td><td>Ba\u00f1o completo con ducha y WC, sauna privada.<\/td><\/tr><tr><td>Sin barreras (casas en los \u00e1rboles):<\/td><td>No, ya que el acceso s\u00f3lo es posible por escaleras.<\/td><\/tr><tr><td>Se admiten perros:<\/td><td>No, no se permiten perros en la casa del \u00e1rbol, aunque s\u00ed en algunas de las otras casas tem\u00e1ticas, por ejemplo en la \u201c<a href=\"https:\/\/www.hofgut.info\/haeuser\/buchen.html?si=23\" target=\"_blank\" rel=\"noreferrer noopener\">Casa junto al bosque<\/a>\u201d.<\/td><\/tr><\/tbody><\/table><figcaption class=\"wp-element-caption\">Detalles sobre Hofgut Hafnerleiten<\/figcaption><\/figure>\n\n<hr class=\"wp-block-separator has-alpha-channel-opacity\" style=\"margin-top:var(--wp--preset--spacing--50);margin-bottom:var(--wp--preset--spacing--50)\"\/>\n<style>.kadence-column7109_dd9a29-41 > .kt-inside-inner-col{display:flex;}.kadence-column7109_dd9a29-41 > .kt-inside-inner-col{padding-top:var(--global-kb-spacing-xs, 1rem);padding-right:var(--global-kb-spacing-xs, 1rem);padding-bottom:var(--global-kb-spacing-xs, 1rem);padding-left:var(--global-kb-spacing-xs, 1rem);}.kadence-column7109_dd9a29-41 > .kt-inside-inner-col{box-shadow:0px 0px 14px 0px rgba(0, 0, 0, 0.2);}.kadence-column7109_dd9a29-41 > .kt-inside-inner-col,.kadence-column7109_dd9a29-41 > .kt-inside-inner-col:before{border-top-left-radius:0px;border-top-right-radius:0px;border-bottom-right-radius:0px;border-bottom-left-radius:0px;}.kadence-column7109_dd9a29-41 > .kt-inside-inner-col{column-gap:var(--global-kb-gap-sm, 1rem);}.kadence-column7109_dd9a29-41 > .kt-inside-inner-col{flex-direction:column;align-items:center;}.kadence-column7109_dd9a29-41 > .kt-inside-inner-col > .kb-image-is-ratio-size{align-self:stretch;}.kadence-column7109_dd9a29-41 > .kt-inside-inner-col > .wp-block-kadence-advancedgallery{align-self:stretch;}.kadence-column7109_dd9a29-41 > .kt-inside-inner-col > .aligncenter{width:100%;}.kadence-column7109_dd9a29-41 > .kt-inside-inner-col{background-color:var(--global-palette8, #F7FAFC);}.kadence-column7109_dd9a29-41 > .kt-inside-inner-col:before{opacity:0.3;}.kadence-column7109_dd9a29-41{position:relative;}@media all and (max-width: 1024px){.kadence-column7109_dd9a29-41 > .kt-inside-inner-col{flex-direction:column;justify-content:center;align-items:center;}}@media all and (max-width: 767px){.kadence-column7109_dd9a29-41 > .kt-inside-inner-col{flex-direction:column;justify-content:center;align-items:center;}}<\/style>\n<div class=\"wp-block-kadence-column kadence-column7109_dd9a29-41\"><div class=\"kt-inside-inner-col\">\n<p class=\"has-text-align-center\">\u00bfQu\u00e9 te parece el hotel de casas del \u00e1rbol Hofgut Hafnerleiten? Por favor, d\u00e9janos una opini\u00f3n.  <br\/>Nos ayudas a nosotros y a otros amantes de la naturaleza. Muchas gracias \ud83d\ude42 \u00a1! <\/p>\n\n\n\n<div class=\"wp-block-yet-another-stars-rating-visitor-votes aligncenter yasr-vv-block\"><\/div>\n\n\n\n<p>Puedes encontrar m\u00e1s aventuras emocionantes en nuestra <a href=\"https:\/\/walderlebnispfade.de\/es\/experiencias-forestales\/\" data-type=\"page\" data-id=\"228\">b\u00fasqueda de experiencias en el bosque<\/a> y en nuestro <a href=\"https:\/\/walderlebnispfade.de\/es\/vision-general-del-hotel-tree-house\/\" data-type=\"post\" data-id=\"5771\">resumen de hoteles con casas en los \u00e1rboles<\/a>.<\/p>\n<\/div><\/div>\n\n<hr class=\"wp-block-separator has-alpha-channel-opacity\" style=\"margin-top:var(--wp--preset--spacing--50);margin-bottom:var(--wp--preset--spacing--50)\"\/>\n","protected":false},"author":2,"featured_media":7089,"comment_status":"open","ping_status":"closed","template":"","meta":{"_kad_blocks_custom_css":"","_kad_blocks_head_custom_js":"","_kad_blocks_body_custom_js":"","_kad_blocks_footer_custom_js":"","_kad_post_transparent":"","_kad_post_title":"","_kad_post_layout":"","_kad_post_sidebar_id":"","_kad_post_content_style":"","_kad_post_vertical_padding":"","_kad_post_feature":"","_kad_post_feature_position":"","_kad_post_header":false,"_kad_post_footer":false,"_kad_post_classname":"","yasr_overall_rating":0,"yasr_post_is_review":"","yasr_auto_insert_disabled":"","yasr_review_type":""},"region":[131,143],"erlebnisart":[191,194],"class_list":["post-7122","erlebnisse","type-erlebnisse","status-publish","has-post-thumbnail","hentry","region-deutschland-es","region-by-es","erlebnisart-alojamiento","erlebnisart-hotel-en-una-casa-en-un-arbol"],"yasr_visitor_votes":{"stars_attributes":{"read_only":false,"span_bottom":false},"number_of_votes":0,"sum_votes":0},"taxonomy_info":{"region":[{"value":131,"label":"Alemania"},{"value":143,"label":"Bayern"}],"erlebnisart":[{"value":191,"label":"Alojamiento"},{"value":194,"label":"Hotel en una casa en un \u00e1rbol"}]},"featured_image_src_large":["https:\/\/walderlebnispfade.de\/wp-content\/uploads\/2025\/07\/Baumhaushotel_Hofgut-1024x576.jpg",1024,576,true],"author_info":{"display_name":"Moni","author_link":"https:\/\/walderlebnispfade.de\/es\/author\/moni\/"},"comment_info":0,"_links":{"self":[{"href":"https:\/\/walderlebnispfade.de\/es\/wp-json\/wp\/v2\/erlebnisse\/7122","targetHints":{"allow":["GET"]}}],"collection":[{"href":"https:\/\/walderlebnispfade.de\/es\/wp-json\/wp\/v2\/erlebnisse"}],"about":[{"href":"https:\/\/walderlebnispfade.de\/es\/wp-json\/wp\/v2\/types\/erlebnisse"}],"author":[{"embeddable":true,"href":"https:\/\/walderlebnispfade.de\/es\/wp-json\/wp\/v2\/users\/2"}],"replies":[{"embeddable":true,"href":"https:\/\/walderlebnispfade.de\/es\/wp-json\/wp\/v2\/comments?post=7122"}],"wp:featuredmedia":[{"embeddable":true,"href":"https:\/\/walderlebnispfade.de\/es\/wp-json\/wp\/v2\/media\/7089"}],"wp:attachment":[{"href":"https:\/\/walderlebnispfade.de\/es\/wp-json\/wp\/v2\/media?parent=7122"}],"wp:term":[{"taxonomy":"region","embeddable":true,"href":"https:\/\/walderlebnispfade.de\/es\/wp-json\/wp\/v2\/region?post=7122"},{"taxonomy":"erlebnisart","embeddable":true,"href":"https:\/\/walderlebnispfade.de\/es\/wp-json\/wp\/v2\/erlebnisart?post=7122"}],"curies":[{"name":"wp","href":"https:\/\/api.w.org\/{rel}","templated":true}]}}