{"id":7219,"date":"2025-10-23T21:12:04","date_gmt":"2025-10-23T19:12:04","guid":{"rendered":"https:\/\/walderlebnispfade.de\/erlebnisse\/hotel-casa-del-arbol-samerberg\/"},"modified":"2026-04-22T11:26:42","modified_gmt":"2026-04-22T09:26:42","slug":"hotel-casa-del-arbol-samerberg","status":"publish","type":"erlebnisse","link":"https:\/\/walderlebnispfade.de\/es\/erlebnisse\/hotel-casa-del-arbol-samerberg\/","title":{"rendered":"Hotel casa del \u00e1rbol Samerberg"},"content":{"rendered":"<style>.wp-block-kadence-advancedheading.kt-adv-heading7208_dc2f37-56, .wp-block-kadence-advancedheading.kt-adv-heading7208_dc2f37-56[data-kb-block=\"kb-adv-heading7208_dc2f37-56\"]{font-style:normal;}.wp-block-kadence-advancedheading.kt-adv-heading7208_dc2f37-56 mark.kt-highlight, .wp-block-kadence-advancedheading.kt-adv-heading7208_dc2f37-56[data-kb-block=\"kb-adv-heading7208_dc2f37-56\"] mark.kt-highlight{font-style:normal;color:#f76a0c;-webkit-box-decoration-break:clone;box-decoration-break:clone;padding-top:0px;padding-right:0px;padding-bottom:0px;padding-left:0px;}.wp-block-kadence-advancedheading.kt-adv-heading7208_dc2f37-56 img.kb-inline-image, .wp-block-kadence-advancedheading.kt-adv-heading7208_dc2f37-56[data-kb-block=\"kb-adv-heading7208_dc2f37-56\"] img.kb-inline-image{width:150px;vertical-align:baseline;}<\/style>\n<h2 class=\"kt-adv-heading7208_dc2f37-56 wp-block-kadence-advancedheading\" data-kb-block=\"kb-adv-heading7208_dc2f37-56\">Casa en el \u00e1rbol en la naturaleza b\u00e1vara<\/h2>\n\n<p>El Baumhaushotel Samerberg te ofrece un exclusivo apartamento de vacaciones en plena campi\u00f1a b\u00e1vara que har\u00e1 de tu estancia una experiencia inolvidable. La familia Riedl regenta una granja <a href=\"https:\/\/www.demeter.de\/\" target=\"_blank\" data-type=\"link\" data-id=\"https:\/\/www.demeter.de\/\" rel=\"noreferrer noopener\">lechera Demeter<\/a> en su tradicional granja Talerhof y desde 2016 recibe a sus hu\u00e9spedes en esta extraordinaria casa en un \u00e1rbol a pocos kil\u00f3metros del lago Chiemsee. <\/p>\n<style>.kb-table-of-content-nav.kb-table-of-content-id7208_76f8ea-c3 .kb-table-of-content-wrap{padding-top:var(--global-kb-spacing-sm, 1.5rem);padding-right:var(--global-kb-spacing-sm, 1.5rem);padding-bottom:var(--global-kb-spacing-sm, 1.5rem);padding-left:var(--global-kb-spacing-sm, 1.5rem);background-color:var(--global-palette8, #F7FAFC);box-shadow:inset 0px 0px 14px 0px rgba(0, 0, 0, 0.2);}.kb-table-of-content-nav.kb-table-of-content-id7208_76f8ea-c3 .kb-table-of-contents-title-wrap{padding-top:0px;padding-right:0px;padding-bottom:0px;padding-left:0px;}.kb-table-of-content-nav.kb-table-of-content-id7208_76f8ea-c3 .kb-table-of-contents-title{font-weight:regular;font-style:normal;}.kb-table-of-content-nav.kb-table-of-content-id7208_76f8ea-c3 .kb-table-of-content-wrap .kb-table-of-content-list{font-weight:regular;font-style:normal;margin-top:var(--global-kb-spacing-sm, 1.5rem);margin-right:0px;margin-bottom:0px;margin-left:0px;}.kb-table-of-content-nav.kb-table-of-content-id7208_76f8ea-c3 .kb-toggle-icon-style-basiccircle .kb-table-of-contents-icon-trigger:after, .kb-table-of-content-nav.kb-table-of-content-id7208_76f8ea-c3 .kb-toggle-icon-style-basiccircle .kb-table-of-contents-icon-trigger:before, .kb-table-of-content-nav.kb-table-of-content-id7208_76f8ea-c3 .kb-toggle-icon-style-arrowcircle .kb-table-of-contents-icon-trigger:after, .kb-table-of-content-nav.kb-table-of-content-id7208_76f8ea-c3 .kb-toggle-icon-style-arrowcircle .kb-table-of-contents-icon-trigger:before, .kb-table-of-content-nav.kb-table-of-content-id7208_76f8ea-c3 .kb-toggle-icon-style-xclosecircle .kb-table-of-contents-icon-trigger:after, .kb-table-of-content-nav.kb-table-of-content-id7208_76f8ea-c3 .kb-toggle-icon-style-xclosecircle .kb-table-of-contents-icon-trigger:before{background-color:var(--global-palette8, #F7FAFC);}<\/style>\n<h2 class=\"wp-block-heading\">Equipamiento y confort de la casa del \u00e1rbol<\/h2>\n<style>.kb-row-layout-id7208_e25546-23 > .kt-row-column-wrap{align-content:start;}:where(.kb-row-layout-id7208_e25546-23 > .kt-row-column-wrap) > .wp-block-kadence-column{justify-content:start;}.kb-row-layout-id7208_e25546-23 > .kt-row-column-wrap{column-gap:var(--global-kb-gap-md, 2rem);row-gap:var(--global-kb-gap-md, 2rem);padding-top:var(--global-kb-spacing-sm, 1.5rem);padding-bottom:var(--global-kb-spacing-sm, 1.5rem);grid-template-columns:repeat(2, minmax(0, 1fr));}.kb-row-layout-id7208_e25546-23 > .kt-row-layout-overlay{opacity:0.30;}@media all and (max-width: 1024px){.kb-row-layout-id7208_e25546-23 > .kt-row-column-wrap{grid-template-columns:repeat(2, minmax(0, 1fr));}}@media all and (max-width: 767px){.kb-row-layout-id7208_e25546-23 > .kt-row-column-wrap{grid-template-columns:minmax(0, 1fr);}}<\/style><div class=\"kb-row-layout-wrap kb-row-layout-id7208_e25546-23 alignnone wp-block-kadence-rowlayout\"><div class=\"kt-row-column-wrap kt-has-2-columns kt-row-layout-equal kt-tab-layout-inherit kt-mobile-layout-row kt-row-valign-top\">\n<style>.kadence-column7208_6d1ada-76 > .kt-inside-inner-col,.kadence-column7208_6d1ada-76 > .kt-inside-inner-col:before{border-top-left-radius:0px;border-top-right-radius:0px;border-bottom-right-radius:0px;border-bottom-left-radius:0px;}.kadence-column7208_6d1ada-76 > .kt-inside-inner-col{column-gap:var(--global-kb-gap-sm, 1rem);}.kadence-column7208_6d1ada-76 > .kt-inside-inner-col{flex-direction:column;}.kadence-column7208_6d1ada-76 > .kt-inside-inner-col > .aligncenter{width:100%;}.kadence-column7208_6d1ada-76 > .kt-inside-inner-col:before{opacity:0.3;}.kadence-column7208_6d1ada-76{position:relative;}@media all and (max-width: 1024px){.kadence-column7208_6d1ada-76 > .kt-inside-inner-col{flex-direction:column;justify-content:center;}}@media all and (max-width: 767px){.kadence-column7208_6d1ada-76 > .kt-inside-inner-col{flex-direction:column;justify-content:center;}}<\/style>\n<div class=\"wp-block-kadence-column kadence-column7208_6d1ada-76\"><div class=\"kt-inside-inner-col\">\n<p>El acogedor piso de vacaciones tiene 48 m\u00b2 y ofrece espacio para hasta 6 personas. El mobiliario no deja nada que desear: Una cocina totalmente equipada, ducha\/WC, muebles de madera maciza de alta calidad y calefacci\u00f3n por suelo radiante garantizan tu comodidad. <\/p>\n\n\n\n<p>Como detalle especial, puedes sacar la cama de matrimonio al balc\u00f3n y pasar la noche bajo las estrellas. En la gran galer\u00eda, dos camas dobles adicionales te esperan directamente bajo las claraboyas, a trav\u00e9s de las cuales podr\u00e1s contemplar las estrellas por la noche. <\/p>\n\n\n\n<p>Todos los d\u00edas tambi\u00e9n pod\u00e9is disfrutar de un desayuno campesino fresco con productos regionales de la mejor calidad, que os traen directamente a la puerta y suben a la terraza con una polea.<\/p>\n<\/div><\/div>\n\n\n<style>.kadence-column7208_19ea7c-cb > .kt-inside-inner-col,.kadence-column7208_19ea7c-cb > .kt-inside-inner-col:before{border-top-left-radius:0px;border-top-right-radius:0px;border-bottom-right-radius:0px;border-bottom-left-radius:0px;}.kadence-column7208_19ea7c-cb > .kt-inside-inner-col{column-gap:var(--global-kb-gap-sm, 1rem);}.kadence-column7208_19ea7c-cb > .kt-inside-inner-col{flex-direction:column;}.kadence-column7208_19ea7c-cb > .kt-inside-inner-col > .aligncenter{width:100%;}.kadence-column7208_19ea7c-cb > .kt-inside-inner-col:before{opacity:0.3;}.kadence-column7208_19ea7c-cb{position:relative;}@media all and (max-width: 1024px){.kadence-column7208_19ea7c-cb > .kt-inside-inner-col{flex-direction:column;justify-content:center;}}@media all and (max-width: 767px){.kadence-column7208_19ea7c-cb > .kt-inside-inner-col{flex-direction:column;justify-content:center;}}<\/style>\n<div class=\"wp-block-kadence-column kadence-column7208_19ea7c-cb\"><div class=\"kt-inside-inner-col\"><style>.wp-block-kadence-advancedheading.kt-adv-heading7208_d62711-f9, .wp-block-kadence-advancedheading.kt-adv-heading7208_d62711-f9[data-kb-block=\"kb-adv-heading7208_d62711-f9\"]{text-align:center;font-style:normal;}.wp-block-kadence-advancedheading.kt-adv-heading7208_d62711-f9 mark.kt-highlight, .wp-block-kadence-advancedheading.kt-adv-heading7208_d62711-f9[data-kb-block=\"kb-adv-heading7208_d62711-f9\"] mark.kt-highlight{font-style:normal;color:#f76a0c;-webkit-box-decoration-break:clone;box-decoration-break:clone;padding-top:0px;padding-right:0px;padding-bottom:0px;padding-left:0px;}.wp-block-kadence-advancedheading.kt-adv-heading7208_d62711-f9 img.kb-inline-image, .wp-block-kadence-advancedheading.kt-adv-heading7208_d62711-f9[data-kb-block=\"kb-adv-heading7208_d62711-f9\"] img.kb-inline-image{width:150px;vertical-align:baseline;}<\/style>\n<h3 class=\"kt-adv-heading7208_d62711-f9 wp-block-kadence-advancedheading\" data-kb-block=\"kb-adv-heading7208_d62711-f9\">Resumen del equipamiento:<\/h3>\n\n\n<style>.kb-table-container7208_5ecefe-c1{overflow-x:auto;}.kb-table-container .kb-table7208_5ecefe-c1 th{padding-top:var(--global-kb-spacing-xxs, 0.5rem);padding-right:var(--global-kb-spacing-xxs, 0.5rem);padding-bottom:var(--global-kb-spacing-xxs, 0.5rem);padding-left:var(--global-kb-spacing-xxs, 0.5rem);text-align:center;}.kb-table-container .kb-table7208_5ecefe-c1 caption{text-align:center;}.kb-table-container .kb-table7208_5ecefe-c1 td{padding-top:var(--global-kb-spacing-xxs, 0.5rem);padding-right:var(--global-kb-spacing-xxs, 0.5rem);padding-bottom:var(--global-kb-spacing-xxs, 0.5rem);padding-left:var(--global-kb-spacing-xxs, 0.5rem);text-align:left;}<\/style><div class=\"kb-table-container kb-table-container7208_5ecefe-c1 wp-block-kadence-table\"><table class=\"kb-table kb-table7208_5ecefe-c1\">\n<tr class=\"kb-table-row kb-table-row7208_b05328-60\">\n<td class=\"kb-table-data kb-table-data7208_e582f3-0d\">\n<style>.kb-image7208_90afe8-44 .kb-image-has-overlay:after{opacity:0.3;}<\/style>\n<div class=\"wp-block-kadence-image kb-image7208_90afe8-44\"><figure class=\"aligncenter size-full\"><img loading=\"lazy\" decoding=\"async\" width=\"100\" height=\"100\" src=\"https:\/\/walderlebnispfade.de\/wp-content\/uploads\/2026\/04\/WC.png\" alt=\"WC-Symbol\" class=\"kb-img wp-image-7716\"\/><\/figure><\/div>\n\n<\/td>\n\n<td class=\"kb-table-data kb-table-data7208_477285-48\">\n<style>.kb-image7208_cc2b2a-3a .kb-image-has-overlay:after{opacity:0.3;}<\/style>\n<div class=\"wp-block-kadence-image kb-image7208_cc2b2a-3a\"><figure class=\"aligncenter size-full\"><img loading=\"lazy\" decoding=\"async\" width=\"100\" height=\"100\" src=\"https:\/\/walderlebnispfade.de\/wp-content\/uploads\/2026\/04\/Dusche.png\" alt=\"Dusch-Symbol\" class=\"kb-img wp-image-7711\"\/><\/figure><\/div>\n\n<\/td>\n<\/tr>\n\n<tr class=\"kb-table-row kb-table-row7208_d88db0-04\">\n<td class=\"kb-table-data kb-table-data7208_5e54a9-09\">\n<style>.kb-image7208_aa6c60-4f.kb-image-is-ratio-size, .kb-image7208_aa6c60-4f .kb-image-is-ratio-size{max-width:100px;width:100%;}.wp-block-kadence-column > .kt-inside-inner-col > .kb-image7208_aa6c60-4f.kb-image-is-ratio-size, .wp-block-kadence-column > .kt-inside-inner-col > .kb-image7208_aa6c60-4f .kb-image-is-ratio-size{align-self:unset;}.kb-image7208_aa6c60-4f figure{max-width:100px;}.kb-image7208_aa6c60-4f .image-is-svg, .kb-image7208_aa6c60-4f .image-is-svg img{width:100%;}.kb-image7208_aa6c60-4f .kb-image-has-overlay:after{opacity:0.3;}<\/style>\n<div class=\"wp-block-kadence-image kb-image7208_aa6c60-4f\"><figure class=\"aligncenter size-full\"><img loading=\"lazy\" decoding=\"async\" width=\"100\" height=\"100\" src=\"https:\/\/walderlebnispfade.de\/wp-content\/uploads\/2026\/04\/Strom.png\" alt=\"Strom-Symbol\" class=\"kb-img wp-image-7715\"\/><\/figure><\/div>\n\n<\/td>\n\n<td class=\"kb-table-data kb-table-data7208_83670d-f9\">\n<style>.kb-image7208_ae0eda-d3 .kb-image-has-overlay:after{opacity:0.3;}<\/style>\n<div class=\"wp-block-kadence-image kb-image7208_ae0eda-d3\"><figure class=\"aligncenter size-full\"><img loading=\"lazy\" decoding=\"async\" width=\"100\" height=\"100\" src=\"https:\/\/walderlebnispfade.de\/wp-content\/uploads\/2026\/04\/Heizung.png\" alt=\"Heizungs-Symbol\" class=\"kb-img wp-image-7712\"\/><\/figure><\/div>\n\n<\/td>\n<\/tr>\n\n<tr class=\"kb-table-row kb-table-row7208_b57405-f8\">\n<td class=\"kb-table-data kb-table-data7208_fb3206-0a\">\n<style>.kb-image7208_2fb9d8-e1 .kb-image-has-overlay:after{opacity:0.3;}<\/style>\n<div class=\"wp-block-kadence-image kb-image7208_2fb9d8-e1\"><figure class=\"aligncenter size-full\"><img loading=\"lazy\" decoding=\"async\" width=\"100\" height=\"100\" src=\"https:\/\/walderlebnispfade.de\/wp-content\/uploads\/2026\/04\/Kueche.png\" alt=\"K\u00fcchen-Symbol\" class=\"kb-img wp-image-7714\"\/><\/figure><\/div>\n\n<\/td>\n\n<td class=\"kb-table-data kb-table-data7208_7498af-bc\">\n\n<p><\/p>\n\n<\/td>\n<\/tr>\n<\/table><\/div><\/div><\/div>\n\n<\/div><\/div>\n<h2 class=\"wp-block-heading\">Desintoxicaci\u00f3n digital en la naturaleza<\/h2>\n\n<p>El lema es \u00abVolver a la naturaleza\u00bb: la casa del \u00e1rbol prescinde deliberadamente de televisi\u00f3n, radio e Internet. Para que puedas desconectar de verdad y disfrutar de la paz y la tranquilidad. La elegante casa sobre pilotes est\u00e1 a unos 200 metros de la granja, aislada y rodeada de naturaleza virgen. La maravillosa vista del paisaje monta\u00f1oso de Samerberg es gratuita.   <\/p>\n\n<h3 class=\"wp-block-heading\">Actividades alrededor de la casa del \u00e1rbol<\/h3>\n\n<p>El Samerberg es un para\u00edso para excursionistas y ciclistas de monta\u00f1a: numerosas rutas comienzan justo en la puerta. Puedes llegar a la monta\u00f1a local, las Hochries, a pie o c\u00f3modamente en telesilla desde Grainbach. Para los aficionados a la acci\u00f3n est\u00e1 el Bikepark Samerberg, y en los d\u00edas calurosos la piscina natural Samerberger Filze es el lugar perfecto para refrescarse.  <\/p>\n\n<p>Si buscas relajarte, la familia de acogida te ofrece incluso ba\u00f1os en el bosque con su hija Barbara Riedl. Puedes deleitarte con las delicias b\u00e1varas en las acogedoras posadas de Samerberg. <\/p>\n\n<h2 class=\"wp-block-heading\">Informaci\u00f3n sobre el Baumhaushotel Samerberg<\/h2>\n\n<figure class=\"wp-block-table\"><table class=\"has-fixed-layout\"><tbody><tr><td>N\u00famero de casas en los \u00e1rboles:<\/td><td>1 casa en el \u00e1rbol \/ 48m\u00b2<\/td><\/tr><tr><td>Altura de vida:<\/td><td>aprox. 7 m<\/td><\/tr><tr><td>Capacidad:<\/td><td>Hasta 6 personas<\/td><\/tr><tr><td>Se puede reservar:<\/td><td>Todo el a\u00f1o<\/td><\/tr><tr><td>Calefacci\u00f3n:<\/td><td>S\u00ed, calefacci\u00f3n por suelo radiante.<\/td><\/tr><tr><td>Actual:<\/td><td>S\u00ed.<\/td><\/tr><tr><td>Cocina:<\/td><td>Cocina americana con lavavajillas y cafetera.<\/td><\/tr><tr><td>Instalaciones sanitarias:<\/td><td>Cuarto de ba\u00f1o con ducha y WC<\/td><\/tr><tr><td>Sin barreras:<\/td><td>No, ya que el acceso s\u00f3lo es posible por escaleras.<\/td><\/tr><tr><td>Se admiten perros:<\/td><td>No se admiten mascotas en las casas del \u00e1rbol.<\/td><\/tr><\/tbody><\/table><figcaption class=\"wp-element-caption\">Detalles del Baumhaushotel Samerberg<\/figcaption><\/figure>\n\n<hr class=\"wp-block-separator has-alpha-channel-opacity\" style=\"margin-top:var(--wp--preset--spacing--50);margin-bottom:var(--wp--preset--spacing--50)\"\/>\n<style>.kadence-column7208_0c6495-d1 > .kt-inside-inner-col{display:flex;}.kadence-column7208_0c6495-d1 > .kt-inside-inner-col{padding-top:var(--global-kb-spacing-xs, 1rem);padding-right:var(--global-kb-spacing-xs, 1rem);padding-bottom:var(--global-kb-spacing-xs, 1rem);padding-left:var(--global-kb-spacing-xs, 1rem);}.kadence-column7208_0c6495-d1 > .kt-inside-inner-col{box-shadow:0px 0px 14px 0px rgba(0, 0, 0, 0.2);}.kadence-column7208_0c6495-d1 > .kt-inside-inner-col,.kadence-column7208_0c6495-d1 > .kt-inside-inner-col:before{border-top-left-radius:0px;border-top-right-radius:0px;border-bottom-right-radius:0px;border-bottom-left-radius:0px;}.kadence-column7208_0c6495-d1 > .kt-inside-inner-col{column-gap:var(--global-kb-gap-sm, 1rem);}.kadence-column7208_0c6495-d1 > .kt-inside-inner-col{flex-direction:column;align-items:center;}.kadence-column7208_0c6495-d1 > .kt-inside-inner-col > .kb-image-is-ratio-size{align-self:stretch;}.kadence-column7208_0c6495-d1 > .kt-inside-inner-col > .wp-block-kadence-advancedgallery{align-self:stretch;}.kadence-column7208_0c6495-d1 > .kt-inside-inner-col > .aligncenter{width:100%;}.kadence-column7208_0c6495-d1 > .kt-inside-inner-col{background-color:var(--global-palette8, #F7FAFC);}.kadence-column7208_0c6495-d1 > .kt-inside-inner-col:before{opacity:0.3;}.kadence-column7208_0c6495-d1{position:relative;}@media all and (max-width: 1024px){.kadence-column7208_0c6495-d1 > .kt-inside-inner-col{flex-direction:column;justify-content:center;align-items:center;}}@media all and (max-width: 767px){.kadence-column7208_0c6495-d1 > .kt-inside-inner-col{flex-direction:column;justify-content:center;align-items:center;}}<\/style>\n<div class=\"wp-block-kadence-column kadence-column7208_0c6495-d1\"><div class=\"kt-inside-inner-col\">\n<p class=\"has-text-align-center\">\u00bfQu\u00e9 te parece el Baumhaushotel Samerberg? Por favor, d\u00e9janos una opini\u00f3n.   <br\/>Nos ayudas a nosotros y a otros amantes de la naturaleza. Muchas gracias \ud83d\ude42 \u00a1! <\/p>\n\n\n\n<div class=\"wp-block-yet-another-stars-rating-visitor-votes aligncenter yasr-vv-block\"><\/div>\n\n\n\n<p>Puedes encontrar m\u00e1s aventuras emocionantes en nuestra <a href=\"https:\/\/walderlebnispfade.de\/es\/experiencias-forestales\/\" data-type=\"page\" data-id=\"228\">b\u00fasqueda de experiencias en el bosque<\/a> y en nuestro <a href=\"https:\/\/walderlebnispfade.de\/es\/vision-general-del-hotel-tree-house\/\" data-type=\"post\" data-id=\"5771\">resumen de hoteles con casas en los \u00e1rboles<\/a>.<\/p>\n<\/div><\/div>\n","protected":false},"author":2,"featured_media":7218,"comment_status":"open","ping_status":"closed","template":"","meta":{"_kad_blocks_custom_css":"","_kad_blocks_head_custom_js":"","_kad_blocks_body_custom_js":"","_kad_blocks_footer_custom_js":"","_kad_post_transparent":"","_kad_post_title":"","_kad_post_layout":"","_kad_post_sidebar_id":"","_kad_post_content_style":"","_kad_post_vertical_padding":"","_kad_post_feature":"","_kad_post_feature_position":"","_kad_post_header":false,"_kad_post_footer":false,"_kad_post_classname":"","yasr_overall_rating":0,"yasr_post_is_review":"","yasr_auto_insert_disabled":"","yasr_review_type":""},"region":[131,143],"erlebnisart":[191,194],"class_list":["post-7219","erlebnisse","type-erlebnisse","status-publish","has-post-thumbnail","hentry","region-deutschland-es","region-by-es","erlebnisart-alojamiento","erlebnisart-hotel-en-una-casa-en-un-arbol"],"yasr_visitor_votes":{"stars_attributes":{"read_only":false,"span_bottom":false},"number_of_votes":0,"sum_votes":0},"taxonomy_info":{"region":[{"value":131,"label":"Alemania"},{"value":143,"label":"Bayern"}],"erlebnisart":[{"value":191,"label":"Alojamiento"},{"value":194,"label":"Hotel en una casa en un \u00e1rbol"}]},"featured_image_src_large":["https:\/\/walderlebnispfade.de\/wp-content\/uploads\/2025\/10\/Baumhaushotel_Samerberg-1024x576.jpg",1024,576,true],"author_info":{"display_name":"Moni","author_link":"https:\/\/walderlebnispfade.de\/es\/author\/moni\/"},"comment_info":0,"_links":{"self":[{"href":"https:\/\/walderlebnispfade.de\/es\/wp-json\/wp\/v2\/erlebnisse\/7219","targetHints":{"allow":["GET"]}}],"collection":[{"href":"https:\/\/walderlebnispfade.de\/es\/wp-json\/wp\/v2\/erlebnisse"}],"about":[{"href":"https:\/\/walderlebnispfade.de\/es\/wp-json\/wp\/v2\/types\/erlebnisse"}],"author":[{"embeddable":true,"href":"https:\/\/walderlebnispfade.de\/es\/wp-json\/wp\/v2\/users\/2"}],"replies":[{"embeddable":true,"href":"https:\/\/walderlebnispfade.de\/es\/wp-json\/wp\/v2\/comments?post=7219"}],"wp:featuredmedia":[{"embeddable":true,"href":"https:\/\/walderlebnispfade.de\/es\/wp-json\/wp\/v2\/media\/7218"}],"wp:attachment":[{"href":"https:\/\/walderlebnispfade.de\/es\/wp-json\/wp\/v2\/media?parent=7219"}],"wp:term":[{"taxonomy":"region","embeddable":true,"href":"https:\/\/walderlebnispfade.de\/es\/wp-json\/wp\/v2\/region?post=7219"},{"taxonomy":"erlebnisart","embeddable":true,"href":"https:\/\/walderlebnispfade.de\/es\/wp-json\/wp\/v2\/erlebnisart?post=7219"}],"curies":[{"name":"wp","href":"https:\/\/api.w.org\/{rel}","templated":true}]}}