{"id":7262,"date":"2025-10-26T18:47:32","date_gmt":"2025-10-26T17:47:32","guid":{"rendered":"https:\/\/walderlebnispfade.de\/erlebnisse\/hotel-casa-del-arbol-seemuehle\/"},"modified":"2026-04-22T11:10:58","modified_gmt":"2026-04-22T09:10:58","slug":"hotel-casa-del-arbol-seemuehle","status":"publish","type":"erlebnisse","link":"https:\/\/walderlebnispfade.de\/es\/erlebnisse\/hotel-casa-del-arbol-seemuehle\/","title":{"rendered":"Hotel casa del \u00e1rbol Seem\u00fchle"},"content":{"rendered":"<style>.wp-block-kadence-advancedheading.kt-adv-heading7250_b77a07-41, .wp-block-kadence-advancedheading.kt-adv-heading7250_b77a07-41[data-kb-block=\"kb-adv-heading7250_b77a07-41\"]{font-style:normal;}.wp-block-kadence-advancedheading.kt-adv-heading7250_b77a07-41 mark.kt-highlight, .wp-block-kadence-advancedheading.kt-adv-heading7250_b77a07-41[data-kb-block=\"kb-adv-heading7250_b77a07-41\"] mark.kt-highlight{font-style:normal;color:#f76a0c;-webkit-box-decoration-break:clone;box-decoration-break:clone;padding-top:0px;padding-right:0px;padding-bottom:0px;padding-left:0px;}.wp-block-kadence-advancedheading.kt-adv-heading7250_b77a07-41 img.kb-inline-image, .wp-block-kadence-advancedheading.kt-adv-heading7250_b77a07-41[data-kb-block=\"kb-adv-heading7250_b77a07-41\"] img.kb-inline-image{width:150px;vertical-align:baseline;}<\/style>\n<h2 class=\"kt-adv-heading7250_b77a07-41 wp-block-kadence-advancedheading\" data-kb-block=\"kb-adv-heading7250_b77a07-41\">Casa del \u00e1rbol en Spessart para adultos<\/h2>\n\n<p>El hotel de casas en los \u00e1rboles de Seem\u00fchle te ofrece un lugar especial para descansar y relajarte durante todo el a\u00f1o. Las casas del \u00e1rbol est\u00e1n agrupadas alrededor de un molino de 400 a\u00f1os de antig\u00fcedad entre robles y hayas. En las diez confortables casas en los \u00e1rboles de madera natural con nombres como Lodge, Cottage, Chalet o Stadl, de dos a cuatro adultos pueden vivir juntos noches extraordinarias. Los que prefieran quedarse en tierra firme tambi\u00e9n pueden pasar la noche en una carreta de pastor junto al agua.   <\/p>\n<style>.kb-table-of-content-nav.kb-table-of-content-id7250_e66c05-02 .kb-table-of-content-wrap{padding-top:var(--global-kb-spacing-sm, 1.5rem);padding-right:var(--global-kb-spacing-sm, 1.5rem);padding-bottom:var(--global-kb-spacing-sm, 1.5rem);padding-left:var(--global-kb-spacing-sm, 1.5rem);background-color:var(--global-palette8, #F7FAFC);box-shadow:inset 0px 0px 14px 0px rgba(0, 0, 0, 0.2);}.kb-table-of-content-nav.kb-table-of-content-id7250_e66c05-02 .kb-table-of-contents-title-wrap{padding-top:0px;padding-right:0px;padding-bottom:0px;padding-left:0px;}.kb-table-of-content-nav.kb-table-of-content-id7250_e66c05-02 .kb-table-of-contents-title{font-weight:regular;font-style:normal;}.kb-table-of-content-nav.kb-table-of-content-id7250_e66c05-02 .kb-table-of-content-wrap .kb-table-of-content-list{font-weight:regular;font-style:normal;margin-top:var(--global-kb-spacing-sm, 1.5rem);margin-right:0px;margin-bottom:0px;margin-left:0px;}.kb-table-of-content-nav.kb-table-of-content-id7250_e66c05-02 .kb-toggle-icon-style-basiccircle .kb-table-of-contents-icon-trigger:after, .kb-table-of-content-nav.kb-table-of-content-id7250_e66c05-02 .kb-toggle-icon-style-basiccircle .kb-table-of-contents-icon-trigger:before, .kb-table-of-content-nav.kb-table-of-content-id7250_e66c05-02 .kb-toggle-icon-style-arrowcircle .kb-table-of-contents-icon-trigger:after, .kb-table-of-content-nav.kb-table-of-content-id7250_e66c05-02 .kb-toggle-icon-style-arrowcircle .kb-table-of-contents-icon-trigger:before, .kb-table-of-content-nav.kb-table-of-content-id7250_e66c05-02 .kb-toggle-icon-style-xclosecircle .kb-table-of-contents-icon-trigger:after, .kb-table-of-content-nav.kb-table-of-content-id7250_e66c05-02 .kb-toggle-icon-style-xclosecircle .kb-table-of-contents-icon-trigger:before{background-color:var(--global-palette8, #F7FAFC);}<\/style><style>.kb-row-layout-id7250_fa2486-90 > .kt-row-column-wrap{align-content:start;}:where(.kb-row-layout-id7250_fa2486-90 > .kt-row-column-wrap) > .wp-block-kadence-column{justify-content:start;}.kb-row-layout-id7250_fa2486-90 > .kt-row-column-wrap{column-gap:var(--global-kb-gap-md, 2rem);row-gap:var(--global-kb-gap-md, 2rem);padding-top:var(--global-kb-spacing-sm, 1.5rem);padding-bottom:var(--global-kb-spacing-sm, 1.5rem);grid-template-columns:repeat(2, minmax(0, 1fr));}.kb-row-layout-id7250_fa2486-90 > .kt-row-layout-overlay{opacity:0.30;}@media all and (max-width: 1024px){.kb-row-layout-id7250_fa2486-90 > .kt-row-column-wrap{grid-template-columns:repeat(2, minmax(0, 1fr));}}@media all and (max-width: 767px){.kb-row-layout-id7250_fa2486-90 > .kt-row-column-wrap{grid-template-columns:minmax(0, 1fr);}}<\/style><div class=\"kb-row-layout-wrap kb-row-layout-id7250_fa2486-90 alignnone wp-block-kadence-rowlayout\"><div class=\"kt-row-column-wrap kt-has-2-columns kt-row-layout-equal kt-tab-layout-inherit kt-mobile-layout-row kt-row-valign-top\">\n<style>.kadence-column7250_88c040-a7 > .kt-inside-inner-col,.kadence-column7250_88c040-a7 > .kt-inside-inner-col:before{border-top-left-radius:0px;border-top-right-radius:0px;border-bottom-right-radius:0px;border-bottom-left-radius:0px;}.kadence-column7250_88c040-a7 > .kt-inside-inner-col{column-gap:var(--global-kb-gap-sm, 1rem);}.kadence-column7250_88c040-a7 > .kt-inside-inner-col{flex-direction:column;}.kadence-column7250_88c040-a7 > .kt-inside-inner-col > .aligncenter{width:100%;}.kadence-column7250_88c040-a7 > .kt-inside-inner-col:before{opacity:0.3;}.kadence-column7250_88c040-a7{position:relative;}@media all and (max-width: 1024px){.kadence-column7250_88c040-a7 > .kt-inside-inner-col{flex-direction:column;justify-content:center;}}@media all and (max-width: 767px){.kadence-column7250_88c040-a7 > .kt-inside-inner-col{flex-direction:column;justify-content:center;}}<\/style>\n<div class=\"wp-block-kadence-column kadence-column7250_88c040-a7\"><div class=\"kt-inside-inner-col\">\n<p>Todas las casas en los \u00e1rboles est\u00e1n amuebladas individualmente con un alto nivel de calidad y disponen de cuarto de ducha con WC, calefacci\u00f3n y WiFi. Algunos alojamientos ofrecen vistas despejadas de las copas de los \u00e1rboles y del cielo estrellado desde la cama. En la construcci\u00f3n s\u00f3lo se utilizaron materiales respetuosos con el medio ambiente. Cuando entres en la caba\u00f1a, notar\u00e1s inmediatamente el aroma de la madera de alerce y pino cembro.   <\/p>\n<\/div><\/div>\n\n\n<style>.kadence-column7250_8c6846-11 > .kt-inside-inner-col,.kadence-column7250_8c6846-11 > .kt-inside-inner-col:before{border-top-left-radius:0px;border-top-right-radius:0px;border-bottom-right-radius:0px;border-bottom-left-radius:0px;}.kadence-column7250_8c6846-11 > .kt-inside-inner-col{column-gap:var(--global-kb-gap-sm, 1rem);}.kadence-column7250_8c6846-11 > .kt-inside-inner-col{flex-direction:column;}.kadence-column7250_8c6846-11 > .kt-inside-inner-col > .aligncenter{width:100%;}.kadence-column7250_8c6846-11 > .kt-inside-inner-col:before{opacity:0.3;}.kadence-column7250_8c6846-11{position:relative;}@media all and (max-width: 1024px){.kadence-column7250_8c6846-11 > .kt-inside-inner-col{flex-direction:column;justify-content:center;}}@media all and (max-width: 767px){.kadence-column7250_8c6846-11 > .kt-inside-inner-col{flex-direction:column;justify-content:center;}}<\/style>\n<div class=\"wp-block-kadence-column kadence-column7250_8c6846-11\"><div class=\"kt-inside-inner-col\"><style>.wp-block-kadence-advancedheading.kt-adv-heading7250_9748ef-6f, .wp-block-kadence-advancedheading.kt-adv-heading7250_9748ef-6f[data-kb-block=\"kb-adv-heading7250_9748ef-6f\"]{text-align:center;font-style:normal;}.wp-block-kadence-advancedheading.kt-adv-heading7250_9748ef-6f mark.kt-highlight, .wp-block-kadence-advancedheading.kt-adv-heading7250_9748ef-6f[data-kb-block=\"kb-adv-heading7250_9748ef-6f\"] mark.kt-highlight{font-style:normal;color:#f76a0c;-webkit-box-decoration-break:clone;box-decoration-break:clone;padding-top:0px;padding-right:0px;padding-bottom:0px;padding-left:0px;}.wp-block-kadence-advancedheading.kt-adv-heading7250_9748ef-6f img.kb-inline-image, .wp-block-kadence-advancedheading.kt-adv-heading7250_9748ef-6f[data-kb-block=\"kb-adv-heading7250_9748ef-6f\"] img.kb-inline-image{width:150px;vertical-align:baseline;}<\/style>\n<h3 class=\"kt-adv-heading7250_9748ef-6f wp-block-kadence-advancedheading\" data-kb-block=\"kb-adv-heading7250_9748ef-6f\">Resumen del equipamiento:<\/h3>\n\n\n<style>.kb-table-container7250_07d33a-76{overflow-x:auto;}.kb-table-container .kb-table7250_07d33a-76 th{padding-top:var(--global-kb-spacing-xxs, 0.5rem);padding-right:var(--global-kb-spacing-xxs, 0.5rem);padding-bottom:var(--global-kb-spacing-xxs, 0.5rem);padding-left:var(--global-kb-spacing-xxs, 0.5rem);text-align:center;}.kb-table-container .kb-table7250_07d33a-76 caption{text-align:center;}.kb-table-container .kb-table7250_07d33a-76 td{padding-top:var(--global-kb-spacing-xxs, 0.5rem);padding-right:var(--global-kb-spacing-xxs, 0.5rem);padding-bottom:var(--global-kb-spacing-xxs, 0.5rem);padding-left:var(--global-kb-spacing-xxs, 0.5rem);text-align:left;}<\/style><div class=\"kb-table-container kb-table-container7250_07d33a-76 wp-block-kadence-table\"><table class=\"kb-table kb-table7250_07d33a-76\">\n<tr class=\"kb-table-row kb-table-row7250_332bed-5f\">\n<td class=\"kb-table-data kb-table-data7250_a795e4-f4\">\n<style>.kb-image7250_cc879d-22 .kb-image-has-overlay:after{opacity:0.3;}<\/style>\n<div class=\"wp-block-kadence-image kb-image7250_cc879d-22\"><figure class=\"aligncenter size-full\"><img loading=\"lazy\" decoding=\"async\" width=\"100\" height=\"100\" src=\"https:\/\/walderlebnispfade.de\/wp-content\/uploads\/2026\/04\/WC.png\" alt=\"WC-Symbol\" class=\"kb-img wp-image-7716\"\/><\/figure><\/div>\n\n<\/td>\n\n<td class=\"kb-table-data kb-table-data7250_8d652c-20\">\n<style>.kb-image7250_52c97a-c2 .kb-image-has-overlay:after{opacity:0.3;}<\/style>\n<div class=\"wp-block-kadence-image kb-image7250_52c97a-c2\"><figure class=\"aligncenter size-full\"><img loading=\"lazy\" decoding=\"async\" width=\"100\" height=\"100\" src=\"https:\/\/walderlebnispfade.de\/wp-content\/uploads\/2026\/04\/Dusche.png\" alt=\"Dusch-Symbol\" class=\"kb-img wp-image-7711\"\/><\/figure><\/div>\n\n<\/td>\n<\/tr>\n\n<tr class=\"kb-table-row kb-table-row7250_bbc7bf-58\">\n<td class=\"kb-table-data kb-table-data7250_ffa2f5-ac\">\n<style>.kb-image7250_4f6f13-60.kb-image-is-ratio-size, .kb-image7250_4f6f13-60 .kb-image-is-ratio-size{max-width:100px;width:100%;}.wp-block-kadence-column > .kt-inside-inner-col > .kb-image7250_4f6f13-60.kb-image-is-ratio-size, .wp-block-kadence-column > .kt-inside-inner-col > .kb-image7250_4f6f13-60 .kb-image-is-ratio-size{align-self:unset;}.kb-image7250_4f6f13-60 figure{max-width:100px;}.kb-image7250_4f6f13-60 .image-is-svg, .kb-image7250_4f6f13-60 .image-is-svg img{width:100%;}.kb-image7250_4f6f13-60 .kb-image-has-overlay:after{opacity:0.3;}<\/style>\n<div class=\"wp-block-kadence-image kb-image7250_4f6f13-60\"><figure class=\"aligncenter size-full\"><img loading=\"lazy\" decoding=\"async\" width=\"100\" height=\"100\" src=\"https:\/\/walderlebnispfade.de\/wp-content\/uploads\/2026\/04\/Strom.png\" alt=\"Strom-Symbol\" class=\"kb-img wp-image-7715\"\/><\/figure><\/div>\n\n<\/td>\n\n<td class=\"kb-table-data kb-table-data7250_dd5100-ed\">\n<style>.kb-image7250_88f1b6-65 .kb-image-has-overlay:after{opacity:0.3;}<\/style>\n<div class=\"wp-block-kadence-image kb-image7250_88f1b6-65\"><figure class=\"aligncenter size-full\"><img loading=\"lazy\" decoding=\"async\" width=\"100\" height=\"100\" src=\"https:\/\/walderlebnispfade.de\/wp-content\/uploads\/2026\/04\/Heizung.png\" alt=\"Heizungs-Symbol\" class=\"kb-img wp-image-7712\"\/><\/figure><\/div>\n\n<\/td>\n<\/tr>\n\n<tr class=\"kb-table-row kb-table-row7250_4be32d-c8\">\n<td class=\"kb-table-data kb-table-data7250_89da50-b6\">\n<style>.kb-image7250_35ef74-71 .kb-image-has-overlay:after{opacity:0.3;}<\/style>\n<div class=\"wp-block-kadence-image kb-image7250_35ef74-71\"><figure class=\"aligncenter size-full\"><img loading=\"lazy\" decoding=\"async\" width=\"100\" height=\"100\" src=\"https:\/\/walderlebnispfade.de\/wp-content\/uploads\/2026\/04\/WLAN.png\" alt=\"WLAN-Symbol\" class=\"kb-img wp-image-7717\"\/><\/figure><\/div>\n\n<\/td>\n\n<td class=\"kb-table-data kb-table-data7250_85649d-86\">\n\n<p><\/p>\n\n<\/td>\n<\/tr>\n<\/table><\/div><\/div><\/div>\n\n<\/div><\/div>\n<p>En la casa del molino puedes disfrutar de un delicioso desayuno directamente en la casa del \u00e1rbol. Te lo traen todas las ma\u00f1anas. No se ofrecen comidas ni cenas. Puedes pedir un delicioso tentempi\u00e9 en recepci\u00f3n hasta las 11.00 h, que te proporcionar\u00e1n en la nevera del lavadero. Hay restaurantes en los alrededores.    <\/p>\n\n<h2 class=\"wp-block-heading\">Bienestar y relajaci\u00f3n en el Baumhaushotel Seem\u00fchle<\/h2>\n\n<p>El Baumhaushotel Seem\u00fchle est\u00e1 dirigido <strong>exclusivamente a adultos<\/strong> que buscan un descanso del ajetreo de la vida cotidiana. En los terrenos encontrar\u00e1s un lago natural y una sauna en una caba\u00f1a de pastores, que constituyen una experiencia inolvidable. Numerosos animales salvajes como lirones, ciervos, liebres, c\u00e1rabos y p\u00e1jaros carpinteros habitan los terrenos del bosque.  <\/p>\n\n<h3 class=\"wp-block-heading\">Actividades en la regi\u00f3n<\/h3>\n\n<p>Hermosas rutas de senderismo y ciclismo por el Spessart parten directamente del hotel casa del \u00e1rbol, por ejemplo a la cascada de Trettstein, a solo 500 metros, o a los valles circundantes de los r\u00edos francos Saale y Schondra. A menos de 500 metros de la casa del \u00e1rbol, puedes navegar en canoa por el Saale o ir de pesca. Se pueden alquilar <a href=\"http:\/\/einzelpaddler.de\/uploads\/files\/252361684174829796-bootswandern-karte.pdf\" target=\"_blank\" rel=\"noreferrer noopener\">barcos<\/a> no muy lejos, incluido un servicio de transporte.  <\/p>\n\n<h3 class=\"wp-block-heading\">Sostenibilidad y equipamiento<\/h3>\n\n<p>La electricidad se genera con la propia energ\u00eda hidroel\u00e9ctrica de la granja: la rueda hidr\u00e1ulica Waizenbach, que pesa unas dos toneladas, genera hasta 6 kW y puede cubrir las necesidades anuales de 5 a 15 hogares particulares. La mayor parte del suministro de agua industrial procede del propio manantial de la empresa, y el bosque que rodea el emplazamiento es en gran parte natural y est\u00e1 protegido. <\/p>\n<style>.wp-block-kadence-advancedheading.kt-adv-heading7250_35e5bb-b4, .wp-block-kadence-advancedheading.kt-adv-heading7250_35e5bb-b4[data-kb-block=\"kb-adv-heading7250_35e5bb-b4\"]{font-style:normal;}.wp-block-kadence-advancedheading.kt-adv-heading7250_35e5bb-b4 mark.kt-highlight, .wp-block-kadence-advancedheading.kt-adv-heading7250_35e5bb-b4[data-kb-block=\"kb-adv-heading7250_35e5bb-b4\"] mark.kt-highlight{font-style:normal;color:#f76a0c;-webkit-box-decoration-break:clone;box-decoration-break:clone;padding-top:0px;padding-right:0px;padding-bottom:0px;padding-left:0px;}.wp-block-kadence-advancedheading.kt-adv-heading7250_35e5bb-b4 img.kb-inline-image, .wp-block-kadence-advancedheading.kt-adv-heading7250_35e5bb-b4[data-kb-block=\"kb-adv-heading7250_35e5bb-b4\"] img.kb-inline-image{width:150px;vertical-align:baseline;}<\/style>\n<h2 class=\"kt-adv-heading7250_35e5bb-b4 wp-block-kadence-advancedheading\" data-kb-block=\"kb-adv-heading7250_35e5bb-b4\">V\u00eddeo del Berghotel Seem\u00fchle<\/h2>\n\n<figure class=\"wp-block-embed is-type-video is-provider-youtube wp-block-embed-youtube wp-embed-aspect-16-9 wp-has-aspect-ratio\"><div class=\"wp-block-embed__wrapper\">\n<iframe loading=\"lazy\" hcb-fetch-image-from=\"https:\/\/youtu.be\/db8bULrJ6cY?si=wl59nnNV7nEauRcN\" title=\"Baumhaushotel Seem\u00fchle - Impressionen  April 2020\" width=\"720\" height=\"405\" src=\"https:\/\/www.youtube.com\/embed\/db8bULrJ6cY?feature=oembed\" frameborder=\"0\" allow=\"accelerometer; autoplay; clipboard-write; encrypted-media; gyroscope; picture-in-picture; web-share\" referrerpolicy=\"strict-origin-when-cross-origin\" allowfullscreen><\/iframe>\n<\/div><\/figure>\n\n<h2 class=\"wp-block-heading\">Informaci\u00f3n sobre el hotel casa del \u00e1rbol Seem\u00fchle<\/h2>\n\n<figure class=\"wp-block-table\"><table class=\"has-fixed-layout\"><tbody><tr><td>N\u00famero de casas en los \u00e1rboles:<\/td><td>10 casas en los \u00e1rboles \/ 37-46m\u00b2<\/td><\/tr><tr><td>Altura de vida:<\/td><td>aprox. 6,5 m<\/td><\/tr><tr><td>Capacidad:<\/td><td>2-4 personas<\/td><\/tr><tr><td>Se puede reservar:<\/td><td>Todo el a\u00f1o<\/td><\/tr><tr><td>Calefacci\u00f3n:<\/td><td>S\u00ed<\/td><\/tr><tr><td>Actual:<\/td><td>S\u00ed<\/td><\/tr><tr><td>Cocina:<\/td><td>Rinc\u00f3n de caf\u00e9 y t\u00e9<\/td><\/tr><tr><td>Instalaciones sanitarias:<\/td><td>Cuarto de ba\u00f1o con ducha y WC<\/td><\/tr><tr><td>Sin barreras:<\/td><td>No, ya que el acceso s\u00f3lo es posible por escaleras.<\/td><\/tr><tr><td>Se admiten perros:<\/td><td>No.<\/td><\/tr><\/tbody><\/table><figcaption class=\"wp-element-caption\">Detalles sobre la casa del \u00e1rbol del hotel Seem\u00fchle<\/figcaption><\/figure>\n\n<hr class=\"wp-block-separator has-alpha-channel-opacity\" style=\"margin-top:var(--wp--preset--spacing--50);margin-bottom:var(--wp--preset--spacing--50)\"\/>\n<style>.kadence-column7250_63f414-b1 > .kt-inside-inner-col{display:flex;}.kadence-column7250_63f414-b1 > .kt-inside-inner-col{padding-top:var(--global-kb-spacing-xs, 1rem);padding-right:var(--global-kb-spacing-xs, 1rem);padding-bottom:var(--global-kb-spacing-xs, 1rem);padding-left:var(--global-kb-spacing-xs, 1rem);}.kadence-column7250_63f414-b1 > .kt-inside-inner-col{box-shadow:0px 0px 14px 0px rgba(0, 0, 0, 0.2);}.kadence-column7250_63f414-b1 > .kt-inside-inner-col,.kadence-column7250_63f414-b1 > .kt-inside-inner-col:before{border-top-left-radius:0px;border-top-right-radius:0px;border-bottom-right-radius:0px;border-bottom-left-radius:0px;}.kadence-column7250_63f414-b1 > .kt-inside-inner-col{column-gap:var(--global-kb-gap-sm, 1rem);}.kadence-column7250_63f414-b1 > .kt-inside-inner-col{flex-direction:column;align-items:center;}.kadence-column7250_63f414-b1 > .kt-inside-inner-col > .kb-image-is-ratio-size{align-self:stretch;}.kadence-column7250_63f414-b1 > .kt-inside-inner-col > .wp-block-kadence-advancedgallery{align-self:stretch;}.kadence-column7250_63f414-b1 > .kt-inside-inner-col > .aligncenter{width:100%;}.kadence-column7250_63f414-b1 > .kt-inside-inner-col{background-color:var(--global-palette8, #F7FAFC);}.kadence-column7250_63f414-b1 > .kt-inside-inner-col:before{opacity:0.3;}.kadence-column7250_63f414-b1{position:relative;}@media all and (max-width: 1024px){.kadence-column7250_63f414-b1 > .kt-inside-inner-col{flex-direction:column;justify-content:center;align-items:center;}}@media all and (max-width: 767px){.kadence-column7250_63f414-b1 > .kt-inside-inner-col{flex-direction:column;justify-content:center;align-items:center;}}<\/style>\n<div class=\"wp-block-kadence-column kadence-column7250_63f414-b1\"><div class=\"kt-inside-inner-col\">\n<p class=\"has-text-align-center\">\u00bfQu\u00e9 te parece el Baumhaushotel Seem\u00fchle? Por favor, d\u00e9janos una opini\u00f3n.   <br\/>Nos ayudas a nosotros y a otros amantes de la naturaleza. Muchas gracias \ud83d\ude42 \u00a1! <\/p>\n\n\n\n<div class=\"wp-block-yet-another-stars-rating-visitor-votes aligncenter yasr-vv-block\"><\/div>\n\n\n\n<p>Puedes encontrar m\u00e1s aventuras emocionantes en nuestra <a href=\"https:\/\/walderlebnispfade.de\/es\/experiencias-forestales\/\" data-type=\"page\" data-id=\"228\">b\u00fasqueda de experiencias en el bosque<\/a> y en nuestro <a href=\"https:\/\/walderlebnispfade.de\/es\/vision-general-del-hotel-tree-house\/\" data-type=\"post\" data-id=\"5771\">resumen de hoteles con casas en los \u00e1rboles<\/a>.<\/p>\n<\/div><\/div>\n\n<hr class=\"wp-block-separator has-alpha-channel-opacity\" style=\"margin-top:var(--wp--preset--spacing--50);margin-bottom:var(--wp--preset--spacing--50)\"\/>\n","protected":false},"author":2,"featured_media":7261,"comment_status":"open","ping_status":"closed","template":"","meta":{"_kad_blocks_custom_css":"","_kad_blocks_head_custom_js":"","_kad_blocks_body_custom_js":"","_kad_blocks_footer_custom_js":"","_kad_post_transparent":"","_kad_post_title":"","_kad_post_layout":"","_kad_post_sidebar_id":"","_kad_post_content_style":"","_kad_post_vertical_padding":"","_kad_post_feature":"","_kad_post_feature_position":"","_kad_post_header":false,"_kad_post_footer":false,"_kad_post_classname":"","yasr_overall_rating":0,"yasr_post_is_review":"","yasr_auto_insert_disabled":"","yasr_review_type":""},"region":[131,143],"erlebnisart":[191,194],"class_list":["post-7262","erlebnisse","type-erlebnisse","status-publish","has-post-thumbnail","hentry","region-deutschland-es","region-by-es","erlebnisart-alojamiento","erlebnisart-hotel-en-una-casa-en-un-arbol"],"yasr_visitor_votes":{"stars_attributes":{"read_only":false,"span_bottom":false},"number_of_votes":0,"sum_votes":0},"taxonomy_info":{"region":[{"value":131,"label":"Alemania"},{"value":143,"label":"Bayern"}],"erlebnisart":[{"value":191,"label":"Alojamiento"},{"value":194,"label":"Hotel en una casa en un \u00e1rbol"}]},"featured_image_src_large":["https:\/\/walderlebnispfade.de\/wp-content\/uploads\/2025\/10\/Baumhaushotel_Seemuehle-1024x576.jpg",1024,576,true],"author_info":{"display_name":"Moni","author_link":"https:\/\/walderlebnispfade.de\/es\/author\/moni\/"},"comment_info":0,"_links":{"self":[{"href":"https:\/\/walderlebnispfade.de\/es\/wp-json\/wp\/v2\/erlebnisse\/7262","targetHints":{"allow":["GET"]}}],"collection":[{"href":"https:\/\/walderlebnispfade.de\/es\/wp-json\/wp\/v2\/erlebnisse"}],"about":[{"href":"https:\/\/walderlebnispfade.de\/es\/wp-json\/wp\/v2\/types\/erlebnisse"}],"author":[{"embeddable":true,"href":"https:\/\/walderlebnispfade.de\/es\/wp-json\/wp\/v2\/users\/2"}],"replies":[{"embeddable":true,"href":"https:\/\/walderlebnispfade.de\/es\/wp-json\/wp\/v2\/comments?post=7262"}],"wp:featuredmedia":[{"embeddable":true,"href":"https:\/\/walderlebnispfade.de\/es\/wp-json\/wp\/v2\/media\/7261"}],"wp:attachment":[{"href":"https:\/\/walderlebnispfade.de\/es\/wp-json\/wp\/v2\/media?parent=7262"}],"wp:term":[{"taxonomy":"region","embeddable":true,"href":"https:\/\/walderlebnispfade.de\/es\/wp-json\/wp\/v2\/region?post=7262"},{"taxonomy":"erlebnisart","embeddable":true,"href":"https:\/\/walderlebnispfade.de\/es\/wp-json\/wp\/v2\/erlebnisart?post=7262"}],"curies":[{"name":"wp","href":"https:\/\/api.w.org\/{rel}","templated":true}]}}