{"id":7968,"date":"2026-04-27T11:17:28","date_gmt":"2026-04-27T09:17:28","guid":{"rendered":"https:\/\/walderlebnispfade.de\/erlebnisse\/hotel-casa-en-un-arbol-tierra-verde\/"},"modified":"2026-04-27T11:33:33","modified_gmt":"2026-04-27T09:33:33","slug":"hotel-casa-en-un-arbol-tierra-verde","status":"publish","type":"erlebnisse","link":"https:\/\/walderlebnispfade.de\/es\/erlebnisse\/hotel-casa-en-un-arbol-tierra-verde\/","title":{"rendered":"Hotel casa en un \u00e1rbol Tierra Verde"},"content":{"rendered":"<style>.wp-block-kadence-advancedheading.kt-adv-heading7941_a0f9b2-d0, .wp-block-kadence-advancedheading.kt-adv-heading7941_a0f9b2-d0[data-kb-block=\"kb-adv-heading7941_a0f9b2-d0\"]{font-style:normal;}.wp-block-kadence-advancedheading.kt-adv-heading7941_a0f9b2-d0 mark.kt-highlight, .wp-block-kadence-advancedheading.kt-adv-heading7941_a0f9b2-d0[data-kb-block=\"kb-adv-heading7941_a0f9b2-d0\"] mark.kt-highlight{font-style:normal;color:#f76a0c;-webkit-box-decoration-break:clone;box-decoration-break:clone;padding-top:0px;padding-right:0px;padding-bottom:0px;padding-left:0px;}.wp-block-kadence-advancedheading.kt-adv-heading7941_a0f9b2-d0 img.kb-inline-image, .wp-block-kadence-advancedheading.kt-adv-heading7941_a0f9b2-d0[data-kb-block=\"kb-adv-heading7941_a0f9b2-d0\"] img.kb-inline-image{width:150px;vertical-align:baseline;}<\/style>\n<h2 class=\"kt-adv-heading7941_a0f9b2-d0 wp-block-kadence-advancedheading\" data-kb-block=\"kb-adv-heading7941_a0f9b2-d0\">Casa en un \u00e1rbol en Worpswede<\/h2>\n\n<p>En medio de Teufelsmoor, al sur del pueblo de artistas de Worpswede, se encuentra el hotel con casa en un \u00e1rbol Land of Green: un peque\u00f1o complejo natural que combina confort y sensaci\u00f3n de bosque de un modo especial. Las tres casas en los \u00e1rboles \u00abOtto\u00bb, \u00abHermine\u00bb y \u00abClara\u00bb sobresalen hasta siete metros en los viejos abetos y robles y te ofrecen un retiro id\u00edlico justo al borde de la reserva natural. Los nombres de las casas no son casualidad: llevan los nombres de importantes pintores de la colonia de artistas de Worpswede, que en su d\u00eda hicieron famoso este paisaje de p\u00e1ramos.  <\/p>\n<style>.kb-table-of-content-nav.kb-table-of-content-id7941_6e8dec-a4 .kb-table-of-content-wrap{padding-top:var(--global-kb-spacing-sm, 1.5rem);padding-right:var(--global-kb-spacing-sm, 1.5rem);padding-bottom:var(--global-kb-spacing-sm, 1.5rem);padding-left:var(--global-kb-spacing-sm, 1.5rem);background-color:var(--global-palette8, #F7FAFC);box-shadow:inset 0px 0px 14px 0px rgba(0, 0, 0, 0.2);}.kb-table-of-content-nav.kb-table-of-content-id7941_6e8dec-a4 .kb-table-of-contents-title-wrap{padding-top:0px;padding-right:0px;padding-bottom:0px;padding-left:0px;}.kb-table-of-content-nav.kb-table-of-content-id7941_6e8dec-a4 .kb-table-of-contents-title{font-weight:regular;font-style:normal;}.kb-table-of-content-nav.kb-table-of-content-id7941_6e8dec-a4 .kb-table-of-content-wrap .kb-table-of-content-list{font-weight:regular;font-style:normal;margin-top:var(--global-kb-spacing-sm, 1.5rem);margin-right:0px;margin-bottom:0px;margin-left:0px;}.kb-table-of-content-nav.kb-table-of-content-id7941_6e8dec-a4 .kb-toggle-icon-style-basiccircle .kb-table-of-contents-icon-trigger:after, .kb-table-of-content-nav.kb-table-of-content-id7941_6e8dec-a4 .kb-toggle-icon-style-basiccircle .kb-table-of-contents-icon-trigger:before, .kb-table-of-content-nav.kb-table-of-content-id7941_6e8dec-a4 .kb-toggle-icon-style-arrowcircle .kb-table-of-contents-icon-trigger:after, .kb-table-of-content-nav.kb-table-of-content-id7941_6e8dec-a4 .kb-toggle-icon-style-arrowcircle .kb-table-of-contents-icon-trigger:before, .kb-table-of-content-nav.kb-table-of-content-id7941_6e8dec-a4 .kb-toggle-icon-style-xclosecircle .kb-table-of-contents-icon-trigger:after, .kb-table-of-content-nav.kb-table-of-content-id7941_6e8dec-a4 .kb-toggle-icon-style-xclosecircle .kb-table-of-contents-icon-trigger:before{background-color:var(--global-palette8, #F7FAFC);}<\/style><style>.kb-row-layout-id7941_ee2ee1-20 > .kt-row-column-wrap{align-content:start;}:where(.kb-row-layout-id7941_ee2ee1-20 > .kt-row-column-wrap) > .wp-block-kadence-column{justify-content:start;}.kb-row-layout-id7941_ee2ee1-20 > .kt-row-column-wrap{column-gap:var(--global-kb-gap-md, 2rem);row-gap:var(--global-kb-gap-md, 2rem);padding-top:var(--global-kb-spacing-sm, 1.5rem);padding-bottom:var(--global-kb-spacing-sm, 1.5rem);grid-template-columns:repeat(2, minmax(0, 1fr));}.kb-row-layout-id7941_ee2ee1-20 > .kt-row-layout-overlay{opacity:0.30;}@media all and (max-width: 1024px){.kb-row-layout-id7941_ee2ee1-20 > .kt-row-column-wrap{grid-template-columns:repeat(2, minmax(0, 1fr));}}@media all and (max-width: 767px){.kb-row-layout-id7941_ee2ee1-20 > .kt-row-column-wrap{grid-template-columns:minmax(0, 1fr);}}<\/style><div class=\"kb-row-layout-wrap kb-row-layout-id7941_ee2ee1-20 alignnone wp-block-kadence-rowlayout\"><div class=\"kt-row-column-wrap kt-has-2-columns kt-row-layout-equal kt-tab-layout-inherit kt-mobile-layout-row kt-row-valign-top\">\n<style>.kadence-column7941_d4702f-e9 > .kt-inside-inner-col,.kadence-column7941_d4702f-e9 > .kt-inside-inner-col:before{border-top-left-radius:0px;border-top-right-radius:0px;border-bottom-right-radius:0px;border-bottom-left-radius:0px;}.kadence-column7941_d4702f-e9 > .kt-inside-inner-col{column-gap:var(--global-kb-gap-sm, 1rem);}.kadence-column7941_d4702f-e9 > .kt-inside-inner-col{flex-direction:column;}.kadence-column7941_d4702f-e9 > .kt-inside-inner-col > .aligncenter{width:100%;}.kadence-column7941_d4702f-e9 > .kt-inside-inner-col:before{opacity:0.3;}.kadence-column7941_d4702f-e9{position:relative;}@media all and (max-width: 1024px){.kadence-column7941_d4702f-e9 > .kt-inside-inner-col{flex-direction:column;justify-content:center;}}@media all and (max-width: 767px){.kadence-column7941_d4702f-e9 > .kt-inside-inner-col{flex-direction:column;justify-content:center;}}<\/style>\n<div class=\"wp-block-kadence-column kadence-column7941_d4702f-e9\"><div class=\"kt-inside-inner-col\">\n<p>Cada casa del \u00e1rbol ofrece unos 27 metros cuadrados de espacio habitable en dos niveles, m\u00e1s 20 metros cuadrados de espacio exterior. En la planta baja, encontrar\u00e1s una acogedora zona de cama doble, una zona de estar con sof\u00e1 esquinero y estufa de le\u00f1a, as\u00ed como un cuarto de ba\u00f1o totalmente equipado con ducha. La cocina est\u00e1 equipada con placa de inducci\u00f3n, lavavajillas, frigor\u00edfico, cafetera y todos los accesorios necesarios. Una escalera interior conduce al dormitorio superior, con una fant\u00e1stica vista de la vegetaci\u00f3n. Las grandes ventanas con parteluz dejan entrar mucha luz y ofrecen vistas al bosque.    <\/p>\n\n\n\n<p>Lo m\u00e1s destacado es la azotea de 15 metros cuadrados con ba\u00f1era exterior. En verano, puedes relajarte all\u00ed arriba bajo el cielo abierto, mientras que en invierno te calienta la estufa de le\u00f1a de la planta baja. Una terraza de cinco metros cuadrados en el primer nivel ofrece una hermosa vista del paisaje protegido.    <\/p>\n<\/div><\/div>\n\n\n<style>.kadence-column7941_5fb06c-44 > .kt-inside-inner-col,.kadence-column7941_5fb06c-44 > .kt-inside-inner-col:before{border-top-left-radius:0px;border-top-right-radius:0px;border-bottom-right-radius:0px;border-bottom-left-radius:0px;}.kadence-column7941_5fb06c-44 > .kt-inside-inner-col{column-gap:var(--global-kb-gap-sm, 1rem);}.kadence-column7941_5fb06c-44 > .kt-inside-inner-col{flex-direction:column;}.kadence-column7941_5fb06c-44 > .kt-inside-inner-col > .aligncenter{width:100%;}.kadence-column7941_5fb06c-44 > .kt-inside-inner-col:before{opacity:0.3;}.kadence-column7941_5fb06c-44{position:relative;}@media all and (max-width: 1024px){.kadence-column7941_5fb06c-44 > .kt-inside-inner-col{flex-direction:column;justify-content:center;}}@media all and (max-width: 767px){.kadence-column7941_5fb06c-44 > .kt-inside-inner-col{flex-direction:column;justify-content:center;}}<\/style>\n<div class=\"wp-block-kadence-column kadence-column7941_5fb06c-44\"><div class=\"kt-inside-inner-col\"><style>.wp-block-kadence-advancedheading.kt-adv-heading7941_1e076e-1e, .wp-block-kadence-advancedheading.kt-adv-heading7941_1e076e-1e[data-kb-block=\"kb-adv-heading7941_1e076e-1e\"]{text-align:center;font-style:normal;}.wp-block-kadence-advancedheading.kt-adv-heading7941_1e076e-1e mark.kt-highlight, .wp-block-kadence-advancedheading.kt-adv-heading7941_1e076e-1e[data-kb-block=\"kb-adv-heading7941_1e076e-1e\"] mark.kt-highlight{font-style:normal;color:#f76a0c;-webkit-box-decoration-break:clone;box-decoration-break:clone;padding-top:0px;padding-right:0px;padding-bottom:0px;padding-left:0px;}.wp-block-kadence-advancedheading.kt-adv-heading7941_1e076e-1e img.kb-inline-image, .wp-block-kadence-advancedheading.kt-adv-heading7941_1e076e-1e[data-kb-block=\"kb-adv-heading7941_1e076e-1e\"] img.kb-inline-image{width:150px;vertical-align:baseline;}<\/style>\n<h3 class=\"kt-adv-heading7941_1e076e-1e wp-block-kadence-advancedheading\" data-kb-block=\"kb-adv-heading7941_1e076e-1e\">Resumen del equipamiento:<\/h3>\n\n\n<style>.kb-table-container7941_345e2c-2a{overflow-x:auto;}.kb-table-container .kb-table7941_345e2c-2a th{padding-top:var(--global-kb-spacing-xxs, 0.5rem);padding-right:var(--global-kb-spacing-xxs, 0.5rem);padding-bottom:var(--global-kb-spacing-xxs, 0.5rem);padding-left:var(--global-kb-spacing-xxs, 0.5rem);text-align:center;}.kb-table-container .kb-table7941_345e2c-2a caption{text-align:center;}.kb-table-container .kb-table7941_345e2c-2a td{padding-top:var(--global-kb-spacing-xxs, 0.5rem);padding-right:var(--global-kb-spacing-xxs, 0.5rem);padding-bottom:var(--global-kb-spacing-xxs, 0.5rem);padding-left:var(--global-kb-spacing-xxs, 0.5rem);text-align:left;}<\/style><div class=\"kb-table-container kb-table-container7941_345e2c-2a wp-block-kadence-table\"><table class=\"kb-table kb-table7941_345e2c-2a\">\n<tr class=\"kb-table-row kb-table-row7941_61fb0b-28\">\n<td class=\"kb-table-data kb-table-data7941_43b42e-c6\">\n<style>.kb-image7941_620802-1a .kb-image-has-overlay:after{opacity:0.3;}<\/style>\n<div class=\"wp-block-kadence-image kb-image7941_620802-1a\"><figure class=\"aligncenter size-full\"><img loading=\"lazy\" decoding=\"async\" width=\"100\" height=\"100\" src=\"https:\/\/walderlebnispfade.de\/wp-content\/uploads\/2026\/04\/WC.png\" alt=\"WC-Symbol\" class=\"kb-img wp-image-7716\"\/><\/figure><\/div>\n\n<\/td>\n\n<td class=\"kb-table-data kb-table-data7941_ddf55a-2e\">\n<style>.kb-image7941_ec000d-52 .kb-image-has-overlay:after{opacity:0.3;}<\/style>\n<div class=\"wp-block-kadence-image kb-image7941_ec000d-52\"><figure class=\"aligncenter size-full\"><img loading=\"lazy\" decoding=\"async\" width=\"100\" height=\"100\" src=\"https:\/\/walderlebnispfade.de\/wp-content\/uploads\/2026\/04\/Dusche.png\" alt=\"Dusch-Symbol\" class=\"kb-img wp-image-7711\"\/><\/figure><\/div>\n\n<\/td>\n<\/tr>\n\n<tr class=\"kb-table-row kb-table-row7941_cee486-bc\">\n<td class=\"kb-table-data kb-table-data7941_6cdf6b-74\">\n<style>.kb-image7941_fb5241-79.kb-image-is-ratio-size, .kb-image7941_fb5241-79 .kb-image-is-ratio-size{max-width:100px;width:100%;}.wp-block-kadence-column > .kt-inside-inner-col > .kb-image7941_fb5241-79.kb-image-is-ratio-size, .wp-block-kadence-column > .kt-inside-inner-col > .kb-image7941_fb5241-79 .kb-image-is-ratio-size{align-self:unset;}.kb-image7941_fb5241-79 figure{max-width:100px;}.kb-image7941_fb5241-79 .image-is-svg, .kb-image7941_fb5241-79 .image-is-svg img{width:100%;}.kb-image7941_fb5241-79 .kb-image-has-overlay:after{opacity:0.3;}<\/style>\n<div class=\"wp-block-kadence-image kb-image7941_fb5241-79\"><figure class=\"aligncenter size-full\"><img loading=\"lazy\" decoding=\"async\" width=\"100\" height=\"100\" src=\"https:\/\/walderlebnispfade.de\/wp-content\/uploads\/2026\/04\/Strom.png\" alt=\"Strom-Symbol\" class=\"kb-img wp-image-7715\"\/><\/figure><\/div>\n\n<\/td>\n\n<td class=\"kb-table-data kb-table-data7941_afc4e5-1f\">\n<style>.kb-image7941_ac7a10-13 .kb-image-has-overlay:after{opacity:0.3;}<\/style>\n<div class=\"wp-block-kadence-image kb-image7941_ac7a10-13\"><figure class=\"aligncenter size-full\"><img loading=\"lazy\" decoding=\"async\" width=\"100\" height=\"100\" src=\"https:\/\/walderlebnispfade.de\/wp-content\/uploads\/2026\/04\/Heizung.png\" alt=\"Heizungs-Symbol\" class=\"kb-img wp-image-7712\"\/><\/figure><\/div>\n\n<\/td>\n<\/tr>\n\n<tr class=\"kb-table-row kb-table-row7941_8b9529-e9\">\n<td class=\"kb-table-data kb-table-data7941_982998-bd\">\n<style>.kb-image7941_2cc6b1-c6 .kb-image-has-overlay:after{opacity:0.3;}<\/style>\n<div class=\"wp-block-kadence-image kb-image7941_2cc6b1-c6\"><figure class=\"aligncenter size-full\"><img loading=\"lazy\" decoding=\"async\" width=\"100\" height=\"100\" src=\"https:\/\/walderlebnispfade.de\/wp-content\/uploads\/2026\/04\/WLAN.png\" alt=\"WLAN-Symbol\" class=\"kb-img wp-image-7717\"\/><\/figure><\/div>\n\n<\/td>\n\n<td class=\"kb-table-data kb-table-data7941_83ba9d-43\">\n<style>.kb-image7941_792d56-25 .kb-image-has-overlay:after{opacity:0.3;}<\/style>\n<div class=\"wp-block-kadence-image kb-image7941_792d56-25\"><figure class=\"aligncenter size-full\"><img loading=\"lazy\" decoding=\"async\" width=\"100\" height=\"100\" src=\"https:\/\/walderlebnispfade.de\/wp-content\/uploads\/2026\/04\/Hunde_Erlaubt.png\" alt=\"Hunde erlaubt Symbol\" class=\"kb-img wp-image-7713\"\/><\/figure><\/div>\n\n<\/td>\n<\/tr>\n<\/table><\/div><\/div><\/div>\n\n<\/div><\/div>\n<p>Si quieres experimentar a\u00fan m\u00e1s despu\u00e9s de un d\u00eda en la casa del \u00e1rbol, puedes reservar la ba\u00f1era de hidromasaje calentada con le\u00f1a o el barril sauna directamente en las instalaciones. En verano, puedes remar en canoa desde el puerto hasta el Hamme. En la <a href=\"https:\/\/www.landofgreen.de\/hafencafe\" target=\"_blank\" data-type=\"link\" data-id=\"https:\/\/www.landofgreen.de\/hafencafe\" rel=\"noreferrer noopener\">cafeter\u00eda <\/a>del puerto te espera el barista y hay especialidades de caf\u00e9 de luxe, deliciosos pasteles y platos caseros calientes. La casa del \u00e1rbol \u00abOtto\u00bb admite perros y las otras dos casas no admiten mascotas.   <\/p>\n<style>.wp-block-kadence-advancedheading.kt-adv-heading7941_3cc014-05, .wp-block-kadence-advancedheading.kt-adv-heading7941_3cc014-05[data-kb-block=\"kb-adv-heading7941_3cc014-05\"]{font-style:normal;}.wp-block-kadence-advancedheading.kt-adv-heading7941_3cc014-05 mark.kt-highlight, .wp-block-kadence-advancedheading.kt-adv-heading7941_3cc014-05[data-kb-block=\"kb-adv-heading7941_3cc014-05\"] mark.kt-highlight{font-style:normal;color:#f76a0c;-webkit-box-decoration-break:clone;box-decoration-break:clone;padding-top:0px;padding-right:0px;padding-bottom:0px;padding-left:0px;}.wp-block-kadence-advancedheading.kt-adv-heading7941_3cc014-05 img.kb-inline-image, .wp-block-kadence-advancedheading.kt-adv-heading7941_3cc014-05[data-kb-block=\"kb-adv-heading7941_3cc014-05\"] img.kb-inline-image{width:150px;vertical-align:baseline;}<\/style>\n<h2 class=\"kt-adv-heading7941_3cc014-05 wp-block-kadence-advancedheading\" data-kb-block=\"kb-adv-heading7941_3cc014-05\">V\u00eddeo sobre el hotel casa del \u00e1rbol Tierra Verde<\/h2>\n\n<figure class=\"wp-block-embed is-type-video is-provider-youtube wp-block-embed-youtube wp-embed-aspect-16-9 wp-has-aspect-ratio\"><div class=\"wp-block-embed__wrapper\">\n<iframe loading=\"lazy\" hcb-fetch-image-from=\"https:\/\/youtu.be\/td0B2sGVBpk?si=N4joOBssB8u2EEwd\" title=\"Baumhaus &quot;Hermine&quot; bald im Land of Green Naturresort\" width=\"720\" height=\"405\" src=\"https:\/\/www.youtube.com\/embed\/td0B2sGVBpk?feature=oembed\" frameborder=\"0\" allow=\"accelerometer; autoplay; clipboard-write; encrypted-media; gyroscope; picture-in-picture; web-share\" referrerpolicy=\"strict-origin-when-cross-origin\" allowfullscreen><\/iframe>\n<\/div><\/figure>\n\n<h2 class=\"wp-block-heading\">Informaci\u00f3n sobre el hotel casa del \u00e1rbol Tierra Verde<\/h2>\n\n<figure class=\"wp-block-table\"><table class=\"has-fixed-layout\"><tbody><tr><td>N\u00famero de casas en los \u00e1rboles:<\/td><td>3 casas en los \u00e1rboles<\/td><\/tr><tr><td>Altura de vida:<\/td><td>3 metros por encima del suelo<\/td><\/tr><tr><td>Capacidad:<\/td><td>De 2 a 5 personas por casa<\/td><\/tr><tr><td>Se puede reservar:<\/td><td>Todo el a\u00f1o<\/td><\/tr><tr><td>Calefacci\u00f3n:<\/td><td>S\u00ed<\/td><\/tr><tr><td>Actual:<\/td><td>S\u00ed<\/td><\/tr><tr><td>Cocina:<\/td><td>S\u00ed, se dispone de una cocina completa.<\/td><\/tr><tr><td>Instalaciones sanitarias:<\/td><td>Ducha, WC y ba\u00f1era exterior<\/td><\/tr><tr><td>Sin barreras:<\/td><td>No, ya que el acceso s\u00f3lo es posible a trav\u00e9s de una escalera exterior.<\/td><\/tr><tr><td>Se admiten perros:<\/td><td>S\u00ed, se admiten perros en Baumhaus Otto.<\/td><\/tr><\/tbody><\/table><figcaption class=\"wp-element-caption\">Detalles sobre el hotel casa en el \u00e1rbol Tierra Verde<\/figcaption><\/figure>\n\n<hr class=\"wp-block-separator has-alpha-channel-opacity\" style=\"margin-top:var(--wp--preset--spacing--50);margin-bottom:var(--wp--preset--spacing--50)\"\/>\n<style>.kadence-column7941_b48fbc-0d > .kt-inside-inner-col{display:flex;}.kadence-column7941_b48fbc-0d > .kt-inside-inner-col{padding-top:var(--global-kb-spacing-xs, 1rem);padding-right:var(--global-kb-spacing-xs, 1rem);padding-bottom:var(--global-kb-spacing-xs, 1rem);padding-left:var(--global-kb-spacing-xs, 1rem);}.kadence-column7941_b48fbc-0d > .kt-inside-inner-col{box-shadow:0px 0px 14px 0px rgba(0, 0, 0, 0.2);}.kadence-column7941_b48fbc-0d > .kt-inside-inner-col,.kadence-column7941_b48fbc-0d > .kt-inside-inner-col:before{border-top-left-radius:0px;border-top-right-radius:0px;border-bottom-right-radius:0px;border-bottom-left-radius:0px;}.kadence-column7941_b48fbc-0d > .kt-inside-inner-col{column-gap:var(--global-kb-gap-sm, 1rem);}.kadence-column7941_b48fbc-0d > .kt-inside-inner-col{flex-direction:column;align-items:center;}.kadence-column7941_b48fbc-0d > .kt-inside-inner-col > .kb-image-is-ratio-size{align-self:stretch;}.kadence-column7941_b48fbc-0d > .kt-inside-inner-col > .wp-block-kadence-advancedgallery{align-self:stretch;}.kadence-column7941_b48fbc-0d > .kt-inside-inner-col > .aligncenter{width:100%;}.kadence-column7941_b48fbc-0d > .kt-inside-inner-col{background-color:var(--global-palette8, #F7FAFC);}.kadence-column7941_b48fbc-0d > .kt-inside-inner-col:before{opacity:0.3;}.kadence-column7941_b48fbc-0d{position:relative;}@media all and (max-width: 1024px){.kadence-column7941_b48fbc-0d > .kt-inside-inner-col{flex-direction:column;justify-content:center;align-items:center;}}@media all and (max-width: 767px){.kadence-column7941_b48fbc-0d > .kt-inside-inner-col{flex-direction:column;justify-content:center;align-items:center;}}<\/style>\n<div class=\"wp-block-kadence-column kadence-column7941_b48fbc-0d\"><div class=\"kt-inside-inner-col\">\n<p class=\"has-text-align-center\">\u00bfQu\u00e9 te parece el hotel casa del \u00e1rbol Tierra Verde? Por favor, d\u00e9janos una opini\u00f3n.  <br\/>Nos ayudas a nosotros y a otros amantes de la naturaleza. Muchas gracias \ud83d\ude42 \u00a1!<\/p>\n\n\n\n<div class=\"wp-block-yet-another-stars-rating-visitor-votes aligncenter yasr-vv-block\"><\/div>\n\n\n\n<p>Puedes encontrar m\u00e1s aventuras emocionantes en nuestra <a href=\"https:\/\/walderlebnispfade.de\/es\/experiencias-forestales\/\" data-type=\"page\" data-id=\"228\">b\u00fasqueda de experiencias en el bosque<\/a> y en nuestro <a href=\"https:\/\/walderlebnispfade.de\/es\/vision-general-del-hotel-tree-house\/\" data-type=\"post\" data-id=\"5771\">resumen de hoteles con casas en los \u00e1rboles<\/a>.<\/p>\n<\/div><\/div>\n\n<hr class=\"wp-block-separator has-alpha-channel-opacity\" style=\"margin-top:var(--wp--preset--spacing--50);margin-bottom:var(--wp--preset--spacing--50)\"\/>\n\n<p><\/p>\n","protected":false},"author":2,"featured_media":7963,"comment_status":"open","ping_status":"closed","template":"","meta":{"_kad_blocks_custom_css":"","_kad_blocks_head_custom_js":"","_kad_blocks_body_custom_js":"","_kad_blocks_footer_custom_js":"","_kad_post_transparent":"","_kad_post_title":"","_kad_post_layout":"","_kad_post_sidebar_id":"","_kad_post_content_style":"","_kad_post_vertical_padding":"","_kad_post_feature":"","_kad_post_feature_position":"","_kad_post_header":false,"_kad_post_footer":false,"_kad_post_classname":"","yasr_overall_rating":0,"yasr_post_is_review":"","yasr_auto_insert_disabled":"","yasr_review_type":""},"region":[131,216],"erlebnisart":[191,194],"class_list":["post-7968","erlebnisse","type-erlebnisse","status-publish","has-post-thumbnail","hentry","region-deutschland-es","region-baja-sajonia","erlebnisart-alojamiento","erlebnisart-hotel-en-una-casa-en-un-arbol"],"yasr_visitor_votes":{"stars_attributes":{"read_only":false,"span_bottom":false},"number_of_votes":0,"sum_votes":0},"taxonomy_info":{"region":[{"value":131,"label":"Alemania"},{"value":216,"label":"Baja Sajonia"}],"erlebnisart":[{"value":191,"label":"Alojamiento"},{"value":194,"label":"Hotel en una casa en un \u00e1rbol"}]},"featured_image_src_large":["https:\/\/walderlebnispfade.de\/wp-content\/uploads\/2026\/04\/Baumhaushotel_Worpswede-1024x576.jpg",1024,576,true],"author_info":{"display_name":"Moni","author_link":"https:\/\/walderlebnispfade.de\/es\/author\/moni\/"},"comment_info":0,"_links":{"self":[{"href":"https:\/\/walderlebnispfade.de\/es\/wp-json\/wp\/v2\/erlebnisse\/7968","targetHints":{"allow":["GET"]}}],"collection":[{"href":"https:\/\/walderlebnispfade.de\/es\/wp-json\/wp\/v2\/erlebnisse"}],"about":[{"href":"https:\/\/walderlebnispfade.de\/es\/wp-json\/wp\/v2\/types\/erlebnisse"}],"author":[{"embeddable":true,"href":"https:\/\/walderlebnispfade.de\/es\/wp-json\/wp\/v2\/users\/2"}],"replies":[{"embeddable":true,"href":"https:\/\/walderlebnispfade.de\/es\/wp-json\/wp\/v2\/comments?post=7968"}],"wp:featuredmedia":[{"embeddable":true,"href":"https:\/\/walderlebnispfade.de\/es\/wp-json\/wp\/v2\/media\/7963"}],"wp:attachment":[{"href":"https:\/\/walderlebnispfade.de\/es\/wp-json\/wp\/v2\/media?parent=7968"}],"wp:term":[{"taxonomy":"region","embeddable":true,"href":"https:\/\/walderlebnispfade.de\/es\/wp-json\/wp\/v2\/region?post=7968"},{"taxonomy":"erlebnisart","embeddable":true,"href":"https:\/\/walderlebnispfade.de\/es\/wp-json\/wp\/v2\/erlebnisart?post=7968"}],"curies":[{"name":"wp","href":"https:\/\/api.w.org\/{rel}","templated":true}]}}