{"id":7974,"date":"2026-04-27T17:34:54","date_gmt":"2026-04-27T15:34:54","guid":{"rendered":"https:\/\/walderlebnispfade.de\/erlebnisse\/sky-chalets-buehlertal\/"},"modified":"2026-04-27T17:40:46","modified_gmt":"2026-04-27T15:40:46","slug":"sky-chalets-buehlertal","status":"publish","type":"erlebnisse","link":"https:\/\/walderlebnispfade.de\/es\/erlebnisse\/sky-chalets-buehlertal\/","title":{"rendered":"Sky Chalets B\u00fchlertal"},"content":{"rendered":"<style>.wp-block-kadence-advancedheading.kt-adv-heading7969_372f94-1d, .wp-block-kadence-advancedheading.kt-adv-heading7969_372f94-1d[data-kb-block=\"kb-adv-heading7969_372f94-1d\"]{font-style:normal;}.wp-block-kadence-advancedheading.kt-adv-heading7969_372f94-1d mark.kt-highlight, .wp-block-kadence-advancedheading.kt-adv-heading7969_372f94-1d[data-kb-block=\"kb-adv-heading7969_372f94-1d\"] mark.kt-highlight{font-style:normal;color:#f76a0c;-webkit-box-decoration-break:clone;box-decoration-break:clone;padding-top:0px;padding-right:0px;padding-bottom:0px;padding-left:0px;}.wp-block-kadence-advancedheading.kt-adv-heading7969_372f94-1d img.kb-inline-image, .wp-block-kadence-advancedheading.kt-adv-heading7969_372f94-1d[data-kb-block=\"kb-adv-heading7969_372f94-1d\"] img.kb-inline-image{width:150px;vertical-align:baseline;}<\/style>\n<h2 class=\"kt-adv-heading7969_372f94-1d wp-block-kadence-advancedheading\" data-kb-block=\"kb-adv-heading7969_372f94-1d\">Lujoso hotel en una casa en un \u00e1rbol con vistas panor\u00e1micas<\/h2>\n\n<p>En lo alto de una colina del alto B\u00fchlertal, uno de los valles m\u00e1s v\u00edrgenes de Baden-Wurtemberg, se est\u00e1n construyendo los Sky Chalets B\u00fchlertal. Si imaginas despertarte en una casa en un \u00e1rbol lujosamente amueblada con vistas a ondulantes colinas, vastos campos y densos bosques, entonces has venido al lugar adecuado. Lo que lo hace especial: Los chal\u00e9s se planificaron con el m\u00e1ximo cuidado por la naturaleza. No se tal\u00f3 ni un solo \u00e1rbol, se plantaron m\u00e1s de 100 \u00e1rboles nuevos y cada detalle se coordin\u00f3 con la autoridad de conservaci\u00f3n de la naturaleza.   <\/p>\n<style>.kb-table-of-content-nav.kb-table-of-content-id7969_3a411b-d5 .kb-table-of-content-wrap{padding-top:var(--global-kb-spacing-sm, 1.5rem);padding-right:var(--global-kb-spacing-sm, 1.5rem);padding-bottom:var(--global-kb-spacing-sm, 1.5rem);padding-left:var(--global-kb-spacing-sm, 1.5rem);background-color:var(--global-palette8, #F7FAFC);box-shadow:inset 0px 0px 14px 0px rgba(0, 0, 0, 0.2);}.kb-table-of-content-nav.kb-table-of-content-id7969_3a411b-d5 .kb-table-of-contents-title-wrap{padding-top:0px;padding-right:0px;padding-bottom:0px;padding-left:0px;}.kb-table-of-content-nav.kb-table-of-content-id7969_3a411b-d5 .kb-table-of-contents-title{font-weight:regular;font-style:normal;}.kb-table-of-content-nav.kb-table-of-content-id7969_3a411b-d5 .kb-table-of-content-wrap .kb-table-of-content-list{font-weight:regular;font-style:normal;margin-top:var(--global-kb-spacing-sm, 1.5rem);margin-right:0px;margin-bottom:0px;margin-left:0px;}.kb-table-of-content-nav.kb-table-of-content-id7969_3a411b-d5 .kb-toggle-icon-style-basiccircle .kb-table-of-contents-icon-trigger:after, .kb-table-of-content-nav.kb-table-of-content-id7969_3a411b-d5 .kb-toggle-icon-style-basiccircle .kb-table-of-contents-icon-trigger:before, .kb-table-of-content-nav.kb-table-of-content-id7969_3a411b-d5 .kb-toggle-icon-style-arrowcircle .kb-table-of-contents-icon-trigger:after, .kb-table-of-content-nav.kb-table-of-content-id7969_3a411b-d5 .kb-toggle-icon-style-arrowcircle .kb-table-of-contents-icon-trigger:before, .kb-table-of-content-nav.kb-table-of-content-id7969_3a411b-d5 .kb-toggle-icon-style-xclosecircle .kb-table-of-contents-icon-trigger:after, .kb-table-of-content-nav.kb-table-of-content-id7969_3a411b-d5 .kb-toggle-icon-style-xclosecircle .kb-table-of-contents-icon-trigger:before{background-color:var(--global-palette8, #F7FAFC);}<\/style><style>.kb-row-layout-id7969_c9944a-c8 > .kt-row-column-wrap{align-content:start;}:where(.kb-row-layout-id7969_c9944a-c8 > .kt-row-column-wrap) > .wp-block-kadence-column{justify-content:start;}.kb-row-layout-id7969_c9944a-c8 > .kt-row-column-wrap{column-gap:var(--global-kb-gap-md, 2rem);row-gap:var(--global-kb-gap-md, 2rem);padding-top:var(--global-kb-spacing-sm, 1.5rem);padding-bottom:var(--global-kb-spacing-sm, 1.5rem);grid-template-columns:repeat(2, minmax(0, 1fr));}.kb-row-layout-id7969_c9944a-c8 > .kt-row-layout-overlay{opacity:0.30;}@media all and (max-width: 1024px){.kb-row-layout-id7969_c9944a-c8 > .kt-row-column-wrap{grid-template-columns:repeat(2, minmax(0, 1fr));}}@media all and (max-width: 767px){.kb-row-layout-id7969_c9944a-c8 > .kt-row-column-wrap{grid-template-columns:minmax(0, 1fr);}}<\/style><div class=\"kb-row-layout-wrap kb-row-layout-id7969_c9944a-c8 alignnone wp-block-kadence-rowlayout\"><div class=\"kt-row-column-wrap kt-has-2-columns kt-row-layout-equal kt-tab-layout-inherit kt-mobile-layout-row kt-row-valign-top\">\n<style>.kadence-column7969_11e306-c9 > .kt-inside-inner-col,.kadence-column7969_11e306-c9 > .kt-inside-inner-col:before{border-top-left-radius:0px;border-top-right-radius:0px;border-bottom-right-radius:0px;border-bottom-left-radius:0px;}.kadence-column7969_11e306-c9 > .kt-inside-inner-col{column-gap:var(--global-kb-gap-sm, 1rem);}.kadence-column7969_11e306-c9 > .kt-inside-inner-col{flex-direction:column;}.kadence-column7969_11e306-c9 > .kt-inside-inner-col > .aligncenter{width:100%;}.kadence-column7969_11e306-c9 > .kt-inside-inner-col:before{opacity:0.3;}.kadence-column7969_11e306-c9{position:relative;}@media all and (max-width: 1024px){.kadence-column7969_11e306-c9 > .kt-inside-inner-col{flex-direction:column;justify-content:center;}}@media all and (max-width: 767px){.kadence-column7969_11e306-c9 > .kt-inside-inner-col{flex-direction:column;justify-content:center;}}<\/style>\n<div class=\"wp-block-kadence-column kadence-column7969_11e306-c9\"><div class=\"kt-inside-inner-col\">\n<p>Cada chal\u00e9 ofrece 30 m\u00b2 de c\u00f3moda superficie habitable m\u00e1s una terraza panor\u00e1mica privada de unos 30 m\u00b2, donde podr\u00e1s disfrutar de la puesta de sol con una copa de vino. En el interior, te espera madera de alta calidad, grandes ventanales, una cama box-spring (2 \u00d7 1,80 m) con vistas al entorno natural, una chimenea 3D con pantalla de llamas y tecnolog\u00eda dom\u00e9stica inteligente. El desayuno est\u00e1 incluido en el precio de la habitaci\u00f3n, y la cocina totalmente equipada con lavavajillas, placa de inducci\u00f3n, horno y cafetera de c\u00e1psulas te da total independencia.  <\/p>\n\n\n\n<p>La ubicaci\u00f3n es ideal para los amantes de la naturaleza: la ruta de senderismo de B\u00fchlertal comienza justo en la puerta y el centro tur\u00edstico de B\u00fchlertann, reconocido por el estado, con restaurantes, cafeter\u00edas y una piscina cubierta, est\u00e1 a s\u00f3lo unos cientos de metros. A Schw\u00e4bisch Hall, con su famosa piscina de agua salada, se llega en unos 20 minutos. Los Sky Chalets B\u00fchlertal abrir\u00e1n el 30 de abril de 2026 y ya se <a href=\"https:\/\/w21.zimmersoftware.de\/luxus-baumhaushotel\" target=\"_blank\" data-type=\"link\" data-id=\"https:\/\/w21.zimmersoftware.de\/luxus-baumhaushotel\" rel=\"noreferrer noopener\">pueden reservar<\/a>.  <\/p>\n<\/div><\/div>\n\n\n<style>.kadence-column7969_c2a556-c6 > .kt-inside-inner-col,.kadence-column7969_c2a556-c6 > .kt-inside-inner-col:before{border-top-left-radius:0px;border-top-right-radius:0px;border-bottom-right-radius:0px;border-bottom-left-radius:0px;}.kadence-column7969_c2a556-c6 > .kt-inside-inner-col{column-gap:var(--global-kb-gap-sm, 1rem);}.kadence-column7969_c2a556-c6 > .kt-inside-inner-col{flex-direction:column;}.kadence-column7969_c2a556-c6 > .kt-inside-inner-col > .aligncenter{width:100%;}.kadence-column7969_c2a556-c6 > .kt-inside-inner-col:before{opacity:0.3;}.kadence-column7969_c2a556-c6{position:relative;}@media all and (max-width: 1024px){.kadence-column7969_c2a556-c6 > .kt-inside-inner-col{flex-direction:column;justify-content:center;}}@media all and (max-width: 767px){.kadence-column7969_c2a556-c6 > .kt-inside-inner-col{flex-direction:column;justify-content:center;}}<\/style>\n<div class=\"wp-block-kadence-column kadence-column7969_c2a556-c6\"><div class=\"kt-inside-inner-col\"><style>.wp-block-kadence-advancedheading.kt-adv-heading7969_24f5fe-47, .wp-block-kadence-advancedheading.kt-adv-heading7969_24f5fe-47[data-kb-block=\"kb-adv-heading7969_24f5fe-47\"]{text-align:center;font-style:normal;}.wp-block-kadence-advancedheading.kt-adv-heading7969_24f5fe-47 mark.kt-highlight, .wp-block-kadence-advancedheading.kt-adv-heading7969_24f5fe-47[data-kb-block=\"kb-adv-heading7969_24f5fe-47\"] mark.kt-highlight{font-style:normal;color:#f76a0c;-webkit-box-decoration-break:clone;box-decoration-break:clone;padding-top:0px;padding-right:0px;padding-bottom:0px;padding-left:0px;}.wp-block-kadence-advancedheading.kt-adv-heading7969_24f5fe-47 img.kb-inline-image, .wp-block-kadence-advancedheading.kt-adv-heading7969_24f5fe-47[data-kb-block=\"kb-adv-heading7969_24f5fe-47\"] img.kb-inline-image{width:150px;vertical-align:baseline;}<\/style>\n<h3 class=\"kt-adv-heading7969_24f5fe-47 wp-block-kadence-advancedheading\" data-kb-block=\"kb-adv-heading7969_24f5fe-47\">Resumen del equipamiento:<\/h3>\n\n\n<style>.kb-table-container7969_945f7e-e4{overflow-x:auto;}.kb-table-container .kb-table7969_945f7e-e4 th{padding-top:var(--global-kb-spacing-xxs, 0.5rem);padding-right:var(--global-kb-spacing-xxs, 0.5rem);padding-bottom:var(--global-kb-spacing-xxs, 0.5rem);padding-left:var(--global-kb-spacing-xxs, 0.5rem);text-align:center;}.kb-table-container .kb-table7969_945f7e-e4 caption{text-align:center;}.kb-table-container .kb-table7969_945f7e-e4 td{padding-top:var(--global-kb-spacing-xxs, 0.5rem);padding-right:var(--global-kb-spacing-xxs, 0.5rem);padding-bottom:var(--global-kb-spacing-xxs, 0.5rem);padding-left:var(--global-kb-spacing-xxs, 0.5rem);text-align:left;}<\/style><div class=\"kb-table-container kb-table-container7969_945f7e-e4 wp-block-kadence-table\"><table class=\"kb-table kb-table7969_945f7e-e4\">\n<tr class=\"kb-table-row kb-table-row7969_b35d9e-40\">\n<td class=\"kb-table-data kb-table-data7969_5cabee-8c\">\n<style>.kb-image7969_116ac7-c0 .kb-image-has-overlay:after{opacity:0.3;}<\/style>\n<div class=\"wp-block-kadence-image kb-image7969_116ac7-c0\"><figure class=\"aligncenter size-full\"><img loading=\"lazy\" decoding=\"async\" width=\"100\" height=\"100\" src=\"https:\/\/walderlebnispfade.de\/wp-content\/uploads\/2026\/04\/WC.png\" alt=\"WC-Symbol\" class=\"kb-img wp-image-7716\"\/><\/figure><\/div>\n\n<\/td>\n\n<td class=\"kb-table-data kb-table-data7969_6dc6ff-37\">\n<style>.kb-image7969_efec98-ac .kb-image-has-overlay:after{opacity:0.3;}<\/style>\n<div class=\"wp-block-kadence-image kb-image7969_efec98-ac\"><figure class=\"aligncenter size-full\"><img loading=\"lazy\" decoding=\"async\" width=\"100\" height=\"100\" src=\"https:\/\/walderlebnispfade.de\/wp-content\/uploads\/2026\/04\/Dusche.png\" alt=\"Dusch-Symbol\" class=\"kb-img wp-image-7711\"\/><\/figure><\/div>\n\n<\/td>\n<\/tr>\n\n<tr class=\"kb-table-row kb-table-row7969_c0d2a2-94\">\n<td class=\"kb-table-data kb-table-data7969_f45c7d-45\">\n<style>.kb-image7969_f4da34-13.kb-image-is-ratio-size, .kb-image7969_f4da34-13 .kb-image-is-ratio-size{max-width:100px;width:100%;}.wp-block-kadence-column > .kt-inside-inner-col > .kb-image7969_f4da34-13.kb-image-is-ratio-size, .wp-block-kadence-column > .kt-inside-inner-col > .kb-image7969_f4da34-13 .kb-image-is-ratio-size{align-self:unset;}.kb-image7969_f4da34-13 figure{max-width:100px;}.kb-image7969_f4da34-13 .image-is-svg, .kb-image7969_f4da34-13 .image-is-svg img{width:100%;}.kb-image7969_f4da34-13 .kb-image-has-overlay:after{opacity:0.3;}<\/style>\n<div class=\"wp-block-kadence-image kb-image7969_f4da34-13\"><figure class=\"aligncenter size-full\"><img loading=\"lazy\" decoding=\"async\" width=\"100\" height=\"100\" src=\"https:\/\/walderlebnispfade.de\/wp-content\/uploads\/2026\/04\/Strom.png\" alt=\"Strom-Symbol\" class=\"kb-img wp-image-7715\"\/><\/figure><\/div>\n\n<\/td>\n\n<td class=\"kb-table-data kb-table-data7969_3d7fef-2d\">\n<style>.kb-image7969_130d2e-8e .kb-image-has-overlay:after{opacity:0.3;}<\/style>\n<div class=\"wp-block-kadence-image kb-image7969_130d2e-8e\"><figure class=\"aligncenter size-full\"><img loading=\"lazy\" decoding=\"async\" width=\"100\" height=\"100\" src=\"https:\/\/walderlebnispfade.de\/wp-content\/uploads\/2026\/04\/Heizung.png\" alt=\"Heizungs-Symbol\" class=\"kb-img wp-image-7712\"\/><\/figure><\/div>\n\n<\/td>\n<\/tr>\n\n<tr class=\"kb-table-row kb-table-row7969_8c7852-71\">\n<td class=\"kb-table-data kb-table-data7969_c8b48c-5f\">\n<style>.kb-image7969_783979-75 .kb-image-has-overlay:after{opacity:0.3;}<\/style>\n<div class=\"wp-block-kadence-image kb-image7969_783979-75\"><figure class=\"aligncenter size-full\"><img loading=\"lazy\" decoding=\"async\" width=\"100\" height=\"100\" src=\"https:\/\/walderlebnispfade.de\/wp-content\/uploads\/2026\/04\/Kueche.png\" alt=\"K\u00fcchen-Symbol\" class=\"kb-img wp-image-7714\"\/><\/figure><\/div>\n\n<\/td>\n\n<td class=\"kb-table-data kb-table-data7969_bf9fe8-cb\">\n<style>.kb-image7969_91cc50-e9 .kb-image-has-overlay:after{opacity:0.3;}<\/style>\n<div class=\"wp-block-kadence-image kb-image7969_91cc50-e9\"><figure class=\"aligncenter size-full\"><img loading=\"lazy\" decoding=\"async\" width=\"100\" height=\"100\" src=\"https:\/\/walderlebnispfade.de\/wp-content\/uploads\/2026\/04\/WLAN.png\" alt=\"WLAN-Symbol\" class=\"kb-img wp-image-7717\"\/><\/figure><\/div>\n\n<\/td>\n<\/tr>\n<\/table><\/div><\/div><\/div>\n\n<\/div><\/div>\n<h3 class=\"wp-block-heading\">Chalet Neptuno<\/h3>\n\n<p>El Chalet Neptuno es lo mejor para las parejas: el balc\u00f3n privado tiene su propia ba\u00f1era de hidromasaje, lo que diferencia a este chalet de los dem\u00e1s. Las vistas del valle, la ducha de lluvia con efecto bosque y la c\u00f3moda cama de muelles convierten tu estancia en un retiro rom\u00e1ntico para dos. No se pueden reservar ni\u00f1os en este chalet.    <\/p>\n\n<h3 class=\"wp-block-heading\">Chalet Saturno y Chalet Urano<\/h3>\n\n<p>Los chal\u00e9s Saturno y Urano est\u00e1n pensados para familias y grupos peque\u00f1os. Los ni\u00f1os a partir de 4 a\u00f1os son bienvenidos, y el sof\u00e1 cama de lujo (2,0 \u00d7 1,40 m) ofrece espacio para dos ni\u00f1os o un adulto m\u00e1s. Aqu\u00ed se pueden alojar hasta cuatro personas. Por lo dem\u00e1s, el mobiliario es el mismo que en el chal\u00e9 Neptuno, pero sin la ba\u00f1era de hidromasaje de la terraza.     <\/p>\n<style>.wp-block-kadence-advancedheading.kt-adv-heading7969_42de7f-fa, .wp-block-kadence-advancedheading.kt-adv-heading7969_42de7f-fa[data-kb-block=\"kb-adv-heading7969_42de7f-fa\"]{font-style:normal;}.wp-block-kadence-advancedheading.kt-adv-heading7969_42de7f-fa mark.kt-highlight, .wp-block-kadence-advancedheading.kt-adv-heading7969_42de7f-fa[data-kb-block=\"kb-adv-heading7969_42de7f-fa\"] mark.kt-highlight{font-style:normal;color:#f76a0c;-webkit-box-decoration-break:clone;box-decoration-break:clone;padding-top:0px;padding-right:0px;padding-bottom:0px;padding-left:0px;}.wp-block-kadence-advancedheading.kt-adv-heading7969_42de7f-fa img.kb-inline-image, .wp-block-kadence-advancedheading.kt-adv-heading7969_42de7f-fa[data-kb-block=\"kb-adv-heading7969_42de7f-fa\"] img.kb-inline-image{width:150px;vertical-align:baseline;}<\/style>\n<h2 class=\"kt-adv-heading7969_42de7f-fa wp-block-kadence-advancedheading\" data-kb-block=\"kb-adv-heading7969_42de7f-fa\">V\u00eddeo sobre la creaci\u00f3n del Sky Chalet B\u00fchlertal<\/h2>\n\n<figure class=\"wp-block-embed is-type-video is-provider-youtube wp-block-embed-youtube wp-embed-aspect-16-9 wp-has-aspect-ratio\"><div class=\"wp-block-embed__wrapper\">\n<iframe loading=\"lazy\" hcb-fetch-image-from=\"https:\/\/youtu.be\/Mup5hKy-Nds?si=3uny5uw-bFCWwYmx\" title=\"SkyChalet im Oberen B\u00fchlertal Animation\" width=\"720\" height=\"405\" src=\"https:\/\/www.youtube.com\/embed\/Mup5hKy-Nds?feature=oembed\" frameborder=\"0\" allow=\"accelerometer; autoplay; clipboard-write; encrypted-media; gyroscope; picture-in-picture; web-share\" referrerpolicy=\"strict-origin-when-cross-origin\" allowfullscreen><\/iframe>\n<\/div><\/figure>\n\n<h2 class=\"wp-block-heading\">Informaci\u00f3n sobre Sky Chalets B\u00fchlertal<\/h2>\n\n<figure class=\"wp-block-table\"><table class=\"has-fixed-layout\"><tbody><tr><td>N\u00famero de casas en los \u00e1rboles:<\/td><td>3 casas en los \u00e1rboles sobre pilotes (hay m\u00e1s en proyecto)<\/td><\/tr><tr><td>Altura de vida:<\/td><td>a unos 4 metros del suelo<\/td><\/tr><tr><td>Capacidad:<\/td><td>hasta 4 personas  <\/td><\/tr><tr><td>Se puede reservar:<\/td><td>Todo el a\u00f1o<\/td><\/tr><tr><td>Calefacci\u00f3n:<\/td><td>S\u00ed<\/td><\/tr><tr><td>Actual:<\/td><td>S\u00ed<\/td><\/tr><tr><td>Cocina:<\/td><td>Cocina totalmente equipada.<\/td><\/tr><tr><td>Instalaciones sanitarias:<\/td><td>Ducha de lluvia, WC, secador de pelo y calentador de toallas<\/td><\/tr><tr><td>Sin barreras:<\/td><td>No<\/td><\/tr><tr><td>Se admiten perros:<\/td><td>No. Seg\u00fan el operador, a\u00fan se est\u00e1 planificando un chalet adecuado para mascotas.<\/td><\/tr><\/tbody><\/table><figcaption class=\"wp-element-caption\">Detalles sobre Sky Chalets B\u00fchlertal<\/figcaption><\/figure>\n\n<hr class=\"wp-block-separator has-alpha-channel-opacity\" style=\"margin-top:var(--wp--preset--spacing--50);margin-bottom:var(--wp--preset--spacing--50)\"\/>\n<style>.kadence-column7969_92fe43-94 > .kt-inside-inner-col{display:flex;}.kadence-column7969_92fe43-94 > .kt-inside-inner-col{padding-top:var(--global-kb-spacing-xs, 1rem);padding-right:var(--global-kb-spacing-xs, 1rem);padding-bottom:var(--global-kb-spacing-xs, 1rem);padding-left:var(--global-kb-spacing-xs, 1rem);}.kadence-column7969_92fe43-94 > .kt-inside-inner-col{box-shadow:0px 0px 14px 0px rgba(0, 0, 0, 0.2);}.kadence-column7969_92fe43-94 > .kt-inside-inner-col,.kadence-column7969_92fe43-94 > .kt-inside-inner-col:before{border-top-left-radius:0px;border-top-right-radius:0px;border-bottom-right-radius:0px;border-bottom-left-radius:0px;}.kadence-column7969_92fe43-94 > .kt-inside-inner-col{column-gap:var(--global-kb-gap-sm, 1rem);}.kadence-column7969_92fe43-94 > .kt-inside-inner-col{flex-direction:column;align-items:center;}.kadence-column7969_92fe43-94 > .kt-inside-inner-col > .kb-image-is-ratio-size{align-self:stretch;}.kadence-column7969_92fe43-94 > .kt-inside-inner-col > .wp-block-kadence-advancedgallery{align-self:stretch;}.kadence-column7969_92fe43-94 > .kt-inside-inner-col > .aligncenter{width:100%;}.kadence-column7969_92fe43-94 > .kt-inside-inner-col{background-color:var(--global-palette8, #F7FAFC);}.kadence-column7969_92fe43-94 > .kt-inside-inner-col:before{opacity:0.3;}.kadence-column7969_92fe43-94{position:relative;}@media all and (max-width: 1024px){.kadence-column7969_92fe43-94 > .kt-inside-inner-col{flex-direction:column;justify-content:center;align-items:center;}}@media all and (max-width: 767px){.kadence-column7969_92fe43-94 > .kt-inside-inner-col{flex-direction:column;justify-content:center;align-items:center;}}<\/style>\n<div class=\"wp-block-kadence-column kadence-column7969_92fe43-94\"><div class=\"kt-inside-inner-col\">\n<p class=\"has-text-align-center\">\u00bfQu\u00e9 te parece Sky Chalets B\u00fchlertal? Por favor, d\u00e9janos una opini\u00f3n.  <br\/>Nos ayudas a nosotros y a otros amantes de la naturaleza. Muchas gracias \ud83d\ude42 \u00a1!<\/p>\n\n\n\n<div class=\"wp-block-yet-another-stars-rating-visitor-votes aligncenter yasr-vv-block\"><\/div>\n\n\n\n<p>Puedes encontrar m\u00e1s aventuras emocionantes en nuestra <a href=\"https:\/\/walderlebnispfade.de\/es\/experiencias-forestales\/\" data-type=\"page\" data-id=\"228\">b\u00fasqueda de experiencias en el bosque<\/a> y en nuestro <a href=\"https:\/\/walderlebnispfade.de\/es\/vision-general-del-hotel-tree-house\/\" data-type=\"post\" data-id=\"5771\">resumen de hoteles con casas en los \u00e1rboles<\/a>.<\/p>\n<\/div><\/div>\n","protected":false},"author":2,"featured_media":7964,"comment_status":"open","ping_status":"closed","template":"","meta":{"_kad_blocks_custom_css":"","_kad_blocks_head_custom_js":"","_kad_blocks_body_custom_js":"","_kad_blocks_footer_custom_js":"","_kad_post_transparent":"","_kad_post_title":"","_kad_post_layout":"","_kad_post_sidebar_id":"","_kad_post_content_style":"","_kad_post_vertical_padding":"","_kad_post_feature":"","_kad_post_feature_position":"","_kad_post_header":false,"_kad_post_footer":false,"_kad_post_classname":"","yasr_overall_rating":0,"yasr_post_is_review":"","yasr_auto_insert_disabled":"","yasr_review_type":""},"region":[131,140],"erlebnisart":[191,194],"class_list":["post-7974","erlebnisse","type-erlebnisse","status-publish","has-post-thumbnail","hentry","region-deutschland-es","region-bw-es","erlebnisart-alojamiento","erlebnisart-hotel-en-una-casa-en-un-arbol"],"yasr_visitor_votes":{"stars_attributes":{"read_only":false,"span_bottom":false},"number_of_votes":0,"sum_votes":0},"taxonomy_info":{"region":[{"value":131,"label":"Alemania"},{"value":140,"label":"Baden-W\u00fcrttemberg"}],"erlebnisart":[{"value":191,"label":"Alojamiento"},{"value":194,"label":"Hotel en una casa en un \u00e1rbol"}]},"featured_image_src_large":["https:\/\/walderlebnispfade.de\/wp-content\/uploads\/2026\/04\/Baumhaushotel_Buehlertal-1024x576.jpg",1024,576,true],"author_info":{"display_name":"Moni","author_link":"https:\/\/walderlebnispfade.de\/es\/author\/moni\/"},"comment_info":0,"_links":{"self":[{"href":"https:\/\/walderlebnispfade.de\/es\/wp-json\/wp\/v2\/erlebnisse\/7974","targetHints":{"allow":["GET"]}}],"collection":[{"href":"https:\/\/walderlebnispfade.de\/es\/wp-json\/wp\/v2\/erlebnisse"}],"about":[{"href":"https:\/\/walderlebnispfade.de\/es\/wp-json\/wp\/v2\/types\/erlebnisse"}],"author":[{"embeddable":true,"href":"https:\/\/walderlebnispfade.de\/es\/wp-json\/wp\/v2\/users\/2"}],"replies":[{"embeddable":true,"href":"https:\/\/walderlebnispfade.de\/es\/wp-json\/wp\/v2\/comments?post=7974"}],"wp:featuredmedia":[{"embeddable":true,"href":"https:\/\/walderlebnispfade.de\/es\/wp-json\/wp\/v2\/media\/7964"}],"wp:attachment":[{"href":"https:\/\/walderlebnispfade.de\/es\/wp-json\/wp\/v2\/media?parent=7974"}],"wp:term":[{"taxonomy":"region","embeddable":true,"href":"https:\/\/walderlebnispfade.de\/es\/wp-json\/wp\/v2\/region?post=7974"},{"taxonomy":"erlebnisart","embeddable":true,"href":"https:\/\/walderlebnispfade.de\/es\/wp-json\/wp\/v2\/erlebnisart?post=7974"}],"curies":[{"name":"wp","href":"https:\/\/api.w.org\/{rel}","templated":true}]}}