{"id":5734,"date":"2024-04-24T22:25:11","date_gmt":"2024-04-24T20:25:11","guid":{"rendered":"https:\/\/walderlebnispfade.de\/erlebnisse\/parc-daccrobranche-jungfernheide\/"},"modified":"2026-04-22T11:50:32","modified_gmt":"2026-04-22T09:50:32","slug":"parc-daccrobranche-jungfernheide","status":"publish","type":"erlebnisse","link":"https:\/\/walderlebnispfade.de\/fr\/erlebnisse\/parc-daccrobranche-jungfernheide\/","title":{"rendered":"Parc d&rsquo;accrobranche Jungfernheide"},"content":{"rendered":"<style>.wp-block-kadence-advancedheading.kt-adv-heading4042_82e352-a0, .wp-block-kadence-advancedheading.kt-adv-heading4042_82e352-a0[data-kb-block=\"kb-adv-heading4042_82e352-a0\"]{font-style:normal;}.wp-block-kadence-advancedheading.kt-adv-heading4042_82e352-a0 mark.kt-highlight, .wp-block-kadence-advancedheading.kt-adv-heading4042_82e352-a0[data-kb-block=\"kb-adv-heading4042_82e352-a0\"] mark.kt-highlight{font-style:normal;color:#f76a0c;-webkit-box-decoration-break:clone;box-decoration-break:clone;padding-top:0px;padding-right:0px;padding-bottom:0px;padding-left:0px;}.wp-block-kadence-advancedheading.kt-adv-heading4042_82e352-a0 img.kb-inline-image, .wp-block-kadence-advancedheading.kt-adv-heading4042_82e352-a0[data-kb-block=\"kb-adv-heading4042_82e352-a0\"] img.kb-inline-image{width:150px;vertical-align:baseline;}<\/style>\n<h2 class=\"kt-adv-heading4042_82e352-a0 wp-block-kadence-advancedheading\" data-kb-block=\"kb-adv-heading4042_82e352-a0\">Grimper au Volkspark Jungfernheide<\/h2>\n\n<p>Le Waldhochseilgarten Jungfernheide \u00e0 Berlin est situ\u00e9 dans le Volkspark Jungfernheide, dans une for\u00eat mixte de 144 hectares compos\u00e9e de h\u00eatres, de bouleaux, de ch\u00eanes et de robiniers. Le deuxi\u00e8me plus grand parc public de Berlin invite \u00e0 la promenade et au v\u00e9lo. Le parc d\u2019accrobranche Jungfernheide utilise exclusivement du bois de robinier issu de la sylviculture contr\u00f4l\u00e9e et travaille uniquement avec des partenaires orient\u00e9s vers le d\u00e9veloppement durable afin de ne pas endommager les arbres. D\u00e9couvrez Berlin \u00e0 vol d\u2019oiseau et vivez une aventure unique dans l\u2019immense for\u00eat de cordes du Volkspark Jungfernheide.  <\/p>\n<style>.kb-table-of-content-nav.kb-table-of-content-id4042_466f6b-f9 .kb-table-of-content-wrap{padding-top:var(--global-kb-spacing-sm, 1.5rem);padding-right:var(--global-kb-spacing-sm, 1.5rem);padding-bottom:var(--global-kb-spacing-sm, 1.5rem);padding-left:var(--global-kb-spacing-sm, 1.5rem);background-color:var(--global-palette8, #F7FAFC);box-shadow:inset 0px 0px 14px 0px rgba(0, 0, 0, 0.2);}.kb-table-of-content-nav.kb-table-of-content-id4042_466f6b-f9 .kb-table-of-contents-title-wrap{padding-top:0px;padding-right:0px;padding-bottom:0px;padding-left:0px;}.kb-table-of-content-nav.kb-table-of-content-id4042_466f6b-f9 .kb-table-of-contents-title{font-weight:regular;font-style:normal;}.kb-table-of-content-nav.kb-table-of-content-id4042_466f6b-f9 .kb-table-of-content-wrap .kb-table-of-content-list{font-weight:regular;font-style:normal;margin-top:var(--global-kb-spacing-sm, 1.5rem);margin-right:0px;margin-bottom:0px;margin-left:0px;}.kb-table-of-content-nav.kb-table-of-content-id4042_466f6b-f9 .kb-toggle-icon-style-basiccircle .kb-table-of-contents-icon-trigger:after, .kb-table-of-content-nav.kb-table-of-content-id4042_466f6b-f9 .kb-toggle-icon-style-basiccircle .kb-table-of-contents-icon-trigger:before, .kb-table-of-content-nav.kb-table-of-content-id4042_466f6b-f9 .kb-toggle-icon-style-arrowcircle .kb-table-of-contents-icon-trigger:after, .kb-table-of-content-nav.kb-table-of-content-id4042_466f6b-f9 .kb-toggle-icon-style-arrowcircle .kb-table-of-contents-icon-trigger:before, .kb-table-of-content-nav.kb-table-of-content-id4042_466f6b-f9 .kb-toggle-icon-style-xclosecircle .kb-table-of-contents-icon-trigger:after, .kb-table-of-content-nav.kb-table-of-content-id4042_466f6b-f9 .kb-toggle-icon-style-xclosecircle .kb-table-of-contents-icon-trigger:before{background-color:var(--global-palette8, #F7FAFC);}<\/style>\n<p>Selon le parcours, on monte entre 3 et 17 m dans les arbres \u2013 parfaitement s\u00e9curis\u00e9, mais \u00e0 la seule force musculaire. Activit\u00e9 sportive et d\u00e9fi \u2013 un moment fort pour petits et grands.<\/p>\n\n<h3 class=\"wp-block-heading\">Informations sur la visite du parc d&rsquo;accrobranche Jungfernheide<\/h3>\n<style>.kb-row-layout-id4042_3da6ce-8f > .kt-row-column-wrap{align-content:start;}:where(.kb-row-layout-id4042_3da6ce-8f > .kt-row-column-wrap) > .wp-block-kadence-column{justify-content:start;}.kb-row-layout-id4042_3da6ce-8f > .kt-row-column-wrap{column-gap:var(--global-kb-gap-md, 2rem);row-gap:var(--global-kb-gap-md, 2rem);padding-top:var(--global-kb-spacing-sm, 1.5rem);padding-bottom:var(--global-kb-spacing-sm, 1.5rem);grid-template-columns:repeat(2, minmax(0, 1fr));}.kb-row-layout-id4042_3da6ce-8f > .kt-row-layout-overlay{opacity:0.30;}@media all and (max-width: 1024px){.kb-row-layout-id4042_3da6ce-8f > .kt-row-column-wrap{grid-template-columns:repeat(2, minmax(0, 1fr));}}@media all and (max-width: 767px){.kb-row-layout-id4042_3da6ce-8f > .kt-row-column-wrap{grid-template-columns:minmax(0, 1fr);}}<\/style><div class=\"kb-row-layout-wrap kb-row-layout-id4042_3da6ce-8f alignnone wp-block-kadence-rowlayout\"><div class=\"kt-row-column-wrap kt-has-2-columns kt-row-layout-equal kt-tab-layout-inherit kt-mobile-layout-row kt-row-valign-top\">\n<style>.kadence-column4042_dfcc71-8d > .kt-inside-inner-col,.kadence-column4042_dfcc71-8d > .kt-inside-inner-col:before{border-top-left-radius:0px;border-top-right-radius:0px;border-bottom-right-radius:0px;border-bottom-left-radius:0px;}.kadence-column4042_dfcc71-8d > .kt-inside-inner-col{column-gap:var(--global-kb-gap-sm, 1rem);}.kadence-column4042_dfcc71-8d > .kt-inside-inner-col{flex-direction:column;}.kadence-column4042_dfcc71-8d > .kt-inside-inner-col > .aligncenter{width:100%;}.kadence-column4042_dfcc71-8d > .kt-inside-inner-col:before{opacity:0.3;}.kadence-column4042_dfcc71-8d{position:relative;}@media all and (max-width: 1024px){.kadence-column4042_dfcc71-8d > .kt-inside-inner-col{flex-direction:column;justify-content:center;}}@media all and (max-width: 767px){.kadence-column4042_dfcc71-8d > .kt-inside-inner-col{flex-direction:column;justify-content:center;}}<\/style>\n<div class=\"wp-block-kadence-column kadence-column4042_dfcc71-8d\"><div class=\"kt-inside-inner-col\">\n<p>Les chiens sont autoris\u00e9s sur les sentiers principaux. Pensez toutefois \u00e0 les tenir en laisse et \u00e0 pr\u00e9voir un sac pour leurs d\u00e9jections. Il est interdit de fumer avec un baudrier ou \u00e0 proximit\u00e9. Il est \u00e9galement interdit de fumer sur l\u2019ensemble du site d\u2019accrobranche. Il y a une table pour fumeurs o\u00f9 il est possible de fumer sans harnais.    <\/p>\n\n\n\n<p>Depuis 2012, le jardin d&rsquo;\u00e9t\u00e9 du Volkspark Jungfernheide est l&rsquo;endroit id\u00e9al pour tous ceux qui veulent profiter du soleil et de la nature. Directement autour du ch\u00e2teau d&rsquo;eau historique, un bar de plage invite \u00e0 la d\u00e9tente. En plus d&rsquo;une gastronomie accessible qui vous r\u00e9galera avec des sp\u00e9cialit\u00e9s faites maison, le Sommergarten offre un cadre naturel magnifique qui invite \u00e0 la d\u00e9tente. Il y a ici suffisamment d&rsquo;espace pour laisser son esprit vagabonder et laisser le quotidien derri\u00e8re soi.   <\/p>\n<\/div><\/div>\n\n\n<style>.kadence-column4042_df9ba3-c7 > .kt-inside-inner-col,.kadence-column4042_df9ba3-c7 > .kt-inside-inner-col:before{border-top-left-radius:0px;border-top-right-radius:0px;border-bottom-right-radius:0px;border-bottom-left-radius:0px;}.kadence-column4042_df9ba3-c7 > .kt-inside-inner-col{column-gap:var(--global-kb-gap-sm, 1rem);}.kadence-column4042_df9ba3-c7 > .kt-inside-inner-col{flex-direction:column;}.kadence-column4042_df9ba3-c7 > .kt-inside-inner-col > .aligncenter{width:100%;}.kadence-column4042_df9ba3-c7 > .kt-inside-inner-col:before{opacity:0.3;}.kadence-column4042_df9ba3-c7{position:relative;}@media all and (max-width: 1024px){.kadence-column4042_df9ba3-c7 > .kt-inside-inner-col{flex-direction:column;justify-content:center;}}@media all and (max-width: 767px){.kadence-column4042_df9ba3-c7 > .kt-inside-inner-col{flex-direction:column;justify-content:center;}}<\/style>\n<div class=\"wp-block-kadence-column kadence-column4042_df9ba3-c7\"><div class=\"kt-inside-inner-col\"><style>.kb-image4042_cd309d-cf .kb-image-has-overlay:after{opacity:0.3;}<\/style>\n<figure class=\"wp-block-kadence-image kb-image4042_cd309d-cf size-full\"><img loading=\"lazy\" decoding=\"async\" width=\"1024\" height=\"576\" src=\"https:\/\/walderlebnispfade.de\/wp-content\/uploads\/2024\/04\/Waldhochseilgarten_Jungfernheide_Berlin.jpg\" alt=\"Aussicht im Waldhochseilgarten Jungfernheide Berlin\" class=\"kb-img wp-image-6621\" srcset=\"https:\/\/walderlebnispfade.de\/wp-content\/uploads\/2024\/04\/Waldhochseilgarten_Jungfernheide_Berlin.jpg 1024w, https:\/\/walderlebnispfade.de\/wp-content\/uploads\/2024\/04\/Waldhochseilgarten_Jungfernheide_Berlin-300x169.jpg 300w, https:\/\/walderlebnispfade.de\/wp-content\/uploads\/2024\/04\/Waldhochseilgarten_Jungfernheide_Berlin-768x432.jpg 768w\" sizes=\"auto, (max-width: 1024px) 100vw, 1024px\" \/><\/figure>\n<\/div><\/div>\n\n<\/div><\/div>\n<p>Que vous soyez seul \u00e0 la recherche d&rsquo;un moment de calme ou que vous souhaitiez combiner la visite avec une aventure dans le parc d&rsquo;accrobranche forestier adjacent, il y a quelque chose pour chaque besoin. Que vous vous d\u00e9tendiez au sol ou que vous preniez de la hauteur dans la cime des arbres, une chose est s\u00fbre : le bien-\u00eatre est garanti ! <\/p>\n\n<h3 class=\"wp-block-heading\">Prix et heures d\u2019ouverture 2026 Waldhochseilgarten Jungfernheide Berlin<\/h3>\n\n<p>Les prix varient entre 21 \u20ac et 33 \u20ac selon l\u2019\u00e2ge. Vous trouverez les d\u00e9tails dans l\u2019<a href=\"https:\/\/waldhochseilgarten-jungfernheide.de\/preise-und-infos\/\" data-type=\"link\" data-id=\"https:\/\/waldhochseilgarten-jungfernheide.de\/preise-und-infos\/\" target=\"_blank\" rel=\"noreferrer noopener\">aper\u00e7u des prix<\/a>. Des forfaits sp\u00e9ciaux sont disponibles pour les anniversaires d\u2019enfants et les groupes scolaires.  <\/p>\n\n<p>Le jardin d&rsquo;escalade ouvre ses portes de mars \u00e0 novembre \u00e0 des heures diff\u00e9rentes. Veuillez vous informer sur le site web indiqu\u00e9.<br\/><strong>IMPORTANT : Entr\u00e9e uniquement avec inscription en ligne sous <a href=\"https:\/\/waldhochseilgarten-jungfernheide.de\/buchung\/\" target=\"_blank\" rel=\"noreferrer noopener\">https:\/\/waldhochseilgarten-jungfernheide.de\/buchung\/<\/a><\/strong><\/p>\n<style>.kadence-column4042_749d38-05 > .kt-inside-inner-col{display:flex;}.kadence-column4042_749d38-05 > .kt-inside-inner-col{padding-top:var(--global-kb-spacing-xs, 1rem);padding-right:var(--global-kb-spacing-xs, 1rem);padding-bottom:var(--global-kb-spacing-xs, 1rem);padding-left:var(--global-kb-spacing-xs, 1rem);}.kadence-column4042_749d38-05 > .kt-inside-inner-col{box-shadow:0px 0px 14px 0px rgba(0, 0, 0, 0.2);}.kadence-column4042_749d38-05 > .kt-inside-inner-col,.kadence-column4042_749d38-05 > .kt-inside-inner-col:before{border-top-left-radius:0px;border-top-right-radius:0px;border-bottom-right-radius:0px;border-bottom-left-radius:0px;}.kadence-column4042_749d38-05 > .kt-inside-inner-col{column-gap:var(--global-kb-gap-sm, 1rem);}.kadence-column4042_749d38-05 > .kt-inside-inner-col{flex-direction:column;align-items:center;}.kadence-column4042_749d38-05 > .kt-inside-inner-col > .kb-image-is-ratio-size{align-self:stretch;}.kadence-column4042_749d38-05 > .kt-inside-inner-col > .wp-block-kadence-advancedgallery{align-self:stretch;}.kadence-column4042_749d38-05 > .kt-inside-inner-col > .aligncenter{width:100%;}.kadence-column4042_749d38-05 > .kt-inside-inner-col{background-color:var(--global-palette8, #F7FAFC);}.kadence-column4042_749d38-05 > .kt-inside-inner-col:before{opacity:0.3;}.kadence-column4042_749d38-05{position:relative;}@media all and (max-width: 1024px){.kadence-column4042_749d38-05 > .kt-inside-inner-col{flex-direction:column;justify-content:center;align-items:center;}}@media all and (max-width: 767px){.kadence-column4042_749d38-05 > .kt-inside-inner-col{flex-direction:column;justify-content:center;align-items:center;}}<\/style>\n<div class=\"wp-block-kadence-column kadence-column4042_749d38-05\"><div class=\"kt-inside-inner-col\">\n<p class=\"has-text-align-center\">Que pensez-vous du Waldhochseilgarten Jungfernheide ? Laissez-moi un commentaire.  <br\/>Vous nous aidez ainsi que d&rsquo;autres amoureux de la nature. Merci beaucoup \ud83d\ude42 ! <\/p>\n\n\n\n<div class=\"wp-block-yet-another-stars-rating-visitor-votes aligncenter yasr-vv-block\"><\/div>\n\n\n\n<p>Vous trouverez d&rsquo;autres parcours d&rsquo;accrobranche dans notre <a href=\"https:\/\/walderlebnispfade.de\/fr\/experiences-en-foret\/\" data-type=\"page\" data-id=\"228\">recherche d&rsquo;exp\u00e9riences<\/a> et dans la liste des <a href=\"https:\/\/walderlebnispfade.de\/fr\/jardins-daventure-en-allemagne\/\" data-type=\"post\" data-id=\"6522\">parcours d&rsquo;accrobranche en Allemagne<\/a>.<\/p>\n<\/div><\/div>\n<style>.wp-block-kadence-advancedheading.kt-adv-heading4042_4737e0-0d, .wp-block-kadence-advancedheading.kt-adv-heading4042_4737e0-0d[data-kb-block=\"kb-adv-heading4042_4737e0-0d\"]{font-style:normal;}.wp-block-kadence-advancedheading.kt-adv-heading4042_4737e0-0d mark.kt-highlight, .wp-block-kadence-advancedheading.kt-adv-heading4042_4737e0-0d[data-kb-block=\"kb-adv-heading4042_4737e0-0d\"] mark.kt-highlight{font-style:normal;color:#f76a0c;-webkit-box-decoration-break:clone;box-decoration-break:clone;padding-top:0px;padding-right:0px;padding-bottom:0px;padding-left:0px;}.wp-block-kadence-advancedheading.kt-adv-heading4042_4737e0-0d img.kb-inline-image, .wp-block-kadence-advancedheading.kt-adv-heading4042_4737e0-0d[data-kb-block=\"kb-adv-heading4042_4737e0-0d\"] img.kb-inline-image{width:150px;vertical-align:baseline;}<\/style>\n<h2 class=\"kt-adv-heading4042_4737e0-0d wp-block-kadence-advancedheading\" data-kb-block=\"kb-adv-heading4042_4737e0-0d\">Vid\u00e9o de pr\u00e9sentation : Parcours acrobatique en for\u00eat Jungfernheide<\/h2>\n\n<figure class=\"wp-block-embed is-type-video is-provider-youtube wp-block-embed-youtube wp-embed-aspect-16-9 wp-has-aspect-ratio\"><div class=\"wp-block-embed__wrapper\">\n<iframe loading=\"lazy\" hcb-fetch-image-from=\"https:\/\/youtu.be\/oGE85pvpd-8?si=8rG03ocIK47I-P11\" title=\"Spa\u00df im Waldhochseilgarten\" width=\"720\" height=\"405\" src=\"https:\/\/www.youtube.com\/embed\/oGE85pvpd-8?feature=oembed\" frameborder=\"0\" allow=\"accelerometer; autoplay; clipboard-write; encrypted-media; gyroscope; picture-in-picture; web-share\" referrerpolicy=\"strict-origin-when-cross-origin\" allowfullscreen><\/iframe>\n<\/div><\/figure>\n\n<p><\/p>\n","protected":false},"author":2,"featured_media":5034,"comment_status":"open","ping_status":"closed","template":"","meta":{"_kad_blocks_custom_css":"","_kad_blocks_head_custom_js":"","_kad_blocks_body_custom_js":"","_kad_blocks_footer_custom_js":"","_kad_post_transparent":"","_kad_post_title":"","_kad_post_layout":"","_kad_post_sidebar_id":"","_kad_post_content_style":"","_kad_post_vertical_padding":"","_kad_post_feature":"","_kad_post_feature_position":"","_kad_post_header":false,"_kad_post_footer":false,"_kad_post_classname":"","yasr_overall_rating":0,"yasr_post_is_review":"","yasr_auto_insert_disabled":"","yasr_review_type":"LocalBusiness"},"region":[130,145],"erlebnisart":[181,187],"class_list":["post-5734","erlebnisse","type-erlebnisse","status-publish","has-post-thumbnail","hentry","region-deutschland-fr","region-be-fr","erlebnisart-klettern-fr","erlebnisart-hochseilgarten-fr"],"yasr_visitor_votes":{"stars_attributes":{"read_only":false,"span_bottom":false},"number_of_votes":0,"sum_votes":0},"taxonomy_info":{"region":[{"value":130,"label":"Allemagne"},{"value":145,"label":"Berlin"}],"erlebnisart":[{"value":181,"label":"Escalade"},{"value":187,"label":"Parcours Accrobranche"}]},"featured_image_src_large":["https:\/\/walderlebnispfade.de\/wp-content\/uploads\/2024\/07\/Hochseilgarten_Jungfernheide-1024x576.jpg",1024,576,true],"author_info":{"display_name":"Moni","author_link":"https:\/\/walderlebnispfade.de\/fr\/author\/moni\/"},"comment_info":0,"_links":{"self":[{"href":"https:\/\/walderlebnispfade.de\/fr\/wp-json\/wp\/v2\/erlebnisse\/5734","targetHints":{"allow":["GET"]}}],"collection":[{"href":"https:\/\/walderlebnispfade.de\/fr\/wp-json\/wp\/v2\/erlebnisse"}],"about":[{"href":"https:\/\/walderlebnispfade.de\/fr\/wp-json\/wp\/v2\/types\/erlebnisse"}],"author":[{"embeddable":true,"href":"https:\/\/walderlebnispfade.de\/fr\/wp-json\/wp\/v2\/users\/2"}],"replies":[{"embeddable":true,"href":"https:\/\/walderlebnispfade.de\/fr\/wp-json\/wp\/v2\/comments?post=5734"}],"wp:featuredmedia":[{"embeddable":true,"href":"https:\/\/walderlebnispfade.de\/fr\/wp-json\/wp\/v2\/media\/5034"}],"wp:attachment":[{"href":"https:\/\/walderlebnispfade.de\/fr\/wp-json\/wp\/v2\/media?parent=5734"}],"wp:term":[{"taxonomy":"region","embeddable":true,"href":"https:\/\/walderlebnispfade.de\/fr\/wp-json\/wp\/v2\/region?post=5734"},{"taxonomy":"erlebnisart","embeddable":true,"href":"https:\/\/walderlebnispfade.de\/fr\/wp-json\/wp\/v2\/erlebnisart?post=5734"}],"curies":[{"name":"wp","href":"https:\/\/api.w.org\/{rel}","templated":true}]}}