{"id":5735,"date":"2024-04-24T21:51:09","date_gmt":"2024-04-24T19:51:09","guid":{"rendered":"https:\/\/walderlebnispfade.de\/erlebnisse\/hotel-cabane-dans-les-arbres-turisede\/"},"modified":"2026-04-22T11:53:15","modified_gmt":"2026-04-22T09:53:15","slug":"hotel-cabane-dans-les-arbres-turisede","status":"publish","type":"erlebnisse","link":"https:\/\/walderlebnispfade.de\/fr\/erlebnisse\/hotel-cabane-dans-les-arbres-turisede\/","title":{"rendered":"H\u00f4tel cabane dans les arbres Turisede"},"content":{"rendered":"<style>.wp-block-kadence-advancedheading.kt-adv-heading4032_922066-36, .wp-block-kadence-advancedheading.kt-adv-heading4032_922066-36[data-kb-block=\"kb-adv-heading4032_922066-36\"]{font-style:normal;}.wp-block-kadence-advancedheading.kt-adv-heading4032_922066-36 mark.kt-highlight, .wp-block-kadence-advancedheading.kt-adv-heading4032_922066-36[data-kb-block=\"kb-adv-heading4032_922066-36\"] mark.kt-highlight{font-style:normal;color:#f76a0c;-webkit-box-decoration-break:clone;box-decoration-break:clone;padding-top:0px;padding-right:0px;padding-bottom:0px;padding-left:0px;}.wp-block-kadence-advancedheading.kt-adv-heading4032_922066-36 img.kb-inline-image, .wp-block-kadence-advancedheading.kt-adv-heading4032_922066-36[data-kb-block=\"kb-adv-heading4032_922066-36\"] img.kb-inline-image{width:150px;vertical-align:baseline;}<\/style>\n<h2 class=\"kt-adv-heading4032_922066-36 wp-block-kadence-advancedheading\" data-kb-block=\"kb-adv-heading4032_922066-36\">Nuits d&rsquo;aventure \u00e0 l&rsquo;h\u00f4tel cabane dans les arbres<\/h2>\n\n<p>L&rsquo;h\u00f4tel de cabanes dans les arbres de Turisede, situ\u00e9 \u00e0 la fronti\u00e8re avec la Pologne, propose plus de 200 places d&rsquo;h\u00e9bergement tr\u00e8s sp\u00e9ciales. Des cabanes dans les arbres de diff\u00e9rentes tailles peuvent accueillir de 2 \u00e0 10 personnes. M\u00eame les anciens esprits insulaires de Turisede mettent \u00e0 votre disposition leurs cabanes perch\u00e9es respectives.  Si vous avez peur de l&rsquo;altitude, vous pouvez passer la nuit dans le repaire de Dragomir.<\/p>\n<style>.kb-table-of-content-nav.kb-table-of-content-id4032_ad2af5-03 .kb-table-of-content-wrap{padding-top:var(--global-kb-spacing-sm, 1.5rem);padding-right:var(--global-kb-spacing-sm, 1.5rem);padding-bottom:var(--global-kb-spacing-sm, 1.5rem);padding-left:var(--global-kb-spacing-sm, 1.5rem);background-color:var(--global-palette8, #F7FAFC);box-shadow:inset 0px 0px 14px 0px rgba(0, 0, 0, 0.2);}.kb-table-of-content-nav.kb-table-of-content-id4032_ad2af5-03 .kb-table-of-contents-title-wrap{padding-top:0px;padding-right:0px;padding-bottom:0px;padding-left:0px;}.kb-table-of-content-nav.kb-table-of-content-id4032_ad2af5-03 .kb-table-of-contents-title{font-weight:regular;font-style:normal;}.kb-table-of-content-nav.kb-table-of-content-id4032_ad2af5-03 .kb-table-of-content-wrap .kb-table-of-content-list{font-weight:regular;font-style:normal;margin-top:var(--global-kb-spacing-sm, 1.5rem);margin-right:0px;margin-bottom:0px;margin-left:0px;}.kb-table-of-content-nav.kb-table-of-content-id4032_ad2af5-03 .kb-toggle-icon-style-basiccircle .kb-table-of-contents-icon-trigger:after, .kb-table-of-content-nav.kb-table-of-content-id4032_ad2af5-03 .kb-toggle-icon-style-basiccircle .kb-table-of-contents-icon-trigger:before, .kb-table-of-content-nav.kb-table-of-content-id4032_ad2af5-03 .kb-toggle-icon-style-arrowcircle .kb-table-of-contents-icon-trigger:after, .kb-table-of-content-nav.kb-table-of-content-id4032_ad2af5-03 .kb-toggle-icon-style-arrowcircle .kb-table-of-contents-icon-trigger:before, .kb-table-of-content-nav.kb-table-of-content-id4032_ad2af5-03 .kb-toggle-icon-style-xclosecircle .kb-table-of-contents-icon-trigger:after, .kb-table-of-content-nav.kb-table-of-content-id4032_ad2af5-03 .kb-toggle-icon-style-xclosecircle .kb-table-of-contents-icon-trigger:before{background-color:var(--global-palette8, #F7FAFC);}<\/style>\n<p>Ces h\u00e9bergements uniques ont \u00e9galement \u00e9t\u00e9 r\u00e9compens\u00e9s par le prix allemand du tourisme en 2006. Certains lieux sont difficiles \u00e0 d\u00e9crire avec des mots \u2013 l&rsquo;\u00eele culturelle d&rsquo;Einsiedel est l&rsquo;un de ces endroits magiques. Pour vraiment la comprendre, il faut la voir et la vivre de ses propres yeux. <\/p>\n\n<h3 class=\"wp-block-heading\">Description de la cabane-h\u00f4tel Turisede<\/h3>\n<style>.kb-row-layout-id4032_693107-d0 > .kt-row-column-wrap{align-content:start;}:where(.kb-row-layout-id4032_693107-d0 > .kt-row-column-wrap) > .wp-block-kadence-column{justify-content:start;}.kb-row-layout-id4032_693107-d0 > .kt-row-column-wrap{column-gap:var(--global-kb-gap-md, 2rem);row-gap:var(--global-kb-gap-md, 2rem);padding-top:var(--global-kb-spacing-sm, 1.5rem);padding-bottom:var(--global-kb-spacing-sm, 1.5rem);grid-template-columns:repeat(2, minmax(0, 1fr));}.kb-row-layout-id4032_693107-d0 > .kt-row-layout-overlay{opacity:0.30;}@media all and (max-width: 1024px){.kb-row-layout-id4032_693107-d0 > .kt-row-column-wrap{grid-template-columns:repeat(2, minmax(0, 1fr));}}@media all and (max-width: 767px){.kb-row-layout-id4032_693107-d0 > .kt-row-column-wrap{grid-template-columns:minmax(0, 1fr);}}<\/style><div class=\"kb-row-layout-wrap kb-row-layout-id4032_693107-d0 alignnone wp-block-kadence-rowlayout\"><div class=\"kt-row-column-wrap kt-has-2-columns kt-row-layout-equal kt-tab-layout-inherit kt-mobile-layout-row kt-row-valign-top\">\n<style>.kadence-column4032_71d51b-f7 > .kt-inside-inner-col,.kadence-column4032_71d51b-f7 > .kt-inside-inner-col:before{border-top-left-radius:0px;border-top-right-radius:0px;border-bottom-right-radius:0px;border-bottom-left-radius:0px;}.kadence-column4032_71d51b-f7 > .kt-inside-inner-col{column-gap:var(--global-kb-gap-sm, 1rem);}.kadence-column4032_71d51b-f7 > .kt-inside-inner-col{flex-direction:column;}.kadence-column4032_71d51b-f7 > .kt-inside-inner-col > .aligncenter{width:100%;}.kadence-column4032_71d51b-f7 > .kt-inside-inner-col:before{opacity:0.3;}.kadence-column4032_71d51b-f7{position:relative;}@media all and (max-width: 1024px){.kadence-column4032_71d51b-f7 > .kt-inside-inner-col{flex-direction:column;justify-content:center;}}@media all and (max-width: 767px){.kadence-column4032_71d51b-f7 > .kt-inside-inner-col{flex-direction:column;justify-content:center;}}<\/style>\n<div class=\"wp-block-kadence-column kadence-column4032_71d51b-f7\"><div class=\"kt-inside-inner-col\">\n<p>L&rsquo;\u00eele culturelle d&rsquo;Einsiedel, avec l&rsquo;h\u00f4tel cabane dans les arbres Turisede, est situ\u00e9e dans la pittoresque Haute-Lusace, tout pr\u00e8s de G\u00f6rlitz et \u00e0 deux pas de la fronti\u00e8re polonaise. Ce qui a \u00e9t\u00e9 cr\u00e9\u00e9 ici est un v\u00e9ritable paradis pour les petits et les grands explorateurs \u2013 et ce, depuis de nombreuses ann\u00e9es. Tout a commenc\u00e9 avec quelques figurines en bois au bord de la route. Aujourd&rsquo;hui, un monde fantastique \u00e0 couper le souffle, cr\u00e9\u00e9 par de talentueux artistes du bois, attend les visiteurs. La cr\u00e9ativit\u00e9 et l&rsquo;imagination sont palpables dans chaque recoin de ce parc \u2013 et quiconque y cherche des lignes droites ou des b\u00e2timents classiques sera d\u00e9\u00e7u. Ici, chaque b\u00e2timent, chaque pont et chaque escalier est unique.     <\/p>\n<\/div><\/div>\n\n\n<style>.kadence-column4032_df796e-55 > .kt-inside-inner-col,.kadence-column4032_df796e-55 > .kt-inside-inner-col:before{border-top-left-radius:0px;border-top-right-radius:0px;border-bottom-right-radius:0px;border-bottom-left-radius:0px;}.kadence-column4032_df796e-55 > .kt-inside-inner-col{column-gap:var(--global-kb-gap-sm, 1rem);}.kadence-column4032_df796e-55 > .kt-inside-inner-col{flex-direction:column;}.kadence-column4032_df796e-55 > .kt-inside-inner-col > .aligncenter{width:100%;}.kadence-column4032_df796e-55 > .kt-inside-inner-col:before{opacity:0.3;}.kadence-column4032_df796e-55{position:relative;}@media all and (max-width: 1024px){.kadence-column4032_df796e-55 > .kt-inside-inner-col{flex-direction:column;justify-content:center;}}@media all and (max-width: 767px){.kadence-column4032_df796e-55 > .kt-inside-inner-col{flex-direction:column;justify-content:center;}}<\/style>\n<div class=\"wp-block-kadence-column kadence-column4032_df796e-55\"><div class=\"kt-inside-inner-col\"><style>.kb-image4032_6f77f1-02 .kb-image-has-overlay:after{opacity:0.3;}<\/style>\n<figure class=\"wp-block-kadence-image kb-image4032_6f77f1-02 size-full\"><img loading=\"lazy\" decoding=\"async\" width=\"1024\" height=\"576\" src=\"https:\/\/walderlebnispfade.de\/wp-content\/uploads\/2024\/04\/Baumhaushotel_Turisede_Ansicht.jpg\" alt=\"Baumhaushotel Turisede Ansicht\" class=\"kb-img wp-image-6665\" srcset=\"https:\/\/walderlebnispfade.de\/wp-content\/uploads\/2024\/04\/Baumhaushotel_Turisede_Ansicht.jpg 1024w, https:\/\/walderlebnispfade.de\/wp-content\/uploads\/2024\/04\/Baumhaushotel_Turisede_Ansicht-300x169.jpg 300w, https:\/\/walderlebnispfade.de\/wp-content\/uploads\/2024\/04\/Baumhaushotel_Turisede_Ansicht-768x432.jpg 768w\" sizes=\"auto, (max-width: 1024px) 100vw, 1024px\" \/><\/figure>\n<\/div><\/div>\n\n<\/div><\/div>\n<h3 class=\"wp-block-heading\">Autres attractions de l&rsquo;\u00eele culturelle d&rsquo;Einsiedel  <\/h3>\n<style>.kb-row-layout-id4032_209abb-1e > .kt-row-column-wrap{align-content:start;}:where(.kb-row-layout-id4032_209abb-1e > .kt-row-column-wrap) > .wp-block-kadence-column{justify-content:start;}.kb-row-layout-id4032_209abb-1e > .kt-row-column-wrap{column-gap:var(--global-kb-gap-md, 2rem);row-gap:var(--global-kb-gap-md, 2rem);padding-top:var(--global-kb-spacing-sm, 1.5rem);padding-bottom:var(--global-kb-spacing-sm, 1.5rem);grid-template-columns:repeat(2, minmax(0, 1fr));}.kb-row-layout-id4032_209abb-1e > .kt-row-layout-overlay{opacity:0.30;}@media all and (max-width: 1024px){.kb-row-layout-id4032_209abb-1e > .kt-row-column-wrap{grid-template-columns:repeat(2, minmax(0, 1fr));}}@media all and (max-width: 767px){.kb-row-layout-id4032_209abb-1e > .kt-row-column-wrap{grid-template-columns:minmax(0, 1fr);}}<\/style><div class=\"kb-row-layout-wrap kb-row-layout-id4032_209abb-1e alignnone wp-block-kadence-rowlayout\"><div class=\"kt-row-column-wrap kt-has-2-columns kt-row-layout-equal kt-tab-layout-inherit kt-mobile-layout-row kt-row-valign-top\">\n<style>.kadence-column4032_eeb6e9-3a > .kt-inside-inner-col,.kadence-column4032_eeb6e9-3a > .kt-inside-inner-col:before{border-top-left-radius:0px;border-top-right-radius:0px;border-bottom-right-radius:0px;border-bottom-left-radius:0px;}.kadence-column4032_eeb6e9-3a > .kt-inside-inner-col{column-gap:var(--global-kb-gap-sm, 1rem);}.kadence-column4032_eeb6e9-3a > .kt-inside-inner-col{flex-direction:column;}.kadence-column4032_eeb6e9-3a > .kt-inside-inner-col > .aligncenter{width:100%;}.kadence-column4032_eeb6e9-3a > .kt-inside-inner-col:before{opacity:0.3;}.kadence-column4032_eeb6e9-3a{position:relative;}@media all and (max-width: 1024px){.kadence-column4032_eeb6e9-3a > .kt-inside-inner-col{flex-direction:column;justify-content:center;}}@media all and (max-width: 767px){.kadence-column4032_eeb6e9-3a > .kt-inside-inner-col{flex-direction:column;justify-content:center;}}<\/style>\n<div class=\"wp-block-kadence-column kadence-column4032_eeb6e9-3a\"><div class=\"kt-inside-inner-col\">\n<p>L&rsquo;\u00eele culturelle d&rsquo;Einsiedel est un v\u00e9ritable terrain d&rsquo;aventure : des ponts inclin\u00e9s traversent les arbres et enjambent les maisons, des kilom\u00e8tres de tunnels invitent \u00e0 ramper ou \u00e0 marcher debout. Un ch\u00e2teau imposant, un bateau et un fascinant labyrinthe de chemins font battre le c\u0153ur des aventuriers. Ce parc est un v\u00e9ritable terrain de jeu pour les familles \u2013 plein de surprises et de d\u00e9couvertes.  <\/p>\n\n\n\n<p>Mais les attractions ne sont pas tout ce que l&rsquo;\u00eele culturelle a \u00e0 offrir. Parmi les arbres verts vivent de nombreux animaux qui rendent le monde de Turisede encore plus vivant. Des vaches et des ch\u00e8vres broutent sur les toits, des paons se pavanent dans les arbres et un \u00e2ne vous r\u00e9veille le matin avec ses cris bruyants. Des \u00e9cureuils s&rsquo;\u00e9lancent \u00e9galement dans les branches et des oiseaux emplissent l&rsquo;air de leurs chants. C&rsquo;est un endroit o\u00f9 l&rsquo;on peut non seulement vivre des aventures, mais aussi profiter de la nature dans ce qu&rsquo;elle a de plus beau.    <\/p>\n<\/div><\/div>\n\n\n<style>.kadence-column4032_bc8455-12 > .kt-inside-inner-col,.kadence-column4032_bc8455-12 > .kt-inside-inner-col:before{border-top-left-radius:0px;border-top-right-radius:0px;border-bottom-right-radius:0px;border-bottom-left-radius:0px;}.kadence-column4032_bc8455-12 > .kt-inside-inner-col{column-gap:var(--global-kb-gap-sm, 1rem);}.kadence-column4032_bc8455-12 > .kt-inside-inner-col{flex-direction:column;}.kadence-column4032_bc8455-12 > .kt-inside-inner-col > .aligncenter{width:100%;}.kadence-column4032_bc8455-12 > .kt-inside-inner-col:before{opacity:0.3;}.kadence-column4032_bc8455-12{position:relative;}@media all and (max-width: 1024px){.kadence-column4032_bc8455-12 > .kt-inside-inner-col{flex-direction:column;justify-content:center;}}@media all and (max-width: 767px){.kadence-column4032_bc8455-12 > .kt-inside-inner-col{flex-direction:column;justify-content:center;}}<\/style>\n<div class=\"wp-block-kadence-column kadence-column4032_bc8455-12\"><div class=\"kt-inside-inner-col\"><style>.wp-block-kadence-advancedheading.kt-adv-heading4032_cb3a92-e6, .wp-block-kadence-advancedheading.kt-adv-heading4032_cb3a92-e6[data-kb-block=\"kb-adv-heading4032_cb3a92-e6\"]{text-align:center;font-style:normal;}.wp-block-kadence-advancedheading.kt-adv-heading4032_cb3a92-e6 mark.kt-highlight, .wp-block-kadence-advancedheading.kt-adv-heading4032_cb3a92-e6[data-kb-block=\"kb-adv-heading4032_cb3a92-e6\"] mark.kt-highlight{font-style:normal;color:#f76a0c;-webkit-box-decoration-break:clone;box-decoration-break:clone;padding-top:0px;padding-right:0px;padding-bottom:0px;padding-left:0px;}.wp-block-kadence-advancedheading.kt-adv-heading4032_cb3a92-e6 img.kb-inline-image, .wp-block-kadence-advancedheading.kt-adv-heading4032_cb3a92-e6[data-kb-block=\"kb-adv-heading4032_cb3a92-e6\"] img.kb-inline-image{width:150px;vertical-align:baseline;}<\/style>\n<h4 class=\"kt-adv-heading4032_cb3a92-e6 wp-block-kadence-advancedheading\" data-kb-block=\"kb-adv-heading4032_cb3a92-e6\">Aper\u00e7u des \u00e9quipements :<\/h4>\n\n\n<style>.kb-table-container4032_33441a-f0{overflow-x:auto;}.kb-table-container .kb-table4032_33441a-f0 th{padding-top:var(--global-kb-spacing-xxs, 0.5rem);padding-right:var(--global-kb-spacing-xxs, 0.5rem);padding-bottom:var(--global-kb-spacing-xxs, 0.5rem);padding-left:var(--global-kb-spacing-xxs, 0.5rem);text-align:center;}.kb-table-container .kb-table4032_33441a-f0 caption{text-align:center;}.kb-table-container .kb-table4032_33441a-f0 td{padding-top:var(--global-kb-spacing-xxs, 0.5rem);padding-right:var(--global-kb-spacing-xxs, 0.5rem);padding-bottom:var(--global-kb-spacing-xxs, 0.5rem);padding-left:var(--global-kb-spacing-xxs, 0.5rem);text-align:left;}<\/style><div class=\"kb-table-container kb-table-container4032_33441a-f0 wp-block-kadence-table\"><table class=\"kb-table kb-table4032_33441a-f0\">\n<tr class=\"kb-table-row kb-table-row4032_dae7c1-54\">\n<td class=\"kb-table-data kb-table-data4032_c7cddc-91\">\n<style>.kb-image4032_04b698-3f .kb-image-has-overlay:after{opacity:0.3;}<\/style>\n<div class=\"wp-block-kadence-image kb-image4032_04b698-3f\"><figure class=\"aligncenter size-full\"><img loading=\"lazy\" decoding=\"async\" width=\"100\" height=\"100\" src=\"https:\/\/walderlebnispfade.de\/wp-content\/uploads\/2026\/04\/WC.png\" alt=\"WC-Symbol\" class=\"kb-img wp-image-7716\"\/><\/figure><\/div>\n\n<\/td>\n\n<td class=\"kb-table-data kb-table-data4032_6dc20c-0f\">\n<style>.kb-image4032_ce1d71-b9 .kb-image-has-overlay:after{opacity:0.3;}<\/style>\n<div class=\"wp-block-kadence-image kb-image4032_ce1d71-b9\"><figure class=\"aligncenter size-full\"><img loading=\"lazy\" decoding=\"async\" width=\"100\" height=\"100\" src=\"https:\/\/walderlebnispfade.de\/wp-content\/uploads\/2026\/04\/Dusche.png\" alt=\"Dusch-Symbol\" class=\"kb-img wp-image-7711\"\/><\/figure><\/div>\n\n<\/td>\n<\/tr>\n\n<tr class=\"kb-table-row kb-table-row4032_e01c67-92\">\n<td class=\"kb-table-data kb-table-data4032_977fe5-d5\">\n<style>.kb-image4032_553ebb-ea.kb-image-is-ratio-size, .kb-image4032_553ebb-ea .kb-image-is-ratio-size{max-width:100px;width:100%;}.wp-block-kadence-column > .kt-inside-inner-col > .kb-image4032_553ebb-ea.kb-image-is-ratio-size, .wp-block-kadence-column > .kt-inside-inner-col > .kb-image4032_553ebb-ea .kb-image-is-ratio-size{align-self:unset;}.kb-image4032_553ebb-ea figure{max-width:100px;}.kb-image4032_553ebb-ea .image-is-svg, .kb-image4032_553ebb-ea .image-is-svg img{width:100%;}.kb-image4032_553ebb-ea .kb-image-has-overlay:after{opacity:0.3;}<\/style>\n<div class=\"wp-block-kadence-image kb-image4032_553ebb-ea\"><figure class=\"aligncenter size-full\"><img loading=\"lazy\" decoding=\"async\" width=\"100\" height=\"100\" src=\"https:\/\/walderlebnispfade.de\/wp-content\/uploads\/2026\/04\/Strom.png\" alt=\"Strom-Symbol\" class=\"kb-img wp-image-7715\"\/><\/figure><\/div>\n\n<\/td>\n\n<td class=\"kb-table-data kb-table-data4032_2605ea-18\">\n<style>.kb-image4032_6ea36e-21 .kb-image-has-overlay:after{opacity:0.3;}<\/style>\n<div class=\"wp-block-kadence-image kb-image4032_6ea36e-21\"><figure class=\"aligncenter size-full\"><img loading=\"lazy\" decoding=\"async\" width=\"100\" height=\"100\" src=\"https:\/\/walderlebnispfade.de\/wp-content\/uploads\/2026\/04\/Heizung.png\" alt=\"Heizungs-Symbol\" class=\"kb-img wp-image-7712\"\/><\/figure><\/div>\n\n<\/td>\n<\/tr>\n<\/table><\/div><\/div><\/div>\n\n<\/div><\/div>\n<p>Donc, si vous \u00eates \u00e0 la recherche d&rsquo;un endroit plein d&rsquo;imagination, de cr\u00e9ativit\u00e9 et d&rsquo;exp\u00e9riences inoubliables, l&rsquo;\u00eele culturelle d&rsquo;Einsiedel est l&rsquo;endroit parfait pour une sortie. Ici, chaque visite se transforme en une aventure inoubliable pour toute la famille. <\/p>\n\n<p>Les prix varient bien s\u00fbr en fonction de la saison, de la dur\u00e9e du s\u00e9jour et de la cabane dans les arbres souhait\u00e9e. La saison 2025 d\u00e9bute en avril. Vous pouvez r\u00e9server <a href=\"https:\/\/www.turisede.com\/baumhaushotel-erlebnisnaechte\/buchungs-kalender.html\" data-type=\"link\" data-id=\"https:\/\/www.turisede.com\/baumhaushotel-erlebnisnaechte\/buchungs-kalender.html\" target=\"_blank\" rel=\"noreferrer noopener\">ici<\/a>.  <\/p>\n<style>.wp-block-kadence-advancedheading.kt-adv-heading4032_f09af4-80, .wp-block-kadence-advancedheading.kt-adv-heading4032_f09af4-80[data-kb-block=\"kb-adv-heading4032_f09af4-80\"]{font-style:normal;}.wp-block-kadence-advancedheading.kt-adv-heading4032_f09af4-80 mark.kt-highlight, .wp-block-kadence-advancedheading.kt-adv-heading4032_f09af4-80[data-kb-block=\"kb-adv-heading4032_f09af4-80\"] mark.kt-highlight{font-style:normal;color:#f76a0c;-webkit-box-decoration-break:clone;box-decoration-break:clone;padding-top:0px;padding-right:0px;padding-bottom:0px;padding-left:0px;}.wp-block-kadence-advancedheading.kt-adv-heading4032_f09af4-80 img.kb-inline-image, .wp-block-kadence-advancedheading.kt-adv-heading4032_f09af4-80[data-kb-block=\"kb-adv-heading4032_f09af4-80\"] img.kb-inline-image{width:150px;vertical-align:baseline;}<\/style>\n<h2 class=\"kt-adv-heading4032_f09af4-80 wp-block-kadence-advancedheading\" data-kb-block=\"kb-adv-heading4032_f09af4-80\">Vid\u00e9o de pr\u00e9sentation : H\u00f4tel cabane dans les arbres Turisede<\/h2>\n\n<figure class=\"wp-block-embed is-type-video is-provider-youtube wp-block-embed-youtube wp-embed-aspect-16-9 wp-has-aspect-ratio\"><div class=\"wp-block-embed__wrapper\">\n<iframe loading=\"lazy\" hcb-fetch-image-from=\"https:\/\/youtu.be\/5tB5XIX8A2c?si=osc0m-2iNxo6RDx8\" title=\"Das Inselbaumhaus - Kulturinsel Einsiedel\" width=\"720\" height=\"405\" src=\"https:\/\/www.youtube.com\/embed\/5tB5XIX8A2c?feature=oembed\" frameborder=\"0\" allow=\"accelerometer; autoplay; clipboard-write; encrypted-media; gyroscope; picture-in-picture; web-share\" referrerpolicy=\"strict-origin-when-cross-origin\" allowfullscreen><\/iframe>\n<\/div><\/figure>\n\n<h2 class=\"wp-block-heading\">Informations sur l&rsquo;h\u00f4tel de cabanes dans les arbres Turisede<\/h2>\n\n<figure class=\"wp-block-table\"><table class=\"has-fixed-layout\"><tbody><tr><td>Nombre de cabanes dans les arbres :<\/td><td>9 Cabanes dans les arbres \/ cabanes au sommet<\/td><\/tr><tr><td>Hauteur de vie :<\/td><td>8-10 m\u00e8tres, acc\u00e8s par un escalier<\/td><\/tr><tr><td>Capacit\u00e9 :<\/td><td>4-6 personnes<\/td><\/tr><tr><td>R\u00e9servable :<\/td><td>Avril \u00e0 novembre<\/td><\/tr><tr><td>Chauffage :<\/td><td>Le chauffage \u00e9lectrique est disponible.<\/td><\/tr><tr><td>\u00e9lectricit\u00e9 :<\/td><td>Oui<\/td><\/tr><tr><td>Cuisine :<\/td><td>Variable : Coin cuisine partiel<\/td><\/tr><tr><td>les installations sanitaires:<\/td><td>Variable : mini-toilettes ou bain et douche<\/td><\/tr><tr><td>Accessible aux personnes handicap\u00e9es :<\/td><td>Non, car l&rsquo;acc\u00e8s n&rsquo;est possible que par l&rsquo;escalier.<\/td><\/tr><tr><td>Chiens admis:<\/td><td>Non, les chiens ne sont pas autoris\u00e9s dans la cabane dans les arbres.<\/td><\/tr><\/tbody><\/table><figcaption class=\"wp-element-caption\">D\u00e9tails de Baumhotel Turisede<\/figcaption><\/figure>\n\n<hr class=\"wp-block-separator has-alpha-channel-opacity\" style=\"margin-top:var(--wp--preset--spacing--50);margin-bottom:var(--wp--preset--spacing--50)\"\/>\n<style>.kadence-column4032_ab40fb-ac > .kt-inside-inner-col{display:flex;}.kadence-column4032_ab40fb-ac > .kt-inside-inner-col{padding-top:var(--global-kb-spacing-xs, 1rem);padding-right:var(--global-kb-spacing-xs, 1rem);padding-bottom:var(--global-kb-spacing-xs, 1rem);padding-left:var(--global-kb-spacing-xs, 1rem);}.kadence-column4032_ab40fb-ac > .kt-inside-inner-col{box-shadow:0px 0px 14px 0px rgba(0, 0, 0, 0.2);}.kadence-column4032_ab40fb-ac > .kt-inside-inner-col,.kadence-column4032_ab40fb-ac > .kt-inside-inner-col:before{border-top-left-radius:0px;border-top-right-radius:0px;border-bottom-right-radius:0px;border-bottom-left-radius:0px;}.kadence-column4032_ab40fb-ac > .kt-inside-inner-col{column-gap:var(--global-kb-gap-sm, 1rem);}.kadence-column4032_ab40fb-ac > .kt-inside-inner-col{flex-direction:column;align-items:center;}.kadence-column4032_ab40fb-ac > .kt-inside-inner-col > .kb-image-is-ratio-size{align-self:stretch;}.kadence-column4032_ab40fb-ac > .kt-inside-inner-col > .wp-block-kadence-advancedgallery{align-self:stretch;}.kadence-column4032_ab40fb-ac > .kt-inside-inner-col > .aligncenter{width:100%;}.kadence-column4032_ab40fb-ac > .kt-inside-inner-col{background-color:var(--global-palette8, #F7FAFC);}.kadence-column4032_ab40fb-ac > .kt-inside-inner-col:before{opacity:0.3;}.kadence-column4032_ab40fb-ac{position:relative;}@media all and (max-width: 1024px){.kadence-column4032_ab40fb-ac > .kt-inside-inner-col{flex-direction:column;justify-content:center;align-items:center;}}@media all and (max-width: 767px){.kadence-column4032_ab40fb-ac > .kt-inside-inner-col{flex-direction:column;justify-content:center;align-items:center;}}<\/style>\n<div class=\"wp-block-kadence-column kadence-column4032_ab40fb-ac\"><div class=\"kt-inside-inner-col\">\n<p class=\"has-text-align-center\">Que pensez-vous de l&rsquo;h\u00f4tel cabane dans les arbres Turisede ? Laissez-nous une \u00e9valuation, s&rsquo;il vous pla\u00eet.  <br\/>Vous nous aidez ainsi que d&rsquo;autres amoureux de la nature. Merci beaucoup \ud83d\ude42 ! <\/p>\n\n\n\n<div class=\"wp-block-yet-another-stars-rating-visitor-votes aligncenter yasr-vv-block\"><\/div>\n\n\n\n<p>Vous trouverez d&rsquo;autres aventures passionnantes dans notre <a href=\"https:\/\/walderlebnispfade.de\/fr\/experiences-en-foret\/\" data-type=\"page\" data-id=\"228\">recherche d&rsquo;exp\u00e9riences en for\u00eat<\/a> et dans notre <a href=\"https:\/\/walderlebnispfade.de\/fr\/apercu-des-hotels-de-cabanes-dans-les-arbres\/\" data-type=\"post\" data-id=\"5771\">aper\u00e7u des h\u00f4tels dans les arbres<\/a>!<\/p>\n<\/div><\/div>\n\n<hr class=\"wp-block-separator has-alpha-channel-opacity\" style=\"margin-top:var(--wp--preset--spacing--50);margin-bottom:var(--wp--preset--spacing--50)\"\/>\n\n<p><\/p>\n","protected":false},"author":2,"featured_media":4882,"comment_status":"open","ping_status":"closed","template":"","meta":{"_kad_blocks_custom_css":"","_kad_blocks_head_custom_js":"","_kad_blocks_body_custom_js":"","_kad_blocks_footer_custom_js":"","_kad_post_transparent":"","_kad_post_title":"","_kad_post_layout":"","_kad_post_sidebar_id":"","_kad_post_content_style":"","_kad_post_vertical_padding":"","_kad_post_feature":"","_kad_post_feature_position":"","_kad_post_header":false,"_kad_post_footer":false,"_kad_post_classname":"","yasr_overall_rating":0,"yasr_post_is_review":"yes","yasr_auto_insert_disabled":"","yasr_review_type":"LocalBusiness"},"region":[130,151],"erlebnisart":[190,193],"class_list":["post-5735","erlebnisse","type-erlebnisse","status-publish","has-post-thumbnail","hentry","region-deutschland-fr","region-sn-fr","erlebnisart-hebergement","erlebnisart-hotel-dans-les-arbres"],"yasr_visitor_votes":{"stars_attributes":{"read_only":false,"span_bottom":false},"number_of_votes":0,"sum_votes":0},"taxonomy_info":{"region":[{"value":130,"label":"Allemagne"},{"value":151,"label":"Sachsen"}],"erlebnisart":[{"value":190,"label":"H\u00e9bergement"},{"value":193,"label":"H\u00f4tel dans les arbres"}]},"featured_image_src_large":["https:\/\/walderlebnispfade.de\/wp-content\/uploads\/2024\/07\/Baumhaushotel_Turisede-1024x576.jpg",1024,576,true],"author_info":{"display_name":"Moni","author_link":"https:\/\/walderlebnispfade.de\/fr\/author\/moni\/"},"comment_info":0,"_links":{"self":[{"href":"https:\/\/walderlebnispfade.de\/fr\/wp-json\/wp\/v2\/erlebnisse\/5735","targetHints":{"allow":["GET"]}}],"collection":[{"href":"https:\/\/walderlebnispfade.de\/fr\/wp-json\/wp\/v2\/erlebnisse"}],"about":[{"href":"https:\/\/walderlebnispfade.de\/fr\/wp-json\/wp\/v2\/types\/erlebnisse"}],"author":[{"embeddable":true,"href":"https:\/\/walderlebnispfade.de\/fr\/wp-json\/wp\/v2\/users\/2"}],"replies":[{"embeddable":true,"href":"https:\/\/walderlebnispfade.de\/fr\/wp-json\/wp\/v2\/comments?post=5735"}],"wp:featuredmedia":[{"embeddable":true,"href":"https:\/\/walderlebnispfade.de\/fr\/wp-json\/wp\/v2\/media\/4882"}],"wp:attachment":[{"href":"https:\/\/walderlebnispfade.de\/fr\/wp-json\/wp\/v2\/media?parent=5735"}],"wp:term":[{"taxonomy":"region","embeddable":true,"href":"https:\/\/walderlebnispfade.de\/fr\/wp-json\/wp\/v2\/region?post=5735"},{"taxonomy":"erlebnisart","embeddable":true,"href":"https:\/\/walderlebnispfade.de\/fr\/wp-json\/wp\/v2\/erlebnisart?post=5735"}],"curies":[{"name":"wp","href":"https:\/\/api.w.org\/{rel}","templated":true}]}}