{"id":5738,"date":"2024-04-04T20:21:09","date_gmt":"2024-04-04T18:21:09","guid":{"rendered":"https:\/\/walderlebnispfade.de\/erlebnisse\/sentier-de-la-cime-des-arbres-beelitz-heilstaetten\/"},"modified":"2026-04-22T11:53:59","modified_gmt":"2026-04-22T09:53:59","slug":"sentier-de-la-cime-des-arbres-beelitz-heilstaetten","status":"publish","type":"erlebnisse","link":"https:\/\/walderlebnispfade.de\/fr\/erlebnisse\/sentier-de-la-cime-des-arbres-beelitz-heilstaetten\/","title":{"rendered":"Sentier de la cime des arbres Beelitz-Heilst\u00e4tten"},"content":{"rendered":"<style>.kb-row-layout-id1591_88f261-da > .kt-row-column-wrap{align-content:start;}:where(.kb-row-layout-id1591_88f261-da > .kt-row-column-wrap) > .wp-block-kadence-column{justify-content:start;}.kb-row-layout-id1591_88f261-da > .kt-row-column-wrap{column-gap:var(--global-kb-gap-md, 2rem);row-gap:var(--global-kb-gap-md, 2rem);padding-top:var(--global-kb-spacing-sm, 1.5rem);padding-bottom:var(--global-kb-spacing-sm, 1.5rem);grid-template-columns:minmax(0, 1fr);}.kb-row-layout-id1591_88f261-da > .kt-row-layout-overlay{opacity:0.30;}@media all and (max-width: 1024px){.kb-row-layout-id1591_88f261-da > .kt-row-column-wrap{grid-template-columns:minmax(0, 1fr);}}@media all and (max-width: 767px){.kb-row-layout-id1591_88f261-da > .kt-row-column-wrap{grid-template-columns:minmax(0, 1fr);}}<\/style><div class=\"kb-row-layout-wrap kb-row-layout-id1591_88f261-da alignnone wp-block-kadence-rowlayout\"><div class=\"kt-row-column-wrap kt-has-1-columns kt-row-layout-equal kt-tab-layout-inherit kt-mobile-layout-row kt-row-valign-top\">\n<style>.kadence-column1591_7fcc88-8a > .kt-inside-inner-col,.kadence-column1591_7fcc88-8a > .kt-inside-inner-col:before{border-top-left-radius:0px;border-top-right-radius:0px;border-bottom-right-radius:0px;border-bottom-left-radius:0px;}.kadence-column1591_7fcc88-8a > .kt-inside-inner-col{column-gap:var(--global-kb-gap-sm, 1rem);}.kadence-column1591_7fcc88-8a > .kt-inside-inner-col{flex-direction:column;}.kadence-column1591_7fcc88-8a > .kt-inside-inner-col > .aligncenter{width:100%;}.kadence-column1591_7fcc88-8a > .kt-inside-inner-col:before{opacity:0.3;}.kadence-column1591_7fcc88-8a{position:relative;}@media all and (max-width: 1024px){.kadence-column1591_7fcc88-8a > .kt-inside-inner-col{flex-direction:column;justify-content:center;}}@media all and (max-width: 767px){.kadence-column1591_7fcc88-8a > .kt-inside-inner-col{flex-direction:column;justify-content:center;}}<\/style>\n<div class=\"wp-block-kadence-column kadence-column1591_7fcc88-8a\"><div class=\"kt-inside-inner-col\"><style>.wp-block-kadence-advancedheading.kt-adv-heading1591_672ef1-f2, .wp-block-kadence-advancedheading.kt-adv-heading1591_672ef1-f2[data-kb-block=\"kb-adv-heading1591_672ef1-f2\"]{font-style:normal;}.wp-block-kadence-advancedheading.kt-adv-heading1591_672ef1-f2 mark.kt-highlight, .wp-block-kadence-advancedheading.kt-adv-heading1591_672ef1-f2[data-kb-block=\"kb-adv-heading1591_672ef1-f2\"] mark.kt-highlight{font-style:normal;color:#f76a0c;-webkit-box-decoration-break:clone;box-decoration-break:clone;padding-top:0px;padding-right:0px;padding-bottom:0px;padding-left:0px;}.wp-block-kadence-advancedheading.kt-adv-heading1591_672ef1-f2 img.kb-inline-image, .wp-block-kadence-advancedheading.kt-adv-heading1591_672ef1-f2[data-kb-block=\"kb-adv-heading1591_672ef1-f2\"] img.kb-inline-image{width:150px;vertical-align:baseline;}<\/style>\n<h2 class=\"kt-adv-heading1591_672ef1-f2 wp-block-kadence-advancedheading\" data-kb-block=\"kb-adv-heading1591_672ef1-f2\">L\u2019unique sentier de la canop\u00e9e et de voyage dans le temps d\u2019Allemagne<\/h2>\n\n\n\n<p>Ouvert en 2015, le sentier de la canop\u00e9e de Beelitz, dans le Brandebourg, offre sur plus de 700 m\u00e8tres un aper\u00e7u de la for\u00eat et des ruines des thermes de Beelitz. Avec des plateformes d&rsquo;observation et une tour de 40 m\u00e8tres de haut, il permet d&rsquo;avoir une vue panoramique jusqu&rsquo;\u00e0 Berlin. Apr\u00e8s un agrandissement en 2020, il proposera \u00e9galement de nouvelles attractions comme un hamac g\u00e9ant et un sky boa.<\/p>\n\n\n<style>.kb-table-of-content-nav.kb-table-of-content-id1591_b10ec1-40 .kb-table-of-content-wrap{padding-top:var(--global-kb-spacing-sm, 1.5rem);padding-right:var(--global-kb-spacing-sm, 1.5rem);padding-bottom:var(--global-kb-spacing-sm, 1.5rem);padding-left:var(--global-kb-spacing-sm, 1.5rem);background-color:var(--global-palette8, #F7FAFC);box-shadow:inset 0px 0px 14px 0px rgba(0, 0, 0, 0.2);}.kb-table-of-content-nav.kb-table-of-content-id1591_b10ec1-40 .kb-table-of-contents-title-wrap{padding-top:0px;padding-right:0px;padding-bottom:0px;padding-left:0px;}.kb-table-of-content-nav.kb-table-of-content-id1591_b10ec1-40 .kb-table-of-contents-title{font-weight:regular;font-style:normal;}.kb-table-of-content-nav.kb-table-of-content-id1591_b10ec1-40 .kb-table-of-content-wrap .kb-table-of-content-list{font-weight:regular;font-style:normal;margin-top:var(--global-kb-spacing-sm, 1.5rem);margin-right:0px;margin-bottom:0px;margin-left:0px;}.kb-table-of-content-nav.kb-table-of-content-id1591_b10ec1-40 .kb-toggle-icon-style-basiccircle .kb-table-of-contents-icon-trigger:after, .kb-table-of-content-nav.kb-table-of-content-id1591_b10ec1-40 .kb-toggle-icon-style-basiccircle .kb-table-of-contents-icon-trigger:before, .kb-table-of-content-nav.kb-table-of-content-id1591_b10ec1-40 .kb-toggle-icon-style-arrowcircle .kb-table-of-contents-icon-trigger:after, .kb-table-of-content-nav.kb-table-of-content-id1591_b10ec1-40 .kb-toggle-icon-style-arrowcircle .kb-table-of-contents-icon-trigger:before, .kb-table-of-content-nav.kb-table-of-content-id1591_b10ec1-40 .kb-toggle-icon-style-xclosecircle .kb-table-of-contents-icon-trigger:after, .kb-table-of-content-nav.kb-table-of-content-id1591_b10ec1-40 .kb-toggle-icon-style-xclosecircle .kb-table-of-contents-icon-trigger:before{background-color:var(--global-palette8, #F7FAFC);}<\/style>\n\n\n<p>Il fait partie d&rsquo;un complexe historique construit \u00e0 l&rsquo;origine comme sanatorium. Les Beelitz-Heilst\u00e4tten sont connus pour leurs vastes b\u00e2timents, parfois en ruine, construits au d\u00e9but du 20e si\u00e8cle pour traiter les maladies pulmonaires comme la tuberculose. Apr\u00e8s la fin de la Seconde Guerre mondiale, les sanatoriums ont \u00e9t\u00e9 utilis\u00e9s par l&rsquo;arm\u00e9e sovi\u00e9tique et sont ensuite longtemps tomb\u00e9s en sommeil.<\/p>\n\n\n<style>.kb-image1591_99b21a-18 .kb-image-has-overlay:after{opacity:0.3;}<\/style>\n<div class=\"wp-block-kadence-image kb-image1591_99b21a-18\"><figure class=\"aligncenter size-full\"><img loading=\"lazy\" decoding=\"async\" width=\"1024\" height=\"683\" src=\"https:\/\/walderlebnispfade.de\/wp-content\/uploads\/2024\/04\/Baumkronenpfad_Beelitz_Heilstaetten.jpg\" alt=\"Baumkronenpfad Beelitz-Heilst\u00e4tten\" class=\"kb-img wp-image-7412\" srcset=\"https:\/\/walderlebnispfade.de\/wp-content\/uploads\/2024\/04\/Baumkronenpfad_Beelitz_Heilstaetten.jpg 1024w, https:\/\/walderlebnispfade.de\/wp-content\/uploads\/2024\/04\/Baumkronenpfad_Beelitz_Heilstaetten-300x200.jpg 300w, https:\/\/walderlebnispfade.de\/wp-content\/uploads\/2024\/04\/Baumkronenpfad_Beelitz_Heilstaetten-768x512.jpg 768w\" sizes=\"auto, (max-width: 1024px) 100vw, 1024px\" \/><figcaption><a href=\"https:\/\/commons.wikimedia.org\/wiki\/File:Baumkronenpfad_Beelitz_Heilst\u00e4tten.JPG\" target=\"_blank\" rel=\"noreferrer noopener\">Havelbaude<\/a>, Baumkronenpfad Beelitz Heilst\u00e4tten, CC BY-SA 4.0<\/figcaption><\/figure><\/div>\n\n\n\n<p>Le sentier de la canop\u00e9e offre aux visiteurs la possibilit\u00e9 unique de d\u00e9couvrir la nature et les b\u00e2timents historiques sous une toute nouvelle perspective. Le sentier passe \u00e0 hauteur de la cime des arbres et permet d&rsquo;admirer \u00e0 la fois la beaut\u00e9 naturelle de la for\u00eat et les caract\u00e9ristiques architecturales des sanatoriums depuis une vue a\u00e9rienne. Le site comprend \u00e9galement une tour d&rsquo;observation d&rsquo;o\u00f9 l&rsquo;on a une vue encore plus compl\u00e8te sur le paysage environnant et les ruines.<\/p>\n\n\n\n<p>Outre le sentier de la cime des arbres, Beelitz-Heilst\u00e4tten propose d&rsquo;autres attractions telles que des visites guid\u00e9es des b\u00e2timents historiques, au cours desquelles les visiteurs peuvent en apprendre davantage sur l&rsquo;histoire des sanatoriums et leur importance \u00e0 diff\u00e9rentes \u00e9poques. La combinaison de la nature, de l&rsquo;histoire et de l&rsquo;architecture fait de la visite des Beelitz-Heilst\u00e4tten une exp\u00e9rience fascinante.<\/p>\n\n\n\n<p>Les Beelitz-Heilst\u00e4tten et le Baumkronenpfad ont \u00e9galement servi de d\u00e9cor pour des films et des photographies, ce qui souligne l&rsquo;atmosph\u00e8re mystique et parfois fantomatique du lieu. Le m\u00e9lange de beaut\u00e9 naturelle et de splendeur d\u00e9labr\u00e9e attire chaque ann\u00e9e de nombreux visiteurs.<\/p>\n\n\n\n<hr class=\"wp-block-separator has-alpha-channel-opacity\" style=\"margin-top:var(--wp--preset--spacing--50);margin-bottom:var(--wp--preset--spacing--50)\"\/>\n\n\n<style>.kadence-column1591_e58b68-b6 > .kt-inside-inner-col{display:flex;}.kadence-column1591_e58b68-b6 > .kt-inside-inner-col{padding-top:var(--global-kb-spacing-xs, 1rem);padding-right:var(--global-kb-spacing-xs, 1rem);padding-bottom:var(--global-kb-spacing-xs, 1rem);padding-left:var(--global-kb-spacing-xs, 1rem);}.kadence-column1591_e58b68-b6 > .kt-inside-inner-col{box-shadow:0px 0px 14px 0px rgba(0, 0, 0, 0.2);}.kadence-column1591_e58b68-b6 > .kt-inside-inner-col,.kadence-column1591_e58b68-b6 > .kt-inside-inner-col:before{border-top-left-radius:0px;border-top-right-radius:0px;border-bottom-right-radius:0px;border-bottom-left-radius:0px;}.kadence-column1591_e58b68-b6 > .kt-inside-inner-col{column-gap:var(--global-kb-gap-sm, 1rem);}.kadence-column1591_e58b68-b6 > .kt-inside-inner-col{flex-direction:column;align-items:center;}.kadence-column1591_e58b68-b6 > .kt-inside-inner-col > .kb-image-is-ratio-size{align-self:stretch;}.kadence-column1591_e58b68-b6 > .kt-inside-inner-col > .wp-block-kadence-advancedgallery{align-self:stretch;}.kadence-column1591_e58b68-b6 > .kt-inside-inner-col > .aligncenter{width:100%;}.kadence-column1591_e58b68-b6 > .kt-inside-inner-col{background-color:var(--global-palette8, #F7FAFC);}.kadence-column1591_e58b68-b6 > .kt-inside-inner-col:before{opacity:0.3;}.kadence-column1591_e58b68-b6{position:relative;}@media all and (max-width: 1024px){.kadence-column1591_e58b68-b6 > .kt-inside-inner-col{flex-direction:column;justify-content:center;align-items:center;}}@media all and (max-width: 767px){.kadence-column1591_e58b68-b6 > .kt-inside-inner-col{flex-direction:column;justify-content:center;align-items:center;}}<\/style>\n<div class=\"wp-block-kadence-column kadence-column1591_e58b68-b6\"><div class=\"kt-inside-inner-col\">\n<p class=\"has-text-align-center\">Comment trouves-tu le sentier de la canop\u00e9e de Beelitz ? N\u2019h\u00e9site pas \u00e0 me laisser une \u00e9valuation. <br\/>Vous nous aidez ainsi que d&rsquo;autres amoureux de la nature. Merci beaucoup \ud83d\ude42 ! <\/p>\n\n\n\n<div class=\"wp-block-yet-another-stars-rating-visitor-votes aligncenter yasr-vv-block\"><\/div>\n\n\n\n<p>Vous trouverez d&rsquo;autres aventures passionnantes dans notre <a href=\"https:\/\/walderlebnispfade.de\/fr\/experiences-en-foret\/\" data-type=\"page\" data-id=\"228\">recherche d&rsquo;exp\u00e9riences en for\u00eat<\/a> et dans notre <a href=\"https:\/\/walderlebnispfade.de\/fr\/sentiers-de-la-cime-des-arbres-en-europe\/\" data-type=\"post\" data-id=\"5843\">aper\u00e7u des parcours dans les arbres<\/a>!<\/p>\n<\/div><\/div>\n\n\n\n<hr class=\"wp-block-separator has-alpha-channel-opacity\" style=\"margin-top:var(--wp--preset--spacing--50);margin-bottom:var(--wp--preset--spacing--50)\"\/>\n<\/div><\/div>\n\n<\/div><\/div><style>.kb-row-layout-id1591_327a41-c0 > .kt-row-column-wrap{align-content:start;}:where(.kb-row-layout-id1591_327a41-c0 > .kt-row-column-wrap) > .wp-block-kadence-column{justify-content:start;}.kb-row-layout-id1591_327a41-c0 > .kt-row-column-wrap{column-gap:var(--global-kb-gap-md, 2rem);row-gap:var(--global-kb-gap-md, 2rem);padding-top:var(--global-kb-spacing-sm, 1.5rem);padding-bottom:var(--global-kb-spacing-sm, 1.5rem);grid-template-columns:minmax(0, 1fr);}.kb-row-layout-id1591_327a41-c0 > .kt-row-layout-overlay{opacity:0.30;}@media all and (max-width: 1024px){.kb-row-layout-id1591_327a41-c0 > .kt-row-column-wrap{grid-template-columns:minmax(0, 1fr);}}@media all and (max-width: 767px){.kb-row-layout-id1591_327a41-c0 > .kt-row-column-wrap{grid-template-columns:minmax(0, 1fr);}}<\/style><div class=\"kb-row-layout-wrap kb-row-layout-id1591_327a41-c0 alignnone wp-block-kadence-rowlayout\"><div class=\"kt-row-column-wrap kt-has-1-columns kt-row-layout-equal kt-tab-layout-inherit kt-mobile-layout-row kt-row-valign-top\">\n<style>.kadence-column1591_d46fc1-f4 > .kt-inside-inner-col,.kadence-column1591_d46fc1-f4 > .kt-inside-inner-col:before{border-top-left-radius:0px;border-top-right-radius:0px;border-bottom-right-radius:0px;border-bottom-left-radius:0px;}.kadence-column1591_d46fc1-f4 > .kt-inside-inner-col{column-gap:var(--global-kb-gap-sm, 1rem);}.kadence-column1591_d46fc1-f4 > .kt-inside-inner-col{flex-direction:column;}.kadence-column1591_d46fc1-f4 > .kt-inside-inner-col > .aligncenter{width:100%;}.kadence-column1591_d46fc1-f4 > .kt-inside-inner-col:before{opacity:0.3;}.kadence-column1591_d46fc1-f4{position:relative;}@media all and (max-width: 1024px){.kadence-column1591_d46fc1-f4 > .kt-inside-inner-col{flex-direction:column;justify-content:center;}}@media all and (max-width: 767px){.kadence-column1591_d46fc1-f4 > .kt-inside-inner-col{flex-direction:column;justify-content:center;}}<\/style>\n<div class=\"wp-block-kadence-column kadence-column1591_d46fc1-f4\"><div class=\"kt-inside-inner-col\"><style>.wp-block-kadence-advancedheading.kt-adv-heading1591_a9a933-3c, .wp-block-kadence-advancedheading.kt-adv-heading1591_a9a933-3c[data-kb-block=\"kb-adv-heading1591_a9a933-3c\"]{font-style:normal;}.wp-block-kadence-advancedheading.kt-adv-heading1591_a9a933-3c mark.kt-highlight, .wp-block-kadence-advancedheading.kt-adv-heading1591_a9a933-3c[data-kb-block=\"kb-adv-heading1591_a9a933-3c\"] mark.kt-highlight{font-style:normal;color:#f76a0c;-webkit-box-decoration-break:clone;box-decoration-break:clone;padding-top:0px;padding-right:0px;padding-bottom:0px;padding-left:0px;}.wp-block-kadence-advancedheading.kt-adv-heading1591_a9a933-3c img.kb-inline-image, .wp-block-kadence-advancedheading.kt-adv-heading1591_a9a933-3c[data-kb-block=\"kb-adv-heading1591_a9a933-3c\"] img.kb-inline-image{width:150px;vertical-align:baseline;}<\/style>\n<h3 class=\"kt-adv-heading1591_a9a933-3c wp-block-kadence-advancedheading\" data-kb-block=\"kb-adv-heading1591_a9a933-3c\">Heures d\u2019ouverture 2026 Parcours dans les arbres &amp; Sanctuaires<\/h3>\n\n\n\n<figure class=\"wp-block-table\"><table><tbody><tr><td>F\u00e9vrier<\/td><td>tous les jours<\/td><td>Samedis et dimanches de 10h00 \u00e0 16h00<\/td><\/tr><tr><td>Mars<\/td><td>tous les jours<\/td><td>10 h 00 \u2013 18 h 00<\/td><\/tr><tr><td>d&rsquo;avril \u00e0 septembre<\/td><td>tous les jours<\/td><td>10 h 00 \u2013 19 h 00<\/td><\/tr><tr><td>Octobre<\/td><td>tous les jours<\/td><td>10 h 00 \u2013 18 h 00<\/td><\/tr><\/tbody><\/table><figcaption class=\"wp-element-caption\">Heures d&rsquo;ouverture du Baumkronenpfad Beelitz<\/figcaption><\/figure>\n\n\n\n<p>En outre, le parc est ouvert \u00e0 certaines dates <a href=\"https:\/\/baumundzeit.de\/oeffnungszeiten-und-eintrittspreise\/\" target=\"_blank\" rel=\"noreferrer noopener\">(d\u00e9tails ici)<\/a>. <strong>La derni\u00e8re entr\u00e9e se fait une heure avant la fermeture du parc.<\/strong><\/p>\n<\/div><\/div>\n\n<\/div><\/div><style>.kb-row-layout-id1591_154927-bd > .kt-row-column-wrap{align-content:start;}:where(.kb-row-layout-id1591_154927-bd > .kt-row-column-wrap) > .wp-block-kadence-column{justify-content:start;}.kb-row-layout-id1591_154927-bd > .kt-row-column-wrap{column-gap:var(--global-kb-gap-md, 2rem);row-gap:var(--global-kb-gap-md, 2rem);padding-top:var(--global-kb-spacing-sm, 1.5rem);padding-bottom:var(--global-kb-spacing-sm, 1.5rem);grid-template-columns:minmax(0, 1fr);}.kb-row-layout-id1591_154927-bd > .kt-row-layout-overlay{opacity:0.30;}@media all and (max-width: 1024px){.kb-row-layout-id1591_154927-bd > .kt-row-column-wrap{grid-template-columns:minmax(0, 1fr);}}@media all and (max-width: 767px){.kb-row-layout-id1591_154927-bd > .kt-row-column-wrap{grid-template-columns:minmax(0, 1fr);}}<\/style><div class=\"kb-row-layout-wrap kb-row-layout-id1591_154927-bd alignnone wp-block-kadence-rowlayout\"><div class=\"kt-row-column-wrap kt-has-1-columns kt-row-layout-equal kt-tab-layout-inherit kt-mobile-layout-row kt-row-valign-top\">\n<style>.kadence-column1591_7efa0f-bd > .kt-inside-inner-col,.kadence-column1591_7efa0f-bd > .kt-inside-inner-col:before{border-top-left-radius:0px;border-top-right-radius:0px;border-bottom-right-radius:0px;border-bottom-left-radius:0px;}.kadence-column1591_7efa0f-bd > .kt-inside-inner-col{column-gap:var(--global-kb-gap-sm, 1rem);}.kadence-column1591_7efa0f-bd > .kt-inside-inner-col{flex-direction:column;}.kadence-column1591_7efa0f-bd > .kt-inside-inner-col > .aligncenter{width:100%;}.kadence-column1591_7efa0f-bd > .kt-inside-inner-col:before{opacity:0.3;}.kadence-column1591_7efa0f-bd{position:relative;}@media all and (max-width: 1024px){.kadence-column1591_7efa0f-bd > .kt-inside-inner-col{flex-direction:column;justify-content:center;}}@media all and (max-width: 767px){.kadence-column1591_7efa0f-bd > .kt-inside-inner-col{flex-direction:column;justify-content:center;}}<\/style>\n<div class=\"wp-block-kadence-column kadence-column1591_7efa0f-bd\"><div class=\"kt-inside-inner-col\"><style>.wp-block-kadence-advancedheading.kt-adv-heading1591_aea800-b1, .wp-block-kadence-advancedheading.kt-adv-heading1591_aea800-b1[data-kb-block=\"kb-adv-heading1591_aea800-b1\"]{font-style:normal;}.wp-block-kadence-advancedheading.kt-adv-heading1591_aea800-b1 mark.kt-highlight, .wp-block-kadence-advancedheading.kt-adv-heading1591_aea800-b1[data-kb-block=\"kb-adv-heading1591_aea800-b1\"] mark.kt-highlight{font-style:normal;color:#f76a0c;-webkit-box-decoration-break:clone;box-decoration-break:clone;padding-top:0px;padding-right:0px;padding-bottom:0px;padding-left:0px;}.wp-block-kadence-advancedheading.kt-adv-heading1591_aea800-b1 img.kb-inline-image, .wp-block-kadence-advancedheading.kt-adv-heading1591_aea800-b1[data-kb-block=\"kb-adv-heading1591_aea800-b1\"] img.kb-inline-image{width:150px;vertical-align:baseline;}<\/style>\n<h3 class=\"kt-adv-heading1591_aea800-b1 wp-block-kadence-advancedheading\" data-kb-block=\"kb-adv-heading1591_aea800-b1\">D\u00e9tails importants sur le Baumkronenpfad Beelitz<\/h3>\n\n\n\n<figure class=\"wp-block-table\"><table><tbody><tr><td>La gastronomie :<\/td><td>Oui, des offres de restauration sont propos\u00e9es dans diff\u00e9rentes zones du parc.<\/td><\/tr><tr><td>les installations sanitaires:<\/td><td>Des toilettes se trouvent \u00e0 plusieurs endroits dans le parc.<\/td><\/tr><tr><td>Accessible aux personnes handicap\u00e9es :<\/td><td>Oui. Des places de parking r\u00e9serv\u00e9es aux personnes handicap\u00e9es, un acc\u00e8s sans barri\u00e8re et un ascenseur sont disponibles.<\/td><\/tr><tr><td>Chiens admis:<\/td><td>Non, les chiens ne sont pas autoris\u00e9s.<\/td><\/tr><tr><td>Visites guid\u00e9es:<\/td><td>Oui, plusieurs <a href=\"https:\/\/baumundzeit.de\/fuehrungen\/\" target=\"_blank\" rel=\"noreferrer noopener\">visites guid\u00e9es<\/a> sont propos\u00e9es.<\/td><\/tr><tr><td>R\u00e9duction pour les groupes:<\/td><td>Oui, \u00e0 partir de 15 personnes.<\/td><\/tr><tr><td>\u00c9v\u00e9nements de consolidation d&rsquo;\u00e9quipe:<\/td><td>Oui, diff\u00e9rentes offres (demandes sous <a href=\"mailto:gruppen@baumundzeit.de\"><strong>gruppen@baumundzeit.de<\/strong><\/a>) <\/td><\/tr><\/tbody><\/table><figcaption class=\"wp-element-caption\">D\u00e9tails sur le sentier des cimes de Beelitz <\/figcaption><\/figure>\n<\/div><\/div>\n\n<\/div><\/div><style>.kb-row-layout-id1591_727793-88 > .kt-row-column-wrap{align-content:start;}:where(.kb-row-layout-id1591_727793-88 > .kt-row-column-wrap) > .wp-block-kadence-column{justify-content:start;}.kb-row-layout-id1591_727793-88 > .kt-row-column-wrap{column-gap:var(--global-kb-gap-md, 2rem);row-gap:var(--global-kb-gap-md, 2rem);padding-top:var(--global-kb-spacing-sm, 1.5rem);padding-bottom:var(--global-kb-spacing-sm, 1.5rem);grid-template-columns:minmax(0, 1fr);}.kb-row-layout-id1591_727793-88 > .kt-row-layout-overlay{opacity:0.30;}@media all and (max-width: 1024px){.kb-row-layout-id1591_727793-88 > .kt-row-column-wrap{grid-template-columns:minmax(0, 1fr);}}@media all and (max-width: 767px){.kb-row-layout-id1591_727793-88 > .kt-row-column-wrap{grid-template-columns:minmax(0, 1fr);}}<\/style><div class=\"kb-row-layout-wrap kb-row-layout-id1591_727793-88 alignnone wp-block-kadence-rowlayout\"><div class=\"kt-row-column-wrap kt-has-1-columns kt-row-layout-equal kt-tab-layout-inherit kt-mobile-layout-row kt-row-valign-top\">\n<style>.kadence-column1591_42dbb8-a2 > .kt-inside-inner-col,.kadence-column1591_42dbb8-a2 > .kt-inside-inner-col:before{border-top-left-radius:0px;border-top-right-radius:0px;border-bottom-right-radius:0px;border-bottom-left-radius:0px;}.kadence-column1591_42dbb8-a2 > .kt-inside-inner-col{column-gap:var(--global-kb-gap-sm, 1rem);}.kadence-column1591_42dbb8-a2 > .kt-inside-inner-col{flex-direction:column;}.kadence-column1591_42dbb8-a2 > .kt-inside-inner-col > .aligncenter{width:100%;}.kadence-column1591_42dbb8-a2 > .kt-inside-inner-col:before{opacity:0.3;}.kadence-column1591_42dbb8-a2{position:relative;}@media all and (max-width: 1024px){.kadence-column1591_42dbb8-a2 > .kt-inside-inner-col{flex-direction:column;justify-content:center;}}@media all and (max-width: 767px){.kadence-column1591_42dbb8-a2 > .kt-inside-inner-col{flex-direction:column;justify-content:center;}}<\/style>\n<div class=\"wp-block-kadence-column kadence-column1591_42dbb8-a2\"><div class=\"kt-inside-inner-col\"><style>.wp-block-kadence-advancedheading.kt-adv-heading1591_49df09-b6, .wp-block-kadence-advancedheading.kt-adv-heading1591_49df09-b6[data-kb-block=\"kb-adv-heading1591_49df09-b6\"]{font-style:normal;}.wp-block-kadence-advancedheading.kt-adv-heading1591_49df09-b6 mark.kt-highlight, .wp-block-kadence-advancedheading.kt-adv-heading1591_49df09-b6[data-kb-block=\"kb-adv-heading1591_49df09-b6\"] mark.kt-highlight{font-style:normal;color:#f76a0c;-webkit-box-decoration-break:clone;box-decoration-break:clone;padding-top:0px;padding-right:0px;padding-bottom:0px;padding-left:0px;}.wp-block-kadence-advancedheading.kt-adv-heading1591_49df09-b6 img.kb-inline-image, .wp-block-kadence-advancedheading.kt-adv-heading1591_49df09-b6[data-kb-block=\"kb-adv-heading1591_49df09-b6\"] img.kb-inline-image{width:150px;vertical-align:baseline;}<\/style>\n<h2 class=\"kt-adv-heading1591_49df09-b6 wp-block-kadence-advancedheading\" data-kb-block=\"kb-adv-heading1591_49df09-b6\">Vid\u00e9o sur le sentier des cimes de Beelitz<\/h2>\n\n\n\n<figure class=\"wp-block-embed is-type-video is-provider-youtube wp-block-embed-youtube wp-embed-aspect-16-9 wp-has-aspect-ratio\"><div class=\"wp-block-embed__wrapper\">\n<iframe loading=\"lazy\" hcb-fetch-image-from=\"https:\/\/youtu.be\/SN6TbMR5xc4?si=sr-K84dLrgh_0t-P\" title=\"Beelitz Heilst\u00e4tten und Baumkronenpfad Baum &amp; Zeit\" width=\"720\" height=\"405\" src=\"https:\/\/www.youtube.com\/embed\/SN6TbMR5xc4?feature=oembed\" frameborder=\"0\" allow=\"accelerometer; autoplay; clipboard-write; encrypted-media; gyroscope; picture-in-picture; web-share\" referrerpolicy=\"strict-origin-when-cross-origin\" allowfullscreen><\/iframe>\n<\/div><\/figure>\n<\/div><\/div>\n\n<\/div><\/div>\n<p><\/p>\n","protected":false},"author":2,"featured_media":6304,"comment_status":"open","ping_status":"closed","template":"","meta":{"_kad_blocks_custom_css":"","_kad_blocks_head_custom_js":"","_kad_blocks_body_custom_js":"","_kad_blocks_footer_custom_js":"","_kad_post_transparent":"","_kad_post_title":"","_kad_post_layout":"","_kad_post_sidebar_id":"","_kad_post_content_style":"","_kad_post_vertical_padding":"","_kad_post_feature":"","_kad_post_feature_position":"","_kad_post_header":false,"_kad_post_footer":false,"_kad_post_classname":"","yasr_overall_rating":0,"yasr_post_is_review":"","yasr_auto_insert_disabled":"","yasr_review_type":""},"region":[130,145],"erlebnisart":[172,175],"class_list":["post-5738","erlebnisse","type-erlebnisse","status-publish","has-post-thumbnail","hentry","region-deutschland-fr","region-be-fr","erlebnisart-wandern-fr","erlebnisart-baumwipfelpfad-fr"],"yasr_visitor_votes":{"stars_attributes":{"read_only":false,"span_bottom":false},"number_of_votes":0,"sum_votes":0},"taxonomy_info":{"region":[{"value":130,"label":"Allemagne"},{"value":145,"label":"Berlin"}],"erlebnisart":[{"value":172,"label":"Randonn\u00e9e"},{"value":175,"label":"Sentier des Cimes"}]},"featured_image_src_large":["https:\/\/walderlebnispfade.de\/wp-content\/uploads\/2024\/04\/Baumwipfelpfad_Beelitz_Heilstaetten-1024x576.jpg",1024,576,true],"author_info":{"display_name":"Moni","author_link":"https:\/\/walderlebnispfade.de\/fr\/author\/moni\/"},"comment_info":0,"_links":{"self":[{"href":"https:\/\/walderlebnispfade.de\/fr\/wp-json\/wp\/v2\/erlebnisse\/5738","targetHints":{"allow":["GET"]}}],"collection":[{"href":"https:\/\/walderlebnispfade.de\/fr\/wp-json\/wp\/v2\/erlebnisse"}],"about":[{"href":"https:\/\/walderlebnispfade.de\/fr\/wp-json\/wp\/v2\/types\/erlebnisse"}],"author":[{"embeddable":true,"href":"https:\/\/walderlebnispfade.de\/fr\/wp-json\/wp\/v2\/users\/2"}],"replies":[{"embeddable":true,"href":"https:\/\/walderlebnispfade.de\/fr\/wp-json\/wp\/v2\/comments?post=5738"}],"wp:featuredmedia":[{"embeddable":true,"href":"https:\/\/walderlebnispfade.de\/fr\/wp-json\/wp\/v2\/media\/6304"}],"wp:attachment":[{"href":"https:\/\/walderlebnispfade.de\/fr\/wp-json\/wp\/v2\/media?parent=5738"}],"wp:term":[{"taxonomy":"region","embeddable":true,"href":"https:\/\/walderlebnispfade.de\/fr\/wp-json\/wp\/v2\/region?post=5738"},{"taxonomy":"erlebnisart","embeddable":true,"href":"https:\/\/walderlebnispfade.de\/fr\/wp-json\/wp\/v2\/erlebnisart?post=5738"}],"curies":[{"name":"wp","href":"https:\/\/api.w.org\/{rel}","templated":true}]}}