{"id":5739,"date":"2024-03-11T22:46:17","date_gmt":"2024-03-11T21:46:17","guid":{"rendered":"https:\/\/walderlebnispfade.de\/erlebnisse\/parc-descalade-de-gera\/"},"modified":"2026-04-22T11:54:07","modified_gmt":"2026-04-22T09:54:07","slug":"parc-descalade-de-gera","status":"publish","type":"erlebnisse","link":"https:\/\/walderlebnispfade.de\/fr\/erlebnisse\/parc-descalade-de-gera\/","title":{"rendered":"Parc d&rsquo;escalade de Gera"},"content":{"rendered":"<style>.wp-block-kadence-advancedheading.kt-adv-heading450_662295-3f, .wp-block-kadence-advancedheading.kt-adv-heading450_662295-3f[data-kb-block=\"kb-adv-heading450_662295-3f\"]{font-size:var(--global-kb-font-size-md, 1.25rem);font-style:normal;}.wp-block-kadence-advancedheading.kt-adv-heading450_662295-3f mark.kt-highlight, .wp-block-kadence-advancedheading.kt-adv-heading450_662295-3f[data-kb-block=\"kb-adv-heading450_662295-3f\"] mark.kt-highlight{font-style:normal;color:#f76a0c;-webkit-box-decoration-break:clone;box-decoration-break:clone;padding-top:0px;padding-right:0px;padding-bottom:0px;padding-left:0px;}.wp-block-kadence-advancedheading.kt-adv-heading450_662295-3f img.kb-inline-image, .wp-block-kadence-advancedheading.kt-adv-heading450_662295-3f[data-kb-block=\"kb-adv-heading450_662295-3f\"] img.kb-inline-image{width:150px;vertical-align:baseline;}<\/style>\n<h2 class=\"kt-adv-heading450_662295-3f wp-block-kadence-advancedheading\" data-kb-block=\"kb-adv-heading450_662295-3f\">Une aventure inoubliable vous attend dans la for\u00eat d&rsquo;escalade de Gera<\/h2>\n\n<p>Es-tu pr\u00eat(e) \u00e0 vivre une aventure inoubliable dans la nature ? La for\u00eat d&rsquo;escalade de Gera vous propose plus de 120 \u00e9l\u00e9ments passionnants r\u00e9partis sur 7 parcours ! Tu trouveras certainement ici ton d\u00e9fi personnel. Les parcours offrent diff\u00e9rents niveaux de difficult\u00e9 pour chaque niveau de forme physique. Les \u00e9l\u00e9ments les plus difficiles se trouvent \u00e0 des hauteurs allant jusqu&rsquo;\u00e0 8 m\u00e8tres et promettent plaisir et adr\u00e9naline pure. Tu peux, tel Indiana Jones, te balancer sur des ponts instables, glisser \u00e0 travers la for\u00eat avec des tyroliennes, sauter comme Tarzan d&rsquo;une liane oscillante dans un immense filet et m\u00eame te d\u00e9placer en snowboard, en luge ou en radeau. <\/p>\n<style>.kb-table-of-content-nav.kb-table-of-content-id450_bc9a67-ba .kb-table-of-content-wrap{padding-top:var(--global-kb-spacing-sm, 1.5rem);padding-right:var(--global-kb-spacing-sm, 1.5rem);padding-bottom:var(--global-kb-spacing-sm, 1.5rem);padding-left:var(--global-kb-spacing-sm, 1.5rem);background-color:var(--global-palette8, #F7FAFC);box-shadow:inset 0px 0px 14px 0px rgba(0, 0, 0, 0.2);}.kb-table-of-content-nav.kb-table-of-content-id450_bc9a67-ba .kb-table-of-contents-title-wrap{padding-top:0px;padding-right:0px;padding-bottom:0px;padding-left:0px;}.kb-table-of-content-nav.kb-table-of-content-id450_bc9a67-ba .kb-table-of-contents-title{font-weight:regular;font-style:normal;}.kb-table-of-content-nav.kb-table-of-content-id450_bc9a67-ba .kb-table-of-content-wrap .kb-table-of-content-list{font-weight:regular;font-style:normal;margin-top:var(--global-kb-spacing-sm, 1.5rem);margin-right:0px;margin-bottom:0px;margin-left:0px;}.kb-table-of-content-nav.kb-table-of-content-id450_bc9a67-ba .kb-toggle-icon-style-basiccircle .kb-table-of-contents-icon-trigger:after, .kb-table-of-content-nav.kb-table-of-content-id450_bc9a67-ba .kb-toggle-icon-style-basiccircle .kb-table-of-contents-icon-trigger:before, .kb-table-of-content-nav.kb-table-of-content-id450_bc9a67-ba .kb-toggle-icon-style-arrowcircle .kb-table-of-contents-icon-trigger:after, .kb-table-of-content-nav.kb-table-of-content-id450_bc9a67-ba .kb-toggle-icon-style-arrowcircle .kb-table-of-contents-icon-trigger:before, .kb-table-of-content-nav.kb-table-of-content-id450_bc9a67-ba .kb-toggle-icon-style-xclosecircle .kb-table-of-contents-icon-trigger:after, .kb-table-of-content-nav.kb-table-of-content-id450_bc9a67-ba .kb-toggle-icon-style-xclosecircle .kb-table-of-contents-icon-trigger:before{background-color:var(--global-palette8, #F7FAFC);}<\/style>\n<p>La for\u00eat d&rsquo;escalade de Gera offre du plaisir \u00e0 toute la famille. Les plus petits aventuriers, \u00e0 partir de 2 ans, ont d\u00e9j\u00e0 un parcours sp\u00e9cial pour les tout-petits. L&rsquo;autorisation parentale pour les grimpeurs mineurs peut \u00eatre t\u00e9l\u00e9charg\u00e9e ici et remplie \u00e0 la maison. Le syst\u00e8me d&rsquo;assurage Clic-It utilis\u00e9 emp\u00eache l&rsquo;ouverture simultan\u00e9e des deux mousquetons et est facile \u00e0 utiliser m\u00eame pour les jeunes enfants gr\u00e2ce \u00e0 sa fluidit\u00e9. <\/p>\n\n<p>Tous les parcours sont \u00e9quip\u00e9s de syst\u00e8mes de s\u00e9curit\u00e9 ultramodernes et sont r\u00e9guli\u00e8rement contr\u00f4l\u00e9s. L&rsquo;\u00e9quipe exp\u00e9riment\u00e9e est \u00e0 ta disposition \u00e0 tout moment et assure une exp\u00e9rience d&rsquo;escalade en toute s\u00e9curit\u00e9. Chaque grimpeur est pr\u00e9alablement \u00e9quip\u00e9 et form\u00e9 \u00e0 l&rsquo;utilisation de techniques de s\u00e9curit\u00e9 professionnelles.  <\/p>\n\n<p>Les billets peuvent \u00e9galement \u00eatre achet\u00e9s <a href=\"https:\/\/kletterwald-gera.de\/buchung\" target=\"_blank\" rel=\"noreferrer noopener\">en ligne<\/a> \u00e0 l&rsquo;avance. Des tarifs sp\u00e9ciaux sont disponibles pour les groupes. Cependant, une r\u00e9servation pr\u00e9alable via le site web de l&rsquo;op\u00e9rateur est requise. La for\u00eat d&rsquo;escalade est situ\u00e9e \u00e0 Martinsgrund \u00e0 Gera. Des places de parking sont disponibles directement sur place.    <\/p>\n\n<p>Si vous avez besoin de plus de choix : il y a aussi un article de blog avec des informations sur les <a href=\"https:\/\/walderlebnispfade.de\/fr\/forets-descalade-en-allemagne-apercu-des-144-sites-en-2025\/\" data-type=\"link\" data-id=\"https:\/\/walderlebnispfade.de\/kletterwaelder-in-deutschland\/\">144 for\u00eats d&rsquo;escalade en Allemagne<\/a>.<\/p>\n<style>.wp-block-kadence-advancedheading.kt-adv-heading450_992c26-46, .wp-block-kadence-advancedheading.kt-adv-heading450_992c26-46[data-kb-block=\"kb-adv-heading450_992c26-46\"]{font-size:var(--global-kb-font-size-md, 1.25rem);font-style:normal;}.wp-block-kadence-advancedheading.kt-adv-heading450_992c26-46 mark.kt-highlight, .wp-block-kadence-advancedheading.kt-adv-heading450_992c26-46[data-kb-block=\"kb-adv-heading450_992c26-46\"] mark.kt-highlight{font-style:normal;color:#f76a0c;-webkit-box-decoration-break:clone;box-decoration-break:clone;padding-top:0px;padding-right:0px;padding-bottom:0px;padding-left:0px;}.wp-block-kadence-advancedheading.kt-adv-heading450_992c26-46 img.kb-inline-image, .wp-block-kadence-advancedheading.kt-adv-heading450_992c26-46[data-kb-block=\"kb-adv-heading450_992c26-46\"] img.kb-inline-image{width:150px;vertical-align:baseline;}<\/style>\n<h3 class=\"kt-adv-heading450_992c26-46 wp-block-kadence-advancedheading\" data-kb-block=\"kb-adv-heading450_992c26-46\">Horaires d&rsquo;ouverture 2026 de la for\u00eat d&rsquo;escalade de Gera<\/h3>\n\n<p>La for\u00eat d&rsquo;escalade de Gera est ouverte de <strong>mars <\/strong> \u00e0 <strong>octobre <\/strong> comme suit :<\/p>\n\n<figure class=\"wp-block-table\"><table><tbody><tr><td><\/td><td><strong>En dehors<\/strong> des vacances<\/td><td><strong>Pendant <\/strong> les vacances<\/td><\/tr><tr><td>lundi \u2013 jeudi<\/td><td>Ferm\u00e9<\/td><td>10:00 \u2013 20:00 heures<\/td><\/tr><tr><td>Vendredi<\/td><td>13:00 \u2013 20:00 heures<\/td><td>10:00 \u2013 20:00 heures<\/td><\/tr><tr><td>Samedi<\/td><td>10:00 \u2013 20:00 heures<\/td><td>10:00 \u2013 20:00 heures<\/td><\/tr><tr><td>Dimanche <\/td><td>10:00 \u2013 20:30 heures<\/td><td>10:00 \u2013 20:00 heures<\/td><\/tr><\/tbody><\/table><figcaption class=\"wp-element-caption\">Heures d&rsquo;ouverture de la for\u00eat d&rsquo;escalade de Gera<\/figcaption><\/figure>\n\n<hr class=\"wp-block-separator has-alpha-channel-opacity\" style=\"margin-top:var(--wp--preset--spacing--50);margin-bottom:var(--wp--preset--spacing--50)\"\/>\n<style>.kadence-column450_5177fb-56 > .kt-inside-inner-col{display:flex;}.kadence-column450_5177fb-56 > .kt-inside-inner-col{padding-top:var(--global-kb-spacing-xs, 1rem);padding-right:var(--global-kb-spacing-xs, 1rem);padding-bottom:var(--global-kb-spacing-xs, 1rem);padding-left:var(--global-kb-spacing-xs, 1rem);}.kadence-column450_5177fb-56 > .kt-inside-inner-col{box-shadow:0px 0px 14px 0px rgba(0, 0, 0, 0.2);}.kadence-column450_5177fb-56 > .kt-inside-inner-col,.kadence-column450_5177fb-56 > .kt-inside-inner-col:before{border-top-left-radius:0px;border-top-right-radius:0px;border-bottom-right-radius:0px;border-bottom-left-radius:0px;}.kadence-column450_5177fb-56 > .kt-inside-inner-col{column-gap:var(--global-kb-gap-sm, 1rem);}.kadence-column450_5177fb-56 > .kt-inside-inner-col{flex-direction:column;align-items:center;}.kadence-column450_5177fb-56 > .kt-inside-inner-col > .kb-image-is-ratio-size{align-self:stretch;}.kadence-column450_5177fb-56 > .kt-inside-inner-col > .wp-block-kadence-advancedgallery{align-self:stretch;}.kadence-column450_5177fb-56 > .kt-inside-inner-col > .aligncenter{width:100%;}.kadence-column450_5177fb-56 > .kt-inside-inner-col{background-color:var(--global-palette8, #F7FAFC);}.kadence-column450_5177fb-56 > .kt-inside-inner-col:before{opacity:0.3;}.kadence-column450_5177fb-56{position:relative;}@media all and (max-width: 1024px){.kadence-column450_5177fb-56 > .kt-inside-inner-col{flex-direction:column;justify-content:center;align-items:center;}}@media all and (max-width: 767px){.kadence-column450_5177fb-56 > .kt-inside-inner-col{flex-direction:column;justify-content:center;align-items:center;}}<\/style>\n<div class=\"wp-block-kadence-column kadence-column450_5177fb-56\"><div class=\"kt-inside-inner-col\">\n<p class=\"has-text-align-center\">Que penses-tu de la for\u00eat d&rsquo;escalade de Gera ? Laissez-nous une \u00e9valuation, s&rsquo;il vous pla\u00eet.  <br\/>Vous nous aidez ainsi que d&rsquo;autres amoureux de la nature. Merci beaucoup \ud83d\ude42 !<\/p>\n\n\n\n<div class=\"wp-block-yet-another-stars-rating-visitor-votes aligncenter yasr-vv-block\"><\/div>\n\n\n\n<p>Tu trouveras d&rsquo;autres aventures dans notre <a href=\"https:\/\/walderlebnispfade.de\/fr\/experiences-en-foret\/\" data-type=\"page\" data-id=\"228\">recherche d&rsquo;exp\u00e9riences en for\u00eat<\/a> !<\/p>\n<\/div><\/div>\n\n<hr class=\"wp-block-separator has-alpha-channel-opacity\" style=\"margin-top:var(--wp--preset--spacing--50);margin-bottom:var(--wp--preset--spacing--50)\"\/>\n<style>.wp-block-kadence-advancedheading.kt-adv-heading450_45e9ca-64, .wp-block-kadence-advancedheading.kt-adv-heading450_45e9ca-64[data-kb-block=\"kb-adv-heading450_45e9ca-64\"]{font-size:var(--global-kb-font-size-md, 1.25rem);font-style:normal;}.wp-block-kadence-advancedheading.kt-adv-heading450_45e9ca-64 mark.kt-highlight, .wp-block-kadence-advancedheading.kt-adv-heading450_45e9ca-64[data-kb-block=\"kb-adv-heading450_45e9ca-64\"] mark.kt-highlight{font-style:normal;color:#f76a0c;-webkit-box-decoration-break:clone;box-decoration-break:clone;padding-top:0px;padding-right:0px;padding-bottom:0px;padding-left:0px;}.wp-block-kadence-advancedheading.kt-adv-heading450_45e9ca-64 img.kb-inline-image, .wp-block-kadence-advancedheading.kt-adv-heading450_45e9ca-64[data-kb-block=\"kb-adv-heading450_45e9ca-64\"] img.kb-inline-image{width:150px;vertical-align:baseline;}<\/style>\n<h2 class=\"kt-adv-heading450_45e9ca-64 wp-block-kadence-advancedheading\" data-kb-block=\"kb-adv-heading450_45e9ca-64\">Vid\u00e9o de pr\u00e9sentation : L&rsquo;escalade \u00e0 Gera, c&rsquo;est aussi pour les petits !<\/h2>\n\n<figure class=\"wp-block-embed is-type-video is-provider-youtube wp-block-embed-youtube wp-embed-aspect-16-9 wp-has-aspect-ratio\"><div class=\"wp-block-embed__wrapper\">\n<iframe loading=\"lazy\" hcb-fetch-image-from=\"https:\/\/youtu.be\/1wKQI-N1UJ8?si=HpFpFSK_PvAtdqzB\" title=\"kletterwald gera\" width=\"720\" height=\"405\" src=\"https:\/\/www.youtube.com\/embed\/1wKQI-N1UJ8?feature=oembed\" frameborder=\"0\" allow=\"accelerometer; autoplay; clipboard-write; encrypted-media; gyroscope; picture-in-picture; web-share\" referrerpolicy=\"strict-origin-when-cross-origin\" allowfullscreen><\/iframe>\n<\/div><\/figure>\n","protected":false},"author":2,"featured_media":5142,"comment_status":"open","ping_status":"closed","template":"","meta":{"_kad_blocks_custom_css":"","_kad_blocks_head_custom_js":"","_kad_blocks_body_custom_js":"","_kad_blocks_footer_custom_js":"","_kad_post_transparent":"","_kad_post_title":"","_kad_post_layout":"","_kad_post_sidebar_id":"","_kad_post_content_style":"","_kad_post_vertical_padding":"","_kad_post_feature":"","_kad_post_feature_position":"","_kad_post_header":false,"_kad_post_footer":false,"_kad_post_classname":"","yasr_overall_rating":0,"yasr_post_is_review":"","yasr_auto_insert_disabled":"","yasr_review_type":"LocalBusiness"},"region":[130,157],"erlebnisart":[181,184,196],"class_list":["post-5739","erlebnisse","type-erlebnisse","status-publish","has-post-thumbnail","hentry","region-deutschland-fr","region-th-fr","erlebnisart-klettern-fr","erlebnisart-kletterpark-fr","erlebnisart-niedrigseilgarten-fr"],"yasr_visitor_votes":{"stars_attributes":{"read_only":false,"span_bottom":false},"number_of_votes":0,"sum_votes":0},"taxonomy_info":{"region":[{"value":130,"label":"Allemagne"},{"value":157,"label":"Th\u00fcringen"}],"erlebnisart":[{"value":181,"label":"Escalade"},{"value":184,"label":"Parc d&#039;escalade"},{"value":196,"label":"Parcours accrobranche pour petits"}]},"featured_image_src_large":["https:\/\/walderlebnispfade.de\/wp-content\/uploads\/2024\/07\/Kletterwald_Gera-1024x576.jpg",1024,576,true],"author_info":{"display_name":"Moni","author_link":"https:\/\/walderlebnispfade.de\/fr\/author\/moni\/"},"comment_info":0,"_links":{"self":[{"href":"https:\/\/walderlebnispfade.de\/fr\/wp-json\/wp\/v2\/erlebnisse\/5739","targetHints":{"allow":["GET"]}}],"collection":[{"href":"https:\/\/walderlebnispfade.de\/fr\/wp-json\/wp\/v2\/erlebnisse"}],"about":[{"href":"https:\/\/walderlebnispfade.de\/fr\/wp-json\/wp\/v2\/types\/erlebnisse"}],"author":[{"embeddable":true,"href":"https:\/\/walderlebnispfade.de\/fr\/wp-json\/wp\/v2\/users\/2"}],"replies":[{"embeddable":true,"href":"https:\/\/walderlebnispfade.de\/fr\/wp-json\/wp\/v2\/comments?post=5739"}],"wp:featuredmedia":[{"embeddable":true,"href":"https:\/\/walderlebnispfade.de\/fr\/wp-json\/wp\/v2\/media\/5142"}],"wp:attachment":[{"href":"https:\/\/walderlebnispfade.de\/fr\/wp-json\/wp\/v2\/media?parent=5739"}],"wp:term":[{"taxonomy":"region","embeddable":true,"href":"https:\/\/walderlebnispfade.de\/fr\/wp-json\/wp\/v2\/region?post=5739"},{"taxonomy":"erlebnisart","embeddable":true,"href":"https:\/\/walderlebnispfade.de\/fr\/wp-json\/wp\/v2\/erlebnisart?post=5739"}],"curies":[{"name":"wp","href":"https:\/\/api.w.org\/{rel}","templated":true}]}}