{"id":5740,"date":"2024-03-11T22:27:38","date_gmt":"2024-03-11T21:27:38","guid":{"rendered":"https:\/\/walderlebnispfade.de\/erlebnisse\/parcours-descalade-leipzig\/"},"modified":"2026-04-22T11:54:14","modified_gmt":"2026-04-22T09:54:14","slug":"parcours-descalade-leipzig","status":"publish","type":"erlebnisse","link":"https:\/\/walderlebnispfade.de\/fr\/erlebnisse\/parcours-descalade-leipzig\/","title":{"rendered":"Parcours d&rsquo;escalade Leipzig"},"content":{"rendered":"<style>.wp-block-kadence-advancedheading.kt-adv-heading444_a16d79-bd, .wp-block-kadence-advancedheading.kt-adv-heading444_a16d79-bd[data-kb-block=\"kb-adv-heading444_a16d79-bd\"]{font-size:var(--global-kb-font-size-md, 1.25rem);font-style:normal;}.wp-block-kadence-advancedheading.kt-adv-heading444_a16d79-bd mark.kt-highlight, .wp-block-kadence-advancedheading.kt-adv-heading444_a16d79-bd[data-kb-block=\"kb-adv-heading444_a16d79-bd\"] mark.kt-highlight{font-style:normal;color:#f76a0c;-webkit-box-decoration-break:clone;box-decoration-break:clone;padding-top:0px;padding-right:0px;padding-bottom:0px;padding-left:0px;}.wp-block-kadence-advancedheading.kt-adv-heading444_a16d79-bd img.kb-inline-image, .wp-block-kadence-advancedheading.kt-adv-heading444_a16d79-bd[data-kb-block=\"kb-adv-heading444_a16d79-bd\"] img.kb-inline-image{width:150px;vertical-align:baseline;}<\/style>\n<h2 class=\"kt-adv-heading444_a16d79-bd wp-block-kadence-advancedheading\" data-kb-block=\"kb-adv-heading444_a16d79-bd\">Escalade au lac Albrechtshainer See pr\u00e8s de Leipzig<\/h2>\n\n<p>Situ\u00e9e au bord du lac Albrechtshainer See, \u00e0 seulement 15 km de Leipzig, la for\u00eat d&rsquo;escalade de Leipzig propose onze parcours avec plus de 100 \u00e9l\u00e9ments d&rsquo;escalade sur une surface de trois hectares. Exp\u00e9rience, plaisir et suspense t&rsquo;attendent. Que l&rsquo;on soit petit ou grand, la for\u00eat d&rsquo;escalade de Leipzig offre \u00e0 toute la famille une aventure inoubliable en pleine nature. Parmi les points forts, citons la descente de 90 m\u00e8tres sur le \u00ab Flying Fox \u00bb, le tube de filet et le \u00ab tonneau volant \u00bb. Vous avez d\u00e9j\u00e0 surf\u00e9 d\u2019arbre en arbre \u00e0 10 m\u00e8tres de hauteur ? <a href=\"https:\/\/www.kletterwald-leipzig.de\/fileadmin\/download\/parcoursuebersicht_01.pdf\" data-type=\"link\" data-id=\"https:\/\/www.kletterwald-leipzig.de\/fileadmin\/download\/parcoursuebersicht_01.pdf\" target=\"_blank\" rel=\"noreferrer noopener\">Ici<\/a>, vous trouverez un aper\u00e7u des parcours \u00e0 t\u00e9l\u00e9charger au format PDF. <\/p>\n<style>.kb-table-of-content-nav.kb-table-of-content-id444_d63bf9-cb .kb-table-of-content-wrap{padding-top:var(--global-kb-spacing-sm, 1.5rem);padding-right:var(--global-kb-spacing-sm, 1.5rem);padding-bottom:var(--global-kb-spacing-sm, 1.5rem);padding-left:var(--global-kb-spacing-sm, 1.5rem);background-color:var(--global-palette8, #F7FAFC);box-shadow:inset 0px 0px 14px 0px rgba(0, 0, 0, 0.2);}.kb-table-of-content-nav.kb-table-of-content-id444_d63bf9-cb .kb-table-of-contents-title-wrap{padding-top:0px;padding-right:0px;padding-bottom:0px;padding-left:0px;}.kb-table-of-content-nav.kb-table-of-content-id444_d63bf9-cb .kb-table-of-contents-title{font-weight:regular;font-style:normal;}.kb-table-of-content-nav.kb-table-of-content-id444_d63bf9-cb .kb-table-of-content-wrap .kb-table-of-content-list{font-weight:regular;font-style:normal;margin-top:var(--global-kb-spacing-sm, 1.5rem);margin-right:0px;margin-bottom:0px;margin-left:0px;}.kb-table-of-content-nav.kb-table-of-content-id444_d63bf9-cb .kb-toggle-icon-style-basiccircle .kb-table-of-contents-icon-trigger:after, .kb-table-of-content-nav.kb-table-of-content-id444_d63bf9-cb .kb-toggle-icon-style-basiccircle .kb-table-of-contents-icon-trigger:before, .kb-table-of-content-nav.kb-table-of-content-id444_d63bf9-cb .kb-toggle-icon-style-arrowcircle .kb-table-of-contents-icon-trigger:after, .kb-table-of-content-nav.kb-table-of-content-id444_d63bf9-cb .kb-toggle-icon-style-arrowcircle .kb-table-of-contents-icon-trigger:before, .kb-table-of-content-nav.kb-table-of-content-id444_d63bf9-cb .kb-toggle-icon-style-xclosecircle .kb-table-of-contents-icon-trigger:after, .kb-table-of-content-nav.kb-table-of-content-id444_d63bf9-cb .kb-toggle-icon-style-xclosecircle .kb-table-of-contents-icon-trigger:before{background-color:var(--global-palette8, #F7FAFC);}<\/style>\n<p>Pour les plus petits, le saut de puce, la toile d&rsquo;araign\u00e9e, l&rsquo;\u00e9chelle de fitness et le mur d&rsquo;escalade Wabbel offrent suspense et divertissement. Il y en a pour toute la famille ! <\/p>\n\n<p>Des offres sp\u00e9ciales sont disponibles pour les classes, les entreprises ou les associations. Sur demande, l&rsquo;exploitant \u00e9tablit un programme individuel, volontiers avec h\u00e9bergement. <\/p>\n\n<h3 class=\"wp-block-heading\">Passer la nuit dans le parc d&rsquo;escalade de Leipzig<\/h3>\n\n<p>Si vous ne voulez plus descendre des arbres, vous pouvez aussi y passer la nuit. Offrez-vous une nuit sp\u00e9ciale dans une cabane dans les arbres. Elle offre deux places de couchage et une terrasse \u00e0 12 m de hauteur. Ici, vous pourrez profiter d\u2019une vue unique sur le ciel \u00e9toil\u00e9 depuis la cime des arbres. Apr\u00e8s le petit d\u00e9jeuner matinal optionnel sur la terrasse de la cabane, vous commencerez la journ\u00e9e en toute d\u00e9contraction. Les clients de la cabane dans les arbres b\u00e9n\u00e9ficient d\u2019une r\u00e9duction de 20 % sur tous les tarifs d\u2019escalade. La douche et les toilettes se trouvent au sol, \u00e0 quelques m\u00e8tres de l\u00e0.      <\/p>\n\n<p>De plus, le terrain de camping juste \u00e0 c\u00f4t\u00e9 de la for\u00eat d\u2019escalade et du lac de baignade vous invite \u00e0 passer la nuit dans une ambiance d\u2019aventure. La for\u00eat d\u2019escalade dispose de quatre tentes tipis \u00e0 monter soi-m\u00eame. Une excellente option pour les voyages scolaires ou les associations. Si vous apportez vos propres tentes, 60 personnes au maximum peuvent passer la nuit sur le terrain de camping.   <\/p>\n\n<p>Si vous avez besoin de plus de choix : il y a aussi un article de blog avec des informations sur les <a href=\"https:\/\/walderlebnispfade.de\/fr\/forets-descalade-en-allemagne-apercu-des-144-sites-en-2025\/\" data-type=\"link\" data-id=\"https:\/\/walderlebnispfade.de\/kletterwaelder-in-deutschland\/\">144 for\u00eats d&rsquo;escalade en Allemagne<\/a>.<\/p>\n<style>.wp-block-kadence-advancedheading.kt-adv-heading444_f191f3-f3, .wp-block-kadence-advancedheading.kt-adv-heading444_f191f3-f3[data-kb-block=\"kb-adv-heading444_f191f3-f3\"]{font-size:var(--global-kb-font-size-md, 1.25rem);font-style:normal;}.wp-block-kadence-advancedheading.kt-adv-heading444_f191f3-f3 mark.kt-highlight, .wp-block-kadence-advancedheading.kt-adv-heading444_f191f3-f3[data-kb-block=\"kb-adv-heading444_f191f3-f3\"] mark.kt-highlight{font-style:normal;color:#f76a0c;-webkit-box-decoration-break:clone;box-decoration-break:clone;padding-top:0px;padding-right:0px;padding-bottom:0px;padding-left:0px;}.wp-block-kadence-advancedheading.kt-adv-heading444_f191f3-f3 img.kb-inline-image, .wp-block-kadence-advancedheading.kt-adv-heading444_f191f3-f3[data-kb-block=\"kb-adv-heading444_f191f3-f3\"] img.kb-inline-image{width:150px;vertical-align:baseline;}<\/style>\n<h3 class=\"kt-adv-heading444_f191f3-f3 wp-block-kadence-advancedheading\" data-kb-block=\"kb-adv-heading444_f191f3-f3\">Heures d\u2019ouverture 2026 de la for\u00eat d\u2019escalade pr\u00e8s de Leipzig<\/h3>\n\n<p>La saison de la for\u00eat d&rsquo;escalade de Leipzig s&rsquo;\u00e9tend <strong>d&rsquo;avril <\/strong> \u00e0 <strong>octobre<\/strong>. Le dernier acc\u00e8s est possible \u00e0 15h00. La r\u00e9servation <strong>doit <\/strong>\u00eatre effectu\u00e9e <a href=\"https:\/\/www.kletterwald-leipzig.de\/kletterwald\/oeffnungszeiten\" target=\"_blank\" rel=\"noreferrer noopener\">en ligne<\/a> au pr\u00e9alable !<\/p>\n\n<figure class=\"wp-block-table\"><table><tbody><tr><td><\/td><td><strong>En dehors<\/strong> des vacances<\/td><td><strong>Pendant <\/strong> les vacances<\/td><\/tr><tr><td>Vendredi<\/td><td>13:00 \u2013 17:00 heures<\/td><td>11:00 \u2013 17:00 heures<\/td><\/tr><tr><td>samedi \u2013 dimanche<\/td><td>10:00 \u2013 17:00 heures<\/td><td>10:00 \u2013 17:00 heures<\/td><\/tr><\/tbody><\/table><figcaption class=\"wp-element-caption\">Heures d&rsquo;ouverture de la for\u00eat d&rsquo;escalade de Leipzig<\/figcaption><\/figure>\n\n<h2 class=\"wp-block-heading\">Faits importants sur le parc d&rsquo;escalade de Leipzig<\/h2>\n\n<figure class=\"wp-block-table\"><table class=\"has-fixed-layout\"><tbody><tr><td>\u00c2ge minimum :<\/td><td>6 ans petits parcours, 10 ans grands parcours<\/td><\/tr><tr><td>Taille minimale :<\/td><td>110 cm petit parcours, 140 cm grand parcours<\/td><\/tr><tr><td>Poids maximum :<\/td><td>130 kg<\/td><\/tr><tr><td>Derni\u00e8re entr\u00e9e dans la for\u00eat d&rsquo;escalade :<\/td><td>2 heures avant la fermeture<\/td><\/tr><tr><td>Remarque :<\/td><td>Veuillez apporter des gants ferm\u00e9s !<\/td><\/tr><\/tbody><\/table><figcaption class=\"wp-element-caption\">Faits sur la for\u00eat d&rsquo;escalade de Leipzig<\/figcaption><\/figure>\n\n<hr class=\"wp-block-separator has-alpha-channel-opacity\" style=\"margin-top:var(--wp--preset--spacing--50);margin-bottom:var(--wp--preset--spacing--50)\"\/>\n<style>.kadence-column444_e89300-92 > .kt-inside-inner-col{display:flex;}.kadence-column444_e89300-92 > .kt-inside-inner-col{padding-top:var(--global-kb-spacing-xs, 1rem);padding-right:var(--global-kb-spacing-xs, 1rem);padding-bottom:var(--global-kb-spacing-xs, 1rem);padding-left:var(--global-kb-spacing-xs, 1rem);}.kadence-column444_e89300-92 > .kt-inside-inner-col{box-shadow:0px 0px 14px 0px rgba(0, 0, 0, 0.2);}.kadence-column444_e89300-92 > .kt-inside-inner-col,.kadence-column444_e89300-92 > .kt-inside-inner-col:before{border-top-left-radius:0px;border-top-right-radius:0px;border-bottom-right-radius:0px;border-bottom-left-radius:0px;}.kadence-column444_e89300-92 > .kt-inside-inner-col{column-gap:var(--global-kb-gap-sm, 1rem);}.kadence-column444_e89300-92 > .kt-inside-inner-col{flex-direction:column;align-items:center;}.kadence-column444_e89300-92 > .kt-inside-inner-col > .kb-image-is-ratio-size{align-self:stretch;}.kadence-column444_e89300-92 > .kt-inside-inner-col > .wp-block-kadence-advancedgallery{align-self:stretch;}.kadence-column444_e89300-92 > .kt-inside-inner-col > .aligncenter{width:100%;}.kadence-column444_e89300-92 > .kt-inside-inner-col{background-color:var(--global-palette8, #F7FAFC);}.kadence-column444_e89300-92 > .kt-inside-inner-col:before{opacity:0.3;}.kadence-column444_e89300-92{position:relative;}@media all and (max-width: 1024px){.kadence-column444_e89300-92 > .kt-inside-inner-col{flex-direction:column;justify-content:center;align-items:center;}}@media all and (max-width: 767px){.kadence-column444_e89300-92 > .kt-inside-inner-col{flex-direction:column;justify-content:center;align-items:center;}}<\/style>\n<div class=\"wp-block-kadence-column kadence-column444_e89300-92\"><div class=\"kt-inside-inner-col\">\n<p class=\"has-text-align-center\">Que penses-tu de la for\u00eat d\u2019escalade de Leipzig ? Laissez-nous une \u00e9valuation, s&rsquo;il vous pla\u00eet.  <br\/>Vous nous aidez ainsi que d&rsquo;autres amoureux de la nature. Merci beaucoup \ud83d\ude42 ! <\/p>\n\n\n\n<div class=\"wp-block-yet-another-stars-rating-visitor-votes aligncenter yasr-vv-block\"><\/div>\n\n\n\n<p>Vous trouverez d&rsquo;autres aventures passionnantes dans notre <a href=\"https:\/\/walderlebnispfade.de\/fr\/experiences-en-foret\/\" data-type=\"page\" data-id=\"228\">recherche d&rsquo;exp\u00e9riences en for\u00eat<\/a> et dans notre <a href=\"https:\/\/walderlebnispfade.de\/fr\/apercu-des-hotels-de-cabanes-dans-les-arbres\/\" data-type=\"post\" data-id=\"5771\">aper\u00e7u des h\u00f4tels dans les arbres<\/a>!<\/p>\n<\/div><\/div>\n\n<hr class=\"wp-block-separator has-alpha-channel-opacity\" style=\"margin-top:var(--wp--preset--spacing--50);margin-bottom:var(--wp--preset--spacing--50)\"\/>\n<style>.wp-block-kadence-advancedheading.kt-adv-heading444_1257b7-66, .wp-block-kadence-advancedheading.kt-adv-heading444_1257b7-66[data-kb-block=\"kb-adv-heading444_1257b7-66\"]{font-size:var(--global-kb-font-size-md, 1.25rem);font-style:normal;}.wp-block-kadence-advancedheading.kt-adv-heading444_1257b7-66 mark.kt-highlight, .wp-block-kadence-advancedheading.kt-adv-heading444_1257b7-66[data-kb-block=\"kb-adv-heading444_1257b7-66\"] mark.kt-highlight{font-style:normal;color:#f76a0c;-webkit-box-decoration-break:clone;box-decoration-break:clone;padding-top:0px;padding-right:0px;padding-bottom:0px;padding-left:0px;}.wp-block-kadence-advancedheading.kt-adv-heading444_1257b7-66 img.kb-inline-image, .wp-block-kadence-advancedheading.kt-adv-heading444_1257b7-66[data-kb-block=\"kb-adv-heading444_1257b7-66\"] img.kb-inline-image{width:150px;vertical-align:baseline;}<\/style>\n<h2 class=\"kt-adv-heading444_1257b7-66 wp-block-kadence-advancedheading\" data-kb-block=\"kb-adv-heading444_1257b7-66\">Vid\u00e9o de pr\u00e9sentation : Le grand parcours de la for\u00eat d&rsquo;escalade de Leipzig<\/h2>\n\n<figure class=\"wp-block-embed is-type-video is-provider-youtube wp-block-embed-youtube wp-embed-aspect-16-9 wp-has-aspect-ratio\"><div class=\"wp-block-embed__wrapper\">\n<iframe loading=\"lazy\" hcb-fetch-image-from=\"https:\/\/youtu.be\/yyfbqySATkI?si=tZv1Q5s2TE1Y1Cg1\" title=\"Kletterwald Leipzig gro\u00dfer Parcours 4k 60fps\" width=\"720\" height=\"405\" src=\"https:\/\/www.youtube.com\/embed\/yyfbqySATkI?feature=oembed\" frameborder=\"0\" allow=\"accelerometer; autoplay; clipboard-write; encrypted-media; gyroscope; picture-in-picture; web-share\" referrerpolicy=\"strict-origin-when-cross-origin\" allowfullscreen><\/iframe>\n<\/div><\/figure>\n","protected":false},"author":2,"featured_media":5154,"comment_status":"open","ping_status":"closed","template":"","meta":{"_kad_blocks_custom_css":"","_kad_blocks_head_custom_js":"","_kad_blocks_body_custom_js":"","_kad_blocks_footer_custom_js":"","_kad_post_transparent":"","_kad_post_title":"","_kad_post_layout":"","_kad_post_sidebar_id":"","_kad_post_content_style":"","_kad_post_vertical_padding":"","_kad_post_feature":"","_kad_post_feature_position":"","_kad_post_header":false,"_kad_post_footer":false,"_kad_post_classname":"","yasr_overall_rating":0,"yasr_post_is_review":"","yasr_auto_insert_disabled":"","yasr_review_type":"LocalBusiness"},"region":[130,151],"erlebnisart":[181,190,193,184],"class_list":["post-5740","erlebnisse","type-erlebnisse","status-publish","has-post-thumbnail","hentry","region-deutschland-fr","region-sn-fr","erlebnisart-klettern-fr","erlebnisart-hebergement","erlebnisart-hotel-dans-les-arbres","erlebnisart-kletterpark-fr"],"yasr_visitor_votes":{"stars_attributes":{"read_only":false,"span_bottom":false},"number_of_votes":0,"sum_votes":0},"taxonomy_info":{"region":[{"value":130,"label":"Allemagne"},{"value":151,"label":"Sachsen"}],"erlebnisart":[{"value":181,"label":"Escalade"},{"value":190,"label":"H\u00e9bergement"},{"value":193,"label":"H\u00f4tel dans les arbres"},{"value":184,"label":"Parc d&#039;escalade"}]},"featured_image_src_large":["https:\/\/walderlebnispfade.de\/wp-content\/uploads\/2024\/07\/Kletterwald_Leipzig-1024x576.jpg",1024,576,true],"author_info":{"display_name":"Moni","author_link":"https:\/\/walderlebnispfade.de\/fr\/author\/moni\/"},"comment_info":0,"_links":{"self":[{"href":"https:\/\/walderlebnispfade.de\/fr\/wp-json\/wp\/v2\/erlebnisse\/5740","targetHints":{"allow":["GET"]}}],"collection":[{"href":"https:\/\/walderlebnispfade.de\/fr\/wp-json\/wp\/v2\/erlebnisse"}],"about":[{"href":"https:\/\/walderlebnispfade.de\/fr\/wp-json\/wp\/v2\/types\/erlebnisse"}],"author":[{"embeddable":true,"href":"https:\/\/walderlebnispfade.de\/fr\/wp-json\/wp\/v2\/users\/2"}],"replies":[{"embeddable":true,"href":"https:\/\/walderlebnispfade.de\/fr\/wp-json\/wp\/v2\/comments?post=5740"}],"wp:featuredmedia":[{"embeddable":true,"href":"https:\/\/walderlebnispfade.de\/fr\/wp-json\/wp\/v2\/media\/5154"}],"wp:attachment":[{"href":"https:\/\/walderlebnispfade.de\/fr\/wp-json\/wp\/v2\/media?parent=5740"}],"wp:term":[{"taxonomy":"region","embeddable":true,"href":"https:\/\/walderlebnispfade.de\/fr\/wp-json\/wp\/v2\/region?post=5740"},{"taxonomy":"erlebnisart","embeddable":true,"href":"https:\/\/walderlebnispfade.de\/fr\/wp-json\/wp\/v2\/erlebnisart?post=5740"}],"curies":[{"name":"wp","href":"https:\/\/api.w.org\/{rel}","templated":true}]}}