{"id":5741,"date":"2024-03-11T22:00:05","date_gmt":"2024-03-11T21:00:05","guid":{"rendered":"https:\/\/walderlebnispfade.de\/erlebnisse\/parc-daventure-en-foret-de-dresde\/"},"modified":"2026-04-22T11:54:37","modified_gmt":"2026-04-22T09:54:37","slug":"parc-daventure-en-foret-de-dresde","status":"publish","type":"erlebnisse","link":"https:\/\/walderlebnispfade.de\/fr\/erlebnisse\/parc-daventure-en-foret-de-dresde\/","title":{"rendered":"Parc d&rsquo;aventure en for\u00eat de Dresde"},"content":{"rendered":"<style>.wp-block-kadence-advancedheading.kt-adv-heading425_8fa726-9f, .wp-block-kadence-advancedheading.kt-adv-heading425_8fa726-9f[data-kb-block=\"kb-adv-heading425_8fa726-9f\"]{font-size:var(--global-kb-font-size-md, 1.25rem);font-style:normal;}.wp-block-kadence-advancedheading.kt-adv-heading425_8fa726-9f mark.kt-highlight, .wp-block-kadence-advancedheading.kt-adv-heading425_8fa726-9f[data-kb-block=\"kb-adv-heading425_8fa726-9f\"] mark.kt-highlight{font-style:normal;color:#f76a0c;-webkit-box-decoration-break:clone;box-decoration-break:clone;padding-top:0px;padding-right:0px;padding-bottom:0px;padding-left:0px;}.wp-block-kadence-advancedheading.kt-adv-heading425_8fa726-9f img.kb-inline-image, .wp-block-kadence-advancedheading.kt-adv-heading425_8fa726-9f[data-kb-block=\"kb-adv-heading425_8fa726-9f\"] img.kb-inline-image{width:150px;vertical-align:baseline;}<\/style>\n<h2 class=\"kt-adv-heading425_8fa726-9f wp-block-kadence-advancedheading\" data-kb-block=\"kb-adv-heading425_8fa726-9f\">Trouvez votre d\u00e9fi dans le parc d&rsquo;accrobranche de Dresde<\/h2>\n\n<p>Avec douze parcours de diff\u00e9rents niveaux de difficult\u00e9 et plus de 100 \u00e9l\u00e9ments, vous trouverez \u00e0 coup s\u00fbr votre d\u00e9fi personnel dans le parc d&rsquo;accrobranche de Dresde. Les d\u00e9butants peuvent faire leurs premi\u00e8res exp\u00e9riences d\u2019escalade pr\u00e8s du sol et progresser lentement vers des hauteurs plus \u00e9lev\u00e9es. Traverse des cordes et des poutres, surmonte des ponts et des obstacles. Pour les tout-petits \u00e0 partir de trois ans, il existe un parcours sp\u00e9cial pr\u00e8s du sol, utilisable sans harnais.<\/p>\n<style>.kb-table-of-content-nav.kb-table-of-content-id425_197e35-0a .kb-table-of-content-wrap{padding-top:var(--global-kb-spacing-sm, 1.5rem);padding-right:var(--global-kb-spacing-sm, 1.5rem);padding-bottom:var(--global-kb-spacing-sm, 1.5rem);padding-left:var(--global-kb-spacing-sm, 1.5rem);background-color:var(--global-palette8, #F7FAFC);box-shadow:inset 0px 0px 14px 0px rgba(0, 0, 0, 0.2);}.kb-table-of-content-nav.kb-table-of-content-id425_197e35-0a .kb-table-of-contents-title-wrap{padding-top:0px;padding-right:0px;padding-bottom:0px;padding-left:0px;}.kb-table-of-content-nav.kb-table-of-content-id425_197e35-0a .kb-table-of-contents-title{font-weight:regular;font-style:normal;}.kb-table-of-content-nav.kb-table-of-content-id425_197e35-0a .kb-table-of-content-wrap .kb-table-of-content-list{font-weight:regular;font-style:normal;margin-top:var(--global-kb-spacing-sm, 1.5rem);margin-right:0px;margin-bottom:0px;margin-left:0px;}.kb-table-of-content-nav.kb-table-of-content-id425_197e35-0a .kb-toggle-icon-style-basiccircle .kb-table-of-contents-icon-trigger:after, .kb-table-of-content-nav.kb-table-of-content-id425_197e35-0a .kb-toggle-icon-style-basiccircle .kb-table-of-contents-icon-trigger:before, .kb-table-of-content-nav.kb-table-of-content-id425_197e35-0a .kb-toggle-icon-style-arrowcircle .kb-table-of-contents-icon-trigger:after, .kb-table-of-content-nav.kb-table-of-content-id425_197e35-0a .kb-toggle-icon-style-arrowcircle .kb-table-of-contents-icon-trigger:before, .kb-table-of-content-nav.kb-table-of-content-id425_197e35-0a .kb-toggle-icon-style-xclosecircle .kb-table-of-contents-icon-trigger:after, .kb-table-of-content-nav.kb-table-of-content-id425_197e35-0a .kb-toggle-icon-style-xclosecircle .kb-table-of-contents-icon-trigger:before{background-color:var(--global-palette8, #F7FAFC);}<\/style>\n<p>Le Waldseilpark utilise le <a href=\"https:\/\/walderlebnispfade.de\/fr\/securite-dans-les-parcs-descalade-et-les-parcours-daccrobranche\/\" data-type=\"post\" data-id=\"2761\">syst\u00e8me d\u2019assurage <\/a>de classe D <strong>Smart Belay X<\/strong> d\u2019Edelrid. Gr\u00e2ce \u00e0 cette technique de s\u00e9curit\u00e9, il est garanti en permanence qu\u2019au moins un mousqueton reste dans le c\u00e2ble de s\u00e9curit\u00e9. Un d\u00e9crochage complet accidentel est donc impossible. Cela repr\u00e9sente un \u00e9norme plus en mati\u00e8re de s\u00e9curit\u00e9, surtout pour les enfants, les adolescents et les classes scolaires.   <\/p>\n\n<h3 class=\"wp-block-heading\">D\u2019un groupe \u00e0 une \u00e9quipe !<\/h3>\n\n<p>Les exploitants proposent \u00e9galement un entra\u00eenement d\u2019\u00e9quipe compos\u00e9 de deux parties. Dans la premi\u00e8re partie, des t\u00e2ches sont r\u00e9solues en \u00e9quipe sur des \u00e9l\u00e9ments proches du sol. Citons par exemple la bascule d\u2019\u00e9quipe, le parcours d\u2019\u00e9quipe au sol (Mohawk Walk), la toile d\u2019araign\u00e9e et la chute de confiance (Trust Fall).  <\/p>\n\n<p>Dans la deuxi\u00e8me partie, l\u2019\u00e9quipe, \u00e9quip\u00e9e de baudriers et de casques, peut tester un parcours et une tyrolienne. L\u2019initiation et l\u2019encadrement sont assur\u00e9s par un personnel sp\u00e9cialement form\u00e9. <\/p>\n\n<h3 class=\"wp-block-heading\">Autres offres au Waldseilpark<\/h3>\n\n<p>En plus des parcours d\u2019escalade, il existe trois pistes de luge sur lesquelles tu glisses vers la vall\u00e9e avec des pneus en caoutchouc. Pratiquement, un remonte-pente te ram\u00e8ne vers le haut, te permettant ainsi d\u2019\u00e9conomiser tes forces pour le prochain d\u00e9fi.  Une offre de collations et de boissons compl\u00e8te la journ\u00e9e d&rsquo;excursion parfaite au parc d&rsquo;aventure en for\u00eat de Dresde. Tu cherches une autre excursion dans les environs ? Alors jette un \u0153il \u00e0 la <a href=\"http:\/\/www.sachsendraisine.de\/\" target=\"_blank\" rel=\"noreferrer noopener\">Sachsendraisine<\/a>. Les jeunes et les moins jeunes peuvent y circuler ensemble.  <\/p>\n\n<p>Si vous avez besoin de plus de choix : il y a aussi un article de blog avec des informations sur les <a href=\"https:\/\/walderlebnispfade.de\/fr\/forets-descalade-en-allemagne-apercu-des-144-sites-en-2025\/\" data-type=\"link\" data-id=\"https:\/\/walderlebnispfade.de\/kletterwaelder-in-deutschland\/\">144 for\u00eats d&rsquo;escalade en Allemagne<\/a>.<\/p>\n<style>.wp-block-kadence-advancedheading.kt-adv-heading425_561b52-81, .wp-block-kadence-advancedheading.kt-adv-heading425_561b52-81[data-kb-block=\"kb-adv-heading425_561b52-81\"]{font-size:var(--global-kb-font-size-md, 1.25rem);font-style:normal;}.wp-block-kadence-advancedheading.kt-adv-heading425_561b52-81 mark.kt-highlight, .wp-block-kadence-advancedheading.kt-adv-heading425_561b52-81[data-kb-block=\"kb-adv-heading425_561b52-81\"] mark.kt-highlight{font-style:normal;color:#f76a0c;-webkit-box-decoration-break:clone;box-decoration-break:clone;padding-top:0px;padding-right:0px;padding-bottom:0px;padding-left:0px;}.wp-block-kadence-advancedheading.kt-adv-heading425_561b52-81 img.kb-inline-image, .wp-block-kadence-advancedheading.kt-adv-heading425_561b52-81[data-kb-block=\"kb-adv-heading425_561b52-81\"] img.kb-inline-image{width:150px;vertical-align:baseline;}<\/style>\n<h2 class=\"kt-adv-heading425_561b52-81 wp-block-kadence-advancedheading\" data-kb-block=\"kb-adv-heading425_561b52-81\">Heures d\u2019ouverture 2026 Parc d\u2019aventure en for\u00eat<\/h2>\n\n<p>Le parc d\u2019escalade pr\u00e8s de Dresde est ouvert d\u2019avril \u00e0 octobre. Veuillez noter que des modifications sont possibles en raison des conditions m\u00e9t\u00e9orologiques. La derni\u00e8re distribution de baudriers a lieu environ 3 heures avant la fermeture.<\/p>\n\n<figure class=\"wp-block-table\"><table><tbody><tr><td><\/td><td><strong>En dehors<\/strong> des vacances<\/td><td>Vacances <strong>indiennes <\/strong> (Saxe)<\/td><\/tr><tr><td>Mardi<\/td><td>ferm\u00e9<\/td><td>10:00 \u2013 19:00 heures<\/td><\/tr><tr><td>Du mercredi au vendredi<\/td><td>14:00 \u2013 19:00 heures<\/td><td>10:00 \u2013 19:00 heures<\/td><\/tr><tr><td>samedi, dimanche<\/td><td>10:00 \u2013 19:00 heures<\/td><td>10:00 \u2013 19:00 heures<\/td><\/tr><\/tbody><\/table><figcaption class=\"wp-element-caption\">Heures d&rsquo;ouverture du parc d&rsquo;accrobranche de Dresde<\/figcaption><\/figure>\n\n<hr class=\"wp-block-separator has-alpha-channel-opacity\" style=\"margin-top:var(--wp--preset--spacing--50);margin-bottom:var(--wp--preset--spacing--50)\"\/>\n<style>.kadence-column425_83359c-ca > .kt-inside-inner-col{display:flex;}.kadence-column425_83359c-ca > .kt-inside-inner-col{padding-top:var(--global-kb-spacing-xs, 1rem);padding-right:var(--global-kb-spacing-xs, 1rem);padding-bottom:var(--global-kb-spacing-xs, 1rem);padding-left:var(--global-kb-spacing-xs, 1rem);}.kadence-column425_83359c-ca > .kt-inside-inner-col{box-shadow:0px 0px 14px 0px rgba(0, 0, 0, 0.2);}.kadence-column425_83359c-ca > .kt-inside-inner-col,.kadence-column425_83359c-ca > .kt-inside-inner-col:before{border-top-left-radius:0px;border-top-right-radius:0px;border-bottom-right-radius:0px;border-bottom-left-radius:0px;}.kadence-column425_83359c-ca > .kt-inside-inner-col{column-gap:var(--global-kb-gap-sm, 1rem);}.kadence-column425_83359c-ca > .kt-inside-inner-col{flex-direction:column;align-items:center;}.kadence-column425_83359c-ca > .kt-inside-inner-col > .kb-image-is-ratio-size{align-self:stretch;}.kadence-column425_83359c-ca > .kt-inside-inner-col > .wp-block-kadence-advancedgallery{align-self:stretch;}.kadence-column425_83359c-ca > .kt-inside-inner-col > .aligncenter{width:100%;}.kadence-column425_83359c-ca > .kt-inside-inner-col{background-color:var(--global-palette8, #F7FAFC);}.kadence-column425_83359c-ca > .kt-inside-inner-col:before{opacity:0.3;}.kadence-column425_83359c-ca{position:relative;}@media all and (max-width: 1024px){.kadence-column425_83359c-ca > .kt-inside-inner-col{flex-direction:column;justify-content:center;align-items:center;}}@media all and (max-width: 767px){.kadence-column425_83359c-ca > .kt-inside-inner-col{flex-direction:column;justify-content:center;align-items:center;}}<\/style>\n<div class=\"wp-block-kadence-column kadence-column425_83359c-ca\"><div class=\"kt-inside-inner-col\">\n<p class=\"has-text-align-center\">Comment trouves-tu le Waldseilpark Dresden ? Laissez-nous une \u00e9valuation, s&rsquo;il vous pla\u00eet.  <br\/>Vous nous aidez ainsi que d&rsquo;autres amoureux de la nature. Merci beaucoup \ud83d\ude42 ! <\/p>\n\n\n\n<div class=\"wp-block-yet-another-stars-rating-visitor-votes aligncenter yasr-vv-block\"><\/div>\n\n\n\n<p>Vous trouverez d\u2019autres aventures dans notre <a href=\"https:\/\/walderlebnispfade.de\/fr\/experiences-en-foret\/\" data-type=\"page\" data-id=\"228\">recherche d\u2019exp\u00e9riences en for\u00eat<\/a> !<\/p>\n<\/div><\/div>\n\n<hr class=\"wp-block-separator has-alpha-channel-opacity\" style=\"margin-top:var(--wp--preset--spacing--50);margin-bottom:var(--wp--preset--spacing--50)\"\/>\n<style>.wp-block-kadence-advancedheading.kt-adv-heading425_fe8e16-76, .wp-block-kadence-advancedheading.kt-adv-heading425_fe8e16-76[data-kb-block=\"kb-adv-heading425_fe8e16-76\"]{font-size:var(--global-kb-font-size-md, 1.25rem);font-style:normal;}.wp-block-kadence-advancedheading.kt-adv-heading425_fe8e16-76 mark.kt-highlight, .wp-block-kadence-advancedheading.kt-adv-heading425_fe8e16-76[data-kb-block=\"kb-adv-heading425_fe8e16-76\"] mark.kt-highlight{font-style:normal;color:#f76a0c;-webkit-box-decoration-break:clone;box-decoration-break:clone;padding-top:0px;padding-right:0px;padding-bottom:0px;padding-left:0px;}.wp-block-kadence-advancedheading.kt-adv-heading425_fe8e16-76 img.kb-inline-image, .wp-block-kadence-advancedheading.kt-adv-heading425_fe8e16-76[data-kb-block=\"kb-adv-heading425_fe8e16-76\"] img.kb-inline-image{width:150px;vertical-align:baseline;}<\/style>\n<h2 class=\"kt-adv-heading425_fe8e16-76 wp-block-kadence-advancedheading\" data-kb-block=\"kb-adv-heading425_fe8e16-76\">Vid\u00e9o de pr\u00e9sentation : Une excursion au parc d&rsquo;accrobranche de B\u00fchlau<\/h2>\n\n<figure class=\"wp-block-embed is-type-video is-provider-youtube wp-block-embed-youtube wp-embed-aspect-16-9 wp-has-aspect-ratio\"><div class=\"wp-block-embed__wrapper\">\n<iframe loading=\"lazy\" hcb-fetch-image-from=\"https:\/\/youtu.be\/23x2eTLY5dI?si=GmhPZcPMtMpnl-v-\" title=\"Waldseilpark Dresden-B\u00fchlau\" width=\"720\" height=\"405\" src=\"https:\/\/www.youtube.com\/embed\/23x2eTLY5dI?feature=oembed\" frameborder=\"0\" allow=\"accelerometer; autoplay; clipboard-write; encrypted-media; gyroscope; picture-in-picture; web-share\" referrerpolicy=\"strict-origin-when-cross-origin\" allowfullscreen><\/iframe>\n<\/div><\/figure>\n","protected":false},"author":2,"featured_media":5054,"comment_status":"open","ping_status":"closed","template":"","meta":{"_kad_blocks_custom_css":"","_kad_blocks_head_custom_js":"","_kad_blocks_body_custom_js":"","_kad_blocks_footer_custom_js":"","_kad_post_transparent":"","_kad_post_title":"","_kad_post_layout":"","_kad_post_sidebar_id":"","_kad_post_content_style":"","_kad_post_vertical_padding":"","_kad_post_feature":"","_kad_post_feature_position":"","_kad_post_header":false,"_kad_post_footer":false,"_kad_post_classname":"","yasr_overall_rating":0,"yasr_post_is_review":"","yasr_auto_insert_disabled":"","yasr_review_type":"LocalBusiness"},"region":[130,151],"erlebnisart":[181,184],"class_list":["post-5741","erlebnisse","type-erlebnisse","status-publish","has-post-thumbnail","hentry","region-deutschland-fr","region-sn-fr","erlebnisart-klettern-fr","erlebnisart-kletterpark-fr"],"yasr_visitor_votes":{"stars_attributes":{"read_only":false,"span_bottom":false},"number_of_votes":0,"sum_votes":0},"taxonomy_info":{"region":[{"value":130,"label":"Allemagne"},{"value":151,"label":"Sachsen"}],"erlebnisart":[{"value":181,"label":"Escalade"},{"value":184,"label":"Parc d&#039;escalade"}]},"featured_image_src_large":["https:\/\/walderlebnispfade.de\/wp-content\/uploads\/2024\/07\/Klettergarten_Dresden_Buehlau-1024x576.jpg",1024,576,true],"author_info":{"display_name":"Moni","author_link":"https:\/\/walderlebnispfade.de\/fr\/author\/moni\/"},"comment_info":0,"_links":{"self":[{"href":"https:\/\/walderlebnispfade.de\/fr\/wp-json\/wp\/v2\/erlebnisse\/5741","targetHints":{"allow":["GET"]}}],"collection":[{"href":"https:\/\/walderlebnispfade.de\/fr\/wp-json\/wp\/v2\/erlebnisse"}],"about":[{"href":"https:\/\/walderlebnispfade.de\/fr\/wp-json\/wp\/v2\/types\/erlebnisse"}],"author":[{"embeddable":true,"href":"https:\/\/walderlebnispfade.de\/fr\/wp-json\/wp\/v2\/users\/2"}],"replies":[{"embeddable":true,"href":"https:\/\/walderlebnispfade.de\/fr\/wp-json\/wp\/v2\/comments?post=5741"}],"wp:featuredmedia":[{"embeddable":true,"href":"https:\/\/walderlebnispfade.de\/fr\/wp-json\/wp\/v2\/media\/5054"}],"wp:attachment":[{"href":"https:\/\/walderlebnispfade.de\/fr\/wp-json\/wp\/v2\/media?parent=5741"}],"wp:term":[{"taxonomy":"region","embeddable":true,"href":"https:\/\/walderlebnispfade.de\/fr\/wp-json\/wp\/v2\/region?post=5741"},{"taxonomy":"erlebnisart","embeddable":true,"href":"https:\/\/walderlebnispfade.de\/fr\/wp-json\/wp\/v2\/erlebnisart?post=5741"}],"curies":[{"name":"wp","href":"https:\/\/api.w.org\/{rel}","templated":true}]}}