{"id":5742,"date":"2024-03-06T22:25:56","date_gmt":"2024-03-06T21:25:56","guid":{"rendered":"https:\/\/walderlebnispfade.de\/erlebnisse\/sentier-des-cimes-steigerwald\/"},"modified":"2026-04-22T11:54:45","modified_gmt":"2026-04-22T09:54:45","slug":"sentier-des-cimes-steigerwald","status":"publish","type":"erlebnisse","link":"https:\/\/walderlebnispfade.de\/fr\/erlebnisse\/sentier-des-cimes-steigerwald\/","title":{"rendered":"Sentier des cimes Steigerwald"},"content":{"rendered":"<style>.wp-block-kadence-advancedheading.kt-adv-heading269_d6c6ed-0c, .wp-block-kadence-advancedheading.kt-adv-heading269_d6c6ed-0c[data-kb-block=\"kb-adv-heading269_d6c6ed-0c\"]{font-size:var(--global-kb-font-size-md, 1.25rem);font-style:normal;}.wp-block-kadence-advancedheading.kt-adv-heading269_d6c6ed-0c mark.kt-highlight, .wp-block-kadence-advancedheading.kt-adv-heading269_d6c6ed-0c[data-kb-block=\"kb-adv-heading269_d6c6ed-0c\"] mark.kt-highlight{font-style:normal;color:#f76a0c;-webkit-box-decoration-break:clone;box-decoration-break:clone;padding-top:0px;padding-right:0px;padding-bottom:0px;padding-left:0px;}.wp-block-kadence-advancedheading.kt-adv-heading269_d6c6ed-0c img.kb-inline-image, .wp-block-kadence-advancedheading.kt-adv-heading269_d6c6ed-0c[data-kb-block=\"kb-adv-heading269_d6c6ed-0c\"] img.kb-inline-image{width:150px;vertical-align:baseline;}<\/style>\n<h2 class=\"kt-adv-heading269_d6c6ed-0c wp-block-kadence-advancedheading\" data-kb-block=\"kb-adv-heading269_d6c6ed-0c\">Des vues magnifiques sur le Steigerwald<\/h2>\n\n<p>Le sentier de la cime des arbres Steigerwald se trouve pr\u00e8s d&rsquo;Ebrach, dans le district de Bamberg, au c\u0153ur de la nature. Promenez-vous sur le sentier en bois de 1 150 m \u00e0 travers tous les niveaux de la for\u00eat jusqu&rsquo;au sommet de la tour d&rsquo;observation de 42 m de haut. De l\u00e0, profite du magnifique panorama sur les arbres et le parc naturel du Steigerwald.<\/p>\n<style>.kb-table-of-content-nav.kb-table-of-content-id269_6aaf71-d6 .kb-table-of-content-wrap{padding-top:var(--global-kb-spacing-sm, 1.5rem);padding-right:var(--global-kb-spacing-sm, 1.5rem);padding-bottom:var(--global-kb-spacing-sm, 1.5rem);padding-left:var(--global-kb-spacing-sm, 1.5rem);background-color:var(--global-palette8, #F7FAFC);box-shadow:inset 0px 0px 14px 0px rgba(0, 0, 0, 0.2);}.kb-table-of-content-nav.kb-table-of-content-id269_6aaf71-d6 .kb-table-of-contents-title-wrap{padding-top:0px;padding-right:0px;padding-bottom:0px;padding-left:0px;}.kb-table-of-content-nav.kb-table-of-content-id269_6aaf71-d6 .kb-table-of-contents-title{font-weight:regular;font-style:normal;}.kb-table-of-content-nav.kb-table-of-content-id269_6aaf71-d6 .kb-table-of-content-wrap .kb-table-of-content-list{font-weight:regular;font-style:normal;margin-top:var(--global-kb-spacing-sm, 1.5rem);margin-right:0px;margin-bottom:0px;margin-left:0px;}.kb-table-of-content-nav.kb-table-of-content-id269_6aaf71-d6 .kb-toggle-icon-style-basiccircle .kb-table-of-contents-icon-trigger:after, .kb-table-of-content-nav.kb-table-of-content-id269_6aaf71-d6 .kb-toggle-icon-style-basiccircle .kb-table-of-contents-icon-trigger:before, .kb-table-of-content-nav.kb-table-of-content-id269_6aaf71-d6 .kb-toggle-icon-style-arrowcircle .kb-table-of-contents-icon-trigger:after, .kb-table-of-content-nav.kb-table-of-content-id269_6aaf71-d6 .kb-toggle-icon-style-arrowcircle .kb-table-of-contents-icon-trigger:before, .kb-table-of-content-nav.kb-table-of-content-id269_6aaf71-d6 .kb-toggle-icon-style-xclosecircle .kb-table-of-contents-icon-trigger:after, .kb-table-of-content-nav.kb-table-of-content-id269_6aaf71-d6 .kb-toggle-icon-style-xclosecircle .kb-table-of-contents-icon-trigger:before{background-color:var(--global-palette8, #F7FAFC);}<\/style>\n<p>Environ 650 m du sentier passent dans la tour d&rsquo;observation avec une pente de 6% maximum. Pendant l&rsquo;ascension de 26m \u00e0 42m, d\u00e9couvre la for\u00eat sous une nouvelle perspective. Plusieurs panneaux d&rsquo;information donnent un aper\u00e7u des processus de l&rsquo;\u00e9cosyst\u00e8me forestier.<\/p>\n\n<p>Apr\u00e8s la randonn\u00e9e, le restaurant du sentier des cimes propose des snacks et des boissons pour reprendre des forces. Ceux qui le souhaitent peuvent emporter de la boutique quelques petits souvenirs d&rsquo;une journ\u00e9e passionnante.<\/p>\n\n<h3 class=\"wp-block-heading\">Arriv\u00e9e et stationnement au sentier des cimes Steigerwald<\/h3>\n<style>.kb-row-layout-id269_77a774-a7 > .kt-row-column-wrap{align-content:start;}:where(.kb-row-layout-id269_77a774-a7 > .kt-row-column-wrap) > .wp-block-kadence-column{justify-content:start;}.kb-row-layout-id269_77a774-a7 > .kt-row-column-wrap{column-gap:var(--global-kb-gap-md, 2rem);row-gap:var(--global-kb-gap-md, 2rem);padding-top:var(--global-kb-spacing-sm, 1.5rem);padding-bottom:var(--global-kb-spacing-sm, 1.5rem);grid-template-columns:repeat(2, minmax(0, 1fr));}.kb-row-layout-id269_77a774-a7 > .kt-row-layout-overlay{opacity:0.30;}@media all and (max-width: 1024px){.kb-row-layout-id269_77a774-a7 > .kt-row-column-wrap{grid-template-columns:repeat(2, minmax(0, 1fr));}}@media all and (max-width: 767px){.kb-row-layout-id269_77a774-a7 > .kt-row-column-wrap{grid-template-columns:minmax(0, 1fr);}}<\/style><div class=\"kb-row-layout-wrap kb-row-layout-id269_77a774-a7 alignnone wp-block-kadence-rowlayout\"><div class=\"kt-row-column-wrap kt-has-2-columns kt-row-layout-equal kt-tab-layout-inherit kt-mobile-layout-row kt-row-valign-top\">\n<style>.kadence-column269_28a676-d7 > .kt-inside-inner-col,.kadence-column269_28a676-d7 > .kt-inside-inner-col:before{border-top-left-radius:0px;border-top-right-radius:0px;border-bottom-right-radius:0px;border-bottom-left-radius:0px;}.kadence-column269_28a676-d7 > .kt-inside-inner-col{column-gap:var(--global-kb-gap-sm, 1rem);}.kadence-column269_28a676-d7 > .kt-inside-inner-col{flex-direction:column;}.kadence-column269_28a676-d7 > .kt-inside-inner-col > .aligncenter{width:100%;}.kadence-column269_28a676-d7 > .kt-inside-inner-col:before{opacity:0.3;}.kadence-column269_28a676-d7{position:relative;}@media all and (max-width: 1024px){.kadence-column269_28a676-d7 > .kt-inside-inner-col{flex-direction:column;justify-content:center;}}@media all and (max-width: 767px){.kadence-column269_28a676-d7 > .kt-inside-inner-col{flex-direction:column;justify-content:center;}}<\/style>\n<div class=\"wp-block-kadence-column kadence-column269_28a676-d7\"><div class=\"kt-inside-inner-col\">\n<p>Le sentier se trouve directement sur la B22 entre W\u00fcrzburg et Bamberg. Si vous arrivez par l&rsquo;A3 en provenance du sud, prenez la sortie Geiselwind, si vous venez du nord, prenez la sortie Wiesentheid. Si vous venez de l&rsquo;A70, prenez les sorties Knetzgau ou Eltmann. L&rsquo;adresse pour le syst\u00e8me de navigation est : Radstein 2 ou W\u00fcrzburger Stra\u00dfe, 96157 Ebrach. Veuillez suivre les panneaux sur place et ne pas tourner dans les chemins forestiers, m\u00eame si votre GPS vous le demande ;-)&#8230; Vous trouverez une carte ci-dessous.     <\/p>\n\n\n\n<p>Pour les voitures et les bus, un parking gratuit est disponible directement sur la B22, au nord du sentier des cimes. De l\u00e0, il n&rsquo;y a que cinq minutes de marche jusqu&rsquo;\u00e0 l&rsquo;entr\u00e9e. En cas de forte affluence, un parking de remplacement est \u00e9galement indiqu\u00e9 au sud de la B22, dans la for\u00eat. Il y a \u00e9galement deux stations de recharge pour voitures \u00e9lectriques. Il y a \u00e9galement suffisamment d&#8217;emplacements pour les v\u00e9los, l\u00e0 aussi avec des bornes de recharge \u00e9lectrique.    <\/p>\n<\/div><\/div>\n\n\n<style>.kadence-column269_d6e450-db > .kt-inside-inner-col,.kadence-column269_d6e450-db > .kt-inside-inner-col:before{border-top-left-radius:0px;border-top-right-radius:0px;border-bottom-right-radius:0px;border-bottom-left-radius:0px;}.kadence-column269_d6e450-db > .kt-inside-inner-col{column-gap:var(--global-kb-gap-sm, 1rem);}.kadence-column269_d6e450-db > .kt-inside-inner-col{flex-direction:column;}.kadence-column269_d6e450-db > .kt-inside-inner-col > .aligncenter{width:100%;}.kadence-column269_d6e450-db > .kt-inside-inner-col:before{opacity:0.3;}.kadence-column269_d6e450-db{position:relative;}@media all and (max-width: 1024px){.kadence-column269_d6e450-db > .kt-inside-inner-col{flex-direction:column;justify-content:center;}}@media all and (max-width: 767px){.kadence-column269_d6e450-db > .kt-inside-inner-col{flex-direction:column;justify-content:center;}}<\/style>\n<div class=\"wp-block-kadence-column kadence-column269_d6e450-db\"><div class=\"kt-inside-inner-col\"><style>.kb-image269_0448c2-09 .kb-image-has-overlay:after{opacity:0.3;}<\/style>\n<figure class=\"wp-block-kadence-image kb-image269_0448c2-09 size-full\"><img loading=\"lazy\" decoding=\"async\" width=\"1024\" height=\"576\" src=\"https:\/\/walderlebnispfade.de\/wp-content\/uploads\/2024\/03\/Steigerwald_Turm.jpg\" alt=\"Blick auf den zentralen Turm im Baumwipfelpfad Steigerwald\" class=\"kb-img wp-image-6311\" srcset=\"https:\/\/walderlebnispfade.de\/wp-content\/uploads\/2024\/03\/Steigerwald_Turm.jpg 1024w, https:\/\/walderlebnispfade.de\/wp-content\/uploads\/2024\/03\/Steigerwald_Turm-300x169.jpg 300w, https:\/\/walderlebnispfade.de\/wp-content\/uploads\/2024\/03\/Steigerwald_Turm-768x432.jpg 768w\" sizes=\"auto, (max-width: 1024px) 100vw, 1024px\" \/><\/figure>\n<\/div><\/div>\n\n<\/div><\/div><style>.wp-block-kadence-advancedheading.kt-adv-heading269_0409a5-7c, .wp-block-kadence-advancedheading.kt-adv-heading269_0409a5-7c[data-kb-block=\"kb-adv-heading269_0409a5-7c\"]{font-size:var(--global-kb-font-size-md, 1.25rem);font-style:normal;}.wp-block-kadence-advancedheading.kt-adv-heading269_0409a5-7c mark.kt-highlight, .wp-block-kadence-advancedheading.kt-adv-heading269_0409a5-7c[data-kb-block=\"kb-adv-heading269_0409a5-7c\"] mark.kt-highlight{font-style:normal;color:#f76a0c;-webkit-box-decoration-break:clone;box-decoration-break:clone;padding-top:0px;padding-right:0px;padding-bottom:0px;padding-left:0px;}.wp-block-kadence-advancedheading.kt-adv-heading269_0409a5-7c img.kb-inline-image, .wp-block-kadence-advancedheading.kt-adv-heading269_0409a5-7c[data-kb-block=\"kb-adv-heading269_0409a5-7c\"] img.kb-inline-image{width:150px;vertical-align:baseline;}<\/style>\n<h3 class=\"kt-adv-heading269_0409a5-7c wp-block-kadence-advancedheading\" data-kb-block=\"kb-adv-heading269_0409a5-7c\">Horaires d&rsquo;ouverture 2026 du sentier des cimes Steigerwald<\/h3>\n\n<p>Pendant les vacances scolaires bavaroises (y compris le jour de p\u00e9nitence et de pri\u00e8re), le mus\u00e9e est ouvert tous les jours. Sinon, selon le tableau ci-dessous:<\/p>\n\n<figure class=\"wp-block-table\"><table><tbody><tr><td><strong>27 octobre 2025 au 28 mars 2026 <\/strong><\/td><td><strong>29 mars 2026 au 25 octobre 2026<\/strong><\/td><\/tr><tr><td>du jeudi au dimanche, de 10h00 \u00e0 16h00<\/td><td>Entr\u00e9e tous les jours de 9h00 \u00e0 18h00<\/td><\/tr><tr><td>Fermeture de la caisse : 15:00 heures<\/td><td>Fermeture de la caisse : 17:00 heures<\/td><\/tr><\/tbody><\/table><figcaption class=\"wp-element-caption\">Heures d&rsquo;ouverture du sentier des cimes Steigerwald<\/figcaption><\/figure>\n<style>.kb-row-layout-id269_5d2353-4b > .kt-row-column-wrap{align-content:start;}:where(.kb-row-layout-id269_5d2353-4b > .kt-row-column-wrap) > .wp-block-kadence-column{justify-content:start;}.kb-row-layout-id269_5d2353-4b > .kt-row-column-wrap{column-gap:var(--global-kb-gap-md, 2rem);row-gap:var(--global-kb-gap-md, 2rem);padding-top:var(--global-kb-spacing-sm, 1.5rem);padding-bottom:var(--global-kb-spacing-sm, 1.5rem);grid-template-columns:minmax(0, 1fr);}.kb-row-layout-id269_5d2353-4b > .kt-row-layout-overlay{opacity:0.30;}@media all and (max-width: 1024px){.kb-row-layout-id269_5d2353-4b > .kt-row-column-wrap{grid-template-columns:minmax(0, 1fr);}}@media all and (max-width: 767px){.kb-row-layout-id269_5d2353-4b > .kt-row-column-wrap{grid-template-columns:minmax(0, 1fr);}}<\/style><div class=\"kb-row-layout-wrap kb-row-layout-id269_5d2353-4b alignnone wp-block-kadence-rowlayout\"><div class=\"kt-row-column-wrap kt-has-1-columns kt-row-layout-equal kt-tab-layout-inherit kt-mobile-layout-row kt-row-valign-top\">\n<style>.kadence-column269_0843bc-70 > .kt-inside-inner-col,.kadence-column269_0843bc-70 > .kt-inside-inner-col:before{border-top-left-radius:0px;border-top-right-radius:0px;border-bottom-right-radius:0px;border-bottom-left-radius:0px;}.kadence-column269_0843bc-70 > .kt-inside-inner-col{column-gap:var(--global-kb-gap-sm, 1rem);}.kadence-column269_0843bc-70 > .kt-inside-inner-col{flex-direction:column;}.kadence-column269_0843bc-70 > .kt-inside-inner-col > .aligncenter{width:100%;}.kadence-column269_0843bc-70 > .kt-inside-inner-col:before{opacity:0.3;}.kadence-column269_0843bc-70{position:relative;}@media all and (max-width: 1024px){.kadence-column269_0843bc-70 > .kt-inside-inner-col{flex-direction:column;justify-content:center;}}@media all and (max-width: 767px){.kadence-column269_0843bc-70 > .kt-inside-inner-col{flex-direction:column;justify-content:center;}}<\/style>\n<div class=\"wp-block-kadence-column kadence-column269_0843bc-70\"><div class=\"kt-inside-inner-col\"><style>.wp-block-kadence-advancedheading.kt-adv-heading269_aedd1c-d7, .wp-block-kadence-advancedheading.kt-adv-heading269_aedd1c-d7[data-kb-block=\"kb-adv-heading269_aedd1c-d7\"]{font-style:normal;}.wp-block-kadence-advancedheading.kt-adv-heading269_aedd1c-d7 mark.kt-highlight, .wp-block-kadence-advancedheading.kt-adv-heading269_aedd1c-d7[data-kb-block=\"kb-adv-heading269_aedd1c-d7\"] mark.kt-highlight{font-style:normal;color:#f76a0c;-webkit-box-decoration-break:clone;box-decoration-break:clone;padding-top:0px;padding-right:0px;padding-bottom:0px;padding-left:0px;}.wp-block-kadence-advancedheading.kt-adv-heading269_aedd1c-d7 img.kb-inline-image, .wp-block-kadence-advancedheading.kt-adv-heading269_aedd1c-d7[data-kb-block=\"kb-adv-heading269_aedd1c-d7\"] img.kb-inline-image{width:150px;vertical-align:baseline;}<\/style>\n<h2 class=\"kt-adv-heading269_aedd1c-d7 wp-block-kadence-advancedheading\" data-kb-block=\"kb-adv-heading269_aedd1c-d7\">D\u00e9tails importants sur le sentier de la canop\u00e9e du Steigerwald<\/h2>\n\n\n\n<figure class=\"wp-block-table\"><table><tbody><tr><td>La gastronomie :<\/td><td>Oui, le service de restauration se trouve \u00e0 la sortie du sentier.<\/td><\/tr><tr><td>les installations sanitaires:<\/td><td>Uniquement dans le restaurant \u00e0 la sortie du sentier, pas sur le sentier lui-m\u00eame.<\/td><\/tr><tr><td>Accessible aux personnes handicap\u00e9es :<\/td><td>Le sentier est accessible \u00e0 tous et a une pente maximale de 6%.<br\/>Des toilettes adapt\u00e9es aux personnes handicap\u00e9es se trouvent dans le b\u00e2timent de restauration et dans le kiosque.<\/td><\/tr><tr><td>Chiens admis:<\/td><td>Non, les chiens ne sont pas autoris\u00e9s.<\/td><\/tr><tr><td>Visites guid\u00e9es:<\/td><td>Oui, <a href=\"https:\/\/www.baumwipfelpfadsteigerwald.de\/angebote\/fuehrungen.html\" target=\"_blank\" data-type=\"link\" data-id=\"https:\/\/www.baumwipfelpfadsteigerwald.de\/angebote\/fuehrungen.html\" rel=\"noreferrer noopener\">plusieurs visites guid\u00e9es<\/a> sont propos\u00e9es sur r\u00e9servation pr\u00e9alable par e-mail.<\/td><\/tr><tr><td>R\u00e9duction pour les groupes:<\/td><td>Oui, \u00e0 partir de 15 personnes.<\/td><\/tr><tr><td>Achat de billets :<\/td><td>Sur place ou <a href=\"https:\/\/www.baumwipfelpfadsteigerwald.de\/service\/online-ticketshop.html\" target=\"_blank\" data-type=\"link\" data-id=\"https:\/\/www.baumwipfelpfadsteigerwald.de\/service\/online-ticketshop.html\" rel=\"noreferrer noopener\">en ligne<\/a>.<\/td><\/tr><\/tbody><\/table><figcaption class=\"wp-element-caption\">D\u00e9tails sur le sentier des cimes Steigerwald<\/figcaption><\/figure>\n<\/div><\/div>\n\n<\/div><\/div>\n<hr class=\"wp-block-separator has-alpha-channel-opacity\" style=\"margin-top:var(--wp--preset--spacing--50);margin-bottom:var(--wp--preset--spacing--50)\"\/>\n<style>.kadence-column269_6bf567-75 > .kt-inside-inner-col{display:flex;}.kadence-column269_6bf567-75 > .kt-inside-inner-col{padding-top:var(--global-kb-spacing-xs, 1rem);padding-right:var(--global-kb-spacing-xs, 1rem);padding-bottom:var(--global-kb-spacing-xs, 1rem);padding-left:var(--global-kb-spacing-xs, 1rem);}.kadence-column269_6bf567-75 > .kt-inside-inner-col{box-shadow:0px 0px 14px 0px rgba(0, 0, 0, 0.2);}.kadence-column269_6bf567-75 > .kt-inside-inner-col,.kadence-column269_6bf567-75 > .kt-inside-inner-col:before{border-top-left-radius:0px;border-top-right-radius:0px;border-bottom-right-radius:0px;border-bottom-left-radius:0px;}.kadence-column269_6bf567-75 > .kt-inside-inner-col{column-gap:var(--global-kb-gap-sm, 1rem);}.kadence-column269_6bf567-75 > .kt-inside-inner-col{flex-direction:column;align-items:center;}.kadence-column269_6bf567-75 > .kt-inside-inner-col > .kb-image-is-ratio-size{align-self:stretch;}.kadence-column269_6bf567-75 > .kt-inside-inner-col > .wp-block-kadence-advancedgallery{align-self:stretch;}.kadence-column269_6bf567-75 > .kt-inside-inner-col > .aligncenter{width:100%;}.kadence-column269_6bf567-75 > .kt-inside-inner-col{background-color:var(--global-palette8, #F7FAFC);}.kadence-column269_6bf567-75 > .kt-inside-inner-col:before{opacity:0.3;}.kadence-column269_6bf567-75{position:relative;}@media all and (max-width: 1024px){.kadence-column269_6bf567-75 > .kt-inside-inner-col{flex-direction:column;justify-content:center;align-items:center;}}@media all and (max-width: 767px){.kadence-column269_6bf567-75 > .kt-inside-inner-col{flex-direction:column;justify-content:center;align-items:center;}}<\/style>\n<div class=\"wp-block-kadence-column kadence-column269_6bf567-75\"><div class=\"kt-inside-inner-col\">\n<p class=\"has-text-align-center\">Que pensez-vous du sentier des cimes Steigerwald ? N&rsquo;h\u00e9sitez pas \u00e0 laisser un avis. <br\/>Vous nous aidez ainsi que d&rsquo;autres amoureux de la nature. Merci beaucoup \ud83d\ude42 ! <\/p>\n\n\n\n<div class=\"wp-block-yet-another-stars-rating-visitor-votes aligncenter yasr-vv-block\"><\/div>\n\n\n\n<p>Vous pouvez trouver d&rsquo;autres aventures passionnantes dans notre <a href=\"https:\/\/walderlebnispfade.de\/fr\/experiences-en-foret\/\" data-type=\"page\" data-id=\"228\">recherche d&rsquo;exp\u00e9riences en for\u00eat<\/a> et dans notre <a href=\"https:\/\/walderlebnispfade.de\/fr\/sentiers-de-la-cime-des-arbres-en-europe\/\" data-type=\"post\" data-id=\"5843\">aper\u00e7u des parcours dans les arbres<\/a>!<\/p>\n<\/div><\/div>\n\n<hr class=\"wp-block-separator has-alpha-channel-opacity\" style=\"margin-top:var(--wp--preset--spacing--50);margin-bottom:var(--wp--preset--spacing--50)\"\/>\n<style>.wp-block-kadence-advancedheading.kt-adv-heading269_fd4111-71, .wp-block-kadence-advancedheading.kt-adv-heading269_fd4111-71[data-kb-block=\"kb-adv-heading269_fd4111-71\"]{font-size:var(--global-kb-font-size-md, 1.25rem);font-style:normal;}.wp-block-kadence-advancedheading.kt-adv-heading269_fd4111-71 mark.kt-highlight, .wp-block-kadence-advancedheading.kt-adv-heading269_fd4111-71[data-kb-block=\"kb-adv-heading269_fd4111-71\"] mark.kt-highlight{font-style:normal;color:#f76a0c;-webkit-box-decoration-break:clone;box-decoration-break:clone;padding-top:0px;padding-right:0px;padding-bottom:0px;padding-left:0px;}.wp-block-kadence-advancedheading.kt-adv-heading269_fd4111-71 img.kb-inline-image, .wp-block-kadence-advancedheading.kt-adv-heading269_fd4111-71[data-kb-block=\"kb-adv-heading269_fd4111-71\"] img.kb-inline-image{width:150px;vertical-align:baseline;}<\/style>\n<h2 class=\"kt-adv-heading269_fd4111-71 wp-block-kadence-advancedheading\" data-kb-block=\"kb-adv-heading269_fd4111-71\">Vid\u00e9o de pr\u00e9sentation : Loisirs en for\u00eat<\/h2>\n\n<figure class=\"wp-block-embed is-type-video is-provider-youtube wp-block-embed-youtube wp-embed-aspect-16-9 wp-has-aspect-ratio\"><div class=\"wp-block-embed__wrapper\">\n<iframe loading=\"lazy\" hcb-fetch-image-from=\"https:\/\/youtu.be\/j317MHp-pOY?si=GSfUZX-zxPeW83ad\" title=\"Freizeit im Wald: Der Baumwipfelpfad im Steigerwald! #Ausflug #Wandern #Familie\" width=\"720\" height=\"405\" src=\"https:\/\/www.youtube.com\/embed\/j317MHp-pOY?feature=oembed\" frameborder=\"0\" allow=\"accelerometer; autoplay; clipboard-write; encrypted-media; gyroscope; picture-in-picture; web-share\" referrerpolicy=\"strict-origin-when-cross-origin\" allowfullscreen><\/iframe>\n<\/div><\/figure>\n","protected":false},"author":2,"featured_media":6308,"comment_status":"open","ping_status":"closed","template":"","meta":{"_kad_blocks_custom_css":"","_kad_blocks_head_custom_js":"","_kad_blocks_body_custom_js":"","_kad_blocks_footer_custom_js":"","_kad_post_transparent":"","_kad_post_title":"","_kad_post_layout":"","_kad_post_sidebar_id":"","_kad_post_content_style":"","_kad_post_vertical_padding":"","_kad_post_feature":"","_kad_post_feature_position":"","_kad_post_header":false,"_kad_post_footer":false,"_kad_post_classname":"","yasr_overall_rating":0,"yasr_post_is_review":"","yasr_auto_insert_disabled":"","yasr_review_type":""},"region":[130,142],"erlebnisart":[172,175],"class_list":["post-5742","erlebnisse","type-erlebnisse","status-publish","has-post-thumbnail","hentry","region-deutschland-fr","region-by-fr","erlebnisart-wandern-fr","erlebnisart-baumwipfelpfad-fr"],"yasr_visitor_votes":{"stars_attributes":{"read_only":false,"span_bottom":false},"number_of_votes":0,"sum_votes":0},"taxonomy_info":{"region":[{"value":130,"label":"Allemagne"},{"value":142,"label":"Bayern"}],"erlebnisart":[{"value":172,"label":"Randonn\u00e9e"},{"value":175,"label":"Sentier des Cimes"}]},"featured_image_src_large":["https:\/\/walderlebnispfade.de\/wp-content\/uploads\/2024\/03\/Baumwipfelpfad_Ebrach-1024x576.jpg",1024,576,true],"author_info":{"display_name":"Moni","author_link":"https:\/\/walderlebnispfade.de\/fr\/author\/moni\/"},"comment_info":0,"_links":{"self":[{"href":"https:\/\/walderlebnispfade.de\/fr\/wp-json\/wp\/v2\/erlebnisse\/5742","targetHints":{"allow":["GET"]}}],"collection":[{"href":"https:\/\/walderlebnispfade.de\/fr\/wp-json\/wp\/v2\/erlebnisse"}],"about":[{"href":"https:\/\/walderlebnispfade.de\/fr\/wp-json\/wp\/v2\/types\/erlebnisse"}],"author":[{"embeddable":true,"href":"https:\/\/walderlebnispfade.de\/fr\/wp-json\/wp\/v2\/users\/2"}],"replies":[{"embeddable":true,"href":"https:\/\/walderlebnispfade.de\/fr\/wp-json\/wp\/v2\/comments?post=5742"}],"wp:featuredmedia":[{"embeddable":true,"href":"https:\/\/walderlebnispfade.de\/fr\/wp-json\/wp\/v2\/media\/6308"}],"wp:attachment":[{"href":"https:\/\/walderlebnispfade.de\/fr\/wp-json\/wp\/v2\/media?parent=5742"}],"wp:term":[{"taxonomy":"region","embeddable":true,"href":"https:\/\/walderlebnispfade.de\/fr\/wp-json\/wp\/v2\/region?post=5742"},{"taxonomy":"erlebnisart","embeddable":true,"href":"https:\/\/walderlebnispfade.de\/fr\/wp-json\/wp\/v2\/erlebnisart?post=5742"}],"curies":[{"name":"wp","href":"https:\/\/api.w.org\/{rel}","templated":true}]}}