{"id":5743,"date":"2024-03-06T22:15:40","date_gmt":"2024-03-06T21:15:40","guid":{"rendered":"https:\/\/walderlebnispfade.de\/erlebnisse\/parc-de-decouverte-de-la-nature-panarbora\/"},"modified":"2026-04-22T11:55:00","modified_gmt":"2026-04-22T09:55:00","slug":"parc-de-decouverte-de-la-nature-panarbora","status":"publish","type":"erlebnisse","link":"https:\/\/walderlebnispfade.de\/fr\/erlebnisse\/parc-de-decouverte-de-la-nature-panarbora\/","title":{"rendered":"Parc de d\u00e9couverte de la nature Panarbora"},"content":{"rendered":"<style>.wp-block-kadence-advancedheading.kt-adv-heading258_10fc88-41, .wp-block-kadence-advancedheading.kt-adv-heading258_10fc88-41[data-kb-block=\"kb-adv-heading258_10fc88-41\"]{font-size:var(--global-kb-font-size-md, 1.25rem);font-style:normal;}.wp-block-kadence-advancedheading.kt-adv-heading258_10fc88-41 mark.kt-highlight, .wp-block-kadence-advancedheading.kt-adv-heading258_10fc88-41[data-kb-block=\"kb-adv-heading258_10fc88-41\"] mark.kt-highlight{font-style:normal;color:#f76a0c;-webkit-box-decoration-break:clone;box-decoration-break:clone;padding-top:0px;padding-right:0px;padding-bottom:0px;padding-left:0px;}.wp-block-kadence-advancedheading.kt-adv-heading258_10fc88-41 img.kb-inline-image, .wp-block-kadence-advancedheading.kt-adv-heading258_10fc88-41[data-kb-block=\"kb-adv-heading258_10fc88-41\"] img.kb-inline-image{width:150px;vertical-align:baseline;}<\/style>\n<h2 class=\"kt-adv-heading258_10fc88-41 wp-block-kadence-advancedheading\" data-kb-block=\"kb-adv-heading258_10fc88-41\">Auberge de jeunesse Panarbora, sentier des cimes et bien plus encore<\/h2>\n\n<p>\u00c0 environ 50 km \u00e0 l&rsquo;est de Cologne se trouve le parc de d\u00e9couverte de la nature Panarbora pr\u00e8s de Waldbr\u00f6l. Dans les contreforts du Pays Bergisch, vous trouverez de nombreuses autres attractions en plus d\u2019un sentier des cimes. Le parc a \u00e9t\u00e9 inaugur\u00e9 en septembre 2015. Le point fort est sans aucun doute la tour d\u2019observation de 40 m de haut, d\u2019un diam\u00e8tre allant jusqu\u2019\u00e0 18 m\u00e8tres, qui vous permet de contempler le pays rh\u00e9nan \u00e0 perte de vue.   Vous devrez parcourir 1 635 m sur les sentiers en bois avant d\u2019arriver en haut.<\/p>\n<style>.kb-table-of-content-nav.kb-table-of-content-id258_358731-30 .kb-table-of-content-wrap{padding-top:var(--global-kb-spacing-sm, 1.5rem);padding-right:var(--global-kb-spacing-sm, 1.5rem);padding-bottom:var(--global-kb-spacing-sm, 1.5rem);padding-left:var(--global-kb-spacing-sm, 1.5rem);background-color:var(--global-palette8, #F7FAFC);box-shadow:inset 0px 0px 14px 0px rgba(0, 0, 0, 0.2);}.kb-table-of-content-nav.kb-table-of-content-id258_358731-30 .kb-table-of-contents-title-wrap{padding-top:0px;padding-right:0px;padding-bottom:0px;padding-left:0px;}.kb-table-of-content-nav.kb-table-of-content-id258_358731-30 .kb-table-of-contents-title{font-weight:regular;font-style:normal;}.kb-table-of-content-nav.kb-table-of-content-id258_358731-30 .kb-table-of-content-wrap .kb-table-of-content-list{font-weight:regular;font-style:normal;margin-top:var(--global-kb-spacing-sm, 1.5rem);margin-right:0px;margin-bottom:0px;margin-left:0px;}.kb-table-of-content-nav.kb-table-of-content-id258_358731-30 .kb-toggle-icon-style-basiccircle .kb-table-of-contents-icon-trigger:after, .kb-table-of-content-nav.kb-table-of-content-id258_358731-30 .kb-toggle-icon-style-basiccircle .kb-table-of-contents-icon-trigger:before, .kb-table-of-content-nav.kb-table-of-content-id258_358731-30 .kb-toggle-icon-style-arrowcircle .kb-table-of-contents-icon-trigger:after, .kb-table-of-content-nav.kb-table-of-content-id258_358731-30 .kb-toggle-icon-style-arrowcircle .kb-table-of-contents-icon-trigger:before, .kb-table-of-content-nav.kb-table-of-content-id258_358731-30 .kb-toggle-icon-style-xclosecircle .kb-table-of-contents-icon-trigger:after, .kb-table-of-content-nav.kb-table-of-content-id258_358731-30 .kb-toggle-icon-style-xclosecircle .kb-table-of-contents-icon-trigger:before{background-color:var(--global-palette8, #F7FAFC);}<\/style><style>.kb-row-layout-id258_e8fcf1-f6 > .kt-row-column-wrap{align-content:start;}:where(.kb-row-layout-id258_e8fcf1-f6 > .kt-row-column-wrap) > .wp-block-kadence-column{justify-content:start;}.kb-row-layout-id258_e8fcf1-f6 > .kt-row-column-wrap{column-gap:var(--global-kb-gap-md, 2rem);row-gap:var(--global-kb-gap-md, 2rem);padding-top:var(--global-kb-spacing-sm, 1.5rem);padding-bottom:var(--global-kb-spacing-sm, 1.5rem);grid-template-columns:repeat(2, minmax(0, 1fr));}.kb-row-layout-id258_e8fcf1-f6 > .kt-row-layout-overlay{opacity:0.30;}@media all and (max-width: 1024px){.kb-row-layout-id258_e8fcf1-f6 > .kt-row-column-wrap{grid-template-columns:repeat(2, minmax(0, 1fr));}}@media all and (max-width: 767px){.kb-row-layout-id258_e8fcf1-f6 > .kt-row-column-wrap{grid-template-columns:minmax(0, 1fr);}}<\/style><div class=\"kb-row-layout-wrap kb-row-layout-id258_e8fcf1-f6 alignnone wp-block-kadence-rowlayout\"><div class=\"kt-row-column-wrap kt-has-2-columns kt-row-layout-equal kt-tab-layout-inherit kt-mobile-layout-row kt-row-valign-top\">\n<style>.kadence-column258_c390ec-43 > .kt-inside-inner-col,.kadence-column258_c390ec-43 > .kt-inside-inner-col:before{border-top-left-radius:0px;border-top-right-radius:0px;border-bottom-right-radius:0px;border-bottom-left-radius:0px;}.kadence-column258_c390ec-43 > .kt-inside-inner-col{column-gap:var(--global-kb-gap-sm, 1rem);}.kadence-column258_c390ec-43 > .kt-inside-inner-col{flex-direction:column;}.kadence-column258_c390ec-43 > .kt-inside-inner-col > .aligncenter{width:100%;}.kadence-column258_c390ec-43 > .kt-inside-inner-col:before{opacity:0.3;}.kadence-column258_c390ec-43{position:relative;}@media all and (max-width: 1024px){.kadence-column258_c390ec-43 > .kt-inside-inner-col{flex-direction:column;justify-content:center;}}@media all and (max-width: 767px){.kadence-column258_c390ec-43 > .kt-inside-inner-col{flex-direction:column;justify-content:center;}}<\/style>\n<div class=\"wp-block-kadence-column kadence-column258_c390ec-43\"><div class=\"kt-inside-inner-col\">\n<p>Outre de nombreux panneaux d&rsquo;information pr\u00e9sentant de nombreux faits int\u00e9ressants, on y trouve une aire de jeux aquatiques et d&rsquo;aventure, l&rsquo;acad\u00e9mie de d\u00e9couverte de la nature, un jardin de haies et le parcours sensoriel. Le sentier de la cime des arbres comporte les six stations suivantes, qui invitent \u00e0 jouer et \u00e0 apprendre :<\/p>\n\n\n\n<ul class=\"wp-block-list\">\n<li><strong>De la for\u00eat primaire \u00e0 la for\u00eat de production<\/strong><\/li>\n\n\n\n<li><strong>L&rsquo;arbre est mort \u2013 vive l&rsquo;arbre<\/strong><\/li>\n\n\n\n<li><strong>La for\u00eat ne dort jamais !<\/strong><\/li>\n\n\n\n<li><strong>Vivre de la for\u00eat<\/strong><\/li>\n\n\n\n<li><strong>Attention \u2013 \u00e9ruption de souches !<\/strong><\/li>\n\n\n\n<li><strong>Mutation du paysage<\/strong><\/li>\n<\/ul>\n<\/div><\/div>\n\n\n<style>.kadence-column258_c077b5-15 > .kt-inside-inner-col,.kadence-column258_c077b5-15 > .kt-inside-inner-col:before{border-top-left-radius:0px;border-top-right-radius:0px;border-bottom-right-radius:0px;border-bottom-left-radius:0px;}.kadence-column258_c077b5-15 > .kt-inside-inner-col{column-gap:var(--global-kb-gap-sm, 1rem);}.kadence-column258_c077b5-15 > .kt-inside-inner-col{flex-direction:column;}.kadence-column258_c077b5-15 > .kt-inside-inner-col > .aligncenter{width:100%;}.kadence-column258_c077b5-15 > .kt-inside-inner-col:before{opacity:0.3;}.kadence-column258_c077b5-15{position:relative;}@media all and (max-width: 1024px){.kadence-column258_c077b5-15 > .kt-inside-inner-col{flex-direction:column;justify-content:center;}}@media all and (max-width: 767px){.kadence-column258_c077b5-15 > .kt-inside-inner-col{flex-direction:column;justify-content:center;}}<\/style>\n<div class=\"wp-block-kadence-column kadence-column258_c077b5-15\"><div class=\"kt-inside-inner-col\"><style>.kb-image258_3b5d9f-de .kb-image-has-overlay:after{opacity:0.3;}<\/style>\n<figure class=\"wp-block-kadence-image kb-image258_3b5d9f-de size-full\"><img loading=\"lazy\" decoding=\"async\" width=\"1024\" height=\"576\" src=\"https:\/\/walderlebnispfade.de\/wp-content\/uploads\/2024\/03\/Panarbora_Aussicht.jpg\" alt=\"Aussicht vom Naturerlebnispark Panarbora\" class=\"kb-img wp-image-6319\" srcset=\"https:\/\/walderlebnispfade.de\/wp-content\/uploads\/2024\/03\/Panarbora_Aussicht.jpg 1024w, https:\/\/walderlebnispfade.de\/wp-content\/uploads\/2024\/03\/Panarbora_Aussicht-300x169.jpg 300w, https:\/\/walderlebnispfade.de\/wp-content\/uploads\/2024\/03\/Panarbora_Aussicht-768x432.jpg 768w\" sizes=\"auto, (max-width: 1024px) 100vw, 1024px\" \/><\/figure>\n<\/div><\/div>\n\n<\/div><\/div>\n<p>Comme le parc naturel comprend \u00e9galement une auberge de jeunesse, il existe des possibilit\u00e9s d&rsquo;h\u00e9bergement passionnantes. Avez-vous d\u00e9j\u00e0 dormi dans une <a href=\"https:\/\/walderlebnispfade.de\/fr\/apercu-des-hotels-de-cabanes-dans-les-arbres\/\" data-type=\"post\" data-id=\"5771\">cabane dans les arbres<\/a> ? C&rsquo;est \u00e9galement possible au parc d&rsquo;attractions naturelles Panarbora !<\/p>\n\n<p>Apr\u00e8s ces aventures \u00e9puisantes, vous pourrez vous rafra\u00eechir et reprendre des forces dans l\u2019\u00e9tablissement de restauration associ\u00e9. Toutes les installations sont accessibles aux personnes \u00e0 mobilit\u00e9 r\u00e9duite et pr\u00e9sentent une pente maximale de 6 %. <\/p>\n<style>.wp-block-kadence-advancedheading.kt-adv-heading258_ac4286-47, .wp-block-kadence-advancedheading.kt-adv-heading258_ac4286-47[data-kb-block=\"kb-adv-heading258_ac4286-47\"]{font-size:var(--global-kb-font-size-md, 1.25rem);font-style:normal;}.wp-block-kadence-advancedheading.kt-adv-heading258_ac4286-47 mark.kt-highlight, .wp-block-kadence-advancedheading.kt-adv-heading258_ac4286-47[data-kb-block=\"kb-adv-heading258_ac4286-47\"] mark.kt-highlight{font-style:normal;color:#f76a0c;-webkit-box-decoration-break:clone;box-decoration-break:clone;padding-top:0px;padding-right:0px;padding-bottom:0px;padding-left:0px;}.wp-block-kadence-advancedheading.kt-adv-heading258_ac4286-47 img.kb-inline-image, .wp-block-kadence-advancedheading.kt-adv-heading258_ac4286-47[data-kb-block=\"kb-adv-heading258_ac4286-47\"] img.kb-inline-image{width:150px;vertical-align:baseline;}<\/style>\n<h3 class=\"kt-adv-heading258_ac4286-47 wp-block-kadence-advancedheading\" data-kb-block=\"kb-adv-heading258_ac4286-47\">Heures d&rsquo;ouverture du parc d&rsquo;aventures naturelles pr\u00e8s de Cologne<\/h3>\n\n<p>Le parc est ouvert toute l&rsquo;ann\u00e9e. La derni\u00e8re mont\u00e9e \u00e0 la tour et au sentier de la cime des arbres a lieu 45 minutes avant la fermeture.<\/p>\n\n<figure class=\"wp-block-table\"><table><tbody><tr><td>Du lundi au dimanche:<\/td><td>11:00 \u2013 20:00 heures<\/td><\/tr><tr><td>Enregistrement pour les h\u00f4tes de passage<\/td><td>10:00 \u2013 16:00 heures<\/td><\/tr><\/tbody><\/table><figcaption class=\"wp-element-caption\">Heures d&rsquo;ouverture du parc naturel Panarbora<\/figcaption><\/figure>\n<style>.kb-row-layout-id258_3a69f1-ec > .kt-row-column-wrap{align-content:start;}:where(.kb-row-layout-id258_3a69f1-ec > .kt-row-column-wrap) > .wp-block-kadence-column{justify-content:start;}.kb-row-layout-id258_3a69f1-ec > .kt-row-column-wrap{column-gap:var(--global-kb-gap-md, 2rem);row-gap:var(--global-kb-gap-md, 2rem);padding-top:var(--global-kb-spacing-sm, 1.5rem);padding-bottom:var(--global-kb-spacing-sm, 1.5rem);grid-template-columns:minmax(0, 1fr);}.kb-row-layout-id258_3a69f1-ec > .kt-row-layout-overlay{opacity:0.30;}@media all and (max-width: 1024px){.kb-row-layout-id258_3a69f1-ec > .kt-row-column-wrap{grid-template-columns:minmax(0, 1fr);}}@media all and (max-width: 767px){.kb-row-layout-id258_3a69f1-ec > .kt-row-column-wrap{grid-template-columns:minmax(0, 1fr);}}<\/style><div class=\"kb-row-layout-wrap kb-row-layout-id258_3a69f1-ec alignnone wp-block-kadence-rowlayout\"><div class=\"kt-row-column-wrap kt-has-1-columns kt-row-layout-equal kt-tab-layout-inherit kt-mobile-layout-row kt-row-valign-top\">\n<style>.kadence-column258_f5000d-94 > .kt-inside-inner-col,.kadence-column258_f5000d-94 > .kt-inside-inner-col:before{border-top-left-radius:0px;border-top-right-radius:0px;border-bottom-right-radius:0px;border-bottom-left-radius:0px;}.kadence-column258_f5000d-94 > .kt-inside-inner-col{column-gap:var(--global-kb-gap-sm, 1rem);}.kadence-column258_f5000d-94 > .kt-inside-inner-col{flex-direction:column;}.kadence-column258_f5000d-94 > .kt-inside-inner-col > .aligncenter{width:100%;}.kadence-column258_f5000d-94 > .kt-inside-inner-col:before{opacity:0.3;}.kadence-column258_f5000d-94{position:relative;}@media all and (max-width: 1024px){.kadence-column258_f5000d-94 > .kt-inside-inner-col{flex-direction:column;justify-content:center;}}@media all and (max-width: 767px){.kadence-column258_f5000d-94 > .kt-inside-inner-col{flex-direction:column;justify-content:center;}}<\/style>\n<div class=\"wp-block-kadence-column kadence-column258_f5000d-94\"><div class=\"kt-inside-inner-col\"><style>.wp-block-kadence-advancedheading.kt-adv-heading258_9533ff-0a, .wp-block-kadence-advancedheading.kt-adv-heading258_9533ff-0a[data-kb-block=\"kb-adv-heading258_9533ff-0a\"]{font-style:normal;}.wp-block-kadence-advancedheading.kt-adv-heading258_9533ff-0a mark.kt-highlight, .wp-block-kadence-advancedheading.kt-adv-heading258_9533ff-0a[data-kb-block=\"kb-adv-heading258_9533ff-0a\"] mark.kt-highlight{font-style:normal;color:#f76a0c;-webkit-box-decoration-break:clone;box-decoration-break:clone;padding-top:0px;padding-right:0px;padding-bottom:0px;padding-left:0px;}.wp-block-kadence-advancedheading.kt-adv-heading258_9533ff-0a img.kb-inline-image, .wp-block-kadence-advancedheading.kt-adv-heading258_9533ff-0a[data-kb-block=\"kb-adv-heading258_9533ff-0a\"] img.kb-inline-image{width:150px;vertical-align:baseline;}<\/style>\n<h2 class=\"kt-adv-heading258_9533ff-0a wp-block-kadence-advancedheading\" data-kb-block=\"kb-adv-heading258_9533ff-0a\">D\u00e9tails importants sur le sentier \u00e0 la cime des arbres Panarbora<\/h2>\n\n\n\n<figure class=\"wp-block-table\"><table><tbody><tr><td>La gastronomie :<\/td><td>Les repas sont propos\u00e9s au restaurant Panarbora, qui dispose d&rsquo;une terrasse ext\u00e9rieure.<\/td><\/tr><tr><td>les installations sanitaires:<\/td><td>Des toilettes se trouvent \u00e0 plusieurs endroits dans le parc.<\/td><\/tr><tr><td>Accessible aux personnes handicap\u00e9es :<\/td><td>Oui. Des places de parking r\u00e9serv\u00e9es aux personnes handicap\u00e9es et un acc\u00e8s pour les personnes \u00e0 mobilit\u00e9 r\u00e9duite sont disponibles.<\/td><\/tr><tr><td>Chiens admis:<\/td><td>Non, les chiens ne sont pas autoris\u00e9s.<\/td><\/tr><tr><td>Visites guid\u00e9es:<\/td><td>Oui, plusieurs <a href=\"https:\/\/panarbora.de\/fuehrungen-und-programme\" target=\"_blank\" data-type=\"link\" data-id=\"https:\/\/panarbora.de\/fuehrungen-und-programme\" rel=\"noreferrer noopener\">visites guid\u00e9es<\/a> sont propos\u00e9es.<\/td><\/tr><tr><td>R\u00e9duction pour les groupes:<\/td><td>Oui, \u00e0 partir de 10 personnes.<\/td><\/tr><tr><td>R\u00e9unions :<\/td><td>L&rsquo;auberge de jeunesse Waldbr\u00f6l \u00ab\u00a0Panarbora\u00a0\u00bb dispose de plusieurs salles de r\u00e9union au choix.<\/td><\/tr><\/tbody><\/table><figcaption class=\"wp-element-caption\">D\u00e9tails du parc d&rsquo;attractions naturel Panarbora pr\u00e8s de Cologne<\/figcaption><\/figure>\n<\/div><\/div>\n\n<\/div><\/div>\n<hr class=\"wp-block-separator has-alpha-channel-opacity\" style=\"margin-top:var(--wp--preset--spacing--50);margin-bottom:var(--wp--preset--spacing--50)\"\/>\n<style>.kadence-column258_fd15ee-36 > .kt-inside-inner-col{display:flex;}.kadence-column258_fd15ee-36 > .kt-inside-inner-col{padding-top:var(--global-kb-spacing-xs, 1rem);padding-right:var(--global-kb-spacing-xs, 1rem);padding-bottom:var(--global-kb-spacing-xs, 1rem);padding-left:var(--global-kb-spacing-xs, 1rem);}.kadence-column258_fd15ee-36 > .kt-inside-inner-col{box-shadow:0px 0px 14px 0px rgba(0, 0, 0, 0.2);}.kadence-column258_fd15ee-36 > .kt-inside-inner-col,.kadence-column258_fd15ee-36 > .kt-inside-inner-col:before{border-top-left-radius:0px;border-top-right-radius:0px;border-bottom-right-radius:0px;border-bottom-left-radius:0px;}.kadence-column258_fd15ee-36 > .kt-inside-inner-col{column-gap:var(--global-kb-gap-sm, 1rem);}.kadence-column258_fd15ee-36 > .kt-inside-inner-col{flex-direction:column;align-items:center;}.kadence-column258_fd15ee-36 > .kt-inside-inner-col > .kb-image-is-ratio-size{align-self:stretch;}.kadence-column258_fd15ee-36 > .kt-inside-inner-col > .wp-block-kadence-advancedgallery{align-self:stretch;}.kadence-column258_fd15ee-36 > .kt-inside-inner-col > .aligncenter{width:100%;}.kadence-column258_fd15ee-36 > .kt-inside-inner-col{background-color:var(--global-palette8, #F7FAFC);}.kadence-column258_fd15ee-36 > .kt-inside-inner-col:before{opacity:0.3;}.kadence-column258_fd15ee-36{position:relative;}.kadence-column258_fd15ee-36, .kt-inside-inner-col > .kadence-column258_fd15ee-36:not(.specificity){margin-top:var(--global-kb-spacing-sm, 1.5rem);margin-bottom:var(--global-kb-spacing-sm, 1.5rem);}@media all and (max-width: 1024px){.kadence-column258_fd15ee-36 > .kt-inside-inner-col{flex-direction:column;justify-content:center;align-items:center;}}@media all and (max-width: 767px){.kadence-column258_fd15ee-36 > .kt-inside-inner-col{flex-direction:column;justify-content:center;align-items:center;}}<\/style>\n<div class=\"wp-block-kadence-column kadence-column258_fd15ee-36\"><div class=\"kt-inside-inner-col\">\n<p class=\"has-text-align-center\">Comment trouvez-vous le parc de loisirs Panarbora ? Laissez-nous une \u00e9valuation, s&rsquo;il vous pla\u00eet.  <br\/>Vous nous aidez ainsi que d&rsquo;autres amoureux de la nature. Merci beaucoup \ud83d\ude42 ! <\/p>\n\n\n\n<div class=\"wp-block-yet-another-stars-rating-visitor-votes aligncenter yasr-vv-block\"><\/div>\n\n\n\n<p>Vous trouverez d&rsquo;autres aventures passionnantes dans notre <a href=\"https:\/\/walderlebnispfade.de\/fr\/experiences-en-foret\/\" data-type=\"page\" data-id=\"228\">recherche d&rsquo;exp\u00e9riences en for\u00eat<\/a> et dans notre <a href=\"https:\/\/walderlebnispfade.de\/fr\/sentiers-de-la-cime-des-arbres-en-europe\/\" data-type=\"post\" data-id=\"5843\">aper\u00e7u des parcours dans les arbres<\/a>!<\/p>\n<\/div><\/div>\n\n<hr class=\"wp-block-separator has-alpha-channel-opacity\" style=\"margin-top:var(--wp--preset--spacing--50);margin-bottom:var(--wp--preset--spacing--50)\"\/>\n<style>.wp-block-kadence-advancedheading.kt-adv-heading258_c6848b-53, .wp-block-kadence-advancedheading.kt-adv-heading258_c6848b-53[data-kb-block=\"kb-adv-heading258_c6848b-53\"]{font-size:var(--global-kb-font-size-md, 1.25rem);font-style:normal;}.wp-block-kadence-advancedheading.kt-adv-heading258_c6848b-53 mark.kt-highlight, .wp-block-kadence-advancedheading.kt-adv-heading258_c6848b-53[data-kb-block=\"kb-adv-heading258_c6848b-53\"] mark.kt-highlight{font-style:normal;color:#f76a0c;-webkit-box-decoration-break:clone;box-decoration-break:clone;padding-top:0px;padding-right:0px;padding-bottom:0px;padding-left:0px;}.wp-block-kadence-advancedheading.kt-adv-heading258_c6848b-53 img.kb-inline-image, .wp-block-kadence-advancedheading.kt-adv-heading258_c6848b-53[data-kb-block=\"kb-adv-heading258_c6848b-53\"] img.kb-inline-image{width:150px;vertical-align:baseline;}<\/style>\n<h2 class=\"kt-adv-heading258_c6848b-53 wp-block-kadence-advancedheading\" data-kb-block=\"kb-adv-heading258_c6848b-53\">Vid\u00e9o de pr\u00e9sentation : Tous les faits concernant votre excursion au sentier des cimes<\/h2>\n\n<figure class=\"wp-block-embed is-type-video is-provider-youtube wp-block-embed-youtube wp-embed-aspect-16-9 wp-has-aspect-ratio\"><div class=\"wp-block-embed__wrapper\">\n<iframe loading=\"lazy\" hcb-fetch-image-from=\"https:\/\/youtu.be\/tgDQ0HJeiqQ?si=-Krt1zO2QXPr5zLl\" title=\"Panarbora - Baumwipfelpfad \/ Waldbr\u00f6l - Alle Fakten f\u00fcr Euren Ausflug\" width=\"720\" height=\"405\" src=\"https:\/\/www.youtube.com\/embed\/tgDQ0HJeiqQ?feature=oembed\" frameborder=\"0\" allow=\"accelerometer; autoplay; clipboard-write; encrypted-media; gyroscope; picture-in-picture; web-share\" referrerpolicy=\"strict-origin-when-cross-origin\" allowfullscreen><\/iframe>\n<\/div><\/figure>\n","protected":false},"author":2,"featured_media":6317,"comment_status":"open","ping_status":"closed","template":"","meta":{"_kad_blocks_custom_css":"","_kad_blocks_head_custom_js":"","_kad_blocks_body_custom_js":"","_kad_blocks_footer_custom_js":"","_kad_post_transparent":"","_kad_post_title":"","_kad_post_layout":"","_kad_post_sidebar_id":"","_kad_post_content_style":"","_kad_post_vertical_padding":"","_kad_post_feature":"","_kad_post_feature_position":"","_kad_post_header":false,"_kad_post_footer":false,"_kad_post_classname":"","yasr_overall_rating":0,"yasr_post_is_review":"","yasr_auto_insert_disabled":"","yasr_review_type":""},"region":[130,133],"erlebnisart":[172,175],"class_list":["post-5743","erlebnisse","type-erlebnisse","status-publish","has-post-thumbnail","hentry","region-deutschland-fr","region-nrw-fr","erlebnisart-wandern-fr","erlebnisart-baumwipfelpfad-fr"],"yasr_visitor_votes":{"stars_attributes":{"read_only":false,"span_bottom":false},"number_of_votes":0,"sum_votes":0},"taxonomy_info":{"region":[{"value":130,"label":"Allemagne"},{"value":133,"label":"Nordrhein-Westfalen"}],"erlebnisart":[{"value":172,"label":"Randonn\u00e9e"},{"value":175,"label":"Sentier des Cimes"}]},"featured_image_src_large":["https:\/\/walderlebnispfade.de\/wp-content\/uploads\/2024\/03\/Baumwipfelpfad_Panarbora-1024x576.jpg",1024,576,true],"author_info":{"display_name":"Moni","author_link":"https:\/\/walderlebnispfade.de\/fr\/author\/moni\/"},"comment_info":0,"_links":{"self":[{"href":"https:\/\/walderlebnispfade.de\/fr\/wp-json\/wp\/v2\/erlebnisse\/5743","targetHints":{"allow":["GET"]}}],"collection":[{"href":"https:\/\/walderlebnispfade.de\/fr\/wp-json\/wp\/v2\/erlebnisse"}],"about":[{"href":"https:\/\/walderlebnispfade.de\/fr\/wp-json\/wp\/v2\/types\/erlebnisse"}],"author":[{"embeddable":true,"href":"https:\/\/walderlebnispfade.de\/fr\/wp-json\/wp\/v2\/users\/2"}],"replies":[{"embeddable":true,"href":"https:\/\/walderlebnispfade.de\/fr\/wp-json\/wp\/v2\/comments?post=5743"}],"wp:featuredmedia":[{"embeddable":true,"href":"https:\/\/walderlebnispfade.de\/fr\/wp-json\/wp\/v2\/media\/6317"}],"wp:attachment":[{"href":"https:\/\/walderlebnispfade.de\/fr\/wp-json\/wp\/v2\/media?parent=5743"}],"wp:term":[{"taxonomy":"region","embeddable":true,"href":"https:\/\/walderlebnispfade.de\/fr\/wp-json\/wp\/v2\/region?post=5743"},{"taxonomy":"erlebnisart","embeddable":true,"href":"https:\/\/walderlebnispfade.de\/fr\/wp-json\/wp\/v2\/erlebnisart?post=5743"}],"curies":[{"name":"wp","href":"https:\/\/api.w.org\/{rel}","templated":true}]}}