{"id":5744,"date":"2024-03-05T19:48:30","date_gmt":"2024-03-05T18:48:30","guid":{"rendered":"https:\/\/walderlebnispfade.de\/erlebnisse\/sentier-de-la-cime-des-arbres-edersee\/"},"modified":"2026-04-22T11:55:09","modified_gmt":"2026-04-22T09:55:09","slug":"sentier-de-la-cime-des-arbres-edersee","status":"publish","type":"erlebnisse","link":"https:\/\/walderlebnispfade.de\/fr\/erlebnisse\/sentier-de-la-cime-des-arbres-edersee\/","title":{"rendered":"Sentier de la cime des arbres Edersee"},"content":{"rendered":"<style>.wp-block-kadence-advancedheading.kt-adv-heading94_a7ea9f-f4, .wp-block-kadence-advancedheading.kt-adv-heading94_a7ea9f-f4[data-kb-block=\"kb-adv-heading94_a7ea9f-f4\"]{font-size:var(--global-kb-font-size-md, 1.25rem);font-style:normal;}.wp-block-kadence-advancedheading.kt-adv-heading94_a7ea9f-f4 mark.kt-highlight, .wp-block-kadence-advancedheading.kt-adv-heading94_a7ea9f-f4[data-kb-block=\"kb-adv-heading94_a7ea9f-f4\"] mark.kt-highlight{font-style:normal;color:#f76a0c;-webkit-box-decoration-break:clone;box-decoration-break:clone;padding-top:0px;padding-right:0px;padding-bottom:0px;padding-left:0px;}.wp-block-kadence-advancedheading.kt-adv-heading94_a7ea9f-f4 img.kb-inline-image, .wp-block-kadence-advancedheading.kt-adv-heading94_a7ea9f-f4[data-kb-block=\"kb-adv-heading94_a7ea9f-f4\"] img.kb-inline-image{width:150px;vertical-align:baseline;}<\/style>\n<h2 class=\"kt-adv-heading94_a7ea9f-f4 wp-block-kadence-advancedheading\" data-kb-block=\"kb-adv-heading94_a7ea9f-f4\">Sentier des cimes des arbres et sentier des \u00e9cureuils au lac Edersee<\/h2>\n\n<p>Ouvert en 2010, le sentier des cimes d&rsquo;Edersee est une exp\u00e9rience de loisirs formidable et proche de la nature pour petits et grands. Il se trouve sur la rive sud du lac Eder en Hesse et offre sur sa longueur de 250 m\u00e8tres de magnifiques vues sur le lac Eder. Diff\u00e9rentes visites guid\u00e9es peuvent \u00eatre r\u00e9serv\u00e9es et des offres sp\u00e9ciales sont disponibles pour les grands groupes. Le sentier de la canop\u00e9e est situ\u00e9 en bordure du parc national Kellerwald-Edersee. Celui-ci s&rsquo;\u00e9tend sur 7\u202f688 hectares et vise \u00e0 prot\u00e9ger la for\u00eat locale de h\u00eatres rouges. L&rsquo;UNESCO a d\u00e9clar\u00e9 certaines zones du parc national de Kellerwald-Edersee comme patrimoine naturel mondial \u00e0 l&rsquo;\u00e9t\u00e9 2011 ! La zone est l&rsquo;une des rares for\u00eats de h\u00eatres acidophiles naturelles et de grande superficie pr\u00e9serv\u00e9es en Allemagne. Une visite du sentier de la canop\u00e9e et du parc national peut \u00eatre facilement combin\u00e9e.     <\/p>\n<style>.kb-table-of-content-nav.kb-table-of-content-id94_94b870-95 .kb-table-of-content-wrap{padding-top:var(--global-kb-spacing-sm, 1.5rem);padding-right:var(--global-kb-spacing-sm, 1.5rem);padding-bottom:var(--global-kb-spacing-sm, 1.5rem);padding-left:var(--global-kb-spacing-sm, 1.5rem);background-color:var(--global-palette8, #F7FAFC);box-shadow:inset 0px 0px 14px 0px rgba(0, 0, 0, 0.2);}.kb-table-of-content-nav.kb-table-of-content-id94_94b870-95 .kb-table-of-contents-title-wrap{padding-top:0px;padding-right:0px;padding-bottom:0px;padding-left:0px;}.kb-table-of-content-nav.kb-table-of-content-id94_94b870-95 .kb-table-of-contents-title{font-weight:regular;font-style:normal;}.kb-table-of-content-nav.kb-table-of-content-id94_94b870-95 .kb-table-of-content-wrap .kb-table-of-content-list{font-weight:regular;font-style:normal;margin-top:var(--global-kb-spacing-sm, 1.5rem);margin-right:0px;margin-bottom:0px;margin-left:0px;}.kb-table-of-content-nav.kb-table-of-content-id94_94b870-95 .kb-toggle-icon-style-basiccircle .kb-table-of-contents-icon-trigger:after, .kb-table-of-content-nav.kb-table-of-content-id94_94b870-95 .kb-toggle-icon-style-basiccircle .kb-table-of-contents-icon-trigger:before, .kb-table-of-content-nav.kb-table-of-content-id94_94b870-95 .kb-toggle-icon-style-arrowcircle .kb-table-of-contents-icon-trigger:after, .kb-table-of-content-nav.kb-table-of-content-id94_94b870-95 .kb-toggle-icon-style-arrowcircle .kb-table-of-contents-icon-trigger:before, .kb-table-of-content-nav.kb-table-of-content-id94_94b870-95 .kb-toggle-icon-style-xclosecircle .kb-table-of-contents-icon-trigger:after, .kb-table-of-content-nav.kb-table-of-content-id94_94b870-95 .kb-toggle-icon-style-xclosecircle .kb-table-of-contents-icon-trigger:before{background-color:var(--global-palette8, #F7FAFC);}<\/style>\n<p>Le Treetopwalk Baumwipfelpfad Edersee est compl\u00e9t\u00e9 par le sentier des \u00e9cureuils, long de 750 m. \u00c0 diff\u00e9rentes stations, l&rsquo;\u00e9cosyst\u00e8me de la for\u00eat vous est expliqu\u00e9 du point de vue des \u00e9cureuils.  explique. L&rsquo;ensemble du parc est con\u00e7u pour \u00eatre accessible et convient donc aussi bien aux fauteuils roulants qu&rsquo;aux poussettes. La pente maximale sur les sentiers est de 6%. Il y a \u00e9galement des toilettes adapt\u00e9es aux personnes handicap\u00e9es.<\/p>\n<style>.kb-row-layout-id94_1cd831-12 > .kt-row-column-wrap{align-content:start;}:where(.kb-row-layout-id94_1cd831-12 > .kt-row-column-wrap) > .wp-block-kadence-column{justify-content:start;}.kb-row-layout-id94_1cd831-12 > .kt-row-column-wrap{column-gap:var(--global-kb-gap-md, 2rem);row-gap:var(--global-kb-gap-md, 2rem);padding-top:var(--global-kb-spacing-sm, 1.5rem);padding-bottom:var(--global-kb-spacing-sm, 1.5rem);grid-template-columns:repeat(2, minmax(0, 1fr));}.kb-row-layout-id94_1cd831-12 > .kt-row-layout-overlay{opacity:0.30;}@media all and (max-width: 1024px){.kb-row-layout-id94_1cd831-12 > .kt-row-column-wrap{grid-template-columns:repeat(2, minmax(0, 1fr));}}@media all and (max-width: 767px){.kb-row-layout-id94_1cd831-12 > .kt-row-column-wrap{grid-template-columns:minmax(0, 1fr);}}<\/style><div class=\"kb-row-layout-wrap kb-row-layout-id94_1cd831-12 alignnone wp-block-kadence-rowlayout\"><div class=\"kt-row-column-wrap kt-has-2-columns kt-row-layout-equal kt-tab-layout-inherit kt-mobile-layout-row kt-row-valign-top\">\n<style>.kadence-column94_80ab32-23 > .kt-inside-inner-col,.kadence-column94_80ab32-23 > .kt-inside-inner-col:before{border-top-left-radius:0px;border-top-right-radius:0px;border-bottom-right-radius:0px;border-bottom-left-radius:0px;}.kadence-column94_80ab32-23 > .kt-inside-inner-col{column-gap:var(--global-kb-gap-sm, 1rem);}.kadence-column94_80ab32-23 > .kt-inside-inner-col{flex-direction:column;}.kadence-column94_80ab32-23 > .kt-inside-inner-col > .aligncenter{width:100%;}.kadence-column94_80ab32-23 > .kt-inside-inner-col:before{opacity:0.3;}.kadence-column94_80ab32-23{position:relative;}@media all and (max-width: 1024px){.kadence-column94_80ab32-23 > .kt-inside-inner-col{flex-direction:column;justify-content:center;}}@media all and (max-width: 767px){.kadence-column94_80ab32-23 > .kt-inside-inner-col{flex-direction:column;justify-content:center;}}<\/style>\n<div class=\"wp-block-kadence-column kadence-column94_80ab32-23\"><div class=\"kt-inside-inner-col\"><style>.wp-block-kadence-advancedheading.kt-adv-heading94_52a5e6-49, .wp-block-kadence-advancedheading.kt-adv-heading94_52a5e6-49[data-kb-block=\"kb-adv-heading94_52a5e6-49\"]{font-size:var(--global-kb-font-size-md, 1.25rem);font-style:normal;}.wp-block-kadence-advancedheading.kt-adv-heading94_52a5e6-49 mark.kt-highlight, .wp-block-kadence-advancedheading.kt-adv-heading94_52a5e6-49[data-kb-block=\"kb-adv-heading94_52a5e6-49\"] mark.kt-highlight{font-style:normal;color:#f76a0c;-webkit-box-decoration-break:clone;box-decoration-break:clone;padding-top:0px;padding-right:0px;padding-bottom:0px;padding-left:0px;}.wp-block-kadence-advancedheading.kt-adv-heading94_52a5e6-49 img.kb-inline-image, .wp-block-kadence-advancedheading.kt-adv-heading94_52a5e6-49[data-kb-block=\"kb-adv-heading94_52a5e6-49\"] img.kb-inline-image{width:150px;vertical-align:baseline;}<\/style>\n<h3 class=\"kt-adv-heading94_52a5e6-49 wp-block-kadence-advancedheading\" data-kb-block=\"kb-adv-heading94_52a5e6-49\">Heures d&rsquo;ouverture du sentier de la canop\u00e9e Edersee 2026<\/h3>\n\n\n\n<p>Le sentier de la canop\u00e9e Edersee est actuellement ouvert tous les jours de 10h00 \u00e0 18h00. La derni\u00e8re admission a lieu 1 heure avant la fermeture, soit \u00e0 17h00. <\/p>\n\n\n\n<p>Si vous souhaitez inscrire un groupe, veuillez contacter l&rsquo;op\u00e9rateur par t\u00e9l\u00e9phone au pr\u00e9alable ou utiliser le <a href=\"https:\/\/www.baumkronenweg.de\/kontakt-anfahrt\" target=\"_blank\" data-type=\"link\" data-id=\"https:\/\/www.baumkronenweg.de\/kontakt-anfahrt\" rel=\"noreferrer noopener\">formulaire de contact<\/a>.<\/p>\n<\/div><\/div>\n\n\n<style>.kadence-column94_836175-e7 > .kt-inside-inner-col,.kadence-column94_836175-e7 > .kt-inside-inner-col:before{border-top-left-radius:0px;border-top-right-radius:0px;border-bottom-right-radius:0px;border-bottom-left-radius:0px;}.kadence-column94_836175-e7 > .kt-inside-inner-col{column-gap:var(--global-kb-gap-sm, 1rem);}.kadence-column94_836175-e7 > .kt-inside-inner-col{flex-direction:column;}.kadence-column94_836175-e7 > .kt-inside-inner-col > .aligncenter{width:100%;}.kadence-column94_836175-e7 > .kt-inside-inner-col:before{opacity:0.3;}.kadence-column94_836175-e7{position:relative;}@media all and (max-width: 1024px){.kadence-column94_836175-e7 > .kt-inside-inner-col{flex-direction:column;justify-content:center;}}@media all and (max-width: 767px){.kadence-column94_836175-e7 > .kt-inside-inner-col{flex-direction:column;justify-content:center;}}<\/style>\n<div class=\"wp-block-kadence-column kadence-column94_836175-e7\"><div class=\"kt-inside-inner-col\"><style>.kb-image94_4481e6-08 .kb-image-has-overlay:after{opacity:0.3;}<\/style>\n<figure class=\"wp-block-kadence-image kb-image94_4481e6-08 size-full\"><img loading=\"lazy\" decoding=\"async\" width=\"1024\" height=\"576\" src=\"https:\/\/walderlebnispfade.de\/wp-content\/uploads\/2024\/03\/Edersee_Ausblick.jpg\" alt=\"Ausblick vom Baumkronenweg Edersee\" class=\"kb-img wp-image-6328\" srcset=\"https:\/\/walderlebnispfade.de\/wp-content\/uploads\/2024\/03\/Edersee_Ausblick.jpg 1024w, https:\/\/walderlebnispfade.de\/wp-content\/uploads\/2024\/03\/Edersee_Ausblick-300x169.jpg 300w, https:\/\/walderlebnispfade.de\/wp-content\/uploads\/2024\/03\/Edersee_Ausblick-768x432.jpg 768w\" sizes=\"auto, (max-width: 1024px) 100vw, 1024px\" \/><\/figure>\n<\/div><\/div>\n\n<\/div><\/div><style>.kb-row-layout-id94_e84162-6b > .kt-row-column-wrap{align-content:start;}:where(.kb-row-layout-id94_e84162-6b > .kt-row-column-wrap) > .wp-block-kadence-column{justify-content:start;}.kb-row-layout-id94_e84162-6b > .kt-row-column-wrap{column-gap:var(--global-kb-gap-md, 2rem);row-gap:var(--global-kb-gap-md, 2rem);padding-top:var(--global-kb-spacing-sm, 1.5rem);padding-bottom:var(--global-kb-spacing-sm, 1.5rem);grid-template-columns:minmax(0, 1fr);}.kb-row-layout-id94_e84162-6b > .kt-row-layout-overlay{opacity:0.30;}@media all and (max-width: 1024px){.kb-row-layout-id94_e84162-6b > .kt-row-column-wrap{grid-template-columns:minmax(0, 1fr);}}@media all and (max-width: 767px){.kb-row-layout-id94_e84162-6b > .kt-row-column-wrap{grid-template-columns:minmax(0, 1fr);}}<\/style><div class=\"kb-row-layout-wrap kb-row-layout-id94_e84162-6b alignnone wp-block-kadence-rowlayout\"><div class=\"kt-row-column-wrap kt-has-1-columns kt-row-layout-equal kt-tab-layout-inherit kt-mobile-layout-row kt-row-valign-top\">\n<style>.kadence-column94_cde972-a3 > .kt-inside-inner-col,.kadence-column94_cde972-a3 > .kt-inside-inner-col:before{border-top-left-radius:0px;border-top-right-radius:0px;border-bottom-right-radius:0px;border-bottom-left-radius:0px;}.kadence-column94_cde972-a3 > .kt-inside-inner-col{column-gap:var(--global-kb-gap-sm, 1rem);}.kadence-column94_cde972-a3 > .kt-inside-inner-col{flex-direction:column;}.kadence-column94_cde972-a3 > .kt-inside-inner-col > .aligncenter{width:100%;}.kadence-column94_cde972-a3 > .kt-inside-inner-col:before{opacity:0.3;}.kadence-column94_cde972-a3{position:relative;}@media all and (max-width: 1024px){.kadence-column94_cde972-a3 > .kt-inside-inner-col{flex-direction:column;justify-content:center;}}@media all and (max-width: 767px){.kadence-column94_cde972-a3 > .kt-inside-inner-col{flex-direction:column;justify-content:center;}}<\/style>\n<div class=\"wp-block-kadence-column kadence-column94_cde972-a3\"><div class=\"kt-inside-inner-col\"><style>.wp-block-kadence-advancedheading.kt-adv-heading94_11f9de-4d, .wp-block-kadence-advancedheading.kt-adv-heading94_11f9de-4d[data-kb-block=\"kb-adv-heading94_11f9de-4d\"]{font-style:normal;}.wp-block-kadence-advancedheading.kt-adv-heading94_11f9de-4d mark.kt-highlight, .wp-block-kadence-advancedheading.kt-adv-heading94_11f9de-4d[data-kb-block=\"kb-adv-heading94_11f9de-4d\"] mark.kt-highlight{font-style:normal;color:#f76a0c;-webkit-box-decoration-break:clone;box-decoration-break:clone;padding-top:0px;padding-right:0px;padding-bottom:0px;padding-left:0px;}.wp-block-kadence-advancedheading.kt-adv-heading94_11f9de-4d img.kb-inline-image, .wp-block-kadence-advancedheading.kt-adv-heading94_11f9de-4d[data-kb-block=\"kb-adv-heading94_11f9de-4d\"] img.kb-inline-image{width:150px;vertical-align:baseline;}<\/style>\n<h2 class=\"kt-adv-heading94_11f9de-4d wp-block-kadence-advancedheading\" data-kb-block=\"kb-adv-heading94_11f9de-4d\">D\u00e9tails importants sur le sentier des cimes d&rsquo;Edersee<\/h2>\n\n\n\n<figure class=\"wp-block-table\"><table><tbody><tr><td>La gastronomie :<\/td><td>Il y a un kiosque avec un jardin de bi\u00e8re directement sur le sentier de la canop\u00e9e<\/td><\/tr><tr><td>les installations sanitaires:<\/td><td>Les toilettes se trouvent dans l&rsquo;enceinte du parc.<\/td><\/tr><tr><td>Accessible aux personnes handicap\u00e9es :<\/td><td>Oui. Des places de parking r\u00e9serv\u00e9es aux personnes handicap\u00e9es, un acc\u00e8s sans obstacle et un ascenseur sont disponibles.<br\/>Il y a une petite pente sur le chemin d&rsquo;acc\u00e8s. Veuillez vous faire accompagner. <\/td><\/tr><tr><td>Chiens admis:<\/td><td>Oui, les chiens tenus en laisse sont autoris\u00e9s sur le sentier de la cime des arbres.<\/td><\/tr><tr><td>Visites guid\u00e9es:<\/td><td>Veuillez contacter M. Ohlsen du parc naturel Kellerwald-Edersee pour discuter de votre demande de r\u00e9servation : <br\/>T\u00e9l\u00e9phone : + 49 (0) 5621 \u2013 96946 10.<\/td><\/tr><tr><td>R\u00e9duction pour les groupes:<\/td><td>Oui, \u00e0 partir de 10 personnes.<\/td><\/tr><tr><td>Billet combin\u00e9 :<\/td><td>Le sentier des cimes des arbres propose un billet combin\u00e9 en coop\u00e9ration avec le <a href=\"https:\/\/www.naturpark-habichtswald.de\/\" target=\"_blank\" data-type=\"link\" data-id=\"https:\/\/www.naturpark-habichtswald.de\/\" rel=\"noreferrer noopener\">parc animalier d&rsquo;Edersee<\/a> et le <a href=\"https:\/\/nationalpark-kellerwald-edersee.de\/besuchen\/nationalparkzentrum-kellerwald\" target=\"_blank\" data-type=\"link\" data-id=\"https:\/\/nationalpark-kellerwald-edersee.de\/besuchen\/nationalparkzentrum-kellerwald\" rel=\"noreferrer noopener\">centre du parc national<\/a>.<\/td><\/tr><\/tbody><\/table><figcaption class=\"wp-element-caption\">D\u00e9tails sur le sentier de la canop\u00e9e du lac Eder<\/figcaption><\/figure>\n<\/div><\/div>\n\n<\/div><\/div>\n<hr class=\"wp-block-separator has-alpha-channel-opacity\" style=\"margin-top:var(--wp--preset--spacing--50);margin-bottom:var(--wp--preset--spacing--50)\"\/>\n<style>.kadence-column94_349753-5a > .kt-inside-inner-col{display:flex;}.kadence-column94_349753-5a > .kt-inside-inner-col{padding-top:var(--global-kb-spacing-xs, 1rem);padding-right:var(--global-kb-spacing-xs, 1rem);padding-bottom:var(--global-kb-spacing-xs, 1rem);padding-left:var(--global-kb-spacing-xs, 1rem);}.kadence-column94_349753-5a > .kt-inside-inner-col{box-shadow:0px 0px 14px 0px rgba(0, 0, 0, 0.2);}.kadence-column94_349753-5a > .kt-inside-inner-col,.kadence-column94_349753-5a > .kt-inside-inner-col:before{border-top-left-radius:0px;border-top-right-radius:0px;border-bottom-right-radius:0px;border-bottom-left-radius:0px;}.kadence-column94_349753-5a > .kt-inside-inner-col{column-gap:var(--global-kb-gap-sm, 1rem);}.kadence-column94_349753-5a > .kt-inside-inner-col{flex-direction:column;align-items:center;}.kadence-column94_349753-5a > .kt-inside-inner-col > .kb-image-is-ratio-size{align-self:stretch;}.kadence-column94_349753-5a > .kt-inside-inner-col > .wp-block-kadence-advancedgallery{align-self:stretch;}.kadence-column94_349753-5a > .kt-inside-inner-col > .aligncenter{width:100%;}.kadence-column94_349753-5a > .kt-inside-inner-col{background-color:var(--global-palette8, #F7FAFC);}.kadence-column94_349753-5a > .kt-inside-inner-col:before{opacity:0.3;}.kadence-column94_349753-5a{position:relative;}@media all and (max-width: 1024px){.kadence-column94_349753-5a > .kt-inside-inner-col{flex-direction:column;justify-content:center;align-items:center;}}@media all and (max-width: 767px){.kadence-column94_349753-5a > .kt-inside-inner-col{flex-direction:column;justify-content:center;align-items:center;}}<\/style>\n<div class=\"wp-block-kadence-column kadence-column94_349753-5a\"><div class=\"kt-inside-inner-col\">\n<p class=\"has-text-align-center\">Comment trouvez-vous le sentier de la canop\u00e9e d&rsquo;Edersee ? N&rsquo;h\u00e9sitez pas \u00e0 me laisser un avis. <br\/>Vous nous aidez ainsi que d&rsquo;autres amoureux de la nature. Merci beaucoup \ud83d\ude42 ! <\/p>\n\n\n\n<div class=\"wp-block-yet-another-stars-rating-visitor-votes aligncenter yasr-vv-block\"><\/div>\n\n\n\n<p>Vous trouverez d&rsquo;autres aventures passionnantes dans notre <a href=\"https:\/\/walderlebnispfade.de\/fr\/experiences-en-foret\/\" data-type=\"page\" data-id=\"228\">recherche d&rsquo;exp\u00e9riences en for\u00eat<\/a> et dans notre <a href=\"https:\/\/walderlebnispfade.de\/fr\/sentiers-de-la-cime-des-arbres-en-europe\/\" data-type=\"post\" data-id=\"5843\">aper\u00e7u des parcours dans les arbres<\/a>!<\/p>\n<\/div><\/div>\n\n<hr class=\"wp-block-separator has-alpha-channel-opacity\" style=\"margin-top:var(--wp--preset--spacing--50);margin-bottom:var(--wp--preset--spacing--50)\"\/>\n<style>.wp-block-kadence-advancedheading.kt-adv-heading94_693c53-9a, .wp-block-kadence-advancedheading.kt-adv-heading94_693c53-9a[data-kb-block=\"kb-adv-heading94_693c53-9a\"]{font-size:var(--global-kb-font-size-md, 1.25rem);font-style:normal;}.wp-block-kadence-advancedheading.kt-adv-heading94_693c53-9a mark.kt-highlight, .wp-block-kadence-advancedheading.kt-adv-heading94_693c53-9a[data-kb-block=\"kb-adv-heading94_693c53-9a\"] mark.kt-highlight{font-style:normal;color:#f76a0c;-webkit-box-decoration-break:clone;box-decoration-break:clone;padding-top:0px;padding-right:0px;padding-bottom:0px;padding-left:0px;}.wp-block-kadence-advancedheading.kt-adv-heading94_693c53-9a img.kb-inline-image, .wp-block-kadence-advancedheading.kt-adv-heading94_693c53-9a[data-kb-block=\"kb-adv-heading94_693c53-9a\"] img.kb-inline-image{width:150px;vertical-align:baseline;}<\/style>\n<h2 class=\"kt-adv-heading94_693c53-9a wp-block-kadence-advancedheading\" data-kb-block=\"kb-adv-heading94_693c53-9a\">Vid\u00e9o de pr\u00e9sentation : Le Treetopwalk au lac Edersee<\/h2>\n\n<figure class=\"wp-block-embed is-type-video is-provider-youtube wp-block-embed-youtube wp-embed-aspect-16-9 wp-has-aspect-ratio\"><div class=\"wp-block-embed__wrapper\">\n<iframe loading=\"lazy\" hcb-fetch-image-from=\"https:\/\/youtu.be\/E3YyDVT1X_c?si=stcULdB5covL_yA9\" title=\"TREETOPWALK - DER BAUMKRONENWEG am EDERSEE 2015\" width=\"720\" height=\"405\" src=\"https:\/\/www.youtube.com\/embed\/E3YyDVT1X_c?feature=oembed\" frameborder=\"0\" allow=\"accelerometer; autoplay; clipboard-write; encrypted-media; gyroscope; picture-in-picture; web-share\" referrerpolicy=\"strict-origin-when-cross-origin\" allowfullscreen><\/iframe>\n<\/div><\/figure>\n","protected":false},"author":2,"featured_media":6326,"comment_status":"closed","ping_status":"closed","template":"","meta":{"_kad_blocks_custom_css":"","_kad_blocks_head_custom_js":"","_kad_blocks_body_custom_js":"","_kad_blocks_footer_custom_js":"","_kad_post_transparent":"","_kad_post_title":"","_kad_post_layout":"","_kad_post_sidebar_id":"","_kad_post_content_style":"","_kad_post_vertical_padding":"","_kad_post_feature":"","_kad_post_feature_position":"","_kad_post_header":false,"_kad_post_footer":false,"_kad_post_classname":"","yasr_overall_rating":0,"yasr_post_is_review":"","yasr_auto_insert_disabled":"","yasr_review_type":""},"region":[130,136],"erlebnisart":[172,175],"class_list":["post-5744","erlebnisse","type-erlebnisse","status-publish","has-post-thumbnail","hentry","region-deutschland-fr","region-he-fr","erlebnisart-wandern-fr","erlebnisart-baumwipfelpfad-fr"],"yasr_visitor_votes":{"stars_attributes":{"read_only":false,"span_bottom":false},"number_of_votes":0,"sum_votes":0},"taxonomy_info":{"region":[{"value":130,"label":"Allemagne"},{"value":136,"label":"Hessen"}],"erlebnisart":[{"value":172,"label":"Randonn\u00e9e"},{"value":175,"label":"Sentier des Cimes"}]},"featured_image_src_large":["https:\/\/walderlebnispfade.de\/wp-content\/uploads\/2024\/03\/Baumwipfelpfad_Edersee-1024x576.jpg",1024,576,true],"author_info":{"display_name":"Moni","author_link":"https:\/\/walderlebnispfade.de\/fr\/author\/moni\/"},"comment_info":0,"_links":{"self":[{"href":"https:\/\/walderlebnispfade.de\/fr\/wp-json\/wp\/v2\/erlebnisse\/5744","targetHints":{"allow":["GET"]}}],"collection":[{"href":"https:\/\/walderlebnispfade.de\/fr\/wp-json\/wp\/v2\/erlebnisse"}],"about":[{"href":"https:\/\/walderlebnispfade.de\/fr\/wp-json\/wp\/v2\/types\/erlebnisse"}],"author":[{"embeddable":true,"href":"https:\/\/walderlebnispfade.de\/fr\/wp-json\/wp\/v2\/users\/2"}],"replies":[{"embeddable":true,"href":"https:\/\/walderlebnispfade.de\/fr\/wp-json\/wp\/v2\/comments?post=5744"}],"wp:featuredmedia":[{"embeddable":true,"href":"https:\/\/walderlebnispfade.de\/fr\/wp-json\/wp\/v2\/media\/6326"}],"wp:attachment":[{"href":"https:\/\/walderlebnispfade.de\/fr\/wp-json\/wp\/v2\/media?parent=5744"}],"wp:term":[{"taxonomy":"region","embeddable":true,"href":"https:\/\/walderlebnispfade.de\/fr\/wp-json\/wp\/v2\/region?post=5744"},{"taxonomy":"erlebnisart","embeddable":true,"href":"https:\/\/walderlebnispfade.de\/fr\/wp-json\/wp\/v2\/erlebnisart?post=5744"}],"curies":[{"name":"wp","href":"https:\/\/api.w.org\/{rel}","templated":true}]}}