{"id":6349,"date":"2025-02-02T18:00:09","date_gmt":"2025-02-02T17:00:09","guid":{"rendered":"https:\/\/walderlebnispfade.de\/erlebnisse\/sentier-de-la-canopee-de-hainich\/"},"modified":"2026-04-22T11:49:58","modified_gmt":"2026-04-22T09:49:58","slug":"sentier-de-la-canopee-de-hainich","status":"publish","type":"erlebnisse","link":"https:\/\/walderlebnispfade.de\/fr\/erlebnisse\/sentier-de-la-canopee-de-hainich\/","title":{"rendered":"Sentier de la canop\u00e9e de Hainich"},"content":{"rendered":"<style>.wp-block-kadence-advancedheading.kt-adv-heading6334_151bd0-eb, .wp-block-kadence-advancedheading.kt-adv-heading6334_151bd0-eb[data-kb-block=\"kb-adv-heading6334_151bd0-eb\"]{font-style:normal;}.wp-block-kadence-advancedheading.kt-adv-heading6334_151bd0-eb mark.kt-highlight, .wp-block-kadence-advancedheading.kt-adv-heading6334_151bd0-eb[data-kb-block=\"kb-adv-heading6334_151bd0-eb\"] mark.kt-highlight{font-style:normal;color:#f76a0c;-webkit-box-decoration-break:clone;box-decoration-break:clone;padding-top:0px;padding-right:0px;padding-bottom:0px;padding-left:0px;}.wp-block-kadence-advancedheading.kt-adv-heading6334_151bd0-eb img.kb-inline-image, .wp-block-kadence-advancedheading.kt-adv-heading6334_151bd0-eb[data-kb-block=\"kb-adv-heading6334_151bd0-eb\"] img.kb-inline-image{width:150px;vertical-align:baseline;}<\/style>\n<h2 class=\"kt-adv-heading6334_151bd0-eb wp-block-kadence-advancedheading\" data-kb-block=\"kb-adv-heading6334_151bd0-eb\">Sentier de la canop\u00e9e &amp; centre du parc national<\/h2>\n\n<p>Le sentier de la canop\u00e9e de Hainich, long de 540 m\u00e8tres, serpente \u00e0 travers la canop\u00e9e du parc national de Hainich, pr\u00e8s de Bad Langensalza. Pr\u00e8s du <strong>ch\u00e2teau de Thiemsburg<\/strong>, \u00e0 seulement 10 kilom\u00e8tres \u00e0 l\u2019ouest de <strong>Bad Langensalza<\/strong> en Thuringe, vous pouvez d\u00e9couvrir de pr\u00e8s le myst\u00e9rieux habitat de la canop\u00e9e. \u00c0 une hauteur allant jusqu\u2019\u00e0 24 m\u00e8tres, vous vous prom\u00e8nerez \u00e0 travers le feuillage de la for\u00eat primaire et profiterez d\u2019une vue fantastique depuis la cabane dans les arbres, haute de 44 m\u00e8tres. Le sentier a \u00e9t\u00e9 inaugur\u00e9 en ao\u00fbt 2005.   <\/p>\n<style>.kb-table-of-content-nav.kb-table-of-content-id6334_47ba2b-2c .kb-table-of-content-wrap{padding-top:var(--global-kb-spacing-sm, 1.5rem);padding-right:var(--global-kb-spacing-sm, 1.5rem);padding-bottom:var(--global-kb-spacing-sm, 1.5rem);padding-left:var(--global-kb-spacing-sm, 1.5rem);background-color:var(--global-palette8, #F7FAFC);box-shadow:inset 0px 0px 14px 0px rgba(0, 0, 0, 0.2);}.kb-table-of-content-nav.kb-table-of-content-id6334_47ba2b-2c .kb-table-of-contents-title-wrap{padding-top:0px;padding-right:0px;padding-bottom:0px;padding-left:0px;}.kb-table-of-content-nav.kb-table-of-content-id6334_47ba2b-2c .kb-table-of-contents-title{font-weight:regular;font-style:normal;}.kb-table-of-content-nav.kb-table-of-content-id6334_47ba2b-2c .kb-table-of-content-wrap .kb-table-of-content-list{font-weight:regular;font-style:normal;margin-top:var(--global-kb-spacing-sm, 1.5rem);margin-right:0px;margin-bottom:0px;margin-left:0px;}.kb-table-of-content-nav.kb-table-of-content-id6334_47ba2b-2c .kb-toggle-icon-style-basiccircle .kb-table-of-contents-icon-trigger:after, .kb-table-of-content-nav.kb-table-of-content-id6334_47ba2b-2c .kb-toggle-icon-style-basiccircle .kb-table-of-contents-icon-trigger:before, .kb-table-of-content-nav.kb-table-of-content-id6334_47ba2b-2c .kb-toggle-icon-style-arrowcircle .kb-table-of-contents-icon-trigger:after, .kb-table-of-content-nav.kb-table-of-content-id6334_47ba2b-2c .kb-toggle-icon-style-arrowcircle .kb-table-of-contents-icon-trigger:before, .kb-table-of-content-nav.kb-table-of-content-id6334_47ba2b-2c .kb-toggle-icon-style-xclosecircle .kb-table-of-contents-icon-trigger:after, .kb-table-of-content-nav.kb-table-of-content-id6334_47ba2b-2c .kb-toggle-icon-style-xclosecircle .kb-table-of-contents-icon-trigger:before{background-color:var(--global-palette8, #F7FAFC);}<\/style><style>.kb-row-layout-id6334_539eb5-7c > .kt-row-column-wrap{align-content:start;}:where(.kb-row-layout-id6334_539eb5-7c > .kt-row-column-wrap) > .wp-block-kadence-column{justify-content:start;}.kb-row-layout-id6334_539eb5-7c > .kt-row-column-wrap{column-gap:var(--global-kb-gap-md, 2rem);row-gap:var(--global-kb-gap-md, 2rem);padding-top:var(--global-kb-spacing-sm, 1.5rem);padding-bottom:var(--global-kb-spacing-sm, 1.5rem);grid-template-columns:repeat(2, minmax(0, 1fr));}.kb-row-layout-id6334_539eb5-7c > .kt-row-layout-overlay{opacity:0.30;}@media all and (max-width: 1024px){.kb-row-layout-id6334_539eb5-7c > .kt-row-column-wrap{grid-template-columns:repeat(2, minmax(0, 1fr));}}@media all and (max-width: 767px){.kb-row-layout-id6334_539eb5-7c > .kt-row-column-wrap{grid-template-columns:minmax(0, 1fr);}}<\/style><div class=\"kb-row-layout-wrap kb-row-layout-id6334_539eb5-7c alignnone wp-block-kadence-rowlayout\"><div class=\"kt-row-column-wrap kt-has-2-columns kt-row-layout-equal kt-tab-layout-inherit kt-mobile-layout-row kt-row-valign-top\">\n<style>.kadence-column6334_8d1cd9-fd > .kt-inside-inner-col,.kadence-column6334_8d1cd9-fd > .kt-inside-inner-col:before{border-top-left-radius:0px;border-top-right-radius:0px;border-bottom-right-radius:0px;border-bottom-left-radius:0px;}.kadence-column6334_8d1cd9-fd > .kt-inside-inner-col{column-gap:var(--global-kb-gap-sm, 1rem);}.kadence-column6334_8d1cd9-fd > .kt-inside-inner-col{flex-direction:column;}.kadence-column6334_8d1cd9-fd > .kt-inside-inner-col > .aligncenter{width:100%;}.kadence-column6334_8d1cd9-fd > .kt-inside-inner-col:before{opacity:0.3;}.kadence-column6334_8d1cd9-fd{position:relative;}@media all and (max-width: 1024px){.kadence-column6334_8d1cd9-fd > .kt-inside-inner-col{flex-direction:column;justify-content:center;}}@media all and (max-width: 767px){.kadence-column6334_8d1cd9-fd > .kt-inside-inner-col{flex-direction:column;justify-content:center;}}<\/style>\n<div class=\"wp-block-kadence-column kadence-column6334_8d1cd9-fd\"><div class=\"kt-inside-inner-col\">\n<p>Apr\u00e8s votre excursion dans les cimes, un d\u00e9tour par le <strong>centre du parc national<\/strong> s&rsquo;impose. Vous y apprendrez tout ce qu&rsquo;il faut savoir sur le parc national de Hainich et son impressionnante biodiversit\u00e9. L&rsquo;un des points forts est le <strong>monde<\/strong> interactif <strong>\u00ab\u00a0Wurzelh\u00f6hle\u00a0\u00bb,<\/strong> qui vous montre ce qui se passe sous vos pieds, des myst\u00e9rieux r\u00e9seaux de racines aux minuscules animaux du sol, indispensables \u00e0 l&rsquo;\u00e9cosyst\u00e8me.  <\/p>\n\n\n\n<p>Ce n&rsquo;est pas pour rien que le parc national de Hainich est inscrit au <strong>patrimoine naturel mondial de l&rsquo;UNESCO<\/strong>. Sa nature intacte, autrefois prot\u00e9g\u00e9e par la fronti\u00e8re interallemande, est aujourd&rsquo;hui un habitat pr\u00e9cieux pour des animaux rares comme les chats sauvages, les chauves-souris, les grues cendr\u00e9es, les blaireaux et m\u00eame les ratons laveurs. <\/p>\n<\/div><\/div>\n\n\n<style>.kadence-column6334_5287f3-18 > .kt-inside-inner-col,.kadence-column6334_5287f3-18 > .kt-inside-inner-col:before{border-top-left-radius:0px;border-top-right-radius:0px;border-bottom-right-radius:0px;border-bottom-left-radius:0px;}.kadence-column6334_5287f3-18 > .kt-inside-inner-col{column-gap:var(--global-kb-gap-sm, 1rem);}.kadence-column6334_5287f3-18 > .kt-inside-inner-col{flex-direction:column;}.kadence-column6334_5287f3-18 > .kt-inside-inner-col > .aligncenter{width:100%;}.kadence-column6334_5287f3-18 > .kt-inside-inner-col:before{opacity:0.3;}.kadence-column6334_5287f3-18{position:relative;}@media all and (max-width: 1024px){.kadence-column6334_5287f3-18 > .kt-inside-inner-col{flex-direction:column;justify-content:center;}}@media all and (max-width: 767px){.kadence-column6334_5287f3-18 > .kt-inside-inner-col{flex-direction:column;justify-content:center;}}<\/style>\n<div class=\"wp-block-kadence-column kadence-column6334_5287f3-18\"><div class=\"kt-inside-inner-col\"><style>.kb-image6334_a0a64d-1c .kb-image-has-overlay:after{opacity:0.3;}<\/style>\n<figure class=\"wp-block-kadence-image kb-image6334_a0a64d-1c size-full\"><img loading=\"lazy\" decoding=\"async\" width=\"1024\" height=\"576\" src=\"https:\/\/walderlebnispfade.de\/wp-content\/uploads\/2025\/02\/Hainich_Aussicht.jpg\" alt=\"Die Aussicht vom Baumkronenpfad Hainich\" class=\"kb-img wp-image-6339\" srcset=\"https:\/\/walderlebnispfade.de\/wp-content\/uploads\/2025\/02\/Hainich_Aussicht.jpg 1024w, https:\/\/walderlebnispfade.de\/wp-content\/uploads\/2025\/02\/Hainich_Aussicht-300x169.jpg 300w, https:\/\/walderlebnispfade.de\/wp-content\/uploads\/2025\/02\/Hainich_Aussicht-768x432.jpg 768w\" sizes=\"auto, (max-width: 1024px) 100vw, 1024px\" \/><\/figure>\n<\/div><\/div>\n\n<\/div><\/div><style>.kb-row-layout-id6334_7cc721-17 > .kt-row-column-wrap{align-content:start;}:where(.kb-row-layout-id6334_7cc721-17 > .kt-row-column-wrap) > .wp-block-kadence-column{justify-content:start;}.kb-row-layout-id6334_7cc721-17 > .kt-row-column-wrap{column-gap:var(--global-kb-gap-md, 2rem);row-gap:var(--global-kb-gap-md, 2rem);padding-top:var(--global-kb-spacing-sm, 1.5rem);padding-bottom:var(--global-kb-spacing-sm, 1.5rem);grid-template-columns:minmax(0, 1fr);}.kb-row-layout-id6334_7cc721-17 > .kt-row-layout-overlay{opacity:0.30;}@media all and (max-width: 1024px){.kb-row-layout-id6334_7cc721-17 > .kt-row-column-wrap{grid-template-columns:minmax(0, 1fr);}}@media all and (max-width: 767px){.kb-row-layout-id6334_7cc721-17 > .kt-row-column-wrap{grid-template-columns:minmax(0, 1fr);}}<\/style><div class=\"kb-row-layout-wrap kb-row-layout-id6334_7cc721-17 alignnone wp-block-kadence-rowlayout\"><div class=\"kt-row-column-wrap kt-has-1-columns kt-row-layout-equal kt-tab-layout-inherit kt-mobile-layout-row kt-row-valign-top\">\n<style>.kadence-column6334_23d110-53 > .kt-inside-inner-col,.kadence-column6334_23d110-53 > .kt-inside-inner-col:before{border-top-left-radius:0px;border-top-right-radius:0px;border-bottom-right-radius:0px;border-bottom-left-radius:0px;}.kadence-column6334_23d110-53 > .kt-inside-inner-col{column-gap:var(--global-kb-gap-sm, 1rem);}.kadence-column6334_23d110-53 > .kt-inside-inner-col{flex-direction:column;}.kadence-column6334_23d110-53 > .kt-inside-inner-col > .aligncenter{width:100%;}.kadence-column6334_23d110-53 > .kt-inside-inner-col:before{opacity:0.3;}.kadence-column6334_23d110-53{position:relative;}@media all and (max-width: 1024px){.kadence-column6334_23d110-53 > .kt-inside-inner-col{flex-direction:column;justify-content:center;}}@media all and (max-width: 767px){.kadence-column6334_23d110-53 > .kt-inside-inner-col{flex-direction:column;justify-content:center;}}<\/style>\n<div class=\"wp-block-kadence-column kadence-column6334_23d110-53\"><div class=\"kt-inside-inner-col\"><style>.wp-block-kadence-advancedheading.kt-adv-heading6334_665d51-3e, .wp-block-kadence-advancedheading.kt-adv-heading6334_665d51-3e[data-kb-block=\"kb-adv-heading6334_665d51-3e\"]{font-style:normal;}.wp-block-kadence-advancedheading.kt-adv-heading6334_665d51-3e mark.kt-highlight, .wp-block-kadence-advancedheading.kt-adv-heading6334_665d51-3e[data-kb-block=\"kb-adv-heading6334_665d51-3e\"] mark.kt-highlight{font-style:normal;color:#f76a0c;-webkit-box-decoration-break:clone;box-decoration-break:clone;padding-top:0px;padding-right:0px;padding-bottom:0px;padding-left:0px;}.wp-block-kadence-advancedheading.kt-adv-heading6334_665d51-3e img.kb-inline-image, .wp-block-kadence-advancedheading.kt-adv-heading6334_665d51-3e[data-kb-block=\"kb-adv-heading6334_665d51-3e\"] img.kb-inline-image{width:150px;vertical-align:baseline;}<\/style>\n<h3 class=\"kt-adv-heading6334_665d51-3e wp-block-kadence-advancedheading\" data-kb-block=\"kb-adv-heading6334_665d51-3e\">Heures d\u2019ouverture 2026 du sentier de la canop\u00e9e Hainich<\/h3>\n\n\n\n<figure class=\"wp-block-table\"><table><tbody><tr><td>Avril \u00e0 octobre<\/td><td>tous les jours<\/td><td>10 h 00 \u2013 19 h 00<\/td><\/tr><tr><td>Novembre<\/td><td>tous les jours<\/td><td>10h00 \u2013 16h00 (selon la m\u00e9t\u00e9o)<\/td><\/tr><tr><td>Janvier, f\u00e9vrier &amp; d\u00e9cembre<\/td><td>Jeu. \u2013 Ainsi &amp; jours f\u00e9ri\u00e9s &amp; jours de vacances scolaires<\/td><td>10h00 \u2013 16h00 (selon la m\u00e9t\u00e9o)<\/td><\/tr><tr><td>Les 24 et 31 d\u00e9cembre ainsi que le 1er janvier<\/td><td>ferm\u00e9<\/td><td><\/td><\/tr><\/tbody><\/table><figcaption class=\"wp-element-caption\">Heures d&rsquo;ouverture du sentier de la canop\u00e9e Hainich<\/figcaption><\/figure>\n\n\n\n<p><\/p>\n\n\n\n<p><strong>La derni\u00e8re entr\u00e9e se fait une heure (1h30 en octobre)<\/strong> <strong>avant la fermeture du parc<\/strong>.<\/p>\n<\/div><\/div>\n\n<\/div><\/div><style>.kb-row-layout-id6334_1431a0-2f > .kt-row-column-wrap{align-content:start;}:where(.kb-row-layout-id6334_1431a0-2f > .kt-row-column-wrap) > .wp-block-kadence-column{justify-content:start;}.kb-row-layout-id6334_1431a0-2f > .kt-row-column-wrap{column-gap:var(--global-kb-gap-md, 2rem);row-gap:var(--global-kb-gap-md, 2rem);padding-top:var(--global-kb-spacing-sm, 1.5rem);padding-bottom:var(--global-kb-spacing-sm, 1.5rem);grid-template-columns:minmax(0, 1fr);}.kb-row-layout-id6334_1431a0-2f > .kt-row-layout-overlay{opacity:0.30;}@media all and (max-width: 1024px){.kb-row-layout-id6334_1431a0-2f > .kt-row-column-wrap{grid-template-columns:minmax(0, 1fr);}}@media all and (max-width: 767px){.kb-row-layout-id6334_1431a0-2f > .kt-row-column-wrap{grid-template-columns:minmax(0, 1fr);}}<\/style><div class=\"kb-row-layout-wrap kb-row-layout-id6334_1431a0-2f alignnone wp-block-kadence-rowlayout\"><div class=\"kt-row-column-wrap kt-has-1-columns kt-row-layout-equal kt-tab-layout-inherit kt-mobile-layout-row kt-row-valign-top\">\n<style>.kadence-column6334_6aa31b-fd > .kt-inside-inner-col,.kadence-column6334_6aa31b-fd > .kt-inside-inner-col:before{border-top-left-radius:0px;border-top-right-radius:0px;border-bottom-right-radius:0px;border-bottom-left-radius:0px;}.kadence-column6334_6aa31b-fd > .kt-inside-inner-col{column-gap:var(--global-kb-gap-sm, 1rem);}.kadence-column6334_6aa31b-fd > .kt-inside-inner-col{flex-direction:column;}.kadence-column6334_6aa31b-fd > .kt-inside-inner-col > .aligncenter{width:100%;}.kadence-column6334_6aa31b-fd > .kt-inside-inner-col:before{opacity:0.3;}.kadence-column6334_6aa31b-fd{position:relative;}@media all and (max-width: 1024px){.kadence-column6334_6aa31b-fd > .kt-inside-inner-col{flex-direction:column;justify-content:center;}}@media all and (max-width: 767px){.kadence-column6334_6aa31b-fd > .kt-inside-inner-col{flex-direction:column;justify-content:center;}}<\/style>\n<div class=\"wp-block-kadence-column kadence-column6334_6aa31b-fd\"><div class=\"kt-inside-inner-col\"><style>.wp-block-kadence-advancedheading.kt-adv-heading6334_df22e9-fd, .wp-block-kadence-advancedheading.kt-adv-heading6334_df22e9-fd[data-kb-block=\"kb-adv-heading6334_df22e9-fd\"]{font-style:normal;}.wp-block-kadence-advancedheading.kt-adv-heading6334_df22e9-fd mark.kt-highlight, .wp-block-kadence-advancedheading.kt-adv-heading6334_df22e9-fd[data-kb-block=\"kb-adv-heading6334_df22e9-fd\"] mark.kt-highlight{font-style:normal;color:#f76a0c;-webkit-box-decoration-break:clone;box-decoration-break:clone;padding-top:0px;padding-right:0px;padding-bottom:0px;padding-left:0px;}.wp-block-kadence-advancedheading.kt-adv-heading6334_df22e9-fd img.kb-inline-image, .wp-block-kadence-advancedheading.kt-adv-heading6334_df22e9-fd[data-kb-block=\"kb-adv-heading6334_df22e9-fd\"] img.kb-inline-image{width:150px;vertical-align:baseline;}<\/style>\n<h3 class=\"kt-adv-heading6334_df22e9-fd wp-block-kadence-advancedheading\" data-kb-block=\"kb-adv-heading6334_df22e9-fd\">D\u00e9tails importants sur le sentier de la canop\u00e9e de Hainich<\/h3>\n\n\n\n<figure class=\"wp-block-table\"><table><tbody><tr><td>La gastronomie :<\/td><td>La maison foresti\u00e8re de Thiemsburg n&rsquo;est qu&rsquo;\u00e0 quelques m\u00e8tres.<\/td><\/tr><tr><td>les installations sanitaires:<\/td><td>Les toilettes se trouvent \u00e0 environ 50 m du centre du parc national.<\/td><\/tr><tr><td>Accessible aux personnes handicap\u00e9es :<\/td><td>Oui. Des places de parking r\u00e9serv\u00e9es aux personnes handicap\u00e9es, un acc\u00e8s sans barri\u00e8re et un ascenseur sont disponibles.<\/td><\/tr><tr><td>Chiens admis:<\/td><td>Non, les chiens ne sont pas autoris\u00e9s. Des cages pour chiens sont disponibles \u00e0 l&rsquo;entr\u00e9e.<\/td><\/tr><tr><td>Visites guid\u00e9es:<\/td><td>Oui, veuillez vous inscrire au moins deux semaines \u00e0 l&rsquo;avance.<\/td><\/tr><tr><td>R\u00e9duction pour les groupes:<\/td><td>Oui, \u00e0 partir de 15 personnes.<\/td><\/tr><tr><td>R\u00e9unions :<\/td><td>La <a href=\"https:\/\/forsthaus-thiemsburg.de\/\" target=\"_blank\" data-type=\"link\" data-id=\"https:\/\/forsthaus-thiemsburg.de\/\" rel=\"noreferrer noopener\">maison foresti\u00e8re de Thiemsburg<\/a> met \u00e0 disposition diff\u00e9rentes salles et vous aide \u00e0 les planifier.<\/td><\/tr><\/tbody><\/table><figcaption class=\"wp-element-caption\">D\u00e9tails sur le sentier de la canop\u00e9e de Hainich<\/figcaption><\/figure>\n<\/div><\/div>\n\n<\/div><\/div>\n<hr class=\"wp-block-separator has-alpha-channel-opacity\" style=\"margin-top:var(--wp--preset--spacing--50);margin-bottom:var(--wp--preset--spacing--50)\"\/>\n<style>.kadence-column6334_c5fa47-ff > .kt-inside-inner-col{display:flex;}.kadence-column6334_c5fa47-ff > .kt-inside-inner-col{padding-top:var(--global-kb-spacing-xs, 1rem);padding-right:var(--global-kb-spacing-xs, 1rem);padding-bottom:var(--global-kb-spacing-xs, 1rem);padding-left:var(--global-kb-spacing-xs, 1rem);}.kadence-column6334_c5fa47-ff > .kt-inside-inner-col{box-shadow:0px 0px 14px 0px rgba(0, 0, 0, 0.2);}.kadence-column6334_c5fa47-ff > .kt-inside-inner-col,.kadence-column6334_c5fa47-ff > .kt-inside-inner-col:before{border-top-left-radius:0px;border-top-right-radius:0px;border-bottom-right-radius:0px;border-bottom-left-radius:0px;}.kadence-column6334_c5fa47-ff > .kt-inside-inner-col{column-gap:var(--global-kb-gap-sm, 1rem);}.kadence-column6334_c5fa47-ff > .kt-inside-inner-col{flex-direction:column;align-items:center;}.kadence-column6334_c5fa47-ff > .kt-inside-inner-col > .kb-image-is-ratio-size{align-self:stretch;}.kadence-column6334_c5fa47-ff > .kt-inside-inner-col > .wp-block-kadence-advancedgallery{align-self:stretch;}.kadence-column6334_c5fa47-ff > .kt-inside-inner-col > .aligncenter{width:100%;}.kadence-column6334_c5fa47-ff > .kt-inside-inner-col{background-color:var(--global-palette8, #F7FAFC);}.kadence-column6334_c5fa47-ff > .kt-inside-inner-col:before{opacity:0.3;}.kadence-column6334_c5fa47-ff{position:relative;}@media all and (max-width: 1024px){.kadence-column6334_c5fa47-ff > .kt-inside-inner-col{flex-direction:column;justify-content:center;align-items:center;}}@media all and (max-width: 767px){.kadence-column6334_c5fa47-ff > .kt-inside-inner-col{flex-direction:column;justify-content:center;align-items:center;}}<\/style>\n<div class=\"wp-block-kadence-column kadence-column6334_c5fa47-ff\"><div class=\"kt-inside-inner-col\">\n<p class=\"has-text-align-center\">Que penses-tu du sentier de la canop\u00e9e de Hainich ? Laisse-moi une \u00e9valuation, s\u2019il te pla\u00eet. <br\/>Vous nous aidez ainsi que d&rsquo;autres amoureux de la nature. Merci beaucoup \ud83d\ude42 ! <\/p>\n\n\n\n<div class=\"wp-block-yet-another-stars-rating-visitor-votes aligncenter yasr-vv-block\"><\/div>\n\n\n\n<p>Vous trouverez d&rsquo;autres aventures passionnantes dans notre <a href=\"https:\/\/walderlebnispfade.de\/fr\/experiences-en-foret\/\" data-type=\"page\" data-id=\"228\">recherche d&rsquo;exp\u00e9riences en for\u00eat<\/a> et dans notre <a href=\"https:\/\/walderlebnispfade.de\/fr\/sentiers-de-la-cime-des-arbres-en-europe\/\" data-type=\"post\" data-id=\"5843\">aper\u00e7u des parcours dans les arbres<\/a>!<\/p>\n<\/div><\/div>\n\n<hr class=\"wp-block-separator has-alpha-channel-opacity\" style=\"margin-top:var(--wp--preset--spacing--50);margin-bottom:var(--wp--preset--spacing--50)\"\/>\n\n<h2 class=\"wp-block-heading\">Vid\u00e9o sur le sentier \u00e0 la cime des arbres de Hainich<\/h2>\n\n<figure class=\"wp-block-embed is-type-video is-provider-youtube wp-block-embed-youtube wp-embed-aspect-16-9 wp-has-aspect-ratio\"><div class=\"wp-block-embed__wrapper\">\n<iframe loading=\"lazy\" hcb-fetch-image-from=\"https:\/\/youtu.be\/a0AQU1ioF6Y?si=VHS5J7nvCZjckvfO\" title=\"Rundgang auf dem Baumkronenpfad im Nationalpark Hainich\" width=\"720\" height=\"405\" src=\"https:\/\/www.youtube.com\/embed\/a0AQU1ioF6Y?feature=oembed\" frameborder=\"0\" allow=\"accelerometer; autoplay; clipboard-write; encrypted-media; gyroscope; picture-in-picture; web-share\" referrerpolicy=\"strict-origin-when-cross-origin\" allowfullscreen><\/iframe>\n<\/div><\/figure>\n","protected":false},"author":2,"featured_media":6337,"comment_status":"open","ping_status":"closed","template":"","meta":{"_kad_blocks_custom_css":"","_kad_blocks_head_custom_js":"","_kad_blocks_body_custom_js":"","_kad_blocks_footer_custom_js":"","_kad_post_transparent":"","_kad_post_title":"","_kad_post_layout":"","_kad_post_sidebar_id":"","_kad_post_content_style":"","_kad_post_vertical_padding":"","_kad_post_feature":"","_kad_post_feature_position":"","_kad_post_header":false,"_kad_post_footer":false,"_kad_post_classname":"","yasr_overall_rating":0,"yasr_post_is_review":"","yasr_auto_insert_disabled":"","yasr_review_type":""},"region":[130,157],"erlebnisart":[172,175],"class_list":["post-6349","erlebnisse","type-erlebnisse","status-publish","has-post-thumbnail","hentry","region-deutschland-fr","region-th-fr","erlebnisart-wandern-fr","erlebnisart-baumwipfelpfad-fr"],"yasr_visitor_votes":{"stars_attributes":{"read_only":false,"span_bottom":false},"number_of_votes":0,"sum_votes":0},"taxonomy_info":{"region":[{"value":130,"label":"Allemagne"},{"value":157,"label":"Th\u00fcringen"}],"erlebnisart":[{"value":172,"label":"Randonn\u00e9e"},{"value":175,"label":"Sentier des Cimes"}]},"featured_image_src_large":["https:\/\/walderlebnispfade.de\/wp-content\/uploads\/2025\/02\/Baumwipfelpfad_Heinich-1024x576.jpg",1024,576,true],"author_info":{"display_name":"Moni","author_link":"https:\/\/walderlebnispfade.de\/fr\/author\/moni\/"},"comment_info":0,"_links":{"self":[{"href":"https:\/\/walderlebnispfade.de\/fr\/wp-json\/wp\/v2\/erlebnisse\/6349","targetHints":{"allow":["GET"]}}],"collection":[{"href":"https:\/\/walderlebnispfade.de\/fr\/wp-json\/wp\/v2\/erlebnisse"}],"about":[{"href":"https:\/\/walderlebnispfade.de\/fr\/wp-json\/wp\/v2\/types\/erlebnisse"}],"author":[{"embeddable":true,"href":"https:\/\/walderlebnispfade.de\/fr\/wp-json\/wp\/v2\/users\/2"}],"replies":[{"embeddable":true,"href":"https:\/\/walderlebnispfade.de\/fr\/wp-json\/wp\/v2\/comments?post=6349"}],"wp:featuredmedia":[{"embeddable":true,"href":"https:\/\/walderlebnispfade.de\/fr\/wp-json\/wp\/v2\/media\/6337"}],"wp:attachment":[{"href":"https:\/\/walderlebnispfade.de\/fr\/wp-json\/wp\/v2\/media?parent=6349"}],"wp:term":[{"taxonomy":"region","embeddable":true,"href":"https:\/\/walderlebnispfade.de\/fr\/wp-json\/wp\/v2\/region?post=6349"},{"taxonomy":"erlebnisart","embeddable":true,"href":"https:\/\/walderlebnispfade.de\/fr\/wp-json\/wp\/v2\/erlebnisart?post=6349"}],"curies":[{"name":"wp","href":"https:\/\/api.w.org\/{rel}","templated":true}]}}