{"id":6352,"date":"2025-02-02T13:25:08","date_gmt":"2025-02-02T12:25:08","guid":{"rendered":"https:\/\/walderlebnispfade.de\/erlebnisse\/sentier-de-la-canopee-du-hoherodskopf\/"},"modified":"2026-04-22T11:50:19","modified_gmt":"2026-04-22T09:50:19","slug":"sentier-de-la-canopee-du-hoherodskopf","status":"publish","type":"erlebnisse","link":"https:\/\/walderlebnispfade.de\/fr\/erlebnisse\/sentier-de-la-canopee-du-hoherodskopf\/","title":{"rendered":"Sentier de la canop\u00e9e du Hoherodskopf"},"content":{"rendered":"<style>.wp-block-kadence-advancedheading.kt-adv-heading6273_6b41d4-cf, .wp-block-kadence-advancedheading.kt-adv-heading6273_6b41d4-cf[data-kb-block=\"kb-adv-heading6273_6b41d4-cf\"]{font-style:normal;}.wp-block-kadence-advancedheading.kt-adv-heading6273_6b41d4-cf mark.kt-highlight, .wp-block-kadence-advancedheading.kt-adv-heading6273_6b41d4-cf[data-kb-block=\"kb-adv-heading6273_6b41d4-cf\"] mark.kt-highlight{font-style:normal;color:#f76a0c;-webkit-box-decoration-break:clone;box-decoration-break:clone;padding-top:0px;padding-right:0px;padding-bottom:0px;padding-left:0px;}.wp-block-kadence-advancedheading.kt-adv-heading6273_6b41d4-cf img.kb-inline-image, .wp-block-kadence-advancedheading.kt-adv-heading6273_6b41d4-cf[data-kb-block=\"kb-adv-heading6273_6b41d4-cf\"] img.kb-inline-image{width:150px;vertical-align:baseline;}<\/style>\n<h2 class=\"kt-adv-heading6273_6b41d4-cf wp-block-kadence-advancedheading\" data-kb-block=\"kb-adv-heading6273_6b41d4-cf\">Sentier de la canop\u00e9e avec des ponts suspendus uniques<\/h2>\n\n<p>Le sentier de la canop\u00e9e du Hoherodskopf vous permet de voir d\u2019en haut. Depuis la cime des arbres, le monde est tout autre. Au milieu de la canop\u00e9e, entour\u00e9 par la for\u00eat et les \u00e9l\u00e9ments, les personnes au sol vous semblent petites et grouillantes. C\u2019est un endroit merveilleux pour se sentir plus proche du ciel et ressentir les forces de la nature. Le balancement des ponts suspendus, le l\u00e9ger mouvement des plates-formes au rythme du vent sont d\u00e9j\u00e0 des exp\u00e9riences sensorielles qui ne se produisent pas dans notre vie quotidienne normale.    <\/p>\n<style>.kb-table-of-content-nav.kb-table-of-content-id6273_677200-81 .kb-table-of-content-wrap{padding-top:var(--global-kb-spacing-sm, 1.5rem);padding-right:var(--global-kb-spacing-sm, 1.5rem);padding-bottom:var(--global-kb-spacing-sm, 1.5rem);padding-left:var(--global-kb-spacing-sm, 1.5rem);background-color:var(--global-palette8, #F7FAFC);box-shadow:inset 0px 0px 14px 0px rgba(0, 0, 0, 0.2);}.kb-table-of-content-nav.kb-table-of-content-id6273_677200-81 .kb-table-of-contents-title-wrap{padding-top:0px;padding-right:0px;padding-bottom:0px;padding-left:0px;}.kb-table-of-content-nav.kb-table-of-content-id6273_677200-81 .kb-table-of-contents-title{font-weight:regular;font-style:normal;}.kb-table-of-content-nav.kb-table-of-content-id6273_677200-81 .kb-table-of-content-wrap .kb-table-of-content-list{font-weight:regular;font-style:normal;margin-top:var(--global-kb-spacing-sm, 1.5rem);margin-right:0px;margin-bottom:0px;margin-left:0px;}.kb-table-of-content-nav.kb-table-of-content-id6273_677200-81 .kb-toggle-icon-style-basiccircle .kb-table-of-contents-icon-trigger:after, .kb-table-of-content-nav.kb-table-of-content-id6273_677200-81 .kb-toggle-icon-style-basiccircle .kb-table-of-contents-icon-trigger:before, .kb-table-of-content-nav.kb-table-of-content-id6273_677200-81 .kb-toggle-icon-style-arrowcircle .kb-table-of-contents-icon-trigger:after, .kb-table-of-content-nav.kb-table-of-content-id6273_677200-81 .kb-toggle-icon-style-arrowcircle .kb-table-of-contents-icon-trigger:before, .kb-table-of-content-nav.kb-table-of-content-id6273_677200-81 .kb-toggle-icon-style-xclosecircle .kb-table-of-contents-icon-trigger:after, .kb-table-of-content-nav.kb-table-of-content-id6273_677200-81 .kb-toggle-icon-style-xclosecircle .kb-table-of-contents-icon-trigger:before{background-color:var(--global-palette8, #F7FAFC);}<\/style>\n<p>Beaucoup de choses qui nous paraissent \u00e9videntes sont abord\u00e9es dans le sentier des cimes du Hoherodskopf. Pourquoi les arbres poussent-ils vers le ciel tout en r\u00e9sistant aux ouragans ? Pourquoi les plantes sont-elles vertes et comment un arc-en-ciel se forme-t-il \u00e0 partir de la lumi\u00e8re du soleil ? Quel est le r\u00f4le de l&rsquo;\u00e9nergie solaire et comment notre m\u00e9t\u00e9o est-elle pr\u00e9par\u00e9e ? [Source : panneau d&rsquo;information \u00e0 l&rsquo;entr\u00e9e du sentier de la canop\u00e9e].    <\/p>\n<style>.kadence-column6273_3ade7e-ea > .kt-inside-inner-col,.kadence-column6273_3ade7e-ea > .kt-inside-inner-col:before{border-top-left-radius:0px;border-top-right-radius:0px;border-bottom-right-radius:0px;border-bottom-left-radius:0px;}.kadence-column6273_3ade7e-ea > .kt-inside-inner-col{column-gap:var(--global-kb-gap-sm, 1rem);}.kadence-column6273_3ade7e-ea > .kt-inside-inner-col{flex-direction:column;}.kadence-column6273_3ade7e-ea > .kt-inside-inner-col > .aligncenter{width:100%;}.kadence-column6273_3ade7e-ea > .kt-inside-inner-col:before{opacity:0.3;}.kadence-column6273_3ade7e-ea{position:relative;}@media all and (max-width: 1024px){.kadence-column6273_3ade7e-ea > .kt-inside-inner-col{flex-direction:column;justify-content:center;}}@media all and (max-width: 767px){.kadence-column6273_3ade7e-ea > .kt-inside-inner-col{flex-direction:column;justify-content:center;}}<\/style>\n<div class=\"wp-block-kadence-column kadence-column6273_3ade7e-ea\"><div class=\"kt-inside-inner-col\"><style>.kb-row-layout-id6273_0ec015-1c > .kt-row-column-wrap{align-content:start;}:where(.kb-row-layout-id6273_0ec015-1c > .kt-row-column-wrap) > .wp-block-kadence-column{justify-content:start;}.kb-row-layout-id6273_0ec015-1c > .kt-row-column-wrap{column-gap:var(--global-kb-gap-md, 2rem);row-gap:var(--global-kb-gap-md, 2rem);padding-top:var(--global-kb-spacing-sm, 1.5rem);padding-bottom:var(--global-kb-spacing-sm, 1.5rem);grid-template-columns:repeat(2, minmax(0, 1fr));}.kb-row-layout-id6273_0ec015-1c > .kt-row-layout-overlay{opacity:0.30;}@media all and (max-width: 1024px){.kb-row-layout-id6273_0ec015-1c > .kt-row-column-wrap{grid-template-columns:repeat(2, minmax(0, 1fr));}}@media all and (max-width: 767px){.kb-row-layout-id6273_0ec015-1c > .kt-row-column-wrap{grid-template-columns:minmax(0, 1fr);}}<\/style><div class=\"kb-row-layout-wrap kb-row-layout-id6273_0ec015-1c alignnone wp-block-kadence-rowlayout\"><div class=\"kt-row-column-wrap kt-has-2-columns kt-row-layout-equal kt-tab-layout-inherit kt-mobile-layout-row kt-row-valign-top\">\n<style>.kadence-column6273_ce9a7a-ed > .kt-inside-inner-col,.kadence-column6273_ce9a7a-ed > .kt-inside-inner-col:before{border-top-left-radius:0px;border-top-right-radius:0px;border-bottom-right-radius:0px;border-bottom-left-radius:0px;}.kadence-column6273_ce9a7a-ed > .kt-inside-inner-col{column-gap:var(--global-kb-gap-sm, 1rem);}.kadence-column6273_ce9a7a-ed > .kt-inside-inner-col{flex-direction:column;}.kadence-column6273_ce9a7a-ed > .kt-inside-inner-col > .aligncenter{width:100%;}.kadence-column6273_ce9a7a-ed > .kt-inside-inner-col:before{opacity:0.3;}.kadence-column6273_ce9a7a-ed{position:relative;}@media all and (max-width: 1024px){.kadence-column6273_ce9a7a-ed > .kt-inside-inner-col{flex-direction:column;justify-content:center;}}@media all and (max-width: 767px){.kadence-column6273_ce9a7a-ed > .kt-inside-inner-col{flex-direction:column;justify-content:center;}}<\/style>\n<div class=\"wp-block-kadence-column kadence-column6273_ce9a7a-ed\"><div class=\"kt-inside-inner-col\">\n<p>D\u2019une longueur totale de 600 m\u00e8tres, le sentier de la canop\u00e9e du Hoherodskopf serpente \u00e0 travers la cime des arbres \u00e0 des hauteurs pouvant atteindre 12 m\u00e8tres. L\u2019un des points forts est la tour d\u2019observation qui offre une vue imprenable sur les douces collines et les for\u00eats de feuillus du Vogelsberg. Le long du chemin, des stations de d\u00e9couverte interactives vous invitent \u00e0 en apprendre davantage sur l\u2019\u00e9cosyst\u00e8me forestier. Depuis 2014, 100 m\u00e8tres de ponts en filet d\u2019aventure compl\u00e8tent l\u2019offre et procurent des sensations fortes suppl\u00e9mentaires.   <\/p>\n\n\n\n<p>Le Tree Canopy Park propose r\u00e9guli\u00e8rement des \u00e9v\u00e9nements sp\u00e9ciaux, notamment des randonn\u00e9es guid\u00e9es \u00e0 la pleine lune, qui permettent de d\u00e9couvrir la nature de nuit de mani\u00e8re unique. Pour les groupes, tels que les entreprises ou les associations, des \u00e9v\u00e9nements sur mesure sont propos\u00e9s, allant des randonn\u00e9es dans la nature aux activit\u00e9s d&rsquo;escalade, en passant par des parties de golf relaxantes.   <\/p>\n<\/div><\/div>\n\n\n<style>.kadence-column6273_22734a-b4 > .kt-inside-inner-col,.kadence-column6273_22734a-b4 > .kt-inside-inner-col:before{border-top-left-radius:0px;border-top-right-radius:0px;border-bottom-right-radius:0px;border-bottom-left-radius:0px;}.kadence-column6273_22734a-b4 > .kt-inside-inner-col{column-gap:var(--global-kb-gap-sm, 1rem);}.kadence-column6273_22734a-b4 > .kt-inside-inner-col{flex-direction:column;}.kadence-column6273_22734a-b4 > .kt-inside-inner-col > .aligncenter{width:100%;}.kadence-column6273_22734a-b4 > .kt-inside-inner-col:before{opacity:0.3;}.kadence-column6273_22734a-b4{position:relative;}@media all and (max-width: 1024px){.kadence-column6273_22734a-b4 > .kt-inside-inner-col{flex-direction:column;justify-content:center;}}@media all and (max-width: 767px){.kadence-column6273_22734a-b4 > .kt-inside-inner-col{flex-direction:column;justify-content:center;}}<\/style>\n<div class=\"wp-block-kadence-column kadence-column6273_22734a-b4\"><div class=\"kt-inside-inner-col\"><style>.kb-image6273_c0017a-b4 .kb-image-has-overlay:after{opacity:0.3;}<\/style>\n<figure class=\"wp-block-kadence-image kb-image6273_c0017a-b4 size-full\"><img loading=\"lazy\" decoding=\"async\" width=\"1024\" height=\"576\" src=\"https:\/\/walderlebnispfade.de\/wp-content\/uploads\/2025\/02\/Hoherodskopf_Weg.jpg\" alt=\"Weg und Plattformen des Baumkronenpfades Hoherodskopf\" class=\"kb-img wp-image-6287\" srcset=\"https:\/\/walderlebnispfade.de\/wp-content\/uploads\/2025\/02\/Hoherodskopf_Weg.jpg 1024w, https:\/\/walderlebnispfade.de\/wp-content\/uploads\/2025\/02\/Hoherodskopf_Weg-300x169.jpg 300w, https:\/\/walderlebnispfade.de\/wp-content\/uploads\/2025\/02\/Hoherodskopf_Weg-768x432.jpg 768w\" sizes=\"auto, (max-width: 1024px) 100vw, 1024px\" \/><\/figure>\n<\/div><\/div>\n\n<\/div><\/div><\/div><\/div>\n\n<h3 class=\"wp-block-heading\">Horaires d\u2019ouverture 2026 Baumkronenpfad Hoherodskopf<\/h3>\n\n<figure class=\"wp-block-table\"><table class=\"has-fixed-layout\"><tbody><tr><td>avril \u2013 mai<\/td><td>Mo. \u2013 Ainsi de 10h00 \u00e0 18h00<\/td><\/tr><tr><td>juin \u2013 ao\u00fbt<\/td><td>Mo. \u2013 Ainsi de 10 h 00 \u00e0 19 h 00<\/td><\/tr><tr><td>Septembre<\/td><td>Mo. \u2013 Ainsi de 10h00 \u00e0 18h00<\/td><\/tr><tr><td>Octobre<\/td><td>Mo. \u2013 Ainsi de 10 h 00 \u00e0 17 h 00<\/td><\/tr><\/tbody><\/table><figcaption class=\"wp-element-caption\">Heures d&rsquo;ouverture du sentier de la canop\u00e9e Hoherodskopf<\/figcaption><\/figure>\n\n<p><br\/>Pendant les vacances d\u2019automne, le sentier est ouvert tous les jours de 10h00 \u00e0 18h00. La derni\u00e8re entr\u00e9e a lieu 30 minutes avant la fermeture. <\/p>\n\n<hr class=\"wp-block-separator has-alpha-channel-opacity\" style=\"margin-top:var(--wp--preset--spacing--50);margin-bottom:var(--wp--preset--spacing--50)\"\/>\n<style>.kadence-column6273_2ca145-d5 > .kt-inside-inner-col{display:flex;}.kadence-column6273_2ca145-d5 > .kt-inside-inner-col{padding-top:var(--global-kb-spacing-xs, 1rem);padding-right:var(--global-kb-spacing-xs, 1rem);padding-bottom:var(--global-kb-spacing-xs, 1rem);padding-left:var(--global-kb-spacing-xs, 1rem);}.kadence-column6273_2ca145-d5 > .kt-inside-inner-col{box-shadow:0px 0px 14px 0px rgba(0, 0, 0, 0.2);}.kadence-column6273_2ca145-d5 > .kt-inside-inner-col,.kadence-column6273_2ca145-d5 > .kt-inside-inner-col:before{border-top-left-radius:0px;border-top-right-radius:0px;border-bottom-right-radius:0px;border-bottom-left-radius:0px;}.kadence-column6273_2ca145-d5 > .kt-inside-inner-col{column-gap:var(--global-kb-gap-sm, 1rem);}.kadence-column6273_2ca145-d5 > .kt-inside-inner-col{flex-direction:column;align-items:center;}.kadence-column6273_2ca145-d5 > .kt-inside-inner-col > .kb-image-is-ratio-size{align-self:stretch;}.kadence-column6273_2ca145-d5 > .kt-inside-inner-col > .wp-block-kadence-advancedgallery{align-self:stretch;}.kadence-column6273_2ca145-d5 > .kt-inside-inner-col > .aligncenter{width:100%;}.kadence-column6273_2ca145-d5 > .kt-inside-inner-col{background-color:var(--global-palette8, #F7FAFC);}.kadence-column6273_2ca145-d5 > .kt-inside-inner-col:before{opacity:0.3;}.kadence-column6273_2ca145-d5{position:relative;}@media all and (max-width: 1024px){.kadence-column6273_2ca145-d5 > .kt-inside-inner-col{flex-direction:column;justify-content:center;align-items:center;}}@media all and (max-width: 767px){.kadence-column6273_2ca145-d5 > .kt-inside-inner-col{flex-direction:column;justify-content:center;align-items:center;}}<\/style>\n<div class=\"wp-block-kadence-column kadence-column6273_2ca145-d5\"><div class=\"kt-inside-inner-col\">\n<p class=\"has-text-align-center\">Comment trouvez-vous le sentier de la canop\u00e9e du Hoherodskopf ? N\u2019h\u00e9sitez pas \u00e0 me laisser une \u00e9valuation. <br\/>Vous nous aidez ainsi que d&rsquo;autres amoureux de la nature. Merci beaucoup \ud83d\ude42 ! <\/p>\n\n\n\n<div class=\"wp-block-yet-another-stars-rating-visitor-votes aligncenter yasr-vv-block\"><\/div>\n\n\n\n<p>Vous trouverez d&rsquo;autres aventures passionnantes dans notre <a href=\"https:\/\/walderlebnispfade.de\/fr\/experiences-en-foret\/\" data-type=\"page\" data-id=\"228\">recherche d&rsquo;exp\u00e9riences en for\u00eat<\/a> et dans notre <a href=\"https:\/\/walderlebnispfade.de\/fr\/sentiers-de-la-cime-des-arbres-en-europe\/\" data-type=\"post\" data-id=\"5843\">aper\u00e7u des parcours dans les arbres<\/a>!<\/p>\n<\/div><\/div>\n\n<hr class=\"wp-block-separator has-alpha-channel-opacity\" style=\"margin-top:var(--wp--preset--spacing--50);margin-bottom:var(--wp--preset--spacing--50)\"\/>\n<style>.kb-row-layout-id6273_3f0a3c-d4 > .kt-row-column-wrap{align-content:start;}:where(.kb-row-layout-id6273_3f0a3c-d4 > .kt-row-column-wrap) > .wp-block-kadence-column{justify-content:start;}.kb-row-layout-id6273_3f0a3c-d4 > .kt-row-column-wrap{column-gap:var(--global-kb-gap-md, 2rem);row-gap:var(--global-kb-gap-md, 2rem);padding-top:var(--global-kb-spacing-sm, 1.5rem);padding-bottom:var(--global-kb-spacing-sm, 1.5rem);grid-template-columns:minmax(0, 1fr);}.kb-row-layout-id6273_3f0a3c-d4 > .kt-row-layout-overlay{opacity:0.30;}@media all and (max-width: 1024px){.kb-row-layout-id6273_3f0a3c-d4 > .kt-row-column-wrap{grid-template-columns:minmax(0, 1fr);}}@media all and (max-width: 767px){.kb-row-layout-id6273_3f0a3c-d4 > .kt-row-column-wrap{grid-template-columns:minmax(0, 1fr);}}<\/style><div class=\"kb-row-layout-wrap kb-row-layout-id6273_3f0a3c-d4 alignnone wp-block-kadence-rowlayout\"><div class=\"kt-row-column-wrap kt-has-1-columns kt-row-layout-equal kt-tab-layout-inherit kt-mobile-layout-row kt-row-valign-top\">\n<style>.kadence-column6273_283a45-f3 > .kt-inside-inner-col,.kadence-column6273_283a45-f3 > .kt-inside-inner-col:before{border-top-left-radius:0px;border-top-right-radius:0px;border-bottom-right-radius:0px;border-bottom-left-radius:0px;}.kadence-column6273_283a45-f3 > .kt-inside-inner-col{column-gap:var(--global-kb-gap-sm, 1rem);}.kadence-column6273_283a45-f3 > .kt-inside-inner-col{flex-direction:column;}.kadence-column6273_283a45-f3 > .kt-inside-inner-col > .aligncenter{width:100%;}.kadence-column6273_283a45-f3 > .kt-inside-inner-col:before{opacity:0.3;}.kadence-column6273_283a45-f3{position:relative;}@media all and (max-width: 1024px){.kadence-column6273_283a45-f3 > .kt-inside-inner-col{flex-direction:column;justify-content:center;}}@media all and (max-width: 767px){.kadence-column6273_283a45-f3 > .kt-inside-inner-col{flex-direction:column;justify-content:center;}}<\/style>\n<div class=\"wp-block-kadence-column kadence-column6273_283a45-f3\"><div class=\"kt-inside-inner-col\"><style>.wp-block-kadence-advancedheading.kt-adv-heading6273_d185a7-5b, .wp-block-kadence-advancedheading.kt-adv-heading6273_d185a7-5b[data-kb-block=\"kb-adv-heading6273_d185a7-5b\"]{font-style:normal;}.wp-block-kadence-advancedheading.kt-adv-heading6273_d185a7-5b mark.kt-highlight, .wp-block-kadence-advancedheading.kt-adv-heading6273_d185a7-5b[data-kb-block=\"kb-adv-heading6273_d185a7-5b\"] mark.kt-highlight{font-style:normal;color:#f76a0c;-webkit-box-decoration-break:clone;box-decoration-break:clone;padding-top:0px;padding-right:0px;padding-bottom:0px;padding-left:0px;}.wp-block-kadence-advancedheading.kt-adv-heading6273_d185a7-5b img.kb-inline-image, .wp-block-kadence-advancedheading.kt-adv-heading6273_d185a7-5b[data-kb-block=\"kb-adv-heading6273_d185a7-5b\"] img.kb-inline-image{width:150px;vertical-align:baseline;}<\/style>\n<h3 class=\"kt-adv-heading6273_d185a7-5b wp-block-kadence-advancedheading\" data-kb-block=\"kb-adv-heading6273_d185a7-5b\">D\u00e9tails importants sur le sentier des cimes du Hoherodskopf<\/h3>\n\n\n\n<figure class=\"wp-block-table\"><table><tbody><tr><td>La gastronomie :<\/td><td>Oui, le <a href=\"https:\/\/www.berggasthof-schotten.de\/\" data-type=\"link\" data-id=\"https:\/\/www.berggasthof-schotten.de\/\" target=\"_blank\" rel=\"noreferrer noopener\">Berggasthof Hoherodskopf<\/a> se trouve \u00e0 proximit\u00e9 imm\u00e9diate.<\/td><\/tr><tr><td>les installations sanitaires:<\/td><td>Les toilettes se trouvent dans l&rsquo;auberge de montagne.<\/td><\/tr><tr><td>Accessible aux personnes handicap\u00e9es :<\/td><td>Limit\u00e9e . Les ponts suspendus ne sont pas adapt\u00e9s aux personnes \u00e0 mobilit\u00e9 r\u00e9duite.<br\/>De nombreuses autres attractions sont sp\u00e9cialement accessibles, y compris des toilettes adapt\u00e9es aux personnes handicap\u00e9es.  <\/td><\/tr><tr><td>Chiens admis:<\/td><td>Les chiens sont autoris\u00e9s en laisse dans le parc d&rsquo;attractions, mais ils ne peuvent pas acc\u00e9der \u00e0 toutes les attractions.<\/td><\/tr><tr><td>Visites guid\u00e9es:<\/td><td>Oui, plusieurs visites guid\u00e9es sont propos\u00e9es sur r\u00e9servation.<\/td><\/tr><tr><td>R\u00e9duction pour les groupes:<\/td><td>Oui, \u00e0 partir de 10 personnes.<\/td><\/tr><tr><td>Autres attractions :<\/td><td>Le sentier de la cime des arbres se trouve dans la zone de la \u00ab montagne de l\u2019aventure \u00bb. <br\/>Il y a un mini-golf d\u2019aventure, un parc d\u2019escalade, une piste de luge d\u2019\u00e9t\u00e9 et une location de VTT.<br\/><a href=\"https:\/\/www.erlebnisberg-hoherodskopf.de\/wp-content\/uploads\/2024\/03\/erlebnisberg2024_V1.pdf\" data-type=\"link\" data-id=\"https:\/\/www.erlebnisberg-hoherodskopf.de\/wp-content\/uploads\/2024\/03\/erlebnisberg2024_V1.pdf\" target=\"_blank\" rel=\"noreferrer noopener\">Vous trouverez ici <\/a>la brochure avec toutes les informations.<\/td><\/tr><\/tbody><\/table><figcaption class=\"wp-element-caption\">D\u00e9tails de Erlebnisberg Hoherodskopf<\/figcaption><\/figure>\n<\/div><\/div>\n\n<\/div><\/div>\n<h2 class=\"wp-block-heading\">Vid\u00e9o sur le sentier de la canop\u00e9e du Hoherodskopf<\/h2>\n<style>.kadence-column6273_bc65ee-7e > .kt-inside-inner-col,.kadence-column6273_bc65ee-7e > .kt-inside-inner-col:before{border-top-left-radius:0px;border-top-right-radius:0px;border-bottom-right-radius:0px;border-bottom-left-radius:0px;}.kadence-column6273_bc65ee-7e > .kt-inside-inner-col{column-gap:var(--global-kb-gap-sm, 1rem);}.kadence-column6273_bc65ee-7e > .kt-inside-inner-col{flex-direction:column;}.kadence-column6273_bc65ee-7e > .kt-inside-inner-col > .aligncenter{width:100%;}.kadence-column6273_bc65ee-7e > .kt-inside-inner-col:before{opacity:0.3;}.kadence-column6273_bc65ee-7e{position:relative;}@media all and (max-width: 1024px){.kadence-column6273_bc65ee-7e > .kt-inside-inner-col{flex-direction:column;justify-content:center;}}@media all and (max-width: 767px){.kadence-column6273_bc65ee-7e > .kt-inside-inner-col{flex-direction:column;justify-content:center;}}<\/style>\n<div class=\"wp-block-kadence-column kadence-column6273_bc65ee-7e\"><div class=\"kt-inside-inner-col\">\n<figure class=\"wp-block-embed is-type-video is-provider-youtube wp-block-embed-youtube wp-embed-aspect-16-9 wp-has-aspect-ratio\"><div class=\"wp-block-embed__wrapper\">\n<iframe loading=\"lazy\" hcb-fetch-image-from=\"https:\/\/youtu.be\/NlCICHrRLOM?si=-S9B2iozmHPFWAeS\" title=\"Filmproduktion Erlebnisberg Hoherodskopf - Region Vogelsberg in Hessen - Werbefilm\" width=\"720\" height=\"405\" src=\"https:\/\/www.youtube.com\/embed\/NlCICHrRLOM?feature=oembed\" frameborder=\"0\" allow=\"accelerometer; autoplay; clipboard-write; encrypted-media; gyroscope; picture-in-picture; web-share\" referrerpolicy=\"strict-origin-when-cross-origin\" allowfullscreen><\/iframe>\n<\/div><\/figure>\n<\/div><\/div>\n","protected":false},"author":2,"featured_media":6277,"comment_status":"open","ping_status":"closed","template":"","meta":{"_kad_blocks_custom_css":"","_kad_blocks_head_custom_js":"","_kad_blocks_body_custom_js":"","_kad_blocks_footer_custom_js":"","_kad_post_transparent":"","_kad_post_title":"","_kad_post_layout":"","_kad_post_sidebar_id":"","_kad_post_content_style":"","_kad_post_vertical_padding":"","_kad_post_feature":"","_kad_post_feature_position":"","_kad_post_header":false,"_kad_post_footer":false,"_kad_post_classname":"","yasr_overall_rating":0,"yasr_post_is_review":"","yasr_auto_insert_disabled":"","yasr_review_type":""},"region":[130,136],"erlebnisart":[172,175],"class_list":["post-6352","erlebnisse","type-erlebnisse","status-publish","has-post-thumbnail","hentry","region-deutschland-fr","region-he-fr","erlebnisart-wandern-fr","erlebnisart-baumwipfelpfad-fr"],"yasr_visitor_votes":{"stars_attributes":{"read_only":false,"span_bottom":false},"number_of_votes":0,"sum_votes":0},"taxonomy_info":{"region":[{"value":130,"label":"Allemagne"},{"value":136,"label":"Hessen"}],"erlebnisart":[{"value":172,"label":"Randonn\u00e9e"},{"value":175,"label":"Sentier des Cimes"}]},"featured_image_src_large":["https:\/\/walderlebnispfade.de\/wp-content\/uploads\/2025\/02\/Baumwipfelpfad_Hoherodskopf-1024x576.jpg",1024,576,true],"author_info":{"display_name":"Moni","author_link":"https:\/\/walderlebnispfade.de\/fr\/author\/moni\/"},"comment_info":0,"_links":{"self":[{"href":"https:\/\/walderlebnispfade.de\/fr\/wp-json\/wp\/v2\/erlebnisse\/6352","targetHints":{"allow":["GET"]}}],"collection":[{"href":"https:\/\/walderlebnispfade.de\/fr\/wp-json\/wp\/v2\/erlebnisse"}],"about":[{"href":"https:\/\/walderlebnispfade.de\/fr\/wp-json\/wp\/v2\/types\/erlebnisse"}],"author":[{"embeddable":true,"href":"https:\/\/walderlebnispfade.de\/fr\/wp-json\/wp\/v2\/users\/2"}],"replies":[{"embeddable":true,"href":"https:\/\/walderlebnispfade.de\/fr\/wp-json\/wp\/v2\/comments?post=6352"}],"wp:featuredmedia":[{"embeddable":true,"href":"https:\/\/walderlebnispfade.de\/fr\/wp-json\/wp\/v2\/media\/6277"}],"wp:attachment":[{"href":"https:\/\/walderlebnispfade.de\/fr\/wp-json\/wp\/v2\/media?parent=6352"}],"wp:term":[{"taxonomy":"region","embeddable":true,"href":"https:\/\/walderlebnispfade.de\/fr\/wp-json\/wp\/v2\/region?post=6352"},{"taxonomy":"erlebnisart","embeddable":true,"href":"https:\/\/walderlebnispfade.de\/fr\/wp-json\/wp\/v2\/erlebnisart?post=6352"}],"curies":[{"name":"wp","href":"https:\/\/api.w.org\/{rel}","templated":true}]}}