{"id":6465,"date":"2025-02-06T21:46:53","date_gmt":"2025-02-06T20:46:53","guid":{"rendered":"https:\/\/walderlebnispfade.de\/erlebnisse\/sentier-de-la-cime-des-arbres-de-lipno\/"},"modified":"2026-04-22T11:49:42","modified_gmt":"2026-04-22T09:49:42","slug":"sentier-de-la-cime-des-arbres-de-lipno","status":"publish","type":"erlebnisse","link":"https:\/\/walderlebnispfade.de\/fr\/erlebnisse\/sentier-de-la-cime-des-arbres-de-lipno\/","title":{"rendered":"Sentier de la cime des arbres de Lipno"},"content":{"rendered":"<style>.wp-block-kadence-advancedheading.kt-adv-heading6437_72fb18-5a, .wp-block-kadence-advancedheading.kt-adv-heading6437_72fb18-5a[data-kb-block=\"kb-adv-heading6437_72fb18-5a\"]{font-style:normal;}.wp-block-kadence-advancedheading.kt-adv-heading6437_72fb18-5a mark.kt-highlight, .wp-block-kadence-advancedheading.kt-adv-heading6437_72fb18-5a[data-kb-block=\"kb-adv-heading6437_72fb18-5a\"] mark.kt-highlight{font-style:normal;color:#f76a0c;-webkit-box-decoration-break:clone;box-decoration-break:clone;padding-top:0px;padding-right:0px;padding-bottom:0px;padding-left:0px;}.wp-block-kadence-advancedheading.kt-adv-heading6437_72fb18-5a img.kb-inline-image, .wp-block-kadence-advancedheading.kt-adv-heading6437_72fb18-5a[data-kb-block=\"kb-adv-heading6437_72fb18-5a\"] img.kb-inline-image{width:150px;vertical-align:baseline;}<\/style>\n<h2 class=\"kt-adv-heading6437_72fb18-5a wp-block-kadence-advancedheading\" data-kb-block=\"kb-adv-heading6437_72fb18-5a\">Sentier des cimes en R\u00e9publique tch\u00e8que<\/h2>\n\n<p>Depuis 2012, le sentier de la cime des arbres de Lipno, en R\u00e9publique tch\u00e8que, offre aux visiteurs une exp\u00e9rience unique de la nature. Le sentier est soigneusement int\u00e9gr\u00e9 dans le paysage autour du barrage de Lipno et constitue ainsi un excellent compl\u00e9ment au parc actif de Lipno. La passerelle de 675 m\u00e8tres de long se termine sur la plate-forme de l\u2019impressionnante tour d\u2019observation, \u00e0 une hauteur de 40 m\u00e8tres. Tout cela fait de ce sentier une destination id\u00e9ale pour une excursion destin\u00e9e aux visiteurs actifs, aux familles et aux personnes \u00e2g\u00e9es. Le sentier des cimes de Lipno n\u2019est qu\u2019\u00e0 92 km de Passau.    <\/p>\n<style>.kb-table-of-content-nav.kb-table-of-content-id6437_b702a7-6b .kb-table-of-content-wrap{padding-top:var(--global-kb-spacing-sm, 1.5rem);padding-right:var(--global-kb-spacing-sm, 1.5rem);padding-bottom:var(--global-kb-spacing-sm, 1.5rem);padding-left:var(--global-kb-spacing-sm, 1.5rem);background-color:var(--global-palette8, #F7FAFC);box-shadow:inset 0px 0px 14px 0px rgba(0, 0, 0, 0.2);}.kb-table-of-content-nav.kb-table-of-content-id6437_b702a7-6b .kb-table-of-contents-title-wrap{padding-top:0px;padding-right:0px;padding-bottom:0px;padding-left:0px;}.kb-table-of-content-nav.kb-table-of-content-id6437_b702a7-6b .kb-table-of-contents-title{font-weight:regular;font-style:normal;}.kb-table-of-content-nav.kb-table-of-content-id6437_b702a7-6b .kb-table-of-content-wrap .kb-table-of-content-list{font-weight:regular;font-style:normal;margin-top:var(--global-kb-spacing-sm, 1.5rem);margin-right:0px;margin-bottom:0px;margin-left:0px;}.kb-table-of-content-nav.kb-table-of-content-id6437_b702a7-6b .kb-toggle-icon-style-basiccircle .kb-table-of-contents-icon-trigger:after, .kb-table-of-content-nav.kb-table-of-content-id6437_b702a7-6b .kb-toggle-icon-style-basiccircle .kb-table-of-contents-icon-trigger:before, .kb-table-of-content-nav.kb-table-of-content-id6437_b702a7-6b .kb-toggle-icon-style-arrowcircle .kb-table-of-contents-icon-trigger:after, .kb-table-of-content-nav.kb-table-of-content-id6437_b702a7-6b .kb-toggle-icon-style-arrowcircle .kb-table-of-contents-icon-trigger:before, .kb-table-of-content-nav.kb-table-of-content-id6437_b702a7-6b .kb-toggle-icon-style-xclosecircle .kb-table-of-contents-icon-trigger:after, .kb-table-of-content-nav.kb-table-of-content-id6437_b702a7-6b .kb-toggle-icon-style-xclosecircle .kb-table-of-contents-icon-trigger:before{background-color:var(--global-palette8, #F7FAFC);}<\/style><style>.kb-row-layout-id6437_705bc9-b6 > .kt-row-column-wrap{align-content:start;}:where(.kb-row-layout-id6437_705bc9-b6 > .kt-row-column-wrap) > .wp-block-kadence-column{justify-content:start;}.kb-row-layout-id6437_705bc9-b6 > .kt-row-column-wrap{column-gap:var(--global-kb-gap-md, 2rem);row-gap:var(--global-kb-gap-md, 2rem);padding-top:var(--global-kb-spacing-sm, 1.5rem);padding-bottom:var(--global-kb-spacing-sm, 1.5rem);grid-template-columns:repeat(2, minmax(0, 1fr));}.kb-row-layout-id6437_705bc9-b6 > .kt-row-layout-overlay{opacity:0.30;}@media all and (max-width: 1024px){.kb-row-layout-id6437_705bc9-b6 > .kt-row-column-wrap{grid-template-columns:repeat(2, minmax(0, 1fr));}}@media all and (max-width: 767px){.kb-row-layout-id6437_705bc9-b6 > .kt-row-column-wrap{grid-template-columns:minmax(0, 1fr);}}<\/style><div class=\"kb-row-layout-wrap kb-row-layout-id6437_705bc9-b6 alignnone wp-block-kadence-rowlayout\"><div class=\"kt-row-column-wrap kt-has-2-columns kt-row-layout-equal kt-tab-layout-inherit kt-mobile-layout-row kt-row-valign-top\">\n<style>.kadence-column6437_9c064f-82 > .kt-inside-inner-col,.kadence-column6437_9c064f-82 > .kt-inside-inner-col:before{border-top-left-radius:0px;border-top-right-radius:0px;border-bottom-right-radius:0px;border-bottom-left-radius:0px;}.kadence-column6437_9c064f-82 > .kt-inside-inner-col{column-gap:var(--global-kb-gap-sm, 1rem);}.kadence-column6437_9c064f-82 > .kt-inside-inner-col{flex-direction:column;}.kadence-column6437_9c064f-82 > .kt-inside-inner-col > .aligncenter{width:100%;}.kadence-column6437_9c064f-82 > .kt-inside-inner-col:before{opacity:0.3;}.kadence-column6437_9c064f-82{position:relative;}@media all and (max-width: 1024px){.kadence-column6437_9c064f-82 > .kt-inside-inner-col{flex-direction:column;justify-content:center;}}@media all and (max-width: 767px){.kadence-column6437_9c064f-82 > .kt-inside-inner-col{flex-direction:column;justify-content:center;}}<\/style>\n<div class=\"wp-block-kadence-column kadence-column6437_9c064f-82\"><div class=\"kt-inside-inner-col\">\n<p>Le sentier de la cime des arbres de Lipno n\u2019est pas directement accessible en voiture. Vous pouvez garer votre voiture gratuitement sur le parking central. De l\u00e0, vous pouvez vous rendre \u00e0 l\u2019entr\u00e9e du sentier \u00e0 pied, en t\u00e9l\u00e9ph\u00e9rique ou en bus. Ce dernier est \u00e9galement accessible aux personnes en fauteuil roulant et aux familles avec poussette. Vous pouvez t\u00e9l\u00e9charger les horaires de bus au format PDF <a href=\"https:\/\/www.stezkakorunamistromu.cz\/static\/bus-timetable-de.pdf?v=5eb04af8ad\" data-type=\"link\" data-id=\"https:\/\/www.stezkakorunamistromu.cz\/static\/bus-timetable-de.pdf?v=5eb04af8ad\" target=\"_blank\" rel=\"noreferrer noopener\">ici<\/a>.    <\/p>\n\n\n\n<p>Si vous recherchez un peu d\u2019aventure, vous pouvez descendre le toboggan depuis la tour d\u2019observation ou louer une trottinette de descente \u00e0 la station sup\u00e9rieure et descendre dans la vall\u00e9e. Vitesse et plaisir garantis ;-). <\/p>\n<\/div><\/div>\n\n\n<style>.kadence-column6437_06c671-e5 > .kt-inside-inner-col,.kadence-column6437_06c671-e5 > .kt-inside-inner-col:before{border-top-left-radius:0px;border-top-right-radius:0px;border-bottom-right-radius:0px;border-bottom-left-radius:0px;}.kadence-column6437_06c671-e5 > .kt-inside-inner-col{column-gap:var(--global-kb-gap-sm, 1rem);}.kadence-column6437_06c671-e5 > .kt-inside-inner-col{flex-direction:column;}.kadence-column6437_06c671-e5 > .kt-inside-inner-col > .aligncenter{width:100%;}.kadence-column6437_06c671-e5 > .kt-inside-inner-col:before{opacity:0.3;}.kadence-column6437_06c671-e5{position:relative;}@media all and (max-width: 1024px){.kadence-column6437_06c671-e5 > .kt-inside-inner-col{flex-direction:column;justify-content:center;}}@media all and (max-width: 767px){.kadence-column6437_06c671-e5 > .kt-inside-inner-col{flex-direction:column;justify-content:center;}}<\/style>\n<div class=\"wp-block-kadence-column kadence-column6437_06c671-e5\"><div class=\"kt-inside-inner-col\"><style>.kb-image6437_1448ad-95 .kb-image-has-overlay:after{opacity:0.3;}<\/style>\n<figure class=\"wp-block-kadence-image kb-image6437_1448ad-95 size-large\"><img loading=\"lazy\" decoding=\"async\" width=\"1024\" height=\"577\" src=\"https:\/\/walderlebnispfade.de\/wp-content\/uploads\/2025\/02\/Lipno_Aussicht-1024x577.jpg\" alt=\"Aussicht vom Baumwipfelpfad Lipno in Tschechien\" class=\"kb-img wp-image-6442\" srcset=\"https:\/\/walderlebnispfade.de\/wp-content\/uploads\/2025\/02\/Lipno_Aussicht-1024x577.jpg 1024w, https:\/\/walderlebnispfade.de\/wp-content\/uploads\/2025\/02\/Lipno_Aussicht-300x169.jpg 300w, https:\/\/walderlebnispfade.de\/wp-content\/uploads\/2025\/02\/Lipno_Aussicht-768x432.jpg 768w, https:\/\/walderlebnispfade.de\/wp-content\/uploads\/2025\/02\/Lipno_Aussicht.jpg 1412w\" sizes=\"auto, (max-width: 1024px) 100vw, 1024px\" \/><\/figure>\n<\/div><\/div>\n\n<\/div><\/div><style>.wp-block-kadence-advancedheading.kt-adv-heading6437_9c7a36-d9, .wp-block-kadence-advancedheading.kt-adv-heading6437_9c7a36-d9[data-kb-block=\"kb-adv-heading6437_9c7a36-d9\"]{font-style:normal;}.wp-block-kadence-advancedheading.kt-adv-heading6437_9c7a36-d9 mark.kt-highlight, .wp-block-kadence-advancedheading.kt-adv-heading6437_9c7a36-d9[data-kb-block=\"kb-adv-heading6437_9c7a36-d9\"] mark.kt-highlight{font-style:normal;color:#f76a0c;-webkit-box-decoration-break:clone;box-decoration-break:clone;padding-top:0px;padding-right:0px;padding-bottom:0px;padding-left:0px;}.wp-block-kadence-advancedheading.kt-adv-heading6437_9c7a36-d9 img.kb-inline-image, .wp-block-kadence-advancedheading.kt-adv-heading6437_9c7a36-d9[data-kb-block=\"kb-adv-heading6437_9c7a36-d9\"] img.kb-inline-image{width:150px;vertical-align:baseline;}<\/style>\n<h3 class=\"kt-adv-heading6437_9c7a36-d9 wp-block-kadence-advancedheading\" data-kb-block=\"kb-adv-heading6437_9c7a36-d9\">D\u00e9tails importants sur le sentier de la canop\u00e9e de Lipno<\/h3>\n\n<figure class=\"wp-block-table\"><table><tbody><tr><td>La gastronomie :<\/td><td>Bistro Kramec \u00e0 la fin du sentier.<\/td><\/tr><tr><td>les installations sanitaires:<\/td><td>Au Bistro Kramec.<\/td><\/tr><tr><td>Accessible aux personnes handicap\u00e9es :<\/td><td>\u00c0 l&rsquo;exception du dernier \u00e9tage, l&rsquo;ensemble du parcours est accessible aux personnes en fauteuil roulant.<\/td><\/tr><tr><td>Chiens admis:<\/td><td>Non, les chiens ne sont pas autoris\u00e9s. Des cages pour chiens sont disponibles \u00e0 l&rsquo;entr\u00e9e.<\/td><\/tr><tr><td>R\u00e9duction pour les groupes:<\/td><td>Oui, \u00e0 partir de 15 personnes.<\/td><\/tr><\/tbody><\/table><figcaption class=\"wp-element-caption\">D\u00e9tails du sentier de la canop\u00e9e de Lipno<\/figcaption><\/figure>\n\n<h2 class=\"wp-block-heading\">Horaires d\u2019ouverture 2026 du sentier du sommet des arbres de Lipno<\/h2>\n\n<figure class=\"wp-block-table\"><table class=\"has-fixed-layout\"><tbody><tr><td>Janvier, f\u00e9vrier :<\/td><td>10:00 \u00e0 16:00 \/ <br\/>17:00 \u2013 20:00 (sentier illumin\u00e9 \u00e0 la cime des arbres)<\/td><\/tr><tr><td>Mars :  <\/td><td>10 h 00 \u00e0 17 h 00<\/td><\/tr><tr><td>Avril, mai :<\/td><td>10 h 00 \u00e0 18 h 00<\/td><\/tr><tr><td>Juin, juillet, ao\u00fbt, septembre :<\/td><td>de 9h30 \u00e0 19h00<\/td><\/tr><tr><td>Octobre :<\/td><td>10 h 00 \u00e0 17 h 00<\/td><\/tr><tr><td>Novembre, d\u00e9cembre :<\/td><td>10 h 00 \u00e0 16 h 00<\/td><\/tr><\/tbody><\/table><figcaption class=\"wp-element-caption\">Heures d\u2019ouverture 2026 Lipno<\/figcaption><\/figure>\n\n<hr class=\"wp-block-separator has-alpha-channel-opacity\" style=\"margin-top:var(--wp--preset--spacing--50);margin-bottom:var(--wp--preset--spacing--50)\"\/>\n<style>.kadence-column6437_b340d1-b1 > .kt-inside-inner-col{display:flex;}.kadence-column6437_b340d1-b1 > .kt-inside-inner-col{padding-top:var(--global-kb-spacing-xs, 1rem);padding-right:var(--global-kb-spacing-xs, 1rem);padding-bottom:var(--global-kb-spacing-xs, 1rem);padding-left:var(--global-kb-spacing-xs, 1rem);}.kadence-column6437_b340d1-b1 > .kt-inside-inner-col{box-shadow:0px 0px 14px 0px rgba(0, 0, 0, 0.2);}.kadence-column6437_b340d1-b1 > .kt-inside-inner-col,.kadence-column6437_b340d1-b1 > .kt-inside-inner-col:before{border-top-left-radius:0px;border-top-right-radius:0px;border-bottom-right-radius:0px;border-bottom-left-radius:0px;}.kadence-column6437_b340d1-b1 > .kt-inside-inner-col{column-gap:var(--global-kb-gap-sm, 1rem);}.kadence-column6437_b340d1-b1 > .kt-inside-inner-col{flex-direction:column;align-items:center;}.kadence-column6437_b340d1-b1 > .kt-inside-inner-col > .kb-image-is-ratio-size{align-self:stretch;}.kadence-column6437_b340d1-b1 > .kt-inside-inner-col > .wp-block-kadence-advancedgallery{align-self:stretch;}.kadence-column6437_b340d1-b1 > .kt-inside-inner-col > .aligncenter{width:100%;}.kadence-column6437_b340d1-b1 > .kt-inside-inner-col{background-color:var(--global-palette8, #F7FAFC);}.kadence-column6437_b340d1-b1 > .kt-inside-inner-col:before{opacity:0.3;}.kadence-column6437_b340d1-b1{position:relative;}@media all and (max-width: 1024px){.kadence-column6437_b340d1-b1 > .kt-inside-inner-col{flex-direction:column;justify-content:center;align-items:center;}}@media all and (max-width: 767px){.kadence-column6437_b340d1-b1 > .kt-inside-inner-col{flex-direction:column;justify-content:center;align-items:center;}}<\/style>\n<div class=\"wp-block-kadence-column kadence-column6437_b340d1-b1\"><div class=\"kt-inside-inner-col\">\n<p class=\"has-text-align-center\">Que pensez-vous du sentier de la canop\u00e9e de Lipno ? Laissez-moi une \u00e9valuation, s\u2019il vous pla\u00eet.  <br\/>Vous nous aidez ainsi que d&rsquo;autres amoureux de la nature. Merci beaucoup \ud83d\ude42 ! <\/p>\n\n\n\n<div class=\"wp-block-yet-another-stars-rating-visitor-votes aligncenter yasr-vv-block\"><\/div>\n\n\n\n<p>Vous trouverez d&rsquo;autres aventures passionnantes dans notre <a href=\"https:\/\/walderlebnispfade.de\/fr\/experiences-en-foret\/\" data-type=\"page\" data-id=\"228\">recherche d&rsquo;exp\u00e9riences en for\u00eat<\/a> et dans notre <a href=\"https:\/\/walderlebnispfade.de\/fr\/sentiers-de-la-cime-des-arbres-en-europe\/\" data-type=\"post\" data-id=\"5843\">aper\u00e7u des parcours dans les arbres<\/a>!<\/p>\n<\/div><\/div>\n\n<hr class=\"wp-block-separator has-alpha-channel-opacity\" style=\"margin-top:var(--wp--preset--spacing--50);margin-bottom:var(--wp--preset--spacing--50)\"\/>\n\n<h2 class=\"wp-block-heading\">Vid\u00e9o du sentier de la canop\u00e9e de Lipno<\/h2>\n\n<figure class=\"wp-block-embed is-type-video is-provider-youtube wp-block-embed-youtube wp-embed-aspect-16-9 wp-has-aspect-ratio\"><div class=\"wp-block-embed__wrapper\">\n<iframe loading=\"lazy\" hcb-fetch-image-from=\"https:\/\/youtu.be\/FN6v3sl3LV4?si=LaG_Umcfdjz6-BPa\" title=\"Baumwipfelpfad Lipno - Stezka korunami strom\u016f Lipno\" width=\"720\" height=\"405\" src=\"https:\/\/www.youtube.com\/embed\/FN6v3sl3LV4?feature=oembed\" frameborder=\"0\" allow=\"accelerometer; autoplay; clipboard-write; encrypted-media; gyroscope; picture-in-picture; web-share\" referrerpolicy=\"strict-origin-when-cross-origin\" allowfullscreen><\/iframe>\n<\/div><\/figure>\n","protected":false},"author":2,"featured_media":6440,"comment_status":"open","ping_status":"closed","template":"","meta":{"_kad_blocks_custom_css":"","_kad_blocks_head_custom_js":"","_kad_blocks_body_custom_js":"","_kad_blocks_footer_custom_js":"","_kad_post_transparent":"","_kad_post_title":"","_kad_post_layout":"","_kad_post_sidebar_id":"","_kad_post_content_style":"","_kad_post_vertical_padding":"","_kad_post_feature":"","_kad_post_feature_position":"","_kad_post_header":false,"_kad_post_footer":false,"_kad_post_classname":"","yasr_overall_rating":0,"yasr_post_is_review":"","yasr_auto_insert_disabled":"","yasr_review_type":"LocalBusiness"},"region":[160],"erlebnisart":[172,175],"class_list":["post-6465","erlebnisse","type-erlebnisse","status-publish","has-post-thumbnail","hentry","region-tschechien-fr","erlebnisart-wandern-fr","erlebnisart-baumwipfelpfad-fr"],"yasr_visitor_votes":{"stars_attributes":{"read_only":false,"span_bottom":false},"number_of_votes":0,"sum_votes":0},"taxonomy_info":{"region":[{"value":160,"label":"Tschechien"}],"erlebnisart":[{"value":172,"label":"Randonn\u00e9e"},{"value":175,"label":"Sentier des Cimes"}]},"featured_image_src_large":["https:\/\/walderlebnispfade.de\/wp-content\/uploads\/2025\/02\/Baumwipfelpfad_Lipno-1024x576.jpg",1024,576,true],"author_info":{"display_name":"Moni","author_link":"https:\/\/walderlebnispfade.de\/fr\/author\/moni\/"},"comment_info":0,"_links":{"self":[{"href":"https:\/\/walderlebnispfade.de\/fr\/wp-json\/wp\/v2\/erlebnisse\/6465","targetHints":{"allow":["GET"]}}],"collection":[{"href":"https:\/\/walderlebnispfade.de\/fr\/wp-json\/wp\/v2\/erlebnisse"}],"about":[{"href":"https:\/\/walderlebnispfade.de\/fr\/wp-json\/wp\/v2\/types\/erlebnisse"}],"author":[{"embeddable":true,"href":"https:\/\/walderlebnispfade.de\/fr\/wp-json\/wp\/v2\/users\/2"}],"replies":[{"embeddable":true,"href":"https:\/\/walderlebnispfade.de\/fr\/wp-json\/wp\/v2\/comments?post=6465"}],"wp:featuredmedia":[{"embeddable":true,"href":"https:\/\/walderlebnispfade.de\/fr\/wp-json\/wp\/v2\/media\/6440"}],"wp:attachment":[{"href":"https:\/\/walderlebnispfade.de\/fr\/wp-json\/wp\/v2\/media?parent=6465"}],"wp:term":[{"taxonomy":"region","embeddable":true,"href":"https:\/\/walderlebnispfade.de\/fr\/wp-json\/wp\/v2\/region?post=6465"},{"taxonomy":"erlebnisart","embeddable":true,"href":"https:\/\/walderlebnispfade.de\/fr\/wp-json\/wp\/v2\/erlebnisart?post=6465"}],"curies":[{"name":"wp","href":"https:\/\/api.w.org\/{rel}","templated":true}]}}