{"id":6468,"date":"2025-02-06T22:46:22","date_gmt":"2025-02-06T21:46:22","guid":{"rendered":"https:\/\/walderlebnispfade.de\/erlebnisse\/sommet-des-arbres-de-bachledka\/"},"modified":"2026-04-22T11:49:23","modified_gmt":"2026-04-22T09:49:23","slug":"sommet-des-arbres-de-bachledka","status":"publish","type":"erlebnisse","link":"https:\/\/walderlebnispfade.de\/fr\/erlebnisse\/sommet-des-arbres-de-bachledka\/","title":{"rendered":"Sommet des arbres de Bachledka"},"content":{"rendered":"<style>.wp-block-kadence-advancedheading.kt-adv-heading6451_93d3e1-7f, .wp-block-kadence-advancedheading.kt-adv-heading6451_93d3e1-7f[data-kb-block=\"kb-adv-heading6451_93d3e1-7f\"]{font-style:normal;}.wp-block-kadence-advancedheading.kt-adv-heading6451_93d3e1-7f mark.kt-highlight, .wp-block-kadence-advancedheading.kt-adv-heading6451_93d3e1-7f[data-kb-block=\"kb-adv-heading6451_93d3e1-7f\"] mark.kt-highlight{font-style:normal;color:#f76a0c;-webkit-box-decoration-break:clone;box-decoration-break:clone;padding-top:0px;padding-right:0px;padding-bottom:0px;padding-left:0px;}.wp-block-kadence-advancedheading.kt-adv-heading6451_93d3e1-7f img.kb-inline-image, .wp-block-kadence-advancedheading.kt-adv-heading6451_93d3e1-7f[data-kb-block=\"kb-adv-heading6451_93d3e1-7f\"] img.kb-inline-image{width:150px;vertical-align:baseline;}<\/style>\n<h2 class=\"kt-adv-heading6451_93d3e1-7f wp-block-kadence-advancedheading\" data-kb-block=\"kb-adv-heading6451_93d3e1-7f\">Sentier de la cime des arbres en Slovaquie<\/h2>\n\n<p>Le sentier de la cime des arbres de Bachledka se trouve au c\u0153ur des for\u00eats riches en esp\u00e8ces de la vall\u00e9e de Bachled. Apprenez \u00e0 conna\u00eetre les for\u00eats indig\u00e8nes et la nature unique de Spi\u0161sk\u00e1 Magura. Cette r\u00e9gion abrite de nombreux animaux et plantes que vous ne verrez que rarement ailleurs en Europe. Le sentier de la canop\u00e9e est ouvert tous les jours, sauf en cas de temp\u00eate ou de rafales de vent. Les billets ne peuvent \u00eatre achet\u00e9s que sur place.    <\/p>\n<style>.kb-table-of-content-nav.kb-table-of-content-id6451_913925-ca .kb-table-of-content-wrap{padding-top:var(--global-kb-spacing-sm, 1.5rem);padding-right:var(--global-kb-spacing-sm, 1.5rem);padding-bottom:var(--global-kb-spacing-sm, 1.5rem);padding-left:var(--global-kb-spacing-sm, 1.5rem);background-color:var(--global-palette8, #F7FAFC);box-shadow:inset 0px 0px 14px 0px rgba(0, 0, 0, 0.2);}.kb-table-of-content-nav.kb-table-of-content-id6451_913925-ca .kb-table-of-contents-title-wrap{padding-top:0px;padding-right:0px;padding-bottom:0px;padding-left:0px;}.kb-table-of-content-nav.kb-table-of-content-id6451_913925-ca .kb-table-of-contents-title{font-weight:regular;font-style:normal;}.kb-table-of-content-nav.kb-table-of-content-id6451_913925-ca .kb-table-of-content-wrap .kb-table-of-content-list{font-weight:regular;font-style:normal;margin-top:var(--global-kb-spacing-sm, 1.5rem);margin-right:0px;margin-bottom:0px;margin-left:0px;}.kb-table-of-content-nav.kb-table-of-content-id6451_913925-ca .kb-toggle-icon-style-basiccircle .kb-table-of-contents-icon-trigger:after, .kb-table-of-content-nav.kb-table-of-content-id6451_913925-ca .kb-toggle-icon-style-basiccircle .kb-table-of-contents-icon-trigger:before, .kb-table-of-content-nav.kb-table-of-content-id6451_913925-ca .kb-toggle-icon-style-arrowcircle .kb-table-of-contents-icon-trigger:after, .kb-table-of-content-nav.kb-table-of-content-id6451_913925-ca .kb-toggle-icon-style-arrowcircle .kb-table-of-contents-icon-trigger:before, .kb-table-of-content-nav.kb-table-of-content-id6451_913925-ca .kb-toggle-icon-style-xclosecircle .kb-table-of-contents-icon-trigger:after, .kb-table-of-content-nav.kb-table-of-content-id6451_913925-ca .kb-toggle-icon-style-xclosecircle .kb-table-of-contents-icon-trigger:before{background-color:var(--global-palette8, #F7FAFC);}<\/style><style>.kb-row-layout-id6451_21b288-ed > .kt-row-column-wrap{align-content:start;}:where(.kb-row-layout-id6451_21b288-ed > .kt-row-column-wrap) > .wp-block-kadence-column{justify-content:start;}.kb-row-layout-id6451_21b288-ed > .kt-row-column-wrap{column-gap:var(--global-kb-gap-md, 2rem);row-gap:var(--global-kb-gap-md, 2rem);padding-top:var(--global-kb-spacing-sm, 1.5rem);padding-bottom:var(--global-kb-spacing-sm, 1.5rem);grid-template-columns:repeat(2, minmax(0, 1fr));}.kb-row-layout-id6451_21b288-ed > .kt-row-layout-overlay{opacity:0.30;}@media all and (max-width: 1024px){.kb-row-layout-id6451_21b288-ed > .kt-row-column-wrap{grid-template-columns:repeat(2, minmax(0, 1fr));}}@media all and (max-width: 767px){.kb-row-layout-id6451_21b288-ed > .kt-row-column-wrap{grid-template-columns:minmax(0, 1fr);}}<\/style><div class=\"kb-row-layout-wrap kb-row-layout-id6451_21b288-ed alignnone wp-block-kadence-rowlayout\"><div class=\"kt-row-column-wrap kt-has-2-columns kt-row-layout-equal kt-tab-layout-inherit kt-mobile-layout-row kt-row-valign-top\">\n<style>.kadence-column6451_e503ca-5e > .kt-inside-inner-col,.kadence-column6451_e503ca-5e > .kt-inside-inner-col:before{border-top-left-radius:0px;border-top-right-radius:0px;border-bottom-right-radius:0px;border-bottom-left-radius:0px;}.kadence-column6451_e503ca-5e > .kt-inside-inner-col{column-gap:var(--global-kb-gap-sm, 1rem);}.kadence-column6451_e503ca-5e > .kt-inside-inner-col{flex-direction:column;}.kadence-column6451_e503ca-5e > .kt-inside-inner-col > .aligncenter{width:100%;}.kadence-column6451_e503ca-5e > .kt-inside-inner-col:before{opacity:0.3;}.kadence-column6451_e503ca-5e{position:relative;}@media all and (max-width: 1024px){.kadence-column6451_e503ca-5e > .kt-inside-inner-col{flex-direction:column;justify-content:center;}}@media all and (max-width: 767px){.kadence-column6451_e503ca-5e > .kt-inside-inner-col{flex-direction:column;justify-content:center;}}<\/style>\n<div class=\"wp-block-kadence-column kadence-column6451_e503ca-5e\"><div class=\"kt-inside-inner-col\">\n<p>Le sentier, qui s&rsquo;\u00e9l\u00e8ve jusqu&rsquo;\u00e0 24 m\u00e8tres de hauteur, a une longueur totale de 1234 m\u00e8tres et offre des vues \u00e0 couper le souffle. Les visiteurs courageux peuvent s&rsquo;essayer \u00e0 l&rsquo;\u00e9quilibre sur des \u00e9l\u00e9ments branlants en hauteur \u00e0 diff\u00e9rentes stations d&rsquo;aventure du sentier des cimes.   <\/p>\n\n\n\n<p>Plusieurs stations d&rsquo;apprentissage int\u00e9ressantes vous permettent de d\u00e9couvrir la faune et la flore locales. Les petits visiteurs peuvent explorer de nombreuses images int\u00e9ressantes et amusantes. Au bout du sentier de la cime des arbres de Bachledka se trouve la tour d&rsquo;observation, haute de 32 m\u00e8tres, qui offre une vue impressionnante \u00e0 360 degr\u00e9s sur la plaine slovaque au sud des Tatras ainsi que sur la vo\u00efvodie de Petite-Pologne.  <\/p>\n<\/div><\/div>\n\n\n<style>.kadence-column6451_9de66d-85 > .kt-inside-inner-col,.kadence-column6451_9de66d-85 > .kt-inside-inner-col:before{border-top-left-radius:0px;border-top-right-radius:0px;border-bottom-right-radius:0px;border-bottom-left-radius:0px;}.kadence-column6451_9de66d-85 > .kt-inside-inner-col{column-gap:var(--global-kb-gap-sm, 1rem);}.kadence-column6451_9de66d-85 > .kt-inside-inner-col{flex-direction:column;}.kadence-column6451_9de66d-85 > .kt-inside-inner-col > .aligncenter{width:100%;}.kadence-column6451_9de66d-85 > .kt-inside-inner-col:before{opacity:0.3;}.kadence-column6451_9de66d-85{position:relative;}@media all and (max-width: 1024px){.kadence-column6451_9de66d-85 > .kt-inside-inner-col{flex-direction:column;justify-content:center;}}@media all and (max-width: 767px){.kadence-column6451_9de66d-85 > .kt-inside-inner-col{flex-direction:column;justify-content:center;}}<\/style>\n<div class=\"wp-block-kadence-column kadence-column6451_9de66d-85\"><div class=\"kt-inside-inner-col\"><style>.kb-image6451_0a98d6-d8 .kb-image-has-overlay:after{opacity:0.3;}<\/style>\n<figure class=\"wp-block-kadence-image kb-image6451_0a98d6-d8 size-full\"><img loading=\"lazy\" decoding=\"async\" width=\"1024\" height=\"576\" src=\"https:\/\/walderlebnispfade.de\/wp-content\/uploads\/2025\/02\/Bachledka_Aussicht.jpg\" alt=\"Aussicht vom Baumwipfelpfad Bachledka in der Slowakei\" class=\"kb-img wp-image-6452\" srcset=\"https:\/\/walderlebnispfade.de\/wp-content\/uploads\/2025\/02\/Bachledka_Aussicht.jpg 1024w, https:\/\/walderlebnispfade.de\/wp-content\/uploads\/2025\/02\/Bachledka_Aussicht-300x169.jpg 300w, https:\/\/walderlebnispfade.de\/wp-content\/uploads\/2025\/02\/Bachledka_Aussicht-768x432.jpg 768w\" sizes=\"auto, (max-width: 1024px) 100vw, 1024px\" \/><\/figure>\n<\/div><\/div>\n\n<\/div><\/div>\n<p>Pour \u00e9courter le retour en bas, les accros de l&rsquo;adr\u00e9naline peuvent s&rsquo;adonner \u00e0 leur plaisir personnel dans le toboggan en spirale d&rsquo;environ 60 m\u00e8tres de long. Le toboggan en spirale est ouvert toute l&rsquo;ann\u00e9e, m\u00eame en hiver. La derni\u00e8re descente a toujours lieu une heure avant la fermeture ! Il est adapt\u00e9 aux adultes et aux enfants de plus de 120 cm. Le prix d&rsquo;entr\u00e9e est de 2 \u20ac et ne peut \u00eatre pay\u00e9 qu&rsquo;\u00e0 l&rsquo;entr\u00e9e de l&rsquo;attraction, en esp\u00e8ces ou par carte de cr\u00e9dit.    <\/p>\n\n<p>Des parkings (P1 et P2) d&rsquo;une capacit\u00e9 de 1000 places se trouvent directement \u00e0 l&rsquo;int\u00e9rieur de BACHLEDKA Ski &amp; Sun Resort, \u00e0 proximit\u00e9 du sentier de la cime des arbres de Bachledka. Le parking (P3) se trouve sur la gauche en direction de \u017ddiar. Depuis le parking, il y a 1 km \u00e0 pied. Le tarif du parking est de 5 \u20ac\/jour\/voiture.   <\/p>\n<style>.kb-row-layout-id6451_ecdcc7-10 > .kt-row-column-wrap{align-content:start;}:where(.kb-row-layout-id6451_ecdcc7-10 > .kt-row-column-wrap) > .wp-block-kadence-column{justify-content:start;}.kb-row-layout-id6451_ecdcc7-10 > .kt-row-column-wrap{column-gap:var(--global-kb-gap-md, 2rem);row-gap:var(--global-kb-gap-md, 2rem);padding-top:var(--global-kb-spacing-sm, 1.5rem);padding-bottom:var(--global-kb-spacing-sm, 1.5rem);grid-template-columns:minmax(0, 1fr);}.kb-row-layout-id6451_ecdcc7-10 > .kt-row-layout-overlay{opacity:0.30;}@media all and (max-width: 1024px){.kb-row-layout-id6451_ecdcc7-10 > .kt-row-column-wrap{grid-template-columns:minmax(0, 1fr);}}@media all and (max-width: 767px){.kb-row-layout-id6451_ecdcc7-10 > .kt-row-column-wrap{grid-template-columns:minmax(0, 1fr);}}<\/style><div class=\"kb-row-layout-wrap kb-row-layout-id6451_ecdcc7-10 alignnone wp-block-kadence-rowlayout\"><div class=\"kt-row-column-wrap kt-has-1-columns kt-row-layout-equal kt-tab-layout-inherit kt-mobile-layout-row kt-row-valign-top\">\n<style>.kadence-column6451_f71b01-5b > .kt-inside-inner-col,.kadence-column6451_f71b01-5b > .kt-inside-inner-col:before{border-top-left-radius:0px;border-top-right-radius:0px;border-bottom-right-radius:0px;border-bottom-left-radius:0px;}.kadence-column6451_f71b01-5b > .kt-inside-inner-col{column-gap:var(--global-kb-gap-sm, 1rem);}.kadence-column6451_f71b01-5b > .kt-inside-inner-col{flex-direction:column;}.kadence-column6451_f71b01-5b > .kt-inside-inner-col > .aligncenter{width:100%;}.kadence-column6451_f71b01-5b > .kt-inside-inner-col:before{opacity:0.3;}.kadence-column6451_f71b01-5b{position:relative;}@media all and (max-width: 1024px){.kadence-column6451_f71b01-5b > .kt-inside-inner-col{flex-direction:column;justify-content:center;}}@media all and (max-width: 767px){.kadence-column6451_f71b01-5b > .kt-inside-inner-col{flex-direction:column;justify-content:center;}}<\/style>\n<div class=\"wp-block-kadence-column kadence-column6451_f71b01-5b\"><div class=\"kt-inside-inner-col\"><style>.wp-block-kadence-advancedheading.kt-adv-heading6451_9f023c-03, .wp-block-kadence-advancedheading.kt-adv-heading6451_9f023c-03[data-kb-block=\"kb-adv-heading6451_9f023c-03\"]{font-style:normal;}.wp-block-kadence-advancedheading.kt-adv-heading6451_9f023c-03 mark.kt-highlight, .wp-block-kadence-advancedheading.kt-adv-heading6451_9f023c-03[data-kb-block=\"kb-adv-heading6451_9f023c-03\"] mark.kt-highlight{font-style:normal;color:#f76a0c;-webkit-box-decoration-break:clone;box-decoration-break:clone;padding-top:0px;padding-right:0px;padding-bottom:0px;padding-left:0px;}.wp-block-kadence-advancedheading.kt-adv-heading6451_9f023c-03 img.kb-inline-image, .wp-block-kadence-advancedheading.kt-adv-heading6451_9f023c-03[data-kb-block=\"kb-adv-heading6451_9f023c-03\"] img.kb-inline-image{width:150px;vertical-align:baseline;}<\/style>\n<h3 class=\"kt-adv-heading6451_9f023c-03 wp-block-kadence-advancedheading\" data-kb-block=\"kb-adv-heading6451_9f023c-03\">D\u00e9tails importants sur le sentier de la canop\u00e9e de Bachledka<\/h3>\n\n\n\n<figure class=\"wp-block-table\"><table><tbody><tr><td>La gastronomie :<\/td><td><a href=\"https:\/\/bachledka.sk\/en\/panorama-restaurant\" target=\"_blank\" data-type=\"link\" data-id=\"https:\/\/bachledka.sk\/en\/panorama-restaurant\" rel=\"noreferrer noopener\">Restaurant PANORAMA Bachledka<\/a> situ\u00e9 juste \u00e0 c\u00f4t\u00e9 du sentier des cimes.<\/td><\/tr><tr><td>les installations sanitaires:<\/td><td>Au restaurant panoramique.<\/td><\/tr><tr><td>Accessible aux personnes handicap\u00e9es :<\/td><td>Le sentier de la canop\u00e9e est enti\u00e8rement accessible aux personnes \u00e0 mobilit\u00e9 r\u00e9duite.<\/td><\/tr><tr><td>Chiens admis:<\/td><td>Non, les chiens ne sont pas autoris\u00e9s. Des cages pour chiens sont disponibles \u00e0 l&rsquo;entr\u00e9e.<\/td><\/tr><tr><td>Visites guid\u00e9es:<\/td><td>Pendant la saison estivale, les visites ont lieu tous les jeudis.<\/td><\/tr><tr><td>R\u00e9duction pour les groupes:<\/td><td>Oui, \u00e0 partir de 15 personnes.<\/td><\/tr><\/tbody><\/table><figcaption class=\"wp-element-caption\">D\u00e9tails sur le sentier de la canop\u00e9e de Bachledka<\/figcaption><\/figure>\n<\/div><\/div>\n\n<\/div><\/div>\n<h3 class=\"wp-block-heading\">Horaires d&rsquo;ouverture 2026 du Sommet des arbres de Bachledka<\/h3>\n\n<figure class=\"wp-block-table\"><table class=\"has-fixed-layout\"><tbody><tr><td>Mai \u2013 juin :<\/td><td>de 9h00 \u00e0 17h00<\/td><\/tr><tr><td>Juillet \u2013 ao\u00fbt :<\/td><td>de 9h00 \u00e0 18h00<\/td><\/tr><tr><td>Septembre :  <\/td><td>de 9h00 \u00e0 17h00<\/td><\/tr><tr><td>Octobre \u2013 avril :<\/td><td>de 9h00 \u00e0 16h00<\/td><\/tr><\/tbody><\/table><figcaption class=\"wp-element-caption\">Heures d&rsquo;ouverture 2026 Sommet des arbres Bachledka<\/figcaption><\/figure>\n\n<hr class=\"wp-block-separator has-alpha-channel-opacity\" style=\"margin-top:var(--wp--preset--spacing--50);margin-bottom:var(--wp--preset--spacing--50)\"\/>\n<style>.kadence-column6451_a0e451-61 > .kt-inside-inner-col{display:flex;}.kadence-column6451_a0e451-61 > .kt-inside-inner-col{padding-top:var(--global-kb-spacing-xs, 1rem);padding-right:var(--global-kb-spacing-xs, 1rem);padding-bottom:var(--global-kb-spacing-xs, 1rem);padding-left:var(--global-kb-spacing-xs, 1rem);}.kadence-column6451_a0e451-61 > .kt-inside-inner-col{box-shadow:0px 0px 14px 0px rgba(0, 0, 0, 0.2);}.kadence-column6451_a0e451-61 > .kt-inside-inner-col,.kadence-column6451_a0e451-61 > .kt-inside-inner-col:before{border-top-left-radius:0px;border-top-right-radius:0px;border-bottom-right-radius:0px;border-bottom-left-radius:0px;}.kadence-column6451_a0e451-61 > .kt-inside-inner-col{column-gap:var(--global-kb-gap-sm, 1rem);}.kadence-column6451_a0e451-61 > .kt-inside-inner-col{flex-direction:column;align-items:center;}.kadence-column6451_a0e451-61 > .kt-inside-inner-col > .kb-image-is-ratio-size{align-self:stretch;}.kadence-column6451_a0e451-61 > .kt-inside-inner-col > .wp-block-kadence-advancedgallery{align-self:stretch;}.kadence-column6451_a0e451-61 > .kt-inside-inner-col > .aligncenter{width:100%;}.kadence-column6451_a0e451-61 > .kt-inside-inner-col{background-color:var(--global-palette8, #F7FAFC);}.kadence-column6451_a0e451-61 > .kt-inside-inner-col:before{opacity:0.3;}.kadence-column6451_a0e451-61{position:relative;}@media all and (max-width: 1024px){.kadence-column6451_a0e451-61 > .kt-inside-inner-col{flex-direction:column;justify-content:center;align-items:center;}}@media all and (max-width: 767px){.kadence-column6451_a0e451-61 > .kt-inside-inner-col{flex-direction:column;justify-content:center;align-items:center;}}<\/style>\n<div class=\"wp-block-kadence-column kadence-column6451_a0e451-61\"><div class=\"kt-inside-inner-col\">\n<p class=\"has-text-align-center\">Que pensez-vous du sentier de la canop\u00e9e de Bachledka ? Laissez-moi un avis, s&rsquo;il vous pla\u00eet. <br\/>Vous nous aidez ainsi que d&rsquo;autres amoureux de la nature. Merci beaucoup \ud83d\ude42 ! <\/p>\n\n\n\n<div class=\"wp-block-yet-another-stars-rating-visitor-votes aligncenter yasr-vv-block\"><\/div>\n\n\n\n<p>Vous trouverez d&rsquo;autres aventures passionnantes dans notre <a href=\"https:\/\/walderlebnispfade.de\/fr\/experiences-en-foret\/\" data-type=\"page\" data-id=\"228\">recherche d&rsquo;exp\u00e9riences en for\u00eat<\/a> et dans notre <a href=\"https:\/\/walderlebnispfade.de\/fr\/sentiers-de-la-cime-des-arbres-en-europe\/\" data-type=\"post\" data-id=\"5843\">aper\u00e7u des parcours dans les arbres<\/a>!<\/p>\n<\/div><\/div>\n\n<hr class=\"wp-block-separator has-alpha-channel-opacity\" style=\"margin-top:var(--wp--preset--spacing--50);margin-bottom:var(--wp--preset--spacing--50)\"\/>\n\n<h2 class=\"wp-block-heading\">Vid\u00e9o sur le sentier de la cime des arbres de Bachledka<\/h2>\n\n<figure class=\"wp-block-embed is-type-video is-provider-youtube wp-block-embed-youtube wp-embed-aspect-16-9 wp-has-aspect-ratio\"><div class=\"wp-block-embed__wrapper\">\n<iframe loading=\"lazy\" hcb-fetch-image-from=\"https:\/\/youtu.be\/cmMm7RCh-4U?si=cAfFcCdc20m61_UW\" title=\"Bachledka \u015acie\u017cka w Koronach Drzew S\u0142owacja \/ Chodn\u00edk korunami stromov 2024  -  4K\" width=\"720\" height=\"405\" src=\"https:\/\/www.youtube.com\/embed\/cmMm7RCh-4U?feature=oembed\" frameborder=\"0\" allow=\"accelerometer; autoplay; clipboard-write; encrypted-media; gyroscope; picture-in-picture; web-share\" referrerpolicy=\"strict-origin-when-cross-origin\" allowfullscreen><\/iframe>\n<\/div><\/figure>\n\n<p><\/p>\n","protected":false},"author":2,"featured_media":6458,"comment_status":"open","ping_status":"closed","template":"","meta":{"_kad_blocks_custom_css":"","_kad_blocks_head_custom_js":"","_kad_blocks_body_custom_js":"","_kad_blocks_footer_custom_js":"","_kad_post_transparent":"","_kad_post_title":"","_kad_post_layout":"","_kad_post_sidebar_id":"","_kad_post_content_style":"","_kad_post_vertical_padding":"","_kad_post_feature":"","_kad_post_feature_position":"","_kad_post_header":false,"_kad_post_footer":false,"_kad_post_classname":"","yasr_overall_rating":0,"yasr_post_is_review":"","yasr_auto_insert_disabled":"","yasr_review_type":"LocalBusiness"},"region":[163],"erlebnisart":[172,175],"class_list":["post-6468","erlebnisse","type-erlebnisse","status-publish","has-post-thumbnail","hentry","region-slowakei-fr","erlebnisart-wandern-fr","erlebnisart-baumwipfelpfad-fr"],"yasr_visitor_votes":{"stars_attributes":{"read_only":false,"span_bottom":false},"number_of_votes":1,"sum_votes":4},"taxonomy_info":{"region":[{"value":163,"label":"Slovaquie"}],"erlebnisart":[{"value":172,"label":"Randonn\u00e9e"},{"value":175,"label":"Sentier des Cimes"}]},"featured_image_src_large":["https:\/\/walderlebnispfade.de\/wp-content\/uploads\/2025\/02\/Baumwipfelpfad_Bachledka-1024x576.jpg",1024,576,true],"author_info":{"display_name":"Moni","author_link":"https:\/\/walderlebnispfade.de\/fr\/author\/moni\/"},"comment_info":0,"_links":{"self":[{"href":"https:\/\/walderlebnispfade.de\/fr\/wp-json\/wp\/v2\/erlebnisse\/6468","targetHints":{"allow":["GET"]}}],"collection":[{"href":"https:\/\/walderlebnispfade.de\/fr\/wp-json\/wp\/v2\/erlebnisse"}],"about":[{"href":"https:\/\/walderlebnispfade.de\/fr\/wp-json\/wp\/v2\/types\/erlebnisse"}],"author":[{"embeddable":true,"href":"https:\/\/walderlebnispfade.de\/fr\/wp-json\/wp\/v2\/users\/2"}],"replies":[{"embeddable":true,"href":"https:\/\/walderlebnispfade.de\/fr\/wp-json\/wp\/v2\/comments?post=6468"}],"wp:featuredmedia":[{"embeddable":true,"href":"https:\/\/walderlebnispfade.de\/fr\/wp-json\/wp\/v2\/media\/6458"}],"wp:attachment":[{"href":"https:\/\/walderlebnispfade.de\/fr\/wp-json\/wp\/v2\/media?parent=6468"}],"wp:term":[{"taxonomy":"region","embeddable":true,"href":"https:\/\/walderlebnispfade.de\/fr\/wp-json\/wp\/v2\/region?post=6468"},{"taxonomy":"erlebnisart","embeddable":true,"href":"https:\/\/walderlebnispfade.de\/fr\/wp-json\/wp\/v2\/erlebnisart?post=6468"}],"curies":[{"name":"wp","href":"https:\/\/api.w.org\/{rel}","templated":true}]}}