{"id":6471,"date":"2025-02-06T21:00:51","date_gmt":"2025-02-06T20:00:51","guid":{"rendered":"https:\/\/walderlebnispfade.de\/erlebnisse\/sentier-de-la-cime-des-arbres-krkonose\/"},"modified":"2026-04-22T11:49:49","modified_gmt":"2026-04-22T09:49:49","slug":"sentier-de-la-cime-des-arbres-krkonose","status":"publish","type":"erlebnisse","link":"https:\/\/walderlebnispfade.de\/fr\/erlebnisse\/sentier-de-la-cime-des-arbres-krkonose\/","title":{"rendered":"Sentier de la cime des arbres Krkono\u0161e"},"content":{"rendered":"<style>.wp-block-kadence-advancedheading.kt-adv-heading6419_0fee42-fd, .wp-block-kadence-advancedheading.kt-adv-heading6419_0fee42-fd[data-kb-block=\"kb-adv-heading6419_0fee42-fd\"]{font-style:normal;}.wp-block-kadence-advancedheading.kt-adv-heading6419_0fee42-fd mark.kt-highlight, .wp-block-kadence-advancedheading.kt-adv-heading6419_0fee42-fd[data-kb-block=\"kb-adv-heading6419_0fee42-fd\"] mark.kt-highlight{font-style:normal;color:#f76a0c;-webkit-box-decoration-break:clone;box-decoration-break:clone;padding-top:0px;padding-right:0px;padding-bottom:0px;padding-left:0px;}.wp-block-kadence-advancedheading.kt-adv-heading6419_0fee42-fd img.kb-inline-image, .wp-block-kadence-advancedheading.kt-adv-heading6419_0fee42-fd[data-kb-block=\"kb-adv-heading6419_0fee42-fd\"] img.kb-inline-image{width:150px;vertical-align:baseline;}<\/style>\n<h2 class=\"kt-adv-heading6419_0fee42-fd wp-block-kadence-advancedheading\" data-kb-block=\"kb-adv-heading6419_0fee42-fd\">Sentier de la cime des arbres dans les Monts des G\u00e9ants<\/h2>\n\n<p>Le sentier de la cime des arbres de Krkono\u0161e se trouve au c\u0153ur des for\u00eats du parc national des Monts des G\u00e9ants. Il montre ce qui rend unique la nature de la plus haute montagne de la R\u00e9publique tch\u00e8que avec son caract\u00e8re subalpin. Apprenez litt\u00e9ralement \u00e0 conna\u00eetre les magnifiques for\u00eats ici, des racines jusqu&rsquo;\u00e0 la cime des arbres. La vue \u00e0 45 m de hauteur est unique ! Vous ferez partie de la vie de la for\u00eat et d\u00e9couvrirez de nombreux animaux et plantes que vous ne trouverez nulle part ailleurs.    <\/p>\n<style>.kb-table-of-content-nav.kb-table-of-content-id6419_088461-89 .kb-table-of-content-wrap{padding-top:var(--global-kb-spacing-sm, 1.5rem);padding-right:var(--global-kb-spacing-sm, 1.5rem);padding-bottom:var(--global-kb-spacing-sm, 1.5rem);padding-left:var(--global-kb-spacing-sm, 1.5rem);background-color:var(--global-palette8, #F7FAFC);box-shadow:inset 0px 0px 14px 0px rgba(0, 0, 0, 0.2);}.kb-table-of-content-nav.kb-table-of-content-id6419_088461-89 .kb-table-of-contents-title-wrap{padding-top:0px;padding-right:0px;padding-bottom:0px;padding-left:0px;}.kb-table-of-content-nav.kb-table-of-content-id6419_088461-89 .kb-table-of-contents-title{font-weight:regular;font-style:normal;}.kb-table-of-content-nav.kb-table-of-content-id6419_088461-89 .kb-table-of-content-wrap .kb-table-of-content-list{font-weight:regular;font-style:normal;margin-top:var(--global-kb-spacing-sm, 1.5rem);margin-right:0px;margin-bottom:0px;margin-left:0px;}.kb-table-of-content-nav.kb-table-of-content-id6419_088461-89 .kb-toggle-icon-style-basiccircle .kb-table-of-contents-icon-trigger:after, .kb-table-of-content-nav.kb-table-of-content-id6419_088461-89 .kb-toggle-icon-style-basiccircle .kb-table-of-contents-icon-trigger:before, .kb-table-of-content-nav.kb-table-of-content-id6419_088461-89 .kb-toggle-icon-style-arrowcircle .kb-table-of-contents-icon-trigger:after, .kb-table-of-content-nav.kb-table-of-content-id6419_088461-89 .kb-toggle-icon-style-arrowcircle .kb-table-of-contents-icon-trigger:before, .kb-table-of-content-nav.kb-table-of-content-id6419_088461-89 .kb-toggle-icon-style-xclosecircle .kb-table-of-contents-icon-trigger:after, .kb-table-of-content-nav.kb-table-of-content-id6419_088461-89 .kb-toggle-icon-style-xclosecircle .kb-table-of-contents-icon-trigger:before{background-color:var(--global-palette8, #F7FAFC);}<\/style><style>.kb-row-layout-id6419_b51619-73 > .kt-row-column-wrap{align-content:start;}:where(.kb-row-layout-id6419_b51619-73 > .kt-row-column-wrap) > .wp-block-kadence-column{justify-content:start;}.kb-row-layout-id6419_b51619-73 > .kt-row-column-wrap{column-gap:var(--global-kb-gap-md, 2rem);row-gap:var(--global-kb-gap-md, 2rem);padding-top:var(--global-kb-spacing-sm, 1.5rem);padding-bottom:var(--global-kb-spacing-sm, 1.5rem);grid-template-columns:repeat(2, minmax(0, 1fr));}.kb-row-layout-id6419_b51619-73 > .kt-row-layout-overlay{opacity:0.30;}@media all and (max-width: 1024px){.kb-row-layout-id6419_b51619-73 > .kt-row-column-wrap{grid-template-columns:repeat(2, minmax(0, 1fr));}}@media all and (max-width: 767px){.kb-row-layout-id6419_b51619-73 > .kt-row-column-wrap{grid-template-columns:minmax(0, 1fr);}}<\/style><div class=\"kb-row-layout-wrap kb-row-layout-id6419_b51619-73 alignnone wp-block-kadence-rowlayout\"><div class=\"kt-row-column-wrap kt-has-2-columns kt-row-layout-equal kt-tab-layout-inherit kt-mobile-layout-row kt-row-valign-top\">\n<style>.kadence-column6419_556bae-10 > .kt-inside-inner-col,.kadence-column6419_556bae-10 > .kt-inside-inner-col:before{border-top-left-radius:0px;border-top-right-radius:0px;border-bottom-right-radius:0px;border-bottom-left-radius:0px;}.kadence-column6419_556bae-10 > .kt-inside-inner-col{column-gap:var(--global-kb-gap-sm, 1rem);}.kadence-column6419_556bae-10 > .kt-inside-inner-col{flex-direction:column;}.kadence-column6419_556bae-10 > .kt-inside-inner-col > .aligncenter{width:100%;}.kadence-column6419_556bae-10 > .kt-inside-inner-col:before{opacity:0.3;}.kadence-column6419_556bae-10{position:relative;}@media all and (max-width: 1024px){.kadence-column6419_556bae-10 > .kt-inside-inner-col{flex-direction:column;justify-content:center;}}@media all and (max-width: 767px){.kadence-column6419_556bae-10 > .kt-inside-inner-col{flex-direction:column;justify-content:center;}}<\/style>\n<div class=\"wp-block-kadence-column kadence-column6419_556bae-10\"><div class=\"kt-inside-inner-col\">\n<p>Les sentiers traversent les diff\u00e9rents \u00e9tages de la for\u00eat sans marches et donc avec peu d&rsquo;obstacles. Vous d\u00e9couvrirez ainsi les for\u00eats des Monts des G\u00e9ants, des racines jusqu&rsquo;aux cimes. Le long de la mont\u00e9e, il y a trois stations d&rsquo;aventure passionnantes qui conviennent aussi bien aux petits qu&rsquo;aux grands enfants.  <\/p>\n\n\n\n<p>Dans la grotte situ\u00e9e sous la tour d&rsquo;observation, vous apprendrez tout ce qui se passe dans la for\u00eat en dessous de la surface. Des racines majestueuses et des \u00eatres vivants minuscules attendent d&rsquo;\u00eatre d\u00e9couverts. L&rsquo;exposition interactive permet d&rsquo;acqu\u00e9rir des connaissances sur l&rsquo;\u00e9cosyst\u00e8me forestier de mani\u00e8re ludique.  <\/p>\n<\/div><\/div>\n\n\n<style>.kadence-column6419_82df80-a1 > .kt-inside-inner-col,.kadence-column6419_82df80-a1 > .kt-inside-inner-col:before{border-top-left-radius:0px;border-top-right-radius:0px;border-bottom-right-radius:0px;border-bottom-left-radius:0px;}.kadence-column6419_82df80-a1 > .kt-inside-inner-col{column-gap:var(--global-kb-gap-sm, 1rem);}.kadence-column6419_82df80-a1 > .kt-inside-inner-col{flex-direction:column;}.kadence-column6419_82df80-a1 > .kt-inside-inner-col > .aligncenter{width:100%;}.kadence-column6419_82df80-a1 > .kt-inside-inner-col:before{opacity:0.3;}.kadence-column6419_82df80-a1{position:relative;}@media all and (max-width: 1024px){.kadence-column6419_82df80-a1 > .kt-inside-inner-col{flex-direction:column;justify-content:center;}}@media all and (max-width: 767px){.kadence-column6419_82df80-a1 > .kt-inside-inner-col{flex-direction:column;justify-content:center;}}<\/style>\n<div class=\"wp-block-kadence-column kadence-column6419_82df80-a1\"><div class=\"kt-inside-inner-col\"><style>.kb-image6419_67f551-69 .kb-image-has-overlay:after{opacity:0.3;}<\/style>\n<figure class=\"wp-block-kadence-image kb-image6419_67f551-69 size-full\"><img loading=\"lazy\" decoding=\"async\" width=\"1024\" height=\"576\" src=\"https:\/\/walderlebnispfade.de\/wp-content\/uploads\/2025\/02\/Krkonose_Aussicht.jpg\" alt=\"Aussicht vom Baumfipfelpfad Krkonose im Riesengebirge in Tschechien\" class=\"kb-img wp-image-6426\" srcset=\"https:\/\/walderlebnispfade.de\/wp-content\/uploads\/2025\/02\/Krkonose_Aussicht.jpg 1024w, https:\/\/walderlebnispfade.de\/wp-content\/uploads\/2025\/02\/Krkonose_Aussicht-300x169.jpg 300w, https:\/\/walderlebnispfade.de\/wp-content\/uploads\/2025\/02\/Krkonose_Aussicht-768x432.jpg 768w\" sizes=\"auto, (max-width: 1024px) 100vw, 1024px\" \/><\/figure>\n<\/div><\/div>\n\n<\/div><\/div>\n<p>Pour ceux qui pr\u00e9f\u00e8rent l&rsquo;action, il est possible de descendre du sommet de la tour d&rsquo;observation par un toboggan tunnel de 80 m de long pour une mont\u00e9e d&rsquo;adr\u00e9naline unique. Pour les plus petits, une aire de jeux d&rsquo;aventure est disponible juste \u00e0 c\u00f4t\u00e9 du sentier des cimes de Krkono\u0161e. <\/p>\n\n<p>Il existe de nombreuses autres possibilit\u00e9s d&rsquo;excursions int\u00e9ressantes autour du sentier des cimes :<\/p>\n\n<ul class=\"wp-block-list\">\n<li>Mont\u00e9e en t\u00e9l\u00e9ph\u00e9rique \u00ab\u00a0\u010cernohorsk\u00fd<a href=\"https:\/\/leto.skiresort.cz\/en\/lanovky\/cernohorsky-express\/\" data-type=\"link\" data-id=\"https:\/\/leto.skiresort.cz\/en\/lanovky\/cernohorsky-express\/\" target=\"_blank\" rel=\"noopener\">Express<\/a>\u00a0\u00bb jusqu&rsquo;au sommet de \u010cern\u00e1 Hora<\/li>\n\n\n\n<li>Une randonn\u00e9e \u00e0 travers la tourbi\u00e8re de \u010cernohorsk\u00e1 jusqu&rsquo;\u00e0 Pec pod Sn\u011b\u017ekou  <\/li>\n\n\n\n<li>Bien-\u00eatre dans la station thermale mondialement connue de Jansk\u00e9 L\u00e1zn\u011b<\/li>\n<\/ul>\n<style>.kb-row-layout-id6419_ab2219-35 > .kt-row-column-wrap{align-content:start;}:where(.kb-row-layout-id6419_ab2219-35 > .kt-row-column-wrap) > .wp-block-kadence-column{justify-content:start;}.kb-row-layout-id6419_ab2219-35 > .kt-row-column-wrap{column-gap:var(--global-kb-gap-md, 2rem);row-gap:var(--global-kb-gap-md, 2rem);padding-top:var(--global-kb-spacing-sm, 1.5rem);padding-bottom:var(--global-kb-spacing-sm, 1.5rem);grid-template-columns:minmax(0, 1fr);}.kb-row-layout-id6419_ab2219-35 > .kt-row-layout-overlay{opacity:0.30;}@media all and (max-width: 1024px){.kb-row-layout-id6419_ab2219-35 > .kt-row-column-wrap{grid-template-columns:minmax(0, 1fr);}}@media all and (max-width: 767px){.kb-row-layout-id6419_ab2219-35 > .kt-row-column-wrap{grid-template-columns:minmax(0, 1fr);}}<\/style><div class=\"kb-row-layout-wrap kb-row-layout-id6419_ab2219-35 alignnone wp-block-kadence-rowlayout\"><div class=\"kt-row-column-wrap kt-has-1-columns kt-row-layout-equal kt-tab-layout-inherit kt-mobile-layout-row kt-row-valign-top\">\n<style>.kadence-column6419_6e5124-43 > .kt-inside-inner-col,.kadence-column6419_6e5124-43 > .kt-inside-inner-col:before{border-top-left-radius:0px;border-top-right-radius:0px;border-bottom-right-radius:0px;border-bottom-left-radius:0px;}.kadence-column6419_6e5124-43 > .kt-inside-inner-col{column-gap:var(--global-kb-gap-sm, 1rem);}.kadence-column6419_6e5124-43 > .kt-inside-inner-col{flex-direction:column;}.kadence-column6419_6e5124-43 > .kt-inside-inner-col > .aligncenter{width:100%;}.kadence-column6419_6e5124-43 > .kt-inside-inner-col:before{opacity:0.3;}.kadence-column6419_6e5124-43{position:relative;}@media all and (max-width: 1024px){.kadence-column6419_6e5124-43 > .kt-inside-inner-col{flex-direction:column;justify-content:center;}}@media all and (max-width: 767px){.kadence-column6419_6e5124-43 > .kt-inside-inner-col{flex-direction:column;justify-content:center;}}<\/style>\n<div class=\"wp-block-kadence-column kadence-column6419_6e5124-43\"><div class=\"kt-inside-inner-col\"><style>.wp-block-kadence-advancedheading.kt-adv-heading6419_4b12ed-73, .wp-block-kadence-advancedheading.kt-adv-heading6419_4b12ed-73[data-kb-block=\"kb-adv-heading6419_4b12ed-73\"]{font-style:normal;}.wp-block-kadence-advancedheading.kt-adv-heading6419_4b12ed-73 mark.kt-highlight, .wp-block-kadence-advancedheading.kt-adv-heading6419_4b12ed-73[data-kb-block=\"kb-adv-heading6419_4b12ed-73\"] mark.kt-highlight{font-style:normal;color:#f76a0c;-webkit-box-decoration-break:clone;box-decoration-break:clone;padding-top:0px;padding-right:0px;padding-bottom:0px;padding-left:0px;}.wp-block-kadence-advancedheading.kt-adv-heading6419_4b12ed-73 img.kb-inline-image, .wp-block-kadence-advancedheading.kt-adv-heading6419_4b12ed-73[data-kb-block=\"kb-adv-heading6419_4b12ed-73\"] img.kb-inline-image{width:150px;vertical-align:baseline;}<\/style>\n<h3 class=\"kt-adv-heading6419_4b12ed-73 wp-block-kadence-advancedheading\" data-kb-block=\"kb-adv-heading6419_4b12ed-73\">D\u00e9tails importants sur le sentier de la cime des arbres de Krkono\u0161e<\/h3>\n\n\n\n<figure class=\"wp-block-table\"><table><tbody><tr><td>La gastronomie :<\/td><td>Le b\u00e2timent principal abrite le restaurant self-service V Korun\u00e1ch (Restaurant dans les cimes).<\/td><\/tr><tr><td>les installations sanitaires:<\/td><td>Dans le b\u00e2timent principal au d\u00e9but du sentier.<\/td><\/tr><tr><td>Accessible aux personnes handicap\u00e9es :<\/td><td>Oui. Des places de parking r\u00e9serv\u00e9es aux personnes handicap\u00e9es, un acc\u00e8s pour les personnes handicap\u00e9es sont disponibles.<\/td><\/tr><tr><td>Chiens admis:<\/td><td>Non, les chiens ne sont pas autoris\u00e9s. Des cages pour chiens sont disponibles \u00e0 l&rsquo;entr\u00e9e.<\/td><\/tr><tr><td>Visites guid\u00e9es:<\/td><td>Pour les groupes \u00e0 partir de 15 personnes. S&rsquo;inscrire au pr\u00e9alable \u00e0 l&rsquo;adresse <a href=\"mailto:SKSK.pruvodci@krnap.cz\">SKSK.pruvodci@krnap.cz<\/a>. <\/td><\/tr><tr><td>R\u00e9duction pour les groupes:<\/td><td>Oui, \u00e0 partir de 15 personnes.<\/td><\/tr><\/tbody><\/table><figcaption class=\"wp-element-caption\">D\u00e9tails du sentier de la cime des arbres de Krkono\u0161e<\/figcaption><\/figure>\n<\/div><\/div>\n\n<\/div><\/div>\n<h3 class=\"wp-block-heading\">Horaires d&rsquo;ouverture 2026 du sentier des cimes Krkono\u0161e<\/h3>\n\n<figure class=\"wp-block-table\"><table class=\"has-fixed-layout\"><tbody><tr><td>janvier :<\/td><td>de 9h30 \u00e0 16h00<\/td><\/tr><tr><td>f\u00e9vrier (\u00e9v\u00e9nement Magie des lumi\u00e8res) :<\/td><td>de 9h30 \u00e0 20h30<\/td><\/tr><tr><td>Mars :  <\/td><td>de 9h30 \u00e0 17h00<\/td><\/tr><tr><td>Avril, mai :<\/td><td>de 9h30 \u00e0 18h00<\/td><\/tr><tr><td>Juin, juillet, ao\u00fbt, septembre :<\/td><td>de 9h30 \u00e0 19h00<\/td><\/tr><tr><td>Octobre :<\/td><td>de 9h30 \u00e0 17h00<\/td><\/tr><tr><td>Novembre, d\u00e9cembre :<\/td><td>de 9h30 \u00e0 16h00<\/td><\/tr><\/tbody><\/table><figcaption class=\"wp-element-caption\">Horaires d&rsquo;ouverture du sentier des cimes dans les Monts des G\u00e9ants<\/figcaption><\/figure>\n\n<hr class=\"wp-block-separator has-alpha-channel-opacity\" style=\"margin-top:var(--wp--preset--spacing--50);margin-bottom:var(--wp--preset--spacing--50)\"\/>\n<style>.kadence-column6419_1552b0-f3 > .kt-inside-inner-col{display:flex;}.kadence-column6419_1552b0-f3 > .kt-inside-inner-col{padding-top:var(--global-kb-spacing-xs, 1rem);padding-right:var(--global-kb-spacing-xs, 1rem);padding-bottom:var(--global-kb-spacing-xs, 1rem);padding-left:var(--global-kb-spacing-xs, 1rem);}.kadence-column6419_1552b0-f3 > .kt-inside-inner-col{box-shadow:0px 0px 14px 0px rgba(0, 0, 0, 0.2);}.kadence-column6419_1552b0-f3 > .kt-inside-inner-col,.kadence-column6419_1552b0-f3 > .kt-inside-inner-col:before{border-top-left-radius:0px;border-top-right-radius:0px;border-bottom-right-radius:0px;border-bottom-left-radius:0px;}.kadence-column6419_1552b0-f3 > .kt-inside-inner-col{column-gap:var(--global-kb-gap-sm, 1rem);}.kadence-column6419_1552b0-f3 > .kt-inside-inner-col{flex-direction:column;align-items:center;}.kadence-column6419_1552b0-f3 > .kt-inside-inner-col > .kb-image-is-ratio-size{align-self:stretch;}.kadence-column6419_1552b0-f3 > .kt-inside-inner-col > .wp-block-kadence-advancedgallery{align-self:stretch;}.kadence-column6419_1552b0-f3 > .kt-inside-inner-col > .aligncenter{width:100%;}.kadence-column6419_1552b0-f3 > .kt-inside-inner-col{background-color:var(--global-palette8, #F7FAFC);}.kadence-column6419_1552b0-f3 > .kt-inside-inner-col:before{opacity:0.3;}.kadence-column6419_1552b0-f3{position:relative;}@media all and (max-width: 1024px){.kadence-column6419_1552b0-f3 > .kt-inside-inner-col{flex-direction:column;justify-content:center;align-items:center;}}@media all and (max-width: 767px){.kadence-column6419_1552b0-f3 > .kt-inside-inner-col{flex-direction:column;justify-content:center;align-items:center;}}<\/style>\n<div class=\"wp-block-kadence-column kadence-column6419_1552b0-f3\"><div class=\"kt-inside-inner-col\">\n<p class=\"has-text-align-center\">Que pensez-vous du sentier des cimes Krkono\u0161e ? Laissez-moi un avis, s&rsquo;il vous pla\u00eet. <br\/>Vous nous aidez ainsi que d&rsquo;autres amoureux de la nature. Merci beaucoup \ud83d\ude42 ! <\/p>\n\n\n\n<div class=\"wp-block-yet-another-stars-rating-visitor-votes aligncenter yasr-vv-block\"><\/div>\n\n\n\n<p>Vous trouverez d&rsquo;autres aventures passionnantes dans notre <a href=\"https:\/\/walderlebnispfade.de\/fr\/experiences-en-foret\/\" data-type=\"page\" data-id=\"228\">recherche d&rsquo;exp\u00e9riences en for\u00eat<\/a> et dans notre <a href=\"https:\/\/walderlebnispfade.de\/fr\/sentiers-de-la-cime-des-arbres-en-europe\/\" data-type=\"post\" data-id=\"5843\">aper\u00e7u des parcours dans les arbres<\/a>!<\/p>\n<\/div><\/div>\n\n<hr class=\"wp-block-separator has-alpha-channel-opacity\" style=\"margin-top:var(--wp--preset--spacing--50);margin-bottom:var(--wp--preset--spacing--50)\"\/>\n\n<h2 class=\"wp-block-heading\">Vid\u00e9o du sentier \u00e0 la cime des arbres de Krkono\u0161e<\/h2>\n\n<figure class=\"wp-block-embed is-type-video is-provider-youtube wp-block-embed-youtube wp-embed-aspect-16-9 wp-has-aspect-ratio\"><div class=\"wp-block-embed__wrapper\">\n<iframe loading=\"lazy\" hcb-fetch-image-from=\"https:\/\/youtu.be\/2fT0aa4J8F0?si=GvuR3hW8UgSbqJix\" title=\"The Krkono\u0161e Tree Top Walk (Czech Republic) - Nov. 2020\" width=\"720\" height=\"405\" src=\"https:\/\/www.youtube.com\/embed\/2fT0aa4J8F0?feature=oembed\" frameborder=\"0\" allow=\"accelerometer; autoplay; clipboard-write; encrypted-media; gyroscope; picture-in-picture; web-share\" referrerpolicy=\"strict-origin-when-cross-origin\" allowfullscreen><\/iframe>\n<\/div><\/figure>\n","protected":false},"author":2,"featured_media":6424,"comment_status":"open","ping_status":"closed","template":"","meta":{"_kad_blocks_custom_css":"","_kad_blocks_head_custom_js":"","_kad_blocks_body_custom_js":"","_kad_blocks_footer_custom_js":"","_kad_post_transparent":"","_kad_post_title":"","_kad_post_layout":"","_kad_post_sidebar_id":"","_kad_post_content_style":"","_kad_post_vertical_padding":"","_kad_post_feature":"","_kad_post_feature_position":"","_kad_post_header":false,"_kad_post_footer":false,"_kad_post_classname":"","yasr_overall_rating":0,"yasr_post_is_review":"","yasr_auto_insert_disabled":"","yasr_review_type":"LocalBusiness"},"region":[160],"erlebnisart":[172,175],"class_list":["post-6471","erlebnisse","type-erlebnisse","status-publish","has-post-thumbnail","hentry","region-tschechien-fr","erlebnisart-wandern-fr","erlebnisart-baumwipfelpfad-fr"],"yasr_visitor_votes":{"stars_attributes":{"read_only":false,"span_bottom":false},"number_of_votes":0,"sum_votes":0},"taxonomy_info":{"region":[{"value":160,"label":"Tschechien"}],"erlebnisart":[{"value":172,"label":"Randonn\u00e9e"},{"value":175,"label":"Sentier des Cimes"}]},"featured_image_src_large":["https:\/\/walderlebnispfade.de\/wp-content\/uploads\/2025\/02\/Baumwipfelpfad_Krkonose-1024x576.jpg",1024,576,true],"author_info":{"display_name":"Moni","author_link":"https:\/\/walderlebnispfade.de\/fr\/author\/moni\/"},"comment_info":0,"_links":{"self":[{"href":"https:\/\/walderlebnispfade.de\/fr\/wp-json\/wp\/v2\/erlebnisse\/6471","targetHints":{"allow":["GET"]}}],"collection":[{"href":"https:\/\/walderlebnispfade.de\/fr\/wp-json\/wp\/v2\/erlebnisse"}],"about":[{"href":"https:\/\/walderlebnispfade.de\/fr\/wp-json\/wp\/v2\/types\/erlebnisse"}],"author":[{"embeddable":true,"href":"https:\/\/walderlebnispfade.de\/fr\/wp-json\/wp\/v2\/users\/2"}],"replies":[{"embeddable":true,"href":"https:\/\/walderlebnispfade.de\/fr\/wp-json\/wp\/v2\/comments?post=6471"}],"wp:featuredmedia":[{"embeddable":true,"href":"https:\/\/walderlebnispfade.de\/fr\/wp-json\/wp\/v2\/media\/6424"}],"wp:attachment":[{"href":"https:\/\/walderlebnispfade.de\/fr\/wp-json\/wp\/v2\/media?parent=6471"}],"wp:term":[{"taxonomy":"region","embeddable":true,"href":"https:\/\/walderlebnispfade.de\/fr\/wp-json\/wp\/v2\/region?post=6471"},{"taxonomy":"erlebnisart","embeddable":true,"href":"https:\/\/walderlebnispfade.de\/fr\/wp-json\/wp\/v2\/erlebnisart?post=6471"}],"curies":[{"name":"wp","href":"https:\/\/api.w.org\/{rel}","templated":true}]}}