{"id":6599,"date":"2025-02-18T22:45:25","date_gmt":"2025-02-18T21:45:25","guid":{"rendered":"https:\/\/walderlebnispfade.de\/erlebnisse\/sentier-des-cimes-du-neckertal\/"},"modified":"2026-04-22T11:49:10","modified_gmt":"2026-04-22T09:49:10","slug":"sentier-des-cimes-du-neckertal","status":"publish","type":"erlebnisse","link":"https:\/\/walderlebnispfade.de\/fr\/erlebnisse\/sentier-des-cimes-du-neckertal\/","title":{"rendered":"Sentier des cimes du Neckertal"},"content":{"rendered":"<style>.wp-block-kadence-advancedheading.kt-adv-heading6586_40d71c-c0, .wp-block-kadence-advancedheading.kt-adv-heading6586_40d71c-c0[data-kb-block=\"kb-adv-heading6586_40d71c-c0\"]{font-style:normal;}.wp-block-kadence-advancedheading.kt-adv-heading6586_40d71c-c0 mark.kt-highlight, .wp-block-kadence-advancedheading.kt-adv-heading6586_40d71c-c0[data-kb-block=\"kb-adv-heading6586_40d71c-c0\"] mark.kt-highlight{font-style:normal;color:#f76a0c;-webkit-box-decoration-break:clone;box-decoration-break:clone;padding-top:0px;padding-right:0px;padding-bottom:0px;padding-left:0px;}.wp-block-kadence-advancedheading.kt-adv-heading6586_40d71c-c0 img.kb-inline-image, .wp-block-kadence-advancedheading.kt-adv-heading6586_40d71c-c0[data-kb-block=\"kb-adv-heading6586_40d71c-c0\"] img.kb-inline-image{width:150px;vertical-align:baseline;}<\/style>\n<h2 class=\"kt-adv-heading6586_40d71c-c0 wp-block-kadence-advancedheading\" data-kb-block=\"kb-adv-heading6586_40d71c-c0\">Sentier des cimes en Suisse<\/h2>\n\n<p>Le sentier des cimes du Neckertal, unique en son genre, allie durabilit\u00e9 et exp\u00e9rience de la nature. \u00c0 hauteur des cimes des arbres, les secrets de la for\u00eat se laissent d\u00e9couvrir et la moiti\u00e9 du Toggenburg peut \u00eatre contempl\u00e9e. Par endroits, le sentier d\u00e9passe la hauteur r\u00e9elle des arbres de la for\u00eat et ouvre la vue sur le paysage au-dessus des arbres plus bas. Il est s\u00e9curis\u00e9 par une balustrade en acier des deux c\u00f4t\u00e9s avec une main courante en bois. Profitez d\u2019aper\u00e7us uniques sur la nature et de vues imprenables sur l\u2019ensemble du Neckertal. De plus, de nombreuses stations d\u2019aventure transmettent des connaissances sur la for\u00eat et ses habitants.     <\/p>\n<style>.kb-table-of-content-nav.kb-table-of-content-id6586_07ecf6-98 .kb-table-of-content-wrap{padding-top:var(--global-kb-spacing-sm, 1.5rem);padding-right:var(--global-kb-spacing-sm, 1.5rem);padding-bottom:var(--global-kb-spacing-sm, 1.5rem);padding-left:var(--global-kb-spacing-sm, 1.5rem);background-color:var(--global-palette8, #F7FAFC);box-shadow:inset 0px 0px 14px 0px rgba(0, 0, 0, 0.2);}.kb-table-of-content-nav.kb-table-of-content-id6586_07ecf6-98 .kb-table-of-contents-title-wrap{padding-top:0px;padding-right:0px;padding-bottom:0px;padding-left:0px;}.kb-table-of-content-nav.kb-table-of-content-id6586_07ecf6-98 .kb-table-of-contents-title{font-weight:regular;font-style:normal;}.kb-table-of-content-nav.kb-table-of-content-id6586_07ecf6-98 .kb-table-of-content-wrap .kb-table-of-content-list{font-weight:regular;font-style:normal;margin-top:var(--global-kb-spacing-sm, 1.5rem);margin-right:0px;margin-bottom:0px;margin-left:0px;}.kb-table-of-content-nav.kb-table-of-content-id6586_07ecf6-98 .kb-toggle-icon-style-basiccircle .kb-table-of-contents-icon-trigger:after, .kb-table-of-content-nav.kb-table-of-content-id6586_07ecf6-98 .kb-toggle-icon-style-basiccircle .kb-table-of-contents-icon-trigger:before, .kb-table-of-content-nav.kb-table-of-content-id6586_07ecf6-98 .kb-toggle-icon-style-arrowcircle .kb-table-of-contents-icon-trigger:after, .kb-table-of-content-nav.kb-table-of-content-id6586_07ecf6-98 .kb-toggle-icon-style-arrowcircle .kb-table-of-contents-icon-trigger:before, .kb-table-of-content-nav.kb-table-of-content-id6586_07ecf6-98 .kb-toggle-icon-style-xclosecircle .kb-table-of-contents-icon-trigger:after, .kb-table-of-content-nav.kb-table-of-content-id6586_07ecf6-98 .kb-toggle-icon-style-xclosecircle .kb-table-of-contents-icon-trigger:before{background-color:var(--global-palette8, #F7FAFC);}<\/style><style>.kb-row-layout-id6586_068477-59 > .kt-row-column-wrap{align-content:start;}:where(.kb-row-layout-id6586_068477-59 > .kt-row-column-wrap) > .wp-block-kadence-column{justify-content:start;}.kb-row-layout-id6586_068477-59 > .kt-row-column-wrap{column-gap:var(--global-kb-gap-md, 2rem);row-gap:var(--global-kb-gap-md, 2rem);padding-top:var(--global-kb-spacing-sm, 1.5rem);padding-bottom:var(--global-kb-spacing-sm, 1.5rem);grid-template-columns:repeat(2, minmax(0, 1fr));}.kb-row-layout-id6586_068477-59 > .kt-row-layout-overlay{opacity:0.30;}@media all and (max-width: 1024px){.kb-row-layout-id6586_068477-59 > .kt-row-column-wrap{grid-template-columns:repeat(2, minmax(0, 1fr));}}@media all and (max-width: 767px){.kb-row-layout-id6586_068477-59 > .kt-row-column-wrap{grid-template-columns:minmax(0, 1fr);}}<\/style><div class=\"kb-row-layout-wrap kb-row-layout-id6586_068477-59 alignnone wp-block-kadence-rowlayout\"><div class=\"kt-row-column-wrap kt-has-2-columns kt-row-layout-equal kt-tab-layout-inherit kt-mobile-layout-row kt-row-valign-top\">\n<style>.kadence-column6586_f12c33-49 > .kt-inside-inner-col,.kadence-column6586_f12c33-49 > .kt-inside-inner-col:before{border-top-left-radius:0px;border-top-right-radius:0px;border-bottom-right-radius:0px;border-bottom-left-radius:0px;}.kadence-column6586_f12c33-49 > .kt-inside-inner-col{column-gap:var(--global-kb-gap-sm, 1rem);}.kadence-column6586_f12c33-49 > .kt-inside-inner-col{flex-direction:column;}.kadence-column6586_f12c33-49 > .kt-inside-inner-col > .aligncenter{width:100%;}.kadence-column6586_f12c33-49 > .kt-inside-inner-col:before{opacity:0.3;}.kadence-column6586_f12c33-49{position:relative;}@media all and (max-width: 1024px){.kadence-column6586_f12c33-49 > .kt-inside-inner-col{flex-direction:column;justify-content:center;}}@media all and (max-width: 767px){.kadence-column6586_f12c33-49 > .kt-inside-inner-col{flex-direction:column;justify-content:center;}}<\/style>\n<div class=\"wp-block-kadence-column kadence-column6586_f12c33-49\"><div class=\"kt-inside-inner-col\">\n<p>40 stations d\u2019apprentissage et d\u2019aventure diff\u00e9rentes permettent d\u2019en apprendre beaucoup sur la for\u00eat et la nature. On peut non seulement lire, mais aussi tourner, go\u00fbter, \u00e9couter et toucher. Une partie des stations se trouve sur le sentier, la deuxi\u00e8me partie en bas sur le sentier de d\u00e9couverte de la for\u00eat.  <\/p>\n\n\n\n<p>Dans la for\u00eat, juste \u00e0 c\u00f4t\u00e9 du sentier, il y a une aire de jeux pour enfants avec une tyrolienne, des pistes de billes et des parcours d\u2019\u00e9quilibre. Rien n\u2019emp\u00eache donc une superbe excursion pour toute la famille. <\/p>\n<\/div><\/div>\n\n\n<style>.kadence-column6586_d5a615-a5 > .kt-inside-inner-col,.kadence-column6586_d5a615-a5 > .kt-inside-inner-col:before{border-top-left-radius:0px;border-top-right-radius:0px;border-bottom-right-radius:0px;border-bottom-left-radius:0px;}.kadence-column6586_d5a615-a5 > .kt-inside-inner-col{column-gap:var(--global-kb-gap-sm, 1rem);}.kadence-column6586_d5a615-a5 > .kt-inside-inner-col{flex-direction:column;}.kadence-column6586_d5a615-a5 > .kt-inside-inner-col > .aligncenter{width:100%;}.kadence-column6586_d5a615-a5 > .kt-inside-inner-col:before{opacity:0.3;}.kadence-column6586_d5a615-a5{position:relative;}@media all and (max-width: 1024px){.kadence-column6586_d5a615-a5 > .kt-inside-inner-col{flex-direction:column;justify-content:center;}}@media all and (max-width: 767px){.kadence-column6586_d5a615-a5 > .kt-inside-inner-col{flex-direction:column;justify-content:center;}}<\/style>\n<div class=\"wp-block-kadence-column kadence-column6586_d5a615-a5\"><div class=\"kt-inside-inner-col\"><style>.kb-image6586_37043d-95 .kb-image-has-overlay:after{opacity:0.3;}<\/style>\n<figure class=\"wp-block-kadence-image kb-image6586_37043d-95 size-full\"><img loading=\"lazy\" decoding=\"async\" width=\"1024\" height=\"576\" src=\"https:\/\/walderlebnispfade.de\/wp-content\/uploads\/2025\/02\/Neckertal_Aussicht.jpg\" alt=\"Aussicht auf die Baumkronen im Baumwipfelpfad Neckertal\" class=\"kb-img wp-image-6591\" srcset=\"https:\/\/walderlebnispfade.de\/wp-content\/uploads\/2025\/02\/Neckertal_Aussicht.jpg 1024w, https:\/\/walderlebnispfade.de\/wp-content\/uploads\/2025\/02\/Neckertal_Aussicht-300x169.jpg 300w, https:\/\/walderlebnispfade.de\/wp-content\/uploads\/2025\/02\/Neckertal_Aussicht-768x432.jpg 768w\" sizes=\"auto, (max-width: 1024px) 100vw, 1024px\" \/><\/figure>\n<\/div><\/div>\n\n<\/div><\/div>\n<p>Le sentier des cimes se trouve un peu en dehors de Mogelsberg. Depuis le village, il faut compter environ 15 minutes \u00e0 pied pour atteindre le sentier des cimes. Veuillez noter que l\u2019acc\u00e8s direct au sentier n\u2019est autoris\u00e9 aux personnes \u00e0 mobilit\u00e9 r\u00e9duite qu\u2019apr\u00e8s inscription pr\u00e9alable. Tous les autres doivent utiliser l\u2019un des trois parkings du village ou, mieux encore, venir en CFF. Les lignes S2 &amp; S4 St. Gallen-Wattwil s\u2019arr\u00eatent \u00e0 Mogelsberg. Le voyage de d\u00e9couverte commence \u00e0 la gare et m\u00e8ne, en passant par diff\u00e9rentes stations d\u2019aventure, jusqu\u2019au sentier. Le chemin \u00e0 pied depuis      <strong> <\/strong>Le trajet de la gare de Mogelsberg au sentier des cimes monte (100 m\u00e8tres de d\u00e9nivel\u00e9) \u00e0 travers la for\u00eat et dure environ 30 minutes. Pour les poussettes et les fauteuils roulants, un chemin alternatif passe par le village (environ 30 minutes \u00e9galement). <\/p>\n\n<h2 class=\"wp-block-heading\">D\u00e9tails importants sur le sentier de la canop\u00e9e du Neckertal<\/h2>\n\n<figure class=\"wp-block-table\"><table><tbody><tr><td>La gastronomie :<\/td><td>Maison de la cime juste \u00e0 c\u00f4t\u00e9 du sentier de la cime des arbres.<\/td><\/tr><tr><td>les installations sanitaires:<\/td><td>Dans la maison au sommet, toilettes pour handicap\u00e9s incluses. <\/td><\/tr><tr><td>Accessible aux personnes handicap\u00e9es :<\/td><td>Le sentier de la canop\u00e9e est enti\u00e8rement accessible aux personnes \u00e0 mobilit\u00e9 r\u00e9duite.<\/td><\/tr><tr><td>Chiens admis:<\/td><td>Non, les chiens ne sont pas autoris\u00e9s. Des cages pour chiens sont disponibles \u00e0 l&rsquo;entr\u00e9e.<\/td><\/tr><tr><td>Visites guid\u00e9es:<\/td><td>Il y a plusieurs <a href=\"https:\/\/baumwipfelpfad.ch\/de\/angebote-packages\/fuehrungen.html\" target=\"_blank\" data-type=\"link\" data-id=\"https:\/\/baumwipfelpfad.ch\/de\/angebote-packages\/fuehrungen.html\" rel=\"noreferrer noopener\">visites th\u00e9matiques<\/a> sur le sentier.<\/td><\/tr><tr><td>R\u00e9duction pour les groupes:<\/td><td>Oui, \u00e0 partir de 10 personnes.<\/td><\/tr><\/tbody><\/table><figcaption class=\"wp-element-caption\">D\u00e9tails sur le sentier des cimes du Neckertal \/ Suisse<\/figcaption><\/figure>\n\n<h3 class=\"wp-block-heading\">Heures d\u2019ouverture 2026 du sentier des cimes du Neckertal<\/h3>\n\n<figure class=\"wp-block-table\"><table class=\"has-fixed-layout\"><tbody><tr><td>De novembre \u00e0 mars :<\/td><td>10 h 00 \u00e0 16 h 00<br\/>(ferm\u00e9 le lundi et le mardi)<\/td><\/tr><tr><td>D&rsquo;avril \u00e0 octobre :<\/td><td>de 9h30 \u00e0 18h00<\/td><\/tr><\/tbody><\/table><figcaption class=\"wp-element-caption\">Heures d\u2019ouverture 2026 du sentier des cimes du Neckertal<\/figcaption><\/figure>\n\n<hr class=\"wp-block-separator has-alpha-channel-opacity\" style=\"margin-top:var(--wp--preset--spacing--50);margin-bottom:var(--wp--preset--spacing--50)\"\/>\n<style>.kadence-column6586_30dc0e-f7 > .kt-inside-inner-col{display:flex;}.kadence-column6586_30dc0e-f7 > .kt-inside-inner-col{padding-top:var(--global-kb-spacing-xs, 1rem);padding-right:var(--global-kb-spacing-xs, 1rem);padding-bottom:var(--global-kb-spacing-xs, 1rem);padding-left:var(--global-kb-spacing-xs, 1rem);}.kadence-column6586_30dc0e-f7 > .kt-inside-inner-col{box-shadow:0px 0px 14px 0px rgba(0, 0, 0, 0.2);}.kadence-column6586_30dc0e-f7 > .kt-inside-inner-col,.kadence-column6586_30dc0e-f7 > .kt-inside-inner-col:before{border-top-left-radius:0px;border-top-right-radius:0px;border-bottom-right-radius:0px;border-bottom-left-radius:0px;}.kadence-column6586_30dc0e-f7 > .kt-inside-inner-col{column-gap:var(--global-kb-gap-sm, 1rem);}.kadence-column6586_30dc0e-f7 > .kt-inside-inner-col{flex-direction:column;align-items:center;}.kadence-column6586_30dc0e-f7 > .kt-inside-inner-col > .kb-image-is-ratio-size{align-self:stretch;}.kadence-column6586_30dc0e-f7 > .kt-inside-inner-col > .wp-block-kadence-advancedgallery{align-self:stretch;}.kadence-column6586_30dc0e-f7 > .kt-inside-inner-col > .aligncenter{width:100%;}.kadence-column6586_30dc0e-f7 > .kt-inside-inner-col{background-color:var(--global-palette8, #F7FAFC);}.kadence-column6586_30dc0e-f7 > .kt-inside-inner-col:before{opacity:0.3;}.kadence-column6586_30dc0e-f7{position:relative;}@media all and (max-width: 1024px){.kadence-column6586_30dc0e-f7 > .kt-inside-inner-col{flex-direction:column;justify-content:center;align-items:center;}}@media all and (max-width: 767px){.kadence-column6586_30dc0e-f7 > .kt-inside-inner-col{flex-direction:column;justify-content:center;align-items:center;}}<\/style>\n<div class=\"wp-block-kadence-column kadence-column6586_30dc0e-f7\"><div class=\"kt-inside-inner-col\">\n<p class=\"has-text-align-center\">Comment trouves-tu le sentier des cimes du Neckertal ? Laisse-moi une \u00e9valuation, s\u2019il te pla\u00eet. <br\/>Vous nous aidez ainsi que d&rsquo;autres amoureux de la nature. Merci beaucoup \ud83d\ude42 ! <\/p>\n\n\n\n<div class=\"wp-block-yet-another-stars-rating-visitor-votes aligncenter yasr-vv-block\"><\/div>\n\n\n\n<p>Vous trouverez d&rsquo;autres aventures passionnantes dans notre <a href=\"https:\/\/walderlebnispfade.de\/fr\/experiences-en-foret\/\" data-type=\"page\" data-id=\"228\">recherche d&rsquo;exp\u00e9riences en for\u00eat<\/a> et dans notre <a href=\"https:\/\/walderlebnispfade.de\/fr\/sentiers-de-la-cime-des-arbres-en-europe\/\" data-type=\"post\" data-id=\"5843\">aper\u00e7u des parcours dans les arbres<\/a>!<\/p>\n<\/div><\/div>\n\n<hr class=\"wp-block-separator has-alpha-channel-opacity\" style=\"margin-top:var(--wp--preset--spacing--50);margin-bottom:var(--wp--preset--spacing--50)\"\/>\n\n<h3 class=\"wp-block-heading\">Vid\u00e9o sur la construction du sentier des cimes du Neckertal<\/h3>\n\n<figure class=\"wp-block-embed is-type-video is-provider-youtube wp-block-embed-youtube wp-embed-aspect-16-9 wp-has-aspect-ratio\"><div class=\"wp-block-embed__wrapper\">\n<iframe loading=\"lazy\" hcb-fetch-image-from=\"https:\/\/youtu.be\/wd7d1ZD-DH8?si=FoghINK3Q_6zTLDY\" title=\"Baumwipfelpfad Neckertal wird gebaut\" width=\"720\" height=\"405\" src=\"https:\/\/www.youtube.com\/embed\/wd7d1ZD-DH8?feature=oembed\" frameborder=\"0\" allow=\"accelerometer; autoplay; clipboard-write; encrypted-media; gyroscope; picture-in-picture; web-share\" referrerpolicy=\"strict-origin-when-cross-origin\" allowfullscreen><\/iframe>\n<\/div><\/figure>\n","protected":false},"author":2,"featured_media":6589,"comment_status":"open","ping_status":"closed","template":"","meta":{"_kad_blocks_custom_css":"","_kad_blocks_head_custom_js":"","_kad_blocks_body_custom_js":"","_kad_blocks_footer_custom_js":"","_kad_post_transparent":"","_kad_post_title":"","_kad_post_layout":"","_kad_post_sidebar_id":"","_kad_post_content_style":"","_kad_post_vertical_padding":"","_kad_post_feature":"","_kad_post_feature_position":"","_kad_post_header":false,"_kad_post_footer":false,"_kad_post_classname":"","yasr_overall_rating":0,"yasr_post_is_review":"","yasr_auto_insert_disabled":"","yasr_review_type":"LocalBusiness"},"region":[169],"erlebnisart":[172,175],"class_list":["post-6599","erlebnisse","type-erlebnisse","status-publish","has-post-thumbnail","hentry","region-schweiz-fr","erlebnisart-wandern-fr","erlebnisart-baumwipfelpfad-fr"],"yasr_visitor_votes":{"stars_attributes":{"read_only":false,"span_bottom":false},"number_of_votes":0,"sum_votes":0},"taxonomy_info":{"region":[{"value":169,"label":"Suisse"}],"erlebnisart":[{"value":172,"label":"Randonn\u00e9e"},{"value":175,"label":"Sentier des Cimes"}]},"featured_image_src_large":["https:\/\/walderlebnispfade.de\/wp-content\/uploads\/2025\/02\/Baumwipfelpfad_Neckertal-1024x576.jpg",1024,576,true],"author_info":{"display_name":"Moni","author_link":"https:\/\/walderlebnispfade.de\/fr\/author\/moni\/"},"comment_info":0,"_links":{"self":[{"href":"https:\/\/walderlebnispfade.de\/fr\/wp-json\/wp\/v2\/erlebnisse\/6599","targetHints":{"allow":["GET"]}}],"collection":[{"href":"https:\/\/walderlebnispfade.de\/fr\/wp-json\/wp\/v2\/erlebnisse"}],"about":[{"href":"https:\/\/walderlebnispfade.de\/fr\/wp-json\/wp\/v2\/types\/erlebnisse"}],"author":[{"embeddable":true,"href":"https:\/\/walderlebnispfade.de\/fr\/wp-json\/wp\/v2\/users\/2"}],"replies":[{"embeddable":true,"href":"https:\/\/walderlebnispfade.de\/fr\/wp-json\/wp\/v2\/comments?post=6599"}],"wp:featuredmedia":[{"embeddable":true,"href":"https:\/\/walderlebnispfade.de\/fr\/wp-json\/wp\/v2\/media\/6589"}],"wp:attachment":[{"href":"https:\/\/walderlebnispfade.de\/fr\/wp-json\/wp\/v2\/media?parent=6599"}],"wp:term":[{"taxonomy":"region","embeddable":true,"href":"https:\/\/walderlebnispfade.de\/fr\/wp-json\/wp\/v2\/region?post=6599"},{"taxonomy":"erlebnisart","embeddable":true,"href":"https:\/\/walderlebnispfade.de\/fr\/wp-json\/wp\/v2\/erlebnisart?post=6599"}],"curies":[{"name":"wp","href":"https:\/\/api.w.org\/{rel}","templated":true}]}}