{"id":6602,"date":"2025-02-18T21:49:06","date_gmt":"2025-02-18T20:49:06","guid":{"rendered":"https:\/\/walderlebnispfade.de\/erlebnisse\/sentier-de-la-cime-des-arbres-de-pohorje\/"},"modified":"2026-04-22T11:49:16","modified_gmt":"2026-04-22T09:49:16","slug":"sentier-de-la-cime-des-arbres-de-pohorje","status":"publish","type":"erlebnisse","link":"https:\/\/walderlebnispfade.de\/fr\/erlebnisse\/sentier-de-la-cime-des-arbres-de-pohorje\/","title":{"rendered":"Sentier de la cime des arbres de Pohorje"},"content":{"rendered":"<style>.wp-block-kadence-advancedheading.kt-adv-heading6572_1b9fe4-71, .wp-block-kadence-advancedheading.kt-adv-heading6572_1b9fe4-71[data-kb-block=\"kb-adv-heading6572_1b9fe4-71\"]{font-style:normal;}.wp-block-kadence-advancedheading.kt-adv-heading6572_1b9fe4-71 mark.kt-highlight, .wp-block-kadence-advancedheading.kt-adv-heading6572_1b9fe4-71[data-kb-block=\"kb-adv-heading6572_1b9fe4-71\"] mark.kt-highlight{font-style:normal;color:#f76a0c;-webkit-box-decoration-break:clone;box-decoration-break:clone;padding-top:0px;padding-right:0px;padding-bottom:0px;padding-left:0px;}.wp-block-kadence-advancedheading.kt-adv-heading6572_1b9fe4-71 img.kb-inline-image, .wp-block-kadence-advancedheading.kt-adv-heading6572_1b9fe4-71[data-kb-block=\"kb-adv-heading6572_1b9fe4-71\"] img.kb-inline-image{width:150px;vertical-align:baseline;}<\/style>\n<h2 class=\"kt-adv-heading6572_1b9fe4-71 wp-block-kadence-advancedheading\" data-kb-block=\"kb-adv-heading6572_1b9fe4-71\">Sentier des cimes en Slov\u00e9nie du Nord<\/h2>\n\n<p>Le sentier de la cime des arbres de Pohorje, accessible \u00e0 tous, est situ\u00e9 au sommet du mont Rogla, \u00e0 une altitude de 1 517 m\u00e8tres, au c\u0153ur du<strong> <\/strong>Pohorje dans le nord de la Slov\u00e9nie. Il se situe au sud-ouest de Maribor, dans les moyennes montagnes dens\u00e9ment bois\u00e9es du nord de la Slov\u00e9nie. L&rsquo;ensemble du sentier jusqu&rsquo;au  <strong> <\/strong>La tour d&rsquo;observation de 37 m\u00e8tres de haut, de forme hexagonale, est longue d&rsquo;environ un kilom\u00e8tre et comprend plusieurs stations de d\u00e9couverte. La pente maximale est de 6%. <strong> <\/strong>et est donc accessible aux personnes en fauteuil roulant ou aux familles avec des poussettes. \u00c0 l&rsquo;int\u00e9rieur de la tour d&rsquo;observation se trouve un toboggan de 62 m\u00e8tres de long. Par beau temps, vous pouvez admirer la vue jusqu&rsquo;aux Alpes de Stainer.  <\/p>\n<style>.kb-table-of-content-nav.kb-table-of-content-id6572_2bdb03-fe .kb-table-of-content-wrap{padding-top:var(--global-kb-spacing-sm, 1.5rem);padding-right:var(--global-kb-spacing-sm, 1.5rem);padding-bottom:var(--global-kb-spacing-sm, 1.5rem);padding-left:var(--global-kb-spacing-sm, 1.5rem);background-color:var(--global-palette8, #F7FAFC);box-shadow:inset 0px 0px 14px 0px rgba(0, 0, 0, 0.2);}.kb-table-of-content-nav.kb-table-of-content-id6572_2bdb03-fe .kb-table-of-contents-title-wrap{padding-top:0px;padding-right:0px;padding-bottom:0px;padding-left:0px;}.kb-table-of-content-nav.kb-table-of-content-id6572_2bdb03-fe .kb-table-of-contents-title{font-weight:regular;font-style:normal;}.kb-table-of-content-nav.kb-table-of-content-id6572_2bdb03-fe .kb-table-of-content-wrap .kb-table-of-content-list{font-weight:regular;font-style:normal;margin-top:var(--global-kb-spacing-sm, 1.5rem);margin-right:0px;margin-bottom:0px;margin-left:0px;}.kb-table-of-content-nav.kb-table-of-content-id6572_2bdb03-fe .kb-toggle-icon-style-basiccircle .kb-table-of-contents-icon-trigger:after, .kb-table-of-content-nav.kb-table-of-content-id6572_2bdb03-fe .kb-toggle-icon-style-basiccircle .kb-table-of-contents-icon-trigger:before, .kb-table-of-content-nav.kb-table-of-content-id6572_2bdb03-fe .kb-toggle-icon-style-arrowcircle .kb-table-of-contents-icon-trigger:after, .kb-table-of-content-nav.kb-table-of-content-id6572_2bdb03-fe .kb-toggle-icon-style-arrowcircle .kb-table-of-contents-icon-trigger:before, .kb-table-of-content-nav.kb-table-of-content-id6572_2bdb03-fe .kb-toggle-icon-style-xclosecircle .kb-table-of-contents-icon-trigger:after, .kb-table-of-content-nav.kb-table-of-content-id6572_2bdb03-fe .kb-toggle-icon-style-xclosecircle .kb-table-of-contents-icon-trigger:before{background-color:var(--global-palette8, #F7FAFC);}<\/style>\n<p>Gr\u00e2ce \u00e0 plusieurs stations d&rsquo;exp\u00e9rience dans le sentier de la cime des arbres de Pohorje, qui ouvrira ses portes en 2019, vous apprendrez des d\u00e9tails sur les processus naturels dans la for\u00eat, comment la prot\u00e9ger et ce dont la for\u00eat et ses habitants ont besoin pour vivre et prosp\u00e9rer. Vous pouvez acheter vos billets en ligne <a href=\"https:\/\/shop-pohorje.treetop-walks.com\/de\/\" data-type=\"link\" data-id=\"https:\/\/shop-pohorje.treetop-walks.com\/de\/\" target=\"_blank\" rel=\"noreferrer noopener\">ici<\/a> ou \u00e0 la caisse juste avant d&rsquo;entrer sur le parcours. Vous pouvez payer en esp\u00e8ces, par carte bancaire ou par carte de cr\u00e9dit.  <\/p>\n\n<p>Pour acc\u00e9der au sentier de la canop\u00e9e en voiture, quittez l&rsquo;autoroute \u00e0 la sortie Slovenske Konjice et suivez les panneaux sur environ 25 km jusqu&rsquo;\u00e0 Rogla. L\u00e0, il y a suffisamment de places de parking gratuites. Il y a bien s\u00fbr des places de parking r\u00e9serv\u00e9es aux personnes handicap\u00e9es juste devant l&rsquo;entr\u00e9e du sentier.  <\/p>\n<style>.kb-row-layout-id6572_7af371-7f > .kt-row-column-wrap{align-content:start;}:where(.kb-row-layout-id6572_7af371-7f > .kt-row-column-wrap) > .wp-block-kadence-column{justify-content:start;}.kb-row-layout-id6572_7af371-7f > .kt-row-column-wrap{column-gap:var(--global-kb-gap-md, 2rem);row-gap:var(--global-kb-gap-md, 2rem);padding-top:var(--global-kb-spacing-sm, 1.5rem);padding-bottom:var(--global-kb-spacing-sm, 1.5rem);grid-template-columns:repeat(2, minmax(0, 1fr));}.kb-row-layout-id6572_7af371-7f > .kt-row-layout-overlay{opacity:0.30;}@media all and (max-width: 1024px){.kb-row-layout-id6572_7af371-7f > .kt-row-column-wrap{grid-template-columns:repeat(2, minmax(0, 1fr));}}@media all and (max-width: 767px){.kb-row-layout-id6572_7af371-7f > .kt-row-column-wrap{grid-template-columns:minmax(0, 1fr);}}<\/style><div class=\"kb-row-layout-wrap kb-row-layout-id6572_7af371-7f alignnone wp-block-kadence-rowlayout\"><div class=\"kt-row-column-wrap kt-has-2-columns kt-row-layout-equal kt-tab-layout-inherit kt-mobile-layout-row kt-row-valign-top\">\n<style>.kadence-column6572_d2aaed-48 > .kt-inside-inner-col,.kadence-column6572_d2aaed-48 > .kt-inside-inner-col:before{border-top-left-radius:0px;border-top-right-radius:0px;border-bottom-right-radius:0px;border-bottom-left-radius:0px;}.kadence-column6572_d2aaed-48 > .kt-inside-inner-col{column-gap:var(--global-kb-gap-sm, 1rem);}.kadence-column6572_d2aaed-48 > .kt-inside-inner-col{flex-direction:column;}.kadence-column6572_d2aaed-48 > .kt-inside-inner-col > .aligncenter{width:100%;}.kadence-column6572_d2aaed-48 > .kt-inside-inner-col:before{opacity:0.3;}.kadence-column6572_d2aaed-48{position:relative;}@media all and (max-width: 1024px){.kadence-column6572_d2aaed-48 > .kt-inside-inner-col{flex-direction:column;justify-content:center;}}@media all and (max-width: 767px){.kadence-column6572_d2aaed-48 > .kt-inside-inner-col{flex-direction:column;justify-content:center;}}<\/style>\n<div class=\"wp-block-kadence-column kadence-column6572_d2aaed-48\"><div class=\"kt-inside-inner-col\">\n<h2 class=\"wp-block-heading\">Faits sur le sentier \u00e0 la cime des arbres de Pohorje :  <\/h2>\n\n\n\n<ul class=\"wp-block-list\">\n<li>Longueur totale : 1 043 m\u00e8tres<\/li>\n\n\n\n<li>Hauteur de la tour : 37 m\u00e8tres<\/li>\n\n\n\n<li>Toboggan en tunnel : 60m<\/li>\n\n\n\n<li>Hauteur du chemin : jusqu&rsquo;\u00e0 20 m\u00e8tres<\/li>\n\n\n\n<li>Pente maximale : 6 <\/li>\n\n\n\n<li>Altitude : environ 1500 m \u00fcNN<\/li>\n<\/ul>\n<\/div><\/div>\n\n\n<style>.kadence-column6572_e987c8-d8 > .kt-inside-inner-col,.kadence-column6572_e987c8-d8 > .kt-inside-inner-col:before{border-top-left-radius:0px;border-top-right-radius:0px;border-bottom-right-radius:0px;border-bottom-left-radius:0px;}.kadence-column6572_e987c8-d8 > .kt-inside-inner-col{column-gap:var(--global-kb-gap-sm, 1rem);}.kadence-column6572_e987c8-d8 > .kt-inside-inner-col{flex-direction:column;}.kadence-column6572_e987c8-d8 > .kt-inside-inner-col > .aligncenter{width:100%;}.kadence-column6572_e987c8-d8 > .kt-inside-inner-col:before{opacity:0.3;}.kadence-column6572_e987c8-d8{position:relative;}@media all and (max-width: 1024px){.kadence-column6572_e987c8-d8 > .kt-inside-inner-col{flex-direction:column;justify-content:center;}}@media all and (max-width: 767px){.kadence-column6572_e987c8-d8 > .kt-inside-inner-col{flex-direction:column;justify-content:center;}}<\/style>\n<div class=\"wp-block-kadence-column kadence-column6572_e987c8-d8\"><div class=\"kt-inside-inner-col\"><style>.kb-image6572_bd4a6e-25 .kb-image-has-overlay:after{opacity:0.3;}<\/style>\n<figure class=\"wp-block-kadence-image kb-image6572_bd4a6e-25 size-full\"><img loading=\"lazy\" decoding=\"async\" width=\"1024\" height=\"576\" src=\"https:\/\/walderlebnispfade.de\/wp-content\/uploads\/2025\/02\/Pohorje_Aussicht.jpg\" alt=\"Aussicht im Baumwipfelpfad Pohorje\" class=\"kb-img wp-image-6577\" srcset=\"https:\/\/walderlebnispfade.de\/wp-content\/uploads\/2025\/02\/Pohorje_Aussicht.jpg 1024w, https:\/\/walderlebnispfade.de\/wp-content\/uploads\/2025\/02\/Pohorje_Aussicht-300x169.jpg 300w, https:\/\/walderlebnispfade.de\/wp-content\/uploads\/2025\/02\/Pohorje_Aussicht-768x432.jpg 768w\" sizes=\"auto, (max-width: 1024px) 100vw, 1024px\" \/><\/figure>\n<\/div><\/div>\n\n<\/div><\/div>\n<figure class=\"wp-block-table\"><table><tbody><tr><td>La gastronomie :<\/td><td>\u00c0 proximit\u00e9, vous trouverez le Ko\u010da \u00ab\u00a0Kaj\u017ea\u00a0\u00bb (30m) et l&rsquo;h\u00f4tel Natura (200m) avec un restaurant.<\/td><\/tr><tr><td>les installations sanitaires:<\/td><td>Il y a des toilettes devant l&rsquo;entr\u00e9e, sur le c\u00f4t\u00e9 droit du b\u00e2timent,<\/td><\/tr><tr><td>Accessible aux personnes handicap\u00e9es :<\/td><td>Le sentier et la tour d&rsquo;observation sont con\u00e7us pour \u00eatre accessibles \u00e0 tous.<\/td><\/tr><tr><td>Chiens admis:<\/td><td>Non, les chiens ne sont pas autoris\u00e9s.  <\/td><\/tr><tr><td>R\u00e9duction pour les groupes:<\/td><td>Oui, \u00e0 partir de 15 personnes.<\/td><\/tr><\/tbody><\/table><figcaption class=\"wp-element-caption\">D\u00e9tails du sentier de la cime des arbres de Pohorje<\/figcaption><\/figure>\n\n<h3 class=\"wp-block-heading\">Heures d&rsquo;ouverture 2026 du sentier des cimes Pohorje<\/h3>\n\n<figure class=\"wp-block-table\"><table class=\"has-fixed-layout\"><tbody><tr><td>janvier :<\/td><td>10 h 00 \u00e0 16 h 00<\/td><\/tr><tr><td>F\u00e9vrier (avec la magie des lumi\u00e8res) :<\/td><td>10:00 \u00e0 20:00 heures<\/td><\/tr><tr><td>Mars :<\/td><td>10 h 00 \u00e0 17 h 00<\/td><\/tr><tr><td>Avril, mai :<\/td><td>10 h 00 \u00e0 18 h 00<\/td><\/tr><tr><td>De juin \u00e0 septembre :<\/td><td>de 9h30 \u00e0 19h00<\/td><\/tr><tr><td>Octobre :<\/td><td>10 h 00 \u00e0 18 h 00<\/td><\/tr><tr><td>Novembre \u2013 d\u00e9cembre :<\/td><td>10 h 00 \u00e0 16 h 00<\/td><\/tr><\/tbody><\/table><figcaption class=\"wp-element-caption\">Heures d&rsquo;ouverture 2026 Sommet des arbres Pohorje<\/figcaption><\/figure>\n\n<hr class=\"wp-block-separator has-alpha-channel-opacity\" style=\"margin-top:var(--wp--preset--spacing--50);margin-bottom:var(--wp--preset--spacing--50)\"\/>\n<style>.kadence-column6572_b5a59b-9e > .kt-inside-inner-col{display:flex;}.kadence-column6572_b5a59b-9e > .kt-inside-inner-col{padding-top:var(--global-kb-spacing-xs, 1rem);padding-right:var(--global-kb-spacing-xs, 1rem);padding-bottom:var(--global-kb-spacing-xs, 1rem);padding-left:var(--global-kb-spacing-xs, 1rem);}.kadence-column6572_b5a59b-9e > .kt-inside-inner-col{box-shadow:0px 0px 14px 0px rgba(0, 0, 0, 0.2);}.kadence-column6572_b5a59b-9e > .kt-inside-inner-col,.kadence-column6572_b5a59b-9e > .kt-inside-inner-col:before{border-top-left-radius:0px;border-top-right-radius:0px;border-bottom-right-radius:0px;border-bottom-left-radius:0px;}.kadence-column6572_b5a59b-9e > .kt-inside-inner-col{column-gap:var(--global-kb-gap-sm, 1rem);}.kadence-column6572_b5a59b-9e > .kt-inside-inner-col{flex-direction:column;align-items:center;}.kadence-column6572_b5a59b-9e > .kt-inside-inner-col > .kb-image-is-ratio-size{align-self:stretch;}.kadence-column6572_b5a59b-9e > .kt-inside-inner-col > .wp-block-kadence-advancedgallery{align-self:stretch;}.kadence-column6572_b5a59b-9e > .kt-inside-inner-col > .aligncenter{width:100%;}.kadence-column6572_b5a59b-9e > .kt-inside-inner-col{background-color:var(--global-palette8, #F7FAFC);}.kadence-column6572_b5a59b-9e > .kt-inside-inner-col:before{opacity:0.3;}.kadence-column6572_b5a59b-9e{position:relative;}@media all and (max-width: 1024px){.kadence-column6572_b5a59b-9e > .kt-inside-inner-col{flex-direction:column;justify-content:center;align-items:center;}}@media all and (max-width: 767px){.kadence-column6572_b5a59b-9e > .kt-inside-inner-col{flex-direction:column;justify-content:center;align-items:center;}}<\/style>\n<div class=\"wp-block-kadence-column kadence-column6572_b5a59b-9e\"><div class=\"kt-inside-inner-col\">\n<p class=\"has-text-align-center\">Que pensez-vous du sentier de la cime des arbres de Pohorje ? N&rsquo;h\u00e9sitez pas \u00e0 laisser un avis. <br\/>Vous nous aidez ainsi que d&rsquo;autres amoureux de la nature. Merci beaucoup \ud83d\ude42 ! <\/p>\n\n\n\n<div class=\"wp-block-yet-another-stars-rating-visitor-votes aligncenter yasr-vv-block\"><\/div>\n\n\n\n<p>Vous trouverez d&rsquo;autres aventures passionnantes dans notre <a href=\"https:\/\/walderlebnispfade.de\/fr\/experiences-en-foret\/\" data-type=\"page\" data-id=\"228\">recherche d&rsquo;exp\u00e9riences en for\u00eat<\/a> et dans notre <a href=\"https:\/\/walderlebnispfade.de\/fr\/sentiers-de-la-cime-des-arbres-en-europe\/\" data-type=\"post\" data-id=\"5843\">aper\u00e7u des parcours dans les arbres<\/a>!<\/p>\n<\/div><\/div>\n\n<hr class=\"wp-block-separator has-alpha-channel-opacity\" style=\"margin-top:var(--wp--preset--spacing--50);margin-bottom:var(--wp--preset--spacing--50)\"\/>\n\n<h2 class=\"wp-block-heading\">Vid\u00e9o du sentier \u00e0 la cime des arbres de Pohorje<\/h2>\n\n<figure class=\"wp-block-embed is-type-video is-provider-youtube wp-block-embed-youtube wp-embed-aspect-16-9 wp-has-aspect-ratio\"><div class=\"wp-block-embed__wrapper\">\n<iframe loading=\"lazy\" hcb-fetch-image-from=\"https:\/\/youtu.be\/_UhmI3KNv8w?si=iDhNxl8QIZ0NVypu\" title=\"The Tree Top Walk in Rogla, Slovenia\" width=\"720\" height=\"405\" src=\"https:\/\/www.youtube.com\/embed\/_UhmI3KNv8w?feature=oembed\" frameborder=\"0\" allow=\"accelerometer; autoplay; clipboard-write; encrypted-media; gyroscope; picture-in-picture; web-share\" referrerpolicy=\"strict-origin-when-cross-origin\" allowfullscreen><\/iframe>\n<\/div><\/figure>\n","protected":false},"author":2,"featured_media":6575,"comment_status":"open","ping_status":"closed","template":"","meta":{"_kad_blocks_custom_css":"","_kad_blocks_head_custom_js":"","_kad_blocks_body_custom_js":"","_kad_blocks_footer_custom_js":"","_kad_post_transparent":"","_kad_post_title":"","_kad_post_layout":"","_kad_post_sidebar_id":"","_kad_post_content_style":"","_kad_post_vertical_padding":"","_kad_post_feature":"","_kad_post_feature_position":"","_kad_post_header":false,"_kad_post_footer":false,"_kad_post_classname":"","yasr_overall_rating":0,"yasr_post_is_review":"","yasr_auto_insert_disabled":"","yasr_review_type":"LocalBusiness"},"region":[166],"erlebnisart":[172,175],"class_list":["post-6602","erlebnisse","type-erlebnisse","status-publish","has-post-thumbnail","hentry","region-slowenien-fr","erlebnisart-wandern-fr","erlebnisart-baumwipfelpfad-fr"],"yasr_visitor_votes":{"stars_attributes":{"read_only":false,"span_bottom":false},"number_of_votes":0,"sum_votes":0},"taxonomy_info":{"region":[{"value":166,"label":"Slov\u00e9nie"}],"erlebnisart":[{"value":172,"label":"Randonn\u00e9e"},{"value":175,"label":"Sentier des Cimes"}]},"featured_image_src_large":["https:\/\/walderlebnispfade.de\/wp-content\/uploads\/2025\/02\/Baumwipfelpfad_Pohorje-1024x576.jpg",1024,576,true],"author_info":{"display_name":"Moni","author_link":"https:\/\/walderlebnispfade.de\/fr\/author\/moni\/"},"comment_info":0,"_links":{"self":[{"href":"https:\/\/walderlebnispfade.de\/fr\/wp-json\/wp\/v2\/erlebnisse\/6602","targetHints":{"allow":["GET"]}}],"collection":[{"href":"https:\/\/walderlebnispfade.de\/fr\/wp-json\/wp\/v2\/erlebnisse"}],"about":[{"href":"https:\/\/walderlebnispfade.de\/fr\/wp-json\/wp\/v2\/types\/erlebnisse"}],"author":[{"embeddable":true,"href":"https:\/\/walderlebnispfade.de\/fr\/wp-json\/wp\/v2\/users\/2"}],"replies":[{"embeddable":true,"href":"https:\/\/walderlebnispfade.de\/fr\/wp-json\/wp\/v2\/comments?post=6602"}],"wp:featuredmedia":[{"embeddable":true,"href":"https:\/\/walderlebnispfade.de\/fr\/wp-json\/wp\/v2\/media\/6575"}],"wp:attachment":[{"href":"https:\/\/walderlebnispfade.de\/fr\/wp-json\/wp\/v2\/media?parent=6602"}],"wp:term":[{"taxonomy":"region","embeddable":true,"href":"https:\/\/walderlebnispfade.de\/fr\/wp-json\/wp\/v2\/region?post=6602"},{"taxonomy":"erlebnisart","embeddable":true,"href":"https:\/\/walderlebnispfade.de\/fr\/wp-json\/wp\/v2\/erlebnisart?post=6602"}],"curies":[{"name":"wp","href":"https:\/\/api.w.org\/{rel}","templated":true}]}}