{"id":6647,"date":"2025-02-27T22:21:16","date_gmt":"2025-02-27T21:21:16","guid":{"rendered":"https:\/\/walderlebnispfade.de\/erlebnisse\/sentier-de-la-canopee-a-waldkirch\/"},"modified":"2026-04-22T11:48:30","modified_gmt":"2026-04-22T09:48:30","slug":"sentier-de-la-canopee-a-waldkirch","status":"publish","type":"erlebnisse","link":"https:\/\/walderlebnispfade.de\/fr\/erlebnisse\/sentier-de-la-canopee-a-waldkirch\/","title":{"rendered":"Sentier de la canop\u00e9e \u00e0 Waldkirch"},"content":{"rendered":"\n<h2 class=\"wp-block-heading\">Le monde fascinant de la canop\u00e9e<\/h2>\n\n<p>Le sentier des cimes des arbres de Waldkirch vous emm\u00e8ne dans le monde fascinant des cimes des arbres de la For\u00eat-Noire. Observez de pr\u00e8s la faune et la flore des cimes riches en esp\u00e8ces et profitez de vues \u00e0 couper le souffle sur la vall\u00e9e du Rhin, le Kaiserstuhl et les Vosges. Le sentier des cimes des arbres de Waldkirch mesure 200 m de long et se trouve dans le parc de d\u00e9couverte de la nature de Waldkirch. Vous y trouverez \u00e9galement le lac Stadtrainsee et le zoo de la For\u00eat-Noire. La visite du sentier des cimes de Waldkirch peut donc tr\u00e8s bien se combiner avec une excursion d&rsquo;une journ\u00e9e enti\u00e8re pour toute la famille.    <\/p>\n<style>.kb-table-of-content-nav.kb-table-of-content-id6631_669369-f4 .kb-table-of-content-wrap{padding-top:var(--global-kb-spacing-sm, 1.5rem);padding-right:var(--global-kb-spacing-sm, 1.5rem);padding-bottom:var(--global-kb-spacing-sm, 1.5rem);padding-left:var(--global-kb-spacing-sm, 1.5rem);background-color:var(--global-palette8, #F7FAFC);box-shadow:inset 0px 0px 14px 0px rgba(0, 0, 0, 0.2);}.kb-table-of-content-nav.kb-table-of-content-id6631_669369-f4 .kb-table-of-contents-title-wrap{padding-top:0px;padding-right:0px;padding-bottom:0px;padding-left:0px;}.kb-table-of-content-nav.kb-table-of-content-id6631_669369-f4 .kb-table-of-contents-title{font-weight:regular;font-style:normal;}.kb-table-of-content-nav.kb-table-of-content-id6631_669369-f4 .kb-table-of-content-wrap .kb-table-of-content-list{font-weight:regular;font-style:normal;margin-top:var(--global-kb-spacing-sm, 1.5rem);margin-right:0px;margin-bottom:0px;margin-left:0px;}.kb-table-of-content-nav.kb-table-of-content-id6631_669369-f4 .kb-toggle-icon-style-basiccircle .kb-table-of-contents-icon-trigger:after, .kb-table-of-content-nav.kb-table-of-content-id6631_669369-f4 .kb-toggle-icon-style-basiccircle .kb-table-of-contents-icon-trigger:before, .kb-table-of-content-nav.kb-table-of-content-id6631_669369-f4 .kb-toggle-icon-style-arrowcircle .kb-table-of-contents-icon-trigger:after, .kb-table-of-content-nav.kb-table-of-content-id6631_669369-f4 .kb-toggle-icon-style-arrowcircle .kb-table-of-contents-icon-trigger:before, .kb-table-of-content-nav.kb-table-of-content-id6631_669369-f4 .kb-toggle-icon-style-xclosecircle .kb-table-of-contents-icon-trigger:after, .kb-table-of-content-nav.kb-table-of-content-id6631_669369-f4 .kb-toggle-icon-style-xclosecircle .kb-table-of-contents-icon-trigger:before{background-color:var(--global-palette8, #F7FAFC);}<\/style><style>.kb-row-layout-id6631_844640-da > .kt-row-column-wrap{align-content:start;}:where(.kb-row-layout-id6631_844640-da > .kt-row-column-wrap) > .wp-block-kadence-column{justify-content:start;}.kb-row-layout-id6631_844640-da > .kt-row-column-wrap{column-gap:var(--global-kb-gap-md, 2rem);row-gap:var(--global-kb-gap-md, 2rem);padding-top:var(--global-kb-spacing-sm, 1.5rem);padding-bottom:var(--global-kb-spacing-sm, 1.5rem);grid-template-columns:repeat(2, minmax(0, 1fr));}.kb-row-layout-id6631_844640-da > .kt-row-layout-overlay{opacity:0.30;}@media all and (max-width: 1024px){.kb-row-layout-id6631_844640-da > .kt-row-column-wrap{grid-template-columns:repeat(2, minmax(0, 1fr));}}@media all and (max-width: 767px){.kb-row-layout-id6631_844640-da > .kt-row-column-wrap{grid-template-columns:minmax(0, 1fr);}}<\/style><div class=\"kb-row-layout-wrap kb-row-layout-id6631_844640-da alignnone wp-block-kadence-rowlayout\"><div class=\"kt-row-column-wrap kt-has-2-columns kt-row-layout-equal kt-tab-layout-inherit kt-mobile-layout-row kt-row-valign-top\">\n<style>.kadence-column6631_c0b7f2-62 > .kt-inside-inner-col,.kadence-column6631_c0b7f2-62 > .kt-inside-inner-col:before{border-top-left-radius:0px;border-top-right-radius:0px;border-bottom-right-radius:0px;border-bottom-left-radius:0px;}.kadence-column6631_c0b7f2-62 > .kt-inside-inner-col{column-gap:var(--global-kb-gap-sm, 1rem);}.kadence-column6631_c0b7f2-62 > .kt-inside-inner-col{flex-direction:column;}.kadence-column6631_c0b7f2-62 > .kt-inside-inner-col > .aligncenter{width:100%;}.kadence-column6631_c0b7f2-62 > .kt-inside-inner-col:before{opacity:0.3;}.kadence-column6631_c0b7f2-62{position:relative;}@media all and (max-width: 1024px){.kadence-column6631_c0b7f2-62 > .kt-inside-inner-col{flex-direction:column;justify-content:center;}}@media all and (max-width: 767px){.kadence-column6631_c0b7f2-62 > .kt-inside-inner-col{flex-direction:column;justify-content:center;}}<\/style>\n<div class=\"wp-block-kadence-column kadence-column6631_c0b7f2-62\"><div class=\"kt-inside-inner-col\">\n<p>En outre, un sentier pieds nus de 190 m\u00e8tres se trouve \u00e0 proximit\u00e9 imm\u00e9diate du Baumkronenweg Waldkirch. Marchez sans chaussures ni chaussettes sur des pommes de pin, du bois, des pierres et de la mousse, et d\u00e9couvrez ainsi de nouvelles sensations. <\/p>\n\n\n\n<p>Juste \u00e0 c\u00f4t\u00e9, le parcours d&rsquo;aventure de 220 m de long, avec ses ponts suspendus, ses filets d&rsquo;escalade et ses ponts branlants, est un d\u00e9fi pour votre sens de l&rsquo;\u00e9quilibre et votre agilit\u00e9.  <\/p>\n\n\n\n<p>Les aventuriers courageux \u00e2g\u00e9s de 8 ans et plus peuvent emprunter le toboggan tubulaire le plus long d&rsquo;Europe (190 m) pour une partie du chemin du retour (prix : 2\u20ac). Le sentier d&rsquo;aventure Bambini est relativement nouveau. Un sentier d&rsquo;aventure s\u00fbr et ludique sp\u00e9cialement con\u00e7u pour les petits explorateurs de 3 \u00e0 6 ans !  <\/p>\n<\/div><\/div>\n\n\n<style>.kadence-column6631_683028-39 > .kt-inside-inner-col,.kadence-column6631_683028-39 > .kt-inside-inner-col:before{border-top-left-radius:0px;border-top-right-radius:0px;border-bottom-right-radius:0px;border-bottom-left-radius:0px;}.kadence-column6631_683028-39 > .kt-inside-inner-col{column-gap:var(--global-kb-gap-sm, 1rem);}.kadence-column6631_683028-39 > .kt-inside-inner-col{flex-direction:column;}.kadence-column6631_683028-39 > .kt-inside-inner-col > .aligncenter{width:100%;}.kadence-column6631_683028-39 > .kt-inside-inner-col:before{opacity:0.3;}.kadence-column6631_683028-39{position:relative;}@media all and (max-width: 1024px){.kadence-column6631_683028-39 > .kt-inside-inner-col{flex-direction:column;justify-content:center;}}@media all and (max-width: 767px){.kadence-column6631_683028-39 > .kt-inside-inner-col{flex-direction:column;justify-content:center;}}<\/style>\n<div class=\"wp-block-kadence-column kadence-column6631_683028-39\"><div class=\"kt-inside-inner-col\"><style>.kb-image6631_4ca3e7-ec .kb-image-has-overlay:after{opacity:0.3;}<\/style>\n<figure class=\"wp-block-kadence-image kb-image6631_4ca3e7-ec size-full\"><img loading=\"lazy\" decoding=\"async\" width=\"1024\" height=\"576\" src=\"https:\/\/walderlebnispfade.de\/wp-content\/uploads\/2025\/02\/Waldkirch_Aussicht.jpg\" alt=\"Aussicht vom Baumkronenweg Waldkirch\" class=\"kb-img wp-image-6636\" srcset=\"https:\/\/walderlebnispfade.de\/wp-content\/uploads\/2025\/02\/Waldkirch_Aussicht.jpg 1024w, https:\/\/walderlebnispfade.de\/wp-content\/uploads\/2025\/02\/Waldkirch_Aussicht-300x169.jpg 300w, https:\/\/walderlebnispfade.de\/wp-content\/uploads\/2025\/02\/Waldkirch_Aussicht-768x432.jpg 768w\" sizes=\"auto, (max-width: 1024px) 100vw, 1024px\" \/><\/figure>\n<\/div><\/div>\n\n<\/div><\/div><style>.wp-block-kadence-advancedheading.kt-adv-heading6631_cc0e25-88, .wp-block-kadence-advancedheading.kt-adv-heading6631_cc0e25-88[data-kb-block=\"kb-adv-heading6631_cc0e25-88\"]{font-size:var(--global-kb-font-size-md, 1.25rem);font-style:normal;}.wp-block-kadence-advancedheading.kt-adv-heading6631_cc0e25-88 mark.kt-highlight, .wp-block-kadence-advancedheading.kt-adv-heading6631_cc0e25-88[data-kb-block=\"kb-adv-heading6631_cc0e25-88\"] mark.kt-highlight{font-style:normal;color:#f76a0c;-webkit-box-decoration-break:clone;box-decoration-break:clone;padding-top:0px;padding-right:0px;padding-bottom:0px;padding-left:0px;}.wp-block-kadence-advancedheading.kt-adv-heading6631_cc0e25-88 img.kb-inline-image, .wp-block-kadence-advancedheading.kt-adv-heading6631_cc0e25-88[data-kb-block=\"kb-adv-heading6631_cc0e25-88\"] img.kb-inline-image{width:150px;vertical-align:baseline;}<\/style>\n<h2 class=\"kt-adv-heading6631_cc0e25-88 wp-block-kadence-advancedheading\" data-kb-block=\"kb-adv-heading6631_cc0e25-88\">Heures d&rsquo;ouverture 2026 du Baumkronenweg Waldkirch<\/h2>\n\n<p>Le week-end d\u2019ouverture a lieu le 21\/03\/2026, puis le site est \u00e0 nouveau ouvert tous les jours. L\u2019entr\u00e9e est possible jusqu\u2019\u00e0 une heure avant la fermeture. Pour les groupes, d\u2019autres horaires sont \u00e9galement possibles sur r\u00e9servation.  <\/p>\n\n<figure class=\"wp-block-table\"><table><tbody><tr><td>Mars, avril, mai, juin<\/td><td>de 11h00 \u00e0 17h30<\/td><\/tr><tr><td>Juillet, ao\u00fbt, septembre (jusqu\u2019au 13.9.26)<\/td><td>de 11h00 \u00e0 18h30<\/td><\/tr><tr><td>Septembre (\u00e0 partir du 14.9.26), octobre, novembre (jusqu\u2019au 08.11.26)<\/td><td>de 11h00 \u00e0 17h30<\/td><\/tr><\/tbody><\/table><figcaption class=\"wp-element-caption\">Heures d&rsquo;ouverture du sentier des cimes Waldkirch<\/figcaption><\/figure>\n\n<h3 class=\"wp-block-heading\">Prix d&rsquo;entr\u00e9e au Baumkronenweg Waldkirch<\/h3>\n\n<p><strong>Prix d&rsquo;entr\u00e9e r\u00e9guliers<\/strong><\/p>\n\n<ul class=\"wp-block-list\">\n<li><strong>Enfants jusqu&rsquo;\u00e0 3 ans :<\/strong> entr\u00e9e gratuite<\/li>\n\n\n\n<li><strong>Enfants de 4 \u00e0 15 ans :<\/strong> 6,00 euros<\/li>\n\n\n\n<li><strong>Entr\u00e9e \u00e0 tarif r\u00e9duit <\/strong>(\u00e9tudiants et \u00e9l\u00e8ves \u00e0 partir de 16 ans, handicap\u00e9s et retrait\u00e9s sur pr\u00e9sentation d\u2019un justificatif) : 7,00 euros<\/li>\n\n\n\n<li><strong>Adultes :<\/strong> 8,00 euros<\/li>\n<\/ul>\n\n<p>Des tarifs sp\u00e9ciaux s\u2019appliquent aux familles, aux groupes et aux anniversaires.<\/p>\n<style>.wp-block-kadence-advancedheading.kt-adv-heading6631_c4ef4f-0e, .wp-block-kadence-advancedheading.kt-adv-heading6631_c4ef4f-0e[data-kb-block=\"kb-adv-heading6631_c4ef4f-0e\"]{font-style:normal;}.wp-block-kadence-advancedheading.kt-adv-heading6631_c4ef4f-0e mark.kt-highlight, .wp-block-kadence-advancedheading.kt-adv-heading6631_c4ef4f-0e[data-kb-block=\"kb-adv-heading6631_c4ef4f-0e\"] mark.kt-highlight{font-style:normal;color:#f76a0c;-webkit-box-decoration-break:clone;box-decoration-break:clone;padding-top:0px;padding-right:0px;padding-bottom:0px;padding-left:0px;}.wp-block-kadence-advancedheading.kt-adv-heading6631_c4ef4f-0e img.kb-inline-image, .wp-block-kadence-advancedheading.kt-adv-heading6631_c4ef4f-0e[data-kb-block=\"kb-adv-heading6631_c4ef4f-0e\"] img.kb-inline-image{width:150px;vertical-align:baseline;}<\/style>\n<h2 class=\"kt-adv-heading6631_c4ef4f-0e wp-block-kadence-advancedheading\" data-kb-block=\"kb-adv-heading6631_c4ef4f-0e\">D\u00e9tails importants sur le sentier de la canop\u00e9e de Waldkirch<\/h2>\n<style>.kadence-column6631_4adf97-be > .kt-inside-inner-col,.kadence-column6631_4adf97-be > .kt-inside-inner-col:before{border-top-left-radius:0px;border-top-right-radius:0px;border-bottom-right-radius:0px;border-bottom-left-radius:0px;}.kadence-column6631_4adf97-be > .kt-inside-inner-col{column-gap:var(--global-kb-gap-sm, 1rem);}.kadence-column6631_4adf97-be > .kt-inside-inner-col{flex-direction:column;}.kadence-column6631_4adf97-be > .kt-inside-inner-col > .aligncenter{width:100%;}.kadence-column6631_4adf97-be > .kt-inside-inner-col:before{opacity:0.3;}.kadence-column6631_4adf97-be{position:relative;}@media all and (max-width: 1024px){.kadence-column6631_4adf97-be > .kt-inside-inner-col{flex-direction:column;justify-content:center;}}@media all and (max-width: 767px){.kadence-column6631_4adf97-be > .kt-inside-inner-col{flex-direction:column;justify-content:center;}}<\/style>\n<div class=\"wp-block-kadence-column kadence-column6631_4adf97-be\"><div class=\"kt-inside-inner-col\">\n<figure class=\"wp-block-table\"><table><tbody><tr><td>La gastronomie :<\/td><td>Kiosque \u00e0 l&rsquo;entr\u00e9e du sentier de la cime des arbres.<\/td><\/tr><tr><td>Accessible aux personnes handicap\u00e9es :<\/td><td>Le sentier de la canop\u00e9e lui-m\u00eame est accessible aux personnes \u00e0 mobilit\u00e9 r\u00e9duite et pr\u00e9sente une pente de 6 \u00e0 10%.<br\/>Les personnes en fauteuil roulant ou \u00e0 mobilit\u00e9 r\u00e9duite peuvent s&rsquo;inscrire au 0151 \/ 50 40 48 67, <br\/>pour pouvoir se rendre directement \u00e0 l&rsquo;entr\u00e9e du sentier de la canop\u00e9e.<\/td><\/tr><tr><td>Chiens admis:<\/td><td>Les chiens peuvent \u00eatre tenus en laisse.<\/td><\/tr><tr><td>Visites guid\u00e9es:<\/td><td>A propos du partenaire de coop\u00e9ration <a href=\"http:\/\/www.teamadventures.net\/\" target=\"_blank\" data-type=\"link\" data-id=\"http:\/\/www.teamadventures.net\/\" rel=\"noreferrer noopener\">Team Adventures<\/a>.<\/td><\/tr><tr><td>R\u00e9duction pour les groupes:<\/td><td>Oui, \u00e0 partir de 15 personnes.<\/td><\/tr><tr><td>Achat de billets :<\/td><td>Sur place. Les bons d&rsquo;achat sont disponibles <a href=\"https:\/\/www.baumkronenweg-waldkirch.de\/gutscheine\" target=\"_blank\" data-type=\"link\" data-id=\"https:\/\/www.baumkronenweg-waldkirch.de\/gutscheine\" rel=\"noreferrer noopener\">en ligne<\/a>. <\/td><\/tr><\/tbody><\/table><figcaption class=\"wp-element-caption\">D\u00e9tails sur le sentier des cimes Waldkirch<\/figcaption><\/figure>\n<\/div><\/div>\n\n<hr class=\"wp-block-separator has-alpha-channel-opacity\" style=\"margin-top:var(--wp--preset--spacing--50);margin-bottom:var(--wp--preset--spacing--50)\"\/>\n<style>.kadence-column6631_451981-3c > .kt-inside-inner-col{display:flex;}.kadence-column6631_451981-3c > .kt-inside-inner-col{padding-top:var(--global-kb-spacing-xs, 1rem);padding-right:var(--global-kb-spacing-xs, 1rem);padding-bottom:var(--global-kb-spacing-xs, 1rem);padding-left:var(--global-kb-spacing-xs, 1rem);}.kadence-column6631_451981-3c > .kt-inside-inner-col{box-shadow:0px 0px 14px 0px rgba(0, 0, 0, 0.2);}.kadence-column6631_451981-3c > .kt-inside-inner-col,.kadence-column6631_451981-3c > .kt-inside-inner-col:before{border-top-left-radius:0px;border-top-right-radius:0px;border-bottom-right-radius:0px;border-bottom-left-radius:0px;}.kadence-column6631_451981-3c > .kt-inside-inner-col{column-gap:var(--global-kb-gap-sm, 1rem);}.kadence-column6631_451981-3c > .kt-inside-inner-col{flex-direction:column;align-items:center;}.kadence-column6631_451981-3c > .kt-inside-inner-col > .kb-image-is-ratio-size{align-self:stretch;}.kadence-column6631_451981-3c > .kt-inside-inner-col > .wp-block-kadence-advancedgallery{align-self:stretch;}.kadence-column6631_451981-3c > .kt-inside-inner-col > .aligncenter{width:100%;}.kadence-column6631_451981-3c > .kt-inside-inner-col{background-color:var(--global-palette8, #F7FAFC);}.kadence-column6631_451981-3c > .kt-inside-inner-col:before{opacity:0.3;}.kadence-column6631_451981-3c{position:relative;}@media all and (max-width: 1024px){.kadence-column6631_451981-3c > .kt-inside-inner-col{flex-direction:column;justify-content:center;align-items:center;}}@media all and (max-width: 767px){.kadence-column6631_451981-3c > .kt-inside-inner-col{flex-direction:column;justify-content:center;align-items:center;}}<\/style>\n<div class=\"wp-block-kadence-column kadence-column6631_451981-3c\"><div class=\"kt-inside-inner-col\">\n<p class=\"has-text-align-center\">Que penses-tu du Baumkronenweg Waldkirch ? Laisse-moi une \u00e9valuation, s\u2019il te pla\u00eet. <br\/>Vous nous aidez ainsi que d&rsquo;autres amoureux de la nature. Merci beaucoup \ud83d\ude42 ! <\/p>\n\n\n\n<div class=\"wp-block-yet-another-stars-rating-visitor-votes aligncenter yasr-vv-block\"><\/div>\n\n\n\n<p>Vous pouvez trouver d&rsquo;autres aventures passionnantes dans notre <a href=\"https:\/\/walderlebnispfade.de\/fr\/experiences-en-foret\/\" data-type=\"page\" data-id=\"228\">recherche d&rsquo;exp\u00e9riences en for\u00eat<\/a> et dans notre <a href=\"https:\/\/walderlebnispfade.de\/fr\/sentiers-de-la-cime-des-arbres-en-europe\/\" data-type=\"post\" data-id=\"5843\">aper\u00e7u des parcours dans les arbres<\/a>!<\/p>\n<\/div><\/div>\n\n<hr class=\"wp-block-separator has-alpha-channel-opacity\" style=\"margin-top:var(--wp--preset--spacing--50);margin-bottom:var(--wp--preset--spacing--50)\"\/>\n\n<h2 class=\"wp-block-heading\">Vid\u00e9o sur le sentier de la canop\u00e9e de Waldkirch<\/h2>\n\n<figure class=\"wp-block-embed is-type-video is-provider-youtube wp-block-embed-youtube wp-embed-aspect-16-9 wp-has-aspect-ratio\"><div class=\"wp-block-embed__wrapper\">\n<iframe loading=\"lazy\" hcb-fetch-image-from=\"https:\/\/youtu.be\/uXHTHABROs4?si=g1MFOm5M3sk4r4i3\" title=\"Baumkronenweg Waldkirch &amp; L\u00c4NGSTE R\u00f6hrenrutsche EUROPAS\" width=\"720\" height=\"405\" src=\"https:\/\/www.youtube.com\/embed\/uXHTHABROs4?feature=oembed\" frameborder=\"0\" allow=\"accelerometer; autoplay; clipboard-write; encrypted-media; gyroscope; picture-in-picture; web-share\" referrerpolicy=\"strict-origin-when-cross-origin\" allowfullscreen><\/iframe>\n<\/div><\/figure>\n","protected":false},"author":2,"featured_media":6634,"comment_status":"open","ping_status":"closed","template":"","meta":{"_kad_blocks_custom_css":"","_kad_blocks_head_custom_js":"","_kad_blocks_body_custom_js":"","_kad_blocks_footer_custom_js":"","_kad_post_transparent":"","_kad_post_title":"","_kad_post_layout":"","_kad_post_sidebar_id":"","_kad_post_content_style":"","_kad_post_vertical_padding":"","_kad_post_feature":"","_kad_post_feature_position":"","_kad_post_header":false,"_kad_post_footer":false,"_kad_post_classname":"","yasr_overall_rating":0,"yasr_post_is_review":"","yasr_auto_insert_disabled":"","yasr_review_type":"LocalBusiness"},"region":[130,139],"erlebnisart":[172,175],"class_list":["post-6647","erlebnisse","type-erlebnisse","status-publish","has-post-thumbnail","hentry","region-deutschland-fr","region-bw-fr","erlebnisart-wandern-fr","erlebnisart-baumwipfelpfad-fr"],"yasr_visitor_votes":{"stars_attributes":{"read_only":false,"span_bottom":false},"number_of_votes":0,"sum_votes":0},"taxonomy_info":{"region":[{"value":130,"label":"Allemagne"},{"value":139,"label":"Baden-W\u00fcrttemberg"}],"erlebnisart":[{"value":172,"label":"Randonn\u00e9e"},{"value":175,"label":"Sentier des Cimes"}]},"featured_image_src_large":["https:\/\/walderlebnispfade.de\/wp-content\/uploads\/2025\/02\/Baumwipfelpfad_Waldkirch-1024x576.jpg",1024,576,true],"author_info":{"display_name":"Moni","author_link":"https:\/\/walderlebnispfade.de\/fr\/author\/moni\/"},"comment_info":0,"_links":{"self":[{"href":"https:\/\/walderlebnispfade.de\/fr\/wp-json\/wp\/v2\/erlebnisse\/6647","targetHints":{"allow":["GET"]}}],"collection":[{"href":"https:\/\/walderlebnispfade.de\/fr\/wp-json\/wp\/v2\/erlebnisse"}],"about":[{"href":"https:\/\/walderlebnispfade.de\/fr\/wp-json\/wp\/v2\/types\/erlebnisse"}],"author":[{"embeddable":true,"href":"https:\/\/walderlebnispfade.de\/fr\/wp-json\/wp\/v2\/users\/2"}],"replies":[{"embeddable":true,"href":"https:\/\/walderlebnispfade.de\/fr\/wp-json\/wp\/v2\/comments?post=6647"}],"wp:featuredmedia":[{"embeddable":true,"href":"https:\/\/walderlebnispfade.de\/fr\/wp-json\/wp\/v2\/media\/6634"}],"wp:attachment":[{"href":"https:\/\/walderlebnispfade.de\/fr\/wp-json\/wp\/v2\/media?parent=6647"}],"wp:term":[{"taxonomy":"region","embeddable":true,"href":"https:\/\/walderlebnispfade.de\/fr\/wp-json\/wp\/v2\/region?post=6647"},{"taxonomy":"erlebnisart","embeddable":true,"href":"https:\/\/walderlebnispfade.de\/fr\/wp-json\/wp\/v2\/erlebnisart?post=6647"}],"curies":[{"name":"wp","href":"https:\/\/api.w.org\/{rel}","templated":true}]}}