{"id":6650,"date":"2025-02-27T20:15:21","date_gmt":"2025-02-27T19:15:21","guid":{"rendered":"https:\/\/walderlebnispfade.de\/erlebnisse\/sommet-des-arbres-de-la-foret-noire\/"},"modified":"2026-04-22T11:48:36","modified_gmt":"2026-04-22T09:48:36","slug":"sommet-des-arbres-de-la-foret-noire","status":"publish","type":"erlebnisse","link":"https:\/\/walderlebnispfade.de\/fr\/erlebnisse\/sommet-des-arbres-de-la-foret-noire\/","title":{"rendered":"Sommet des arbres de la For\u00eat-Noire"},"content":{"rendered":"\n<h2 class=\"wp-block-heading\">Des perspectives inhabituelles dans le sentier des cimes de la For\u00eat-Noire<\/h2>\n\n<p>Le sentier des cimes de la For\u00eat-Noire se trouve sur le Sommerberg, \u00e0 l&rsquo;ouest de Bad Wildbad, \u00e0 une altitude d&rsquo;environ 750 m\u00e8tres. Le sentier s&rsquo;\u00e9tend sur 1 250 m\u00e8tres \u00e0 travers la canop\u00e9e de la For\u00eat-Noire, \u00e0 une hauteur pouvant atteindre 20 m\u00e8tres, et d\u00e9bouche sur une tour panoramique en forme d&rsquo;entonnoir de 40 m\u00e8tres de haut. De l\u00e0, on a une vue imprenable sur la vall\u00e9e de l&rsquo;Enz et la <a href=\"https:\/\/www.infozentrum-kaltenbronn.de\/\" data-type=\"link\" data-id=\"https:\/\/www.infozentrum-kaltenbronn.de\/\" target=\"_blank\" rel=\"noreferrer noopener\">r\u00e9serve naturelle de Kaltenbronn<\/a>. Lorsque la visibilit\u00e9 est bonne, on peut voir l&rsquo;Alsace et les Alpes suisses. Le sentier de la canop\u00e9e est ouvert \u00e9t\u00e9 comme hiver et offre de superbes vues sur le Sommerberg, surtout lorsque le paysage est enneig\u00e9 ;-).   <\/p>\n<style>.kb-table-of-content-nav.kb-table-of-content-id6604_0bf8bc-d6 .kb-table-of-content-wrap{padding-top:var(--global-kb-spacing-sm, 1.5rem);padding-right:var(--global-kb-spacing-sm, 1.5rem);padding-bottom:var(--global-kb-spacing-sm, 1.5rem);padding-left:var(--global-kb-spacing-sm, 1.5rem);background-color:var(--global-palette8, #F7FAFC);box-shadow:inset 0px 0px 14px 0px rgba(0, 0, 0, 0.2);}.kb-table-of-content-nav.kb-table-of-content-id6604_0bf8bc-d6 .kb-table-of-contents-title-wrap{padding-top:0px;padding-right:0px;padding-bottom:0px;padding-left:0px;}.kb-table-of-content-nav.kb-table-of-content-id6604_0bf8bc-d6 .kb-table-of-contents-title{font-weight:regular;font-style:normal;}.kb-table-of-content-nav.kb-table-of-content-id6604_0bf8bc-d6 .kb-table-of-content-wrap .kb-table-of-content-list{font-weight:regular;font-style:normal;margin-top:var(--global-kb-spacing-sm, 1.5rem);margin-right:0px;margin-bottom:0px;margin-left:0px;}.kb-table-of-content-nav.kb-table-of-content-id6604_0bf8bc-d6 .kb-toggle-icon-style-basiccircle .kb-table-of-contents-icon-trigger:after, .kb-table-of-content-nav.kb-table-of-content-id6604_0bf8bc-d6 .kb-toggle-icon-style-basiccircle .kb-table-of-contents-icon-trigger:before, .kb-table-of-content-nav.kb-table-of-content-id6604_0bf8bc-d6 .kb-toggle-icon-style-arrowcircle .kb-table-of-contents-icon-trigger:after, .kb-table-of-content-nav.kb-table-of-content-id6604_0bf8bc-d6 .kb-toggle-icon-style-arrowcircle .kb-table-of-contents-icon-trigger:before, .kb-table-of-content-nav.kb-table-of-content-id6604_0bf8bc-d6 .kb-toggle-icon-style-xclosecircle .kb-table-of-contents-icon-trigger:after, .kb-table-of-content-nav.kb-table-of-content-id6604_0bf8bc-d6 .kb-toggle-icon-style-xclosecircle .kb-table-of-contents-icon-trigger:before{background-color:var(--global-palette8, #F7FAFC);}<\/style>\n<p>Outre une nouvelle perspective sur la cime des arbres de la for\u00eat mixte de h\u00eatres, d&rsquo;\u00e9pic\u00e9as et de sapins, il y a de nombreux panneaux d&rsquo;information sur la faune et la flore ainsi que des stations de d\u00e9couverte passionnantes pour les petits et les grands. Le sentier est accessible aux personnes \u00e0 mobilit\u00e9 r\u00e9duite et peut \u00eatre parcouru sans probl\u00e8me en fauteuil roulant ou en poussette. Si vous cherchez un peu d&rsquo;action et que vous avez plus de six ans, vous pouvez emprunter le toboggan tunnel pour descendre.  <\/p>\n\n<p>La for\u00eat d\u2019aventure se trouve juste \u00e0 c\u00f4t\u00e9 du sentier des cimes. Ce terrain de jeu de 8\u202f000 m\u00e8tres carr\u00e9s offre 25 stations de jeu et d\u2019apprentissage, et pas seulement pour les petits \u2013 ici, toute la famille peut s\u2019amuser. Si vous avez besoin de plus d\u2019adr\u00e9naline, allez voir le pont suspendu <a href=\"https:\/\/www.bad-wildbad.de\/de\/wildline\/\" data-type=\"link\" data-id=\"https:\/\/www.bad-wildbad.de\/de\/wildline\/\" target=\"_blank\" rel=\"noreferrer noopener\">WILDLINE<\/a>, situ\u00e9 \u00e0 proximit\u00e9. D\u2019une longueur de 380 m\u00e8tres, il offre une vue plongeante de 300 m\u00e8tres sur Bad Wildbad.   <\/p>\n\n<h3 class=\"wp-block-heading\">Arriv\u00e9e et stationnement au sentier des cimes de la For\u00eat-Noire \u00e0 Bad Wildbad<\/h3>\n<style>.kb-row-layout-id6604_1d8881-ff > .kt-row-column-wrap{align-content:start;}:where(.kb-row-layout-id6604_1d8881-ff > .kt-row-column-wrap) > .wp-block-kadence-column{justify-content:start;}.kb-row-layout-id6604_1d8881-ff > .kt-row-column-wrap{column-gap:var(--global-kb-gap-md, 2rem);row-gap:var(--global-kb-gap-md, 2rem);padding-top:var(--global-kb-spacing-sm, 1.5rem);padding-bottom:var(--global-kb-spacing-sm, 1.5rem);grid-template-columns:repeat(2, minmax(0, 1fr));}.kb-row-layout-id6604_1d8881-ff > .kt-row-layout-overlay{opacity:0.30;}@media all and (max-width: 1024px){.kb-row-layout-id6604_1d8881-ff > .kt-row-column-wrap{grid-template-columns:repeat(2, minmax(0, 1fr));}}@media all and (max-width: 767px){.kb-row-layout-id6604_1d8881-ff > .kt-row-column-wrap{grid-template-columns:minmax(0, 1fr);}}<\/style><div class=\"kb-row-layout-wrap kb-row-layout-id6604_1d8881-ff alignnone wp-block-kadence-rowlayout\"><div class=\"kt-row-column-wrap kt-has-2-columns kt-row-layout-equal kt-tab-layout-inherit kt-mobile-layout-row kt-row-valign-top\">\n<style>.kadence-column6604_630493-c0 > .kt-inside-inner-col,.kadence-column6604_630493-c0 > .kt-inside-inner-col:before{border-top-left-radius:0px;border-top-right-radius:0px;border-bottom-right-radius:0px;border-bottom-left-radius:0px;}.kadence-column6604_630493-c0 > .kt-inside-inner-col{column-gap:var(--global-kb-gap-sm, 1rem);}.kadence-column6604_630493-c0 > .kt-inside-inner-col{flex-direction:column;}.kadence-column6604_630493-c0 > .kt-inside-inner-col > .aligncenter{width:100%;}.kadence-column6604_630493-c0 > .kt-inside-inner-col:before{opacity:0.3;}.kadence-column6604_630493-c0{position:relative;}@media all and (max-width: 1024px){.kadence-column6604_630493-c0 > .kt-inside-inner-col{flex-direction:column;justify-content:center;}}@media all and (max-width: 767px){.kadence-column6604_630493-c0 > .kt-inside-inner-col{flex-direction:column;justify-content:center;}}<\/style>\n<div class=\"wp-block-kadence-column kadence-column6604_630493-c0\"><div class=\"kt-inside-inner-col\">\n<p>Un nombre limit\u00e9 de places de parking payantes est disponible sur le Sommerberg. Il existe de nombreuses autres possibilit\u00e9s de stationnement dans le centre-ville de Bad Wildbad. De l\u00e0, vous pouvez prendre l\u2019un des funiculaires les plus modernes d\u2019Allemagne, le <a href=\"https:\/\/www.bad-wildbad.de\/de\/sommerbergbahn\/\" data-type=\"link\" data-id=\"https:\/\/www.bad-wildbad.de\/de\/sommerbergbahn\/\" target=\"_blank\" rel=\"noreferrer noopener\">Sommerbergbahn,<\/a> pour aller directement du centre au Sommerberg. Le funiculaire est \u00e9galement enti\u00e8rement accessible aux personnes \u00e0 mobilit\u00e9 r\u00e9duite ! La station inf\u00e9rieure du Sommerbergbahn se trouve directement dans le centre, pr\u00e8s de l\u2019arr\u00eat de S-Bahn Uhlandplatz. De l\u00e0, les voitures panoramiques modernes montent toutes les demi-heures au Sommerberg.     <\/p>\n<\/div><\/div>\n\n\n<style>.kadence-column6604_395579-ad > .kt-inside-inner-col,.kadence-column6604_395579-ad > .kt-inside-inner-col:before{border-top-left-radius:0px;border-top-right-radius:0px;border-bottom-right-radius:0px;border-bottom-left-radius:0px;}.kadence-column6604_395579-ad > .kt-inside-inner-col{column-gap:var(--global-kb-gap-sm, 1rem);}.kadence-column6604_395579-ad > .kt-inside-inner-col{flex-direction:column;}.kadence-column6604_395579-ad > .kt-inside-inner-col > .aligncenter{width:100%;}.kadence-column6604_395579-ad > .kt-inside-inner-col:before{opacity:0.3;}.kadence-column6604_395579-ad{position:relative;}@media all and (max-width: 1024px){.kadence-column6604_395579-ad > .kt-inside-inner-col{flex-direction:column;justify-content:center;}}@media all and (max-width: 767px){.kadence-column6604_395579-ad > .kt-inside-inner-col{flex-direction:column;justify-content:center;}}<\/style>\n<div class=\"wp-block-kadence-column kadence-column6604_395579-ad\"><div class=\"kt-inside-inner-col\"><style>.kb-image6604_de25e1-fc .kb-image-has-overlay:after{opacity:0.3;}<\/style>\n<figure class=\"wp-block-kadence-image kb-image6604_de25e1-fc size-full\"><img loading=\"lazy\" decoding=\"async\" width=\"1024\" height=\"576\" src=\"https:\/\/walderlebnispfade.de\/wp-content\/uploads\/2025\/02\/Schwarzwald_Aussicht.jpg\" alt=\"Aussicht vom Baumwipfelpfad Schwarzwald in Bad Wildbad\" class=\"kb-img wp-image-6609\" srcset=\"https:\/\/walderlebnispfade.de\/wp-content\/uploads\/2025\/02\/Schwarzwald_Aussicht.jpg 1024w, https:\/\/walderlebnispfade.de\/wp-content\/uploads\/2025\/02\/Schwarzwald_Aussicht-300x169.jpg 300w, https:\/\/walderlebnispfade.de\/wp-content\/uploads\/2025\/02\/Schwarzwald_Aussicht-768x432.jpg 768w\" sizes=\"auto, (max-width: 1024px) 100vw, 1024px\" \/><\/figure>\n<\/div><\/div>\n\n<\/div><\/div>\n<h3 class=\"wp-block-heading\">Horaires d\u2019ouverture 2026 du sentier des cimes de la For\u00eat-Noire<\/h3>\n\n<p>La caisse ferme toujours une heure avant l&rsquo;heure de fermeture. Les billets peuvent \u00eatre achet\u00e9s directement \u00e0 l&rsquo;entr\u00e9e du sentier ou dans la <a href=\"https:\/\/treetop-walks.com\/schwarzwald\/baumwipfelpfad\/tickets\/\" data-type=\"link\" data-id=\"https:\/\/treetop-walks.com\/schwarzwald\/baumwipfelpfad\/tickets\/\" target=\"_blank\" rel=\"noreferrer noopener\">boutique en ligne<\/a>. Si vous achetez votre billet en ligne, vous \u00e9viterez peut-\u00eatre d&rsquo;attendre trop longtemps \u00e0 la caisse.  <\/p>\n\n<figure class=\"wp-block-table\"><table><tbody><tr><td>janvier, f\u00e9vrier<\/td><td>Du jeudi au dimanche, de 13h00 \u00e0 20h00 (magie des lumi\u00e8res \u00e0 partir de 16h00)<\/td><\/tr><tr><td>Mars<\/td><td>Du jeudi au lundi, de 09h30 \u00e0 17h00<\/td><\/tr><tr><td>Avril<\/td><td>Tous les jours de 09h30 \u00e0 17h00<\/td><\/tr><tr><td>Mai, juin, juillet, ao\u00fbt, septembre, octobre<\/td><td>Tous les jours de 09h30 \u00e0 18h00<\/td><\/tr><tr><td>novembre, d\u00e9cembre<\/td><td>Ferm\u00e9 !<\/td><\/tr><\/tbody><\/table><figcaption class=\"wp-element-caption\">Heures d&rsquo;ouverture du sentier des cimes Bad Wildbad en For\u00eat-Noire<\/figcaption><\/figure>\n<style>.kb-row-layout-id6604_370bac-63 > .kt-row-column-wrap{align-content:start;}:where(.kb-row-layout-id6604_370bac-63 > .kt-row-column-wrap) > .wp-block-kadence-column{justify-content:start;}.kb-row-layout-id6604_370bac-63 > .kt-row-column-wrap{column-gap:var(--global-kb-gap-md, 2rem);row-gap:var(--global-kb-gap-md, 2rem);padding-top:var(--global-kb-spacing-sm, 1.5rem);padding-bottom:var(--global-kb-spacing-sm, 1.5rem);grid-template-columns:minmax(0, 1fr);}.kb-row-layout-id6604_370bac-63 > .kt-row-layout-overlay{opacity:0.30;}@media all and (max-width: 1024px){.kb-row-layout-id6604_370bac-63 > .kt-row-column-wrap{grid-template-columns:minmax(0, 1fr);}}@media all and (max-width: 767px){.kb-row-layout-id6604_370bac-63 > .kt-row-column-wrap{grid-template-columns:minmax(0, 1fr);}}<\/style><div class=\"kb-row-layout-wrap kb-row-layout-id6604_370bac-63 alignnone wp-block-kadence-rowlayout\"><div class=\"kt-row-column-wrap kt-has-1-columns kt-row-layout-equal kt-tab-layout-inherit kt-mobile-layout-row kt-row-valign-top\">\n<style>.kadence-column6604_098028-f0 > .kt-inside-inner-col,.kadence-column6604_098028-f0 > .kt-inside-inner-col:before{border-top-left-radius:0px;border-top-right-radius:0px;border-bottom-right-radius:0px;border-bottom-left-radius:0px;}.kadence-column6604_098028-f0 > .kt-inside-inner-col{column-gap:var(--global-kb-gap-sm, 1rem);}.kadence-column6604_098028-f0 > .kt-inside-inner-col{flex-direction:column;}.kadence-column6604_098028-f0 > .kt-inside-inner-col > .aligncenter{width:100%;}.kadence-column6604_098028-f0 > .kt-inside-inner-col:before{opacity:0.3;}.kadence-column6604_098028-f0{position:relative;}@media all and (max-width: 1024px){.kadence-column6604_098028-f0 > .kt-inside-inner-col{flex-direction:column;justify-content:center;}}@media all and (max-width: 767px){.kadence-column6604_098028-f0 > .kt-inside-inner-col{flex-direction:column;justify-content:center;}}<\/style>\n<div class=\"wp-block-kadence-column kadence-column6604_098028-f0\"><div class=\"kt-inside-inner-col\"><style>.wp-block-kadence-advancedheading.kt-adv-heading6604_3dc437-96, .wp-block-kadence-advancedheading.kt-adv-heading6604_3dc437-96[data-kb-block=\"kb-adv-heading6604_3dc437-96\"]{font-style:normal;}.wp-block-kadence-advancedheading.kt-adv-heading6604_3dc437-96 mark.kt-highlight, .wp-block-kadence-advancedheading.kt-adv-heading6604_3dc437-96[data-kb-block=\"kb-adv-heading6604_3dc437-96\"] mark.kt-highlight{font-style:normal;color:#f76a0c;-webkit-box-decoration-break:clone;box-decoration-break:clone;padding-top:0px;padding-right:0px;padding-bottom:0px;padding-left:0px;}.wp-block-kadence-advancedheading.kt-adv-heading6604_3dc437-96 img.kb-inline-image, .wp-block-kadence-advancedheading.kt-adv-heading6604_3dc437-96[data-kb-block=\"kb-adv-heading6604_3dc437-96\"] img.kb-inline-image{width:150px;vertical-align:baseline;}<\/style>\n<h2 class=\"kt-adv-heading6604_3dc437-96 wp-block-kadence-advancedheading\" data-kb-block=\"kb-adv-heading6604_3dc437-96\">D\u00e9tails importants sur le sentier des cimes de la For\u00eat-Noire<\/h2>\n\n\n\n<figure class=\"wp-block-table\"><table><tbody><tr><td>La gastronomie :<\/td><td>Snack-bar \u00ab\u00a0Mangeoire\u00a0\u00bb \u00e0 l&rsquo;entr\u00e9e de la for\u00eat d&rsquo;aventure Sommerberg.<\/td><\/tr><tr><td>les installations sanitaires:<\/td><td>En bas de la tour d&rsquo;observation et dans la for\u00eat d&rsquo;aventure.<\/td><\/tr><tr><td>Accessible aux personnes handicap\u00e9es :<\/td><td>Le sentier est accessible aux personnes handicap\u00e9es et pr\u00e9sente une pente maximale de 6 %.<br\/>Des toilettes adapt\u00e9es aux personnes handicap\u00e9es sont disponibles dans la tour.<br\/>Vous trouverez des places de parking r\u00e9serv\u00e9es aux personnes handicap\u00e9es devant l\u2019h\u00f4tel restaurant Auerhahn (Navi : Heermannsweg 4, 75323 Bad Wildbad).<\/td><\/tr><tr><td>Chiens admis:<\/td><td>Non, les chiens ne sont pas autoris\u00e9s. Exception : les chiens d&rsquo;assistance aux personnes handicap\u00e9es et les chiens d&rsquo;assistance aux personnes d\u00e9pendantes.<\/td><\/tr><tr><td>Visites guid\u00e9es:<\/td><td>La visite guid\u00e9e \u00ab\u00a0Des racines aux cimes\u00a0\u00bb est disponible tous les jeudis \u00e0 14h00 de mars \u00e0 octobre, m\u00eame sans r\u00e9servation. Les visites de groupe ont lieu sur r\u00e9servation. <\/td><\/tr><tr><td>R\u00e9duction pour les groupes:<\/td><td>Oui, \u00e0 partir de 15 personnes.<\/td><\/tr><\/tbody><\/table><figcaption class=\"wp-element-caption\">D\u00e9tails sur le sentier des cimes de Bad Wildbad en For\u00eat-Noire<\/figcaption><\/figure>\n<\/div><\/div>\n\n<\/div><\/div>\n<hr class=\"wp-block-separator has-alpha-channel-opacity\" style=\"margin-top:var(--wp--preset--spacing--50);margin-bottom:var(--wp--preset--spacing--50)\"\/>\n<style>.kadence-column6604_3f42bb-f1 > .kt-inside-inner-col{display:flex;}.kadence-column6604_3f42bb-f1 > .kt-inside-inner-col{padding-top:var(--global-kb-spacing-xs, 1rem);padding-right:var(--global-kb-spacing-xs, 1rem);padding-bottom:var(--global-kb-spacing-xs, 1rem);padding-left:var(--global-kb-spacing-xs, 1rem);}.kadence-column6604_3f42bb-f1 > .kt-inside-inner-col{box-shadow:0px 0px 14px 0px rgba(0, 0, 0, 0.2);}.kadence-column6604_3f42bb-f1 > .kt-inside-inner-col,.kadence-column6604_3f42bb-f1 > .kt-inside-inner-col:before{border-top-left-radius:0px;border-top-right-radius:0px;border-bottom-right-radius:0px;border-bottom-left-radius:0px;}.kadence-column6604_3f42bb-f1 > .kt-inside-inner-col{column-gap:var(--global-kb-gap-sm, 1rem);}.kadence-column6604_3f42bb-f1 > .kt-inside-inner-col{flex-direction:column;align-items:center;}.kadence-column6604_3f42bb-f1 > .kt-inside-inner-col > .kb-image-is-ratio-size{align-self:stretch;}.kadence-column6604_3f42bb-f1 > .kt-inside-inner-col > .wp-block-kadence-advancedgallery{align-self:stretch;}.kadence-column6604_3f42bb-f1 > .kt-inside-inner-col > .aligncenter{width:100%;}.kadence-column6604_3f42bb-f1 > .kt-inside-inner-col{background-color:var(--global-palette8, #F7FAFC);}.kadence-column6604_3f42bb-f1 > .kt-inside-inner-col:before{opacity:0.3;}.kadence-column6604_3f42bb-f1{position:relative;}@media all and (max-width: 1024px){.kadence-column6604_3f42bb-f1 > .kt-inside-inner-col{flex-direction:column;justify-content:center;align-items:center;}}@media all and (max-width: 767px){.kadence-column6604_3f42bb-f1 > .kt-inside-inner-col{flex-direction:column;justify-content:center;align-items:center;}}<\/style>\n<div class=\"wp-block-kadence-column kadence-column6604_3f42bb-f1\"><div class=\"kt-inside-inner-col\">\n<p class=\"has-text-align-center\">Que penses-tu du sentier des cimes de la For\u00eat-Noire ? Laisse-moi une \u00e9valuation, s\u2019il te pla\u00eet. <br\/>Vous nous aidez ainsi que d&rsquo;autres amoureux de la nature. Merci beaucoup \ud83d\ude42 ! <\/p>\n\n\n\n<div class=\"wp-block-yet-another-stars-rating-visitor-votes aligncenter yasr-vv-block\"><\/div>\n\n\n\n<p>Vous pouvez trouver d&rsquo;autres aventures passionnantes dans notre <a href=\"https:\/\/walderlebnispfade.de\/fr\/experiences-en-foret\/\" data-type=\"page\" data-id=\"228\">recherche d&rsquo;exp\u00e9riences en for\u00eat<\/a> et dans notre <a href=\"https:\/\/walderlebnispfade.de\/fr\/sentiers-de-la-cime-des-arbres-en-europe\/\" data-type=\"post\" data-id=\"5843\">aper\u00e7u des parcours dans les arbres<\/a>!<\/p>\n<\/div><\/div>\n\n<hr class=\"wp-block-separator has-alpha-channel-opacity\" style=\"margin-top:var(--wp--preset--spacing--50);margin-bottom:var(--wp--preset--spacing--50)\"\/>\n\n<h2 class=\"wp-block-heading\">Vid\u00e9o sur le sentier des cimes de la For\u00eat-Noire<\/h2>\n\n<figure class=\"wp-block-embed is-type-video is-provider-youtube wp-block-embed-youtube wp-embed-aspect-16-9 wp-has-aspect-ratio\"><div class=\"wp-block-embed__wrapper\">\n<iframe loading=\"lazy\" hcb-fetch-image-from=\"https:\/\/youtu.be\/Zu8-co7ufrY?si=CbxooqiJtiCvGrHV\" title=\"Baumwipfelpfad Schwarzwald\" width=\"720\" height=\"405\" src=\"https:\/\/www.youtube.com\/embed\/Zu8-co7ufrY?feature=oembed\" frameborder=\"0\" allow=\"accelerometer; autoplay; clipboard-write; encrypted-media; gyroscope; picture-in-picture; web-share\" referrerpolicy=\"strict-origin-when-cross-origin\" allowfullscreen><\/iframe>\n<\/div><\/figure>\n","protected":false},"author":2,"featured_media":6607,"comment_status":"open","ping_status":"closed","template":"","meta":{"_kad_blocks_custom_css":"","_kad_blocks_head_custom_js":"","_kad_blocks_body_custom_js":"","_kad_blocks_footer_custom_js":"","_kad_post_transparent":"","_kad_post_title":"","_kad_post_layout":"","_kad_post_sidebar_id":"","_kad_post_content_style":"","_kad_post_vertical_padding":"","_kad_post_feature":"","_kad_post_feature_position":"","_kad_post_header":false,"_kad_post_footer":false,"_kad_post_classname":"","yasr_overall_rating":0,"yasr_post_is_review":"","yasr_auto_insert_disabled":"","yasr_review_type":"LocalBusiness"},"region":[130,139],"erlebnisart":[172,175],"class_list":["post-6650","erlebnisse","type-erlebnisse","status-publish","has-post-thumbnail","hentry","region-deutschland-fr","region-bw-fr","erlebnisart-wandern-fr","erlebnisart-baumwipfelpfad-fr"],"yasr_visitor_votes":{"stars_attributes":{"read_only":false,"span_bottom":false},"number_of_votes":0,"sum_votes":0},"taxonomy_info":{"region":[{"value":130,"label":"Allemagne"},{"value":139,"label":"Baden-W\u00fcrttemberg"}],"erlebnisart":[{"value":172,"label":"Randonn\u00e9e"},{"value":175,"label":"Sentier des Cimes"}]},"featured_image_src_large":["https:\/\/walderlebnispfade.de\/wp-content\/uploads\/2025\/02\/Baumwipfelpfad_Schwarzwald-1024x576.jpg",1024,576,true],"author_info":{"display_name":"Moni","author_link":"https:\/\/walderlebnispfade.de\/fr\/author\/moni\/"},"comment_info":0,"_links":{"self":[{"href":"https:\/\/walderlebnispfade.de\/fr\/wp-json\/wp\/v2\/erlebnisse\/6650","targetHints":{"allow":["GET"]}}],"collection":[{"href":"https:\/\/walderlebnispfade.de\/fr\/wp-json\/wp\/v2\/erlebnisse"}],"about":[{"href":"https:\/\/walderlebnispfade.de\/fr\/wp-json\/wp\/v2\/types\/erlebnisse"}],"author":[{"embeddable":true,"href":"https:\/\/walderlebnispfade.de\/fr\/wp-json\/wp\/v2\/users\/2"}],"replies":[{"embeddable":true,"href":"https:\/\/walderlebnispfade.de\/fr\/wp-json\/wp\/v2\/comments?post=6650"}],"wp:featuredmedia":[{"embeddable":true,"href":"https:\/\/walderlebnispfade.de\/fr\/wp-json\/wp\/v2\/media\/6607"}],"wp:attachment":[{"href":"https:\/\/walderlebnispfade.de\/fr\/wp-json\/wp\/v2\/media?parent=6650"}],"wp:term":[{"taxonomy":"region","embeddable":true,"href":"https:\/\/walderlebnispfade.de\/fr\/wp-json\/wp\/v2\/region?post=6650"},{"taxonomy":"erlebnisart","embeddable":true,"href":"https:\/\/walderlebnispfade.de\/fr\/wp-json\/wp\/v2\/erlebnisart?post=6650"}],"curies":[{"name":"wp","href":"https:\/\/api.w.org\/{rel}","templated":true}]}}