{"id":6687,"date":"2025-03-04T21:06:42","date_gmt":"2025-03-04T20:06:42","guid":{"rendered":"https:\/\/walderlebnispfade.de\/erlebnisse\/hotel-de-cabane-dans-les-arbres-oase-weil\/"},"modified":"2026-04-22T11:47:58","modified_gmt":"2026-04-22T09:47:58","slug":"hotel-de-cabane-dans-les-arbres-oase-weil","status":"publish","type":"erlebnisse","link":"https:\/\/walderlebnispfade.de\/fr\/erlebnisse\/hotel-de-cabane-dans-les-arbres-oase-weil\/","title":{"rendered":"H\u00f4tel de cabane dans les arbres Oase Weil"},"content":{"rendered":"<style>.wp-block-kadence-advancedheading.kt-adv-heading6670_185783-c2, .wp-block-kadence-advancedheading.kt-adv-heading6670_185783-c2[data-kb-block=\"kb-adv-heading6670_185783-c2\"]{font-style:normal;}.wp-block-kadence-advancedheading.kt-adv-heading6670_185783-c2 mark.kt-highlight, .wp-block-kadence-advancedheading.kt-adv-heading6670_185783-c2[data-kb-block=\"kb-adv-heading6670_185783-c2\"] mark.kt-highlight{font-style:normal;color:#f76a0c;-webkit-box-decoration-break:clone;box-decoration-break:clone;padding-top:0px;padding-right:0px;padding-bottom:0px;padding-left:0px;}.wp-block-kadence-advancedheading.kt-adv-heading6670_185783-c2 img.kb-inline-image, .wp-block-kadence-advancedheading.kt-adv-heading6670_185783-c2[data-kb-block=\"kb-adv-heading6670_185783-c2\"] img.kb-inline-image{width:150px;vertical-align:baseline;}<\/style>\n<h2 class=\"kt-adv-heading6670_185783-c2 wp-block-kadence-advancedheading\" data-kb-block=\"kb-adv-heading6670_185783-c2\">Cabane dans les arbres avec service h\u00f4telier<\/h2>\n\n<p>Dans l\u2019h\u00f4tel de cabanes dans les arbres Oase Weil, 8 cabanes diff\u00e9rentes accueillent chacune quatre \u00e0 six personnes pour la nuit. Contrairement \u00e0 certains autres h\u00f4tels de cabanes dans les arbres, ceux-ci proposent un service h\u00f4telier avec accueil et petit-d\u00e9jeuner. De m\u00eame, l\u2019\u00e9quipement, avec des salles de bains enti\u00e8rement \u00e9quip\u00e9es, une t\u00e9l\u00e9vision, le Wi-Fi et une cuisine compl\u00e8te, rappelle davantage des chambres d\u2019h\u00f4tel qu\u2019une nuit pass\u00e9e en pleine nature. Bien entendu, toutes les cabanes sont chauff\u00e9es.   <\/p>\n<style>.kb-table-of-content-nav.kb-table-of-content-id6670_d8e42b-e9 .kb-table-of-content-wrap{padding-top:var(--global-kb-spacing-sm, 1.5rem);padding-right:var(--global-kb-spacing-sm, 1.5rem);padding-bottom:var(--global-kb-spacing-sm, 1.5rem);padding-left:var(--global-kb-spacing-sm, 1.5rem);background-color:var(--global-palette8, #F7FAFC);box-shadow:inset 0px 0px 14px 0px rgba(0, 0, 0, 0.2);}.kb-table-of-content-nav.kb-table-of-content-id6670_d8e42b-e9 .kb-table-of-contents-title-wrap{padding-top:0px;padding-right:0px;padding-bottom:0px;padding-left:0px;}.kb-table-of-content-nav.kb-table-of-content-id6670_d8e42b-e9 .kb-table-of-contents-title{font-weight:regular;font-style:normal;}.kb-table-of-content-nav.kb-table-of-content-id6670_d8e42b-e9 .kb-table-of-content-wrap .kb-table-of-content-list{font-weight:regular;font-style:normal;margin-top:var(--global-kb-spacing-sm, 1.5rem);margin-right:0px;margin-bottom:0px;margin-left:0px;}.kb-table-of-content-nav.kb-table-of-content-id6670_d8e42b-e9 .kb-toggle-icon-style-basiccircle .kb-table-of-contents-icon-trigger:after, .kb-table-of-content-nav.kb-table-of-content-id6670_d8e42b-e9 .kb-toggle-icon-style-basiccircle .kb-table-of-contents-icon-trigger:before, .kb-table-of-content-nav.kb-table-of-content-id6670_d8e42b-e9 .kb-toggle-icon-style-arrowcircle .kb-table-of-contents-icon-trigger:after, .kb-table-of-content-nav.kb-table-of-content-id6670_d8e42b-e9 .kb-toggle-icon-style-arrowcircle .kb-table-of-contents-icon-trigger:before, .kb-table-of-content-nav.kb-table-of-content-id6670_d8e42b-e9 .kb-toggle-icon-style-xclosecircle .kb-table-of-contents-icon-trigger:after, .kb-table-of-content-nav.kb-table-of-content-id6670_d8e42b-e9 .kb-toggle-icon-style-xclosecircle .kb-table-of-contents-icon-trigger:before{background-color:var(--global-palette8, #F7FAFC);}<\/style>\n<p>Chaque suite dans les cimes porte un nom propre plein de caract\u00e8re, de la suite compacte XS \u00ab Flaschengeist \u00bb au spacieux \u00ab Klabautermann \u00bb pouvant accueillir jusqu\u2019\u00e0 six personnes. Toutes les maisons sont enti\u00e8rement \u00e9quip\u00e9es : cuisine am\u00e9nag\u00e9e, lit queen-size, balcon meubl\u00e9 et salle de bain avec douche et WC. Le Wi-Fi est disponible non seulement dans la maison, mais aussi dans les espaces ext\u00e9rieurs. En guise de souvenir sp\u00e9cial, des chaussons d\u2019escalade sp\u00e9cialement con\u00e7us pour les cabanes sont inclus dans le prix de la nuit\u00e9e et peuvent \u00eatre emport\u00e9s \u00e0 la fin du s\u00e9jour.   <\/p>\n\n<p>De nombreuses activit\u00e9s sont propos\u00e9es autour de l\u2019OaseWeil. Le parc naturel de Sch\u00f6nbuch invite aux randonn\u00e9es \u00e0 pied ou \u00e0 v\u00e9lo, et ceux qui recherchent une soir\u00e9e particuli\u00e8re trouveront r\u00e9guli\u00e8rement sur le site des \u00e9v\u00e9nements tels que des d\u00eeners-spectacles et des concerts. L\u2019h\u00f4tel de cabanes s\u2019adresse aux couples, aux familles et aux groupes souhaitant passer une nuit insolite au c\u0153ur de la nature du sud-ouest de l\u2019Allemagne.  <\/p>\n<style>.kb-row-layout-id6670_dd0038-a6 > .kt-row-column-wrap{align-content:start;}:where(.kb-row-layout-id6670_dd0038-a6 > .kt-row-column-wrap) > .wp-block-kadence-column{justify-content:start;}.kb-row-layout-id6670_dd0038-a6 > .kt-row-column-wrap{column-gap:var(--global-kb-gap-md, 2rem);row-gap:var(--global-kb-gap-md, 2rem);padding-top:var(--global-kb-spacing-sm, 1.5rem);padding-bottom:var(--global-kb-spacing-sm, 1.5rem);grid-template-columns:repeat(2, minmax(0, 1fr));}.kb-row-layout-id6670_dd0038-a6 > .kt-row-layout-overlay{opacity:0.30;}@media all and (max-width: 1024px){.kb-row-layout-id6670_dd0038-a6 > .kt-row-column-wrap{grid-template-columns:repeat(2, minmax(0, 1fr));}}@media all and (max-width: 767px){.kb-row-layout-id6670_dd0038-a6 > .kt-row-column-wrap{grid-template-columns:minmax(0, 1fr);}}<\/style><div class=\"kb-row-layout-wrap kb-row-layout-id6670_dd0038-a6 alignnone wp-block-kadence-rowlayout\"><div class=\"kt-row-column-wrap kt-has-2-columns kt-row-layout-equal kt-tab-layout-inherit kt-mobile-layout-row kt-row-valign-top\">\n<style>.kadence-column6670_e4a3d1-09 > .kt-inside-inner-col,.kadence-column6670_e4a3d1-09 > .kt-inside-inner-col:before{border-top-left-radius:0px;border-top-right-radius:0px;border-bottom-right-radius:0px;border-bottom-left-radius:0px;}.kadence-column6670_e4a3d1-09 > .kt-inside-inner-col{column-gap:var(--global-kb-gap-sm, 1rem);}.kadence-column6670_e4a3d1-09 > .kt-inside-inner-col{flex-direction:column;}.kadence-column6670_e4a3d1-09 > .kt-inside-inner-col > .aligncenter{width:100%;}.kadence-column6670_e4a3d1-09 > .kt-inside-inner-col:before{opacity:0.3;}.kadence-column6670_e4a3d1-09{position:relative;}@media all and (max-width: 1024px){.kadence-column6670_e4a3d1-09 > .kt-inside-inner-col{flex-direction:column;justify-content:center;}}@media all and (max-width: 767px){.kadence-column6670_e4a3d1-09 > .kt-inside-inner-col{flex-direction:column;justify-content:center;}}<\/style>\n<div class=\"wp-block-kadence-column kadence-column6670_e4a3d1-09\"><div class=\"kt-inside-inner-col\"><style>.wp-block-kadence-advancedheading.kt-adv-heading6670_cb21b1-fd, .wp-block-kadence-advancedheading.kt-adv-heading6670_cb21b1-fd[data-kb-block=\"kb-adv-heading6670_cb21b1-fd\"]{text-align:center;font-style:normal;}.wp-block-kadence-advancedheading.kt-adv-heading6670_cb21b1-fd mark.kt-highlight, .wp-block-kadence-advancedheading.kt-adv-heading6670_cb21b1-fd[data-kb-block=\"kb-adv-heading6670_cb21b1-fd\"] mark.kt-highlight{font-style:normal;color:#f76a0c;-webkit-box-decoration-break:clone;box-decoration-break:clone;padding-top:0px;padding-right:0px;padding-bottom:0px;padding-left:0px;}.wp-block-kadence-advancedheading.kt-adv-heading6670_cb21b1-fd img.kb-inline-image, .wp-block-kadence-advancedheading.kt-adv-heading6670_cb21b1-fd[data-kb-block=\"kb-adv-heading6670_cb21b1-fd\"] img.kb-inline-image{width:150px;vertical-align:baseline;}<\/style>\n<h3 class=\"kt-adv-heading6670_cb21b1-fd wp-block-kadence-advancedheading\" data-kb-block=\"kb-adv-heading6670_cb21b1-fd\">Aper\u00e7u des \u00e9quipements :<\/h3>\n\n\n<style>.kb-table-container6670_ff4c56-34{overflow-x:auto;}.kb-table-container .kb-table6670_ff4c56-34 th{padding-top:var(--global-kb-spacing-xxs, 0.5rem);padding-right:var(--global-kb-spacing-xxs, 0.5rem);padding-bottom:var(--global-kb-spacing-xxs, 0.5rem);padding-left:var(--global-kb-spacing-xxs, 0.5rem);text-align:center;}.kb-table-container .kb-table6670_ff4c56-34 caption{text-align:center;}.kb-table-container .kb-table6670_ff4c56-34 td{padding-top:var(--global-kb-spacing-xxs, 0.5rem);padding-right:var(--global-kb-spacing-xxs, 0.5rem);padding-bottom:var(--global-kb-spacing-xxs, 0.5rem);padding-left:var(--global-kb-spacing-xxs, 0.5rem);text-align:left;}<\/style><div class=\"kb-table-container kb-table-container6670_ff4c56-34 wp-block-kadence-table\"><table class=\"kb-table kb-table6670_ff4c56-34\">\n<tr class=\"kb-table-row kb-table-row6670_c4da21-a8\">\n<td class=\"kb-table-data kb-table-data6670_60703d-46\">\n<style>.kb-image6670_54d0ae-cc .kb-image-has-overlay:after{opacity:0.3;}<\/style>\n<div class=\"wp-block-kadence-image kb-image6670_54d0ae-cc\"><figure class=\"aligncenter size-full\"><img loading=\"lazy\" decoding=\"async\" width=\"100\" height=\"100\" src=\"https:\/\/walderlebnispfade.de\/wp-content\/uploads\/2026\/04\/WC.png\" alt=\"WC-Symbol\" class=\"kb-img wp-image-7716\"\/><\/figure><\/div>\n\n<\/td>\n\n<td class=\"kb-table-data kb-table-data6670_3ba519-3d\">\n<style>.kb-image6670_fa0b84-66 .kb-image-has-overlay:after{opacity:0.3;}<\/style>\n<div class=\"wp-block-kadence-image kb-image6670_fa0b84-66\"><figure class=\"aligncenter size-full\"><img loading=\"lazy\" decoding=\"async\" width=\"100\" height=\"100\" src=\"https:\/\/walderlebnispfade.de\/wp-content\/uploads\/2026\/04\/Dusche.png\" alt=\"Dusch-Symbol\" class=\"kb-img wp-image-7711\"\/><\/figure><\/div>\n\n<\/td>\n<\/tr>\n\n<tr class=\"kb-table-row kb-table-row6670_8ae0ae-5d\">\n<td class=\"kb-table-data kb-table-data6670_6e2d55-d7\">\n<style>.kb-image6670_e40218-f6.kb-image-is-ratio-size, .kb-image6670_e40218-f6 .kb-image-is-ratio-size{max-width:100px;width:100%;}.wp-block-kadence-column > .kt-inside-inner-col > .kb-image6670_e40218-f6.kb-image-is-ratio-size, .wp-block-kadence-column > .kt-inside-inner-col > .kb-image6670_e40218-f6 .kb-image-is-ratio-size{align-self:unset;}.kb-image6670_e40218-f6 figure{max-width:100px;}.kb-image6670_e40218-f6 .image-is-svg, .kb-image6670_e40218-f6 .image-is-svg img{width:100%;}.kb-image6670_e40218-f6 .kb-image-has-overlay:after{opacity:0.3;}<\/style>\n<div class=\"wp-block-kadence-image kb-image6670_e40218-f6\"><figure class=\"aligncenter size-full\"><img loading=\"lazy\" decoding=\"async\" width=\"100\" height=\"100\" src=\"https:\/\/walderlebnispfade.de\/wp-content\/uploads\/2026\/04\/Strom.png\" alt=\"Strom-Symbol\" class=\"kb-img wp-image-7715\"\/><\/figure><\/div>\n\n<\/td>\n\n<td class=\"kb-table-data kb-table-data6670_d5b47a-13\">\n<style>.kb-image6670_da141c-8f .kb-image-has-overlay:after{opacity:0.3;}<\/style>\n<div class=\"wp-block-kadence-image kb-image6670_da141c-8f\"><figure class=\"aligncenter size-full\"><img loading=\"lazy\" decoding=\"async\" width=\"100\" height=\"100\" src=\"https:\/\/walderlebnispfade.de\/wp-content\/uploads\/2026\/04\/Heizung.png\" alt=\"Heizungs-Symbol\" class=\"kb-img wp-image-7712\"\/><\/figure><\/div>\n\n<\/td>\n<\/tr>\n\n<tr class=\"kb-table-row kb-table-row6670_c1ac61-ae\">\n<td class=\"kb-table-data kb-table-data6670_2dc46d-46\">\n<style>.kb-image6670_0fd3b7-0b .kb-image-has-overlay:after{opacity:0.3;}<\/style>\n<div class=\"wp-block-kadence-image kb-image6670_0fd3b7-0b\"><figure class=\"aligncenter size-full\"><img loading=\"lazy\" decoding=\"async\" width=\"100\" height=\"100\" src=\"https:\/\/walderlebnispfade.de\/wp-content\/uploads\/2026\/04\/Kueche.png\" alt=\"K\u00fcchen-Symbol\" class=\"kb-img wp-image-7714\"\/><\/figure><\/div>\n\n<\/td>\n\n<td class=\"kb-table-data kb-table-data6670_cb3951-53\">\n<style>.kb-image6670_569f84-1b .kb-image-has-overlay:after{opacity:0.3;}<\/style>\n<div class=\"wp-block-kadence-image kb-image6670_569f84-1b\"><figure class=\"aligncenter size-full\"><img loading=\"lazy\" decoding=\"async\" width=\"100\" height=\"100\" src=\"https:\/\/walderlebnispfade.de\/wp-content\/uploads\/2026\/04\/WLAN.png\" alt=\"WLAN-Symbol\" class=\"kb-img wp-image-7717\"\/><\/figure><\/div>\n\n<\/td>\n<\/tr>\n<\/table><\/div><\/div><\/div>\n\n\n<style>.kadence-column6670_d36056-4e > .kt-inside-inner-col,.kadence-column6670_d36056-4e > .kt-inside-inner-col:before{border-top-left-radius:0px;border-top-right-radius:0px;border-bottom-right-radius:0px;border-bottom-left-radius:0px;}.kadence-column6670_d36056-4e > .kt-inside-inner-col{column-gap:var(--global-kb-gap-sm, 1rem);}.kadence-column6670_d36056-4e > .kt-inside-inner-col{flex-direction:column;}.kadence-column6670_d36056-4e > .kt-inside-inner-col > .aligncenter{width:100%;}.kadence-column6670_d36056-4e > .kt-inside-inner-col:before{opacity:0.3;}.kadence-column6670_d36056-4e{position:relative;}@media all and (max-width: 1024px){.kadence-column6670_d36056-4e > .kt-inside-inner-col{flex-direction:column;justify-content:center;}}@media all and (max-width: 767px){.kadence-column6670_d36056-4e > .kt-inside-inner-col{flex-direction:column;justify-content:center;}}<\/style>\n<div class=\"wp-block-kadence-column kadence-column6670_d36056-4e\"><div class=\"kt-inside-inner-col\"><style>.kb-image6670_78ca51-0f .kb-image-has-overlay:after{opacity:0.3;}<\/style>\n<figure class=\"wp-block-kadence-image kb-image6670_78ca51-0f size-full\"><img loading=\"lazy\" decoding=\"async\" width=\"1024\" height=\"577\" src=\"https:\/\/walderlebnispfade.de\/wp-content\/uploads\/2025\/03\/Baumhaushotel_Oase_Weil_Ansicht.jpg\" alt=\"Baumhaushotel Oase Weil Ansicht\" class=\"kb-img wp-image-6675\" srcset=\"https:\/\/walderlebnispfade.de\/wp-content\/uploads\/2025\/03\/Baumhaushotel_Oase_Weil_Ansicht.jpg 1024w, https:\/\/walderlebnispfade.de\/wp-content\/uploads\/2025\/03\/Baumhaushotel_Oase_Weil_Ansicht-300x169.jpg 300w, https:\/\/walderlebnispfade.de\/wp-content\/uploads\/2025\/03\/Baumhaushotel_Oase_Weil_Ansicht-768x433.jpg 768w\" sizes=\"auto, (max-width: 1024px) 100vw, 1024px\" \/><\/figure>\n<\/div><\/div>\n\n<\/div><\/div>\n<p>L&rsquo;oasis de Weil est joliment nich\u00e9e dans la nature, entre for\u00eats et prairies. Outre les cabanes dans les arbres, il y a une maison principale, une boutique et des salles de traitement pour les massages ayurv\u00e9diques. Des places de parking sont disponibles \u00e0 proximit\u00e9 de l&rsquo;\u00e9tablissement et il est \u00e9galement possible d&rsquo;entreposer des v\u00e9los. La haute saison s&rsquo;\u00e9tend d&rsquo;avril \u00e0 octobre. Vous pouvez r\u00e9server votre s\u00e9jour \u00e0 l&rsquo;h\u00f4tel Oase Weil <a href=\"https:\/\/oaseweil.de\/baumhaushotel\/preisliste\/\" data-type=\"link\" data-id=\"https:\/\/oaseweil.de\/baumhaushotel\/preisliste\/\" target=\"_blank\" rel=\"noreferrer noopener\">ici<\/a>.    <\/p>\n\n<h2 class=\"wp-block-heading\">Vid\u00e9o de la maison-h\u00f4tel dans les arbres Oase Weil<\/h2>\n\n<figure class=\"wp-block-embed is-type-video is-provider-youtube wp-block-embed-youtube wp-embed-aspect-16-9 wp-has-aspect-ratio\"><div class=\"wp-block-embed__wrapper\">\n<iframe loading=\"lazy\" hcb-fetch-image-from=\"https:\/\/youtu.be\/gfiway-ZTjA?si=sfcfkJQamnviCwJR\" title=\"Das Baumhaushotel stellt sich in diesem Video vor\" width=\"720\" height=\"405\" src=\"https:\/\/www.youtube.com\/embed\/gfiway-ZTjA?feature=oembed\" frameborder=\"0\" allow=\"accelerometer; autoplay; clipboard-write; encrypted-media; gyroscope; picture-in-picture; web-share\" referrerpolicy=\"strict-origin-when-cross-origin\" allowfullscreen><\/iframe>\n<\/div><\/figure>\n\n<h2 class=\"wp-block-heading\">Informations sur la maison-h\u00f4tel dans les arbres Oase Weil<\/h2>\n\n<figure class=\"wp-block-table\"><table class=\"has-fixed-layout\"><tbody><tr><td>Nombre de cabanes dans les arbres :<\/td><td>8 cabanes dans les arbres de diff\u00e9rentes tailles S \u2013 XXL<\/td><\/tr><tr><td>Hauteur de vie :<\/td><td>2 \u2013 6 m\u00e8tres<\/td><\/tr><tr><td>Capacit\u00e9 :<\/td><td>Jusqu&rsquo;\u00e0 6 personnes<\/td><\/tr><tr><td>R\u00e9servable :<\/td><td>R\u00e9servation possible toute l&rsquo;ann\u00e9e<\/td><\/tr><tr><td>Chauffage :<\/td><td>Le chauffage est disponible.<\/td><\/tr><tr><td>\u00e9lectricit\u00e9 :<\/td><td>Oui.<\/td><\/tr><tr><td>Cuisine :<\/td><td>Cuisine \u00e9quip\u00e9e de plaques de cuisson, d&rsquo;un r\u00e9frig\u00e9rateur et de tous les ustensiles de cuisine essentiels.<\/td><\/tr><tr><td>les installations sanitaires:<\/td><td>Salle de bain compl\u00e8te avec douche &amp; WC.<\/td><\/tr><tr><td>Accessible aux personnes handicap\u00e9es :<\/td><td>Non, car l&rsquo;acc\u00e8s n&rsquo;est possible que par des escaliers.<\/td><\/tr><tr><td>Chiens admis:<\/td><td>Non, les chiens ne sont pas autoris\u00e9s dans les cabanes dans les arbres.<\/td><\/tr><\/tbody><\/table><figcaption class=\"wp-element-caption\">D\u00e9tails sur Baumhotel Oase Weil<\/figcaption><\/figure>\n\n<hr class=\"wp-block-separator has-alpha-channel-opacity\" style=\"margin-top:var(--wp--preset--spacing--50);margin-bottom:var(--wp--preset--spacing--50)\"\/>\n<style>.kadence-column6670_086715-35 > .kt-inside-inner-col{display:flex;}.kadence-column6670_086715-35 > .kt-inside-inner-col{padding-top:var(--global-kb-spacing-xs, 1rem);padding-right:var(--global-kb-spacing-xs, 1rem);padding-bottom:var(--global-kb-spacing-xs, 1rem);padding-left:var(--global-kb-spacing-xs, 1rem);}.kadence-column6670_086715-35 > .kt-inside-inner-col{box-shadow:0px 0px 14px 0px rgba(0, 0, 0, 0.2);}.kadence-column6670_086715-35 > .kt-inside-inner-col,.kadence-column6670_086715-35 > .kt-inside-inner-col:before{border-top-left-radius:0px;border-top-right-radius:0px;border-bottom-right-radius:0px;border-bottom-left-radius:0px;}.kadence-column6670_086715-35 > .kt-inside-inner-col{column-gap:var(--global-kb-gap-sm, 1rem);}.kadence-column6670_086715-35 > .kt-inside-inner-col{flex-direction:column;align-items:center;}.kadence-column6670_086715-35 > .kt-inside-inner-col > .kb-image-is-ratio-size{align-self:stretch;}.kadence-column6670_086715-35 > .kt-inside-inner-col > .wp-block-kadence-advancedgallery{align-self:stretch;}.kadence-column6670_086715-35 > .kt-inside-inner-col > .aligncenter{width:100%;}.kadence-column6670_086715-35 > .kt-inside-inner-col{background-color:var(--global-palette8, #F7FAFC);}.kadence-column6670_086715-35 > .kt-inside-inner-col:before{opacity:0.3;}.kadence-column6670_086715-35{position:relative;}@media all and (max-width: 1024px){.kadence-column6670_086715-35 > .kt-inside-inner-col{flex-direction:column;justify-content:center;align-items:center;}}@media all and (max-width: 767px){.kadence-column6670_086715-35 > .kt-inside-inner-col{flex-direction:column;justify-content:center;align-items:center;}}<\/style>\n<div class=\"wp-block-kadence-column kadence-column6670_086715-35\"><div class=\"kt-inside-inner-col\">\n<p class=\"has-text-align-center\">Que pensez-vous de l\u2019h\u00f4tel de cabanes dans les arbres Oase Weil ? Laissez-nous une \u00e9valuation, s&rsquo;il vous pla\u00eet.  <br\/>Vous nous aidez ainsi que d&rsquo;autres amoureux de la nature. Merci beaucoup \ud83d\ude42 ! <\/p>\n\n\n\n<div class=\"wp-block-yet-another-stars-rating-visitor-votes aligncenter yasr-vv-block\"><\/div>\n\n\n\n<p>Vous trouverez d&rsquo;autres aventures passionnantes dans notre <a href=\"https:\/\/walderlebnispfade.de\/fr\/experiences-en-foret\/\" data-type=\"page\" data-id=\"228\">recherche d&rsquo;exp\u00e9riences en for\u00eat<\/a> et dans notre <a href=\"https:\/\/walderlebnispfade.de\/fr\/apercu-des-hotels-de-cabanes-dans-les-arbres\/\" data-type=\"post\" data-id=\"5771\">aper\u00e7u des h\u00f4tels dans les arbres<\/a>!<\/p>\n<\/div><\/div>\n\n<hr class=\"wp-block-separator has-alpha-channel-opacity\" style=\"margin-top:var(--wp--preset--spacing--50);margin-bottom:var(--wp--preset--spacing--50)\"\/>\n\n<p><\/p>\n","protected":false},"author":2,"featured_media":6673,"comment_status":"open","ping_status":"closed","template":"","meta":{"_kad_blocks_custom_css":"","_kad_blocks_head_custom_js":"","_kad_blocks_body_custom_js":"","_kad_blocks_footer_custom_js":"","_kad_post_transparent":"","_kad_post_title":"","_kad_post_layout":"","_kad_post_sidebar_id":"","_kad_post_content_style":"","_kad_post_vertical_padding":"","_kad_post_feature":"","_kad_post_feature_position":"","_kad_post_header":false,"_kad_post_footer":false,"_kad_post_classname":"","yasr_overall_rating":0,"yasr_post_is_review":"yes","yasr_auto_insert_disabled":"","yasr_review_type":"LocalBusiness"},"region":[130,139],"erlebnisart":[190,193],"class_list":["post-6687","erlebnisse","type-erlebnisse","status-publish","has-post-thumbnail","hentry","region-deutschland-fr","region-bw-fr","erlebnisart-hebergement","erlebnisart-hotel-dans-les-arbres"],"yasr_visitor_votes":{"stars_attributes":{"read_only":false,"span_bottom":false},"number_of_votes":0,"sum_votes":0},"taxonomy_info":{"region":[{"value":130,"label":"Allemagne"},{"value":139,"label":"Baden-W\u00fcrttemberg"}],"erlebnisart":[{"value":190,"label":"H\u00e9bergement"},{"value":193,"label":"H\u00f4tel dans les arbres"}]},"featured_image_src_large":["https:\/\/walderlebnispfade.de\/wp-content\/uploads\/2025\/03\/Baumhaushotel_Oase_Weil-1024x576.jpg",1024,576,true],"author_info":{"display_name":"Moni","author_link":"https:\/\/walderlebnispfade.de\/fr\/author\/moni\/"},"comment_info":0,"_links":{"self":[{"href":"https:\/\/walderlebnispfade.de\/fr\/wp-json\/wp\/v2\/erlebnisse\/6687","targetHints":{"allow":["GET"]}}],"collection":[{"href":"https:\/\/walderlebnispfade.de\/fr\/wp-json\/wp\/v2\/erlebnisse"}],"about":[{"href":"https:\/\/walderlebnispfade.de\/fr\/wp-json\/wp\/v2\/types\/erlebnisse"}],"author":[{"embeddable":true,"href":"https:\/\/walderlebnispfade.de\/fr\/wp-json\/wp\/v2\/users\/2"}],"replies":[{"embeddable":true,"href":"https:\/\/walderlebnispfade.de\/fr\/wp-json\/wp\/v2\/comments?post=6687"}],"wp:featuredmedia":[{"embeddable":true,"href":"https:\/\/walderlebnispfade.de\/fr\/wp-json\/wp\/v2\/media\/6673"}],"wp:attachment":[{"href":"https:\/\/walderlebnispfade.de\/fr\/wp-json\/wp\/v2\/media?parent=6687"}],"wp:term":[{"taxonomy":"region","embeddable":true,"href":"https:\/\/walderlebnispfade.de\/fr\/wp-json\/wp\/v2\/region?post=6687"},{"taxonomy":"erlebnisart","embeddable":true,"href":"https:\/\/walderlebnispfade.de\/fr\/wp-json\/wp\/v2\/erlebnisart?post=6687"}],"curies":[{"name":"wp","href":"https:\/\/api.w.org\/{rel}","templated":true}]}}