{"id":6994,"date":"2025-05-29T17:45:19","date_gmt":"2025-05-29T15:45:19","guid":{"rendered":"https:\/\/walderlebnispfade.de\/erlebnisse\/hotel-cabane-dans-les-arbres-en-haute-baviere-bien-etre-de-luxe-entre-les-cimes-des-arbres\/"},"modified":"2026-04-22T11:28:45","modified_gmt":"2026-04-22T09:28:45","slug":"hotel-cabane-dans-les-arbres-en-haute-baviere-bien-etre-de-luxe-entre-les-cimes-des-arbres","status":"publish","type":"erlebnisse","link":"https:\/\/walderlebnispfade.de\/fr\/erlebnisse\/hotel-cabane-dans-les-arbres-en-haute-baviere-bien-etre-de-luxe-entre-les-cimes-des-arbres\/","title":{"rendered":"H\u00f4tel cabane dans les arbres en Haute-Bavi\u00e8re"},"content":{"rendered":"<style>.wp-block-kadence-advancedheading.kt-adv-heading6979_affc18-ea, .wp-block-kadence-advancedheading.kt-adv-heading6979_affc18-ea[data-kb-block=\"kb-adv-heading6979_affc18-ea\"]{font-style:normal;}.wp-block-kadence-advancedheading.kt-adv-heading6979_affc18-ea mark.kt-highlight, .wp-block-kadence-advancedheading.kt-adv-heading6979_affc18-ea[data-kb-block=\"kb-adv-heading6979_affc18-ea\"] mark.kt-highlight{font-style:normal;color:#f76a0c;-webkit-box-decoration-break:clone;box-decoration-break:clone;padding-top:0px;padding-right:0px;padding-bottom:0px;padding-left:0px;}.wp-block-kadence-advancedheading.kt-adv-heading6979_affc18-ea img.kb-inline-image, .wp-block-kadence-advancedheading.kt-adv-heading6979_affc18-ea[data-kb-block=\"kb-adv-heading6979_affc18-ea\"] img.kb-inline-image{width:150px;vertical-align:baseline;}<\/style>\n<h2 class=\"kt-adv-heading6979_affc18-ea wp-block-kadence-advancedheading\" data-kb-block=\"kb-adv-heading6979_affc18-ea\">H\u00f4tel premium dans les arbres pr\u00e8s de Munich<\/h2>\n\n<p>L\u2019h\u00f4tel dans les arbres Oberbayern, \u00e0 Jetzendorf, vous offre un confort luxueux unique \u00e0 5 m\u00e8tres de hauteur, directement au bord d\u2019un lac de baignade idyllique. Avec des jacuzzis priv\u00e9s, des saunas et des \u00e9quipements haut de gamme, c\u2019est l\u2019h\u00f4tel dans les arbres premium d\u2019Allemagne. L\u2019\u00e9tablissement a re\u00e7u le KAYAK Travel Award, comme le confirment les avis clients unanimement positifs, qui \u00e9voquent une ambiance familiale, des h\u00f4tes attentionn\u00e9s et un petit-d\u00e9jeuner frais et durable. La proximit\u00e9 de Munich et l\u2019ouverture toute l\u2019ann\u00e9e en font un lieu id\u00e9al aussi bien pour des week-ends romantiques que pour des occasions sp\u00e9ciales.   <\/p>\n<style>.kb-table-of-content-nav.kb-table-of-content-id6979_f4c8c9-16 .kb-table-of-content-wrap{padding-top:var(--global-kb-spacing-sm, 1.5rem);padding-right:var(--global-kb-spacing-sm, 1.5rem);padding-bottom:var(--global-kb-spacing-sm, 1.5rem);padding-left:var(--global-kb-spacing-sm, 1.5rem);background-color:var(--global-palette8, #F7FAFC);box-shadow:inset 0px 0px 14px 0px rgba(0, 0, 0, 0.2);}.kb-table-of-content-nav.kb-table-of-content-id6979_f4c8c9-16 .kb-table-of-contents-title-wrap{padding-top:0px;padding-right:0px;padding-bottom:0px;padding-left:0px;}.kb-table-of-content-nav.kb-table-of-content-id6979_f4c8c9-16 .kb-table-of-contents-title{font-weight:regular;font-style:normal;}.kb-table-of-content-nav.kb-table-of-content-id6979_f4c8c9-16 .kb-table-of-content-wrap .kb-table-of-content-list{font-weight:regular;font-style:normal;margin-top:var(--global-kb-spacing-sm, 1.5rem);margin-right:0px;margin-bottom:0px;margin-left:0px;}.kb-table-of-content-nav.kb-table-of-content-id6979_f4c8c9-16 .kb-toggle-icon-style-basiccircle .kb-table-of-contents-icon-trigger:after, .kb-table-of-content-nav.kb-table-of-content-id6979_f4c8c9-16 .kb-toggle-icon-style-basiccircle .kb-table-of-contents-icon-trigger:before, .kb-table-of-content-nav.kb-table-of-content-id6979_f4c8c9-16 .kb-toggle-icon-style-arrowcircle .kb-table-of-contents-icon-trigger:after, .kb-table-of-content-nav.kb-table-of-content-id6979_f4c8c9-16 .kb-toggle-icon-style-arrowcircle .kb-table-of-contents-icon-trigger:before, .kb-table-of-content-nav.kb-table-of-content-id6979_f4c8c9-16 .kb-toggle-icon-style-xclosecircle .kb-table-of-contents-icon-trigger:after, .kb-table-of-content-nav.kb-table-of-content-id6979_f4c8c9-16 .kb-toggle-icon-style-xclosecircle .kb-table-of-contents-icon-trigger:before{background-color:var(--global-palette8, #F7FAFC);}<\/style>\n<p>L\u2019h\u00f4tel dans les arbres Oberbayern se situe \u00e0 seulement 30 minutes au nord de Munich, dans la pittoresque commune de Jetzendorf.<strong> <\/strong>Vous avez le choix entre cinq cabanes dans les arbres et une lodge au bord du lac, directement sur l\u2019eau. Chaque cabane offre 22 m\u00b2 de surface habitable avec un lit double (180 x 200 cm) et une terrasse priv\u00e9e d\u2019environ 20 m\u00b2 avec coin salon.  <\/p>\n\n<p>Les h\u00e9bergements se distinguent par leurs \u00e9quipements : la cabane 1 est sans jacuzzi ; les cabanes 2, 3 et 4 disposent d\u2019un jacuzzi ext\u00e9rieur priv\u00e9 sur la terrasse (chauff\u00e9 \u00e0 39 degr\u00e9s), et les cabanes 3 et 4 proposent en plus un sauna priv\u00e9. La suite dans les arbres est compl\u00e9t\u00e9e par une fen\u00eatre panoramique. Si tu veux \u00eatre encore plus pr\u00e8s de l\u2019eau, r\u00e9serve la lodge au bord du lac.  <\/p>\n\n<p>En \u00e9t\u00e9, le lac de baignade de l\u2019h\u00f4tel invite \u00e0 la nage, et deux cano\u00ebs sont \u00e0 votre disposition. Si tu veux bouger davantage, tu trouveras dans les environs un <a href=\"https:\/\/waldkletterpark-oberbayern.de\/\" data-type=\"link\" data-id=\"https:\/\/waldkletterpark-oberbayern.de\/\" target=\"_blank\" rel=\"noopener\">parc accrobranche<\/a>, un mini-golf aventure, des pistes cyclables et des sentiers de randonn\u00e9e. Le petit-d\u00e9jeuner, compos\u00e9 d\u2019ingr\u00e9dients frais et r\u00e9gionaux, est livr\u00e9 le matin \u00e0 la cabane.  <\/p>\n\n<h2 class=\"wp-block-heading\">Les diff\u00e9rentes cabanes dans les arbres<\/h2>\n<style>.kb-row-layout-id6979_69f9f8-ac > .kt-row-column-wrap{align-content:start;}:where(.kb-row-layout-id6979_69f9f8-ac > .kt-row-column-wrap) > .wp-block-kadence-column{justify-content:start;}.kb-row-layout-id6979_69f9f8-ac > .kt-row-column-wrap{column-gap:var(--global-kb-gap-md, 2rem);row-gap:var(--global-kb-gap-md, 2rem);padding-top:var(--global-kb-spacing-sm, 1.5rem);padding-bottom:var(--global-kb-spacing-sm, 1.5rem);grid-template-columns:repeat(2, minmax(0, 1fr));}.kb-row-layout-id6979_69f9f8-ac > .kt-row-layout-overlay{opacity:0.30;}@media all and (max-width: 1024px){.kb-row-layout-id6979_69f9f8-ac > .kt-row-column-wrap{grid-template-columns:repeat(2, minmax(0, 1fr));}}@media all and (max-width: 767px){.kb-row-layout-id6979_69f9f8-ac > .kt-row-column-wrap{grid-template-columns:minmax(0, 1fr);}}<\/style><div class=\"kb-row-layout-wrap kb-row-layout-id6979_69f9f8-ac alignnone wp-block-kadence-rowlayout\"><div class=\"kt-row-column-wrap kt-has-2-columns kt-row-layout-equal kt-tab-layout-inherit kt-mobile-layout-row kt-row-valign-top\">\n<style>.kadence-column6979_432207-60 > .kt-inside-inner-col,.kadence-column6979_432207-60 > .kt-inside-inner-col:before{border-top-left-radius:0px;border-top-right-radius:0px;border-bottom-right-radius:0px;border-bottom-left-radius:0px;}.kadence-column6979_432207-60 > .kt-inside-inner-col{column-gap:var(--global-kb-gap-sm, 1rem);}.kadence-column6979_432207-60 > .kt-inside-inner-col{flex-direction:column;}.kadence-column6979_432207-60 > .kt-inside-inner-col > .aligncenter{width:100%;}.kadence-column6979_432207-60 > .kt-inside-inner-col:before{opacity:0.3;}.kadence-column6979_432207-60{position:relative;}@media all and (max-width: 1024px){.kadence-column6979_432207-60 > .kt-inside-inner-col{flex-direction:column;justify-content:center;}}@media all and (max-width: 767px){.kadence-column6979_432207-60 > .kt-inside-inner-col{flex-direction:column;justify-content:center;}}<\/style>\n<div class=\"wp-block-kadence-column kadence-column6979_432207-60\"><div class=\"kt-inside-inner-col\">\n<h3 class=\"wp-block-heading\">Cabanes standard dans les arbres (1-4 personnes)<\/h3>\n\n\n\n<ul class=\"wp-block-list\">\n<li><strong>Surface habitable :<\/strong> 22 m\u00b2.<\/li>\n\n\n\n<li><strong>Terrasse :<\/strong> terrasse lounge de 20 m\u00b2.<\/li>\n\n\n\n<li><strong>Equipement :<\/strong> lit double (180&#215;200 cm) + lits superpos\u00e9s, salle de bain compl\u00e8te avec douche\/WC, \u00e9cran plat avec HD-SAT, WLAN gratuit<\/li>\n\n\n\n<li><strong>Particularit\u00e9 :<\/strong> grandes fen\u00eatres panoramiques avec vue sur le lac\n<ul class=\"wp-block-list\">\n<li><strong>Jacuzzi ext\u00e9rieur priv\u00e9 et chauff\u00e9<\/strong> dans trois des cabanes dans les arbres<\/li>\n\n\n\n<li><strong>Sauna priv\u00e9<\/strong> dans deux des cabanes dans les arbres<\/li>\n<\/ul>\n<\/li>\n\n\n\n<li><strong>Prix :<\/strong> \u00e0 partir de 200\u20ac pour la premi\u00e8re personne, 50\u20ac par personne suppl\u00e9mentaire<\/li>\n<\/ul>\n\n\n\n<h3 class=\"wp-block-heading\">Junior Suite Premium (2 personnes)<\/h3>\n\n\n\n<ul class=\"wp-block-list\">\n<li><strong>Surface habitable :<\/strong> 22 m\u00b2.<\/li>\n\n\n\n<li><strong>Terrasse :<\/strong> espace salon de 20 m\u00b2.<\/li>\n\n\n\n<li><strong>\u00c9quipement :<\/strong> lit double (180&#215;200 cm), salle de bain luxueuse, \u00e9cran plat, Wi-Fi gratuit<\/li>\n\n\n\n<li><strong>Fonctionnalit\u00e9s premium :<\/strong>\n<ul class=\"wp-block-list\">\n<li><strong>Bain \u00e0 remous ext\u00e9rieur priv\u00e9 et chauff\u00e9<\/strong> sur la terrasse arri\u00e8re<\/li>\n\n\n\n<li>Fen\u00eatre panoramique pour l&rsquo;observation de la nature<\/li>\n<\/ul>\n<\/li>\n\n\n\n<li><strong>Prix :<\/strong> \u00e0 partir de 280\u20ac par nuit, petit d\u00e9jeuner compris<\/li>\n<\/ul>\n<\/div><\/div>\n\n\n<style>.kadence-column6979_fe173c-ee > .kt-inside-inner-col,.kadence-column6979_fe173c-ee > .kt-inside-inner-col:before{border-top-left-radius:0px;border-top-right-radius:0px;border-bottom-right-radius:0px;border-bottom-left-radius:0px;}.kadence-column6979_fe173c-ee > .kt-inside-inner-col{column-gap:var(--global-kb-gap-sm, 1rem);}.kadence-column6979_fe173c-ee > .kt-inside-inner-col{flex-direction:column;}.kadence-column6979_fe173c-ee > .kt-inside-inner-col > .aligncenter{width:100%;}.kadence-column6979_fe173c-ee > .kt-inside-inner-col:before{opacity:0.3;}.kadence-column6979_fe173c-ee{position:relative;}@media all and (max-width: 1024px){.kadence-column6979_fe173c-ee > .kt-inside-inner-col{flex-direction:column;justify-content:center;}}@media all and (max-width: 767px){.kadence-column6979_fe173c-ee > .kt-inside-inner-col{flex-direction:column;justify-content:center;}}<\/style>\n<div class=\"wp-block-kadence-column kadence-column6979_fe173c-ee\"><div class=\"kt-inside-inner-col\"><style>.wp-block-kadence-advancedheading.kt-adv-heading6979_e36072-d5, .wp-block-kadence-advancedheading.kt-adv-heading6979_e36072-d5[data-kb-block=\"kb-adv-heading6979_e36072-d5\"]{text-align:center;font-style:normal;}.wp-block-kadence-advancedheading.kt-adv-heading6979_e36072-d5 mark.kt-highlight, .wp-block-kadence-advancedheading.kt-adv-heading6979_e36072-d5[data-kb-block=\"kb-adv-heading6979_e36072-d5\"] mark.kt-highlight{font-style:normal;color:#f76a0c;-webkit-box-decoration-break:clone;box-decoration-break:clone;padding-top:0px;padding-right:0px;padding-bottom:0px;padding-left:0px;}.wp-block-kadence-advancedheading.kt-adv-heading6979_e36072-d5 img.kb-inline-image, .wp-block-kadence-advancedheading.kt-adv-heading6979_e36072-d5[data-kb-block=\"kb-adv-heading6979_e36072-d5\"] img.kb-inline-image{width:150px;vertical-align:baseline;}<\/style>\n<h3 class=\"kt-adv-heading6979_e36072-d5 wp-block-kadence-advancedheading\" data-kb-block=\"kb-adv-heading6979_e36072-d5\">Aper\u00e7u des \u00e9quipements :<\/h3>\n\n\n<style>.kb-table-container6979_911134-60{overflow-x:auto;}.kb-table-container .kb-table6979_911134-60 th{padding-top:var(--global-kb-spacing-xxs, 0.5rem);padding-right:var(--global-kb-spacing-xxs, 0.5rem);padding-bottom:var(--global-kb-spacing-xxs, 0.5rem);padding-left:var(--global-kb-spacing-xxs, 0.5rem);text-align:center;}.kb-table-container .kb-table6979_911134-60 caption{text-align:center;}.kb-table-container .kb-table6979_911134-60 td{padding-top:var(--global-kb-spacing-xxs, 0.5rem);padding-right:var(--global-kb-spacing-xxs, 0.5rem);padding-bottom:var(--global-kb-spacing-xxs, 0.5rem);padding-left:var(--global-kb-spacing-xxs, 0.5rem);text-align:left;}<\/style><div class=\"kb-table-container kb-table-container6979_911134-60 wp-block-kadence-table\"><table class=\"kb-table kb-table6979_911134-60\">\n<tr class=\"kb-table-row kb-table-row6979_2f429e-c6\">\n<td class=\"kb-table-data kb-table-data6979_e78049-59\">\n<style>.kb-image6979_9fb5ab-ca .kb-image-has-overlay:after{opacity:0.3;}<\/style>\n<div class=\"wp-block-kadence-image kb-image6979_9fb5ab-ca\"><figure class=\"aligncenter size-full\"><img loading=\"lazy\" decoding=\"async\" width=\"100\" height=\"100\" src=\"https:\/\/walderlebnispfade.de\/wp-content\/uploads\/2026\/04\/WC.png\" alt=\"WC-Symbol\" class=\"kb-img wp-image-7716\"\/><\/figure><\/div>\n\n<\/td>\n\n<td class=\"kb-table-data kb-table-data6979_f58ac0-be\">\n<style>.kb-image6979_e25d38-60 .kb-image-has-overlay:after{opacity:0.3;}<\/style>\n<div class=\"wp-block-kadence-image kb-image6979_e25d38-60\"><figure class=\"aligncenter size-full\"><img loading=\"lazy\" decoding=\"async\" width=\"100\" height=\"100\" src=\"https:\/\/walderlebnispfade.de\/wp-content\/uploads\/2026\/04\/Dusche.png\" alt=\"Dusch-Symbol\" class=\"kb-img wp-image-7711\"\/><\/figure><\/div>\n\n<\/td>\n<\/tr>\n\n<tr class=\"kb-table-row kb-table-row6979_a7f924-68\">\n<td class=\"kb-table-data kb-table-data6979_bb0aa8-68\">\n<style>.kb-image6979_8e1db7-ef.kb-image-is-ratio-size, .kb-image6979_8e1db7-ef .kb-image-is-ratio-size{max-width:100px;width:100%;}.wp-block-kadence-column > .kt-inside-inner-col > .kb-image6979_8e1db7-ef.kb-image-is-ratio-size, .wp-block-kadence-column > .kt-inside-inner-col > .kb-image6979_8e1db7-ef .kb-image-is-ratio-size{align-self:unset;}.kb-image6979_8e1db7-ef figure{max-width:100px;}.kb-image6979_8e1db7-ef .image-is-svg, .kb-image6979_8e1db7-ef .image-is-svg img{width:100%;}.kb-image6979_8e1db7-ef .kb-image-has-overlay:after{opacity:0.3;}<\/style>\n<div class=\"wp-block-kadence-image kb-image6979_8e1db7-ef\"><figure class=\"aligncenter size-full\"><img loading=\"lazy\" decoding=\"async\" width=\"100\" height=\"100\" src=\"https:\/\/walderlebnispfade.de\/wp-content\/uploads\/2026\/04\/Strom.png\" alt=\"Strom-Symbol\" class=\"kb-img wp-image-7715\"\/><\/figure><\/div>\n\n<\/td>\n\n<td class=\"kb-table-data kb-table-data6979_e6dd3f-ae\">\n<style>.kb-image6979_4ad973-10 .kb-image-has-overlay:after{opacity:0.3;}<\/style>\n<div class=\"wp-block-kadence-image kb-image6979_4ad973-10\"><figure class=\"aligncenter size-full\"><img loading=\"lazy\" decoding=\"async\" width=\"100\" height=\"100\" src=\"https:\/\/walderlebnispfade.de\/wp-content\/uploads\/2026\/04\/Heizung.png\" alt=\"Heizungs-Symbol\" class=\"kb-img wp-image-7712\"\/><\/figure><\/div>\n\n<\/td>\n<\/tr>\n\n<tr class=\"kb-table-row kb-table-row6979_f02711-c7\">\n<td class=\"kb-table-data kb-table-data6979_9d6924-bb\">\n<style>.kb-image6979_f6ada0-17 .kb-image-has-overlay:after{opacity:0.3;}<\/style>\n<div class=\"wp-block-kadence-image kb-image6979_f6ada0-17\"><figure class=\"aligncenter size-full\"><img loading=\"lazy\" decoding=\"async\" width=\"100\" height=\"100\" src=\"https:\/\/walderlebnispfade.de\/wp-content\/uploads\/2026\/04\/WLAN.png\" alt=\"WLAN-Symbol\" class=\"kb-img wp-image-7717\"\/><\/figure><\/div>\n\n<\/td>\n\n<td class=\"kb-table-data kb-table-data6979_533673-64\">\n<style>.kb-image6979_9f22e5-26 .kb-image-has-overlay:after{opacity:0.3;}<\/style>\n<div class=\"wp-block-kadence-image kb-image6979_9f22e5-26\"><figure class=\"aligncenter size-full\"><img loading=\"lazy\" decoding=\"async\" width=\"100\" height=\"100\" src=\"https:\/\/walderlebnispfade.de\/wp-content\/uploads\/2026\/04\/Hunde_Erlaubt.png\" alt=\"Hunde erlaubt Symbol\" class=\"kb-img wp-image-7713\"\/><\/figure><\/div>\n\n<\/td>\n<\/tr>\n<\/table><\/div><\/div><\/div>\n\n<\/div><\/div>\n<hr class=\"wp-block-separator has-alpha-channel-opacity\" style=\"margin-top:var(--wp--preset--spacing--50);margin-bottom:var(--wp--preset--spacing--50)\"\/>\n<style>.kadence-column6979_2b8263-03 > .kt-inside-inner-col{display:flex;}.kadence-column6979_2b8263-03 > .kt-inside-inner-col{padding-top:var(--global-kb-spacing-xs, 1rem);padding-right:var(--global-kb-spacing-xs, 1rem);padding-bottom:var(--global-kb-spacing-xs, 1rem);padding-left:var(--global-kb-spacing-xs, 1rem);}.kadence-column6979_2b8263-03 > .kt-inside-inner-col{box-shadow:0px 0px 14px 0px rgba(0, 0, 0, 0.2);}.kadence-column6979_2b8263-03 > .kt-inside-inner-col,.kadence-column6979_2b8263-03 > .kt-inside-inner-col:before{border-top-left-radius:0px;border-top-right-radius:0px;border-bottom-right-radius:0px;border-bottom-left-radius:0px;}.kadence-column6979_2b8263-03 > .kt-inside-inner-col{column-gap:var(--global-kb-gap-sm, 1rem);}.kadence-column6979_2b8263-03 > .kt-inside-inner-col{flex-direction:column;align-items:center;}.kadence-column6979_2b8263-03 > .kt-inside-inner-col > .kb-image-is-ratio-size{align-self:stretch;}.kadence-column6979_2b8263-03 > .kt-inside-inner-col > .wp-block-kadence-advancedgallery{align-self:stretch;}.kadence-column6979_2b8263-03 > .kt-inside-inner-col > .aligncenter{width:100%;}.kadence-column6979_2b8263-03 > .kt-inside-inner-col{background-color:var(--global-palette8, #F7FAFC);}.kadence-column6979_2b8263-03 > .kt-inside-inner-col:before{opacity:0.3;}.kadence-column6979_2b8263-03{position:relative;}@media all and (max-width: 1024px){.kadence-column6979_2b8263-03 > .kt-inside-inner-col{flex-direction:column;justify-content:center;align-items:center;}}@media all and (max-width: 767px){.kadence-column6979_2b8263-03 > .kt-inside-inner-col{flex-direction:column;justify-content:center;align-items:center;}}<\/style>\n<div class=\"wp-block-kadence-column kadence-column6979_2b8263-03\"><div class=\"kt-inside-inner-col\">\n<p class=\"has-text-align-center\">Que penses-tu de l\u2019h\u00f4tel dans les arbres Oberbayern ? Laissez-nous une \u00e9valuation, s&rsquo;il vous pla\u00eet.  <br\/>Vous nous aidez ainsi que d&rsquo;autres amoureux de la nature. Merci beaucoup \ud83d\ude42 ! <\/p>\n\n\n\n<div class=\"wp-block-yet-another-stars-rating-visitor-votes aligncenter yasr-vv-block\"><\/div>\n\n\n\n<p>Vous trouverez d&rsquo;autres aventures passionnantes dans notre <a href=\"https:\/\/walderlebnispfade.de\/fr\/experiences-en-foret\/\" data-type=\"page\" data-id=\"228\">recherche d&rsquo;exp\u00e9riences en for\u00eat<\/a> et dans notre <a href=\"https:\/\/walderlebnispfade.de\/fr\/apercu-des-hotels-de-cabanes-dans-les-arbres\/\" data-type=\"post\" data-id=\"5771\">aper\u00e7u des h\u00f4tels dans les arbres<\/a>!<\/p>\n<\/div><\/div>\n\n<hr class=\"wp-block-separator has-alpha-channel-opacity\" style=\"margin-top:var(--wp--preset--spacing--50);margin-bottom:var(--wp--preset--spacing--50)\"\/>\n\n<h2 class=\"wp-block-heading\">\u00c9quipements bien-\u00eatre \u00e0 l\u2019h\u00f4tel dans les arbres Oberbayern<\/h2>\n\n<p>L\u2019offre bien-\u00eatre va au-del\u00e0 des cabanes elles-m\u00eames. Il y a un espace sauna et d\u00e9tente, que vous pouvez r\u00e9server en cr\u00e9neau priv\u00e9 de 90 minutes, ainsi que des massages, propos\u00e9s dans la salle de repos, sur votre terrasse ou en plein air.  <\/p>\n\n<h3 class=\"wp-block-heading\">Massages<\/h3>\n\n<p>Tu peux aussi r\u00e9server diff\u00e9rentes massages \u00e0 l\u2019h\u00f4tel. Ils ont lieu soit sur ta terrasse, dans la cabane, soit dans la salle de repos. <\/p>\n\n<h3 class=\"wp-block-heading\">Exp\u00e9rience de sauna<\/h3>\n\n<p>En plus des <strong>saunas priv\u00e9s<\/strong> dans deux des cabanes, il existe un autre espace sauna et d\u00e9tente. Il peut \u00eatre r\u00e9serv\u00e9 en priv\u00e9 pour des sessions de 90 minutes. Une exp\u00e9rience bien-\u00eatre unique entre les cimes des arbres.  <\/p>\n\n<h3 class=\"wp-block-heading\">Salle de yoga<\/h3>\n\n<p><strong>Salle de yoga<\/strong> sp\u00e9cialement am\u00e9nag\u00e9e pour des retraites de yoga organis\u00e9es et des cours de relaxation, entour\u00e9e par la nature apaisante de la Haute-Bavi\u00e8re. Le pavillon de yoga peut accueillir jusqu\u2019\u00e0 15 participants, est enti\u00e8rement vitr\u00e9 et offre une vue \u00e0 couper le souffle sur la nature environnante, procurant un sentiment intense de connexion \u00e0 la nature. <\/p>\n\n<p>La directrice de l&rsquo;h\u00f4tel, Claudia Edinger, est professeur certifi\u00e9e de vinyasa yoga. En plus des cours de groupe, elle propose des cours de yoga personnalis\u00e9s. <br\/><a href=\"https:\/\/baumhaushotel-oberbayern.com\/yoga-einzelcoaching-oberbayern\/\" target=\"_blank\" data-type=\"link\" data-id=\"https:\/\/baumhaushotel-oberbayern.com\/yoga-einzelcoaching-oberbayern\/\" rel=\"noreferrer noopener\">coaching individuel de yoga<\/a>.<\/p>\n\n<h2 class=\"wp-block-heading\">Vid\u00e9o de la cabane-h\u00f4tel dans les arbres en Haute-Bavi\u00e8re<\/h2>\n\n<figure class=\"wp-block-embed is-type-video is-provider-youtube wp-block-embed-youtube wp-embed-aspect-16-9 wp-has-aspect-ratio\"><div class=\"wp-block-embed__wrapper\">\n<iframe loading=\"lazy\" hcb-fetch-image-from=\"https:\/\/youtu.be\/MNQEXObxdFg?si=IRKLFzbIgq2FEVmU\" title=\"Besuch im Baumhaushotel Oberbayern in Jetzendorf\" width=\"720\" height=\"405\" src=\"https:\/\/www.youtube.com\/embed\/MNQEXObxdFg?feature=oembed\" frameborder=\"0\" allow=\"accelerometer; autoplay; clipboard-write; encrypted-media; gyroscope; picture-in-picture; web-share\" referrerpolicy=\"strict-origin-when-cross-origin\" allowfullscreen><\/iframe>\n<\/div><\/figure>\n\n<h2 class=\"wp-block-heading\">Informations sur la maison-h\u00f4tel dans les arbres en Haute-Bavi\u00e8re<\/h2>\n\n<figure class=\"wp-block-table\"><table class=\"has-fixed-layout\"><tbody><tr><td>Nombre de cabanes dans les arbres :<\/td><td>4 cabanes dans les arbres + 1 suite junior avec vue sur le lac<\/td><\/tr><tr><td>Hauteur de vie :<\/td><td>5 m\u00e8tres, acc\u00e8s par un escalier<\/td><\/tr><tr><td>Capacit\u00e9 :<\/td><td>2 x 4 personnes \/ 3 x 2 personnes<\/td><\/tr><tr><td>R\u00e9servable :<\/td><td>R\u00e9servation possible toute l&rsquo;ann\u00e9e<\/td><\/tr><tr><td>Chauffage :<\/td><td>Le chauffage est disponible.<\/td><\/tr><tr><td>\u00e9lectricit\u00e9 :<\/td><td>Oui<\/td><\/tr><tr><td>Cuisine :<\/td><td>Coin salon confortable avec station de caf\u00e9 et de th\u00e9<\/td><\/tr><tr><td>les installations sanitaires:<\/td><td>Salle de bain compl\u00e8te avec douche et WC<\/td><\/tr><tr><td>Accessible aux personnes handicap\u00e9es :<\/td><td>Non, car l&rsquo;acc\u00e8s n&rsquo;est possible que par l&rsquo;escalier.<\/td><\/tr><tr><td>Chiens admis:<\/td><td>Oui, les chiens sont autoris\u00e9s jusqu&rsquo;\u00e0 un poids de 20 kg.<\/td><\/tr><\/tbody><\/table><figcaption class=\"wp-element-caption\">D\u00e9tails de la cabane dans les arbres Haute-Bavi\u00e8re<\/figcaption><\/figure>\n\n<p><\/p>\n\n<p><\/p>\n","protected":false},"author":2,"featured_media":7171,"comment_status":"open","ping_status":"closed","template":"","meta":{"_kad_blocks_custom_css":"","_kad_blocks_head_custom_js":"","_kad_blocks_body_custom_js":"","_kad_blocks_footer_custom_js":"","_kad_post_transparent":"","_kad_post_title":"","_kad_post_layout":"","_kad_post_sidebar_id":"","_kad_post_content_style":"","_kad_post_vertical_padding":"","_kad_post_feature":"","_kad_post_feature_position":"","_kad_post_header":false,"_kad_post_footer":false,"_kad_post_classname":"","yasr_overall_rating":0,"yasr_post_is_review":"yes","yasr_auto_insert_disabled":"","yasr_review_type":""},"region":[130,142],"erlebnisart":[190,193],"class_list":["post-6994","erlebnisse","type-erlebnisse","status-publish","has-post-thumbnail","hentry","region-deutschland-fr","region-by-fr","erlebnisart-hebergement","erlebnisart-hotel-dans-les-arbres"],"yasr_visitor_votes":{"stars_attributes":{"read_only":false,"span_bottom":false},"number_of_votes":0,"sum_votes":0},"taxonomy_info":{"region":[{"value":130,"label":"Allemagne"},{"value":142,"label":"Bayern"}],"erlebnisart":[{"value":190,"label":"H\u00e9bergement"},{"value":193,"label":"H\u00f4tel dans les arbres"}]},"featured_image_src_large":["https:\/\/walderlebnispfade.de\/wp-content\/uploads\/2025\/05\/Baumhaushotel_Oberbayern_2-1024x576.jpg",1024,576,true],"author_info":{"display_name":"Moni","author_link":"https:\/\/walderlebnispfade.de\/fr\/author\/moni\/"},"comment_info":0,"_links":{"self":[{"href":"https:\/\/walderlebnispfade.de\/fr\/wp-json\/wp\/v2\/erlebnisse\/6994","targetHints":{"allow":["GET"]}}],"collection":[{"href":"https:\/\/walderlebnispfade.de\/fr\/wp-json\/wp\/v2\/erlebnisse"}],"about":[{"href":"https:\/\/walderlebnispfade.de\/fr\/wp-json\/wp\/v2\/types\/erlebnisse"}],"author":[{"embeddable":true,"href":"https:\/\/walderlebnispfade.de\/fr\/wp-json\/wp\/v2\/users\/2"}],"replies":[{"embeddable":true,"href":"https:\/\/walderlebnispfade.de\/fr\/wp-json\/wp\/v2\/comments?post=6994"}],"wp:featuredmedia":[{"embeddable":true,"href":"https:\/\/walderlebnispfade.de\/fr\/wp-json\/wp\/v2\/media\/7171"}],"wp:attachment":[{"href":"https:\/\/walderlebnispfade.de\/fr\/wp-json\/wp\/v2\/media?parent=6994"}],"wp:term":[{"taxonomy":"region","embeddable":true,"href":"https:\/\/walderlebnispfade.de\/fr\/wp-json\/wp\/v2\/region?post=6994"},{"taxonomy":"erlebnisart","embeddable":true,"href":"https:\/\/walderlebnispfade.de\/fr\/wp-json\/wp\/v2\/erlebnisart?post=6994"}],"curies":[{"name":"wp","href":"https:\/\/api.w.org\/{rel}","templated":true}]}}