{"id":7067,"date":"2025-07-02T15:23:51","date_gmt":"2025-07-02T13:23:51","guid":{"rendered":"https:\/\/walderlebnispfade.de\/erlebnisse\/hotel-cabane-dans-les-arbres-foret-noire\/"},"modified":"2026-04-22T11:28:08","modified_gmt":"2026-04-22T09:28:08","slug":"hotel-cabane-dans-les-arbres-foret-noire","status":"publish","type":"erlebnisse","link":"https:\/\/walderlebnispfade.de\/fr\/erlebnisse\/hotel-cabane-dans-les-arbres-foret-noire\/","title":{"rendered":"H\u00f4tel cabane dans les arbres For\u00eat-Noire"},"content":{"rendered":"<style>.wp-block-kadence-advancedheading.kt-adv-heading7049_952dc0-75, .wp-block-kadence-advancedheading.kt-adv-heading7049_952dc0-75[data-kb-block=\"kb-adv-heading7049_952dc0-75\"]{font-style:normal;}.wp-block-kadence-advancedheading.kt-adv-heading7049_952dc0-75 mark.kt-highlight, .wp-block-kadence-advancedheading.kt-adv-heading7049_952dc0-75[data-kb-block=\"kb-adv-heading7049_952dc0-75\"] mark.kt-highlight{font-style:normal;color:#f76a0c;-webkit-box-decoration-break:clone;box-decoration-break:clone;padding-top:0px;padding-right:0px;padding-bottom:0px;padding-left:0px;}.wp-block-kadence-advancedheading.kt-adv-heading7049_952dc0-75 img.kb-inline-image, .wp-block-kadence-advancedheading.kt-adv-heading7049_952dc0-75[data-kb-block=\"kb-adv-heading7049_952dc0-75\"] img.kb-inline-image{width:150px;vertical-align:baseline;}<\/style>\n<h2 class=\"kt-adv-heading7049_952dc0-75 wp-block-kadence-advancedheading\" data-kb-block=\"kb-adv-heading7049_952dc0-75\">Cabanes dans les arbres de luxe en For\u00eat-Noire<\/h2>\n\n<p>Au Baumhaushotel Schwarzwald, 10 cabanes dans les arbres luxueuses sont regroup\u00e9es autour d\u2019une tour d\u2019observation. Elles offrent le confort d\u2019une chambre d\u2019h\u00f4tel ou d\u2019un appartement de vacances, avec chacune deux chambres dot\u00e9es d\u2019un petit balcon, un balcon c\u00f4t\u00e9 s\u00e9jour, une salle de bain ainsi qu\u2019un coin cuisine bien \u00e9quip\u00e9. Les cabanes conviennent pour deux \u00e0 six personnes.  <\/p>\n<style>.kb-table-of-content-nav.kb-table-of-content-id7049_8882fa-d8 .kb-table-of-content-wrap{padding-top:var(--global-kb-spacing-sm, 1.5rem);padding-right:var(--global-kb-spacing-sm, 1.5rem);padding-bottom:var(--global-kb-spacing-sm, 1.5rem);padding-left:var(--global-kb-spacing-sm, 1.5rem);background-color:var(--global-palette8, #F7FAFC);box-shadow:inset 0px 0px 14px 0px rgba(0, 0, 0, 0.2);}.kb-table-of-content-nav.kb-table-of-content-id7049_8882fa-d8 .kb-table-of-contents-title-wrap{padding-top:0px;padding-right:0px;padding-bottom:0px;padding-left:0px;}.kb-table-of-content-nav.kb-table-of-content-id7049_8882fa-d8 .kb-table-of-contents-title{font-weight:regular;font-style:normal;}.kb-table-of-content-nav.kb-table-of-content-id7049_8882fa-d8 .kb-table-of-content-wrap .kb-table-of-content-list{font-weight:regular;font-style:normal;margin-top:var(--global-kb-spacing-sm, 1.5rem);margin-right:0px;margin-bottom:0px;margin-left:0px;}.kb-table-of-content-nav.kb-table-of-content-id7049_8882fa-d8 .kb-toggle-icon-style-basiccircle .kb-table-of-contents-icon-trigger:after, .kb-table-of-content-nav.kb-table-of-content-id7049_8882fa-d8 .kb-toggle-icon-style-basiccircle .kb-table-of-contents-icon-trigger:before, .kb-table-of-content-nav.kb-table-of-content-id7049_8882fa-d8 .kb-toggle-icon-style-arrowcircle .kb-table-of-contents-icon-trigger:after, .kb-table-of-content-nav.kb-table-of-content-id7049_8882fa-d8 .kb-toggle-icon-style-arrowcircle .kb-table-of-contents-icon-trigger:before, .kb-table-of-content-nav.kb-table-of-content-id7049_8882fa-d8 .kb-toggle-icon-style-xclosecircle .kb-table-of-contents-icon-trigger:after, .kb-table-of-content-nav.kb-table-of-content-id7049_8882fa-d8 .kb-toggle-icon-style-xclosecircle .kb-table-of-contents-icon-trigger:before{background-color:var(--global-palette8, #F7FAFC);}<\/style><style>.kb-row-layout-id7049_19ba62-bf > .kt-row-column-wrap{align-content:start;}:where(.kb-row-layout-id7049_19ba62-bf > .kt-row-column-wrap) > .wp-block-kadence-column{justify-content:start;}.kb-row-layout-id7049_19ba62-bf > .kt-row-column-wrap{column-gap:var(--global-kb-gap-md, 2rem);row-gap:var(--global-kb-gap-md, 2rem);padding-top:var(--global-kb-spacing-sm, 1.5rem);padding-bottom:var(--global-kb-spacing-sm, 1.5rem);grid-template-columns:repeat(2, minmax(0, 1fr));}.kb-row-layout-id7049_19ba62-bf > .kt-row-layout-overlay{opacity:0.30;}@media all and (max-width: 1024px){.kb-row-layout-id7049_19ba62-bf > .kt-row-column-wrap{grid-template-columns:repeat(2, minmax(0, 1fr));}}@media all and (max-width: 767px){.kb-row-layout-id7049_19ba62-bf > .kt-row-column-wrap{grid-template-columns:minmax(0, 1fr);}}<\/style><div class=\"kb-row-layout-wrap kb-row-layout-id7049_19ba62-bf alignnone wp-block-kadence-rowlayout\"><div class=\"kt-row-column-wrap kt-has-2-columns kt-row-layout-equal kt-tab-layout-inherit kt-mobile-layout-row kt-row-valign-top\">\n<style>.kadence-column7049_e94ed0-d4 > .kt-inside-inner-col,.kadence-column7049_e94ed0-d4 > .kt-inside-inner-col:before{border-top-left-radius:0px;border-top-right-radius:0px;border-bottom-right-radius:0px;border-bottom-left-radius:0px;}.kadence-column7049_e94ed0-d4 > .kt-inside-inner-col{column-gap:var(--global-kb-gap-sm, 1rem);}.kadence-column7049_e94ed0-d4 > .kt-inside-inner-col{flex-direction:column;}.kadence-column7049_e94ed0-d4 > .kt-inside-inner-col > .aligncenter{width:100%;}.kadence-column7049_e94ed0-d4 > .kt-inside-inner-col:before{opacity:0.3;}.kadence-column7049_e94ed0-d4{position:relative;}@media all and (max-width: 1024px){.kadence-column7049_e94ed0-d4 > .kt-inside-inner-col{flex-direction:column;justify-content:center;}}@media all and (max-width: 767px){.kadence-column7049_e94ed0-d4 > .kt-inside-inner-col{flex-direction:column;justify-content:center;}}<\/style>\n<div class=\"wp-block-kadence-column kadence-column7049_e94ed0-d4\"><div class=\"kt-inside-inner-col\">\n<p>Tous les appartements dans les arbres de la <strong><a href=\"https:\/\/spacamping.de\/de\/unterkuenfte\/baumhausdoerfle\/\" target=\"_blank\" data-type=\"link\" data-id=\"https:\/\/spacamping.de\/de\/unterkuenfte\/baumhausdoerfle\/\" rel=\"noreferrer noopener\">Baumhaus D\u00f6rfle<\/a><\/strong> sont principalement constitu\u00e9s de bois provenant des for\u00eats voisines et sont accessibles par un escalier dans le socle. Vous disposez d&rsquo;une place de parking par cabane dans les arbres.   <\/p>\n\n\n\n<p>En plus, il y a des cabanes plus simples, <a href=\"https:\/\/spacamping.de\/de\/unterkuenfte\/kleine-baumhuetten\/\" data-type=\"link\" data-id=\"https:\/\/spacamping.de\/de\/unterkuenfte\/kleine-baumhuetten\/\" target=\"_blank\" rel=\"noreferrer noopener\"><strong>de plus petites cabanes dans les arbres<\/strong><\/a>, qui peuvent \u00e9galement \u00eatre r\u00e9serv\u00e9es pour la nuit. Elles peuvent accueillir jusqu\u2019\u00e0 trois personnes et ne sont \u00e9quip\u00e9es que de matelas et d\u2019un chauffage. Elles constituent une alternative \u00e9conomique pour un court s\u00e9jour. Les sanitaires se trouvent dans un b\u00e2timent voisin.   <\/p>\n\n\n\n<p>En plus des deux types de cabanes dans les arbres mentionn\u00e9s ci-dessus, le Ferienparadies Schwarzw\u00e4lder Hof propose un camping, des chalets en bois, un h\u00f4tel, une maison d\u2019h\u00f4tes, un restaurant ainsi qu\u2019une superbe oasis bien-\u00eatre avec espace sauna et jacuzzi. <\/p>\n<\/div><\/div>\n\n\n<style>.kadence-column7049_d32b56-d3 > .kt-inside-inner-col,.kadence-column7049_d32b56-d3 > .kt-inside-inner-col:before{border-top-left-radius:0px;border-top-right-radius:0px;border-bottom-right-radius:0px;border-bottom-left-radius:0px;}.kadence-column7049_d32b56-d3 > .kt-inside-inner-col{column-gap:var(--global-kb-gap-sm, 1rem);}.kadence-column7049_d32b56-d3 > .kt-inside-inner-col{flex-direction:column;}.kadence-column7049_d32b56-d3 > .kt-inside-inner-col > .aligncenter{width:100%;}.kadence-column7049_d32b56-d3 > .kt-inside-inner-col:before{opacity:0.3;}.kadence-column7049_d32b56-d3{position:relative;}@media all and (max-width: 1024px){.kadence-column7049_d32b56-d3 > .kt-inside-inner-col{flex-direction:column;justify-content:center;}}@media all and (max-width: 767px){.kadence-column7049_d32b56-d3 > .kt-inside-inner-col{flex-direction:column;justify-content:center;}}<\/style>\n<div class=\"wp-block-kadence-column kadence-column7049_d32b56-d3\"><div class=\"kt-inside-inner-col\"><style>.wp-block-kadence-advancedheading.kt-adv-heading7049_feb836-ed, .wp-block-kadence-advancedheading.kt-adv-heading7049_feb836-ed[data-kb-block=\"kb-adv-heading7049_feb836-ed\"]{text-align:center;font-style:normal;}.wp-block-kadence-advancedheading.kt-adv-heading7049_feb836-ed mark.kt-highlight, .wp-block-kadence-advancedheading.kt-adv-heading7049_feb836-ed[data-kb-block=\"kb-adv-heading7049_feb836-ed\"] mark.kt-highlight{font-style:normal;color:#f76a0c;-webkit-box-decoration-break:clone;box-decoration-break:clone;padding-top:0px;padding-right:0px;padding-bottom:0px;padding-left:0px;}.wp-block-kadence-advancedheading.kt-adv-heading7049_feb836-ed img.kb-inline-image, .wp-block-kadence-advancedheading.kt-adv-heading7049_feb836-ed[data-kb-block=\"kb-adv-heading7049_feb836-ed\"] img.kb-inline-image{width:150px;vertical-align:baseline;}<\/style>\n<h3 class=\"kt-adv-heading7049_feb836-ed wp-block-kadence-advancedheading\" data-kb-block=\"kb-adv-heading7049_feb836-ed\">Aper\u00e7u des \u00e9quipements :<\/h3>\n\n\n<style>.kb-table-container7049_c57c5b-c0{overflow-x:auto;}.kb-table-container .kb-table7049_c57c5b-c0 th{padding-top:var(--global-kb-spacing-xxs, 0.5rem);padding-right:var(--global-kb-spacing-xxs, 0.5rem);padding-bottom:var(--global-kb-spacing-xxs, 0.5rem);padding-left:var(--global-kb-spacing-xxs, 0.5rem);text-align:center;}.kb-table-container .kb-table7049_c57c5b-c0 caption{text-align:center;}.kb-table-container .kb-table7049_c57c5b-c0 td{padding-top:var(--global-kb-spacing-xxs, 0.5rem);padding-right:var(--global-kb-spacing-xxs, 0.5rem);padding-bottom:var(--global-kb-spacing-xxs, 0.5rem);padding-left:var(--global-kb-spacing-xxs, 0.5rem);text-align:left;}<\/style><div class=\"kb-table-container kb-table-container7049_c57c5b-c0 wp-block-kadence-table\"><table class=\"kb-table kb-table7049_c57c5b-c0\">\n<tr class=\"kb-table-row kb-table-row7049_1088de-6f\">\n<td class=\"kb-table-data kb-table-data7049_cfe32c-ab\">\n<style>.kb-image7049_11b568-b9 .kb-image-has-overlay:after{opacity:0.3;}<\/style>\n<div class=\"wp-block-kadence-image kb-image7049_11b568-b9\"><figure class=\"aligncenter size-full\"><img loading=\"lazy\" decoding=\"async\" width=\"100\" height=\"100\" src=\"https:\/\/walderlebnispfade.de\/wp-content\/uploads\/2026\/04\/WC.png\" alt=\"WC-Symbol\" class=\"kb-img wp-image-7716\"\/><\/figure><\/div>\n\n<\/td>\n\n<td class=\"kb-table-data kb-table-data7049_446e4f-4f\">\n<style>.kb-image7049_5992f4-c5 .kb-image-has-overlay:after{opacity:0.3;}<\/style>\n<div class=\"wp-block-kadence-image kb-image7049_5992f4-c5\"><figure class=\"aligncenter size-full\"><img loading=\"lazy\" decoding=\"async\" width=\"100\" height=\"100\" src=\"https:\/\/walderlebnispfade.de\/wp-content\/uploads\/2026\/04\/Dusche.png\" alt=\"Dusch-Symbol\" class=\"kb-img wp-image-7711\"\/><\/figure><\/div>\n\n<\/td>\n<\/tr>\n\n<tr class=\"kb-table-row kb-table-row7049_a5de14-29\">\n<td class=\"kb-table-data kb-table-data7049_4e00da-8e\">\n<style>.kb-image7049_354bb9-90.kb-image-is-ratio-size, .kb-image7049_354bb9-90 .kb-image-is-ratio-size{max-width:100px;width:100%;}.wp-block-kadence-column > .kt-inside-inner-col > .kb-image7049_354bb9-90.kb-image-is-ratio-size, .wp-block-kadence-column > .kt-inside-inner-col > .kb-image7049_354bb9-90 .kb-image-is-ratio-size{align-self:unset;}.kb-image7049_354bb9-90 figure{max-width:100px;}.kb-image7049_354bb9-90 .image-is-svg, .kb-image7049_354bb9-90 .image-is-svg img{width:100%;}.kb-image7049_354bb9-90 .kb-image-has-overlay:after{opacity:0.3;}<\/style>\n<div class=\"wp-block-kadence-image kb-image7049_354bb9-90\"><figure class=\"aligncenter size-full\"><img loading=\"lazy\" decoding=\"async\" width=\"100\" height=\"100\" src=\"https:\/\/walderlebnispfade.de\/wp-content\/uploads\/2026\/04\/Strom.png\" alt=\"Strom-Symbol\" class=\"kb-img wp-image-7715\"\/><\/figure><\/div>\n\n<\/td>\n\n<td class=\"kb-table-data kb-table-data7049_a58487-e8\">\n<style>.kb-image7049_6f8c71-67 .kb-image-has-overlay:after{opacity:0.3;}<\/style>\n<div class=\"wp-block-kadence-image kb-image7049_6f8c71-67\"><figure class=\"aligncenter size-full\"><img loading=\"lazy\" decoding=\"async\" width=\"100\" height=\"100\" src=\"https:\/\/walderlebnispfade.de\/wp-content\/uploads\/2026\/04\/Heizung.png\" alt=\"Heizungs-Symbol\" class=\"kb-img wp-image-7712\"\/><\/figure><\/div>\n\n<\/td>\n<\/tr>\n\n<tr class=\"kb-table-row kb-table-row7049_fd0ec3-f6\">\n<td class=\"kb-table-data kb-table-data7049_332a4f-28\">\n<style>.kb-image7049_4362f2-62 .kb-image-has-overlay:after{opacity:0.3;}<\/style>\n<div class=\"wp-block-kadence-image kb-image7049_4362f2-62\"><figure class=\"aligncenter size-full\"><img loading=\"lazy\" decoding=\"async\" width=\"100\" height=\"100\" src=\"https:\/\/walderlebnispfade.de\/wp-content\/uploads\/2026\/04\/Kueche.png\" alt=\"K\u00fcchen-Symbol\" class=\"kb-img wp-image-7714\"\/><\/figure><\/div>\n\n<\/td>\n\n<td class=\"kb-table-data kb-table-data7049_f7da9d-f9\">\n\n<p><\/p>\n\n<\/td>\n<\/tr>\n<\/table><\/div><\/div><\/div>\n\n<\/div><\/div>\n<h2 class=\"wp-block-heading\">Vid\u00e9o de la cabane dans les arbres de l&rsquo;h\u00f4tel For\u00eat-Noire<\/h2>\n\n<figure class=\"wp-block-embed is-type-video is-provider-youtube wp-block-embed-youtube wp-embed-aspect-16-9 wp-has-aspect-ratio\"><div class=\"wp-block-embed__wrapper\">\n<iframe loading=\"lazy\" hcb-fetch-image-from=\"https:\/\/youtu.be\/P_lA9w_uhzI?si=vBr5Ercnjv6INj4J\" title=\"Ferienparadies Schwarzw\u00e4lder Hof in Seelbach\" width=\"720\" height=\"405\" src=\"https:\/\/www.youtube.com\/embed\/P_lA9w_uhzI?feature=oembed\" frameborder=\"0\" allow=\"accelerometer; autoplay; clipboard-write; encrypted-media; gyroscope; picture-in-picture; web-share\" referrerpolicy=\"strict-origin-when-cross-origin\" allowfullscreen><\/iframe>\n<\/div><\/figure>\n\n<h2 class=\"wp-block-heading\">Informations sur l&rsquo;h\u00f4tel cabane dans les arbres For\u00eat-Noire<\/h2>\n\n<figure class=\"wp-block-table\"><table class=\"has-fixed-layout\"><tbody><tr><td>Nombre de cabanes dans les arbres :<\/td><td>10 cabanes de luxe dans les arbres et 3 petites cabanes dans les arbres<\/td><\/tr><tr><td>Hauteur de vie :<\/td><td>10m pour les cabanes dans les arbres et au ras du sol pour les cabanes<\/td><\/tr><tr><td>Capacit\u00e9 :<\/td><td>Jusqu&rsquo;\u00e0 6 personnes<\/td><\/tr><tr><td>R\u00e9servable :<\/td><td>R\u00e9servation possible toute l&rsquo;ann\u00e9e<\/td><\/tr><tr><td>Chauffage :<\/td><td>Le chauffage est disponible.<\/td><\/tr><tr><td>\u00e9lectricit\u00e9 (cabanes dans les arbres) :<\/td><td>Oui.<\/td><\/tr><tr><td>Cuisine (cabanes dans les arbres) :<\/td><td>Cuisine \u00e9quip\u00e9e de plaques de cuisson, d&rsquo;un r\u00e9frig\u00e9rateur et de tous les ustensiles de cuisine essentiels.<\/td><\/tr><tr><td>Sanitaires (cabanes dans les arbres) :<\/td><td>Salle de bain compl\u00e8te avec douche &amp; WC.<\/td><\/tr><tr><td>Accessible aux personnes \u00e0 mobilit\u00e9 r\u00e9duite (cabanes dans les arbres) :<\/td><td>Non, car l&rsquo;acc\u00e8s n&rsquo;est possible que par des escaliers.<\/td><\/tr><tr><td>Chiens admis:<\/td><td>Non, les chiens ne sont pas autoris\u00e9s dans les cabanes dans les arbres.<\/td><\/tr><\/tbody><\/table><figcaption class=\"wp-element-caption\">D\u00e9tails de Ferienparadies Schwarzw\u00e4lder Hof<\/figcaption><\/figure>\n\n<hr class=\"wp-block-separator has-alpha-channel-opacity\" style=\"margin-top:var(--wp--preset--spacing--50);margin-bottom:var(--wp--preset--spacing--50)\"\/>\n<style>.kadence-column7049_93261b-05 > .kt-inside-inner-col{display:flex;}.kadence-column7049_93261b-05 > .kt-inside-inner-col{padding-top:var(--global-kb-spacing-xs, 1rem);padding-right:var(--global-kb-spacing-xs, 1rem);padding-bottom:var(--global-kb-spacing-xs, 1rem);padding-left:var(--global-kb-spacing-xs, 1rem);}.kadence-column7049_93261b-05 > .kt-inside-inner-col{box-shadow:0px 0px 14px 0px rgba(0, 0, 0, 0.2);}.kadence-column7049_93261b-05 > .kt-inside-inner-col,.kadence-column7049_93261b-05 > .kt-inside-inner-col:before{border-top-left-radius:0px;border-top-right-radius:0px;border-bottom-right-radius:0px;border-bottom-left-radius:0px;}.kadence-column7049_93261b-05 > .kt-inside-inner-col{column-gap:var(--global-kb-gap-sm, 1rem);}.kadence-column7049_93261b-05 > .kt-inside-inner-col{flex-direction:column;align-items:center;}.kadence-column7049_93261b-05 > .kt-inside-inner-col > .kb-image-is-ratio-size{align-self:stretch;}.kadence-column7049_93261b-05 > .kt-inside-inner-col > .wp-block-kadence-advancedgallery{align-self:stretch;}.kadence-column7049_93261b-05 > .kt-inside-inner-col > .aligncenter{width:100%;}.kadence-column7049_93261b-05 > .kt-inside-inner-col{background-color:var(--global-palette8, #F7FAFC);}.kadence-column7049_93261b-05 > .kt-inside-inner-col:before{opacity:0.3;}.kadence-column7049_93261b-05{position:relative;}@media all and (max-width: 1024px){.kadence-column7049_93261b-05 > .kt-inside-inner-col{flex-direction:column;justify-content:center;align-items:center;}}@media all and (max-width: 767px){.kadence-column7049_93261b-05 > .kt-inside-inner-col{flex-direction:column;justify-content:center;align-items:center;}}<\/style>\n<div class=\"wp-block-kadence-column kadence-column7049_93261b-05\"><div class=\"kt-inside-inner-col\">\n<p class=\"has-text-align-center\">Que penses-tu du Baumhaushotel Schwarzwald ? Laissez-nous une \u00e9valuation, s&rsquo;il vous pla\u00eet.  <br\/>Vous nous aidez ainsi que d&rsquo;autres amoureux de la nature. Merci beaucoup \ud83d\ude42 ! <\/p>\n\n\n\n<div class=\"wp-block-yet-another-stars-rating-visitor-votes aligncenter yasr-vv-block\"><\/div>\n\n\n\n<p>Vous trouverez d&rsquo;autres aventures passionnantes dans notre <a href=\"https:\/\/walderlebnispfade.de\/fr\/experiences-en-foret\/\" data-type=\"page\" data-id=\"228\">recherche d&rsquo;exp\u00e9riences en for\u00eat<\/a> et dans notre <a href=\"https:\/\/walderlebnispfade.de\/fr\/apercu-des-hotels-de-cabanes-dans-les-arbres\/\" data-type=\"post\" data-id=\"5771\">aper\u00e7u des h\u00f4tels dans les arbres<\/a>!<\/p>\n<\/div><\/div>\n\n<hr class=\"wp-block-separator has-alpha-channel-opacity\" style=\"margin-top:var(--wp--preset--spacing--50);margin-bottom:var(--wp--preset--spacing--50)\"\/>\n\n<p><\/p>\n","protected":false},"author":2,"featured_media":7047,"comment_status":"open","ping_status":"closed","template":"","meta":{"_kad_blocks_custom_css":"","_kad_blocks_head_custom_js":"","_kad_blocks_body_custom_js":"","_kad_blocks_footer_custom_js":"","_kad_post_transparent":"","_kad_post_title":"","_kad_post_layout":"","_kad_post_sidebar_id":"","_kad_post_content_style":"","_kad_post_vertical_padding":"","_kad_post_feature":"","_kad_post_feature_position":"","_kad_post_header":false,"_kad_post_footer":false,"_kad_post_classname":"","yasr_overall_rating":0,"yasr_post_is_review":"","yasr_auto_insert_disabled":"","yasr_review_type":""},"region":[130,139],"erlebnisart":[190,193],"class_list":["post-7067","erlebnisse","type-erlebnisse","status-publish","has-post-thumbnail","hentry","region-deutschland-fr","region-bw-fr","erlebnisart-hebergement","erlebnisart-hotel-dans-les-arbres"],"yasr_visitor_votes":{"stars_attributes":{"read_only":false,"span_bottom":false},"number_of_votes":1,"sum_votes":5},"taxonomy_info":{"region":[{"value":130,"label":"Allemagne"},{"value":139,"label":"Baden-W\u00fcrttemberg"}],"erlebnisart":[{"value":190,"label":"H\u00e9bergement"},{"value":193,"label":"H\u00f4tel dans les arbres"}]},"featured_image_src_large":["https:\/\/walderlebnispfade.de\/wp-content\/uploads\/2025\/07\/Baumhaushotel_Schwarzwald-1024x576.jpg",1024,576,true],"author_info":{"display_name":"Moni","author_link":"https:\/\/walderlebnispfade.de\/fr\/author\/moni\/"},"comment_info":0,"_links":{"self":[{"href":"https:\/\/walderlebnispfade.de\/fr\/wp-json\/wp\/v2\/erlebnisse\/7067","targetHints":{"allow":["GET"]}}],"collection":[{"href":"https:\/\/walderlebnispfade.de\/fr\/wp-json\/wp\/v2\/erlebnisse"}],"about":[{"href":"https:\/\/walderlebnispfade.de\/fr\/wp-json\/wp\/v2\/types\/erlebnisse"}],"author":[{"embeddable":true,"href":"https:\/\/walderlebnispfade.de\/fr\/wp-json\/wp\/v2\/users\/2"}],"replies":[{"embeddable":true,"href":"https:\/\/walderlebnispfade.de\/fr\/wp-json\/wp\/v2\/comments?post=7067"}],"wp:featuredmedia":[{"embeddable":true,"href":"https:\/\/walderlebnispfade.de\/fr\/wp-json\/wp\/v2\/media\/7047"}],"wp:attachment":[{"href":"https:\/\/walderlebnispfade.de\/fr\/wp-json\/wp\/v2\/media?parent=7067"}],"wp:term":[{"taxonomy":"region","embeddable":true,"href":"https:\/\/walderlebnispfade.de\/fr\/wp-json\/wp\/v2\/region?post=7067"},{"taxonomy":"erlebnisart","embeddable":true,"href":"https:\/\/walderlebnispfade.de\/fr\/wp-json\/wp\/v2\/erlebnisart?post=7067"}],"curies":[{"name":"wp","href":"https:\/\/api.w.org\/{rel}","templated":true}]}}