{"id":7070,"date":"2025-07-02T14:41:42","date_gmt":"2025-07-02T12:41:42","guid":{"rendered":"https:\/\/walderlebnispfade.de\/erlebnisse\/hotel-cabane-dans-les-arbres-schluchsee\/"},"modified":"2026-04-22T11:28:29","modified_gmt":"2026-04-22T09:28:29","slug":"hotel-cabane-dans-les-arbres-schluchsee","status":"publish","type":"erlebnisse","link":"https:\/\/walderlebnispfade.de\/fr\/erlebnisse\/hotel-cabane-dans-les-arbres-schluchsee\/","title":{"rendered":"H\u00f4tel cabane dans les arbres Schluchsee"},"content":{"rendered":"<style>.wp-block-kadence-advancedheading.kt-adv-heading7035_2f90d5-7b, .wp-block-kadence-advancedheading.kt-adv-heading7035_2f90d5-7b[data-kb-block=\"kb-adv-heading7035_2f90d5-7b\"]{font-style:normal;}.wp-block-kadence-advancedheading.kt-adv-heading7035_2f90d5-7b mark.kt-highlight, .wp-block-kadence-advancedheading.kt-adv-heading7035_2f90d5-7b[data-kb-block=\"kb-adv-heading7035_2f90d5-7b\"] mark.kt-highlight{font-style:normal;color:#f76a0c;-webkit-box-decoration-break:clone;box-decoration-break:clone;padding-top:0px;padding-right:0px;padding-bottom:0px;padding-left:0px;}.wp-block-kadence-advancedheading.kt-adv-heading7035_2f90d5-7b img.kb-inline-image, .wp-block-kadence-advancedheading.kt-adv-heading7035_2f90d5-7b[data-kb-block=\"kb-adv-heading7035_2f90d5-7b\"] img.kb-inline-image{width:150px;vertical-align:baseline;}<\/style>\n<h2 class=\"kt-adv-heading7035_2f90d5-7b wp-block-kadence-advancedheading\" data-kb-block=\"kb-adv-heading7035_2f90d5-7b\">Cabane rustique dans le parc naturel de Schluchsee<\/h2>\n\n<p>Le parc naturel avec l\u2019h\u00f4tel-cabane de Schluchsee s\u2019est donn\u00e9 pour mission de t\u2019offrir, en p\u00e9riode de stress et de rythme effr\u00e9n\u00e9, un moment de respiration : un refuge authentique, volontairement simple, en pleine nature. En plus de la nuit\u00e9e dans la cabane, tu trouveras des espaces barbecue, des emplacements de tente et la possibilit\u00e9 d\u2019organiser des \u00e9v\u00e9nements d\u2019\u00e9quipe. Le camp nature met uniquement \u00e0 disposition des h\u00e9bergements, des sanitaires et des raccordements \u00e9lectriques. Les ustensiles de cuisine sont \u00e0 apporter enti\u00e8rement par tes soins. Sur quatre grands espaces barbecue, tu peux faire griller des saucisses. Le grand espace barbecue, d\u2019une superficie de 59 m\u00b2, est couvert et te prot\u00e8ge du vent et des intemp\u00e9ries. De nombreux sentiers de randonn\u00e9e et pistes cyclables invitent \u00e0 explorer les environs. Au service de location de v\u00e9los du Schluchsee, tu peux louer des v\u00e9los.        <\/p>\n\n<p>Le parc naturel est g\u00e9r\u00e9 par une association et l\u2019offre s\u2019adresse avant tout aux groupes de jeunes. Il y a une \u00ab cabane cuisine \u00bb ouverte avec des plans de d\u00e9pose, de la lumi\u00e8re, de l\u2019\u00e9lectricit\u00e9, de l\u2019eau et un \u00e9vier. <strong>Important :<\/strong> merci d\u2019apporter toi-m\u00eame les ustensiles de cuisine comme r\u00e9chaud \u00e0 gaz, casseroles, vaisselle, verres, etc. Pour garder les aliments au frais, apporte aussi ta propre glaci\u00e8re. Aux espaces barbecue, il y a des grilles r\u00e9glables en hauteur.   <\/p>\n\n<p>Vous trouverez ici les informations les plus importantes sur l&rsquo;h\u00f4tel cabane dans les arbres Schluchsee dans la <a href=\"https:\/\/www.naturcamp-schluchsee.de\/about\/\" data-type=\"link\" data-id=\"https:\/\/www.naturcamp-schluchsee.de\/about\/\" target=\"_blank\" rel=\"noreferrer noopener\">FAQ.<\/a><\/p>\n\n<h2 class=\"wp-block-heading\">Informations sur la cabane dans les arbres de l&rsquo;h\u00f4tel Schluchsee<\/h2>\n\n<figure class=\"wp-block-table\"><table class=\"has-fixed-layout\"><tbody><tr><td>Nombre de cabanes dans les arbres :<\/td><td>2 cabanes dans les arbres avec 6 places de couchage<\/td><\/tr><tr><td>Hauteur de vie :<\/td><td>3 m\u00e8tres<\/td><\/tr><tr><td>Capacit\u00e9 :<\/td><td>Jusqu&rsquo;\u00e0 6 personnes<\/td><\/tr><tr><td>R\u00e9servable :<\/td><td>Avril \u00e0 octobre<\/td><\/tr><tr><td>Chauffage :<\/td><td>Non<\/td><\/tr><tr><td>\u00e9lectricit\u00e9 :<\/td><td>Chargeur USB uniquement<\/td><\/tr><tr><td>Cuisine :<\/td><td>Non<\/td><\/tr><tr><td>les installations sanitaires:<\/td><td>Non Dans le parc, vous trouverez des lavabos, des douches<strong>(certaines<\/strong> avec eau chaude), des urinoirs et des cuvettes de toilettes.<\/td><\/tr><tr><td>Accessible aux personnes handicap\u00e9es :<\/td><td>Non, car l&rsquo;acc\u00e8s n&rsquo;est possible que par des \u00e9chelles pliantes.<\/td><\/tr><tr><td>Chiens admis:<\/td><td>Non, les chiens ne sont pas autoris\u00e9s dans les cabanes dans les arbres.<\/td><\/tr><\/tbody><\/table><figcaption class=\"wp-element-caption\">D\u00e9tails sur l&rsquo;h\u00f4tel Baumhotel Schluchsee<\/figcaption><\/figure>\n\n<hr class=\"wp-block-separator has-alpha-channel-opacity\" style=\"margin-top:var(--wp--preset--spacing--50);margin-bottom:var(--wp--preset--spacing--50)\"\/>\n<style>.kadence-column7035_e759f8-03 > .kt-inside-inner-col{display:flex;}.kadence-column7035_e759f8-03 > .kt-inside-inner-col{padding-top:var(--global-kb-spacing-xs, 1rem);padding-right:var(--global-kb-spacing-xs, 1rem);padding-bottom:var(--global-kb-spacing-xs, 1rem);padding-left:var(--global-kb-spacing-xs, 1rem);}.kadence-column7035_e759f8-03 > .kt-inside-inner-col{box-shadow:0px 0px 14px 0px rgba(0, 0, 0, 0.2);}.kadence-column7035_e759f8-03 > .kt-inside-inner-col,.kadence-column7035_e759f8-03 > .kt-inside-inner-col:before{border-top-left-radius:0px;border-top-right-radius:0px;border-bottom-right-radius:0px;border-bottom-left-radius:0px;}.kadence-column7035_e759f8-03 > .kt-inside-inner-col{column-gap:var(--global-kb-gap-sm, 1rem);}.kadence-column7035_e759f8-03 > .kt-inside-inner-col{flex-direction:column;align-items:center;}.kadence-column7035_e759f8-03 > .kt-inside-inner-col > .kb-image-is-ratio-size{align-self:stretch;}.kadence-column7035_e759f8-03 > .kt-inside-inner-col > .wp-block-kadence-advancedgallery{align-self:stretch;}.kadence-column7035_e759f8-03 > .kt-inside-inner-col > .aligncenter{width:100%;}.kadence-column7035_e759f8-03 > .kt-inside-inner-col{background-color:var(--global-palette8, #F7FAFC);}.kadence-column7035_e759f8-03 > .kt-inside-inner-col:before{opacity:0.3;}.kadence-column7035_e759f8-03{position:relative;}@media all and (max-width: 1024px){.kadence-column7035_e759f8-03 > .kt-inside-inner-col{flex-direction:column;justify-content:center;align-items:center;}}@media all and (max-width: 767px){.kadence-column7035_e759f8-03 > .kt-inside-inner-col{flex-direction:column;justify-content:center;align-items:center;}}<\/style>\n<div class=\"wp-block-kadence-column kadence-column7035_e759f8-03\"><div class=\"kt-inside-inner-col\">\n<p class=\"has-text-align-center\">Que penses-tu de l\u2019h\u00f4tel-cabane de Schluchsee ? Laissez-nous une \u00e9valuation, s&rsquo;il vous pla\u00eet.  <br\/>Vous nous aidez ainsi que d&rsquo;autres amoureux de la nature. Merci beaucoup \ud83d\ude42 ! <\/p>\n\n\n\n<div class=\"wp-block-yet-another-stars-rating-visitor-votes aligncenter yasr-vv-block\"><\/div>\n\n\n\n<p>Vous trouverez d&rsquo;autres aventures passionnantes dans notre <a href=\"https:\/\/walderlebnispfade.de\/fr\/experiences-en-foret\/\" data-type=\"page\" data-id=\"228\">recherche d&rsquo;exp\u00e9riences en for\u00eat<\/a> et dans notre <a href=\"https:\/\/walderlebnispfade.de\/fr\/apercu-des-hotels-de-cabanes-dans-les-arbres\/\" data-type=\"post\" data-id=\"5771\">aper\u00e7u des h\u00f4tels dans les arbres<\/a>!<\/p>\n<\/div><\/div>\n\n<hr class=\"wp-block-separator has-alpha-channel-opacity\" style=\"margin-top:var(--wp--preset--spacing--50);margin-bottom:var(--wp--preset--spacing--50)\"\/>\n\n<p><\/p>\n","protected":false},"author":2,"featured_media":7038,"comment_status":"open","ping_status":"closed","template":"","meta":{"_kad_blocks_custom_css":"","_kad_blocks_head_custom_js":"","_kad_blocks_body_custom_js":"","_kad_blocks_footer_custom_js":"","_kad_post_transparent":"","_kad_post_title":"","_kad_post_layout":"","_kad_post_sidebar_id":"","_kad_post_content_style":"","_kad_post_vertical_padding":"","_kad_post_feature":"","_kad_post_feature_position":"","_kad_post_header":false,"_kad_post_footer":false,"_kad_post_classname":"","yasr_overall_rating":0,"yasr_post_is_review":"","yasr_auto_insert_disabled":"","yasr_review_type":""},"region":[130,139],"erlebnisart":[190,193],"class_list":["post-7070","erlebnisse","type-erlebnisse","status-publish","has-post-thumbnail","hentry","region-deutschland-fr","region-bw-fr","erlebnisart-hebergement","erlebnisart-hotel-dans-les-arbres"],"yasr_visitor_votes":{"stars_attributes":{"read_only":false,"span_bottom":false},"number_of_votes":0,"sum_votes":0},"taxonomy_info":{"region":[{"value":130,"label":"Allemagne"},{"value":139,"label":"Baden-W\u00fcrttemberg"}],"erlebnisart":[{"value":190,"label":"H\u00e9bergement"},{"value":193,"label":"H\u00f4tel dans les arbres"}]},"featured_image_src_large":["https:\/\/walderlebnispfade.de\/wp-content\/uploads\/2025\/07\/Baumhaushotel_Schluchsee-1024x576.jpg",1024,576,true],"author_info":{"display_name":"Moni","author_link":"https:\/\/walderlebnispfade.de\/fr\/author\/moni\/"},"comment_info":0,"_links":{"self":[{"href":"https:\/\/walderlebnispfade.de\/fr\/wp-json\/wp\/v2\/erlebnisse\/7070","targetHints":{"allow":["GET"]}}],"collection":[{"href":"https:\/\/walderlebnispfade.de\/fr\/wp-json\/wp\/v2\/erlebnisse"}],"about":[{"href":"https:\/\/walderlebnispfade.de\/fr\/wp-json\/wp\/v2\/types\/erlebnisse"}],"author":[{"embeddable":true,"href":"https:\/\/walderlebnispfade.de\/fr\/wp-json\/wp\/v2\/users\/2"}],"replies":[{"embeddable":true,"href":"https:\/\/walderlebnispfade.de\/fr\/wp-json\/wp\/v2\/comments?post=7070"}],"wp:featuredmedia":[{"embeddable":true,"href":"https:\/\/walderlebnispfade.de\/fr\/wp-json\/wp\/v2\/media\/7038"}],"wp:attachment":[{"href":"https:\/\/walderlebnispfade.de\/fr\/wp-json\/wp\/v2\/media?parent=7070"}],"wp:term":[{"taxonomy":"region","embeddable":true,"href":"https:\/\/walderlebnispfade.de\/fr\/wp-json\/wp\/v2\/region?post=7070"},{"taxonomy":"erlebnisart","embeddable":true,"href":"https:\/\/walderlebnispfade.de\/fr\/wp-json\/wp\/v2\/erlebnisart?post=7070"}],"curies":[{"name":"wp","href":"https:\/\/api.w.org\/{rel}","templated":true}]}}