{"id":7073,"date":"2025-07-02T13:53:23","date_gmt":"2025-07-02T11:53:23","guid":{"rendered":"https:\/\/walderlebnispfade.de\/erlebnisse\/hotel-maison-dans-les-arbres-rosenberg\/"},"modified":"2026-04-22T11:28:36","modified_gmt":"2026-04-22T09:28:36","slug":"hotel-maison-dans-les-arbres-rosenberg","status":"publish","type":"erlebnisse","link":"https:\/\/walderlebnispfade.de\/fr\/erlebnisse\/hotel-maison-dans-les-arbres-rosenberg\/","title":{"rendered":"H\u00f4tel Maison dans les arbres Rosenberg"},"content":{"rendered":"<style>.wp-block-kadence-advancedheading.kt-adv-heading7021_dda910-1c, .wp-block-kadence-advancedheading.kt-adv-heading7021_dda910-1c[data-kb-block=\"kb-adv-heading7021_dda910-1c\"]{font-style:normal;}.wp-block-kadence-advancedheading.kt-adv-heading7021_dda910-1c mark.kt-highlight, .wp-block-kadence-advancedheading.kt-adv-heading7021_dda910-1c[data-kb-block=\"kb-adv-heading7021_dda910-1c\"] mark.kt-highlight{font-style:normal;color:#f76a0c;-webkit-box-decoration-break:clone;box-decoration-break:clone;padding-top:0px;padding-right:0px;padding-bottom:0px;padding-left:0px;}.wp-block-kadence-advancedheading.kt-adv-heading7021_dda910-1c img.kb-inline-image, .wp-block-kadence-advancedheading.kt-adv-heading7021_dda910-1c[data-kb-block=\"kb-adv-heading7021_dda910-1c\"] img.kb-inline-image{width:150px;vertical-align:baseline;}<\/style>\n<h2 class=\"kt-adv-heading7021_dda910-1c wp-block-kadence-advancedheading\" data-kb-block=\"kb-adv-heading7021_dda910-1c\">Cabanes dans les arbres sur le chemin de Saint-Jacques<\/h2>\n\n<p>En lisi\u00e8re d\u2019une for\u00eat mixte de pins dans le Bade-Wurtemberg, l\u2019h\u00f4tel de cabanes dans les arbres Rosenberg t\u2019attend avec une exp\u00e9rience de nuit\u00e9e qui te fera vite oublier le quotidien. Situ\u00e9 directement sur le chemin de Saint-Jacques franconien-souabe, le domaine pr\u00e8s de Rosenberg, non loin d\u2019Ellwangen, t\u2019offre une vraie parenth\u00e8se nature. Quand tu es assis le matin sur ta terrasse et que tu profites de la for\u00eat tout autour, tu comprends vite pourquoi cet h\u00f4tel de cabanes dans les arbres a \u00e9t\u00e9 le premier du genre dans le Bade-Wurtemberg et attire encore aujourd\u2019hui des visiteurs de toute l\u2019Allemagne.  <\/p>\n<style>.kb-table-of-content-nav.kb-table-of-content-id7021_14cf86-13 .kb-table-of-content-wrap{padding-top:var(--global-kb-spacing-sm, 1.5rem);padding-right:var(--global-kb-spacing-sm, 1.5rem);padding-bottom:var(--global-kb-spacing-sm, 1.5rem);padding-left:var(--global-kb-spacing-sm, 1.5rem);background-color:var(--global-palette8, #F7FAFC);box-shadow:inset 0px 0px 14px 0px rgba(0, 0, 0, 0.2);}.kb-table-of-content-nav.kb-table-of-content-id7021_14cf86-13 .kb-table-of-contents-title-wrap{padding-top:0px;padding-right:0px;padding-bottom:0px;padding-left:0px;}.kb-table-of-content-nav.kb-table-of-content-id7021_14cf86-13 .kb-table-of-contents-title{font-weight:regular;font-style:normal;}.kb-table-of-content-nav.kb-table-of-content-id7021_14cf86-13 .kb-table-of-content-wrap .kb-table-of-content-list{font-weight:regular;font-style:normal;margin-top:var(--global-kb-spacing-sm, 1.5rem);margin-right:0px;margin-bottom:0px;margin-left:0px;}.kb-table-of-content-nav.kb-table-of-content-id7021_14cf86-13 .kb-toggle-icon-style-basiccircle .kb-table-of-contents-icon-trigger:after, .kb-table-of-content-nav.kb-table-of-content-id7021_14cf86-13 .kb-toggle-icon-style-basiccircle .kb-table-of-contents-icon-trigger:before, .kb-table-of-content-nav.kb-table-of-content-id7021_14cf86-13 .kb-toggle-icon-style-arrowcircle .kb-table-of-contents-icon-trigger:after, .kb-table-of-content-nav.kb-table-of-content-id7021_14cf86-13 .kb-toggle-icon-style-arrowcircle .kb-table-of-contents-icon-trigger:before, .kb-table-of-content-nav.kb-table-of-content-id7021_14cf86-13 .kb-toggle-icon-style-xclosecircle .kb-table-of-contents-icon-trigger:after, .kb-table-of-content-nav.kb-table-of-content-id7021_14cf86-13 .kb-toggle-icon-style-xclosecircle .kb-table-of-contents-icon-trigger:before{background-color:var(--global-palette8, #F7FAFC);}<\/style>\n<p>Sur le site, 7 cabanes dans les arbres sont disponibles au total, avec 29 couchages. Les cabanes existent en trois tailles : cinq cabanes pour 4 personnes, chacune avec un lit double et deux lits superpos\u00e9s, une cabane pour 6 personnes avec un lit double et quatre lits superpos\u00e9s, ainsi qu\u2019une confortable petite cabane pour 3 personnes avec un lit double et un lit simple. Chaque cabane est chauff\u00e9e \u00e9lectriquement, dispose d\u2019eau courante, de suffisamment de prises et d\u2019une terrasse priv\u00e9e avec parasol. Un foyer avec espace barbecue et accessoires de grillade gratuits fait aussi partie de l\u2019\u00e9quipement. Dans chaque cabane, tu trouveras \u00e9galement une machine Nespresso avec capsules, une bouilloire ainsi qu\u2019un choix de th\u00e9 et de poudre de cappuccino.    <\/p>\n<style>.kb-row-layout-id7021_23a2ac-77 > .kt-row-column-wrap{align-content:start;}:where(.kb-row-layout-id7021_23a2ac-77 > .kt-row-column-wrap) > .wp-block-kadence-column{justify-content:start;}.kb-row-layout-id7021_23a2ac-77 > .kt-row-column-wrap{column-gap:var(--global-kb-gap-md, 2rem);row-gap:var(--global-kb-gap-md, 2rem);padding-top:var(--global-kb-spacing-sm, 1.5rem);padding-bottom:var(--global-kb-spacing-sm, 1.5rem);grid-template-columns:repeat(2, minmax(0, 1fr));}.kb-row-layout-id7021_23a2ac-77 > .kt-row-layout-overlay{opacity:0.30;}@media all and (max-width: 1024px){.kb-row-layout-id7021_23a2ac-77 > .kt-row-column-wrap{grid-template-columns:repeat(2, minmax(0, 1fr));}}@media all and (max-width: 767px){.kb-row-layout-id7021_23a2ac-77 > .kt-row-column-wrap{grid-template-columns:minmax(0, 1fr);}}<\/style><div class=\"kb-row-layout-wrap kb-row-layout-id7021_23a2ac-77 alignnone wp-block-kadence-rowlayout\"><div class=\"kt-row-column-wrap kt-has-2-columns kt-row-layout-equal kt-tab-layout-inherit kt-mobile-layout-row kt-row-valign-top\">\n<style>.kadence-column7021_c8e699-40 > .kt-inside-inner-col,.kadence-column7021_c8e699-40 > .kt-inside-inner-col:before{border-top-left-radius:0px;border-top-right-radius:0px;border-bottom-right-radius:0px;border-bottom-left-radius:0px;}.kadence-column7021_c8e699-40 > .kt-inside-inner-col{column-gap:var(--global-kb-gap-sm, 1rem);}.kadence-column7021_c8e699-40 > .kt-inside-inner-col{flex-direction:column;}.kadence-column7021_c8e699-40 > .kt-inside-inner-col > .aligncenter{width:100%;}.kadence-column7021_c8e699-40 > .kt-inside-inner-col:before{opacity:0.3;}.kadence-column7021_c8e699-40{position:relative;}@media all and (max-width: 1024px){.kadence-column7021_c8e699-40 > .kt-inside-inner-col{flex-direction:column;justify-content:center;}}@media all and (max-width: 767px){.kadence-column7021_c8e699-40 > .kt-inside-inner-col{flex-direction:column;justify-content:center;}}<\/style>\n<div class=\"wp-block-kadence-column kadence-column7021_c8e699-40\"><div class=\"kt-inside-inner-col\">\n<p>Pour les sanitaires, tu utilises les installations du camping voisin Waldcamping H\u00fcttenhof, situ\u00e9 \u00e0 quelques pas seulement. Dans les cabanes elles-m\u00eames, il n\u2019y a que des toilettes s\u00e8ches \u00e0 compost. Si tu le souhaites, tu peux te faire livrer le matin un panier petit-d\u00e9jeuner \u00e0 la cabane. Trois options sont propos\u00e9es : du petit-d\u00e9jeuner simple \u00e0 partir de 8 \u20ac par personne jusqu\u2019au petit-d\u00e9jeuner au champagne \u00e0 15 \u20ac par personne. Autour du site, trois \u00e9tangs de baignade t\u2019attendent, le chemin de Saint-Jacques invite \u00e0 la randonn\u00e9e, et la r\u00e9gion se d\u00e9couvre tr\u00e8s bien \u00e0 v\u00e9lo. Les animaux de compagnie sont les bienvenus, et si tu veux offrir un s\u00e9jour, tu trouveras aussi des bons cadeaux sur le site.     <\/p>\n<\/div><\/div>\n\n\n<style>.kadence-column7021_6ccb18-66 > .kt-inside-inner-col,.kadence-column7021_6ccb18-66 > .kt-inside-inner-col:before{border-top-left-radius:0px;border-top-right-radius:0px;border-bottom-right-radius:0px;border-bottom-left-radius:0px;}.kadence-column7021_6ccb18-66 > .kt-inside-inner-col{column-gap:var(--global-kb-gap-sm, 1rem);}.kadence-column7021_6ccb18-66 > .kt-inside-inner-col{flex-direction:column;}.kadence-column7021_6ccb18-66 > .kt-inside-inner-col > .aligncenter{width:100%;}.kadence-column7021_6ccb18-66 > .kt-inside-inner-col:before{opacity:0.3;}.kadence-column7021_6ccb18-66{position:relative;}@media all and (max-width: 1024px){.kadence-column7021_6ccb18-66 > .kt-inside-inner-col{flex-direction:column;justify-content:center;}}@media all and (max-width: 767px){.kadence-column7021_6ccb18-66 > .kt-inside-inner-col{flex-direction:column;justify-content:center;}}<\/style>\n<div class=\"wp-block-kadence-column kadence-column7021_6ccb18-66\"><div class=\"kt-inside-inner-col\"><style>.wp-block-kadence-advancedheading.kt-adv-heading7021_ae3045-14, .wp-block-kadence-advancedheading.kt-adv-heading7021_ae3045-14[data-kb-block=\"kb-adv-heading7021_ae3045-14\"]{text-align:center;font-style:normal;}.wp-block-kadence-advancedheading.kt-adv-heading7021_ae3045-14 mark.kt-highlight, .wp-block-kadence-advancedheading.kt-adv-heading7021_ae3045-14[data-kb-block=\"kb-adv-heading7021_ae3045-14\"] mark.kt-highlight{font-style:normal;color:#f76a0c;-webkit-box-decoration-break:clone;box-decoration-break:clone;padding-top:0px;padding-right:0px;padding-bottom:0px;padding-left:0px;}.wp-block-kadence-advancedheading.kt-adv-heading7021_ae3045-14 img.kb-inline-image, .wp-block-kadence-advancedheading.kt-adv-heading7021_ae3045-14[data-kb-block=\"kb-adv-heading7021_ae3045-14\"] img.kb-inline-image{width:150px;vertical-align:baseline;}<\/style>\n<h3 class=\"kt-adv-heading7021_ae3045-14 wp-block-kadence-advancedheading\" data-kb-block=\"kb-adv-heading7021_ae3045-14\">Aper\u00e7u des \u00e9quipements :<\/h3>\n\n\n<style>.kb-table-container7021_9174e2-a7{overflow-x:auto;}.kb-table-container .kb-table7021_9174e2-a7 th{padding-top:var(--global-kb-spacing-xxs, 0.5rem);padding-right:var(--global-kb-spacing-xxs, 0.5rem);padding-bottom:var(--global-kb-spacing-xxs, 0.5rem);padding-left:var(--global-kb-spacing-xxs, 0.5rem);text-align:center;}.kb-table-container .kb-table7021_9174e2-a7 caption{text-align:center;}.kb-table-container .kb-table7021_9174e2-a7 td{padding-top:var(--global-kb-spacing-xxs, 0.5rem);padding-right:var(--global-kb-spacing-xxs, 0.5rem);padding-bottom:var(--global-kb-spacing-xxs, 0.5rem);padding-left:var(--global-kb-spacing-xxs, 0.5rem);text-align:left;}<\/style><div class=\"kb-table-container kb-table-container7021_9174e2-a7 wp-block-kadence-table\"><table class=\"kb-table kb-table7021_9174e2-a7\">\n<tr class=\"kb-table-row kb-table-row7021_19e23b-45\">\n<td class=\"kb-table-data kb-table-data7021_845112-ad\">\n<style>.kb-image7021_5deb35-82.kb-image-is-ratio-size, .kb-image7021_5deb35-82 .kb-image-is-ratio-size{max-width:100px;width:100%;}.wp-block-kadence-column > .kt-inside-inner-col > .kb-image7021_5deb35-82.kb-image-is-ratio-size, .wp-block-kadence-column > .kt-inside-inner-col > .kb-image7021_5deb35-82 .kb-image-is-ratio-size{align-self:unset;}.kb-image7021_5deb35-82 figure{max-width:100px;}.kb-image7021_5deb35-82 .image-is-svg, .kb-image7021_5deb35-82 .image-is-svg img{width:100%;}.kb-image7021_5deb35-82 .kb-image-has-overlay:after{opacity:0.3;}<\/style>\n<div class=\"wp-block-kadence-image kb-image7021_5deb35-82\"><figure class=\"aligncenter size-full\"><img loading=\"lazy\" decoding=\"async\" width=\"100\" height=\"100\" src=\"https:\/\/walderlebnispfade.de\/wp-content\/uploads\/2026\/04\/Strom.png\" alt=\"Strom-Symbol\" class=\"kb-img wp-image-7715\"\/><\/figure><\/div>\n\n<\/td>\n\n<td class=\"kb-table-data kb-table-data7021_d68e79-63\">\n<style>.kb-image7021_dff10f-78 .kb-image-has-overlay:after{opacity:0.3;}<\/style>\n<div class=\"wp-block-kadence-image kb-image7021_dff10f-78\"><figure class=\"aligncenter size-full\"><img loading=\"lazy\" decoding=\"async\" width=\"100\" height=\"100\" src=\"https:\/\/walderlebnispfade.de\/wp-content\/uploads\/2026\/04\/Heizung.png\" alt=\"Heizungs-Symbol\" class=\"kb-img wp-image-7712\"\/><\/figure><\/div>\n\n<\/td>\n<\/tr>\n\n<tr class=\"kb-table-row kb-table-row7021_9984f6-bb\">\n<td class=\"kb-table-data kb-table-data7021_d24dfb-10\">\n<style>.kb-image7021_c6f845-35 .kb-image-has-overlay:after{opacity:0.3;}<\/style>\n<div class=\"wp-block-kadence-image kb-image7021_c6f845-35\"><figure class=\"aligncenter size-full\"><img loading=\"lazy\" decoding=\"async\" width=\"100\" height=\"100\" src=\"https:\/\/walderlebnispfade.de\/wp-content\/uploads\/2026\/04\/WC.png\" alt=\"WC-Symbol\" class=\"kb-img wp-image-7716\"\/><\/figure><\/div>\n\n<\/td>\n\n<td class=\"kb-table-data kb-table-data7021_0cb874-d3\">\n<style>.kb-image7021_3b1be7-dc .kb-image-has-overlay:after{opacity:0.3;}<\/style>\n<div class=\"wp-block-kadence-image kb-image7021_3b1be7-dc\"><figure class=\"aligncenter size-full\"><img loading=\"lazy\" decoding=\"async\" width=\"100\" height=\"100\" src=\"https:\/\/walderlebnispfade.de\/wp-content\/uploads\/2026\/04\/Hunde_Erlaubt.png\" alt=\"Hunde erlaubt Symbol\" class=\"kb-img wp-image-7713\"\/><\/figure><\/div>\n\n<\/td>\n<\/tr>\n<\/table><\/div><\/div><\/div>\n\n<\/div><\/div>\n<p>Les animaux domestiques peuvent \u00eatre amen\u00e9s sans frais suppl\u00e9mentaires. Comme la r\u00e9ception n&rsquo;est occup\u00e9e que pendant quelques heures, un code pour le coffre-fort \u00e0 cl\u00e9s est fourni lors de la r\u00e9servation. L&rsquo;arriv\u00e9e est ainsi possible de mani\u00e8re flexible. Paiement uniquement \u00e0 l&rsquo;avance, car il n&rsquo;y a personne sur place pour encaisser.   <\/p>\n\n<h2 class=\"wp-block-heading\">Informations sur la cabane dans les arbres Rosenberg<\/h2>\n\n<figure class=\"wp-block-table\"><table class=\"has-fixed-layout\"><tbody><tr><td>Nombre de cabanes dans les arbres :<\/td><td>5 h\u00f4tels cabanes dans les arbres avec 4 lits ; 1 h\u00f4tel cabane dans les arbres avec 3 lits ; 1 h\u00f4tel cabane dans les arbres avec 4 lits et 2 lits pour enfants<\/td><\/tr><tr><td>Hauteur de vie :<\/td><td>2 \u2013 6 m\u00e8tres<\/td><\/tr><tr><td>Capacit\u00e9 :<\/td><td>Jusqu&rsquo;\u00e0 29 personnes au total<\/td><\/tr><tr><td>R\u00e9servable :<\/td><td>R\u00e9servation possible toute l&rsquo;ann\u00e9e<\/td><\/tr><tr><td>Chauffage :<\/td><td>Le chauffage est disponible.<\/td><\/tr><tr><td>\u00e9lectricit\u00e9 :<\/td><td>Oui.<\/td><\/tr><tr><td>Cuisine :<\/td><td>Bouilloire uniquement.<\/td><\/tr><tr><td>les installations sanitaires:<\/td><td>WC \u00e0 compost. Douche &amp; WC dans le camping. <\/td><\/tr><tr><td>Accessible aux personnes handicap\u00e9es :<\/td><td>Non, car l&rsquo;acc\u00e8s n&rsquo;est possible que par des escaliers.<\/td><\/tr><tr><td>Chiens admis:<\/td><td>Oui, les animaux domestiques sont autoris\u00e9s.<\/td><\/tr><\/tbody><\/table><figcaption class=\"wp-element-caption\">D\u00e9tails sur Baumhotel Rosenberg<\/figcaption><\/figure>\n\n<hr class=\"wp-block-separator has-alpha-channel-opacity\" style=\"margin-top:var(--wp--preset--spacing--50);margin-bottom:var(--wp--preset--spacing--50)\"\/>\n<style>.kadence-column7021_eafe5f-25 > .kt-inside-inner-col{display:flex;}.kadence-column7021_eafe5f-25 > .kt-inside-inner-col{padding-top:var(--global-kb-spacing-xs, 1rem);padding-right:var(--global-kb-spacing-xs, 1rem);padding-bottom:var(--global-kb-spacing-xs, 1rem);padding-left:var(--global-kb-spacing-xs, 1rem);}.kadence-column7021_eafe5f-25 > .kt-inside-inner-col{box-shadow:0px 0px 14px 0px rgba(0, 0, 0, 0.2);}.kadence-column7021_eafe5f-25 > .kt-inside-inner-col,.kadence-column7021_eafe5f-25 > .kt-inside-inner-col:before{border-top-left-radius:0px;border-top-right-radius:0px;border-bottom-right-radius:0px;border-bottom-left-radius:0px;}.kadence-column7021_eafe5f-25 > .kt-inside-inner-col{column-gap:var(--global-kb-gap-sm, 1rem);}.kadence-column7021_eafe5f-25 > .kt-inside-inner-col{flex-direction:column;align-items:center;}.kadence-column7021_eafe5f-25 > .kt-inside-inner-col > .kb-image-is-ratio-size{align-self:stretch;}.kadence-column7021_eafe5f-25 > .kt-inside-inner-col > .wp-block-kadence-advancedgallery{align-self:stretch;}.kadence-column7021_eafe5f-25 > .kt-inside-inner-col > .aligncenter{width:100%;}.kadence-column7021_eafe5f-25 > .kt-inside-inner-col{background-color:var(--global-palette8, #F7FAFC);}.kadence-column7021_eafe5f-25 > .kt-inside-inner-col:before{opacity:0.3;}.kadence-column7021_eafe5f-25{position:relative;}@media all and (max-width: 1024px){.kadence-column7021_eafe5f-25 > .kt-inside-inner-col{flex-direction:column;justify-content:center;align-items:center;}}@media all and (max-width: 767px){.kadence-column7021_eafe5f-25 > .kt-inside-inner-col{flex-direction:column;justify-content:center;align-items:center;}}<\/style>\n<div class=\"wp-block-kadence-column kadence-column7021_eafe5f-25\"><div class=\"kt-inside-inner-col\">\n<p class=\"has-text-align-center\">Que penses-tu de l\u2019h\u00f4tel de cabanes dans les arbres Rosenberg ? Laissez-nous une \u00e9valuation, s&rsquo;il vous pla\u00eet.  <br\/>Vous nous aidez ainsi que d&rsquo;autres amoureux de la nature. Merci beaucoup \ud83d\ude42 ! <\/p>\n\n\n\n<div class=\"wp-block-yet-another-stars-rating-visitor-votes aligncenter yasr-vv-block\"><\/div>\n\n\n\n<p>Vous trouverez d&rsquo;autres aventures passionnantes dans notre <a href=\"https:\/\/walderlebnispfade.de\/fr\/experiences-en-foret\/\" data-type=\"page\" data-id=\"228\">recherche d&rsquo;exp\u00e9riences en for\u00eat<\/a> et dans notre <a href=\"https:\/\/walderlebnispfade.de\/fr\/apercu-des-hotels-de-cabanes-dans-les-arbres\/\" data-type=\"post\" data-id=\"5771\">aper\u00e7u des h\u00f4tels dans les arbres<\/a>!<\/p>\n<\/div><\/div>\n\n<hr class=\"wp-block-separator has-alpha-channel-opacity\" style=\"margin-top:var(--wp--preset--spacing--50);margin-bottom:var(--wp--preset--spacing--50)\"\/>\n\n<h2 class=\"wp-block-heading\">Vid\u00e9o de la cabane dans les arbres de l&rsquo;h\u00f4tel Rosenberg<\/h2>\n\n<p>La SWR y a tourn\u00e9 un reportage : <a href=\"https:\/\/www.swr.de\/video\/sendungen-a-z\/landesschau-bw\/glamping-auf-der-schwaebischen-alb-100.html\" target=\"_blank\" data-type=\"link\" data-id=\"https:\/\/www.swr.de\/video\/sendungen-a-z\/landesschau-bw\/glamping-auf-der-schwaebischen-alb-100.html\" rel=\"noreferrer noopener\">Glamping auf der Schw\u00e4bischen Alb<\/a><\/p>\n\n<p><\/p>\n","protected":false},"author":2,"featured_media":7024,"comment_status":"open","ping_status":"closed","template":"","meta":{"_kad_blocks_custom_css":"","_kad_blocks_head_custom_js":"","_kad_blocks_body_custom_js":"","_kad_blocks_footer_custom_js":"","_kad_post_transparent":"","_kad_post_title":"","_kad_post_layout":"","_kad_post_sidebar_id":"","_kad_post_content_style":"","_kad_post_vertical_padding":"","_kad_post_feature":"","_kad_post_feature_position":"","_kad_post_header":false,"_kad_post_footer":false,"_kad_post_classname":"","yasr_overall_rating":0,"yasr_post_is_review":"","yasr_auto_insert_disabled":"","yasr_review_type":""},"region":[130,139],"erlebnisart":[190,193],"class_list":["post-7073","erlebnisse","type-erlebnisse","status-publish","has-post-thumbnail","hentry","region-deutschland-fr","region-bw-fr","erlebnisart-hebergement","erlebnisart-hotel-dans-les-arbres"],"yasr_visitor_votes":{"stars_attributes":{"read_only":false,"span_bottom":false},"number_of_votes":0,"sum_votes":0},"taxonomy_info":{"region":[{"value":130,"label":"Allemagne"},{"value":139,"label":"Baden-W\u00fcrttemberg"}],"erlebnisart":[{"value":190,"label":"H\u00e9bergement"},{"value":193,"label":"H\u00f4tel dans les arbres"}]},"featured_image_src_large":["https:\/\/walderlebnispfade.de\/wp-content\/uploads\/2025\/07\/Baumhaushotel_Rosenberg-1024x576.jpg",1024,576,true],"author_info":{"display_name":"Moni","author_link":"https:\/\/walderlebnispfade.de\/fr\/author\/moni\/"},"comment_info":0,"_links":{"self":[{"href":"https:\/\/walderlebnispfade.de\/fr\/wp-json\/wp\/v2\/erlebnisse\/7073","targetHints":{"allow":["GET"]}}],"collection":[{"href":"https:\/\/walderlebnispfade.de\/fr\/wp-json\/wp\/v2\/erlebnisse"}],"about":[{"href":"https:\/\/walderlebnispfade.de\/fr\/wp-json\/wp\/v2\/types\/erlebnisse"}],"author":[{"embeddable":true,"href":"https:\/\/walderlebnispfade.de\/fr\/wp-json\/wp\/v2\/users\/2"}],"replies":[{"embeddable":true,"href":"https:\/\/walderlebnispfade.de\/fr\/wp-json\/wp\/v2\/comments?post=7073"}],"wp:featuredmedia":[{"embeddable":true,"href":"https:\/\/walderlebnispfade.de\/fr\/wp-json\/wp\/v2\/media\/7024"}],"wp:attachment":[{"href":"https:\/\/walderlebnispfade.de\/fr\/wp-json\/wp\/v2\/media?parent=7073"}],"wp:term":[{"taxonomy":"region","embeddable":true,"href":"https:\/\/walderlebnispfade.de\/fr\/wp-json\/wp\/v2\/region?post=7073"},{"taxonomy":"erlebnisart","embeddable":true,"href":"https:\/\/walderlebnispfade.de\/fr\/wp-json\/wp\/v2\/erlebnisart?post=7073"}],"curies":[{"name":"wp","href":"https:\/\/api.w.org\/{rel}","templated":true}]}}