{"id":7117,"date":"2025-07-11T12:54:44","date_gmt":"2025-07-11T10:54:44","guid":{"rendered":"https:\/\/walderlebnispfade.de\/erlebnisse\/hotel-cabane-dans-les-arbres-auszeit\/"},"modified":"2026-04-22T11:27:27","modified_gmt":"2026-04-22T09:27:27","slug":"hotel-cabane-dans-les-arbres-auszeit","status":"publish","type":"erlebnisse","link":"https:\/\/walderlebnispfade.de\/fr\/erlebnisse\/hotel-cabane-dans-les-arbres-auszeit\/","title":{"rendered":"H\u00f4tel cabane dans les arbres Auszeit"},"content":{"rendered":"<style>.wp-block-kadence-advancedheading.kt-adv-heading7114_63b8af-f4, .wp-block-kadence-advancedheading.kt-adv-heading7114_63b8af-f4[data-kb-block=\"kb-adv-heading7114_63b8af-f4\"]{font-style:normal;}.wp-block-kadence-advancedheading.kt-adv-heading7114_63b8af-f4 mark.kt-highlight, .wp-block-kadence-advancedheading.kt-adv-heading7114_63b8af-f4[data-kb-block=\"kb-adv-heading7114_63b8af-f4\"] mark.kt-highlight{font-style:normal;color:#f76a0c;-webkit-box-decoration-break:clone;box-decoration-break:clone;padding-top:0px;padding-right:0px;padding-bottom:0px;padding-left:0px;}.wp-block-kadence-advancedheading.kt-adv-heading7114_63b8af-f4 img.kb-inline-image, .wp-block-kadence-advancedheading.kt-adv-heading7114_63b8af-f4[data-kb-block=\"kb-adv-heading7114_63b8af-f4\"] img.kb-inline-image{width:150px;vertical-align:baseline;}<\/style>\n<h2 class=\"kt-adv-heading7114_63b8af-f4 wp-block-kadence-advancedheading\" data-kb-block=\"kb-adv-heading7114_63b8af-f4\">Cabanes dans les arbres dans le Kammeltal <\/h2>\n\n<p>\u00c0 l\u2019h\u00f4tel de cabanes dans les arbres Auszeit, dans le Kammeltal, trois cabanes enti\u00e8rement \u00e9quip\u00e9es sont disponibles pour accueillir jusqu\u2019\u00e0 6 personnes \u2013 l\u2019id\u00e9al pour les familles qui souhaitent vivre la nature et l\u2019aventure. Juste devant ta porte, tu trouveras une hutte de castor accessible, de nouveaux sentiers de randonn\u00e9e et des possibilit\u00e9s de randonn\u00e9es \u00e0 v\u00e9lo passionnantes. Les enfants d\u00e9couvrent la nature en s\u2019amusant, tandis que les parents se d\u00e9tendent dans le hamac ou sur la balancelle.  <\/p>\n<style>.kb-table-of-content-nav.kb-table-of-content-id7114_b55c20-86 .kb-table-of-content-wrap{padding-top:var(--global-kb-spacing-sm, 1.5rem);padding-right:var(--global-kb-spacing-sm, 1.5rem);padding-bottom:var(--global-kb-spacing-sm, 1.5rem);padding-left:var(--global-kb-spacing-sm, 1.5rem);background-color:var(--global-palette8, #F7FAFC);box-shadow:inset 0px 0px 14px 0px rgba(0, 0, 0, 0.2);}.kb-table-of-content-nav.kb-table-of-content-id7114_b55c20-86 .kb-table-of-contents-title-wrap{padding-top:0px;padding-right:0px;padding-bottom:0px;padding-left:0px;}.kb-table-of-content-nav.kb-table-of-content-id7114_b55c20-86 .kb-table-of-contents-title{font-weight:regular;font-style:normal;}.kb-table-of-content-nav.kb-table-of-content-id7114_b55c20-86 .kb-table-of-content-wrap .kb-table-of-content-list{font-weight:regular;font-style:normal;margin-top:var(--global-kb-spacing-sm, 1.5rem);margin-right:0px;margin-bottom:0px;margin-left:0px;}.kb-table-of-content-nav.kb-table-of-content-id7114_b55c20-86 .kb-toggle-icon-style-basiccircle .kb-table-of-contents-icon-trigger:after, .kb-table-of-content-nav.kb-table-of-content-id7114_b55c20-86 .kb-toggle-icon-style-basiccircle .kb-table-of-contents-icon-trigger:before, .kb-table-of-content-nav.kb-table-of-content-id7114_b55c20-86 .kb-toggle-icon-style-arrowcircle .kb-table-of-contents-icon-trigger:after, .kb-table-of-content-nav.kb-table-of-content-id7114_b55c20-86 .kb-toggle-icon-style-arrowcircle .kb-table-of-contents-icon-trigger:before, .kb-table-of-content-nav.kb-table-of-content-id7114_b55c20-86 .kb-toggle-icon-style-xclosecircle .kb-table-of-contents-icon-trigger:after, .kb-table-of-content-nav.kb-table-of-content-id7114_b55c20-86 .kb-toggle-icon-style-xclosecircle .kb-table-of-contents-icon-trigger:before{background-color:var(--global-palette8, #F7FAFC);}<\/style><style>.kb-row-layout-id7114_941e04-32 > .kt-row-column-wrap{align-content:start;}:where(.kb-row-layout-id7114_941e04-32 > .kt-row-column-wrap) > .wp-block-kadence-column{justify-content:start;}.kb-row-layout-id7114_941e04-32 > .kt-row-column-wrap{column-gap:var(--global-kb-gap-md, 2rem);row-gap:var(--global-kb-gap-md, 2rem);padding-top:var(--global-kb-spacing-sm, 1.5rem);padding-bottom:var(--global-kb-spacing-sm, 1.5rem);grid-template-columns:repeat(2, minmax(0, 1fr));}.kb-row-layout-id7114_941e04-32 > .kt-row-layout-overlay{opacity:0.30;}@media all and (max-width: 1024px){.kb-row-layout-id7114_941e04-32 > .kt-row-column-wrap{grid-template-columns:repeat(2, minmax(0, 1fr));}}@media all and (max-width: 767px){.kb-row-layout-id7114_941e04-32 > .kt-row-column-wrap{grid-template-columns:minmax(0, 1fr);}}<\/style><div class=\"kb-row-layout-wrap kb-row-layout-id7114_941e04-32 alignnone wp-block-kadence-rowlayout\"><div class=\"kt-row-column-wrap kt-has-2-columns kt-row-layout-equal kt-tab-layout-inherit kt-mobile-layout-row kt-row-valign-top\">\n<style>.kadence-column7114_bd4c69-c9 > .kt-inside-inner-col,.kadence-column7114_bd4c69-c9 > .kt-inside-inner-col:before{border-top-left-radius:0px;border-top-right-radius:0px;border-bottom-right-radius:0px;border-bottom-left-radius:0px;}.kadence-column7114_bd4c69-c9 > .kt-inside-inner-col{column-gap:var(--global-kb-gap-sm, 1rem);}.kadence-column7114_bd4c69-c9 > .kt-inside-inner-col{flex-direction:column;}.kadence-column7114_bd4c69-c9 > .kt-inside-inner-col > .aligncenter{width:100%;}.kadence-column7114_bd4c69-c9 > .kt-inside-inner-col:before{opacity:0.3;}.kadence-column7114_bd4c69-c9{position:relative;}@media all and (max-width: 1024px){.kadence-column7114_bd4c69-c9 > .kt-inside-inner-col{flex-direction:column;justify-content:center;}}@media all and (max-width: 767px){.kadence-column7114_bd4c69-c9 > .kt-inside-inner-col{flex-direction:column;justify-content:center;}}<\/style>\n<div class=\"wp-block-kadence-column kadence-column7114_bd4c69-c9\"><div class=\"kt-inside-inner-col\">\n<p>L\u2019h\u00f4tel dans les arbres est situ\u00e9 dans un environnement absolument calme, dans l\u2019arrondissement de G\u00fcnzburg, entre Ulm et Augsbourg. Gr\u00e2ce \u00e0 la proximit\u00e9 des autoroutes A8 et A7, l\u2019acc\u00e8s est tr\u00e8s simple. Tu trouveras des commerces, des m\u00e9decins et des banques dans les localit\u00e9s environnantes. Toutes les cabanes disposent de l\u2019eau chaude courante, de l\u2019\u00e9lectricit\u00e9 et du chauffage. Le matin, un panier de pique-nique compos\u00e9 d\u2019un petit-d\u00e9jeuner \u00e0 base de produits r\u00e9gionaux est apport\u00e9 \u00e0 la cabane. Tu trouveras d\u2019autres gourmandises qui changent r\u00e9guli\u00e8rement au <a href=\"https:\/\/www.baumhotel-auszeit.de\/baumhotel\/das-caf%C3%A9.html\" target=\"_blank\" rel=\"noreferrer noopener\">Cafe Auszeit<\/a>.     <\/p>\n\n\n\n<p>Pour encore plus de d\u00e9tente, tu peux r\u00e9server le wagon-sauna \u00e0 l\u2019heure \u2013 un vrai r\u00e9gal, surtout pendant la saison froide ! Si tu l\u2019oses, tu pourras te rafra\u00eechir dans la rivi\u00e8re apr\u00e8s ta s\u00e9ance de sauna. <\/p>\n<\/div><\/div>\n\n\n<style>.kadence-column7114_0f62f1-73 > .kt-inside-inner-col,.kadence-column7114_0f62f1-73 > .kt-inside-inner-col:before{border-top-left-radius:0px;border-top-right-radius:0px;border-bottom-right-radius:0px;border-bottom-left-radius:0px;}.kadence-column7114_0f62f1-73 > .kt-inside-inner-col{column-gap:var(--global-kb-gap-sm, 1rem);}.kadence-column7114_0f62f1-73 > .kt-inside-inner-col{flex-direction:column;}.kadence-column7114_0f62f1-73 > .kt-inside-inner-col > .aligncenter{width:100%;}.kadence-column7114_0f62f1-73 > .kt-inside-inner-col:before{opacity:0.3;}.kadence-column7114_0f62f1-73{position:relative;}@media all and (max-width: 1024px){.kadence-column7114_0f62f1-73 > .kt-inside-inner-col{flex-direction:column;justify-content:center;}}@media all and (max-width: 767px){.kadence-column7114_0f62f1-73 > .kt-inside-inner-col{flex-direction:column;justify-content:center;}}<\/style>\n<div class=\"wp-block-kadence-column kadence-column7114_0f62f1-73\"><div class=\"kt-inside-inner-col\"><style>.wp-block-kadence-advancedheading.kt-adv-heading7114_5851a3-fe, .wp-block-kadence-advancedheading.kt-adv-heading7114_5851a3-fe[data-kb-block=\"kb-adv-heading7114_5851a3-fe\"]{text-align:center;font-style:normal;}.wp-block-kadence-advancedheading.kt-adv-heading7114_5851a3-fe mark.kt-highlight, .wp-block-kadence-advancedheading.kt-adv-heading7114_5851a3-fe[data-kb-block=\"kb-adv-heading7114_5851a3-fe\"] mark.kt-highlight{font-style:normal;color:#f76a0c;-webkit-box-decoration-break:clone;box-decoration-break:clone;padding-top:0px;padding-right:0px;padding-bottom:0px;padding-left:0px;}.wp-block-kadence-advancedheading.kt-adv-heading7114_5851a3-fe img.kb-inline-image, .wp-block-kadence-advancedheading.kt-adv-heading7114_5851a3-fe[data-kb-block=\"kb-adv-heading7114_5851a3-fe\"] img.kb-inline-image{width:150px;vertical-align:baseline;}<\/style>\n<h3 class=\"kt-adv-heading7114_5851a3-fe wp-block-kadence-advancedheading\" data-kb-block=\"kb-adv-heading7114_5851a3-fe\">Aper\u00e7u des \u00e9quipements :<\/h3>\n\n\n<style>.kb-table-container7114_24d8b0-3a{overflow-x:auto;}.kb-table-container .kb-table7114_24d8b0-3a th{padding-top:var(--global-kb-spacing-xxs, 0.5rem);padding-right:var(--global-kb-spacing-xxs, 0.5rem);padding-bottom:var(--global-kb-spacing-xxs, 0.5rem);padding-left:var(--global-kb-spacing-xxs, 0.5rem);text-align:center;}.kb-table-container .kb-table7114_24d8b0-3a caption{text-align:center;}.kb-table-container .kb-table7114_24d8b0-3a td{padding-top:var(--global-kb-spacing-xxs, 0.5rem);padding-right:var(--global-kb-spacing-xxs, 0.5rem);padding-bottom:var(--global-kb-spacing-xxs, 0.5rem);padding-left:var(--global-kb-spacing-xxs, 0.5rem);text-align:left;}<\/style><div class=\"kb-table-container kb-table-container7114_24d8b0-3a wp-block-kadence-table\"><table class=\"kb-table kb-table7114_24d8b0-3a\">\n<tr class=\"kb-table-row kb-table-row7114_c86b32-5e\">\n<td class=\"kb-table-data kb-table-data7114_8e0a29-03\">\n<style>.kb-image7114_3c2e06-e2 .kb-image-has-overlay:after{opacity:0.3;}<\/style>\n<div class=\"wp-block-kadence-image kb-image7114_3c2e06-e2\"><figure class=\"aligncenter size-full\"><img loading=\"lazy\" decoding=\"async\" width=\"100\" height=\"100\" src=\"https:\/\/walderlebnispfade.de\/wp-content\/uploads\/2026\/04\/WC.png\" alt=\"WC-Symbol\" class=\"kb-img wp-image-7716\"\/><\/figure><\/div>\n\n<\/td>\n\n<td class=\"kb-table-data kb-table-data7114_fe2456-a4\">\n<style>.kb-image7114_d2124b-48 .kb-image-has-overlay:after{opacity:0.3;}<\/style>\n<div class=\"wp-block-kadence-image kb-image7114_d2124b-48\"><figure class=\"aligncenter size-full\"><img loading=\"lazy\" decoding=\"async\" width=\"100\" height=\"100\" src=\"https:\/\/walderlebnispfade.de\/wp-content\/uploads\/2026\/04\/Dusche.png\" alt=\"Dusch-Symbol\" class=\"kb-img wp-image-7711\"\/><\/figure><\/div>\n\n<\/td>\n<\/tr>\n\n<tr class=\"kb-table-row kb-table-row7114_de4f1a-5f\">\n<td class=\"kb-table-data kb-table-data7114_07b58e-32\">\n<style>.kb-image7114_dc95f8-65.kb-image-is-ratio-size, .kb-image7114_dc95f8-65 .kb-image-is-ratio-size{max-width:100px;width:100%;}.wp-block-kadence-column > .kt-inside-inner-col > .kb-image7114_dc95f8-65.kb-image-is-ratio-size, .wp-block-kadence-column > .kt-inside-inner-col > .kb-image7114_dc95f8-65 .kb-image-is-ratio-size{align-self:unset;}.kb-image7114_dc95f8-65 figure{max-width:100px;}.kb-image7114_dc95f8-65 .image-is-svg, .kb-image7114_dc95f8-65 .image-is-svg img{width:100%;}.kb-image7114_dc95f8-65 .kb-image-has-overlay:after{opacity:0.3;}<\/style>\n<div class=\"wp-block-kadence-image kb-image7114_dc95f8-65\"><figure class=\"aligncenter size-full\"><img loading=\"lazy\" decoding=\"async\" width=\"100\" height=\"100\" src=\"https:\/\/walderlebnispfade.de\/wp-content\/uploads\/2026\/04\/Strom.png\" alt=\"Strom-Symbol\" class=\"kb-img wp-image-7715\"\/><\/figure><\/div>\n\n<\/td>\n\n<td class=\"kb-table-data kb-table-data7114_2bc0d5-ae\">\n<style>.kb-image7114_716c4d-c0 .kb-image-has-overlay:after{opacity:0.3;}<\/style>\n<div class=\"wp-block-kadence-image kb-image7114_716c4d-c0\"><figure class=\"aligncenter size-full\"><img loading=\"lazy\" decoding=\"async\" width=\"100\" height=\"100\" src=\"https:\/\/walderlebnispfade.de\/wp-content\/uploads\/2026\/04\/Heizung.png\" alt=\"Heizungs-Symbol\" class=\"kb-img wp-image-7712\"\/><\/figure><\/div>\n\n<\/td>\n<\/tr>\n\n<tr class=\"kb-table-row kb-table-row7114_f4b0f0-d9\">\n<td class=\"kb-table-data kb-table-data7114_797919-5f\">\n<style>.kb-image7114_e7e5bb-59 .kb-image-has-overlay:after{opacity:0.3;}<\/style>\n<div class=\"wp-block-kadence-image kb-image7114_e7e5bb-59\"><figure class=\"aligncenter size-full\"><img loading=\"lazy\" decoding=\"async\" width=\"100\" height=\"100\" src=\"https:\/\/walderlebnispfade.de\/wp-content\/uploads\/2026\/04\/Kueche.png\" alt=\"K\u00fcchen-Symbol\" class=\"kb-img wp-image-7714\"\/><\/figure><\/div>\n\n<\/td>\n\n<td class=\"kb-table-data kb-table-data7114_565d79-ba\">\n<style>.kb-image7114_14c42e-33 .kb-image-has-overlay:after{opacity:0.3;}<\/style>\n<div class=\"wp-block-kadence-image kb-image7114_14c42e-33\"><figure class=\"aligncenter size-full\"><img loading=\"lazy\" decoding=\"async\" width=\"100\" height=\"100\" src=\"https:\/\/walderlebnispfade.de\/wp-content\/uploads\/2026\/04\/Hunde_Erlaubt.png\" alt=\"Hunde erlaubt Symbol\" class=\"kb-img wp-image-7713\"\/><\/figure><\/div>\n\n<\/td>\n<\/tr>\n<\/table><\/div><\/div><\/div>\n\n<\/div><\/div>\n<h2 class=\"wp-block-heading\">Le sentier de l&rsquo;h\u00f4tel dans les arbres<\/h2>\n\n<p>Pour ceux qui souhaitent faire un peu d&rsquo;exercice pendant leurs vacances, trois \u00e9tapes de 6 km chacune commencent et se terminent \u00e0 l&rsquo;h\u00f4tel Baumhotel ! Ici, vous pouvez d\u00e9couvrir l&rsquo;histoire de la r\u00e9gion ! Ici, vous pouvez d\u00e9couvrir et explorer la nature avec tous vos sens. Petits et grands y trouveront informations et divertissement. Des panneaux d&rsquo;information et diff\u00e9rentes stations le long du chemin donnent un aper\u00e7u de l&rsquo;histoire de notre r\u00e9gion.    <\/p>\n\n<h2 class=\"wp-block-heading\">Vid\u00e9o sur l&rsquo;h\u00f4tel cabane dans les arbres Auszeit<\/h2>\n\n<figure class=\"wp-block-embed is-type-video is-provider-youtube wp-block-embed-youtube wp-embed-aspect-16-9 wp-has-aspect-ratio\"><div class=\"wp-block-embed__wrapper\">\n<iframe loading=\"lazy\" hcb-fetch-image-from=\"https:\/\/youtu.be\/LpsgC8B6b3E?si=IfxdrSfdOX7tE0Nt\" title=\"Baumhotel Kammeltal\" width=\"720\" height=\"405\" src=\"https:\/\/www.youtube.com\/embed\/LpsgC8B6b3E?feature=oembed\" frameborder=\"0\" allow=\"accelerometer; autoplay; clipboard-write; encrypted-media; gyroscope; picture-in-picture; web-share\" referrerpolicy=\"strict-origin-when-cross-origin\" allowfullscreen><\/iframe>\n<\/div><\/figure>\n\n<h2 class=\"wp-block-heading\">Informations sur la cabane-h\u00f4tel Auszeit<\/h2>\n\n<figure class=\"wp-block-table\"><table class=\"has-fixed-layout\"><tbody><tr><td>Nombre de cabanes dans les arbres :<\/td><td>3 cabanes dans les arbres<\/td><\/tr><tr><td>Hauteur de vie :<\/td><td>environ 3m pr\u00e8s des cabanes dans les arbres<\/td><\/tr><tr><td>Capacit\u00e9 :<\/td><td>Jusqu&rsquo;\u00e0 6 personnes<\/td><\/tr><tr><td>R\u00e9servable :<\/td><td>R\u00e9servation possible toute l&rsquo;ann\u00e9e<\/td><\/tr><tr><td>Chauffage :<\/td><td>Le chauffage est disponible.<\/td><\/tr><tr><td>\u00e9lectricit\u00e9 (cabanes dans les arbres) :<\/td><td>Oui.<\/td><\/tr><tr><td>Cuisine (cabanes dans les arbres) :<\/td><td>Cuisine \u00e9quip\u00e9e de plaques de cuisson, d&rsquo;un r\u00e9frig\u00e9rateur et de tous les ustensiles de cuisine essentiels.<\/td><\/tr><tr><td>Sanitaires (cabanes dans les arbres) :<\/td><td>Salle de bain compl\u00e8te avec douche &amp; WC.<\/td><\/tr><tr><td>Accessible aux personnes \u00e0 mobilit\u00e9 r\u00e9duite (cabanes dans les arbres) :<\/td><td>Non, car l&rsquo;acc\u00e8s n&rsquo;est possible que par des escaliers.<\/td><\/tr><tr><td>Chiens admis:<\/td><td>Oui, les chiens sont autoris\u00e9s dans les cabanes dans les arbres.<\/td><\/tr><\/tbody><\/table><figcaption class=\"wp-element-caption\">D\u00e9tails sur l&rsquo;h\u00f4tel cabane dans les arbres Auszeit<\/figcaption><\/figure>\n\n<hr class=\"wp-block-separator has-alpha-channel-opacity\" style=\"margin-top:var(--wp--preset--spacing--50);margin-bottom:var(--wp--preset--spacing--50)\"\/>\n<style>.kadence-column7114_614884-d2 > .kt-inside-inner-col{display:flex;}.kadence-column7114_614884-d2 > .kt-inside-inner-col{padding-top:var(--global-kb-spacing-xs, 1rem);padding-right:var(--global-kb-spacing-xs, 1rem);padding-bottom:var(--global-kb-spacing-xs, 1rem);padding-left:var(--global-kb-spacing-xs, 1rem);}.kadence-column7114_614884-d2 > .kt-inside-inner-col{box-shadow:0px 0px 14px 0px rgba(0, 0, 0, 0.2);}.kadence-column7114_614884-d2 > .kt-inside-inner-col,.kadence-column7114_614884-d2 > .kt-inside-inner-col:before{border-top-left-radius:0px;border-top-right-radius:0px;border-bottom-right-radius:0px;border-bottom-left-radius:0px;}.kadence-column7114_614884-d2 > .kt-inside-inner-col{column-gap:var(--global-kb-gap-sm, 1rem);}.kadence-column7114_614884-d2 > .kt-inside-inner-col{flex-direction:column;align-items:center;}.kadence-column7114_614884-d2 > .kt-inside-inner-col > .kb-image-is-ratio-size{align-self:stretch;}.kadence-column7114_614884-d2 > .kt-inside-inner-col > .wp-block-kadence-advancedgallery{align-self:stretch;}.kadence-column7114_614884-d2 > .kt-inside-inner-col > .aligncenter{width:100%;}.kadence-column7114_614884-d2 > .kt-inside-inner-col{background-color:var(--global-palette8, #F7FAFC);}.kadence-column7114_614884-d2 > .kt-inside-inner-col:before{opacity:0.3;}.kadence-column7114_614884-d2{position:relative;}@media all and (max-width: 1024px){.kadence-column7114_614884-d2 > .kt-inside-inner-col{flex-direction:column;justify-content:center;align-items:center;}}@media all and (max-width: 767px){.kadence-column7114_614884-d2 > .kt-inside-inner-col{flex-direction:column;justify-content:center;align-items:center;}}<\/style>\n<div class=\"wp-block-kadence-column kadence-column7114_614884-d2\"><div class=\"kt-inside-inner-col\">\n<p class=\"has-text-align-center\">Comment trouves-tu l\u2019h\u00f4tel de cabanes dans les arbres Auszeit ? Laissez-nous une \u00e9valuation, s&rsquo;il vous pla\u00eet.  <br\/>Vous nous aidez ainsi que d&rsquo;autres amoureux de la nature. Merci beaucoup \ud83d\ude42 ! <\/p>\n\n\n\n<div class=\"wp-block-yet-another-stars-rating-visitor-votes aligncenter yasr-vv-block\"><\/div>\n\n\n\n<p>Vous trouverez d&rsquo;autres aventures passionnantes dans notre <a href=\"https:\/\/walderlebnispfade.de\/fr\/experiences-en-foret\/\" data-type=\"page\" data-id=\"228\">recherche d&rsquo;exp\u00e9riences en for\u00eat<\/a> et dans notre <a href=\"https:\/\/walderlebnispfade.de\/fr\/apercu-des-hotels-de-cabanes-dans-les-arbres\/\" data-type=\"post\" data-id=\"5771\">aper\u00e7u des h\u00f4tels dans les arbres<\/a>!<\/p>\n<\/div><\/div>\n\n<hr class=\"wp-block-separator has-alpha-channel-opacity\" style=\"margin-top:var(--wp--preset--spacing--50);margin-bottom:var(--wp--preset--spacing--50)\"\/>\n","protected":false},"author":2,"featured_media":7092,"comment_status":"open","ping_status":"closed","template":"","meta":{"_kad_blocks_custom_css":"","_kad_blocks_head_custom_js":"","_kad_blocks_body_custom_js":"","_kad_blocks_footer_custom_js":"","_kad_post_transparent":"","_kad_post_title":"","_kad_post_layout":"","_kad_post_sidebar_id":"","_kad_post_content_style":"","_kad_post_vertical_padding":"","_kad_post_feature":"","_kad_post_feature_position":"","_kad_post_header":false,"_kad_post_footer":false,"_kad_post_classname":"","yasr_overall_rating":0,"yasr_post_is_review":"","yasr_auto_insert_disabled":"","yasr_review_type":""},"region":[130,142],"erlebnisart":[190,193],"class_list":["post-7117","erlebnisse","type-erlebnisse","status-publish","has-post-thumbnail","hentry","region-deutschland-fr","region-by-fr","erlebnisart-hebergement","erlebnisart-hotel-dans-les-arbres"],"yasr_visitor_votes":{"stars_attributes":{"read_only":false,"span_bottom":false},"number_of_votes":0,"sum_votes":0},"taxonomy_info":{"region":[{"value":130,"label":"Allemagne"},{"value":142,"label":"Bayern"}],"erlebnisart":[{"value":190,"label":"H\u00e9bergement"},{"value":193,"label":"H\u00f4tel dans les arbres"}]},"featured_image_src_large":["https:\/\/walderlebnispfade.de\/wp-content\/uploads\/2025\/07\/Baumhaushotel_Auszeit-1024x576.jpg",1024,576,true],"author_info":{"display_name":"Moni","author_link":"https:\/\/walderlebnispfade.de\/fr\/author\/moni\/"},"comment_info":0,"_links":{"self":[{"href":"https:\/\/walderlebnispfade.de\/fr\/wp-json\/wp\/v2\/erlebnisse\/7117","targetHints":{"allow":["GET"]}}],"collection":[{"href":"https:\/\/walderlebnispfade.de\/fr\/wp-json\/wp\/v2\/erlebnisse"}],"about":[{"href":"https:\/\/walderlebnispfade.de\/fr\/wp-json\/wp\/v2\/types\/erlebnisse"}],"author":[{"embeddable":true,"href":"https:\/\/walderlebnispfade.de\/fr\/wp-json\/wp\/v2\/users\/2"}],"replies":[{"embeddable":true,"href":"https:\/\/walderlebnispfade.de\/fr\/wp-json\/wp\/v2\/comments?post=7117"}],"wp:featuredmedia":[{"embeddable":true,"href":"https:\/\/walderlebnispfade.de\/fr\/wp-json\/wp\/v2\/media\/7092"}],"wp:attachment":[{"href":"https:\/\/walderlebnispfade.de\/fr\/wp-json\/wp\/v2\/media?parent=7117"}],"wp:term":[{"taxonomy":"region","embeddable":true,"href":"https:\/\/walderlebnispfade.de\/fr\/wp-json\/wp\/v2\/region?post=7117"},{"taxonomy":"erlebnisart","embeddable":true,"href":"https:\/\/walderlebnispfade.de\/fr\/wp-json\/wp\/v2\/erlebnisart?post=7117"}],"curies":[{"name":"wp","href":"https:\/\/api.w.org\/{rel}","templated":true}]}}