{"id":7119,"date":"2025-07-11T12:21:57","date_gmt":"2025-07-11T10:21:57","guid":{"rendered":"https:\/\/walderlebnispfade.de\/erlebnisse\/hotel-de-la-maison-dans-les-arbres-hofgut-hafnerleiten\/"},"modified":"2026-04-22T11:27:34","modified_gmt":"2026-04-22T09:27:34","slug":"hotel-de-la-maison-dans-les-arbres-hofgut-hafnerleiten","status":"publish","type":"erlebnisse","link":"https:\/\/walderlebnispfade.de\/fr\/erlebnisse\/hotel-de-la-maison-dans-les-arbres-hofgut-hafnerleiten\/","title":{"rendered":"H\u00f4tel de la Maison dans les arbres Hofgut Hafnerleiten"},"content":{"rendered":"<style>.wp-block-kadence-advancedheading.kt-adv-heading7109_45f3da-27, .wp-block-kadence-advancedheading.kt-adv-heading7109_45f3da-27[data-kb-block=\"kb-adv-heading7109_45f3da-27\"]{font-style:normal;}.wp-block-kadence-advancedheading.kt-adv-heading7109_45f3da-27 mark.kt-highlight, .wp-block-kadence-advancedheading.kt-adv-heading7109_45f3da-27[data-kb-block=\"kb-adv-heading7109_45f3da-27\"] mark.kt-highlight{font-style:normal;color:#f76a0c;-webkit-box-decoration-break:clone;box-decoration-break:clone;padding-top:0px;padding-right:0px;padding-bottom:0px;padding-left:0px;}.wp-block-kadence-advancedheading.kt-adv-heading7109_45f3da-27 img.kb-inline-image, .wp-block-kadence-advancedheading.kt-adv-heading7109_45f3da-27[data-kb-block=\"kb-adv-heading7109_45f3da-27\"] img.kb-inline-image{width:150px;vertical-align:baseline;}<\/style>\n<h2 class=\"kt-adv-heading7109_45f3da-27 wp-block-kadence-advancedheading\" data-kb-block=\"kb-adv-heading7109_45f3da-27\">Maisons \u00e0 th\u00e8me au Hofgut<\/h2>\n\n<p>En ao\u00fbt 2025, l&rsquo;h\u00f4tel Hofgut Hafnerleiten f\u00eatera d\u00e9j\u00e0 son 25e anniversaire. Le concept particulier repose sur des possibilit\u00e9s d&rsquo;h\u00e9bergement dans des maisonnettes \u00e0 th\u00e8me et des maisons longues de la vall\u00e9e de Rottal. L&rsquo;une de ces maisons th\u00e9matiques est une cabane dans les arbres. Dans le Baumhaushotel Hofgut Hafnerleiten, tout est un peu diff\u00e9rent d&rsquo;un h\u00f4tel classique, avec pour objectif de se d\u00e9tacher pour un moment du monde ext\u00e9rieur agit\u00e9.   <\/p>\n<style>.kb-table-of-content-nav.kb-table-of-content-id7109_c51b09-94 .kb-table-of-content-wrap{padding-top:var(--global-kb-spacing-sm, 1.5rem);padding-right:var(--global-kb-spacing-sm, 1.5rem);padding-bottom:var(--global-kb-spacing-sm, 1.5rem);padding-left:var(--global-kb-spacing-sm, 1.5rem);background-color:var(--global-palette8, #F7FAFC);box-shadow:inset 0px 0px 14px 0px rgba(0, 0, 0, 0.2);}.kb-table-of-content-nav.kb-table-of-content-id7109_c51b09-94 .kb-table-of-contents-title-wrap{padding-top:0px;padding-right:0px;padding-bottom:0px;padding-left:0px;}.kb-table-of-content-nav.kb-table-of-content-id7109_c51b09-94 .kb-table-of-contents-title{font-weight:regular;font-style:normal;}.kb-table-of-content-nav.kb-table-of-content-id7109_c51b09-94 .kb-table-of-content-wrap .kb-table-of-content-list{font-weight:regular;font-style:normal;margin-top:var(--global-kb-spacing-sm, 1.5rem);margin-right:0px;margin-bottom:0px;margin-left:0px;}.kb-table-of-content-nav.kb-table-of-content-id7109_c51b09-94 .kb-toggle-icon-style-basiccircle .kb-table-of-contents-icon-trigger:after, .kb-table-of-content-nav.kb-table-of-content-id7109_c51b09-94 .kb-toggle-icon-style-basiccircle .kb-table-of-contents-icon-trigger:before, .kb-table-of-content-nav.kb-table-of-content-id7109_c51b09-94 .kb-toggle-icon-style-arrowcircle .kb-table-of-contents-icon-trigger:after, .kb-table-of-content-nav.kb-table-of-content-id7109_c51b09-94 .kb-toggle-icon-style-arrowcircle .kb-table-of-contents-icon-trigger:before, .kb-table-of-content-nav.kb-table-of-content-id7109_c51b09-94 .kb-toggle-icon-style-xclosecircle .kb-table-of-contents-icon-trigger:after, .kb-table-of-content-nav.kb-table-of-content-id7109_c51b09-94 .kb-toggle-icon-style-xclosecircle .kb-table-of-contents-icon-trigger:before{background-color:var(--global-palette8, #F7FAFC);}<\/style>\n<p>La cabane dans les arbres fait 45 m\u00b2 et se trouve en plein c\u0153ur de la cime des aulnes. Elle est enti\u00e8rement \u00e9quip\u00e9e. Elle dispose d\u2019une baignoire avec douche int\u00e9gr\u00e9e ainsi que d\u2019un sauna priv\u00e9 avec espace de repos en hauteur. Ton panier de petit-d\u00e9jeuner est livr\u00e9 directement dans la cabane \u00e0 l\u2019heure convenue. Le soir, un menu champ\u00eatre aux accents m\u00e9diterran\u00e9ens est inclus dans la demi-pension. Il est servi dans le b\u00e2timent principal, o\u00f9 un acc\u00e8s Wi-Fi gratuit est \u00e9galement disponible.     <\/p>\n<style>.wp-block-kadence-advancedheading.kt-adv-heading7109_a14bb3-10, .wp-block-kadence-advancedheading.kt-adv-heading7109_a14bb3-10[data-kb-block=\"kb-adv-heading7109_a14bb3-10\"]{font-style:normal;}.wp-block-kadence-advancedheading.kt-adv-heading7109_a14bb3-10 mark.kt-highlight, .wp-block-kadence-advancedheading.kt-adv-heading7109_a14bb3-10[data-kb-block=\"kb-adv-heading7109_a14bb3-10\"] mark.kt-highlight{font-style:normal;color:#f76a0c;-webkit-box-decoration-break:clone;box-decoration-break:clone;padding-top:0px;padding-right:0px;padding-bottom:0px;padding-left:0px;}.wp-block-kadence-advancedheading.kt-adv-heading7109_a14bb3-10 img.kb-inline-image, .wp-block-kadence-advancedheading.kt-adv-heading7109_a14bb3-10[data-kb-block=\"kb-adv-heading7109_a14bb3-10\"] img.kb-inline-image{width:150px;vertical-align:baseline;}<\/style>\n<h3 class=\"kt-adv-heading7109_a14bb3-10 wp-block-kadence-advancedheading\" data-kb-block=\"kb-adv-heading7109_a14bb3-10\">Aper\u00e7u des \u00e9quipements :<\/h3>\n<style>.kb-table-container7109_8a75ee-4b{overflow-x:auto;}.kb-table-container .kb-table7109_8a75ee-4b th{padding-top:var(--global-kb-spacing-xxs, 0.5rem);padding-right:var(--global-kb-spacing-xxs, 0.5rem);padding-bottom:var(--global-kb-spacing-xxs, 0.5rem);padding-left:var(--global-kb-spacing-xxs, 0.5rem);text-align:center;}.kb-table-container .kb-table7109_8a75ee-4b caption{text-align:center;}.kb-table-container .kb-table7109_8a75ee-4b td{padding-top:var(--global-kb-spacing-xxs, 0.5rem);padding-right:var(--global-kb-spacing-xxs, 0.5rem);padding-bottom:var(--global-kb-spacing-xxs, 0.5rem);padding-left:var(--global-kb-spacing-xxs, 0.5rem);text-align:left;}<\/style><div class=\"kb-table-container kb-table-container7109_8a75ee-4b wp-block-kadence-table\"><table class=\"kb-table kb-table7109_8a75ee-4b\">\n<tr class=\"kb-table-row kb-table-row7109_9e377d-89\">\n<td class=\"kb-table-data kb-table-data7109_5ab901-6c\">\n<style>.kb-image7109_45c967-9a .kb-image-has-overlay:after{opacity:0.3;}<\/style>\n<div class=\"wp-block-kadence-image kb-image7109_45c967-9a\"><figure class=\"aligncenter size-full\"><img loading=\"lazy\" decoding=\"async\" width=\"100\" height=\"100\" src=\"https:\/\/walderlebnispfade.de\/wp-content\/uploads\/2026\/04\/WC.png\" alt=\"WC-Symbol\" class=\"kb-img wp-image-7716\"\/><\/figure><\/div>\n\n<\/td>\n\n<td class=\"kb-table-data kb-table-data7109_66661e-17\">\n<style>.kb-image7109_f1bb4a-64 .kb-image-has-overlay:after{opacity:0.3;}<\/style>\n<div class=\"wp-block-kadence-image kb-image7109_f1bb4a-64\"><figure class=\"aligncenter size-full\"><img loading=\"lazy\" decoding=\"async\" width=\"100\" height=\"100\" src=\"https:\/\/walderlebnispfade.de\/wp-content\/uploads\/2026\/04\/Dusche.png\" alt=\"Dusch-Symbol\" class=\"kb-img wp-image-7711\"\/><\/figure><\/div>\n\n<\/td>\n\n<td class=\"kb-table-data kb-table-data7109_b7989b-0c\">\n<style>.kb-image7109_7e826c-b8.kb-image-is-ratio-size, .kb-image7109_7e826c-b8 .kb-image-is-ratio-size{max-width:100px;width:100%;}.wp-block-kadence-column > .kt-inside-inner-col > .kb-image7109_7e826c-b8.kb-image-is-ratio-size, .wp-block-kadence-column > .kt-inside-inner-col > .kb-image7109_7e826c-b8 .kb-image-is-ratio-size{align-self:unset;}.kb-image7109_7e826c-b8 figure{max-width:100px;}.kb-image7109_7e826c-b8 .image-is-svg, .kb-image7109_7e826c-b8 .image-is-svg img{width:100%;}.kb-image7109_7e826c-b8 .kb-image-has-overlay:after{opacity:0.3;}<\/style>\n<div class=\"wp-block-kadence-image kb-image7109_7e826c-b8\"><figure class=\"aligncenter size-full\"><img loading=\"lazy\" decoding=\"async\" width=\"100\" height=\"100\" src=\"https:\/\/walderlebnispfade.de\/wp-content\/uploads\/2026\/04\/Strom.png\" alt=\"Strom-Symbol\" class=\"kb-img wp-image-7715\"\/><\/figure><\/div>\n\n<\/td>\n\n<td class=\"kb-table-data kb-table-data7109_4bd125-ee\">\n<style>.kb-image7109_329d54-73 .kb-image-has-overlay:after{opacity:0.3;}<\/style>\n<div class=\"wp-block-kadence-image kb-image7109_329d54-73\"><figure class=\"aligncenter size-full\"><img loading=\"lazy\" decoding=\"async\" width=\"100\" height=\"100\" src=\"https:\/\/walderlebnispfade.de\/wp-content\/uploads\/2026\/04\/Heizung.png\" alt=\"Heizungs-Symbol\" class=\"kb-img wp-image-7712\"\/><\/figure><\/div>\n\n<\/td>\n\n<td class=\"kb-table-data kb-table-data7109_c20318-a3\">\n<style>.kb-image7109_27e2dd-36 .kb-image-has-overlay:after{opacity:0.3;}<\/style>\n<div class=\"wp-block-kadence-image kb-image7109_27e2dd-36\"><figure class=\"aligncenter size-full\"><img loading=\"lazy\" decoding=\"async\" width=\"100\" height=\"100\" src=\"https:\/\/walderlebnispfade.de\/wp-content\/uploads\/2026\/04\/Kueche.png\" alt=\"K\u00fcchen-Symbol\" class=\"kb-img wp-image-7714\"\/><\/figure><\/div>\n\n<\/td>\n<\/tr>\n<\/table><\/div>\n<h2 class=\"wp-block-heading\">Vid\u00e9o de la cabane dans les arbres de l&rsquo;h\u00f4tel Hofgut Hafnerleiten<\/h2>\n\n<figure class=\"wp-block-embed is-type-video is-provider-youtube wp-block-embed-youtube wp-embed-aspect-16-9 wp-has-aspect-ratio\"><div class=\"wp-block-embed__wrapper\">\n<iframe loading=\"lazy\" hcb-fetch-image-from=\"https:\/\/youtu.be\/mbpnRNxctCM?si=7Gm7w-IjYfiNg2sm\" title=\"Hofgut Hafnerleiten\" width=\"720\" height=\"405\" src=\"https:\/\/www.youtube.com\/embed\/mbpnRNxctCM?feature=oembed\" frameborder=\"0\" allow=\"accelerometer; autoplay; clipboard-write; encrypted-media; gyroscope; picture-in-picture; web-share\" referrerpolicy=\"strict-origin-when-cross-origin\" allowfullscreen><\/iframe>\n<\/div><\/figure>\n\n<h2 class=\"wp-block-heading\">Informations sur la maison-h\u00f4tel dans les arbres Hofgut Hafnerleiten<\/h2>\n\n<figure class=\"wp-block-table\"><table class=\"has-fixed-layout\"><tbody><tr><td>Nombre de cabanes dans les arbres :<\/td><td>1 cabane dans les arbres luxueuse et plusieurs autres maisons \u00e0 th\u00e8me<\/td><\/tr><tr><td>Hauteur de vie :<\/td><td>environ 4m<\/td><\/tr><tr><td>Capacit\u00e9 :<\/td><td>2 personnes<\/td><\/tr><tr><td>R\u00e9servable :<\/td><td>R\u00e9servation possible toute l&rsquo;ann\u00e9e<\/td><\/tr><tr><td>Chauffage :<\/td><td>Le chauffage est disponible.<\/td><\/tr><tr><td>\u00e9lectricit\u00e9 (cabanes dans les arbres) :<\/td><td>Oui.<\/td><\/tr><tr><td>Cuisine (cabanes dans les arbres) :<\/td><td>Petite cuisine.<\/td><\/tr><tr><td>Sanitaires (cabanes dans les arbres) :<\/td><td>Salle de bain compl\u00e8te avec douche &amp; WC, sauna priv\u00e9.<\/td><\/tr><tr><td>Accessible aux personnes \u00e0 mobilit\u00e9 r\u00e9duite (cabanes dans les arbres) :<\/td><td>Non, car l&rsquo;acc\u00e8s n&rsquo;est possible que par des escaliers.<\/td><\/tr><tr><td>Chiens admis:<\/td><td>Non, les chiens ne sont pas admis dans la cabane, mais ils le sont dans certaines autres maisons \u00e0 th\u00e8me, par exemple dans la \u00ab <a href=\"https:\/\/www.hofgut.info\/haeuser\/buchen.html?si=23\" target=\"_blank\" rel=\"noreferrer noopener\">Haus am Wald<\/a> \u00bb.<\/td><\/tr><\/tbody><\/table><figcaption class=\"wp-element-caption\">D\u00e9tails sur le domaine Hafnerleiten<\/figcaption><\/figure>\n\n<hr class=\"wp-block-separator has-alpha-channel-opacity\" style=\"margin-top:var(--wp--preset--spacing--50);margin-bottom:var(--wp--preset--spacing--50)\"\/>\n<style>.kadence-column7109_dd9a29-41 > .kt-inside-inner-col{display:flex;}.kadence-column7109_dd9a29-41 > .kt-inside-inner-col{padding-top:var(--global-kb-spacing-xs, 1rem);padding-right:var(--global-kb-spacing-xs, 1rem);padding-bottom:var(--global-kb-spacing-xs, 1rem);padding-left:var(--global-kb-spacing-xs, 1rem);}.kadence-column7109_dd9a29-41 > .kt-inside-inner-col{box-shadow:0px 0px 14px 0px rgba(0, 0, 0, 0.2);}.kadence-column7109_dd9a29-41 > .kt-inside-inner-col,.kadence-column7109_dd9a29-41 > .kt-inside-inner-col:before{border-top-left-radius:0px;border-top-right-radius:0px;border-bottom-right-radius:0px;border-bottom-left-radius:0px;}.kadence-column7109_dd9a29-41 > .kt-inside-inner-col{column-gap:var(--global-kb-gap-sm, 1rem);}.kadence-column7109_dd9a29-41 > .kt-inside-inner-col{flex-direction:column;align-items:center;}.kadence-column7109_dd9a29-41 > .kt-inside-inner-col > .kb-image-is-ratio-size{align-self:stretch;}.kadence-column7109_dd9a29-41 > .kt-inside-inner-col > .wp-block-kadence-advancedgallery{align-self:stretch;}.kadence-column7109_dd9a29-41 > .kt-inside-inner-col > .aligncenter{width:100%;}.kadence-column7109_dd9a29-41 > .kt-inside-inner-col{background-color:var(--global-palette8, #F7FAFC);}.kadence-column7109_dd9a29-41 > .kt-inside-inner-col:before{opacity:0.3;}.kadence-column7109_dd9a29-41{position:relative;}@media all and (max-width: 1024px){.kadence-column7109_dd9a29-41 > .kt-inside-inner-col{flex-direction:column;justify-content:center;align-items:center;}}@media all and (max-width: 767px){.kadence-column7109_dd9a29-41 > .kt-inside-inner-col{flex-direction:column;justify-content:center;align-items:center;}}<\/style>\n<div class=\"wp-block-kadence-column kadence-column7109_dd9a29-41\"><div class=\"kt-inside-inner-col\">\n<p class=\"has-text-align-center\">Comment trouves-tu l\u2019h\u00f4tel de cabanes dans les arbres Hofgut Hafnerleiten ? Laissez-nous une \u00e9valuation, s&rsquo;il vous pla\u00eet.  <br\/>Vous nous aidez ainsi que d&rsquo;autres amoureux de la nature. Merci beaucoup \ud83d\ude42 ! <\/p>\n\n\n\n<div class=\"wp-block-yet-another-stars-rating-visitor-votes aligncenter yasr-vv-block\"><\/div>\n\n\n\n<p>Vous trouverez d&rsquo;autres aventures passionnantes dans notre <a href=\"https:\/\/walderlebnispfade.de\/fr\/experiences-en-foret\/\" data-type=\"page\" data-id=\"228\">recherche d&rsquo;exp\u00e9riences en for\u00eat<\/a> et dans notre <a href=\"https:\/\/walderlebnispfade.de\/fr\/apercu-des-hotels-de-cabanes-dans-les-arbres\/\" data-type=\"post\" data-id=\"5771\">aper\u00e7u des h\u00f4tels dans les arbres<\/a>!<\/p>\n<\/div><\/div>\n\n<hr class=\"wp-block-separator has-alpha-channel-opacity\" style=\"margin-top:var(--wp--preset--spacing--50);margin-bottom:var(--wp--preset--spacing--50)\"\/>\n","protected":false},"author":2,"featured_media":7088,"comment_status":"open","ping_status":"closed","template":"","meta":{"_kad_blocks_custom_css":"","_kad_blocks_head_custom_js":"","_kad_blocks_body_custom_js":"","_kad_blocks_footer_custom_js":"","_kad_post_transparent":"","_kad_post_title":"","_kad_post_layout":"","_kad_post_sidebar_id":"","_kad_post_content_style":"","_kad_post_vertical_padding":"","_kad_post_feature":"","_kad_post_feature_position":"","_kad_post_header":false,"_kad_post_footer":false,"_kad_post_classname":"","yasr_overall_rating":0,"yasr_post_is_review":"","yasr_auto_insert_disabled":"","yasr_review_type":""},"region":[130,142],"erlebnisart":[190,193],"class_list":["post-7119","erlebnisse","type-erlebnisse","status-publish","has-post-thumbnail","hentry","region-deutschland-fr","region-by-fr","erlebnisart-hebergement","erlebnisart-hotel-dans-les-arbres"],"yasr_visitor_votes":{"stars_attributes":{"read_only":false,"span_bottom":false},"number_of_votes":0,"sum_votes":0},"taxonomy_info":{"region":[{"value":130,"label":"Allemagne"},{"value":142,"label":"Bayern"}],"erlebnisart":[{"value":190,"label":"H\u00e9bergement"},{"value":193,"label":"H\u00f4tel dans les arbres"}]},"featured_image_src_large":["https:\/\/walderlebnispfade.de\/wp-content\/uploads\/2025\/07\/Baumhaushotel_Hofgut-1024x576.jpg",1024,576,true],"author_info":{"display_name":"Moni","author_link":"https:\/\/walderlebnispfade.de\/fr\/author\/moni\/"},"comment_info":0,"_links":{"self":[{"href":"https:\/\/walderlebnispfade.de\/fr\/wp-json\/wp\/v2\/erlebnisse\/7119","targetHints":{"allow":["GET"]}}],"collection":[{"href":"https:\/\/walderlebnispfade.de\/fr\/wp-json\/wp\/v2\/erlebnisse"}],"about":[{"href":"https:\/\/walderlebnispfade.de\/fr\/wp-json\/wp\/v2\/types\/erlebnisse"}],"author":[{"embeddable":true,"href":"https:\/\/walderlebnispfade.de\/fr\/wp-json\/wp\/v2\/users\/2"}],"replies":[{"embeddable":true,"href":"https:\/\/walderlebnispfade.de\/fr\/wp-json\/wp\/v2\/comments?post=7119"}],"wp:featuredmedia":[{"embeddable":true,"href":"https:\/\/walderlebnispfade.de\/fr\/wp-json\/wp\/v2\/media\/7088"}],"wp:attachment":[{"href":"https:\/\/walderlebnispfade.de\/fr\/wp-json\/wp\/v2\/media?parent=7119"}],"wp:term":[{"taxonomy":"region","embeddable":true,"href":"https:\/\/walderlebnispfade.de\/fr\/wp-json\/wp\/v2\/region?post=7119"},{"taxonomy":"erlebnisart","embeddable":true,"href":"https:\/\/walderlebnispfade.de\/fr\/wp-json\/wp\/v2\/erlebnisart?post=7119"}],"curies":[{"name":"wp","href":"https:\/\/api.w.org\/{rel}","templated":true}]}}