{"id":7207,"date":"2025-10-21T19:59:06","date_gmt":"2025-10-21T17:59:06","guid":{"rendered":"https:\/\/walderlebnispfade.de\/erlebnisse\/hotel-kranzbach-avec-cabane-dans-les-arbres\/"},"modified":"2026-04-22T11:26:49","modified_gmt":"2026-04-22T09:26:49","slug":"hotel-kranzbach-avec-cabane-dans-les-arbres","status":"publish","type":"erlebnisse","link":"https:\/\/walderlebnispfade.de\/fr\/erlebnisse\/hotel-kranzbach-avec-cabane-dans-les-arbres\/","title":{"rendered":"H\u00f4tel Kranzbach avec cabane dans les arbres"},"content":{"rendered":"<style>.wp-block-kadence-advancedheading.kt-adv-heading7194_d20608-cd, .wp-block-kadence-advancedheading.kt-adv-heading7194_d20608-cd[data-kb-block=\"kb-adv-heading7194_d20608-cd\"]{font-style:normal;}.wp-block-kadence-advancedheading.kt-adv-heading7194_d20608-cd mark.kt-highlight, .wp-block-kadence-advancedheading.kt-adv-heading7194_d20608-cd[data-kb-block=\"kb-adv-heading7194_d20608-cd\"] mark.kt-highlight{font-style:normal;color:#f76a0c;-webkit-box-decoration-break:clone;box-decoration-break:clone;padding-top:0px;padding-right:0px;padding-bottom:0px;padding-left:0px;}.wp-block-kadence-advancedheading.kt-adv-heading7194_d20608-cd img.kb-inline-image, .wp-block-kadence-advancedheading.kt-adv-heading7194_d20608-cd[data-kb-block=\"kb-adv-heading7194_d20608-cd\"] img.kb-inline-image{width:150px;vertical-align:baseline;}<\/style>\n<h2 class=\"kt-adv-heading7194_d20608-cd wp-block-kadence-advancedheading\" data-kb-block=\"kb-adv-heading7194_d20608-cd\">Cabane de luxe avec services h\u00f4teliers<\/h2>\n\n<p>La cabane dans les arbres Kranzbach fait partie de l&rsquo;h\u00f4tel de luxe et de bien-\u00eatre \u00ab\u00a0Das Kranzbach\u00a0\u00bb. Elle est situ\u00e9e \u00e0 100 m\u00e8tres de l&rsquo;h\u00f4tel, \u00e0 trois m\u00e8tres de hauteur, au milieu de la for\u00eat. Sur une surface habitable de 50 m\u00b2 et une terrasse de 30 m\u00b2, c&rsquo;est une maison dans les arbres absolument luxueuse qui vous attend. Toute la maison est construite en m\u00e9l\u00e8ze massif et offre, outre un lit double avec vue sur la cime des arbres, un grand salon avec un canap\u00e9 confortable et une salle de bain enti\u00e8rement \u00e9quip\u00e9e. Sur la terrasse, vous trouverez \u00e9galement une double chaise longue et un salon confortable pour se d\u00e9tendre. Vous vivez donc en pleine nature, mais avec tout le confort.     <\/p>\n<style>.kb-table-of-content-nav.kb-table-of-content-id7194_6a2b63-31 .kb-table-of-content-wrap{padding-top:var(--global-kb-spacing-sm, 1.5rem);padding-right:var(--global-kb-spacing-sm, 1.5rem);padding-bottom:var(--global-kb-spacing-sm, 1.5rem);padding-left:var(--global-kb-spacing-sm, 1.5rem);background-color:var(--global-palette8, #F7FAFC);box-shadow:inset 0px 0px 14px 0px rgba(0, 0, 0, 0.2);}.kb-table-of-content-nav.kb-table-of-content-id7194_6a2b63-31 .kb-table-of-contents-title-wrap{padding-top:0px;padding-right:0px;padding-bottom:0px;padding-left:0px;}.kb-table-of-content-nav.kb-table-of-content-id7194_6a2b63-31 .kb-table-of-contents-title{font-weight:regular;font-style:normal;}.kb-table-of-content-nav.kb-table-of-content-id7194_6a2b63-31 .kb-table-of-content-wrap .kb-table-of-content-list{font-weight:regular;font-style:normal;margin-top:var(--global-kb-spacing-sm, 1.5rem);margin-right:0px;margin-bottom:0px;margin-left:0px;}.kb-table-of-content-nav.kb-table-of-content-id7194_6a2b63-31 .kb-toggle-icon-style-basiccircle .kb-table-of-contents-icon-trigger:after, .kb-table-of-content-nav.kb-table-of-content-id7194_6a2b63-31 .kb-toggle-icon-style-basiccircle .kb-table-of-contents-icon-trigger:before, .kb-table-of-content-nav.kb-table-of-content-id7194_6a2b63-31 .kb-toggle-icon-style-arrowcircle .kb-table-of-contents-icon-trigger:after, .kb-table-of-content-nav.kb-table-of-content-id7194_6a2b63-31 .kb-toggle-icon-style-arrowcircle .kb-table-of-contents-icon-trigger:before, .kb-table-of-content-nav.kb-table-of-content-id7194_6a2b63-31 .kb-toggle-icon-style-xclosecircle .kb-table-of-contents-icon-trigger:after, .kb-table-of-content-nav.kb-table-of-content-id7194_6a2b63-31 .kb-toggle-icon-style-xclosecircle .kb-table-of-contents-icon-trigger:before{background-color:var(--global-palette8, #F7FAFC);}<\/style><style>.wp-block-kadence-advancedheading.kt-adv-heading7194_6ee32b-95, .wp-block-kadence-advancedheading.kt-adv-heading7194_6ee32b-95[data-kb-block=\"kb-adv-heading7194_6ee32b-95\"]{font-style:normal;}.wp-block-kadence-advancedheading.kt-adv-heading7194_6ee32b-95 mark.kt-highlight, .wp-block-kadence-advancedheading.kt-adv-heading7194_6ee32b-95[data-kb-block=\"kb-adv-heading7194_6ee32b-95\"] mark.kt-highlight{font-style:normal;color:#f76a0c;-webkit-box-decoration-break:clone;box-decoration-break:clone;padding-top:0px;padding-right:0px;padding-bottom:0px;padding-left:0px;}.wp-block-kadence-advancedheading.kt-adv-heading7194_6ee32b-95 img.kb-inline-image, .wp-block-kadence-advancedheading.kt-adv-heading7194_6ee32b-95[data-kb-block=\"kb-adv-heading7194_6ee32b-95\"] img.kb-inline-image{width:150px;vertical-align:baseline;}<\/style>\n<h2 class=\"kt-adv-heading7194_6ee32b-95 wp-block-kadence-advancedheading\" data-kb-block=\"kb-adv-heading7194_6ee32b-95\">Services inclus dans la cabane dans les arbres<\/h2>\n<style>.kb-row-layout-id7194_d69f92-91 > .kt-row-column-wrap{align-content:start;}:where(.kb-row-layout-id7194_d69f92-91 > .kt-row-column-wrap) > .wp-block-kadence-column{justify-content:start;}.kb-row-layout-id7194_d69f92-91 > .kt-row-column-wrap{column-gap:var(--global-kb-gap-md, 2rem);row-gap:var(--global-kb-gap-md, 2rem);padding-top:var(--global-kb-spacing-sm, 1.5rem);padding-bottom:var(--global-kb-spacing-sm, 1.5rem);grid-template-columns:repeat(2, minmax(0, 1fr));}.kb-row-layout-id7194_d69f92-91 > .kt-row-layout-overlay{opacity:0.30;}@media all and (max-width: 1024px){.kb-row-layout-id7194_d69f92-91 > .kt-row-column-wrap{grid-template-columns:repeat(2, minmax(0, 1fr));}}@media all and (max-width: 767px){.kb-row-layout-id7194_d69f92-91 > .kt-row-column-wrap{grid-template-columns:minmax(0, 1fr);}}<\/style><div class=\"kb-row-layout-wrap kb-row-layout-id7194_d69f92-91 alignnone wp-block-kadence-rowlayout\"><div class=\"kt-row-column-wrap kt-has-2-columns kt-row-layout-equal kt-tab-layout-inherit kt-mobile-layout-row kt-row-valign-top\">\n<style>.kadence-column7194_c59279-bd > .kt-inside-inner-col,.kadence-column7194_c59279-bd > .kt-inside-inner-col:before{border-top-left-radius:0px;border-top-right-radius:0px;border-bottom-right-radius:0px;border-bottom-left-radius:0px;}.kadence-column7194_c59279-bd > .kt-inside-inner-col{column-gap:var(--global-kb-gap-sm, 1rem);}.kadence-column7194_c59279-bd > .kt-inside-inner-col{flex-direction:column;}.kadence-column7194_c59279-bd > .kt-inside-inner-col > .aligncenter{width:100%;}.kadence-column7194_c59279-bd > .kt-inside-inner-col:before{opacity:0.3;}.kadence-column7194_c59279-bd{position:relative;}@media all and (max-width: 1024px){.kadence-column7194_c59279-bd > .kt-inside-inner-col{flex-direction:column;justify-content:center;}}@media all and (max-width: 767px){.kadence-column7194_c59279-bd > .kt-inside-inner-col{flex-direction:column;justify-content:center;}}<\/style>\n<div class=\"wp-block-kadence-column kadence-column7194_c59279-bd\"><div class=\"kt-inside-inner-col\">\n<p>Les r\u00e9sidents de la cabane dans l\u2019arbre b\u00e9n\u00e9ficient de tous les services de l\u2019h\u00f4tel, ce qui fait de leurs vacances une exp\u00e9rience de bien-\u00eatre absolu :<\/p>\n\n\n\n<ul class=\"wp-block-list\">\n<li>La demi-pension sup\u00e9rieure \u00ab\u00a0KRANZBACH\u00a0\u00bb avec petit-d\u00e9jeuner, d\u00e9jeuner et apr\u00e8s-midi sous forme de buffet et menu du soir<\/li>\n\n\n\n<li><a href=\"https:\/\/www.daskranzbach.de\/de\/aktivprogramm.html\" data-type=\"link\" data-id=\"https:\/\/www.daskranzbach.de\/de\/aktivprogramm.html\" target=\"_blank\" rel=\"noopener\">Programme d&rsquo;activit\u00e9s<\/a> quotidiennes<\/li>\n\n\n\n<li>Utilisation de la maison des bains sur 3.600 m<\/li>\n\n\n\n<li>Petite station de th\u00e9 dans la chambre et eau de source de montagne de l&rsquo;h\u00f4tel<\/li>\n<\/ul>\n<\/div><\/div>\n\n\n<style>.kadence-column7194_f5e7b3-e6 > .kt-inside-inner-col,.kadence-column7194_f5e7b3-e6 > .kt-inside-inner-col:before{border-top-left-radius:0px;border-top-right-radius:0px;border-bottom-right-radius:0px;border-bottom-left-radius:0px;}.kadence-column7194_f5e7b3-e6 > .kt-inside-inner-col{column-gap:var(--global-kb-gap-sm, 1rem);}.kadence-column7194_f5e7b3-e6 > .kt-inside-inner-col{flex-direction:column;}.kadence-column7194_f5e7b3-e6 > .kt-inside-inner-col > .aligncenter{width:100%;}.kadence-column7194_f5e7b3-e6 > .kt-inside-inner-col:before{opacity:0.3;}.kadence-column7194_f5e7b3-e6{position:relative;}@media all and (max-width: 1024px){.kadence-column7194_f5e7b3-e6 > .kt-inside-inner-col{flex-direction:column;justify-content:center;}}@media all and (max-width: 767px){.kadence-column7194_f5e7b3-e6 > .kt-inside-inner-col{flex-direction:column;justify-content:center;}}<\/style>\n<div class=\"wp-block-kadence-column kadence-column7194_f5e7b3-e6\"><div class=\"kt-inside-inner-col\"><style>.wp-block-kadence-advancedheading.kt-adv-heading7194_9a3f59-11, .wp-block-kadence-advancedheading.kt-adv-heading7194_9a3f59-11[data-kb-block=\"kb-adv-heading7194_9a3f59-11\"]{text-align:center;font-style:normal;}.wp-block-kadence-advancedheading.kt-adv-heading7194_9a3f59-11 mark.kt-highlight, .wp-block-kadence-advancedheading.kt-adv-heading7194_9a3f59-11[data-kb-block=\"kb-adv-heading7194_9a3f59-11\"] mark.kt-highlight{font-style:normal;color:#f76a0c;-webkit-box-decoration-break:clone;box-decoration-break:clone;padding-top:0px;padding-right:0px;padding-bottom:0px;padding-left:0px;}.wp-block-kadence-advancedheading.kt-adv-heading7194_9a3f59-11 img.kb-inline-image, .wp-block-kadence-advancedheading.kt-adv-heading7194_9a3f59-11[data-kb-block=\"kb-adv-heading7194_9a3f59-11\"] img.kb-inline-image{width:150px;vertical-align:baseline;}<\/style>\n<h3 class=\"kt-adv-heading7194_9a3f59-11 wp-block-kadence-advancedheading\" data-kb-block=\"kb-adv-heading7194_9a3f59-11\">Aper\u00e7u des \u00e9quipements :<\/h3>\n\n\n<style>.kb-table-container7194_59e98a-a1{overflow-x:auto;}.kb-table-container .kb-table7194_59e98a-a1 th{padding-top:var(--global-kb-spacing-xxs, 0.5rem);padding-right:var(--global-kb-spacing-xxs, 0.5rem);padding-bottom:var(--global-kb-spacing-xxs, 0.5rem);padding-left:var(--global-kb-spacing-xxs, 0.5rem);text-align:center;}.kb-table-container .kb-table7194_59e98a-a1 caption{text-align:center;}.kb-table-container .kb-table7194_59e98a-a1 td{padding-top:var(--global-kb-spacing-xxs, 0.5rem);padding-right:var(--global-kb-spacing-xxs, 0.5rem);padding-bottom:var(--global-kb-spacing-xxs, 0.5rem);padding-left:var(--global-kb-spacing-xxs, 0.5rem);text-align:left;}<\/style><div class=\"kb-table-container kb-table-container7194_59e98a-a1 wp-block-kadence-table\"><table class=\"kb-table kb-table7194_59e98a-a1\">\n<tr class=\"kb-table-row kb-table-row7194_c22397-5a\">\n<td class=\"kb-table-data kb-table-data7194_02ac20-da\">\n<style>.kb-image7194_7f8f7e-8d .kb-image-has-overlay:after{opacity:0.3;}<\/style>\n<div class=\"wp-block-kadence-image kb-image7194_7f8f7e-8d\"><figure class=\"aligncenter size-full\"><img loading=\"lazy\" decoding=\"async\" width=\"100\" height=\"100\" src=\"https:\/\/walderlebnispfade.de\/wp-content\/uploads\/2026\/04\/WC.png\" alt=\"WC-Symbol\" class=\"kb-img wp-image-7716\"\/><\/figure><\/div>\n\n<\/td>\n\n<td class=\"kb-table-data kb-table-data7194_15e0cb-05\">\n<style>.kb-image7194_b16c64-ca .kb-image-has-overlay:after{opacity:0.3;}<\/style>\n<div class=\"wp-block-kadence-image kb-image7194_b16c64-ca\"><figure class=\"aligncenter size-full\"><img loading=\"lazy\" decoding=\"async\" width=\"100\" height=\"100\" src=\"https:\/\/walderlebnispfade.de\/wp-content\/uploads\/2026\/04\/Dusche.png\" alt=\"Dusch-Symbol\" class=\"kb-img wp-image-7711\"\/><\/figure><\/div>\n\n<\/td>\n<\/tr>\n\n<tr class=\"kb-table-row kb-table-row7194_050f12-30\">\n<td class=\"kb-table-data kb-table-data7194_b32cc6-55\">\n<style>.kb-image7194_8ce6e8-49.kb-image-is-ratio-size, .kb-image7194_8ce6e8-49 .kb-image-is-ratio-size{max-width:100px;width:100%;}.wp-block-kadence-column > .kt-inside-inner-col > .kb-image7194_8ce6e8-49.kb-image-is-ratio-size, .wp-block-kadence-column > .kt-inside-inner-col > .kb-image7194_8ce6e8-49 .kb-image-is-ratio-size{align-self:unset;}.kb-image7194_8ce6e8-49 figure{max-width:100px;}.kb-image7194_8ce6e8-49 .image-is-svg, .kb-image7194_8ce6e8-49 .image-is-svg img{width:100%;}.kb-image7194_8ce6e8-49 .kb-image-has-overlay:after{opacity:0.3;}<\/style>\n<div class=\"wp-block-kadence-image kb-image7194_8ce6e8-49\"><figure class=\"aligncenter size-full\"><img loading=\"lazy\" decoding=\"async\" width=\"100\" height=\"100\" src=\"https:\/\/walderlebnispfade.de\/wp-content\/uploads\/2026\/04\/Strom.png\" alt=\"Strom-Symbol\" class=\"kb-img wp-image-7715\"\/><\/figure><\/div>\n\n<\/td>\n\n<td class=\"kb-table-data kb-table-data7194_da71f7-86\">\n<style>.kb-image7194_ac330b-ac .kb-image-has-overlay:after{opacity:0.3;}<\/style>\n<div class=\"wp-block-kadence-image kb-image7194_ac330b-ac\"><figure class=\"aligncenter size-full\"><img loading=\"lazy\" decoding=\"async\" width=\"100\" height=\"100\" src=\"https:\/\/walderlebnispfade.de\/wp-content\/uploads\/2026\/04\/Heizung.png\" alt=\"Heizungs-Symbol\" class=\"kb-img wp-image-7712\"\/><\/figure><\/div>\n\n<\/td>\n<\/tr>\n<\/table><\/div><\/div><\/div>\n\n<\/div><\/div>\n<p>Tout ce luxe a un prix et fait de la cabane dans les arbres Kranzbach l\u2019une des plus ch\u00e8res d\u2019Allemagne. Quelle que soit la saison, les prix d\u00e9passent 400 \u20ac par personne et la cabane dans les arbres ne peut \u00eatre r\u00e9serv\u00e9e que pour 2 personnes pour un s\u00e9jour de 2 nuits minimum. <\/p>\n\n<h2 class=\"wp-block-heading\">Vid\u00e9o de la cabane dans les arbres de l&rsquo;h\u00f4tel Kranzbach<\/h2>\n\n<figure class=\"wp-block-embed is-type-video is-provider-youtube wp-block-embed-youtube wp-embed-aspect-16-9 wp-has-aspect-ratio\"><div class=\"wp-block-embed__wrapper\">\n<iframe loading=\"lazy\" hcb-fetch-image-from=\"https:\/\/youtu.be\/tVDrZsRNbZE?si=9xhUChihpS8We_dB\" title=\"Das Kranzbach - Baumhaus\" width=\"720\" height=\"405\" src=\"https:\/\/www.youtube.com\/embed\/tVDrZsRNbZE?feature=oembed\" frameborder=\"0\" allow=\"accelerometer; autoplay; clipboard-write; encrypted-media; gyroscope; picture-in-picture; web-share\" referrerpolicy=\"strict-origin-when-cross-origin\" allowfullscreen><\/iframe>\n<\/div><\/figure>\n\n<h2 class=\"wp-block-heading\">Informations sur la cabane dans les arbres Kranzbach<\/h2>\n\n<figure class=\"wp-block-table\"><table class=\"has-fixed-layout\"><tbody><tr><td>Nombre de cabanes dans les arbres :<\/td><td>1 cabane dans les arbres<\/td><\/tr><tr><td>Hauteur de vie :<\/td><td>environ 3m<\/td><\/tr><tr><td>Capacit\u00e9 :<\/td><td>2 personnes<\/td><\/tr><tr><td>R\u00e9servable :<\/td><td>Toute l&rsquo;ann\u00e9e<\/td><\/tr><tr><td>Chauffage :<\/td><td>Oui.<\/td><\/tr><tr><td>\u00e9lectricit\u00e9 :<\/td><td>Oui.<\/td><\/tr><tr><td>Cuisine :<\/td><td>Petite station de th\u00e9 dans la chambre.<\/td><\/tr><tr><td>les installations sanitaires:<\/td><td>Salle de bain de luxe enti\u00e8rement \u00e9quip\u00e9e.<\/td><\/tr><tr><td>Accessible aux personnes handicap\u00e9es :<\/td><td>Limit\u00e9e . La cabane dans les arbres n&rsquo;est accessible qu&rsquo;\u00e0 pied. Acc\u00e8s par un pont en bois s\u00e9curis\u00e9.  <\/td><\/tr><tr><td>Chiens admis:<\/td><td>Les animaux domestiques ne sont pas autoris\u00e9s dans la cabane dans les arbres.<\/td><\/tr><\/tbody><\/table><figcaption class=\"wp-element-caption\">D\u00e9tails de la cabane dans les arbres Kranzbach<\/figcaption><\/figure>\n\n<hr class=\"wp-block-separator has-alpha-channel-opacity\" style=\"margin-top:var(--wp--preset--spacing--50);margin-bottom:var(--wp--preset--spacing--50)\"\/>\n<style>.kadence-column7194_6ba350-34 > .kt-inside-inner-col{display:flex;}.kadence-column7194_6ba350-34 > .kt-inside-inner-col{padding-top:var(--global-kb-spacing-xs, 1rem);padding-right:var(--global-kb-spacing-xs, 1rem);padding-bottom:var(--global-kb-spacing-xs, 1rem);padding-left:var(--global-kb-spacing-xs, 1rem);}.kadence-column7194_6ba350-34 > .kt-inside-inner-col{box-shadow:0px 0px 14px 0px rgba(0, 0, 0, 0.2);}.kadence-column7194_6ba350-34 > .kt-inside-inner-col,.kadence-column7194_6ba350-34 > .kt-inside-inner-col:before{border-top-left-radius:0px;border-top-right-radius:0px;border-bottom-right-radius:0px;border-bottom-left-radius:0px;}.kadence-column7194_6ba350-34 > .kt-inside-inner-col{column-gap:var(--global-kb-gap-sm, 1rem);}.kadence-column7194_6ba350-34 > .kt-inside-inner-col{flex-direction:column;align-items:center;}.kadence-column7194_6ba350-34 > .kt-inside-inner-col > .kb-image-is-ratio-size{align-self:stretch;}.kadence-column7194_6ba350-34 > .kt-inside-inner-col > .wp-block-kadence-advancedgallery{align-self:stretch;}.kadence-column7194_6ba350-34 > .kt-inside-inner-col > .aligncenter{width:100%;}.kadence-column7194_6ba350-34 > .kt-inside-inner-col{background-color:var(--global-palette8, #F7FAFC);}.kadence-column7194_6ba350-34 > .kt-inside-inner-col:before{opacity:0.3;}.kadence-column7194_6ba350-34{position:relative;}@media all and (max-width: 1024px){.kadence-column7194_6ba350-34 > .kt-inside-inner-col{flex-direction:column;justify-content:center;align-items:center;}}@media all and (max-width: 767px){.kadence-column7194_6ba350-34 > .kt-inside-inner-col{flex-direction:column;justify-content:center;align-items:center;}}<\/style>\n<div class=\"wp-block-kadence-column kadence-column7194_6ba350-34\"><div class=\"kt-inside-inner-col\">\n<p class=\"has-text-align-center\">Que penses-tu de l\u2019h\u00f4tel-cabane Kranzbach ? Laissez-nous une \u00e9valuation, s&rsquo;il vous pla\u00eet.  <br\/>Vous nous aidez ainsi que d&rsquo;autres amoureux de la nature. Merci beaucoup \ud83d\ude42 ! <\/p>\n\n\n\n<div class=\"wp-block-yet-another-stars-rating-visitor-votes aligncenter yasr-vv-block\"><\/div>\n\n\n\n<p>Vous trouverez d&rsquo;autres aventures passionnantes dans notre <a href=\"https:\/\/walderlebnispfade.de\/fr\/experiences-en-foret\/\" data-type=\"page\" data-id=\"228\">recherche d&rsquo;exp\u00e9riences en for\u00eat<\/a> et dans notre <a href=\"https:\/\/walderlebnispfade.de\/fr\/apercu-des-hotels-de-cabanes-dans-les-arbres\/\" data-type=\"post\" data-id=\"5771\">aper\u00e7u des h\u00f4tels dans les arbres<\/a>!<\/p>\n<\/div><\/div>\n\n<hr class=\"wp-block-separator has-alpha-channel-opacity\" style=\"margin-top:var(--wp--preset--spacing--50);margin-bottom:var(--wp--preset--spacing--50)\"\/>\n\n<p><\/p>\n","protected":false},"author":2,"featured_media":7197,"comment_status":"open","ping_status":"closed","template":"","meta":{"_kad_blocks_custom_css":"","_kad_blocks_head_custom_js":"","_kad_blocks_body_custom_js":"","_kad_blocks_footer_custom_js":"","_kad_post_transparent":"","_kad_post_title":"","_kad_post_layout":"","_kad_post_sidebar_id":"","_kad_post_content_style":"","_kad_post_vertical_padding":"","_kad_post_feature":"","_kad_post_feature_position":"","_kad_post_header":false,"_kad_post_footer":false,"_kad_post_classname":"","yasr_overall_rating":0,"yasr_post_is_review":"","yasr_auto_insert_disabled":"","yasr_review_type":""},"region":[130,142],"erlebnisart":[190,193],"class_list":["post-7207","erlebnisse","type-erlebnisse","status-publish","has-post-thumbnail","hentry","region-deutschland-fr","region-by-fr","erlebnisart-hebergement","erlebnisart-hotel-dans-les-arbres"],"yasr_visitor_votes":{"stars_attributes":{"read_only":false,"span_bottom":false},"number_of_votes":0,"sum_votes":0},"taxonomy_info":{"region":[{"value":130,"label":"Allemagne"},{"value":142,"label":"Bayern"}],"erlebnisart":[{"value":190,"label":"H\u00e9bergement"},{"value":193,"label":"H\u00f4tel dans les arbres"}]},"featured_image_src_large":["https:\/\/walderlebnispfade.de\/wp-content\/uploads\/2025\/10\/Baumhaushotel_Kranzbach-1024x576.jpg",1024,576,true],"author_info":{"display_name":"Moni","author_link":"https:\/\/walderlebnispfade.de\/fr\/author\/moni\/"},"comment_info":0,"_links":{"self":[{"href":"https:\/\/walderlebnispfade.de\/fr\/wp-json\/wp\/v2\/erlebnisse\/7207","targetHints":{"allow":["GET"]}}],"collection":[{"href":"https:\/\/walderlebnispfade.de\/fr\/wp-json\/wp\/v2\/erlebnisse"}],"about":[{"href":"https:\/\/walderlebnispfade.de\/fr\/wp-json\/wp\/v2\/types\/erlebnisse"}],"author":[{"embeddable":true,"href":"https:\/\/walderlebnispfade.de\/fr\/wp-json\/wp\/v2\/users\/2"}],"replies":[{"embeddable":true,"href":"https:\/\/walderlebnispfade.de\/fr\/wp-json\/wp\/v2\/comments?post=7207"}],"wp:featuredmedia":[{"embeddable":true,"href":"https:\/\/walderlebnispfade.de\/fr\/wp-json\/wp\/v2\/media\/7197"}],"wp:attachment":[{"href":"https:\/\/walderlebnispfade.de\/fr\/wp-json\/wp\/v2\/media?parent=7207"}],"wp:term":[{"taxonomy":"region","embeddable":true,"href":"https:\/\/walderlebnispfade.de\/fr\/wp-json\/wp\/v2\/region?post=7207"},{"taxonomy":"erlebnisart","embeddable":true,"href":"https:\/\/walderlebnispfade.de\/fr\/wp-json\/wp\/v2\/erlebnisart?post=7207"}],"curies":[{"name":"wp","href":"https:\/\/api.w.org\/{rel}","templated":true}]}}