{"id":7217,"date":"2025-10-23T21:12:04","date_gmt":"2025-10-23T19:12:04","guid":{"rendered":"https:\/\/walderlebnispfade.de\/erlebnisse\/hotel-cabane-dans-les-arbres-samerberg\/"},"modified":"2026-04-22T11:26:42","modified_gmt":"2026-04-22T09:26:42","slug":"hotel-cabane-dans-les-arbres-samerberg","status":"publish","type":"erlebnisse","link":"https:\/\/walderlebnispfade.de\/fr\/erlebnisse\/hotel-cabane-dans-les-arbres-samerberg\/","title":{"rendered":"H\u00f4tel cabane dans les arbres Samerberg"},"content":{"rendered":"<style>.wp-block-kadence-advancedheading.kt-adv-heading7208_dc2f37-56, .wp-block-kadence-advancedheading.kt-adv-heading7208_dc2f37-56[data-kb-block=\"kb-adv-heading7208_dc2f37-56\"]{font-style:normal;}.wp-block-kadence-advancedheading.kt-adv-heading7208_dc2f37-56 mark.kt-highlight, .wp-block-kadence-advancedheading.kt-adv-heading7208_dc2f37-56[data-kb-block=\"kb-adv-heading7208_dc2f37-56\"] mark.kt-highlight{font-style:normal;color:#f76a0c;-webkit-box-decoration-break:clone;box-decoration-break:clone;padding-top:0px;padding-right:0px;padding-bottom:0px;padding-left:0px;}.wp-block-kadence-advancedheading.kt-adv-heading7208_dc2f37-56 img.kb-inline-image, .wp-block-kadence-advancedheading.kt-adv-heading7208_dc2f37-56[data-kb-block=\"kb-adv-heading7208_dc2f37-56\"] img.kb-inline-image{width:150px;vertical-align:baseline;}<\/style>\n<h2 class=\"kt-adv-heading7208_dc2f37-56 wp-block-kadence-advancedheading\" data-kb-block=\"kb-adv-heading7208_dc2f37-56\">Cabane dans la nature bavaroise<\/h2>\n\n<p>L&rsquo;h\u00f4tel Baumhaus Samerberg vous propose un appartement de vacances exclusif au c\u0153ur de la nature bavaroise, qui fera de votre nuit une exp\u00e9rience inoubliable. La famille Riedl exploite une ferme <a href=\"https:\/\/www.demeter.de\/\" target=\"_blank\" data-type=\"link\" data-id=\"https:\/\/www.demeter.de\/\" rel=\"noreferrer noopener\">laiti\u00e8re Demeter<\/a> sur son domaine traditionnel Talerhof et accueille depuis 2016 des h\u00f4tes dans cette extraordinaire cabane dans les arbres situ\u00e9e \u00e0 quelques kilom\u00e8tres du lac Chiemsee. <\/p>\n<style>.kb-table-of-content-nav.kb-table-of-content-id7208_76f8ea-c3 .kb-table-of-content-wrap{padding-top:var(--global-kb-spacing-sm, 1.5rem);padding-right:var(--global-kb-spacing-sm, 1.5rem);padding-bottom:var(--global-kb-spacing-sm, 1.5rem);padding-left:var(--global-kb-spacing-sm, 1.5rem);background-color:var(--global-palette8, #F7FAFC);box-shadow:inset 0px 0px 14px 0px rgba(0, 0, 0, 0.2);}.kb-table-of-content-nav.kb-table-of-content-id7208_76f8ea-c3 .kb-table-of-contents-title-wrap{padding-top:0px;padding-right:0px;padding-bottom:0px;padding-left:0px;}.kb-table-of-content-nav.kb-table-of-content-id7208_76f8ea-c3 .kb-table-of-contents-title{font-weight:regular;font-style:normal;}.kb-table-of-content-nav.kb-table-of-content-id7208_76f8ea-c3 .kb-table-of-content-wrap .kb-table-of-content-list{font-weight:regular;font-style:normal;margin-top:var(--global-kb-spacing-sm, 1.5rem);margin-right:0px;margin-bottom:0px;margin-left:0px;}.kb-table-of-content-nav.kb-table-of-content-id7208_76f8ea-c3 .kb-toggle-icon-style-basiccircle .kb-table-of-contents-icon-trigger:after, .kb-table-of-content-nav.kb-table-of-content-id7208_76f8ea-c3 .kb-toggle-icon-style-basiccircle .kb-table-of-contents-icon-trigger:before, .kb-table-of-content-nav.kb-table-of-content-id7208_76f8ea-c3 .kb-toggle-icon-style-arrowcircle .kb-table-of-contents-icon-trigger:after, .kb-table-of-content-nav.kb-table-of-content-id7208_76f8ea-c3 .kb-toggle-icon-style-arrowcircle .kb-table-of-contents-icon-trigger:before, .kb-table-of-content-nav.kb-table-of-content-id7208_76f8ea-c3 .kb-toggle-icon-style-xclosecircle .kb-table-of-contents-icon-trigger:after, .kb-table-of-content-nav.kb-table-of-content-id7208_76f8ea-c3 .kb-toggle-icon-style-xclosecircle .kb-table-of-contents-icon-trigger:before{background-color:var(--global-palette8, #F7FAFC);}<\/style>\n<h2 class=\"wp-block-heading\">\u00c9quipement et confort de la cabane dans l&rsquo;arbre<\/h2>\n<style>.kb-row-layout-id7208_e25546-23 > .kt-row-column-wrap{align-content:start;}:where(.kb-row-layout-id7208_e25546-23 > .kt-row-column-wrap) > .wp-block-kadence-column{justify-content:start;}.kb-row-layout-id7208_e25546-23 > .kt-row-column-wrap{column-gap:var(--global-kb-gap-md, 2rem);row-gap:var(--global-kb-gap-md, 2rem);padding-top:var(--global-kb-spacing-sm, 1.5rem);padding-bottom:var(--global-kb-spacing-sm, 1.5rem);grid-template-columns:repeat(2, minmax(0, 1fr));}.kb-row-layout-id7208_e25546-23 > .kt-row-layout-overlay{opacity:0.30;}@media all and (max-width: 1024px){.kb-row-layout-id7208_e25546-23 > .kt-row-column-wrap{grid-template-columns:repeat(2, minmax(0, 1fr));}}@media all and (max-width: 767px){.kb-row-layout-id7208_e25546-23 > .kt-row-column-wrap{grid-template-columns:minmax(0, 1fr);}}<\/style><div class=\"kb-row-layout-wrap kb-row-layout-id7208_e25546-23 alignnone wp-block-kadence-rowlayout\"><div class=\"kt-row-column-wrap kt-has-2-columns kt-row-layout-equal kt-tab-layout-inherit kt-mobile-layout-row kt-row-valign-top\">\n<style>.kadence-column7208_6d1ada-76 > .kt-inside-inner-col,.kadence-column7208_6d1ada-76 > .kt-inside-inner-col:before{border-top-left-radius:0px;border-top-right-radius:0px;border-bottom-right-radius:0px;border-bottom-left-radius:0px;}.kadence-column7208_6d1ada-76 > .kt-inside-inner-col{column-gap:var(--global-kb-gap-sm, 1rem);}.kadence-column7208_6d1ada-76 > .kt-inside-inner-col{flex-direction:column;}.kadence-column7208_6d1ada-76 > .kt-inside-inner-col > .aligncenter{width:100%;}.kadence-column7208_6d1ada-76 > .kt-inside-inner-col:before{opacity:0.3;}.kadence-column7208_6d1ada-76{position:relative;}@media all and (max-width: 1024px){.kadence-column7208_6d1ada-76 > .kt-inside-inner-col{flex-direction:column;justify-content:center;}}@media all and (max-width: 767px){.kadence-column7208_6d1ada-76 > .kt-inside-inner-col{flex-direction:column;justify-content:center;}}<\/style>\n<div class=\"wp-block-kadence-column kadence-column7208_6d1ada-76\"><div class=\"kt-inside-inner-col\">\n<p>Le confortable appartement de vacances a une superficie de 48 m\u00b2 et peut accueillir jusqu&rsquo;\u00e0 6 personnes. L&rsquo;\u00e9quipement r\u00e9pond \u00e0 tous vos besoins : Une cuisine enti\u00e8rement \u00e9quip\u00e9e, une douche\/WC, des meubles en bois massif de qualit\u00e9 et un chauffage au sol garantissent votre confort. <\/p>\n\n\n\n<p>Vous pouvez faire rouler le lit double sur le balcon et passer la nuit sous les \u00e9toiles. Dans la grande galerie, deux lits doubles suppl\u00e9mentaires vous attendent directement sous les lucarnes, \u00e0 travers lesquelles vous pourrez observer les \u00e9toiles la nuit. <\/p>\n\n\n\n<p>Tous les jours, vous pouvez \u00e9galement profiter d&rsquo;un petit d\u00e9jeuner fermier frais, compos\u00e9 de produits r\u00e9gionaux de qualit\u00e9, qui est apport\u00e9 directement \u00e0 la porte et hiss\u00e9 sur la terrasse \u00e0 l&rsquo;aide d&rsquo;une poulie.<\/p>\n<\/div><\/div>\n\n\n<style>.kadence-column7208_19ea7c-cb > .kt-inside-inner-col,.kadence-column7208_19ea7c-cb > .kt-inside-inner-col:before{border-top-left-radius:0px;border-top-right-radius:0px;border-bottom-right-radius:0px;border-bottom-left-radius:0px;}.kadence-column7208_19ea7c-cb > .kt-inside-inner-col{column-gap:var(--global-kb-gap-sm, 1rem);}.kadence-column7208_19ea7c-cb > .kt-inside-inner-col{flex-direction:column;}.kadence-column7208_19ea7c-cb > .kt-inside-inner-col > .aligncenter{width:100%;}.kadence-column7208_19ea7c-cb > .kt-inside-inner-col:before{opacity:0.3;}.kadence-column7208_19ea7c-cb{position:relative;}@media all and (max-width: 1024px){.kadence-column7208_19ea7c-cb > .kt-inside-inner-col{flex-direction:column;justify-content:center;}}@media all and (max-width: 767px){.kadence-column7208_19ea7c-cb > .kt-inside-inner-col{flex-direction:column;justify-content:center;}}<\/style>\n<div class=\"wp-block-kadence-column kadence-column7208_19ea7c-cb\"><div class=\"kt-inside-inner-col\"><style>.wp-block-kadence-advancedheading.kt-adv-heading7208_d62711-f9, .wp-block-kadence-advancedheading.kt-adv-heading7208_d62711-f9[data-kb-block=\"kb-adv-heading7208_d62711-f9\"]{text-align:center;font-style:normal;}.wp-block-kadence-advancedheading.kt-adv-heading7208_d62711-f9 mark.kt-highlight, .wp-block-kadence-advancedheading.kt-adv-heading7208_d62711-f9[data-kb-block=\"kb-adv-heading7208_d62711-f9\"] mark.kt-highlight{font-style:normal;color:#f76a0c;-webkit-box-decoration-break:clone;box-decoration-break:clone;padding-top:0px;padding-right:0px;padding-bottom:0px;padding-left:0px;}.wp-block-kadence-advancedheading.kt-adv-heading7208_d62711-f9 img.kb-inline-image, .wp-block-kadence-advancedheading.kt-adv-heading7208_d62711-f9[data-kb-block=\"kb-adv-heading7208_d62711-f9\"] img.kb-inline-image{width:150px;vertical-align:baseline;}<\/style>\n<h3 class=\"kt-adv-heading7208_d62711-f9 wp-block-kadence-advancedheading\" data-kb-block=\"kb-adv-heading7208_d62711-f9\">Aper\u00e7u des \u00e9quipements :<\/h3>\n\n\n<style>.kb-table-container7208_5ecefe-c1{overflow-x:auto;}.kb-table-container .kb-table7208_5ecefe-c1 th{padding-top:var(--global-kb-spacing-xxs, 0.5rem);padding-right:var(--global-kb-spacing-xxs, 0.5rem);padding-bottom:var(--global-kb-spacing-xxs, 0.5rem);padding-left:var(--global-kb-spacing-xxs, 0.5rem);text-align:center;}.kb-table-container .kb-table7208_5ecefe-c1 caption{text-align:center;}.kb-table-container .kb-table7208_5ecefe-c1 td{padding-top:var(--global-kb-spacing-xxs, 0.5rem);padding-right:var(--global-kb-spacing-xxs, 0.5rem);padding-bottom:var(--global-kb-spacing-xxs, 0.5rem);padding-left:var(--global-kb-spacing-xxs, 0.5rem);text-align:left;}<\/style><div class=\"kb-table-container kb-table-container7208_5ecefe-c1 wp-block-kadence-table\"><table class=\"kb-table kb-table7208_5ecefe-c1\">\n<tr class=\"kb-table-row kb-table-row7208_b05328-60\">\n<td class=\"kb-table-data kb-table-data7208_e582f3-0d\">\n<style>.kb-image7208_90afe8-44 .kb-image-has-overlay:after{opacity:0.3;}<\/style>\n<div class=\"wp-block-kadence-image kb-image7208_90afe8-44\"><figure class=\"aligncenter size-full\"><img loading=\"lazy\" decoding=\"async\" width=\"100\" height=\"100\" src=\"https:\/\/walderlebnispfade.de\/wp-content\/uploads\/2026\/04\/WC.png\" alt=\"WC-Symbol\" class=\"kb-img wp-image-7716\"\/><\/figure><\/div>\n\n<\/td>\n\n<td class=\"kb-table-data kb-table-data7208_477285-48\">\n<style>.kb-image7208_cc2b2a-3a .kb-image-has-overlay:after{opacity:0.3;}<\/style>\n<div class=\"wp-block-kadence-image kb-image7208_cc2b2a-3a\"><figure class=\"aligncenter size-full\"><img loading=\"lazy\" decoding=\"async\" width=\"100\" height=\"100\" src=\"https:\/\/walderlebnispfade.de\/wp-content\/uploads\/2026\/04\/Dusche.png\" alt=\"Dusch-Symbol\" class=\"kb-img wp-image-7711\"\/><\/figure><\/div>\n\n<\/td>\n<\/tr>\n\n<tr class=\"kb-table-row kb-table-row7208_d88db0-04\">\n<td class=\"kb-table-data kb-table-data7208_5e54a9-09\">\n<style>.kb-image7208_aa6c60-4f.kb-image-is-ratio-size, .kb-image7208_aa6c60-4f .kb-image-is-ratio-size{max-width:100px;width:100%;}.wp-block-kadence-column > .kt-inside-inner-col > .kb-image7208_aa6c60-4f.kb-image-is-ratio-size, .wp-block-kadence-column > .kt-inside-inner-col > .kb-image7208_aa6c60-4f .kb-image-is-ratio-size{align-self:unset;}.kb-image7208_aa6c60-4f figure{max-width:100px;}.kb-image7208_aa6c60-4f .image-is-svg, .kb-image7208_aa6c60-4f .image-is-svg img{width:100%;}.kb-image7208_aa6c60-4f .kb-image-has-overlay:after{opacity:0.3;}<\/style>\n<div class=\"wp-block-kadence-image kb-image7208_aa6c60-4f\"><figure class=\"aligncenter size-full\"><img loading=\"lazy\" decoding=\"async\" width=\"100\" height=\"100\" src=\"https:\/\/walderlebnispfade.de\/wp-content\/uploads\/2026\/04\/Strom.png\" alt=\"Strom-Symbol\" class=\"kb-img wp-image-7715\"\/><\/figure><\/div>\n\n<\/td>\n\n<td class=\"kb-table-data kb-table-data7208_83670d-f9\">\n<style>.kb-image7208_ae0eda-d3 .kb-image-has-overlay:after{opacity:0.3;}<\/style>\n<div class=\"wp-block-kadence-image kb-image7208_ae0eda-d3\"><figure class=\"aligncenter size-full\"><img loading=\"lazy\" decoding=\"async\" width=\"100\" height=\"100\" src=\"https:\/\/walderlebnispfade.de\/wp-content\/uploads\/2026\/04\/Heizung.png\" alt=\"Heizungs-Symbol\" class=\"kb-img wp-image-7712\"\/><\/figure><\/div>\n\n<\/td>\n<\/tr>\n\n<tr class=\"kb-table-row kb-table-row7208_b57405-f8\">\n<td class=\"kb-table-data kb-table-data7208_fb3206-0a\">\n<style>.kb-image7208_2fb9d8-e1 .kb-image-has-overlay:after{opacity:0.3;}<\/style>\n<div class=\"wp-block-kadence-image kb-image7208_2fb9d8-e1\"><figure class=\"aligncenter size-full\"><img loading=\"lazy\" decoding=\"async\" width=\"100\" height=\"100\" src=\"https:\/\/walderlebnispfade.de\/wp-content\/uploads\/2026\/04\/Kueche.png\" alt=\"K\u00fcchen-Symbol\" class=\"kb-img wp-image-7714\"\/><\/figure><\/div>\n\n<\/td>\n\n<td class=\"kb-table-data kb-table-data7208_7498af-bc\">\n\n<p><\/p>\n\n<\/td>\n<\/tr>\n<\/table><\/div><\/div><\/div>\n\n<\/div><\/div>\n<h2 class=\"wp-block-heading\">Digital Detox dans la nature<\/h2>\n\n<p>La devise est \u00ab\u00a0retour \u00e0 la nature\u00a0\u00bb \u2013 la cabane dans les arbres renonce volontairement \u00e0 la t\u00e9l\u00e9vision, \u00e0 la radio et \u00e0 Internet. Ainsi, vous pouvez vraiment vous d\u00e9connecter et profiter du calme. L&rsquo;\u00e9l\u00e9gante maison sur pilotis se trouve \u00e0 environ 200 m\u00e8tres de la ferme, isol\u00e9e et entour\u00e9e d&rsquo;une nature intacte. La vue magnifique sur le paysage montagneux du Samerberg est gratuite.   <\/p>\n\n<h3 class=\"wp-block-heading\">Activit\u00e9s autour de la cabane<\/h3>\n\n<p>Le Samerberg est un paradis pour les randonneurs et les v\u00e9t\u00e9tistes \u2013 de nombreux parcours commencent directement devant la porte. Votre montagne locale, Hochries, est accessible \u00e0 pied ou en t\u00e9l\u00e9si\u00e8ge depuis Grainbach. Pour les amateurs d&rsquo;action, il y a le parc \u00e0 v\u00e9lo de Samerberg et, les jours de grande chaleur, la piscine naturelle de Samerberger Filze est id\u00e9ale pour se rafra\u00eechir.  <\/p>\n\n<p>Si vous cherchez \u00e0 vous d\u00e9tendre, la famille d&rsquo;accueil propose m\u00eame des bains de for\u00eat avec sa fille Barbara Riedl. Dans les auberges confortables de Samerberg, vous pourrez vous r\u00e9galer de sp\u00e9cialit\u00e9s bavaroises. <\/p>\n\n<h2 class=\"wp-block-heading\">Informations sur la cabane dans les arbres de l&rsquo;h\u00f4tel Samerberg<\/h2>\n\n<figure class=\"wp-block-table\"><table class=\"has-fixed-layout\"><tbody><tr><td>Nombre de cabanes dans les arbres :<\/td><td>1 cabane dans les arbres \/ 48m<\/td><\/tr><tr><td>Hauteur de vie :<\/td><td>environ 7m<\/td><\/tr><tr><td>Capacit\u00e9 :<\/td><td>Jusqu&rsquo;\u00e0 6 personnes<\/td><\/tr><tr><td>R\u00e9servable :<\/td><td>Toute l&rsquo;ann\u00e9e<\/td><\/tr><tr><td>Chauffage :<\/td><td>Oui, chauffage au sol.<\/td><\/tr><tr><td>\u00e9lectricit\u00e9 :<\/td><td>Oui.<\/td><\/tr><tr><td>Cuisine :<\/td><td>Kitchenette avec lave-vaisselle et machine \u00e0 caf\u00e9.<\/td><\/tr><tr><td>les installations sanitaires:<\/td><td>Salle de bain avec douche et WC<\/td><\/tr><tr><td>Accessible aux personnes handicap\u00e9es :<\/td><td>Non, car l&rsquo;acc\u00e8s n&rsquo;est possible que par des escaliers.<\/td><\/tr><tr><td>Chiens admis:<\/td><td>Les animaux domestiques ne sont pas autoris\u00e9s dans les cabanes dans les arbres.<\/td><\/tr><\/tbody><\/table><figcaption class=\"wp-element-caption\">D\u00e9tails sur la cabane dans les arbres de l&rsquo;h\u00f4tel Samerberg<\/figcaption><\/figure>\n\n<hr class=\"wp-block-separator has-alpha-channel-opacity\" style=\"margin-top:var(--wp--preset--spacing--50);margin-bottom:var(--wp--preset--spacing--50)\"\/>\n<style>.kadence-column7208_0c6495-d1 > .kt-inside-inner-col{display:flex;}.kadence-column7208_0c6495-d1 > .kt-inside-inner-col{padding-top:var(--global-kb-spacing-xs, 1rem);padding-right:var(--global-kb-spacing-xs, 1rem);padding-bottom:var(--global-kb-spacing-xs, 1rem);padding-left:var(--global-kb-spacing-xs, 1rem);}.kadence-column7208_0c6495-d1 > .kt-inside-inner-col{box-shadow:0px 0px 14px 0px rgba(0, 0, 0, 0.2);}.kadence-column7208_0c6495-d1 > .kt-inside-inner-col,.kadence-column7208_0c6495-d1 > .kt-inside-inner-col:before{border-top-left-radius:0px;border-top-right-radius:0px;border-bottom-right-radius:0px;border-bottom-left-radius:0px;}.kadence-column7208_0c6495-d1 > .kt-inside-inner-col{column-gap:var(--global-kb-gap-sm, 1rem);}.kadence-column7208_0c6495-d1 > .kt-inside-inner-col{flex-direction:column;align-items:center;}.kadence-column7208_0c6495-d1 > .kt-inside-inner-col > .kb-image-is-ratio-size{align-self:stretch;}.kadence-column7208_0c6495-d1 > .kt-inside-inner-col > .wp-block-kadence-advancedgallery{align-self:stretch;}.kadence-column7208_0c6495-d1 > .kt-inside-inner-col > .aligncenter{width:100%;}.kadence-column7208_0c6495-d1 > .kt-inside-inner-col{background-color:var(--global-palette8, #F7FAFC);}.kadence-column7208_0c6495-d1 > .kt-inside-inner-col:before{opacity:0.3;}.kadence-column7208_0c6495-d1{position:relative;}@media all and (max-width: 1024px){.kadence-column7208_0c6495-d1 > .kt-inside-inner-col{flex-direction:column;justify-content:center;align-items:center;}}@media all and (max-width: 767px){.kadence-column7208_0c6495-d1 > .kt-inside-inner-col{flex-direction:column;justify-content:center;align-items:center;}}<\/style>\n<div class=\"wp-block-kadence-column kadence-column7208_0c6495-d1\"><div class=\"kt-inside-inner-col\">\n<p class=\"has-text-align-center\">Que penses-tu de l&rsquo;h\u00f4tel cabane Samerberg ? Laissez-nous une \u00e9valuation, s&rsquo;il vous pla\u00eet.  <br\/>Vous nous aidez ainsi que d&rsquo;autres amoureux de la nature. Merci beaucoup \ud83d\ude42 ! <\/p>\n\n\n\n<div class=\"wp-block-yet-another-stars-rating-visitor-votes aligncenter yasr-vv-block\"><\/div>\n\n\n\n<p>Vous trouverez d&rsquo;autres aventures passionnantes dans notre <a href=\"https:\/\/walderlebnispfade.de\/fr\/experiences-en-foret\/\" data-type=\"page\" data-id=\"228\">recherche d&rsquo;exp\u00e9riences en for\u00eat<\/a> et dans notre <a href=\"https:\/\/walderlebnispfade.de\/fr\/apercu-des-hotels-de-cabanes-dans-les-arbres\/\" data-type=\"post\" data-id=\"5771\">aper\u00e7u des h\u00f4tels dans les arbres<\/a>!<\/p>\n<\/div><\/div>\n","protected":false},"author":2,"featured_media":7216,"comment_status":"open","ping_status":"closed","template":"","meta":{"_kad_blocks_custom_css":"","_kad_blocks_head_custom_js":"","_kad_blocks_body_custom_js":"","_kad_blocks_footer_custom_js":"","_kad_post_transparent":"","_kad_post_title":"","_kad_post_layout":"","_kad_post_sidebar_id":"","_kad_post_content_style":"","_kad_post_vertical_padding":"","_kad_post_feature":"","_kad_post_feature_position":"","_kad_post_header":false,"_kad_post_footer":false,"_kad_post_classname":"","yasr_overall_rating":0,"yasr_post_is_review":"","yasr_auto_insert_disabled":"","yasr_review_type":""},"region":[130,142],"erlebnisart":[190,193],"class_list":["post-7217","erlebnisse","type-erlebnisse","status-publish","has-post-thumbnail","hentry","region-deutschland-fr","region-by-fr","erlebnisart-hebergement","erlebnisart-hotel-dans-les-arbres"],"yasr_visitor_votes":{"stars_attributes":{"read_only":false,"span_bottom":false},"number_of_votes":0,"sum_votes":0},"taxonomy_info":{"region":[{"value":130,"label":"Allemagne"},{"value":142,"label":"Bayern"}],"erlebnisart":[{"value":190,"label":"H\u00e9bergement"},{"value":193,"label":"H\u00f4tel dans les arbres"}]},"featured_image_src_large":["https:\/\/walderlebnispfade.de\/wp-content\/uploads\/2025\/10\/Baumhaushotel_Samerberg-1024x576.jpg",1024,576,true],"author_info":{"display_name":"Moni","author_link":"https:\/\/walderlebnispfade.de\/fr\/author\/moni\/"},"comment_info":0,"_links":{"self":[{"href":"https:\/\/walderlebnispfade.de\/fr\/wp-json\/wp\/v2\/erlebnisse\/7217","targetHints":{"allow":["GET"]}}],"collection":[{"href":"https:\/\/walderlebnispfade.de\/fr\/wp-json\/wp\/v2\/erlebnisse"}],"about":[{"href":"https:\/\/walderlebnispfade.de\/fr\/wp-json\/wp\/v2\/types\/erlebnisse"}],"author":[{"embeddable":true,"href":"https:\/\/walderlebnispfade.de\/fr\/wp-json\/wp\/v2\/users\/2"}],"replies":[{"embeddable":true,"href":"https:\/\/walderlebnispfade.de\/fr\/wp-json\/wp\/v2\/comments?post=7217"}],"wp:featuredmedia":[{"embeddable":true,"href":"https:\/\/walderlebnispfade.de\/fr\/wp-json\/wp\/v2\/media\/7216"}],"wp:attachment":[{"href":"https:\/\/walderlebnispfade.de\/fr\/wp-json\/wp\/v2\/media?parent=7217"}],"wp:term":[{"taxonomy":"region","embeddable":true,"href":"https:\/\/walderlebnispfade.de\/fr\/wp-json\/wp\/v2\/region?post=7217"},{"taxonomy":"erlebnisart","embeddable":true,"href":"https:\/\/walderlebnispfade.de\/fr\/wp-json\/wp\/v2\/erlebnisart?post=7217"}],"curies":[{"name":"wp","href":"https:\/\/api.w.org\/{rel}","templated":true}]}}